{"id":985,"date":"2017-10-10T08:09:35","date_gmt":"2017-10-10T08:09:35","guid":{"rendered":"http:\/\/colindres.es\/?post_type=project&#038;p=985"},"modified":"2017-10-10T08:09:35","modified_gmt":"2017-10-10T08:09:35","slug":"el-edificio-del-antiguo-colegio-los-puentes-abrira-sus-puertas-como-un-espacio-educativo-y-de-formacion","status":"publish","type":"project","link":"https:\/\/www.colindres.es\/index.php\/project\/el-edificio-del-antiguo-colegio-los-puentes-abrira-sus-puertas-como-un-espacio-educativo-y-de-formacion\/","title":{"rendered":"El edificio del antiguo colegio Los Puentes abrir\u00e1 sus puertas como un espacio educativo y de formaci\u00f3n"},"content":{"rendered":"<p>El Ayuntamiento de Colindres ha llegado a un acuerdo con la Consejer\u00eda de Educaci\u00f3n para poder hacer uso de las instalaciones<\/p>\n<p>Colindres, 9 de Octubre.- El Ayuntamiento de Colindres y la Consejer\u00eda de Educaci\u00f3n, Cultura y Deporte del Gobierno de Cantabria han alcanzado un acuerdo para reabrir el edificio del antiguo Colegio de Infantil y Primaria \u2018Los Puentes\u2019 como un espacio educativo y de formaci\u00f3n.<\/p>\n<p>El alcalde, Javier Incera, ha se\u00f1alado que el equipo de Gobierno tiene \u201cmuy avanzados\u201d los proyectos que se van a impartir en estas instalaciones y ha indicado que los mismos se dar\u00e1n a conocer una vez se cierren los acuerdos con las instituciones implicadas. \u201cEstamos ultimando los \u00faltimos detalles y confiamos en que muy pronto, seguramente la pr\u00f3xima semana, estaremos en condiciones de dar toda la informaci\u00f3n\u201d, ha adelantado el regidor municipal.<\/p>\n<p>El antiguo colegio Los Puentes ha estado en servicio hasta el curso escolar 2014\/2015, cuando se inaugur\u00f3 un nuevo centro educativo m\u00e1s grande y con nuevas dotaciones para dar respuesta al incremento de la demanda de escolarizaci\u00f3n en edades tempranas en el municipio.<\/p>\n<p>El Ayuntamiento hab\u00eda solicitado a la Consejer\u00eda de Educaci\u00f3n por iniciativa del equipo de Gobierno y el apoyo del grupo municipal regionalista poder dar uso a esta infraestructura, ya que aunque el colegio es de titularidad municipal su gesti\u00f3n depende de la administraci\u00f3n auton\u00f3mica.<\/p>\n<p>El consejero de Educaci\u00f3n, Cultura y Deporte, Francisco Ma\u00f1anes, ha dado el visto bueno al acuerdo entre ambas instituciones, ratificando el compromiso que hab\u00eda adquirido el anterior titular de este departamento, Ram\u00f3n Ruiz.<\/p>\n<p>Dicho acuerdo establece que el edificio no perder\u00e1 en ning\u00fan caso su car\u00e1cter educativo, por lo que las actividades que se llevan a cabo en su interior deber\u00e1n estar relacionadas con la formaci\u00f3n.<\/p>\n<p>Igualmente, est\u00e1 previsto que el inmueble se divida en tres partes, con tres entradas diferentes y aut\u00f3nomas. Una de ellas seguir\u00e1 a disposici\u00f3n de la Consejer\u00eda de Educaci\u00f3n, mientras que las otras dos quedar\u00e1n en manos del Consistorio.<\/p>\n<p>El acuerdo tambi\u00e9n prev\u00e9 que si en el futuro las necesidades de escolarizaci\u00f3n de Colindres hicieran necesario aumentar el n\u00famero de plazas, el edificio volver\u00eda a ser gestionado en su totalidad por la Consejer\u00eda para ser empleado nuevamente como colegio de educaci\u00f3n Infanfil y Primaria.<\/p>\n<p>\u201cEn ning\u00fan caso, la utilizaci\u00f3n de este centro va a suponer que en el futuro sea necesario la construcci\u00f3n de un nuevo colegio\u201d, ha explicado a este respecto Incera.<\/p>\n<p><img loading=\"lazy\" decoding=\"async\" class=\"alignnone size-medium wp-image-987\" src=\"http:\/\/colindres.es\/wp-content\/uploads\/2017\/10\/Los-Puentes-300x185.jpg\" alt=\"\" width=\"300\" height=\"185\" srcset=\"https:\/\/www.colindres.es\/wp-content\/uploads\/2017\/10\/Los-Puentes-300x185.jpg 300w, https:\/\/www.colindres.es\/wp-content\/uploads\/2017\/10\/Los-Puentes-768x473.jpg 768w, https:\/\/www.colindres.es\/wp-content\/uploads\/2017\/10\/Los-Puentes-1024x631.jpg 1024w, https:\/\/www.colindres.es\/wp-content\/uploads\/2017\/10\/Los-Puentes-1080x666.jpg 1080w, https:\/\/www.colindres.es\/wp-content\/uploads\/2017\/10\/Los-Puentes.jpg 1280w\" sizes=\"(max-width: 300px) 100vw, 300px\" \/><\/p>\n","protected":false},"excerpt":{"rendered":"<p>El Ayuntamiento de Colindres ha llegado a un acuerdo con la Consejer\u00eda de Educaci\u00f3n para poder hacer uso de las instalaciones Colindres, 9 de Octubre.- El Ayuntamiento de Colindres y la Consejer\u00eda de Educaci\u00f3n, Cultura y Deporte del Gobierno de Cantabria han alcanzado un acuerdo para reabrir el edificio del antiguo Colegio de Infantil y [&hellip;]<\/p>\n","protected":false},"author":1,"featured_media":986,"comment_status":"open","ping_status":"closed","template":"","meta":{"_et_pb_use_builder":"","_et_pb_old_content":"","_et_gb_content_width":"","footnotes":""},"project_category":[],"project_tag":[],"class_list":["post-985","project","type-project","status-publish","has-post-thumbnail","hentry"],"yoast_head":"<!-- This site is optimized with the Yoast SEO plugin v24.9 - https:\/\/yoast.com\/wordpress\/plugins\/seo\/ -->\n<title>El edificio del antiguo colegio Los Puentes abrir\u00e1 sus puertas como un espacio educativo y de formaci\u00f3n - Ayuntamiento de Colindres<\/title>\n<meta name=\"robots\" content=\"index, follow, max-snippet:-1, max-image-preview:large, max-video-preview:-1\" \/>\n<link rel=\"canonical\" href=\"https:\/\/www.colindres.es\/index.php\/project\/el-edificio-del-antiguo-colegio-los-puentes-abrira-sus-puertas-como-un-espacio-educativo-y-de-formacion\/\" \/>\n<meta property=\"og:locale\" content=\"es_ES\" \/>\n<meta property=\"og:type\" content=\"article\" \/>\n<meta property=\"og:title\" content=\"El edificio del antiguo colegio Los Puentes abrir\u00e1 sus puertas como un espacio educativo y de formaci\u00f3n - Ayuntamiento de Colindres\" \/>\n<meta property=\"og:description\" content=\"El Ayuntamiento de Colindres ha llegado a un acuerdo con la Consejer\u00eda de Educaci\u00f3n para poder hacer uso de las instalaciones Colindres, 9 de Octubre.- El Ayuntamiento de Colindres y la Consejer\u00eda de Educaci\u00f3n, Cultura y Deporte del Gobierno de Cantabria han alcanzado un acuerdo para reabrir el edificio del antiguo Colegio de Infantil y [&hellip;]\" \/>\n<meta property=\"og:url\" content=\"https:\/\/www.colindres.es\/index.php\/project\/el-edificio-del-antiguo-colegio-los-puentes-abrira-sus-puertas-como-un-espacio-educativo-y-de-formacion\/\" \/>\n<meta property=\"og:site_name\" content=\"Ayuntamiento de Colindres\" \/>\n<meta property=\"og:image\" content=\"https:\/\/www.colindres.es\/wp-content\/uploads\/2017\/10\/Los-Puentes-2.jpg\" \/>\n\t<meta property=\"og:image:width\" content=\"1280\" \/>\n\t<meta property=\"og:image:height\" content=\"460\" \/>\n\t<meta property=\"og:image:type\" content=\"image\/jpeg\" \/>\n<meta name=\"twitter:card\" content=\"summary_large_image\" \/>\n<meta name=\"twitter:label1\" content=\"Tiempo de lectura\" \/>\n\t<meta name=\"twitter:data1\" content=\"2 minutos\" \/>\n<script type=\"application\/ld+json\" class=\"yoast-schema-graph\">{\"@context\":\"https:\/\/schema.org\",\"@graph\":[{\"@type\":\"WebPage\",\"@id\":\"https:\/\/www.colindres.es\/index.php\/project\/el-edificio-del-antiguo-colegio-los-puentes-abrira-sus-puertas-como-un-espacio-educativo-y-de-formacion\/\",\"url\":\"https:\/\/www.colindres.es\/index.php\/project\/el-edificio-del-antiguo-colegio-los-puentes-abrira-sus-puertas-como-un-espacio-educativo-y-de-formacion\/\",\"name\":\"El edificio del antiguo colegio Los Puentes abrir\u00e1 sus puertas como un espacio educativo y de formaci\u00f3n - Ayuntamiento de Colindres\",\"isPartOf\":{\"@id\":\"https:\/\/www.colindres.es\/#website\"},\"primaryImageOfPage\":{\"@id\":\"https:\/\/www.colindres.es\/index.php\/project\/el-edificio-del-antiguo-colegio-los-puentes-abrira-sus-puertas-como-un-espacio-educativo-y-de-formacion\/#primaryimage\"},\"image\":{\"@id\":\"https:\/\/www.colindres.es\/index.php\/project\/el-edificio-del-antiguo-colegio-los-puentes-abrira-sus-puertas-como-un-espacio-educativo-y-de-formacion\/#primaryimage\"},\"thumbnailUrl\":\"https:\/\/www.colindres.es\/wp-content\/uploads\/2017\/10\/Los-Puentes-2.jpg\",\"datePublished\":\"2017-10-10T08:09:35+00:00\",\"breadcrumb\":{\"@id\":\"https:\/\/www.colindres.es\/index.php\/project\/el-edificio-del-antiguo-colegio-los-puentes-abrira-sus-puertas-como-un-espacio-educativo-y-de-formacion\/#breadcrumb\"},\"inLanguage\":\"es\",\"potentialAction\":[{\"@type\":\"ReadAction\",\"target\":[\"https:\/\/www.colindres.es\/index.php\/project\/el-edificio-del-antiguo-colegio-los-puentes-abrira-sus-puertas-como-un-espacio-educativo-y-de-formacion\/\"]}]},{\"@type\":\"ImageObject\",\"inLanguage\":\"es\",\"@id\":\"https:\/\/www.colindres.es\/index.php\/project\/el-edificio-del-antiguo-colegio-los-puentes-abrira-sus-puertas-como-un-espacio-educativo-y-de-formacion\/#primaryimage\",\"url\":\"https:\/\/www.colindres.es\/wp-content\/uploads\/2017\/10\/Los-Puentes-2.jpg\",\"contentUrl\":\"https:\/\/www.colindres.es\/wp-content\/uploads\/2017\/10\/Los-Puentes-2.jpg\",\"width\":1280,\"height\":460},{\"@type\":\"BreadcrumbList\",\"@id\":\"https:\/\/www.colindres.es\/index.php\/project\/el-edificio-del-antiguo-colegio-los-puentes-abrira-sus-puertas-como-un-espacio-educativo-y-de-formacion\/#breadcrumb\",\"itemListElement\":[{\"@type\":\"ListItem\",\"position\":1,\"name\":\"Portada\",\"item\":\"https:\/\/www.colindres.es\/\"},{\"@type\":\"ListItem\",\"position\":2,\"name\":\"Proyectos\",\"item\":\"https:\/\/www.colindres.es\/index.php\/project\/\"},{\"@type\":\"ListItem\",\"position\":3,\"name\":\"El edificio del antiguo colegio Los Puentes abrir\u00e1 sus puertas como un espacio educativo y de formaci\u00f3n\"}]},{\"@type\":\"WebSite\",\"@id\":\"https:\/\/www.colindres.es\/#website\",\"url\":\"https:\/\/www.colindres.es\/\",\"name\":\"Ayuntamiento de Colindres\",\"description\":\"Dise\u00f1ado por NTIC&#039;s\",\"publisher\":{\"@id\":\"https:\/\/www.colindres.es\/#organization\"},\"potentialAction\":[{\"@type\":\"SearchAction\",\"target\":{\"@type\":\"EntryPoint\",\"urlTemplate\":\"https:\/\/www.colindres.es\/?s={search_term_string}\"},\"query-input\":{\"@type\":\"PropertyValueSpecification\",\"valueRequired\":true,\"valueName\":\"search_term_string\"}}],\"inLanguage\":\"es\"},{\"@type\":\"Organization\",\"@id\":\"https:\/\/www.colindres.es\/#organization\",\"name\":\"AYUNTAMIENTO DE COLINDRES\",\"url\":\"https:\/\/www.colindres.es\/\",\"logo\":{\"@type\":\"ImageObject\",\"inLanguage\":\"es\",\"@id\":\"https:\/\/www.colindres.es\/#\/schema\/logo\/image\/\",\"url\":\"https:\/\/www.colindres.es\/wp-content\/uploads\/2017\/01\/LOGO-PRINCIPAL.jpg\",\"contentUrl\":\"https:\/\/www.colindres.es\/wp-content\/uploads\/2017\/01\/LOGO-PRINCIPAL.jpg\",\"width\":1209,\"height\":579,\"caption\":\"AYUNTAMIENTO DE COLINDRES\"},\"image\":{\"@id\":\"https:\/\/www.colindres.es\/#\/schema\/logo\/image\/\"}}]}<\/script>\n<!-- \/ Yoast SEO plugin. -->","yoast_head_json":{"title":"El edificio del antiguo colegio Los Puentes abrir\u00e1 sus puertas como un espacio educativo y de formaci\u00f3n - Ayuntamiento de Colindres","robots":{"index":"index","follow":"follow","max-snippet":"max-snippet:-1","max-image-preview":"max-image-preview:large","max-video-preview":"max-video-preview:-1"},"canonical":"https:\/\/www.colindres.es\/index.php\/project\/el-edificio-del-antiguo-colegio-los-puentes-abrira-sus-puertas-como-un-espacio-educativo-y-de-formacion\/","og_locale":"es_ES","og_type":"article","og_title":"El edificio del antiguo colegio Los Puentes abrir\u00e1 sus puertas como un espacio educativo y de formaci\u00f3n - Ayuntamiento de Colindres","og_description":"El Ayuntamiento de Colindres ha llegado a un acuerdo con la Consejer\u00eda de Educaci\u00f3n para poder hacer uso de las instalaciones Colindres, 9 de Octubre.- El Ayuntamiento de Colindres y la Consejer\u00eda de Educaci\u00f3n, Cultura y Deporte del Gobierno de Cantabria han alcanzado un acuerdo para reabrir el edificio del antiguo Colegio de Infantil y [&hellip;]","og_url":"https:\/\/www.colindres.es\/index.php\/project\/el-edificio-del-antiguo-colegio-los-puentes-abrira-sus-puertas-como-un-espacio-educativo-y-de-formacion\/","og_site_name":"Ayuntamiento de Colindres","og_image":[{"width":1280,"height":460,"url":"https:\/\/www.colindres.es\/wp-content\/uploads\/2017\/10\/Los-Puentes-2.jpg","type":"image\/jpeg"}],"twitter_card":"summary_large_image","twitter_misc":{"Tiempo de lectura":"2 minutos"},"schema":{"@context":"https:\/\/schema.org","@graph":[{"@type":"WebPage","@id":"https:\/\/www.colindres.es\/index.php\/project\/el-edificio-del-antiguo-colegio-los-puentes-abrira-sus-puertas-como-un-espacio-educativo-y-de-formacion\/","url":"https:\/\/www.colindres.es\/index.php\/project\/el-edificio-del-antiguo-colegio-los-puentes-abrira-sus-puertas-como-un-espacio-educativo-y-de-formacion\/","name":"El edificio del antiguo colegio Los Puentes abrir\u00e1 sus puertas como un espacio educativo y de formaci\u00f3n - Ayuntamiento de Colindres","isPartOf":{"@id":"https:\/\/www.colindres.es\/#website"},"primaryImageOfPage":{"@id":"https:\/\/www.colindres.es\/index.php\/project\/el-edificio-del-antiguo-colegio-los-puentes-abrira-sus-puertas-como-un-espacio-educativo-y-de-formacion\/#primaryimage"},"image":{"@id":"https:\/\/www.colindres.es\/index.php\/project\/el-edificio-del-antiguo-colegio-los-puentes-abrira-sus-puertas-como-un-espacio-educativo-y-de-formacion\/#primaryimage"},"thumbnailUrl":"https:\/\/www.colindres.es\/wp-content\/uploads\/2017\/10\/Los-Puentes-2.jpg","datePublished":"2017-10-10T08:09:35+00:00","breadcrumb":{"@id":"https:\/\/www.colindres.es\/index.php\/project\/el-edificio-del-antiguo-colegio-los-puentes-abrira-sus-puertas-como-un-espacio-educativo-y-de-formacion\/#breadcrumb"},"inLanguage":"es","potentialAction":[{"@type":"ReadAction","target":["https:\/\/www.colindres.es\/index.php\/project\/el-edificio-del-antiguo-colegio-los-puentes-abrira-sus-puertas-como-un-espacio-educativo-y-de-formacion\/"]}]},{"@type":"ImageObject","inLanguage":"es","@id":"https:\/\/www.colindres.es\/index.php\/project\/el-edificio-del-antiguo-colegio-los-puentes-abrira-sus-puertas-como-un-espacio-educativo-y-de-formacion\/#primaryimage","url":"https:\/\/www.colindres.es\/wp-content\/uploads\/2017\/10\/Los-Puentes-2.jpg","contentUrl":"https:\/\/www.colindres.es\/wp-content\/uploads\/2017\/10\/Los-Puentes-2.jpg","width":1280,"height":460},{"@type":"BreadcrumbList","@id":"https:\/\/www.colindres.es\/index.php\/project\/el-edificio-del-antiguo-colegio-los-puentes-abrira-sus-puertas-como-un-espacio-educativo-y-de-formacion\/#breadcrumb","itemListElement":[{"@type":"ListItem","position":1,"name":"Portada","item":"https:\/\/www.colindres.es\/"},{"@type":"ListItem","position":2,"name":"Proyectos","item":"https:\/\/www.colindres.es\/index.php\/project\/"},{"@type":"ListItem","position":3,"name":"El edificio del antiguo colegio Los Puentes abrir\u00e1 sus puertas como un espacio educativo y de formaci\u00f3n"}]},{"@type":"WebSite","@id":"https:\/\/www.colindres.es\/#website","url":"https:\/\/www.colindres.es\/","name":"Ayuntamiento de Colindres","description":"Dise\u00f1ado por NTIC&#039;s","publisher":{"@id":"https:\/\/www.colindres.es\/#organization"},"potentialAction":[{"@type":"SearchAction","target":{"@type":"EntryPoint","urlTemplate":"https:\/\/www.colindres.es\/?s={search_term_string}"},"query-input":{"@type":"PropertyValueSpecification","valueRequired":true,"valueName":"search_term_string"}}],"inLanguage":"es"},{"@type":"Organization","@id":"https:\/\/www.colindres.es\/#organization","name":"AYUNTAMIENTO DE COLINDRES","url":"https:\/\/www.colindres.es\/","logo":{"@type":"ImageObject","inLanguage":"es","@id":"https:\/\/www.colindres.es\/#\/schema\/logo\/image\/","url":"https:\/\/www.colindres.es\/wp-content\/uploads\/2017\/01\/LOGO-PRINCIPAL.jpg","contentUrl":"https:\/\/www.colindres.es\/wp-content\/uploads\/2017\/01\/LOGO-PRINCIPAL.jpg","width":1209,"height":579,"caption":"AYUNTAMIENTO DE COLINDRES"},"image":{"@id":"https:\/\/www.colindres.es\/#\/schema\/logo\/image\/"}}]}},"_links":{"self":[{"href":"https:\/\/www.colindres.es\/index.php\/wp-json\/wp\/v2\/project\/985","targetHints":{"allow":["GET"]}}],"collection":[{"href":"https:\/\/www.colindres.es\/index.php\/wp-json\/wp\/v2\/project"}],"about":[{"href":"https:\/\/www.colindres.es\/index.php\/wp-json\/wp\/v2\/types\/project"}],"author":[{"embeddable":true,"href":"https:\/\/www.colindres.es\/index.php\/wp-json\/wp\/v2\/users\/1"}],"replies":[{"embeddable":true,"href":"https:\/\/www.colindres.es\/index.php\/wp-json\/wp\/v2\/comments?post=985"}],"version-history":[{"count":1,"href":"https:\/\/www.colindres.es\/index.php\/wp-json\/wp\/v2\/project\/985\/revisions"}],"predecessor-version":[{"id":988,"href":"https:\/\/www.colindres.es\/index.php\/wp-json\/wp\/v2\/project\/985\/revisions\/988"}],"wp:featuredmedia":[{"embeddable":true,"href":"https:\/\/www.colindres.es\/index.php\/wp-json\/wp\/v2\/media\/986"}],"wp:attachment":[{"href":"https:\/\/www.colindres.es\/index.php\/wp-json\/wp\/v2\/media?parent=985"}],"wp:term":[{"taxonomy":"project_category","embeddable":true,"href":"https:\/\/www.colindres.es\/index.php\/wp-json\/wp\/v2\/project_category?post=985"},{"taxonomy":"project_tag","embeddable":true,"href":"https:\/\/www.colindres.es\/index.php\/wp-json\/wp\/v2\/project_tag?post=985"}],"curies":[{"name":"wp","href":"https:\/\/api.w.org\/{rel}","templated":true}]}}