{"id":983,"date":"2017-10-06T10:55:44","date_gmt":"2017-10-06T10:55:44","guid":{"rendered":"http:\/\/colindres.es\/?post_type=project&#038;p=983"},"modified":"2017-10-06T10:55:44","modified_gmt":"2017-10-06T10:55:44","slug":"el-ayuntamiento-de-colindres-adjudica-la-redaccion-del-nuevo-plan-general-a-omicron-amecro","status":"publish","type":"project","link":"https:\/\/www.colindres.es\/index.php\/project\/el-ayuntamiento-de-colindres-adjudica-la-redaccion-del-nuevo-plan-general-a-omicron-amecro\/","title":{"rendered":"El Ayuntamiento de Colindres adjudica la redacci\u00f3n del nuevo Plan General a Omicron Amecro"},"content":{"rendered":"<p><span style=\"color: #000000; font-family: Calibri; font-size: medium;\">\u201cEs un reto que el Ayuntamiento ten\u00eda pendiente desde hace a\u00f1os y que el equipo de gobierno est\u00e1 dispuesto a afrontar\u201d, destaca Incera<\/span><\/p>\n<p><span style=\"color: #000000; font-family: Calibri; font-size: medium;\">Colindres, 20 de septiembre.- La Junta de Gobierno local del Ayuntamiento de Colindres ha adjudicado la redacci\u00f3n del nuevo Plan General de Ordenaci\u00f3n Urbana y la evaluaci\u00f3n ambiental estrat\u00e9gica del municipio a la empresa Omicron Amepro por un importe de 74.839 euros.<\/span><\/p>\n<p><span style=\"color: #000000; font-family: Calibri; font-size: medium;\">El alcalde, Javier Incera, ha destacado la importancia de esta adjudicaci\u00f3n, con la que \u201cel equipo de Gobierno hace frente a uno de los retos m\u00e1s importantes que tiene Colindres desde hace a\u00f1os y cumple con su compromiso de iniciar los trabajos de redacci\u00f3n durante esta legislatura\u201d.<\/span><\/p>\n<p><span style=\"color: #000000; font-family: Calibri; font-size: medium;\">Incera ha subrayado que el Plan General es uno de los documentos m\u00e1s transcendentales para un ayuntamiento, puesto que planifica el desarrollo del pueblo. En este sentido, ha se\u00f1alado que \u201cel nuevo Plan General de Colindres tiene que girar sobre la idea de dise\u00f1ar un urbanismo cuyo centro sea el ciudadano, y a partir de ah\u00ed desarrollar las relaciones entre vecinos, aumentado los servicios y espacios verdes y dotacionales y mejorando la movilidad para hacer m\u00e1s c\u00f3moda y efectiva la vida en el municipio\u201d.<\/span><\/p>\n<p><span style=\"color: #000000; font-family: Calibri; font-size: medium;\">\u201cSin duda, lo que perseguimos es que Colindres siga siendo un municipio que d\u00eda a d\u00eda hace la vida m\u00e1s c\u00f3moda a sus vecinos y de esta manera aumentamos nuestra calidad de vida\u201d\u201d, ha afirmado Incera.<\/span><\/p>\n<p><span style=\"color: #000000; font-family: Calibri; font-size: medium;\">El alcalde ha indicado que el Ayuntamiento ya se ha puesto en contacto con la empresa adjudicataria para firmar el contrato la pr\u00f3xima semana y mantener la primera reuni\u00f3n de trabajo para planificar c\u00f3mo se va a desarrollar \u00e9ste y tratar de plasmarlo en un cronograma que marque paso a paso la l\u00ednea de actuaci\u00f3n.<\/span><\/p>\n<p><span style=\"color: #000000; font-family: Calibri; font-size: medium;\">Asimismo, ha reconocido que el proceso de redacci\u00f3n del Plan General que comienza ahora ser\u00e1 \u201clargo y arduo\u201d, pero ha recalcado que el equipo de Gobierno est\u00e1 \u201cmuy ilusionado\u201d por conseguir \u201cun documento urban\u00edstico que permita a Colindres seguir creciendo de manera ordenada y sostenible y a sus vecinos continuar disfrutando de un pueblo 10\u201d.<\/span><\/p>\n<p><span style=\"color: #000000; font-family: Calibri; font-size: medium;\">Tambi\u00e9n ha destacado la solvencia de Omicrol Amecro, una empresa que cuenta con m\u00e1s de 25 a\u00f1os de experiencia desarrollando y realizando proyectos y servicios de ingenier\u00eda, y ofreciendo asistencia t\u00e9cnica de consultor\u00eda ambiental e institucional.<\/span><\/p>\n<p><span style=\"color: #000000; font-family: Calibri; font-size: medium;\">Nueva cartograf\u00eda<\/span><\/p>\n<p><span style=\"color: #000000; font-family: Calibri; font-size: medium;\">El proceso para la redacci\u00f3n de un nuevo Plan General se inici\u00f3 en septiembre del a\u00f1o pasado, cuando el Ayuntamiento sac\u00f3 a concurso p\u00fablico el contrato para obtener la nueva planimetr\u00eda, las ortofotograf\u00edas y la restituci\u00f3n cartogr\u00e1fica de Colindres. De estos trabajos, que fueron adjudicadas a la empresa Map-Line por 36.900 euros, ya se han entregado los vuelos, mientras que el resto se har\u00e1 en pr\u00f3ximas fechas.<\/span><\/p>\n<p><span style=\"color: #000000; font-family: Calibri; font-size: medium;\">En cuanto al propio contrato de redacci\u00f3n del PGOU, los pliegos fueron aprobados en febrero por el Ayuntamiento de Colindres y contemplaban una partida econ\u00f3mica de 100.000 euros, adjudic\u00e1ndose el contrato por un importe inferior y que supone un ahorro superior a los 25.000 euros para las arcas municipales.<\/span><\/p>\n<p>&nbsp;<\/p>\n","protected":false},"excerpt":{"rendered":"<p>\u201cEs un reto que el Ayuntamiento ten\u00eda pendiente desde hace a\u00f1os y que el equipo de gobierno est\u00e1 dispuesto a afrontar\u201d, destaca Incera Colindres, 20 de septiembre.- La Junta de Gobierno local del Ayuntamiento de Colindres ha adjudicado la redacci\u00f3n del nuevo Plan General de Ordenaci\u00f3n Urbana y la evaluaci\u00f3n ambiental estrat\u00e9gica del municipio a [&hellip;]<\/p>\n","protected":false},"author":1,"featured_media":206,"comment_status":"open","ping_status":"closed","template":"","meta":{"_et_pb_use_builder":"","_et_pb_old_content":"","_et_gb_content_width":"","footnotes":""},"project_category":[],"project_tag":[],"class_list":["post-983","project","type-project","status-publish","has-post-thumbnail","hentry"],"yoast_head":"<!-- This site is optimized with the Yoast SEO plugin v24.9 - https:\/\/yoast.com\/wordpress\/plugins\/seo\/ -->\n<title>El Ayuntamiento de Colindres adjudica la redacci\u00f3n del nuevo Plan General a Omicron Amecro - Ayuntamiento de Colindres<\/title>\n<meta name=\"robots\" content=\"index, follow, max-snippet:-1, max-image-preview:large, max-video-preview:-1\" \/>\n<link rel=\"canonical\" href=\"https:\/\/www.colindres.es\/index.php\/project\/el-ayuntamiento-de-colindres-adjudica-la-redaccion-del-nuevo-plan-general-a-omicron-amecro\/\" \/>\n<meta property=\"og:locale\" content=\"es_ES\" \/>\n<meta property=\"og:type\" content=\"article\" \/>\n<meta property=\"og:title\" content=\"El Ayuntamiento de Colindres adjudica la redacci\u00f3n del nuevo Plan General a Omicron Amecro - Ayuntamiento de Colindres\" \/>\n<meta property=\"og:description\" content=\"\u201cEs un reto que el Ayuntamiento ten\u00eda pendiente desde hace a\u00f1os y que el equipo de gobierno est\u00e1 dispuesto a afrontar\u201d, destaca Incera Colindres, 20 de septiembre.- La Junta de Gobierno local del Ayuntamiento de Colindres ha adjudicado la redacci\u00f3n del nuevo Plan General de Ordenaci\u00f3n Urbana y la evaluaci\u00f3n ambiental estrat\u00e9gica del municipio a [&hellip;]\" \/>\n<meta property=\"og:url\" content=\"https:\/\/www.colindres.es\/index.php\/project\/el-ayuntamiento-de-colindres-adjudica-la-redaccion-del-nuevo-plan-general-a-omicron-amecro\/\" \/>\n<meta property=\"og:site_name\" content=\"Ayuntamiento de Colindres\" \/>\n<meta property=\"og:image\" content=\"https:\/\/www.colindres.es\/wp-content\/uploads\/2016\/09\/IMG_9250-2-1024x363.jpg\" \/>\n\t<meta property=\"og:image:width\" content=\"1024\" \/>\n\t<meta property=\"og:image:height\" content=\"363\" \/>\n\t<meta property=\"og:image:type\" content=\"image\/jpeg\" \/>\n<meta name=\"twitter:card\" content=\"summary_large_image\" \/>\n<meta name=\"twitter:label1\" content=\"Tiempo de lectura\" \/>\n\t<meta name=\"twitter:data1\" content=\"3 minutos\" \/>\n<script type=\"application\/ld+json\" class=\"yoast-schema-graph\">{\"@context\":\"https:\/\/schema.org\",\"@graph\":[{\"@type\":\"WebPage\",\"@id\":\"https:\/\/www.colindres.es\/index.php\/project\/el-ayuntamiento-de-colindres-adjudica-la-redaccion-del-nuevo-plan-general-a-omicron-amecro\/\",\"url\":\"https:\/\/www.colindres.es\/index.php\/project\/el-ayuntamiento-de-colindres-adjudica-la-redaccion-del-nuevo-plan-general-a-omicron-amecro\/\",\"name\":\"El Ayuntamiento de Colindres adjudica la redacci\u00f3n del nuevo Plan General a Omicron Amecro - Ayuntamiento de Colindres\",\"isPartOf\":{\"@id\":\"https:\/\/www.colindres.es\/#website\"},\"primaryImageOfPage\":{\"@id\":\"https:\/\/www.colindres.es\/index.php\/project\/el-ayuntamiento-de-colindres-adjudica-la-redaccion-del-nuevo-plan-general-a-omicron-amecro\/#primaryimage\"},\"image\":{\"@id\":\"https:\/\/www.colindres.es\/index.php\/project\/el-ayuntamiento-de-colindres-adjudica-la-redaccion-del-nuevo-plan-general-a-omicron-amecro\/#primaryimage\"},\"thumbnailUrl\":\"https:\/\/www.colindres.es\/wp-content\/uploads\/2016\/09\/IMG_9250-2.jpg\",\"datePublished\":\"2017-10-06T10:55:44+00:00\",\"breadcrumb\":{\"@id\":\"https:\/\/www.colindres.es\/index.php\/project\/el-ayuntamiento-de-colindres-adjudica-la-redaccion-del-nuevo-plan-general-a-omicron-amecro\/#breadcrumb\"},\"inLanguage\":\"es\",\"potentialAction\":[{\"@type\":\"ReadAction\",\"target\":[\"https:\/\/www.colindres.es\/index.php\/project\/el-ayuntamiento-de-colindres-adjudica-la-redaccion-del-nuevo-plan-general-a-omicron-amecro\/\"]}]},{\"@type\":\"ImageObject\",\"inLanguage\":\"es\",\"@id\":\"https:\/\/www.colindres.es\/index.php\/project\/el-ayuntamiento-de-colindres-adjudica-la-redaccion-del-nuevo-plan-general-a-omicron-amecro\/#primaryimage\",\"url\":\"https:\/\/www.colindres.es\/wp-content\/uploads\/2016\/09\/IMG_9250-2.jpg\",\"contentUrl\":\"https:\/\/www.colindres.es\/wp-content\/uploads\/2016\/09\/IMG_9250-2.jpg\",\"width\":10558,\"height\":3738},{\"@type\":\"BreadcrumbList\",\"@id\":\"https:\/\/www.colindres.es\/index.php\/project\/el-ayuntamiento-de-colindres-adjudica-la-redaccion-del-nuevo-plan-general-a-omicron-amecro\/#breadcrumb\",\"itemListElement\":[{\"@type\":\"ListItem\",\"position\":1,\"name\":\"Portada\",\"item\":\"https:\/\/www.colindres.es\/\"},{\"@type\":\"ListItem\",\"position\":2,\"name\":\"Proyectos\",\"item\":\"https:\/\/www.colindres.es\/index.php\/project\/\"},{\"@type\":\"ListItem\",\"position\":3,\"name\":\"El Ayuntamiento de Colindres adjudica la redacci\u00f3n del nuevo Plan General a Omicron Amecro\"}]},{\"@type\":\"WebSite\",\"@id\":\"https:\/\/www.colindres.es\/#website\",\"url\":\"https:\/\/www.colindres.es\/\",\"name\":\"Ayuntamiento de Colindres\",\"description\":\"Dise\u00f1ado por NTIC&#039;s\",\"publisher\":{\"@id\":\"https:\/\/www.colindres.es\/#organization\"},\"potentialAction\":[{\"@type\":\"SearchAction\",\"target\":{\"@type\":\"EntryPoint\",\"urlTemplate\":\"https:\/\/www.colindres.es\/?s={search_term_string}\"},\"query-input\":{\"@type\":\"PropertyValueSpecification\",\"valueRequired\":true,\"valueName\":\"search_term_string\"}}],\"inLanguage\":\"es\"},{\"@type\":\"Organization\",\"@id\":\"https:\/\/www.colindres.es\/#organization\",\"name\":\"AYUNTAMIENTO DE COLINDRES\",\"url\":\"https:\/\/www.colindres.es\/\",\"logo\":{\"@type\":\"ImageObject\",\"inLanguage\":\"es\",\"@id\":\"https:\/\/www.colindres.es\/#\/schema\/logo\/image\/\",\"url\":\"https:\/\/www.colindres.es\/wp-content\/uploads\/2017\/01\/LOGO-PRINCIPAL.jpg\",\"contentUrl\":\"https:\/\/www.colindres.es\/wp-content\/uploads\/2017\/01\/LOGO-PRINCIPAL.jpg\",\"width\":1209,\"height\":579,\"caption\":\"AYUNTAMIENTO DE COLINDRES\"},\"image\":{\"@id\":\"https:\/\/www.colindres.es\/#\/schema\/logo\/image\/\"}}]}<\/script>\n<!-- \/ Yoast SEO plugin. -->","yoast_head_json":{"title":"El Ayuntamiento de Colindres adjudica la redacci\u00f3n del nuevo Plan General a Omicron Amecro - Ayuntamiento de Colindres","robots":{"index":"index","follow":"follow","max-snippet":"max-snippet:-1","max-image-preview":"max-image-preview:large","max-video-preview":"max-video-preview:-1"},"canonical":"https:\/\/www.colindres.es\/index.php\/project\/el-ayuntamiento-de-colindres-adjudica-la-redaccion-del-nuevo-plan-general-a-omicron-amecro\/","og_locale":"es_ES","og_type":"article","og_title":"El Ayuntamiento de Colindres adjudica la redacci\u00f3n del nuevo Plan General a Omicron Amecro - Ayuntamiento de Colindres","og_description":"\u201cEs un reto que el Ayuntamiento ten\u00eda pendiente desde hace a\u00f1os y que el equipo de gobierno est\u00e1 dispuesto a afrontar\u201d, destaca Incera Colindres, 20 de septiembre.- La Junta de Gobierno local del Ayuntamiento de Colindres ha adjudicado la redacci\u00f3n del nuevo Plan General de Ordenaci\u00f3n Urbana y la evaluaci\u00f3n ambiental estrat\u00e9gica del municipio a [&hellip;]","og_url":"https:\/\/www.colindres.es\/index.php\/project\/el-ayuntamiento-de-colindres-adjudica-la-redaccion-del-nuevo-plan-general-a-omicron-amecro\/","og_site_name":"Ayuntamiento de Colindres","og_image":[{"width":1024,"height":363,"url":"https:\/\/www.colindres.es\/wp-content\/uploads\/2016\/09\/IMG_9250-2-1024x363.jpg","type":"image\/jpeg"}],"twitter_card":"summary_large_image","twitter_misc":{"Tiempo de lectura":"3 minutos"},"schema":{"@context":"https:\/\/schema.org","@graph":[{"@type":"WebPage","@id":"https:\/\/www.colindres.es\/index.php\/project\/el-ayuntamiento-de-colindres-adjudica-la-redaccion-del-nuevo-plan-general-a-omicron-amecro\/","url":"https:\/\/www.colindres.es\/index.php\/project\/el-ayuntamiento-de-colindres-adjudica-la-redaccion-del-nuevo-plan-general-a-omicron-amecro\/","name":"El Ayuntamiento de Colindres adjudica la redacci\u00f3n del nuevo Plan General a Omicron Amecro - Ayuntamiento de Colindres","isPartOf":{"@id":"https:\/\/www.colindres.es\/#website"},"primaryImageOfPage":{"@id":"https:\/\/www.colindres.es\/index.php\/project\/el-ayuntamiento-de-colindres-adjudica-la-redaccion-del-nuevo-plan-general-a-omicron-amecro\/#primaryimage"},"image":{"@id":"https:\/\/www.colindres.es\/index.php\/project\/el-ayuntamiento-de-colindres-adjudica-la-redaccion-del-nuevo-plan-general-a-omicron-amecro\/#primaryimage"},"thumbnailUrl":"https:\/\/www.colindres.es\/wp-content\/uploads\/2016\/09\/IMG_9250-2.jpg","datePublished":"2017-10-06T10:55:44+00:00","breadcrumb":{"@id":"https:\/\/www.colindres.es\/index.php\/project\/el-ayuntamiento-de-colindres-adjudica-la-redaccion-del-nuevo-plan-general-a-omicron-amecro\/#breadcrumb"},"inLanguage":"es","potentialAction":[{"@type":"ReadAction","target":["https:\/\/www.colindres.es\/index.php\/project\/el-ayuntamiento-de-colindres-adjudica-la-redaccion-del-nuevo-plan-general-a-omicron-amecro\/"]}]},{"@type":"ImageObject","inLanguage":"es","@id":"https:\/\/www.colindres.es\/index.php\/project\/el-ayuntamiento-de-colindres-adjudica-la-redaccion-del-nuevo-plan-general-a-omicron-amecro\/#primaryimage","url":"https:\/\/www.colindres.es\/wp-content\/uploads\/2016\/09\/IMG_9250-2.jpg","contentUrl":"https:\/\/www.colindres.es\/wp-content\/uploads\/2016\/09\/IMG_9250-2.jpg","width":10558,"height":3738},{"@type":"BreadcrumbList","@id":"https:\/\/www.colindres.es\/index.php\/project\/el-ayuntamiento-de-colindres-adjudica-la-redaccion-del-nuevo-plan-general-a-omicron-amecro\/#breadcrumb","itemListElement":[{"@type":"ListItem","position":1,"name":"Portada","item":"https:\/\/www.colindres.es\/"},{"@type":"ListItem","position":2,"name":"Proyectos","item":"https:\/\/www.colindres.es\/index.php\/project\/"},{"@type":"ListItem","position":3,"name":"El Ayuntamiento de Colindres adjudica la redacci\u00f3n del nuevo Plan General a Omicron Amecro"}]},{"@type":"WebSite","@id":"https:\/\/www.colindres.es\/#website","url":"https:\/\/www.colindres.es\/","name":"Ayuntamiento de Colindres","description":"Dise\u00f1ado por NTIC&#039;s","publisher":{"@id":"https:\/\/www.colindres.es\/#organization"},"potentialAction":[{"@type":"SearchAction","target":{"@type":"EntryPoint","urlTemplate":"https:\/\/www.colindres.es\/?s={search_term_string}"},"query-input":{"@type":"PropertyValueSpecification","valueRequired":true,"valueName":"search_term_string"}}],"inLanguage":"es"},{"@type":"Organization","@id":"https:\/\/www.colindres.es\/#organization","name":"AYUNTAMIENTO DE COLINDRES","url":"https:\/\/www.colindres.es\/","logo":{"@type":"ImageObject","inLanguage":"es","@id":"https:\/\/www.colindres.es\/#\/schema\/logo\/image\/","url":"https:\/\/www.colindres.es\/wp-content\/uploads\/2017\/01\/LOGO-PRINCIPAL.jpg","contentUrl":"https:\/\/www.colindres.es\/wp-content\/uploads\/2017\/01\/LOGO-PRINCIPAL.jpg","width":1209,"height":579,"caption":"AYUNTAMIENTO DE COLINDRES"},"image":{"@id":"https:\/\/www.colindres.es\/#\/schema\/logo\/image\/"}}]}},"_links":{"self":[{"href":"https:\/\/www.colindres.es\/index.php\/wp-json\/wp\/v2\/project\/983","targetHints":{"allow":["GET"]}}],"collection":[{"href":"https:\/\/www.colindres.es\/index.php\/wp-json\/wp\/v2\/project"}],"about":[{"href":"https:\/\/www.colindres.es\/index.php\/wp-json\/wp\/v2\/types\/project"}],"author":[{"embeddable":true,"href":"https:\/\/www.colindres.es\/index.php\/wp-json\/wp\/v2\/users\/1"}],"replies":[{"embeddable":true,"href":"https:\/\/www.colindres.es\/index.php\/wp-json\/wp\/v2\/comments?post=983"}],"version-history":[{"count":1,"href":"https:\/\/www.colindres.es\/index.php\/wp-json\/wp\/v2\/project\/983\/revisions"}],"predecessor-version":[{"id":984,"href":"https:\/\/www.colindres.es\/index.php\/wp-json\/wp\/v2\/project\/983\/revisions\/984"}],"wp:featuredmedia":[{"embeddable":true,"href":"https:\/\/www.colindres.es\/index.php\/wp-json\/wp\/v2\/media\/206"}],"wp:attachment":[{"href":"https:\/\/www.colindres.es\/index.php\/wp-json\/wp\/v2\/media?parent=983"}],"wp:term":[{"taxonomy":"project_category","embeddable":true,"href":"https:\/\/www.colindres.es\/index.php\/wp-json\/wp\/v2\/project_category?post=983"},{"taxonomy":"project_tag","embeddable":true,"href":"https:\/\/www.colindres.es\/index.php\/wp-json\/wp\/v2\/project_tag?post=983"}],"curies":[{"name":"wp","href":"https:\/\/api.w.org\/{rel}","templated":true}]}}