{"id":971,"date":"2017-10-04T09:43:33","date_gmt":"2017-10-04T09:43:33","guid":{"rendered":"http:\/\/colindres.es\/?post_type=project&#038;p=971"},"modified":"2017-10-04T09:43:33","modified_gmt":"2017-10-04T09:43:33","slug":"educacion-iniciara-el-ano-que-viene-las-obras-de-ampliacion-del-ies-valentin-turienzo-de-colindres","status":"publish","type":"project","link":"https:\/\/www.colindres.es\/index.php\/project\/educacion-iniciara-el-ano-que-viene-las-obras-de-ampliacion-del-ies-valentin-turienzo-de-colindres\/","title":{"rendered":"Educaci\u00f3n iniciar\u00e1 el a\u00f1o que viene las obras de ampliaci\u00f3n del IES Valent\u00edn Turienzo de Colindres"},"content":{"rendered":"<p>La Consejer\u00eda invertir\u00e1 1,4 millones en la construcci\u00f3n de un edificio de dos plantas de 1.000 metros cuadrados para ochos aulas, as\u00ed como un patio cubierto<\/p>\n<p>Colindres.- La Consejer\u00eda de Educaci\u00f3n, Cultura y Deporte iniciar\u00e1 el a\u00f1o que viene las obras de ampliaci\u00f3n del Instituto de Educaci\u00f3n Secundaria (IES) Valent\u00edn Turienzo de Colindres con una inversi\u00f3n de 1,4 millones de euros. El departamento que dirige Francisco Fern\u00e1ndez Ma\u00f1anes construir\u00e1 un edificio de dos plantas de 1.000 metros cuadrados que albergar\u00e1 ocho aulas, adem\u00e1s de un patio cubierto.<\/p>\n<p>As\u00ed se lo ha anunciado este martes el consejero Fern\u00e1ndez Ma\u00f1anes al alcalde de Colindres, Javier Incera, en la reuni\u00f3n que ambos han mantenido en el despacho del regidor con la asistencia de la directora general de Deporte, Gloria G\u00f3mez.<\/p>\n<p>El consejero y el regidor han coincidido en destacar la importancia de ampliar las instalaciones del Valent\u00edn Turienzo, para dar respuesta a las necesidades del centro y porque permitir\u00e1 contar con m\u00e1s espacios para mejorar la oferta educativa de la Comunidad y, en especial, de la Formaci\u00f3n Profesional.<\/p>\n<p>Adem\u00e1s del proyecto del Valent\u00edn Turienzo, que incluye la remodelaci\u00f3n y adecuaci\u00f3n del actual edificio, Fern\u00e1ndez Ma\u00f1anes tambi\u00e9n ha trasladado a Incera el compromiso de su Consejer\u00eda de llevar a cabo una intervenci\u00f3n urgente para reparar los desprendimientos que se han producido recientemente en el colegio p\u00fablico Pedro del Hoyo.<\/p>\n<p>Durante el encuentro tambi\u00e9n han tratado las principales necesidades en materia deportiva que el municipio precisa. As\u00ed, el consejero se ha comprometido a aportar 200.000 euros para construir un nuevo edificio para albergar los vestuarios del campo de f\u00fatbol municipal.<\/p>\n<p>Fern\u00e1ndez Ma\u00f1anes e Incera tambi\u00e9n han analizado la situaci\u00f3n del Consorcio de Infraestructuras Deportivas de Cantabria, de la que forma parte la piscina de Colindres, y han coincidido en se\u00f1alar la importancia de tratar el futuro de este organismo en la siguiente reuni\u00f3n del Consorcio.<\/p>\n","protected":false},"excerpt":{"rendered":"<p>La Consejer\u00eda invertir\u00e1 1,4 millones en la construcci\u00f3n de un edificio de dos plantas de 1.000 metros cuadrados para ochos aulas, as\u00ed como un patio cubierto Colindres.- La Consejer\u00eda de Educaci\u00f3n, Cultura y Deporte iniciar\u00e1 el a\u00f1o que viene las obras de ampliaci\u00f3n del Instituto de Educaci\u00f3n Secundaria (IES) Valent\u00edn Turienzo de Colindres con una [&hellip;]<\/p>\n","protected":false},"author":1,"featured_media":972,"comment_status":"open","ping_status":"closed","template":"","meta":{"_et_pb_use_builder":"","_et_pb_old_content":"","_et_gb_content_width":"","footnotes":""},"project_category":[],"project_tag":[],"class_list":["post-971","project","type-project","status-publish","has-post-thumbnail","hentry"],"yoast_head":"<!-- This site is optimized with the Yoast SEO plugin v24.9 - https:\/\/yoast.com\/wordpress\/plugins\/seo\/ -->\n<title>Educaci\u00f3n iniciar\u00e1 el a\u00f1o que viene las obras de ampliaci\u00f3n del IES Valent\u00edn Turienzo de Colindres - Ayuntamiento de Colindres<\/title>\n<meta name=\"robots\" content=\"index, follow, max-snippet:-1, max-image-preview:large, max-video-preview:-1\" \/>\n<link rel=\"canonical\" href=\"https:\/\/www.colindres.es\/index.php\/project\/educacion-iniciara-el-ano-que-viene-las-obras-de-ampliacion-del-ies-valentin-turienzo-de-colindres\/\" \/>\n<meta property=\"og:locale\" content=\"es_ES\" \/>\n<meta property=\"og:type\" content=\"article\" \/>\n<meta property=\"og:title\" content=\"Educaci\u00f3n iniciar\u00e1 el a\u00f1o que viene las obras de ampliaci\u00f3n del IES Valent\u00edn Turienzo de Colindres - Ayuntamiento de Colindres\" \/>\n<meta property=\"og:description\" content=\"La Consejer\u00eda invertir\u00e1 1,4 millones en la construcci\u00f3n de un edificio de dos plantas de 1.000 metros cuadrados para ochos aulas, as\u00ed como un patio cubierto Colindres.- La Consejer\u00eda de Educaci\u00f3n, Cultura y Deporte iniciar\u00e1 el a\u00f1o que viene las obras de ampliaci\u00f3n del Instituto de Educaci\u00f3n Secundaria (IES) Valent\u00edn Turienzo de Colindres con una [&hellip;]\" \/>\n<meta property=\"og:url\" content=\"https:\/\/www.colindres.es\/index.php\/project\/educacion-iniciara-el-ano-que-viene-las-obras-de-ampliacion-del-ies-valentin-turienzo-de-colindres\/\" \/>\n<meta property=\"og:site_name\" content=\"Ayuntamiento de Colindres\" \/>\n<meta property=\"og:image\" content=\"https:\/\/www.colindres.es\/wp-content\/uploads\/2017\/10\/file-1024x768.jpeg\" \/>\n\t<meta property=\"og:image:width\" content=\"1024\" \/>\n\t<meta property=\"og:image:height\" content=\"768\" \/>\n\t<meta property=\"og:image:type\" content=\"image\/jpeg\" \/>\n<meta name=\"twitter:card\" content=\"summary_large_image\" \/>\n<meta name=\"twitter:label1\" content=\"Tiempo de lectura\" \/>\n\t<meta name=\"twitter:data1\" content=\"2 minutos\" \/>\n<script type=\"application\/ld+json\" class=\"yoast-schema-graph\">{\"@context\":\"https:\/\/schema.org\",\"@graph\":[{\"@type\":\"WebPage\",\"@id\":\"https:\/\/www.colindres.es\/index.php\/project\/educacion-iniciara-el-ano-que-viene-las-obras-de-ampliacion-del-ies-valentin-turienzo-de-colindres\/\",\"url\":\"https:\/\/www.colindres.es\/index.php\/project\/educacion-iniciara-el-ano-que-viene-las-obras-de-ampliacion-del-ies-valentin-turienzo-de-colindres\/\",\"name\":\"Educaci\u00f3n iniciar\u00e1 el a\u00f1o que viene las obras de ampliaci\u00f3n del IES Valent\u00edn Turienzo de Colindres - Ayuntamiento de Colindres\",\"isPartOf\":{\"@id\":\"https:\/\/www.colindres.es\/#website\"},\"primaryImageOfPage\":{\"@id\":\"https:\/\/www.colindres.es\/index.php\/project\/educacion-iniciara-el-ano-que-viene-las-obras-de-ampliacion-del-ies-valentin-turienzo-de-colindres\/#primaryimage\"},\"image\":{\"@id\":\"https:\/\/www.colindres.es\/index.php\/project\/educacion-iniciara-el-ano-que-viene-las-obras-de-ampliacion-del-ies-valentin-turienzo-de-colindres\/#primaryimage\"},\"thumbnailUrl\":\"https:\/\/www.colindres.es\/wp-content\/uploads\/2017\/10\/file.jpeg\",\"datePublished\":\"2017-10-04T09:43:33+00:00\",\"breadcrumb\":{\"@id\":\"https:\/\/www.colindres.es\/index.php\/project\/educacion-iniciara-el-ano-que-viene-las-obras-de-ampliacion-del-ies-valentin-turienzo-de-colindres\/#breadcrumb\"},\"inLanguage\":\"es\",\"potentialAction\":[{\"@type\":\"ReadAction\",\"target\":[\"https:\/\/www.colindres.es\/index.php\/project\/educacion-iniciara-el-ano-que-viene-las-obras-de-ampliacion-del-ies-valentin-turienzo-de-colindres\/\"]}]},{\"@type\":\"ImageObject\",\"inLanguage\":\"es\",\"@id\":\"https:\/\/www.colindres.es\/index.php\/project\/educacion-iniciara-el-ano-que-viene-las-obras-de-ampliacion-del-ies-valentin-turienzo-de-colindres\/#primaryimage\",\"url\":\"https:\/\/www.colindres.es\/wp-content\/uploads\/2017\/10\/file.jpeg\",\"contentUrl\":\"https:\/\/www.colindres.es\/wp-content\/uploads\/2017\/10\/file.jpeg\",\"width\":4032,\"height\":3024},{\"@type\":\"BreadcrumbList\",\"@id\":\"https:\/\/www.colindres.es\/index.php\/project\/educacion-iniciara-el-ano-que-viene-las-obras-de-ampliacion-del-ies-valentin-turienzo-de-colindres\/#breadcrumb\",\"itemListElement\":[{\"@type\":\"ListItem\",\"position\":1,\"name\":\"Portada\",\"item\":\"https:\/\/www.colindres.es\/\"},{\"@type\":\"ListItem\",\"position\":2,\"name\":\"Proyectos\",\"item\":\"https:\/\/www.colindres.es\/index.php\/project\/\"},{\"@type\":\"ListItem\",\"position\":3,\"name\":\"Educaci\u00f3n iniciar\u00e1 el a\u00f1o que viene las obras de ampliaci\u00f3n del IES Valent\u00edn Turienzo de Colindres\"}]},{\"@type\":\"WebSite\",\"@id\":\"https:\/\/www.colindres.es\/#website\",\"url\":\"https:\/\/www.colindres.es\/\",\"name\":\"Ayuntamiento de Colindres\",\"description\":\"Dise\u00f1ado por NTIC&#039;s\",\"publisher\":{\"@id\":\"https:\/\/www.colindres.es\/#organization\"},\"potentialAction\":[{\"@type\":\"SearchAction\",\"target\":{\"@type\":\"EntryPoint\",\"urlTemplate\":\"https:\/\/www.colindres.es\/?s={search_term_string}\"},\"query-input\":{\"@type\":\"PropertyValueSpecification\",\"valueRequired\":true,\"valueName\":\"search_term_string\"}}],\"inLanguage\":\"es\"},{\"@type\":\"Organization\",\"@id\":\"https:\/\/www.colindres.es\/#organization\",\"name\":\"AYUNTAMIENTO DE COLINDRES\",\"url\":\"https:\/\/www.colindres.es\/\",\"logo\":{\"@type\":\"ImageObject\",\"inLanguage\":\"es\",\"@id\":\"https:\/\/www.colindres.es\/#\/schema\/logo\/image\/\",\"url\":\"https:\/\/www.colindres.es\/wp-content\/uploads\/2017\/01\/LOGO-PRINCIPAL.jpg\",\"contentUrl\":\"https:\/\/www.colindres.es\/wp-content\/uploads\/2017\/01\/LOGO-PRINCIPAL.jpg\",\"width\":1209,\"height\":579,\"caption\":\"AYUNTAMIENTO DE COLINDRES\"},\"image\":{\"@id\":\"https:\/\/www.colindres.es\/#\/schema\/logo\/image\/\"}}]}<\/script>\n<!-- \/ Yoast SEO plugin. -->","yoast_head_json":{"title":"Educaci\u00f3n iniciar\u00e1 el a\u00f1o que viene las obras de ampliaci\u00f3n del IES Valent\u00edn Turienzo de Colindres - Ayuntamiento de Colindres","robots":{"index":"index","follow":"follow","max-snippet":"max-snippet:-1","max-image-preview":"max-image-preview:large","max-video-preview":"max-video-preview:-1"},"canonical":"https:\/\/www.colindres.es\/index.php\/project\/educacion-iniciara-el-ano-que-viene-las-obras-de-ampliacion-del-ies-valentin-turienzo-de-colindres\/","og_locale":"es_ES","og_type":"article","og_title":"Educaci\u00f3n iniciar\u00e1 el a\u00f1o que viene las obras de ampliaci\u00f3n del IES Valent\u00edn Turienzo de Colindres - Ayuntamiento de Colindres","og_description":"La Consejer\u00eda invertir\u00e1 1,4 millones en la construcci\u00f3n de un edificio de dos plantas de 1.000 metros cuadrados para ochos aulas, as\u00ed como un patio cubierto Colindres.- La Consejer\u00eda de Educaci\u00f3n, Cultura y Deporte iniciar\u00e1 el a\u00f1o que viene las obras de ampliaci\u00f3n del Instituto de Educaci\u00f3n Secundaria (IES) Valent\u00edn Turienzo de Colindres con una [&hellip;]","og_url":"https:\/\/www.colindres.es\/index.php\/project\/educacion-iniciara-el-ano-que-viene-las-obras-de-ampliacion-del-ies-valentin-turienzo-de-colindres\/","og_site_name":"Ayuntamiento de Colindres","og_image":[{"width":1024,"height":768,"url":"https:\/\/www.colindres.es\/wp-content\/uploads\/2017\/10\/file-1024x768.jpeg","type":"image\/jpeg"}],"twitter_card":"summary_large_image","twitter_misc":{"Tiempo de lectura":"2 minutos"},"schema":{"@context":"https:\/\/schema.org","@graph":[{"@type":"WebPage","@id":"https:\/\/www.colindres.es\/index.php\/project\/educacion-iniciara-el-ano-que-viene-las-obras-de-ampliacion-del-ies-valentin-turienzo-de-colindres\/","url":"https:\/\/www.colindres.es\/index.php\/project\/educacion-iniciara-el-ano-que-viene-las-obras-de-ampliacion-del-ies-valentin-turienzo-de-colindres\/","name":"Educaci\u00f3n iniciar\u00e1 el a\u00f1o que viene las obras de ampliaci\u00f3n del IES Valent\u00edn Turienzo de Colindres - Ayuntamiento de Colindres","isPartOf":{"@id":"https:\/\/www.colindres.es\/#website"},"primaryImageOfPage":{"@id":"https:\/\/www.colindres.es\/index.php\/project\/educacion-iniciara-el-ano-que-viene-las-obras-de-ampliacion-del-ies-valentin-turienzo-de-colindres\/#primaryimage"},"image":{"@id":"https:\/\/www.colindres.es\/index.php\/project\/educacion-iniciara-el-ano-que-viene-las-obras-de-ampliacion-del-ies-valentin-turienzo-de-colindres\/#primaryimage"},"thumbnailUrl":"https:\/\/www.colindres.es\/wp-content\/uploads\/2017\/10\/file.jpeg","datePublished":"2017-10-04T09:43:33+00:00","breadcrumb":{"@id":"https:\/\/www.colindres.es\/index.php\/project\/educacion-iniciara-el-ano-que-viene-las-obras-de-ampliacion-del-ies-valentin-turienzo-de-colindres\/#breadcrumb"},"inLanguage":"es","potentialAction":[{"@type":"ReadAction","target":["https:\/\/www.colindres.es\/index.php\/project\/educacion-iniciara-el-ano-que-viene-las-obras-de-ampliacion-del-ies-valentin-turienzo-de-colindres\/"]}]},{"@type":"ImageObject","inLanguage":"es","@id":"https:\/\/www.colindres.es\/index.php\/project\/educacion-iniciara-el-ano-que-viene-las-obras-de-ampliacion-del-ies-valentin-turienzo-de-colindres\/#primaryimage","url":"https:\/\/www.colindres.es\/wp-content\/uploads\/2017\/10\/file.jpeg","contentUrl":"https:\/\/www.colindres.es\/wp-content\/uploads\/2017\/10\/file.jpeg","width":4032,"height":3024},{"@type":"BreadcrumbList","@id":"https:\/\/www.colindres.es\/index.php\/project\/educacion-iniciara-el-ano-que-viene-las-obras-de-ampliacion-del-ies-valentin-turienzo-de-colindres\/#breadcrumb","itemListElement":[{"@type":"ListItem","position":1,"name":"Portada","item":"https:\/\/www.colindres.es\/"},{"@type":"ListItem","position":2,"name":"Proyectos","item":"https:\/\/www.colindres.es\/index.php\/project\/"},{"@type":"ListItem","position":3,"name":"Educaci\u00f3n iniciar\u00e1 el a\u00f1o que viene las obras de ampliaci\u00f3n del IES Valent\u00edn Turienzo de Colindres"}]},{"@type":"WebSite","@id":"https:\/\/www.colindres.es\/#website","url":"https:\/\/www.colindres.es\/","name":"Ayuntamiento de Colindres","description":"Dise\u00f1ado por NTIC&#039;s","publisher":{"@id":"https:\/\/www.colindres.es\/#organization"},"potentialAction":[{"@type":"SearchAction","target":{"@type":"EntryPoint","urlTemplate":"https:\/\/www.colindres.es\/?s={search_term_string}"},"query-input":{"@type":"PropertyValueSpecification","valueRequired":true,"valueName":"search_term_string"}}],"inLanguage":"es"},{"@type":"Organization","@id":"https:\/\/www.colindres.es\/#organization","name":"AYUNTAMIENTO DE COLINDRES","url":"https:\/\/www.colindres.es\/","logo":{"@type":"ImageObject","inLanguage":"es","@id":"https:\/\/www.colindres.es\/#\/schema\/logo\/image\/","url":"https:\/\/www.colindres.es\/wp-content\/uploads\/2017\/01\/LOGO-PRINCIPAL.jpg","contentUrl":"https:\/\/www.colindres.es\/wp-content\/uploads\/2017\/01\/LOGO-PRINCIPAL.jpg","width":1209,"height":579,"caption":"AYUNTAMIENTO DE COLINDRES"},"image":{"@id":"https:\/\/www.colindres.es\/#\/schema\/logo\/image\/"}}]}},"_links":{"self":[{"href":"https:\/\/www.colindres.es\/index.php\/wp-json\/wp\/v2\/project\/971","targetHints":{"allow":["GET"]}}],"collection":[{"href":"https:\/\/www.colindres.es\/index.php\/wp-json\/wp\/v2\/project"}],"about":[{"href":"https:\/\/www.colindres.es\/index.php\/wp-json\/wp\/v2\/types\/project"}],"author":[{"embeddable":true,"href":"https:\/\/www.colindres.es\/index.php\/wp-json\/wp\/v2\/users\/1"}],"replies":[{"embeddable":true,"href":"https:\/\/www.colindres.es\/index.php\/wp-json\/wp\/v2\/comments?post=971"}],"version-history":[{"count":1,"href":"https:\/\/www.colindres.es\/index.php\/wp-json\/wp\/v2\/project\/971\/revisions"}],"predecessor-version":[{"id":973,"href":"https:\/\/www.colindres.es\/index.php\/wp-json\/wp\/v2\/project\/971\/revisions\/973"}],"wp:featuredmedia":[{"embeddable":true,"href":"https:\/\/www.colindres.es\/index.php\/wp-json\/wp\/v2\/media\/972"}],"wp:attachment":[{"href":"https:\/\/www.colindres.es\/index.php\/wp-json\/wp\/v2\/media?parent=971"}],"wp:term":[{"taxonomy":"project_category","embeddable":true,"href":"https:\/\/www.colindres.es\/index.php\/wp-json\/wp\/v2\/project_category?post=971"},{"taxonomy":"project_tag","embeddable":true,"href":"https:\/\/www.colindres.es\/index.php\/wp-json\/wp\/v2\/project_tag?post=971"}],"curies":[{"name":"wp","href":"https:\/\/api.w.org\/{rel}","templated":true}]}}