{"id":967,"date":"2017-10-03T06:30:50","date_gmt":"2017-10-03T06:30:50","guid":{"rendered":"http:\/\/colindres.es\/?post_type=project&#038;p=967"},"modified":"2017-10-03T06:30:50","modified_gmt":"2017-10-03T06:30:50","slug":"inaugurada-la-remodelacion-del-centro-social-la-calzada","status":"publish","type":"project","link":"https:\/\/www.colindres.es\/index.php\/project\/inaugurada-la-remodelacion-del-centro-social-la-calzada\/","title":{"rendered":"Inaugurada la remodelaci\u00f3n del Centro Social La Calzada"},"content":{"rendered":"<p>El Ayuntamiento ha invertido 47.000 euros en las nuevas instalaciones, que tienen una superficie de 196 metros cuadrados<\/p>\n<p>Colindres, 15 de septiembre.- El alcalde de Colindres, Javier Incera, y la concejala de Servicios Sociales, Mar\u00eda Eugenia Casta\u00f1eda, han inaugurado las obras de remodelaci\u00f3n del Centro Social La Calzada, que han supuesto una inversi\u00f3n de 46.855 euros sufragados en su totalidad por el Consistorio.<\/p>\n<p>Al acto de inauguraci\u00f3n, que se celebr\u00f3 en la tarde noche del jueves y que consisti\u00f3 en un vino espa\u00f1ol amenizado con m\u00fasica en directo, tambi\u00e9n acudi\u00f3 el presidente de la Asociaci\u00f3n de Mayores La Calzada, Jos\u00e9 L\u00f3pez Santamar\u00eda, as\u00ed como otros miembros de la Corporaci\u00f3n municipal y representantes de distintas asociaciones sociales, culturales y deportivas del municipio.<\/p>\n<p>Seg\u00fan ha detallado el alcalde, el Centro Social cuenta con un nuevo servicio de cafeter\u00eda \u201cmuy completo y moderno\u201d, con una superficie de<\/p>\n<p>196 metros cuadrados que \u201cpermitir\u00e1 dar servicio a los centenares de vecinos que hacen uso de este centro p\u00fablico\u201d, en el que tiene su sede la Asociaci\u00f3n de Mayores La Calzada, que actualmente cuenta con 222 socios.<\/p>\n<p>Asimismo, el regidor municipal ha se\u00f1alado que el Ayuntamiento proceder\u00e1 a licitar y adjudicar el concurso para la explotaci\u00f3n de la cafeter\u00eda \u201cde forma inmediata\u201d, una vez que el Gobierno de Cantabria conceda el permiso correspondiente.<\/p>\n<p>En este sentido, Incera ha mostrado su deseo de que los tr\u00e1mites se resuelvan \u201ccuanto antes\u201d para que la cafeter\u00eda, por la que ya se han interesado varias empresas, pueda estar al servicio de los vecinos en el menor tiempo posible. Mientras se terminan de realizar las \u00faltimas gestiones, el Ayuntamiento permitir\u00e1 a los usuarios que puedan hacer uso de las instalaciones.<\/p>\n<p>\u201cCon esta inversi\u00f3n de casi 50.000 euros en La Calzada y la puesta en marcha de la cafeter\u00eda, Colindres puede presumir de contar con uno de los centros sociales mejor equipados y m\u00e1s modernos de Cantabria\u201d, ha destacado el alcalde.<\/p>\n<p>Inscripci\u00f3n abierta<\/p>\n<p>Por otro lado, durante la inauguraci\u00f3n, Incera record\u00f3 que el pasado mes de agosto el Ayuntamiento puso en marcha diferentes cursos dirigidos a personas mayores y que la inscripci\u00f3n para participar en los mismos contin\u00faa abierta en la Casa Serafina.<\/p>\n<p>Entre las actividades que se est\u00e1n llevando a cabo figuran el taller de memoria, gimnasia al aire libre en el Parque del Riego, el curso de inform\u00e1tica, el taller de estimulaci\u00f3n y percepci\u00f3n sensorial, el programa \u2018Aprovecha tu segunda juventud\u2019 o la proyecci\u00f3n de pel\u00edculas.<\/p>\n<p>Para realizar estas actividades, el Ayuntamiento ha contratado a tres monitores de ocio y tiempo libre con cargo a la subvenci\u00f3n de Corporaciones Locales del Gobierno de Cantabria.<\/p>\n<p>Por \u00faltimo, la concejala de Servicios Sociales, Mar\u00eda Eugenia Casta\u00f1eda, dio las gracias a la Asociaci\u00f3n La Calzada, y en especial a su presidente, \u201cpor el trabajo que han realizado durante todos estos a\u00f1os y que contin\u00faan haciendo con gran acierto para dinamizar la vida social de los mayores\u201d.<\/p>\n<p>Del mismo modo, Casta\u00f1eda tambi\u00e9n agradeci\u00f3 al presidente de la Pe\u00f1a San Juan, Emilio Ruiz, que estuvo presente en el acto, que prestaran su local durante los meses que han durado las obras para que \u00e9ste fuera utilizado por las personas mayores del municipio.<\/p>\n","protected":false},"excerpt":{"rendered":"<p>El Ayuntamiento ha invertido 47.000 euros en las nuevas instalaciones, que tienen una superficie de 196 metros cuadrados Colindres, 15 de septiembre.- El alcalde de Colindres, Javier Incera, y la concejala de Servicios Sociales, Mar\u00eda Eugenia Casta\u00f1eda, han inaugurado las obras de remodelaci\u00f3n del Centro Social La Calzada, que han supuesto una inversi\u00f3n de 46.855 [&hellip;]<\/p>\n","protected":false},"author":1,"featured_media":968,"comment_status":"open","ping_status":"closed","template":"","meta":{"_et_pb_use_builder":"","_et_pb_old_content":"","_et_gb_content_width":"","footnotes":""},"project_category":[],"project_tag":[],"class_list":["post-967","project","type-project","status-publish","has-post-thumbnail","hentry"],"yoast_head":"<!-- This site is optimized with the Yoast SEO plugin v24.9 - https:\/\/yoast.com\/wordpress\/plugins\/seo\/ -->\n<title>Inaugurada la remodelaci\u00f3n del Centro Social La Calzada - Ayuntamiento de Colindres<\/title>\n<meta name=\"robots\" content=\"index, follow, max-snippet:-1, max-image-preview:large, max-video-preview:-1\" \/>\n<link rel=\"canonical\" href=\"https:\/\/www.colindres.es\/index.php\/project\/inaugurada-la-remodelacion-del-centro-social-la-calzada\/\" \/>\n<meta property=\"og:locale\" content=\"es_ES\" \/>\n<meta property=\"og:type\" content=\"article\" \/>\n<meta property=\"og:title\" content=\"Inaugurada la remodelaci\u00f3n del Centro Social La Calzada - Ayuntamiento de Colindres\" \/>\n<meta property=\"og:description\" content=\"El Ayuntamiento ha invertido 47.000 euros en las nuevas instalaciones, que tienen una superficie de 196 metros cuadrados Colindres, 15 de septiembre.- El alcalde de Colindres, Javier Incera, y la concejala de Servicios Sociales, Mar\u00eda Eugenia Casta\u00f1eda, han inaugurado las obras de remodelaci\u00f3n del Centro Social La Calzada, que han supuesto una inversi\u00f3n de 46.855 [&hellip;]\" \/>\n<meta property=\"og:url\" content=\"https:\/\/www.colindres.es\/index.php\/project\/inaugurada-la-remodelacion-del-centro-social-la-calzada\/\" \/>\n<meta property=\"og:site_name\" content=\"Ayuntamiento de Colindres\" \/>\n<meta property=\"og:image\" content=\"https:\/\/www.colindres.es\/wp-content\/uploads\/2017\/10\/centro-de-mayores.jpg\" \/>\n\t<meta property=\"og:image:width\" content=\"2000\" \/>\n\t<meta property=\"og:image:height\" content=\"942\" \/>\n\t<meta property=\"og:image:type\" content=\"image\/jpeg\" \/>\n<meta name=\"twitter:card\" content=\"summary_large_image\" \/>\n<meta name=\"twitter:label1\" content=\"Tiempo de lectura\" \/>\n\t<meta name=\"twitter:data1\" content=\"3 minutos\" \/>\n<script type=\"application\/ld+json\" class=\"yoast-schema-graph\">{\"@context\":\"https:\/\/schema.org\",\"@graph\":[{\"@type\":\"WebPage\",\"@id\":\"https:\/\/www.colindres.es\/index.php\/project\/inaugurada-la-remodelacion-del-centro-social-la-calzada\/\",\"url\":\"https:\/\/www.colindres.es\/index.php\/project\/inaugurada-la-remodelacion-del-centro-social-la-calzada\/\",\"name\":\"Inaugurada la remodelaci\u00f3n del Centro Social La Calzada - Ayuntamiento de Colindres\",\"isPartOf\":{\"@id\":\"https:\/\/www.colindres.es\/#website\"},\"primaryImageOfPage\":{\"@id\":\"https:\/\/www.colindres.es\/index.php\/project\/inaugurada-la-remodelacion-del-centro-social-la-calzada\/#primaryimage\"},\"image\":{\"@id\":\"https:\/\/www.colindres.es\/index.php\/project\/inaugurada-la-remodelacion-del-centro-social-la-calzada\/#primaryimage\"},\"thumbnailUrl\":\"https:\/\/www.colindres.es\/wp-content\/uploads\/2017\/10\/centro-de-mayores.jpg\",\"datePublished\":\"2017-10-03T06:30:50+00:00\",\"breadcrumb\":{\"@id\":\"https:\/\/www.colindres.es\/index.php\/project\/inaugurada-la-remodelacion-del-centro-social-la-calzada\/#breadcrumb\"},\"inLanguage\":\"es\",\"potentialAction\":[{\"@type\":\"ReadAction\",\"target\":[\"https:\/\/www.colindres.es\/index.php\/project\/inaugurada-la-remodelacion-del-centro-social-la-calzada\/\"]}]},{\"@type\":\"ImageObject\",\"inLanguage\":\"es\",\"@id\":\"https:\/\/www.colindres.es\/index.php\/project\/inaugurada-la-remodelacion-del-centro-social-la-calzada\/#primaryimage\",\"url\":\"https:\/\/www.colindres.es\/wp-content\/uploads\/2017\/10\/centro-de-mayores.jpg\",\"contentUrl\":\"https:\/\/www.colindres.es\/wp-content\/uploads\/2017\/10\/centro-de-mayores.jpg\",\"width\":2000,\"height\":942},{\"@type\":\"BreadcrumbList\",\"@id\":\"https:\/\/www.colindres.es\/index.php\/project\/inaugurada-la-remodelacion-del-centro-social-la-calzada\/#breadcrumb\",\"itemListElement\":[{\"@type\":\"ListItem\",\"position\":1,\"name\":\"Portada\",\"item\":\"https:\/\/www.colindres.es\/\"},{\"@type\":\"ListItem\",\"position\":2,\"name\":\"Proyectos\",\"item\":\"https:\/\/www.colindres.es\/index.php\/project\/\"},{\"@type\":\"ListItem\",\"position\":3,\"name\":\"Inaugurada la remodelaci\u00f3n del Centro Social La Calzada\"}]},{\"@type\":\"WebSite\",\"@id\":\"https:\/\/www.colindres.es\/#website\",\"url\":\"https:\/\/www.colindres.es\/\",\"name\":\"Ayuntamiento de Colindres\",\"description\":\"Dise\u00f1ado por NTIC&#039;s\",\"publisher\":{\"@id\":\"https:\/\/www.colindres.es\/#organization\"},\"potentialAction\":[{\"@type\":\"SearchAction\",\"target\":{\"@type\":\"EntryPoint\",\"urlTemplate\":\"https:\/\/www.colindres.es\/?s={search_term_string}\"},\"query-input\":{\"@type\":\"PropertyValueSpecification\",\"valueRequired\":true,\"valueName\":\"search_term_string\"}}],\"inLanguage\":\"es\"},{\"@type\":\"Organization\",\"@id\":\"https:\/\/www.colindres.es\/#organization\",\"name\":\"AYUNTAMIENTO DE COLINDRES\",\"url\":\"https:\/\/www.colindres.es\/\",\"logo\":{\"@type\":\"ImageObject\",\"inLanguage\":\"es\",\"@id\":\"https:\/\/www.colindres.es\/#\/schema\/logo\/image\/\",\"url\":\"https:\/\/www.colindres.es\/wp-content\/uploads\/2017\/01\/LOGO-PRINCIPAL.jpg\",\"contentUrl\":\"https:\/\/www.colindres.es\/wp-content\/uploads\/2017\/01\/LOGO-PRINCIPAL.jpg\",\"width\":1209,\"height\":579,\"caption\":\"AYUNTAMIENTO DE COLINDRES\"},\"image\":{\"@id\":\"https:\/\/www.colindres.es\/#\/schema\/logo\/image\/\"}}]}<\/script>\n<!-- \/ Yoast SEO plugin. -->","yoast_head_json":{"title":"Inaugurada la remodelaci\u00f3n del Centro Social La Calzada - Ayuntamiento de Colindres","robots":{"index":"index","follow":"follow","max-snippet":"max-snippet:-1","max-image-preview":"max-image-preview:large","max-video-preview":"max-video-preview:-1"},"canonical":"https:\/\/www.colindres.es\/index.php\/project\/inaugurada-la-remodelacion-del-centro-social-la-calzada\/","og_locale":"es_ES","og_type":"article","og_title":"Inaugurada la remodelaci\u00f3n del Centro Social La Calzada - Ayuntamiento de Colindres","og_description":"El Ayuntamiento ha invertido 47.000 euros en las nuevas instalaciones, que tienen una superficie de 196 metros cuadrados Colindres, 15 de septiembre.- El alcalde de Colindres, Javier Incera, y la concejala de Servicios Sociales, Mar\u00eda Eugenia Casta\u00f1eda, han inaugurado las obras de remodelaci\u00f3n del Centro Social La Calzada, que han supuesto una inversi\u00f3n de 46.855 [&hellip;]","og_url":"https:\/\/www.colindres.es\/index.php\/project\/inaugurada-la-remodelacion-del-centro-social-la-calzada\/","og_site_name":"Ayuntamiento de Colindres","og_image":[{"width":2000,"height":942,"url":"https:\/\/www.colindres.es\/wp-content\/uploads\/2017\/10\/centro-de-mayores.jpg","type":"image\/jpeg"}],"twitter_card":"summary_large_image","twitter_misc":{"Tiempo de lectura":"3 minutos"},"schema":{"@context":"https:\/\/schema.org","@graph":[{"@type":"WebPage","@id":"https:\/\/www.colindres.es\/index.php\/project\/inaugurada-la-remodelacion-del-centro-social-la-calzada\/","url":"https:\/\/www.colindres.es\/index.php\/project\/inaugurada-la-remodelacion-del-centro-social-la-calzada\/","name":"Inaugurada la remodelaci\u00f3n del Centro Social La Calzada - Ayuntamiento de Colindres","isPartOf":{"@id":"https:\/\/www.colindres.es\/#website"},"primaryImageOfPage":{"@id":"https:\/\/www.colindres.es\/index.php\/project\/inaugurada-la-remodelacion-del-centro-social-la-calzada\/#primaryimage"},"image":{"@id":"https:\/\/www.colindres.es\/index.php\/project\/inaugurada-la-remodelacion-del-centro-social-la-calzada\/#primaryimage"},"thumbnailUrl":"https:\/\/www.colindres.es\/wp-content\/uploads\/2017\/10\/centro-de-mayores.jpg","datePublished":"2017-10-03T06:30:50+00:00","breadcrumb":{"@id":"https:\/\/www.colindres.es\/index.php\/project\/inaugurada-la-remodelacion-del-centro-social-la-calzada\/#breadcrumb"},"inLanguage":"es","potentialAction":[{"@type":"ReadAction","target":["https:\/\/www.colindres.es\/index.php\/project\/inaugurada-la-remodelacion-del-centro-social-la-calzada\/"]}]},{"@type":"ImageObject","inLanguage":"es","@id":"https:\/\/www.colindres.es\/index.php\/project\/inaugurada-la-remodelacion-del-centro-social-la-calzada\/#primaryimage","url":"https:\/\/www.colindres.es\/wp-content\/uploads\/2017\/10\/centro-de-mayores.jpg","contentUrl":"https:\/\/www.colindres.es\/wp-content\/uploads\/2017\/10\/centro-de-mayores.jpg","width":2000,"height":942},{"@type":"BreadcrumbList","@id":"https:\/\/www.colindres.es\/index.php\/project\/inaugurada-la-remodelacion-del-centro-social-la-calzada\/#breadcrumb","itemListElement":[{"@type":"ListItem","position":1,"name":"Portada","item":"https:\/\/www.colindres.es\/"},{"@type":"ListItem","position":2,"name":"Proyectos","item":"https:\/\/www.colindres.es\/index.php\/project\/"},{"@type":"ListItem","position":3,"name":"Inaugurada la remodelaci\u00f3n del Centro Social La Calzada"}]},{"@type":"WebSite","@id":"https:\/\/www.colindres.es\/#website","url":"https:\/\/www.colindres.es\/","name":"Ayuntamiento de Colindres","description":"Dise\u00f1ado por NTIC&#039;s","publisher":{"@id":"https:\/\/www.colindres.es\/#organization"},"potentialAction":[{"@type":"SearchAction","target":{"@type":"EntryPoint","urlTemplate":"https:\/\/www.colindres.es\/?s={search_term_string}"},"query-input":{"@type":"PropertyValueSpecification","valueRequired":true,"valueName":"search_term_string"}}],"inLanguage":"es"},{"@type":"Organization","@id":"https:\/\/www.colindres.es\/#organization","name":"AYUNTAMIENTO DE COLINDRES","url":"https:\/\/www.colindres.es\/","logo":{"@type":"ImageObject","inLanguage":"es","@id":"https:\/\/www.colindres.es\/#\/schema\/logo\/image\/","url":"https:\/\/www.colindres.es\/wp-content\/uploads\/2017\/01\/LOGO-PRINCIPAL.jpg","contentUrl":"https:\/\/www.colindres.es\/wp-content\/uploads\/2017\/01\/LOGO-PRINCIPAL.jpg","width":1209,"height":579,"caption":"AYUNTAMIENTO DE COLINDRES"},"image":{"@id":"https:\/\/www.colindres.es\/#\/schema\/logo\/image\/"}}]}},"_links":{"self":[{"href":"https:\/\/www.colindres.es\/index.php\/wp-json\/wp\/v2\/project\/967","targetHints":{"allow":["GET"]}}],"collection":[{"href":"https:\/\/www.colindres.es\/index.php\/wp-json\/wp\/v2\/project"}],"about":[{"href":"https:\/\/www.colindres.es\/index.php\/wp-json\/wp\/v2\/types\/project"}],"author":[{"embeddable":true,"href":"https:\/\/www.colindres.es\/index.php\/wp-json\/wp\/v2\/users\/1"}],"replies":[{"embeddable":true,"href":"https:\/\/www.colindres.es\/index.php\/wp-json\/wp\/v2\/comments?post=967"}],"version-history":[{"count":1,"href":"https:\/\/www.colindres.es\/index.php\/wp-json\/wp\/v2\/project\/967\/revisions"}],"predecessor-version":[{"id":969,"href":"https:\/\/www.colindres.es\/index.php\/wp-json\/wp\/v2\/project\/967\/revisions\/969"}],"wp:featuredmedia":[{"embeddable":true,"href":"https:\/\/www.colindres.es\/index.php\/wp-json\/wp\/v2\/media\/968"}],"wp:attachment":[{"href":"https:\/\/www.colindres.es\/index.php\/wp-json\/wp\/v2\/media?parent=967"}],"wp:term":[{"taxonomy":"project_category","embeddable":true,"href":"https:\/\/www.colindres.es\/index.php\/wp-json\/wp\/v2\/project_category?post=967"},{"taxonomy":"project_tag","embeddable":true,"href":"https:\/\/www.colindres.es\/index.php\/wp-json\/wp\/v2\/project_tag?post=967"}],"curies":[{"name":"wp","href":"https:\/\/api.w.org\/{rel}","templated":true}]}}