{"id":964,"date":"2017-10-02T11:56:22","date_gmt":"2017-10-02T11:56:22","guid":{"rendered":"http:\/\/colindres.es\/?post_type=project&#038;p=964"},"modified":"2017-10-02T11:56:22","modified_gmt":"2017-10-02T11:56:22","slug":"la-policia-local-de-colindres-celebra-su-patron-con-la-entrega-de-distinciones","status":"publish","type":"project","link":"https:\/\/www.colindres.es\/index.php\/project\/la-policia-local-de-colindres-celebra-su-patron-con-la-entrega-de-distinciones\/","title":{"rendered":"La Polic\u00eda Local de Colindres celebra su patr\u00f3n con la entrega de distinciones"},"content":{"rendered":"<p>Adem\u00e1s, con motivo de San Miguel Arc\u00e1ngel tambi\u00e9n se ha llevado a cabo un simulacro de emergencias en el IES Valent\u00edn Turienzo<\/p>\n<p>Colindres, 29 de septiembre.- El Sal\u00f3n de Plenos del Ayuntamiento de Colindres ha acogido este viernes el acto de entrega de la Medalla de la Polic\u00eda Local a Mar\u00eda Sagrario Margalo \u2013\u201cMary la de los peri\u00f3dicos\u201d- en reconocimiento a su colaboraci\u00f3n con este Cuerpo, as\u00ed como la felicitaci\u00f3n por m\u00e9rito al trabajo a cada uno de los miembros de la Agrupaci\u00f3n de Protecci\u00f3n Civil de Colindres y de forma colectiva a las agrupaciones de Noja y Bareyo, que habitualmente prestan servicio en este municipio en eventos destacados, como la festividad de San Gin\u00e9s.<\/p>\n<p>La Polic\u00eda Local de Colindres concede cada a\u00f1o estas distinciones con motivo de la celebraci\u00f3n de San Miguel Arc\u00e1ngel, patr\u00f3n del Cuerpo. La ceremonia ha estado presidida por Javier Incera, que en su calidad de alcalde es el m\u00e1ximo responsable de la Polic\u00eda Local. Tambi\u00e9n han estado presentes el concejal de Seguridad Ciudadana de Colindres, Alberto Echeverr\u00eda, y su hom\u00f3logo en Noja, Enrique Viadero, as\u00ed como el resto de ediles de la Corporaci\u00f3n local y efectivos de la Guardia Civil.<\/p>\n<p>En su intervenci\u00f3n, Incera ha manifestado \u201csu reconocimiento y el de todos los vecinos y vecinas de Colindres al trabajo de la Polic\u00eda Local\u201d y ha destacado \u00abel esfuerzo, entusiasmo y profesionalidad\u00bb de los agentes en el desempe\u00f1o de sus funciones, as\u00ed como su \u201cimplicaci\u00f3n\u201d en todos los eventos importantes para el municipio.<\/p>\n<p>El alcalde ha resaltado igualmente \u201cel compromiso de los voluntarios de Protecci\u00f3n Civil con Colindres y con todos los colindreses\u201d y \u201csu vocaci\u00f3n de servicio y el ejemplo que suponen para el conjunto de la sociedad\u00bb.<\/p>\n<p>Simulacro de incendio<\/p>\n<p>Adem\u00e1s de este acto, tambi\u00e9n con motivo de San Miguel de Arc\u00e1ngel, esta ma\u00f1ana se ha realizado un simulacro de emergencias en el Instituto de Educaci\u00f3n Secundaria Valent\u00edn Turienzo en el que han participado efectivos de la Guardia Civil, Polic\u00eda Local, Cruz Roja, Bomberos y Protecci\u00f3n Civil.<\/p>\n<p>A las 10 de la ma\u00f1ana se ha hecho saltar la alarma y siguiendo el Plan de Evacuaci\u00f3n del propio Instituto, se ha desalojado a los cerca de 600 estudiantes del centro. La Polic\u00eda Local ha cortado el tr\u00e1fico y ha acordonado las calles adyacentes y ha habido una actuaci\u00f3n de los bomberos, que han apagado un fuego controlado y han desplegado la escala para rescatar a dos personas que han simulado haberse quedado atrapadas en el piso superior del edificio. Por su parte, Protecci\u00f3n Civil ha desplegado un campamento de campa\u00f1a para atender a posibles heridos.<\/p>\n<p>El concejal de Seguridad Ciudadana y Personal, Alberto Echeverr\u00eda, ha se\u00f1alado que el ejercicio ha sido \u201ctodo un \u00e9xito\u201d y ha servido a los j\u00f3venes para conocer c\u00f3mo deben actuar ante una hipot\u00e9tica situaci\u00f3n de emergencia.<\/p>\n<p>Al simulacro tambi\u00e9n han asistido los ni\u00f1os y ni\u00f1as de 5\u00ba y 6\u00ba de Primaria de los colegios Los Puentes, Pedro del Hoyo y Fray Pablo.<\/p>\n","protected":false},"excerpt":{"rendered":"<p>Adem\u00e1s, con motivo de San Miguel Arc\u00e1ngel tambi\u00e9n se ha llevado a cabo un simulacro de emergencias en el IES Valent\u00edn Turienzo Colindres, 29 de septiembre.- El Sal\u00f3n de Plenos del Ayuntamiento de Colindres ha acogido este viernes el acto de entrega de la Medalla de la Polic\u00eda Local a Mar\u00eda Sagrario Margalo \u2013\u201cMary la [&hellip;]<\/p>\n","protected":false},"author":1,"featured_media":965,"comment_status":"open","ping_status":"closed","template":"","meta":{"_et_pb_use_builder":"","_et_pb_old_content":"","_et_gb_content_width":"","footnotes":""},"project_category":[],"project_tag":[],"class_list":["post-964","project","type-project","status-publish","has-post-thumbnail","hentry"],"yoast_head":"<!-- This site is optimized with the Yoast SEO plugin v24.9 - https:\/\/yoast.com\/wordpress\/plugins\/seo\/ -->\n<title>La Polic\u00eda Local de Colindres celebra su patr\u00f3n con la entrega de distinciones - Ayuntamiento de Colindres<\/title>\n<meta name=\"robots\" content=\"index, follow, max-snippet:-1, max-image-preview:large, max-video-preview:-1\" \/>\n<link rel=\"canonical\" href=\"https:\/\/www.colindres.es\/index.php\/project\/la-policia-local-de-colindres-celebra-su-patron-con-la-entrega-de-distinciones\/\" \/>\n<meta property=\"og:locale\" content=\"es_ES\" \/>\n<meta property=\"og:type\" content=\"article\" \/>\n<meta property=\"og:title\" content=\"La Polic\u00eda Local de Colindres celebra su patr\u00f3n con la entrega de distinciones - Ayuntamiento de Colindres\" \/>\n<meta property=\"og:description\" content=\"Adem\u00e1s, con motivo de San Miguel Arc\u00e1ngel tambi\u00e9n se ha llevado a cabo un simulacro de emergencias en el IES Valent\u00edn Turienzo Colindres, 29 de septiembre.- El Sal\u00f3n de Plenos del Ayuntamiento de Colindres ha acogido este viernes el acto de entrega de la Medalla de la Polic\u00eda Local a Mar\u00eda Sagrario Margalo \u2013\u201cMary la [&hellip;]\" \/>\n<meta property=\"og:url\" content=\"https:\/\/www.colindres.es\/index.php\/project\/la-policia-local-de-colindres-celebra-su-patron-con-la-entrega-de-distinciones\/\" \/>\n<meta property=\"og:site_name\" content=\"Ayuntamiento de Colindres\" \/>\n<meta property=\"og:image\" content=\"https:\/\/www.colindres.es\/wp-content\/uploads\/2017\/10\/file-1024x768.jpg\" \/>\n\t<meta property=\"og:image:width\" content=\"1024\" \/>\n\t<meta property=\"og:image:height\" content=\"768\" \/>\n\t<meta property=\"og:image:type\" content=\"image\/jpeg\" \/>\n<meta name=\"twitter:card\" content=\"summary_large_image\" \/>\n<meta name=\"twitter:label1\" content=\"Tiempo de lectura\" \/>\n\t<meta name=\"twitter:data1\" content=\"3 minutos\" \/>\n<script type=\"application\/ld+json\" class=\"yoast-schema-graph\">{\"@context\":\"https:\/\/schema.org\",\"@graph\":[{\"@type\":\"WebPage\",\"@id\":\"https:\/\/www.colindres.es\/index.php\/project\/la-policia-local-de-colindres-celebra-su-patron-con-la-entrega-de-distinciones\/\",\"url\":\"https:\/\/www.colindres.es\/index.php\/project\/la-policia-local-de-colindres-celebra-su-patron-con-la-entrega-de-distinciones\/\",\"name\":\"La Polic\u00eda Local de Colindres celebra su patr\u00f3n con la entrega de distinciones - Ayuntamiento de Colindres\",\"isPartOf\":{\"@id\":\"https:\/\/www.colindres.es\/#website\"},\"primaryImageOfPage\":{\"@id\":\"https:\/\/www.colindres.es\/index.php\/project\/la-policia-local-de-colindres-celebra-su-patron-con-la-entrega-de-distinciones\/#primaryimage\"},\"image\":{\"@id\":\"https:\/\/www.colindres.es\/index.php\/project\/la-policia-local-de-colindres-celebra-su-patron-con-la-entrega-de-distinciones\/#primaryimage\"},\"thumbnailUrl\":\"https:\/\/www.colindres.es\/wp-content\/uploads\/2017\/10\/file.jpg\",\"datePublished\":\"2017-10-02T11:56:22+00:00\",\"breadcrumb\":{\"@id\":\"https:\/\/www.colindres.es\/index.php\/project\/la-policia-local-de-colindres-celebra-su-patron-con-la-entrega-de-distinciones\/#breadcrumb\"},\"inLanguage\":\"es\",\"potentialAction\":[{\"@type\":\"ReadAction\",\"target\":[\"https:\/\/www.colindres.es\/index.php\/project\/la-policia-local-de-colindres-celebra-su-patron-con-la-entrega-de-distinciones\/\"]}]},{\"@type\":\"ImageObject\",\"inLanguage\":\"es\",\"@id\":\"https:\/\/www.colindres.es\/index.php\/project\/la-policia-local-de-colindres-celebra-su-patron-con-la-entrega-de-distinciones\/#primaryimage\",\"url\":\"https:\/\/www.colindres.es\/wp-content\/uploads\/2017\/10\/file.jpg\",\"contentUrl\":\"https:\/\/www.colindres.es\/wp-content\/uploads\/2017\/10\/file.jpg\",\"width\":4032,\"height\":3024},{\"@type\":\"BreadcrumbList\",\"@id\":\"https:\/\/www.colindres.es\/index.php\/project\/la-policia-local-de-colindres-celebra-su-patron-con-la-entrega-de-distinciones\/#breadcrumb\",\"itemListElement\":[{\"@type\":\"ListItem\",\"position\":1,\"name\":\"Portada\",\"item\":\"https:\/\/www.colindres.es\/\"},{\"@type\":\"ListItem\",\"position\":2,\"name\":\"Proyectos\",\"item\":\"https:\/\/www.colindres.es\/index.php\/project\/\"},{\"@type\":\"ListItem\",\"position\":3,\"name\":\"La Polic\u00eda Local de Colindres celebra su patr\u00f3n con la entrega de distinciones\"}]},{\"@type\":\"WebSite\",\"@id\":\"https:\/\/www.colindres.es\/#website\",\"url\":\"https:\/\/www.colindres.es\/\",\"name\":\"Ayuntamiento de Colindres\",\"description\":\"Dise\u00f1ado por NTIC&#039;s\",\"publisher\":{\"@id\":\"https:\/\/www.colindres.es\/#organization\"},\"potentialAction\":[{\"@type\":\"SearchAction\",\"target\":{\"@type\":\"EntryPoint\",\"urlTemplate\":\"https:\/\/www.colindres.es\/?s={search_term_string}\"},\"query-input\":{\"@type\":\"PropertyValueSpecification\",\"valueRequired\":true,\"valueName\":\"search_term_string\"}}],\"inLanguage\":\"es\"},{\"@type\":\"Organization\",\"@id\":\"https:\/\/www.colindres.es\/#organization\",\"name\":\"AYUNTAMIENTO DE COLINDRES\",\"url\":\"https:\/\/www.colindres.es\/\",\"logo\":{\"@type\":\"ImageObject\",\"inLanguage\":\"es\",\"@id\":\"https:\/\/www.colindres.es\/#\/schema\/logo\/image\/\",\"url\":\"https:\/\/www.colindres.es\/wp-content\/uploads\/2017\/01\/LOGO-PRINCIPAL.jpg\",\"contentUrl\":\"https:\/\/www.colindres.es\/wp-content\/uploads\/2017\/01\/LOGO-PRINCIPAL.jpg\",\"width\":1209,\"height\":579,\"caption\":\"AYUNTAMIENTO DE COLINDRES\"},\"image\":{\"@id\":\"https:\/\/www.colindres.es\/#\/schema\/logo\/image\/\"}}]}<\/script>\n<!-- \/ Yoast SEO plugin. -->","yoast_head_json":{"title":"La Polic\u00eda Local de Colindres celebra su patr\u00f3n con la entrega de distinciones - Ayuntamiento de Colindres","robots":{"index":"index","follow":"follow","max-snippet":"max-snippet:-1","max-image-preview":"max-image-preview:large","max-video-preview":"max-video-preview:-1"},"canonical":"https:\/\/www.colindres.es\/index.php\/project\/la-policia-local-de-colindres-celebra-su-patron-con-la-entrega-de-distinciones\/","og_locale":"es_ES","og_type":"article","og_title":"La Polic\u00eda Local de Colindres celebra su patr\u00f3n con la entrega de distinciones - Ayuntamiento de Colindres","og_description":"Adem\u00e1s, con motivo de San Miguel Arc\u00e1ngel tambi\u00e9n se ha llevado a cabo un simulacro de emergencias en el IES Valent\u00edn Turienzo Colindres, 29 de septiembre.- El Sal\u00f3n de Plenos del Ayuntamiento de Colindres ha acogido este viernes el acto de entrega de la Medalla de la Polic\u00eda Local a Mar\u00eda Sagrario Margalo \u2013\u201cMary la [&hellip;]","og_url":"https:\/\/www.colindres.es\/index.php\/project\/la-policia-local-de-colindres-celebra-su-patron-con-la-entrega-de-distinciones\/","og_site_name":"Ayuntamiento de Colindres","og_image":[{"width":1024,"height":768,"url":"https:\/\/www.colindres.es\/wp-content\/uploads\/2017\/10\/file-1024x768.jpg","type":"image\/jpeg"}],"twitter_card":"summary_large_image","twitter_misc":{"Tiempo de lectura":"3 minutos"},"schema":{"@context":"https:\/\/schema.org","@graph":[{"@type":"WebPage","@id":"https:\/\/www.colindres.es\/index.php\/project\/la-policia-local-de-colindres-celebra-su-patron-con-la-entrega-de-distinciones\/","url":"https:\/\/www.colindres.es\/index.php\/project\/la-policia-local-de-colindres-celebra-su-patron-con-la-entrega-de-distinciones\/","name":"La Polic\u00eda Local de Colindres celebra su patr\u00f3n con la entrega de distinciones - Ayuntamiento de Colindres","isPartOf":{"@id":"https:\/\/www.colindres.es\/#website"},"primaryImageOfPage":{"@id":"https:\/\/www.colindres.es\/index.php\/project\/la-policia-local-de-colindres-celebra-su-patron-con-la-entrega-de-distinciones\/#primaryimage"},"image":{"@id":"https:\/\/www.colindres.es\/index.php\/project\/la-policia-local-de-colindres-celebra-su-patron-con-la-entrega-de-distinciones\/#primaryimage"},"thumbnailUrl":"https:\/\/www.colindres.es\/wp-content\/uploads\/2017\/10\/file.jpg","datePublished":"2017-10-02T11:56:22+00:00","breadcrumb":{"@id":"https:\/\/www.colindres.es\/index.php\/project\/la-policia-local-de-colindres-celebra-su-patron-con-la-entrega-de-distinciones\/#breadcrumb"},"inLanguage":"es","potentialAction":[{"@type":"ReadAction","target":["https:\/\/www.colindres.es\/index.php\/project\/la-policia-local-de-colindres-celebra-su-patron-con-la-entrega-de-distinciones\/"]}]},{"@type":"ImageObject","inLanguage":"es","@id":"https:\/\/www.colindres.es\/index.php\/project\/la-policia-local-de-colindres-celebra-su-patron-con-la-entrega-de-distinciones\/#primaryimage","url":"https:\/\/www.colindres.es\/wp-content\/uploads\/2017\/10\/file.jpg","contentUrl":"https:\/\/www.colindres.es\/wp-content\/uploads\/2017\/10\/file.jpg","width":4032,"height":3024},{"@type":"BreadcrumbList","@id":"https:\/\/www.colindres.es\/index.php\/project\/la-policia-local-de-colindres-celebra-su-patron-con-la-entrega-de-distinciones\/#breadcrumb","itemListElement":[{"@type":"ListItem","position":1,"name":"Portada","item":"https:\/\/www.colindres.es\/"},{"@type":"ListItem","position":2,"name":"Proyectos","item":"https:\/\/www.colindres.es\/index.php\/project\/"},{"@type":"ListItem","position":3,"name":"La Polic\u00eda Local de Colindres celebra su patr\u00f3n con la entrega de distinciones"}]},{"@type":"WebSite","@id":"https:\/\/www.colindres.es\/#website","url":"https:\/\/www.colindres.es\/","name":"Ayuntamiento de Colindres","description":"Dise\u00f1ado por NTIC&#039;s","publisher":{"@id":"https:\/\/www.colindres.es\/#organization"},"potentialAction":[{"@type":"SearchAction","target":{"@type":"EntryPoint","urlTemplate":"https:\/\/www.colindres.es\/?s={search_term_string}"},"query-input":{"@type":"PropertyValueSpecification","valueRequired":true,"valueName":"search_term_string"}}],"inLanguage":"es"},{"@type":"Organization","@id":"https:\/\/www.colindres.es\/#organization","name":"AYUNTAMIENTO DE COLINDRES","url":"https:\/\/www.colindres.es\/","logo":{"@type":"ImageObject","inLanguage":"es","@id":"https:\/\/www.colindres.es\/#\/schema\/logo\/image\/","url":"https:\/\/www.colindres.es\/wp-content\/uploads\/2017\/01\/LOGO-PRINCIPAL.jpg","contentUrl":"https:\/\/www.colindres.es\/wp-content\/uploads\/2017\/01\/LOGO-PRINCIPAL.jpg","width":1209,"height":579,"caption":"AYUNTAMIENTO DE COLINDRES"},"image":{"@id":"https:\/\/www.colindres.es\/#\/schema\/logo\/image\/"}}]}},"_links":{"self":[{"href":"https:\/\/www.colindres.es\/index.php\/wp-json\/wp\/v2\/project\/964","targetHints":{"allow":["GET"]}}],"collection":[{"href":"https:\/\/www.colindres.es\/index.php\/wp-json\/wp\/v2\/project"}],"about":[{"href":"https:\/\/www.colindres.es\/index.php\/wp-json\/wp\/v2\/types\/project"}],"author":[{"embeddable":true,"href":"https:\/\/www.colindres.es\/index.php\/wp-json\/wp\/v2\/users\/1"}],"replies":[{"embeddable":true,"href":"https:\/\/www.colindres.es\/index.php\/wp-json\/wp\/v2\/comments?post=964"}],"version-history":[{"count":1,"href":"https:\/\/www.colindres.es\/index.php\/wp-json\/wp\/v2\/project\/964\/revisions"}],"predecessor-version":[{"id":966,"href":"https:\/\/www.colindres.es\/index.php\/wp-json\/wp\/v2\/project\/964\/revisions\/966"}],"wp:featuredmedia":[{"embeddable":true,"href":"https:\/\/www.colindres.es\/index.php\/wp-json\/wp\/v2\/media\/965"}],"wp:attachment":[{"href":"https:\/\/www.colindres.es\/index.php\/wp-json\/wp\/v2\/media?parent=964"}],"wp:term":[{"taxonomy":"project_category","embeddable":true,"href":"https:\/\/www.colindres.es\/index.php\/wp-json\/wp\/v2\/project_category?post=964"},{"taxonomy":"project_tag","embeddable":true,"href":"https:\/\/www.colindres.es\/index.php\/wp-json\/wp\/v2\/project_tag?post=964"}],"curies":[{"name":"wp","href":"https:\/\/api.w.org\/{rel}","templated":true}]}}