{"id":961,"date":"2017-09-29T11:09:19","date_gmt":"2017-09-29T11:09:19","guid":{"rendered":"http:\/\/colindres.es\/?post_type=project&#038;p=961"},"modified":"2017-09-29T11:09:19","modified_gmt":"2017-09-29T11:09:19","slug":"el-ayuntamiento-de-colindres-saca-a-concurso-la-gestion-del-centro-de-dia-de-mayores","status":"publish","type":"project","link":"https:\/\/www.colindres.es\/index.php\/project\/el-ayuntamiento-de-colindres-saca-a-concurso-la-gestion-del-centro-de-dia-de-mayores\/","title":{"rendered":"El Ayuntamiento de Colindres saca a concurso la gesti\u00f3n del Centro de D\u00eda de Mayores"},"content":{"rendered":"<p>Incera afirma que \u201ces un paso decisivo para la apertura del Centro que puede darse ahora gracias a que existe un compromiso firme del actual Gobierno para concertar plazas\u201d<\/p>\n<p>Colindres, 25 de septiembre. El Ayuntamiento de Colindres ha sacado a licitaci\u00f3n mediante concurso p\u00fablico la gesti\u00f3n del Centro de D\u00eda de Mayores municipal por un canon m\u00ednimo anual de 4.000 euros y un periodo de explotaci\u00f3n de dos a\u00f1os prorrogable por otros dos m\u00e1s.<\/p>\n<p>El alcalde, Javier Incera, ha explicado que la Junta de Gobierno local ya ha aprobado el pliego de condiciones y las empresas interesadas tienen de plazo para presentar sus ofertas 30 d\u00edas naturales contados desde el d\u00eda siguiente al de la publicaci\u00f3n del anuncio en el Bolet\u00edn Oficial de Cantabria (BOC).<\/p>\n<p>En una nota de prensa, Incera ha indicado que se trata de \u201cun paso decisivo\u201d para poner en marcha el Centro de D\u00eda, que \u201cno pudo darse durante la pasada legislatura debido a la negativa del anterior Gobierno de Cantabria a concertar plazas p\u00fablicas en Colindres\u201d.<\/p>\n<p>En este sentido, el alcalde ha manifestado la \u201csatisfacci\u00f3n\u201d de todo el equipo de Gobierno porque la fecha de inauguraci\u00f3n est\u00e1 ahora \u201cm\u00e1s cerca\u201d y ha agradecido a la vicepresidenta y consejera de Pol\u00edtica Social, Eva D\u00edaz Tezanos, haber entendido \u201cla importancia que tiene para Colindres esta dotaci\u00f3n social y, en consecuencia, haber sido receptiva a las reivindicaciones del Consistorio\u201d.<\/p>\n<p>Por su parte, la concejala de Servicios Sociales, Mar\u00eda Eugenia Casta\u00f1eda, ha asegurado que el Centro de D\u00eda se convertir\u00e1 en un \u201crecurso imprescindible\u201d que \u201cprestar\u00e1 atenci\u00f3n terap\u00e9utica integral a las personas mayores, promoviendo su autonom\u00eda personal y las relaciones sociales, y al mismo tiempo favorecer\u00e1 la conciliaci\u00f3n de la vida laboral y familiar\u201d.<\/p>\n<p>\u201cEl Ayuntamiento de Colindres est\u00e1 sensibilizado con este sector poblacional y se caracteriza por impulsar programas y equipamientos con el objetivo principal de mejorar la calidad de vida de los mayores, como el servicio de ayuda a domicilio o el servicio de teleasistencia. De ah\u00ed que queramos continuar avanzado con la apertura de este Centro de D\u00eda\u201d, ha recalcado Casta\u00f1eda.<\/p>\n<p>Pliego de condiciones<\/p>\n<p>El pliego de condiciones establece que el personal del Centro de D\u00eda estar\u00e1 formado por un fisioterapeuta, que realizar\u00e1 tambi\u00e9n funciones directivas, un psic\u00f3logo, cuatro auxiliares de ayuda a domicilio y un auxiliar administrativo.<\/p>\n<p>Para valorar las ofertas presentadas al concurso, se tendr\u00e1 en cuenta tanto el canon ofertado como el proyecto t\u00e9cnico del servicio y los programas complementarios. La concesionaria asumir\u00e1 los gastos generales, financieros, ben\u00e9ficos, seguros, transportes y desplazamientos, honorarios y retribuciones del personal a su cargo, materiales necesarios, tasas y toda clase de tributos, as\u00ed como los costes de luz, agua, basura y alcantarillado y calefacci\u00f3n.<\/p>\n<p>Cuando se resuelva el contrato, la empresa adjudicataria tendr\u00e1 que completar la tramitaci\u00f3n con el Gobierno de Cantabria para obtener el permiso de actividad, y una vez finalizado este proceso, se proceder\u00e1 a la apertura del Centro.<\/p>\n","protected":false},"excerpt":{"rendered":"<p>Incera afirma que \u201ces un paso decisivo para la apertura del Centro que puede darse ahora gracias a que existe un compromiso firme del actual Gobierno para concertar plazas\u201d Colindres, 25 de septiembre. El Ayuntamiento de Colindres ha sacado a licitaci\u00f3n mediante concurso p\u00fablico la gesti\u00f3n del Centro de D\u00eda de Mayores municipal por un [&hellip;]<\/p>\n","protected":false},"author":1,"featured_media":962,"comment_status":"open","ping_status":"closed","template":"","meta":{"_et_pb_use_builder":"","_et_pb_old_content":"","_et_gb_content_width":"","footnotes":""},"project_category":[],"project_tag":[],"class_list":["post-961","project","type-project","status-publish","has-post-thumbnail","hentry"],"yoast_head":"<!-- This site is optimized with the Yoast SEO plugin v24.9 - https:\/\/yoast.com\/wordpress\/plugins\/seo\/ -->\n<title>El Ayuntamiento de Colindres saca a concurso la gesti\u00f3n del Centro de D\u00eda de Mayores - Ayuntamiento de Colindres<\/title>\n<meta name=\"robots\" content=\"index, follow, max-snippet:-1, max-image-preview:large, max-video-preview:-1\" \/>\n<link rel=\"canonical\" href=\"https:\/\/www.colindres.es\/index.php\/project\/el-ayuntamiento-de-colindres-saca-a-concurso-la-gestion-del-centro-de-dia-de-mayores\/\" \/>\n<meta property=\"og:locale\" content=\"es_ES\" \/>\n<meta property=\"og:type\" content=\"article\" \/>\n<meta property=\"og:title\" content=\"El Ayuntamiento de Colindres saca a concurso la gesti\u00f3n del Centro de D\u00eda de Mayores - Ayuntamiento de Colindres\" \/>\n<meta property=\"og:description\" content=\"Incera afirma que \u201ces un paso decisivo para la apertura del Centro que puede darse ahora gracias a que existe un compromiso firme del actual Gobierno para concertar plazas\u201d Colindres, 25 de septiembre. El Ayuntamiento de Colindres ha sacado a licitaci\u00f3n mediante concurso p\u00fablico la gesti\u00f3n del Centro de D\u00eda de Mayores municipal por un [&hellip;]\" \/>\n<meta property=\"og:url\" content=\"https:\/\/www.colindres.es\/index.php\/project\/el-ayuntamiento-de-colindres-saca-a-concurso-la-gestion-del-centro-de-dia-de-mayores\/\" \/>\n<meta property=\"og:site_name\" content=\"Ayuntamiento de Colindres\" \/>\n<meta property=\"og:image\" content=\"https:\/\/www.colindres.es\/wp-content\/uploads\/2017\/09\/file.jpeg\" \/>\n\t<meta property=\"og:image:width\" content=\"2000\" \/>\n\t<meta property=\"og:image:height\" content=\"1584\" \/>\n\t<meta property=\"og:image:type\" content=\"image\/jpeg\" \/>\n<meta name=\"twitter:card\" content=\"summary_large_image\" \/>\n<meta name=\"twitter:label1\" content=\"Tiempo de lectura\" \/>\n\t<meta name=\"twitter:data1\" content=\"3 minutos\" \/>\n<script type=\"application\/ld+json\" class=\"yoast-schema-graph\">{\"@context\":\"https:\/\/schema.org\",\"@graph\":[{\"@type\":\"WebPage\",\"@id\":\"https:\/\/www.colindres.es\/index.php\/project\/el-ayuntamiento-de-colindres-saca-a-concurso-la-gestion-del-centro-de-dia-de-mayores\/\",\"url\":\"https:\/\/www.colindres.es\/index.php\/project\/el-ayuntamiento-de-colindres-saca-a-concurso-la-gestion-del-centro-de-dia-de-mayores\/\",\"name\":\"El Ayuntamiento de Colindres saca a concurso la gesti\u00f3n del Centro de D\u00eda de Mayores - Ayuntamiento de Colindres\",\"isPartOf\":{\"@id\":\"https:\/\/www.colindres.es\/#website\"},\"primaryImageOfPage\":{\"@id\":\"https:\/\/www.colindres.es\/index.php\/project\/el-ayuntamiento-de-colindres-saca-a-concurso-la-gestion-del-centro-de-dia-de-mayores\/#primaryimage\"},\"image\":{\"@id\":\"https:\/\/www.colindres.es\/index.php\/project\/el-ayuntamiento-de-colindres-saca-a-concurso-la-gestion-del-centro-de-dia-de-mayores\/#primaryimage\"},\"thumbnailUrl\":\"https:\/\/www.colindres.es\/wp-content\/uploads\/2017\/09\/file.jpeg\",\"datePublished\":\"2017-09-29T11:09:19+00:00\",\"breadcrumb\":{\"@id\":\"https:\/\/www.colindres.es\/index.php\/project\/el-ayuntamiento-de-colindres-saca-a-concurso-la-gestion-del-centro-de-dia-de-mayores\/#breadcrumb\"},\"inLanguage\":\"es\",\"potentialAction\":[{\"@type\":\"ReadAction\",\"target\":[\"https:\/\/www.colindres.es\/index.php\/project\/el-ayuntamiento-de-colindres-saca-a-concurso-la-gestion-del-centro-de-dia-de-mayores\/\"]}]},{\"@type\":\"ImageObject\",\"inLanguage\":\"es\",\"@id\":\"https:\/\/www.colindres.es\/index.php\/project\/el-ayuntamiento-de-colindres-saca-a-concurso-la-gestion-del-centro-de-dia-de-mayores\/#primaryimage\",\"url\":\"https:\/\/www.colindres.es\/wp-content\/uploads\/2017\/09\/file.jpeg\",\"contentUrl\":\"https:\/\/www.colindres.es\/wp-content\/uploads\/2017\/09\/file.jpeg\",\"width\":2000,\"height\":1584},{\"@type\":\"BreadcrumbList\",\"@id\":\"https:\/\/www.colindres.es\/index.php\/project\/el-ayuntamiento-de-colindres-saca-a-concurso-la-gestion-del-centro-de-dia-de-mayores\/#breadcrumb\",\"itemListElement\":[{\"@type\":\"ListItem\",\"position\":1,\"name\":\"Portada\",\"item\":\"https:\/\/www.colindres.es\/\"},{\"@type\":\"ListItem\",\"position\":2,\"name\":\"Proyectos\",\"item\":\"https:\/\/www.colindres.es\/index.php\/project\/\"},{\"@type\":\"ListItem\",\"position\":3,\"name\":\"El Ayuntamiento de Colindres saca a concurso la gesti\u00f3n del Centro de D\u00eda de Mayores\"}]},{\"@type\":\"WebSite\",\"@id\":\"https:\/\/www.colindres.es\/#website\",\"url\":\"https:\/\/www.colindres.es\/\",\"name\":\"Ayuntamiento de Colindres\",\"description\":\"Dise\u00f1ado por NTIC&#039;s\",\"publisher\":{\"@id\":\"https:\/\/www.colindres.es\/#organization\"},\"potentialAction\":[{\"@type\":\"SearchAction\",\"target\":{\"@type\":\"EntryPoint\",\"urlTemplate\":\"https:\/\/www.colindres.es\/?s={search_term_string}\"},\"query-input\":{\"@type\":\"PropertyValueSpecification\",\"valueRequired\":true,\"valueName\":\"search_term_string\"}}],\"inLanguage\":\"es\"},{\"@type\":\"Organization\",\"@id\":\"https:\/\/www.colindres.es\/#organization\",\"name\":\"AYUNTAMIENTO DE COLINDRES\",\"url\":\"https:\/\/www.colindres.es\/\",\"logo\":{\"@type\":\"ImageObject\",\"inLanguage\":\"es\",\"@id\":\"https:\/\/www.colindres.es\/#\/schema\/logo\/image\/\",\"url\":\"https:\/\/www.colindres.es\/wp-content\/uploads\/2017\/01\/LOGO-PRINCIPAL.jpg\",\"contentUrl\":\"https:\/\/www.colindres.es\/wp-content\/uploads\/2017\/01\/LOGO-PRINCIPAL.jpg\",\"width\":1209,\"height\":579,\"caption\":\"AYUNTAMIENTO DE COLINDRES\"},\"image\":{\"@id\":\"https:\/\/www.colindres.es\/#\/schema\/logo\/image\/\"}}]}<\/script>\n<!-- \/ Yoast SEO plugin. -->","yoast_head_json":{"title":"El Ayuntamiento de Colindres saca a concurso la gesti\u00f3n del Centro de D\u00eda de Mayores - Ayuntamiento de Colindres","robots":{"index":"index","follow":"follow","max-snippet":"max-snippet:-1","max-image-preview":"max-image-preview:large","max-video-preview":"max-video-preview:-1"},"canonical":"https:\/\/www.colindres.es\/index.php\/project\/el-ayuntamiento-de-colindres-saca-a-concurso-la-gestion-del-centro-de-dia-de-mayores\/","og_locale":"es_ES","og_type":"article","og_title":"El Ayuntamiento de Colindres saca a concurso la gesti\u00f3n del Centro de D\u00eda de Mayores - Ayuntamiento de Colindres","og_description":"Incera afirma que \u201ces un paso decisivo para la apertura del Centro que puede darse ahora gracias a que existe un compromiso firme del actual Gobierno para concertar plazas\u201d Colindres, 25 de septiembre. El Ayuntamiento de Colindres ha sacado a licitaci\u00f3n mediante concurso p\u00fablico la gesti\u00f3n del Centro de D\u00eda de Mayores municipal por un [&hellip;]","og_url":"https:\/\/www.colindres.es\/index.php\/project\/el-ayuntamiento-de-colindres-saca-a-concurso-la-gestion-del-centro-de-dia-de-mayores\/","og_site_name":"Ayuntamiento de Colindres","og_image":[{"width":2000,"height":1584,"url":"https:\/\/www.colindres.es\/wp-content\/uploads\/2017\/09\/file.jpeg","type":"image\/jpeg"}],"twitter_card":"summary_large_image","twitter_misc":{"Tiempo de lectura":"3 minutos"},"schema":{"@context":"https:\/\/schema.org","@graph":[{"@type":"WebPage","@id":"https:\/\/www.colindres.es\/index.php\/project\/el-ayuntamiento-de-colindres-saca-a-concurso-la-gestion-del-centro-de-dia-de-mayores\/","url":"https:\/\/www.colindres.es\/index.php\/project\/el-ayuntamiento-de-colindres-saca-a-concurso-la-gestion-del-centro-de-dia-de-mayores\/","name":"El Ayuntamiento de Colindres saca a concurso la gesti\u00f3n del Centro de D\u00eda de Mayores - Ayuntamiento de Colindres","isPartOf":{"@id":"https:\/\/www.colindres.es\/#website"},"primaryImageOfPage":{"@id":"https:\/\/www.colindres.es\/index.php\/project\/el-ayuntamiento-de-colindres-saca-a-concurso-la-gestion-del-centro-de-dia-de-mayores\/#primaryimage"},"image":{"@id":"https:\/\/www.colindres.es\/index.php\/project\/el-ayuntamiento-de-colindres-saca-a-concurso-la-gestion-del-centro-de-dia-de-mayores\/#primaryimage"},"thumbnailUrl":"https:\/\/www.colindres.es\/wp-content\/uploads\/2017\/09\/file.jpeg","datePublished":"2017-09-29T11:09:19+00:00","breadcrumb":{"@id":"https:\/\/www.colindres.es\/index.php\/project\/el-ayuntamiento-de-colindres-saca-a-concurso-la-gestion-del-centro-de-dia-de-mayores\/#breadcrumb"},"inLanguage":"es","potentialAction":[{"@type":"ReadAction","target":["https:\/\/www.colindres.es\/index.php\/project\/el-ayuntamiento-de-colindres-saca-a-concurso-la-gestion-del-centro-de-dia-de-mayores\/"]}]},{"@type":"ImageObject","inLanguage":"es","@id":"https:\/\/www.colindres.es\/index.php\/project\/el-ayuntamiento-de-colindres-saca-a-concurso-la-gestion-del-centro-de-dia-de-mayores\/#primaryimage","url":"https:\/\/www.colindres.es\/wp-content\/uploads\/2017\/09\/file.jpeg","contentUrl":"https:\/\/www.colindres.es\/wp-content\/uploads\/2017\/09\/file.jpeg","width":2000,"height":1584},{"@type":"BreadcrumbList","@id":"https:\/\/www.colindres.es\/index.php\/project\/el-ayuntamiento-de-colindres-saca-a-concurso-la-gestion-del-centro-de-dia-de-mayores\/#breadcrumb","itemListElement":[{"@type":"ListItem","position":1,"name":"Portada","item":"https:\/\/www.colindres.es\/"},{"@type":"ListItem","position":2,"name":"Proyectos","item":"https:\/\/www.colindres.es\/index.php\/project\/"},{"@type":"ListItem","position":3,"name":"El Ayuntamiento de Colindres saca a concurso la gesti\u00f3n del Centro de D\u00eda de Mayores"}]},{"@type":"WebSite","@id":"https:\/\/www.colindres.es\/#website","url":"https:\/\/www.colindres.es\/","name":"Ayuntamiento de Colindres","description":"Dise\u00f1ado por NTIC&#039;s","publisher":{"@id":"https:\/\/www.colindres.es\/#organization"},"potentialAction":[{"@type":"SearchAction","target":{"@type":"EntryPoint","urlTemplate":"https:\/\/www.colindres.es\/?s={search_term_string}"},"query-input":{"@type":"PropertyValueSpecification","valueRequired":true,"valueName":"search_term_string"}}],"inLanguage":"es"},{"@type":"Organization","@id":"https:\/\/www.colindres.es\/#organization","name":"AYUNTAMIENTO DE COLINDRES","url":"https:\/\/www.colindres.es\/","logo":{"@type":"ImageObject","inLanguage":"es","@id":"https:\/\/www.colindres.es\/#\/schema\/logo\/image\/","url":"https:\/\/www.colindres.es\/wp-content\/uploads\/2017\/01\/LOGO-PRINCIPAL.jpg","contentUrl":"https:\/\/www.colindres.es\/wp-content\/uploads\/2017\/01\/LOGO-PRINCIPAL.jpg","width":1209,"height":579,"caption":"AYUNTAMIENTO DE COLINDRES"},"image":{"@id":"https:\/\/www.colindres.es\/#\/schema\/logo\/image\/"}}]}},"_links":{"self":[{"href":"https:\/\/www.colindres.es\/index.php\/wp-json\/wp\/v2\/project\/961","targetHints":{"allow":["GET"]}}],"collection":[{"href":"https:\/\/www.colindres.es\/index.php\/wp-json\/wp\/v2\/project"}],"about":[{"href":"https:\/\/www.colindres.es\/index.php\/wp-json\/wp\/v2\/types\/project"}],"author":[{"embeddable":true,"href":"https:\/\/www.colindres.es\/index.php\/wp-json\/wp\/v2\/users\/1"}],"replies":[{"embeddable":true,"href":"https:\/\/www.colindres.es\/index.php\/wp-json\/wp\/v2\/comments?post=961"}],"version-history":[{"count":1,"href":"https:\/\/www.colindres.es\/index.php\/wp-json\/wp\/v2\/project\/961\/revisions"}],"predecessor-version":[{"id":963,"href":"https:\/\/www.colindres.es\/index.php\/wp-json\/wp\/v2\/project\/961\/revisions\/963"}],"wp:featuredmedia":[{"embeddable":true,"href":"https:\/\/www.colindres.es\/index.php\/wp-json\/wp\/v2\/media\/962"}],"wp:attachment":[{"href":"https:\/\/www.colindres.es\/index.php\/wp-json\/wp\/v2\/media?parent=961"}],"wp:term":[{"taxonomy":"project_category","embeddable":true,"href":"https:\/\/www.colindres.es\/index.php\/wp-json\/wp\/v2\/project_category?post=961"},{"taxonomy":"project_tag","embeddable":true,"href":"https:\/\/www.colindres.es\/index.php\/wp-json\/wp\/v2\/project_tag?post=961"}],"curies":[{"name":"wp","href":"https:\/\/api.w.org\/{rel}","templated":true}]}}