{"id":958,"date":"2017-09-25T12:01:55","date_gmt":"2017-09-25T12:01:55","guid":{"rendered":"http:\/\/colindres.es\/?post_type=project&#038;p=958"},"modified":"2017-09-25T12:01:55","modified_gmt":"2017-09-25T12:01:55","slug":"colindres-acoge-este-sabado-el-campeonato-de-espana-de-pesca-submarina","status":"publish","type":"project","link":"https:\/\/www.colindres.es\/index.php\/project\/colindres-acoge-este-sabado-el-campeonato-de-espana-de-pesca-submarina\/","title":{"rendered":"Colindres acoge este s\u00e1bado el Campeonato de Espa\u00f1a de Pesca Submarina"},"content":{"rendered":"<p>154 deportistas procedentes de toda la geograf\u00eda nacional disputar\u00e1n las pruebas por equipos, sub 23,\u00a0 femenino y veteranos<\/p>\n<p>Colindres, 22 de septiembre. Colindres acoger\u00e1 este s\u00e1bado el trig\u00e9simo sexto Campeonato de Espa\u00f1a de Pesca Submarina por clubes y autonom\u00edas, en el que participar\u00e1n 154 deportistas procedentes de toda la geograf\u00eda nacional. La prueba est\u00e1 organizada por el Club Blue Colindres y la Federaci\u00f3n C\u00e1ntabra de Actividades Subacu\u00e1ticas y cuenta con la colaboraci\u00f3n de la Concejal\u00eda de Deportes del Ayuntamiento.<\/p>\n<p>El alcalde, Javier Incera, ha presidido este viernes el acto de presentaci\u00f3n del Campeona, en el que se dar\u00e1n cita 39 equipos, cada uno de ellos formado por tres miembros. Adem\u00e1s, tambi\u00e9n competir\u00e1n 19 deportistas en la categor\u00eda sub 23, 14 en la de veteranos y cuatro en la femenina. La salida neutralizada tendr\u00e1 lugar a las 8 de la ma\u00f1ana en la d\u00e1rsena del puente de Treto.<\/p>\n<p>La competici\u00f3n durar\u00e1 seis horas en la categor\u00eda de absolutos y discurrir\u00e1 desde el t\u00fanel de Laredo hasta Saltacaballos, quedando exenta el \u00e1rea de reserva. El resto de modalidades competir\u00e1n en la zona de Tregand\u00edn, en Noja, y el tiempo de la prueba es de cuatro horas. En todos los casos existe un l\u00edmite de especies que se pueden capturar.<\/p>\n<p>En torno a las 15.00 horas est\u00e1 previsto que los deportistas regresen a Colindres y a partir de las 17.30 horas se llevar\u00e1 a cabo el pesaje de los pescados en la Plaza de Telef\u00f3nica. El acto de entrega de premios tendr\u00e1 lugar en el Pabell\u00f3n 2 del municipio, donde se reunir\u00e1n todos los participantes.<\/p>\n<p>La concejala de Deportes del Ayuntamiento de Colindres, Saray Villal\u00f3n, ha se\u00f1alado que es una \u201cbuena oportunidad\u201d para que los vecinos, \u201ctan vinculados a la mar\u201d, puedan conocer m\u00e1s sobre este deporte acu\u00e1tico y les ha animado a darse cita en la Plaza Telef\u00f3nica para presenciar el pesaje y \u201ccuriosear\u201d.<\/p>\n<p>Tambi\u00e9n ha resaltado que los m\u00e1s de 150 deportistas que visitar\u00e1n el municipio durante el fin de semana dinamizar\u00e1n la villa.<\/p>\n<p>Por su parte, el presidente Club Blue de Colindres, Alberto Collera, ha destacado el inter\u00e9s que ha despertado a nivel nacional la prueba. De hecho, seg\u00fan ha manifestado, la Federaci\u00f3n ha tenido que aumentar el n\u00famero m\u00e1ximo permitido de equipos de 32 a 39, \u201cel m\u00e1s alto celebrado hasta la fecha\u201d. Igualmente, ha resaltado el \u201cnivel alt\u00edsimo\u201d de los participantes inscritos, entre los que se encuentran varios integrantes de la selecci\u00f3n espa\u00f1ola, as\u00ed como el subcampe\u00f3n del mundo Antonio Linares.<\/p>\n","protected":false},"excerpt":{"rendered":"<p>154 deportistas procedentes de toda la geograf\u00eda nacional disputar\u00e1n las pruebas por equipos, sub 23,\u00a0 femenino y veteranos Colindres, 22 de septiembre. Colindres acoger\u00e1 este s\u00e1bado el trig\u00e9simo sexto Campeonato de Espa\u00f1a de Pesca Submarina por clubes y autonom\u00edas, en el que participar\u00e1n 154 deportistas procedentes de toda la geograf\u00eda nacional. La prueba est\u00e1 organizada [&hellip;]<\/p>\n","protected":false},"author":1,"featured_media":959,"comment_status":"open","ping_status":"closed","template":"","meta":{"_et_pb_use_builder":"","_et_pb_old_content":"","_et_gb_content_width":"","footnotes":""},"project_category":[],"project_tag":[],"class_list":["post-958","project","type-project","status-publish","has-post-thumbnail","hentry"],"yoast_head":"<!-- This site is optimized with the Yoast SEO plugin v24.9 - https:\/\/yoast.com\/wordpress\/plugins\/seo\/ -->\n<title>Colindres acoge este s\u00e1bado el Campeonato de Espa\u00f1a de Pesca Submarina - Ayuntamiento de Colindres<\/title>\n<meta name=\"robots\" content=\"index, follow, max-snippet:-1, max-image-preview:large, max-video-preview:-1\" \/>\n<link rel=\"canonical\" href=\"https:\/\/www.colindres.es\/index.php\/project\/colindres-acoge-este-sabado-el-campeonato-de-espana-de-pesca-submarina\/\" \/>\n<meta property=\"og:locale\" content=\"es_ES\" \/>\n<meta property=\"og:type\" content=\"article\" \/>\n<meta property=\"og:title\" content=\"Colindres acoge este s\u00e1bado el Campeonato de Espa\u00f1a de Pesca Submarina - Ayuntamiento de Colindres\" \/>\n<meta property=\"og:description\" content=\"154 deportistas procedentes de toda la geograf\u00eda nacional disputar\u00e1n las pruebas por equipos, sub 23,\u00a0 femenino y veteranos Colindres, 22 de septiembre. Colindres acoger\u00e1 este s\u00e1bado el trig\u00e9simo sexto Campeonato de Espa\u00f1a de Pesca Submarina por clubes y autonom\u00edas, en el que participar\u00e1n 154 deportistas procedentes de toda la geograf\u00eda nacional. La prueba est\u00e1 organizada [&hellip;]\" \/>\n<meta property=\"og:url\" content=\"https:\/\/www.colindres.es\/index.php\/project\/colindres-acoge-este-sabado-el-campeonato-de-espana-de-pesca-submarina\/\" \/>\n<meta property=\"og:site_name\" content=\"Ayuntamiento de Colindres\" \/>\n<meta property=\"og:image\" content=\"https:\/\/www.colindres.es\/wp-content\/uploads\/2017\/09\/MASTER-SUBMARINISMO.jpg\" \/>\n\t<meta property=\"og:image:width\" content=\"2000\" \/>\n\t<meta property=\"og:image:height\" content=\"692\" \/>\n\t<meta property=\"og:image:type\" content=\"image\/jpeg\" \/>\n<meta name=\"twitter:card\" content=\"summary_large_image\" \/>\n<meta name=\"twitter:label1\" content=\"Tiempo de lectura\" \/>\n\t<meta name=\"twitter:data1\" content=\"2 minutos\" \/>\n<script type=\"application\/ld+json\" class=\"yoast-schema-graph\">{\"@context\":\"https:\/\/schema.org\",\"@graph\":[{\"@type\":\"WebPage\",\"@id\":\"https:\/\/www.colindres.es\/index.php\/project\/colindres-acoge-este-sabado-el-campeonato-de-espana-de-pesca-submarina\/\",\"url\":\"https:\/\/www.colindres.es\/index.php\/project\/colindres-acoge-este-sabado-el-campeonato-de-espana-de-pesca-submarina\/\",\"name\":\"Colindres acoge este s\u00e1bado el Campeonato de Espa\u00f1a de Pesca Submarina - Ayuntamiento de Colindres\",\"isPartOf\":{\"@id\":\"https:\/\/www.colindres.es\/#website\"},\"primaryImageOfPage\":{\"@id\":\"https:\/\/www.colindres.es\/index.php\/project\/colindres-acoge-este-sabado-el-campeonato-de-espana-de-pesca-submarina\/#primaryimage\"},\"image\":{\"@id\":\"https:\/\/www.colindres.es\/index.php\/project\/colindres-acoge-este-sabado-el-campeonato-de-espana-de-pesca-submarina\/#primaryimage\"},\"thumbnailUrl\":\"https:\/\/www.colindres.es\/wp-content\/uploads\/2017\/09\/MASTER-SUBMARINISMO.jpg\",\"datePublished\":\"2017-09-25T12:01:55+00:00\",\"breadcrumb\":{\"@id\":\"https:\/\/www.colindres.es\/index.php\/project\/colindres-acoge-este-sabado-el-campeonato-de-espana-de-pesca-submarina\/#breadcrumb\"},\"inLanguage\":\"es\",\"potentialAction\":[{\"@type\":\"ReadAction\",\"target\":[\"https:\/\/www.colindres.es\/index.php\/project\/colindres-acoge-este-sabado-el-campeonato-de-espana-de-pesca-submarina\/\"]}]},{\"@type\":\"ImageObject\",\"inLanguage\":\"es\",\"@id\":\"https:\/\/www.colindres.es\/index.php\/project\/colindres-acoge-este-sabado-el-campeonato-de-espana-de-pesca-submarina\/#primaryimage\",\"url\":\"https:\/\/www.colindres.es\/wp-content\/uploads\/2017\/09\/MASTER-SUBMARINISMO.jpg\",\"contentUrl\":\"https:\/\/www.colindres.es\/wp-content\/uploads\/2017\/09\/MASTER-SUBMARINISMO.jpg\",\"width\":2000,\"height\":692},{\"@type\":\"BreadcrumbList\",\"@id\":\"https:\/\/www.colindres.es\/index.php\/project\/colindres-acoge-este-sabado-el-campeonato-de-espana-de-pesca-submarina\/#breadcrumb\",\"itemListElement\":[{\"@type\":\"ListItem\",\"position\":1,\"name\":\"Portada\",\"item\":\"https:\/\/www.colindres.es\/\"},{\"@type\":\"ListItem\",\"position\":2,\"name\":\"Proyectos\",\"item\":\"https:\/\/www.colindres.es\/index.php\/project\/\"},{\"@type\":\"ListItem\",\"position\":3,\"name\":\"Colindres acoge este s\u00e1bado el Campeonato de Espa\u00f1a de Pesca Submarina\"}]},{\"@type\":\"WebSite\",\"@id\":\"https:\/\/www.colindres.es\/#website\",\"url\":\"https:\/\/www.colindres.es\/\",\"name\":\"Ayuntamiento de Colindres\",\"description\":\"Dise\u00f1ado por NTIC&#039;s\",\"publisher\":{\"@id\":\"https:\/\/www.colindres.es\/#organization\"},\"potentialAction\":[{\"@type\":\"SearchAction\",\"target\":{\"@type\":\"EntryPoint\",\"urlTemplate\":\"https:\/\/www.colindres.es\/?s={search_term_string}\"},\"query-input\":{\"@type\":\"PropertyValueSpecification\",\"valueRequired\":true,\"valueName\":\"search_term_string\"}}],\"inLanguage\":\"es\"},{\"@type\":\"Organization\",\"@id\":\"https:\/\/www.colindres.es\/#organization\",\"name\":\"AYUNTAMIENTO DE COLINDRES\",\"url\":\"https:\/\/www.colindres.es\/\",\"logo\":{\"@type\":\"ImageObject\",\"inLanguage\":\"es\",\"@id\":\"https:\/\/www.colindres.es\/#\/schema\/logo\/image\/\",\"url\":\"https:\/\/www.colindres.es\/wp-content\/uploads\/2017\/01\/LOGO-PRINCIPAL.jpg\",\"contentUrl\":\"https:\/\/www.colindres.es\/wp-content\/uploads\/2017\/01\/LOGO-PRINCIPAL.jpg\",\"width\":1209,\"height\":579,\"caption\":\"AYUNTAMIENTO DE COLINDRES\"},\"image\":{\"@id\":\"https:\/\/www.colindres.es\/#\/schema\/logo\/image\/\"}}]}<\/script>\n<!-- \/ Yoast SEO plugin. -->","yoast_head_json":{"title":"Colindres acoge este s\u00e1bado el Campeonato de Espa\u00f1a de Pesca Submarina - Ayuntamiento de Colindres","robots":{"index":"index","follow":"follow","max-snippet":"max-snippet:-1","max-image-preview":"max-image-preview:large","max-video-preview":"max-video-preview:-1"},"canonical":"https:\/\/www.colindres.es\/index.php\/project\/colindres-acoge-este-sabado-el-campeonato-de-espana-de-pesca-submarina\/","og_locale":"es_ES","og_type":"article","og_title":"Colindres acoge este s\u00e1bado el Campeonato de Espa\u00f1a de Pesca Submarina - Ayuntamiento de Colindres","og_description":"154 deportistas procedentes de toda la geograf\u00eda nacional disputar\u00e1n las pruebas por equipos, sub 23,\u00a0 femenino y veteranos Colindres, 22 de septiembre. Colindres acoger\u00e1 este s\u00e1bado el trig\u00e9simo sexto Campeonato de Espa\u00f1a de Pesca Submarina por clubes y autonom\u00edas, en el que participar\u00e1n 154 deportistas procedentes de toda la geograf\u00eda nacional. La prueba est\u00e1 organizada [&hellip;]","og_url":"https:\/\/www.colindres.es\/index.php\/project\/colindres-acoge-este-sabado-el-campeonato-de-espana-de-pesca-submarina\/","og_site_name":"Ayuntamiento de Colindres","og_image":[{"width":2000,"height":692,"url":"https:\/\/www.colindres.es\/wp-content\/uploads\/2017\/09\/MASTER-SUBMARINISMO.jpg","type":"image\/jpeg"}],"twitter_card":"summary_large_image","twitter_misc":{"Tiempo de lectura":"2 minutos"},"schema":{"@context":"https:\/\/schema.org","@graph":[{"@type":"WebPage","@id":"https:\/\/www.colindres.es\/index.php\/project\/colindres-acoge-este-sabado-el-campeonato-de-espana-de-pesca-submarina\/","url":"https:\/\/www.colindres.es\/index.php\/project\/colindres-acoge-este-sabado-el-campeonato-de-espana-de-pesca-submarina\/","name":"Colindres acoge este s\u00e1bado el Campeonato de Espa\u00f1a de Pesca Submarina - Ayuntamiento de Colindres","isPartOf":{"@id":"https:\/\/www.colindres.es\/#website"},"primaryImageOfPage":{"@id":"https:\/\/www.colindres.es\/index.php\/project\/colindres-acoge-este-sabado-el-campeonato-de-espana-de-pesca-submarina\/#primaryimage"},"image":{"@id":"https:\/\/www.colindres.es\/index.php\/project\/colindres-acoge-este-sabado-el-campeonato-de-espana-de-pesca-submarina\/#primaryimage"},"thumbnailUrl":"https:\/\/www.colindres.es\/wp-content\/uploads\/2017\/09\/MASTER-SUBMARINISMO.jpg","datePublished":"2017-09-25T12:01:55+00:00","breadcrumb":{"@id":"https:\/\/www.colindres.es\/index.php\/project\/colindres-acoge-este-sabado-el-campeonato-de-espana-de-pesca-submarina\/#breadcrumb"},"inLanguage":"es","potentialAction":[{"@type":"ReadAction","target":["https:\/\/www.colindres.es\/index.php\/project\/colindres-acoge-este-sabado-el-campeonato-de-espana-de-pesca-submarina\/"]}]},{"@type":"ImageObject","inLanguage":"es","@id":"https:\/\/www.colindres.es\/index.php\/project\/colindres-acoge-este-sabado-el-campeonato-de-espana-de-pesca-submarina\/#primaryimage","url":"https:\/\/www.colindres.es\/wp-content\/uploads\/2017\/09\/MASTER-SUBMARINISMO.jpg","contentUrl":"https:\/\/www.colindres.es\/wp-content\/uploads\/2017\/09\/MASTER-SUBMARINISMO.jpg","width":2000,"height":692},{"@type":"BreadcrumbList","@id":"https:\/\/www.colindres.es\/index.php\/project\/colindres-acoge-este-sabado-el-campeonato-de-espana-de-pesca-submarina\/#breadcrumb","itemListElement":[{"@type":"ListItem","position":1,"name":"Portada","item":"https:\/\/www.colindres.es\/"},{"@type":"ListItem","position":2,"name":"Proyectos","item":"https:\/\/www.colindres.es\/index.php\/project\/"},{"@type":"ListItem","position":3,"name":"Colindres acoge este s\u00e1bado el Campeonato de Espa\u00f1a de Pesca Submarina"}]},{"@type":"WebSite","@id":"https:\/\/www.colindres.es\/#website","url":"https:\/\/www.colindres.es\/","name":"Ayuntamiento de Colindres","description":"Dise\u00f1ado por NTIC&#039;s","publisher":{"@id":"https:\/\/www.colindres.es\/#organization"},"potentialAction":[{"@type":"SearchAction","target":{"@type":"EntryPoint","urlTemplate":"https:\/\/www.colindres.es\/?s={search_term_string}"},"query-input":{"@type":"PropertyValueSpecification","valueRequired":true,"valueName":"search_term_string"}}],"inLanguage":"es"},{"@type":"Organization","@id":"https:\/\/www.colindres.es\/#organization","name":"AYUNTAMIENTO DE COLINDRES","url":"https:\/\/www.colindres.es\/","logo":{"@type":"ImageObject","inLanguage":"es","@id":"https:\/\/www.colindres.es\/#\/schema\/logo\/image\/","url":"https:\/\/www.colindres.es\/wp-content\/uploads\/2017\/01\/LOGO-PRINCIPAL.jpg","contentUrl":"https:\/\/www.colindres.es\/wp-content\/uploads\/2017\/01\/LOGO-PRINCIPAL.jpg","width":1209,"height":579,"caption":"AYUNTAMIENTO DE COLINDRES"},"image":{"@id":"https:\/\/www.colindres.es\/#\/schema\/logo\/image\/"}}]}},"_links":{"self":[{"href":"https:\/\/www.colindres.es\/index.php\/wp-json\/wp\/v2\/project\/958","targetHints":{"allow":["GET"]}}],"collection":[{"href":"https:\/\/www.colindres.es\/index.php\/wp-json\/wp\/v2\/project"}],"about":[{"href":"https:\/\/www.colindres.es\/index.php\/wp-json\/wp\/v2\/types\/project"}],"author":[{"embeddable":true,"href":"https:\/\/www.colindres.es\/index.php\/wp-json\/wp\/v2\/users\/1"}],"replies":[{"embeddable":true,"href":"https:\/\/www.colindres.es\/index.php\/wp-json\/wp\/v2\/comments?post=958"}],"version-history":[{"count":1,"href":"https:\/\/www.colindres.es\/index.php\/wp-json\/wp\/v2\/project\/958\/revisions"}],"predecessor-version":[{"id":960,"href":"https:\/\/www.colindres.es\/index.php\/wp-json\/wp\/v2\/project\/958\/revisions\/960"}],"wp:featuredmedia":[{"embeddable":true,"href":"https:\/\/www.colindres.es\/index.php\/wp-json\/wp\/v2\/media\/959"}],"wp:attachment":[{"href":"https:\/\/www.colindres.es\/index.php\/wp-json\/wp\/v2\/media?parent=958"}],"wp:term":[{"taxonomy":"project_category","embeddable":true,"href":"https:\/\/www.colindres.es\/index.php\/wp-json\/wp\/v2\/project_category?post=958"},{"taxonomy":"project_tag","embeddable":true,"href":"https:\/\/www.colindres.es\/index.php\/wp-json\/wp\/v2\/project_tag?post=958"}],"curies":[{"name":"wp","href":"https:\/\/api.w.org\/{rel}","templated":true}]}}