{"id":944,"date":"2017-09-01T09:32:48","date_gmt":"2017-09-01T09:32:48","guid":{"rendered":"http:\/\/colindres.es\/?post_type=project&#038;p=944"},"modified":"2017-09-01T09:32:48","modified_gmt":"2017-09-01T09:32:48","slug":"la-mancomunidad-de-servicios-sociales-refuerza-su-plantilla-con-31-trabajadores","status":"publish","type":"project","link":"https:\/\/www.colindres.es\/index.php\/project\/la-mancomunidad-de-servicios-sociales-refuerza-su-plantilla-con-31-trabajadores\/","title":{"rendered":"La Mancomunidad de Servicios Sociales refuerza su plantilla con 31 trabajadores"},"content":{"rendered":"<p>La Mancomunidad, que presta atenci\u00f3n a vecinos de cinco municipios, suma el servicio de fisioterapia<\/p>\n<p>Colindres, 24 de Agosto. La Mancomunidad de Servicios Sociales de Ampuero, Colindres, Guriezo, Liendo y Limpias ha reforzado su plantilla con 31 nuevos trabajadores gracias a la Orden de Corporaciones Locales puesta en marcha por la Consejer\u00eda de Econom\u00eda, Hacienda y Empleo del Gobierno de Cantabria.<\/p>\n<p>En total, la Mancomunidad, que presta servicio a cerca de 18.000 vecinos de los cinco ayuntamientos, ha recibido una subvenci\u00f3n de algo m\u00e1s de 310.000 euros que permitir\u00e1 la contrataci\u00f3n de estas personas durante un periodo m\u00e1ximo de seis meses.<\/p>\n<p>En concreto, el Ejecutivo c\u00e1ntabro ha subvencionado tres proyectos de apoyo, dinamizaci\u00f3n y acompa\u00f1amiento en el \u00e1mbito de los servicios sociales que \u201cservir\u00e1n para reforzar la atenci\u00f3n a las personas dependientes\u201d, seg\u00fan ha explicado el presidente de la Mancomunidad y alcalde de Colindres, Javier Incera, en un comunicado.<\/p>\n<p>Como novedad, adem\u00e1s de potenciar los servicios de ayuda a domicilio y de acompa\u00f1amiento, la Mancomunidad ofrecer\u00e1 por primera vez el servicio de fisioterapia. Asimismo, se ampliar\u00e1n las actividades de ocio y envejecimiento activo para las personas mayores.<\/p>\n<p>As\u00ed, se han contratado doce auxiliares de ayuda a domicilio, seis educadores sociales, cuatro monitores de tiempo libre, tres coordinadores auxiliares, dos psic\u00f3logos, dos letrados, un fisioterapeuta y un t\u00e9cnico de integraci\u00f3n social.<\/p>\n<p>Esta treintena de empleados, que se incorporar\u00e1n entre los meses de agosto y septiembre, se suma a los 19 trabajadores con los que cuenta la Mancomunidad de Servicios Sociales durante todo el a\u00f1o.<\/p>\n","protected":false},"excerpt":{"rendered":"<p>La Mancomunidad, que presta atenci\u00f3n a vecinos de cinco municipios, suma el servicio de fisioterapia Colindres, 24 de Agosto. La Mancomunidad de Servicios Sociales de Ampuero, Colindres, Guriezo, Liendo y Limpias ha reforzado su plantilla con 31 nuevos trabajadores gracias a la Orden de Corporaciones Locales puesta en marcha por la Consejer\u00eda de Econom\u00eda, Hacienda [&hellip;]<\/p>\n","protected":false},"author":1,"featured_media":945,"comment_status":"open","ping_status":"closed","template":"","meta":{"_et_pb_use_builder":"","_et_pb_old_content":"","_et_gb_content_width":"","footnotes":""},"project_category":[],"project_tag":[],"class_list":["post-944","project","type-project","status-publish","has-post-thumbnail","hentry"],"yoast_head":"<!-- This site is optimized with the Yoast SEO plugin v24.9 - https:\/\/yoast.com\/wordpress\/plugins\/seo\/ -->\n<title>La Mancomunidad de Servicios Sociales refuerza su plantilla con 31 trabajadores - Ayuntamiento de Colindres<\/title>\n<meta name=\"robots\" content=\"index, follow, max-snippet:-1, max-image-preview:large, max-video-preview:-1\" \/>\n<link rel=\"canonical\" href=\"https:\/\/www.colindres.es\/index.php\/project\/la-mancomunidad-de-servicios-sociales-refuerza-su-plantilla-con-31-trabajadores\/\" \/>\n<meta property=\"og:locale\" content=\"es_ES\" \/>\n<meta property=\"og:type\" content=\"article\" \/>\n<meta property=\"og:title\" content=\"La Mancomunidad de Servicios Sociales refuerza su plantilla con 31 trabajadores - Ayuntamiento de Colindres\" \/>\n<meta property=\"og:description\" content=\"La Mancomunidad, que presta atenci\u00f3n a vecinos de cinco municipios, suma el servicio de fisioterapia Colindres, 24 de Agosto. La Mancomunidad de Servicios Sociales de Ampuero, Colindres, Guriezo, Liendo y Limpias ha reforzado su plantilla con 31 nuevos trabajadores gracias a la Orden de Corporaciones Locales puesta en marcha por la Consejer\u00eda de Econom\u00eda, Hacienda [&hellip;]\" \/>\n<meta property=\"og:url\" content=\"https:\/\/www.colindres.es\/index.php\/project\/la-mancomunidad-de-servicios-sociales-refuerza-su-plantilla-con-31-trabajadores\/\" \/>\n<meta property=\"og:site_name\" content=\"Ayuntamiento de Colindres\" \/>\n<meta property=\"og:image\" content=\"https:\/\/www.colindres.es\/wp-content\/uploads\/2017\/09\/IMG_2086-1024x768.jpg\" \/>\n\t<meta property=\"og:image:width\" content=\"1024\" \/>\n\t<meta property=\"og:image:height\" content=\"768\" \/>\n\t<meta property=\"og:image:type\" content=\"image\/jpeg\" \/>\n<meta name=\"twitter:card\" content=\"summary_large_image\" \/>\n<meta name=\"twitter:label1\" content=\"Tiempo de lectura\" \/>\n\t<meta name=\"twitter:data1\" content=\"1 minuto\" \/>\n<script type=\"application\/ld+json\" class=\"yoast-schema-graph\">{\"@context\":\"https:\/\/schema.org\",\"@graph\":[{\"@type\":\"WebPage\",\"@id\":\"https:\/\/www.colindres.es\/index.php\/project\/la-mancomunidad-de-servicios-sociales-refuerza-su-plantilla-con-31-trabajadores\/\",\"url\":\"https:\/\/www.colindres.es\/index.php\/project\/la-mancomunidad-de-servicios-sociales-refuerza-su-plantilla-con-31-trabajadores\/\",\"name\":\"La Mancomunidad de Servicios Sociales refuerza su plantilla con 31 trabajadores - Ayuntamiento de Colindres\",\"isPartOf\":{\"@id\":\"https:\/\/www.colindres.es\/#website\"},\"primaryImageOfPage\":{\"@id\":\"https:\/\/www.colindres.es\/index.php\/project\/la-mancomunidad-de-servicios-sociales-refuerza-su-plantilla-con-31-trabajadores\/#primaryimage\"},\"image\":{\"@id\":\"https:\/\/www.colindres.es\/index.php\/project\/la-mancomunidad-de-servicios-sociales-refuerza-su-plantilla-con-31-trabajadores\/#primaryimage\"},\"thumbnailUrl\":\"https:\/\/www.colindres.es\/wp-content\/uploads\/2017\/09\/IMG_2086.jpg\",\"datePublished\":\"2017-09-01T09:32:48+00:00\",\"breadcrumb\":{\"@id\":\"https:\/\/www.colindres.es\/index.php\/project\/la-mancomunidad-de-servicios-sociales-refuerza-su-plantilla-con-31-trabajadores\/#breadcrumb\"},\"inLanguage\":\"es\",\"potentialAction\":[{\"@type\":\"ReadAction\",\"target\":[\"https:\/\/www.colindres.es\/index.php\/project\/la-mancomunidad-de-servicios-sociales-refuerza-su-plantilla-con-31-trabajadores\/\"]}]},{\"@type\":\"ImageObject\",\"inLanguage\":\"es\",\"@id\":\"https:\/\/www.colindres.es\/index.php\/project\/la-mancomunidad-de-servicios-sociales-refuerza-su-plantilla-con-31-trabajadores\/#primaryimage\",\"url\":\"https:\/\/www.colindres.es\/wp-content\/uploads\/2017\/09\/IMG_2086.jpg\",\"contentUrl\":\"https:\/\/www.colindres.es\/wp-content\/uploads\/2017\/09\/IMG_2086.jpg\",\"width\":4032,\"height\":3024},{\"@type\":\"BreadcrumbList\",\"@id\":\"https:\/\/www.colindres.es\/index.php\/project\/la-mancomunidad-de-servicios-sociales-refuerza-su-plantilla-con-31-trabajadores\/#breadcrumb\",\"itemListElement\":[{\"@type\":\"ListItem\",\"position\":1,\"name\":\"Portada\",\"item\":\"https:\/\/www.colindres.es\/\"},{\"@type\":\"ListItem\",\"position\":2,\"name\":\"Proyectos\",\"item\":\"https:\/\/www.colindres.es\/index.php\/project\/\"},{\"@type\":\"ListItem\",\"position\":3,\"name\":\"La Mancomunidad de Servicios Sociales refuerza su plantilla con 31 trabajadores\"}]},{\"@type\":\"WebSite\",\"@id\":\"https:\/\/www.colindres.es\/#website\",\"url\":\"https:\/\/www.colindres.es\/\",\"name\":\"Ayuntamiento de Colindres\",\"description\":\"Dise\u00f1ado por NTIC&#039;s\",\"publisher\":{\"@id\":\"https:\/\/www.colindres.es\/#organization\"},\"potentialAction\":[{\"@type\":\"SearchAction\",\"target\":{\"@type\":\"EntryPoint\",\"urlTemplate\":\"https:\/\/www.colindres.es\/?s={search_term_string}\"},\"query-input\":{\"@type\":\"PropertyValueSpecification\",\"valueRequired\":true,\"valueName\":\"search_term_string\"}}],\"inLanguage\":\"es\"},{\"@type\":\"Organization\",\"@id\":\"https:\/\/www.colindres.es\/#organization\",\"name\":\"AYUNTAMIENTO DE COLINDRES\",\"url\":\"https:\/\/www.colindres.es\/\",\"logo\":{\"@type\":\"ImageObject\",\"inLanguage\":\"es\",\"@id\":\"https:\/\/www.colindres.es\/#\/schema\/logo\/image\/\",\"url\":\"https:\/\/www.colindres.es\/wp-content\/uploads\/2017\/01\/LOGO-PRINCIPAL.jpg\",\"contentUrl\":\"https:\/\/www.colindres.es\/wp-content\/uploads\/2017\/01\/LOGO-PRINCIPAL.jpg\",\"width\":1209,\"height\":579,\"caption\":\"AYUNTAMIENTO DE COLINDRES\"},\"image\":{\"@id\":\"https:\/\/www.colindres.es\/#\/schema\/logo\/image\/\"}}]}<\/script>\n<!-- \/ Yoast SEO plugin. -->","yoast_head_json":{"title":"La Mancomunidad de Servicios Sociales refuerza su plantilla con 31 trabajadores - Ayuntamiento de Colindres","robots":{"index":"index","follow":"follow","max-snippet":"max-snippet:-1","max-image-preview":"max-image-preview:large","max-video-preview":"max-video-preview:-1"},"canonical":"https:\/\/www.colindres.es\/index.php\/project\/la-mancomunidad-de-servicios-sociales-refuerza-su-plantilla-con-31-trabajadores\/","og_locale":"es_ES","og_type":"article","og_title":"La Mancomunidad de Servicios Sociales refuerza su plantilla con 31 trabajadores - Ayuntamiento de Colindres","og_description":"La Mancomunidad, que presta atenci\u00f3n a vecinos de cinco municipios, suma el servicio de fisioterapia Colindres, 24 de Agosto. La Mancomunidad de Servicios Sociales de Ampuero, Colindres, Guriezo, Liendo y Limpias ha reforzado su plantilla con 31 nuevos trabajadores gracias a la Orden de Corporaciones Locales puesta en marcha por la Consejer\u00eda de Econom\u00eda, Hacienda [&hellip;]","og_url":"https:\/\/www.colindres.es\/index.php\/project\/la-mancomunidad-de-servicios-sociales-refuerza-su-plantilla-con-31-trabajadores\/","og_site_name":"Ayuntamiento de Colindres","og_image":[{"width":1024,"height":768,"url":"https:\/\/www.colindres.es\/wp-content\/uploads\/2017\/09\/IMG_2086-1024x768.jpg","type":"image\/jpeg"}],"twitter_card":"summary_large_image","twitter_misc":{"Tiempo de lectura":"1 minuto"},"schema":{"@context":"https:\/\/schema.org","@graph":[{"@type":"WebPage","@id":"https:\/\/www.colindres.es\/index.php\/project\/la-mancomunidad-de-servicios-sociales-refuerza-su-plantilla-con-31-trabajadores\/","url":"https:\/\/www.colindres.es\/index.php\/project\/la-mancomunidad-de-servicios-sociales-refuerza-su-plantilla-con-31-trabajadores\/","name":"La Mancomunidad de Servicios Sociales refuerza su plantilla con 31 trabajadores - Ayuntamiento de Colindres","isPartOf":{"@id":"https:\/\/www.colindres.es\/#website"},"primaryImageOfPage":{"@id":"https:\/\/www.colindres.es\/index.php\/project\/la-mancomunidad-de-servicios-sociales-refuerza-su-plantilla-con-31-trabajadores\/#primaryimage"},"image":{"@id":"https:\/\/www.colindres.es\/index.php\/project\/la-mancomunidad-de-servicios-sociales-refuerza-su-plantilla-con-31-trabajadores\/#primaryimage"},"thumbnailUrl":"https:\/\/www.colindres.es\/wp-content\/uploads\/2017\/09\/IMG_2086.jpg","datePublished":"2017-09-01T09:32:48+00:00","breadcrumb":{"@id":"https:\/\/www.colindres.es\/index.php\/project\/la-mancomunidad-de-servicios-sociales-refuerza-su-plantilla-con-31-trabajadores\/#breadcrumb"},"inLanguage":"es","potentialAction":[{"@type":"ReadAction","target":["https:\/\/www.colindres.es\/index.php\/project\/la-mancomunidad-de-servicios-sociales-refuerza-su-plantilla-con-31-trabajadores\/"]}]},{"@type":"ImageObject","inLanguage":"es","@id":"https:\/\/www.colindres.es\/index.php\/project\/la-mancomunidad-de-servicios-sociales-refuerza-su-plantilla-con-31-trabajadores\/#primaryimage","url":"https:\/\/www.colindres.es\/wp-content\/uploads\/2017\/09\/IMG_2086.jpg","contentUrl":"https:\/\/www.colindres.es\/wp-content\/uploads\/2017\/09\/IMG_2086.jpg","width":4032,"height":3024},{"@type":"BreadcrumbList","@id":"https:\/\/www.colindres.es\/index.php\/project\/la-mancomunidad-de-servicios-sociales-refuerza-su-plantilla-con-31-trabajadores\/#breadcrumb","itemListElement":[{"@type":"ListItem","position":1,"name":"Portada","item":"https:\/\/www.colindres.es\/"},{"@type":"ListItem","position":2,"name":"Proyectos","item":"https:\/\/www.colindres.es\/index.php\/project\/"},{"@type":"ListItem","position":3,"name":"La Mancomunidad de Servicios Sociales refuerza su plantilla con 31 trabajadores"}]},{"@type":"WebSite","@id":"https:\/\/www.colindres.es\/#website","url":"https:\/\/www.colindres.es\/","name":"Ayuntamiento de Colindres","description":"Dise\u00f1ado por NTIC&#039;s","publisher":{"@id":"https:\/\/www.colindres.es\/#organization"},"potentialAction":[{"@type":"SearchAction","target":{"@type":"EntryPoint","urlTemplate":"https:\/\/www.colindres.es\/?s={search_term_string}"},"query-input":{"@type":"PropertyValueSpecification","valueRequired":true,"valueName":"search_term_string"}}],"inLanguage":"es"},{"@type":"Organization","@id":"https:\/\/www.colindres.es\/#organization","name":"AYUNTAMIENTO DE COLINDRES","url":"https:\/\/www.colindres.es\/","logo":{"@type":"ImageObject","inLanguage":"es","@id":"https:\/\/www.colindres.es\/#\/schema\/logo\/image\/","url":"https:\/\/www.colindres.es\/wp-content\/uploads\/2017\/01\/LOGO-PRINCIPAL.jpg","contentUrl":"https:\/\/www.colindres.es\/wp-content\/uploads\/2017\/01\/LOGO-PRINCIPAL.jpg","width":1209,"height":579,"caption":"AYUNTAMIENTO DE COLINDRES"},"image":{"@id":"https:\/\/www.colindres.es\/#\/schema\/logo\/image\/"}}]}},"_links":{"self":[{"href":"https:\/\/www.colindres.es\/index.php\/wp-json\/wp\/v2\/project\/944","targetHints":{"allow":["GET"]}}],"collection":[{"href":"https:\/\/www.colindres.es\/index.php\/wp-json\/wp\/v2\/project"}],"about":[{"href":"https:\/\/www.colindres.es\/index.php\/wp-json\/wp\/v2\/types\/project"}],"author":[{"embeddable":true,"href":"https:\/\/www.colindres.es\/index.php\/wp-json\/wp\/v2\/users\/1"}],"replies":[{"embeddable":true,"href":"https:\/\/www.colindres.es\/index.php\/wp-json\/wp\/v2\/comments?post=944"}],"version-history":[{"count":1,"href":"https:\/\/www.colindres.es\/index.php\/wp-json\/wp\/v2\/project\/944\/revisions"}],"predecessor-version":[{"id":946,"href":"https:\/\/www.colindres.es\/index.php\/wp-json\/wp\/v2\/project\/944\/revisions\/946"}],"wp:featuredmedia":[{"embeddable":true,"href":"https:\/\/www.colindres.es\/index.php\/wp-json\/wp\/v2\/media\/945"}],"wp:attachment":[{"href":"https:\/\/www.colindres.es\/index.php\/wp-json\/wp\/v2\/media?parent=944"}],"wp:term":[{"taxonomy":"project_category","embeddable":true,"href":"https:\/\/www.colindres.es\/index.php\/wp-json\/wp\/v2\/project_category?post=944"},{"taxonomy":"project_tag","embeddable":true,"href":"https:\/\/www.colindres.es\/index.php\/wp-json\/wp\/v2\/project_tag?post=944"}],"curies":[{"name":"wp","href":"https:\/\/api.w.org\/{rel}","templated":true}]}}