{"id":929,"date":"2017-08-25T12:14:22","date_gmt":"2017-08-25T12:14:22","guid":{"rendered":"http:\/\/colindres.es\/?post_type=project&#038;p=929"},"modified":"2017-08-25T12:14:22","modified_gmt":"2017-08-25T12:14:22","slug":"mas-de-7-000-personas-vibran-en-colindres-con-m-clan","status":"publish","type":"project","link":"https:\/\/www.colindres.es\/index.php\/project\/mas-de-7-000-personas-vibran-en-colindres-con-m-clan\/","title":{"rendered":"M\u00e1s de 7.000 personas vibran en Colindres con M-Clan"},"content":{"rendered":"<p>El s\u00e1bado y el domingo ser\u00e1 el turno de Marta S\u00e1nchez y Nando Ag\u00fceros<\/p>\n<p>Viernes, 25 de Agosto. M\u00e1s de 7.000 personas disfrutaron anoche del concierto de M-Clan celebrado en Colindres con motivo de las fiestas de San Gin\u00e9s. La banda liderada por Carlos Tarque no defraud\u00f3 y con su potente directo hizo vibrar a un p\u00fablico entregado, que no dej\u00f3 de saltar y corear los temas de los murcianos durante las casi dos horas que dur\u00f3 el concierto.<\/p>\n<p>Adem\u00e1s de presentar su \u00faltimo trabajo, \u2018Delta\u2019, el grupo de rock interpret\u00f3 sus canciones m\u00e1s m\u00edticas, como \u2018Carolina\u2019, tema con el que cerraron una noche para el recuerdo.<\/p>\n<p>El Puerto, donde tuvo lugar el concierto, se llen\u00f3 por completo de vecinos y visitantes, atra\u00eddos por el buen ambiente de las fiestas, la hosteler\u00eda de la villa y la posibilidad de ver a una de las bandas m\u00e1s aclamadas y reconocidas dentro del panorama nacional.<\/p>\n<p>Minutos antes de la actuaci\u00f3n, tuvo lugar un \u2018bailado de agua\u2019, un espect\u00e1culo de luz y sonido que sorprendi\u00f3 a los asistentes, en el que el agua de unas fuentes instaladas para la ocasi\u00f3n emanaba danzando al ritmo de la m\u00fasica, al tiempo que se proyectaban im\u00e1genes de ediciones anteriores de las fiestas.<\/p>\n<p>En se\u00f1al de solidaridad con las v\u00edctimas del doble atentado en Catalu\u00f1a y contra el terrorismo, el \u2018bailado de agua\u2019 comenz\u00f3 con la canci\u00f3n \u2018Barcelona\u2019, de Freddy Mercury, y un r\u00f3tulo en el que se pod\u00eda leer \u2018No tenemos miedo\u2019.<\/p>\n<p>El joven karateka Mart\u00edn Ruiz, medalla de bronce en el campeonato de Europa celebrado en Sof\u00eda y que en octubre disputar\u00e1 los mundiales con la selecci\u00f3n espa\u00f1ola, fue el encargado de lanzar el chupinazo, acompa\u00f1ado por el alcalde de Colindres, Javier Incera, y el presidente de la Cofrad\u00eda de Pescadores, Jos\u00e9 Luis Bustillo.<\/p>\n<p>Marta S\u00e1nchez y Nando Ag\u00fceros<\/p>\n<p>La programaci\u00f3n de las fiestas de San Gin\u00e9s contin\u00faa este viernes con la misa tradicional en honor al patr\u00f3n del municipio, as\u00ed como con actividades para ni\u00f1os, exhibiciones de cetrer\u00eda y trail bici y los conciertos tributo a Rolling Stones y Guns and Roses. La m\u00fasica de la Orquesta Nueva Philadelphia ser\u00e1 la encargada de cerrar la jornada, en la que tambi\u00e9n habr\u00e1 una chocolatada.<\/p>\n<p>Los conciertos de Marta S\u00e1nchez y Nando Ag\u00fceros, ambos gratuitos, se celebrar\u00e1n el s\u00e1bado y domingo, respectivamente, a partir de las 23.00 horas en el Puerto. Durante el fin de semana tendr\u00e1n lugar dos de las actividades m\u00e1s divertidas y caracter\u00edsticas de San Gin\u00e9s: las carreras de artefactos navegables y de botes a un solo remo, en las que las pe\u00f1as pondr\u00e1n a prueba su ingenio y pericia sobre el agua.<\/p>\n<p>Tambi\u00e9n se celebrar\u00e1 una nueva edici\u00f3n del concurso de marmitas y habr\u00e1 una exhibici\u00f3n de la Escuela Municipal de K\u00e1rate, una sardinada y el lanzamiento de fuegos artificiales, que como es tradicional pondr\u00e1n el broche de oro a nueva edici\u00f3n de las fiestas de San Gin\u00e9s.<\/p>\n<p>La autor\u00eda de las im\u00e1genes corresponde a Jos\u00e9 Manuel S\u00e1nchez-El Rey Lagart\u00f3n.<\/p>\n<p><img loading=\"lazy\" decoding=\"async\" class=\"alignnone size-medium wp-image-930\" src=\"http:\/\/colindres.es\/wp-content\/uploads\/2017\/08\/M-Clan_Colindres-300x204.jpg\" alt=\"\" width=\"300\" height=\"204\" srcset=\"https:\/\/www.colindres.es\/wp-content\/uploads\/2017\/08\/M-Clan_Colindres-300x204.jpg 300w, https:\/\/www.colindres.es\/wp-content\/uploads\/2017\/08\/M-Clan_Colindres-768x522.jpg 768w, https:\/\/www.colindres.es\/wp-content\/uploads\/2017\/08\/M-Clan_Colindres-1024x696.jpg 1024w, https:\/\/www.colindres.es\/wp-content\/uploads\/2017\/08\/M-Clan_Colindres-1080x734.jpg 1080w, https:\/\/www.colindres.es\/wp-content\/uploads\/2017\/08\/M-Clan_Colindres.jpg 1280w\" sizes=\"(max-width: 300px) 100vw, 300px\" \/><\/p>\n","protected":false},"excerpt":{"rendered":"<p>El s\u00e1bado y el domingo ser\u00e1 el turno de Marta S\u00e1nchez y Nando Ag\u00fceros Viernes, 25 de Agosto. M\u00e1s de 7.000 personas disfrutaron anoche del concierto de M-Clan celebrado en Colindres con motivo de las fiestas de San Gin\u00e9s. La banda liderada por Carlos Tarque no defraud\u00f3 y con su potente directo hizo vibrar a [&hellip;]<\/p>\n","protected":false},"author":1,"featured_media":931,"comment_status":"open","ping_status":"closed","template":"","meta":{"_et_pb_use_builder":"","_et_pb_old_content":"","_et_gb_content_width":"","footnotes":""},"project_category":[],"project_tag":[],"class_list":["post-929","project","type-project","status-publish","has-post-thumbnail","hentry"],"yoast_head":"<!-- This site is optimized with the Yoast SEO plugin v24.9 - https:\/\/yoast.com\/wordpress\/plugins\/seo\/ -->\n<title>M\u00e1s de 7.000 personas vibran en Colindres con M-Clan - Ayuntamiento de Colindres<\/title>\n<meta name=\"robots\" content=\"index, follow, max-snippet:-1, max-image-preview:large, max-video-preview:-1\" \/>\n<link rel=\"canonical\" href=\"https:\/\/www.colindres.es\/index.php\/project\/mas-de-7-000-personas-vibran-en-colindres-con-m-clan\/\" \/>\n<meta property=\"og:locale\" content=\"es_ES\" \/>\n<meta property=\"og:type\" content=\"article\" \/>\n<meta property=\"og:title\" content=\"M\u00e1s de 7.000 personas vibran en Colindres con M-Clan - Ayuntamiento de Colindres\" \/>\n<meta property=\"og:description\" content=\"El s\u00e1bado y el domingo ser\u00e1 el turno de Marta S\u00e1nchez y Nando Ag\u00fceros Viernes, 25 de Agosto. M\u00e1s de 7.000 personas disfrutaron anoche del concierto de M-Clan celebrado en Colindres con motivo de las fiestas de San Gin\u00e9s. La banda liderada por Carlos Tarque no defraud\u00f3 y con su potente directo hizo vibrar a [&hellip;]\" \/>\n<meta property=\"og:url\" content=\"https:\/\/www.colindres.es\/index.php\/project\/mas-de-7-000-personas-vibran-en-colindres-con-m-clan\/\" \/>\n<meta property=\"og:site_name\" content=\"Ayuntamiento de Colindres\" \/>\n<meta property=\"og:image\" content=\"https:\/\/www.colindres.es\/wp-content\/uploads\/2017\/08\/M-Clan_Colindres2.jpg\" \/>\n\t<meta property=\"og:image:width\" content=\"1280\" \/>\n\t<meta property=\"og:image:height\" content=\"873\" \/>\n\t<meta property=\"og:image:type\" content=\"image\/jpeg\" \/>\n<meta name=\"twitter:card\" content=\"summary_large_image\" \/>\n<meta name=\"twitter:label1\" content=\"Tiempo de lectura\" \/>\n\t<meta name=\"twitter:data1\" content=\"3 minutos\" \/>\n<script type=\"application\/ld+json\" class=\"yoast-schema-graph\">{\"@context\":\"https:\/\/schema.org\",\"@graph\":[{\"@type\":\"WebPage\",\"@id\":\"https:\/\/www.colindres.es\/index.php\/project\/mas-de-7-000-personas-vibran-en-colindres-con-m-clan\/\",\"url\":\"https:\/\/www.colindres.es\/index.php\/project\/mas-de-7-000-personas-vibran-en-colindres-con-m-clan\/\",\"name\":\"M\u00e1s de 7.000 personas vibran en Colindres con M-Clan - Ayuntamiento de Colindres\",\"isPartOf\":{\"@id\":\"https:\/\/www.colindres.es\/#website\"},\"primaryImageOfPage\":{\"@id\":\"https:\/\/www.colindres.es\/index.php\/project\/mas-de-7-000-personas-vibran-en-colindres-con-m-clan\/#primaryimage\"},\"image\":{\"@id\":\"https:\/\/www.colindres.es\/index.php\/project\/mas-de-7-000-personas-vibran-en-colindres-con-m-clan\/#primaryimage\"},\"thumbnailUrl\":\"https:\/\/www.colindres.es\/wp-content\/uploads\/2017\/08\/M-Clan_Colindres2.jpg\",\"datePublished\":\"2017-08-25T12:14:22+00:00\",\"breadcrumb\":{\"@id\":\"https:\/\/www.colindres.es\/index.php\/project\/mas-de-7-000-personas-vibran-en-colindres-con-m-clan\/#breadcrumb\"},\"inLanguage\":\"es\",\"potentialAction\":[{\"@type\":\"ReadAction\",\"target\":[\"https:\/\/www.colindres.es\/index.php\/project\/mas-de-7-000-personas-vibran-en-colindres-con-m-clan\/\"]}]},{\"@type\":\"ImageObject\",\"inLanguage\":\"es\",\"@id\":\"https:\/\/www.colindres.es\/index.php\/project\/mas-de-7-000-personas-vibran-en-colindres-con-m-clan\/#primaryimage\",\"url\":\"https:\/\/www.colindres.es\/wp-content\/uploads\/2017\/08\/M-Clan_Colindres2.jpg\",\"contentUrl\":\"https:\/\/www.colindres.es\/wp-content\/uploads\/2017\/08\/M-Clan_Colindres2.jpg\",\"width\":1280,\"height\":873},{\"@type\":\"BreadcrumbList\",\"@id\":\"https:\/\/www.colindres.es\/index.php\/project\/mas-de-7-000-personas-vibran-en-colindres-con-m-clan\/#breadcrumb\",\"itemListElement\":[{\"@type\":\"ListItem\",\"position\":1,\"name\":\"Portada\",\"item\":\"https:\/\/www.colindres.es\/\"},{\"@type\":\"ListItem\",\"position\":2,\"name\":\"Proyectos\",\"item\":\"https:\/\/www.colindres.es\/index.php\/project\/\"},{\"@type\":\"ListItem\",\"position\":3,\"name\":\"M\u00e1s de 7.000 personas vibran en Colindres con M-Clan\"}]},{\"@type\":\"WebSite\",\"@id\":\"https:\/\/www.colindres.es\/#website\",\"url\":\"https:\/\/www.colindres.es\/\",\"name\":\"Ayuntamiento de Colindres\",\"description\":\"Dise\u00f1ado por NTIC&#039;s\",\"publisher\":{\"@id\":\"https:\/\/www.colindres.es\/#organization\"},\"potentialAction\":[{\"@type\":\"SearchAction\",\"target\":{\"@type\":\"EntryPoint\",\"urlTemplate\":\"https:\/\/www.colindres.es\/?s={search_term_string}\"},\"query-input\":{\"@type\":\"PropertyValueSpecification\",\"valueRequired\":true,\"valueName\":\"search_term_string\"}}],\"inLanguage\":\"es\"},{\"@type\":\"Organization\",\"@id\":\"https:\/\/www.colindres.es\/#organization\",\"name\":\"AYUNTAMIENTO DE COLINDRES\",\"url\":\"https:\/\/www.colindres.es\/\",\"logo\":{\"@type\":\"ImageObject\",\"inLanguage\":\"es\",\"@id\":\"https:\/\/www.colindres.es\/#\/schema\/logo\/image\/\",\"url\":\"https:\/\/www.colindres.es\/wp-content\/uploads\/2017\/01\/LOGO-PRINCIPAL.jpg\",\"contentUrl\":\"https:\/\/www.colindres.es\/wp-content\/uploads\/2017\/01\/LOGO-PRINCIPAL.jpg\",\"width\":1209,\"height\":579,\"caption\":\"AYUNTAMIENTO DE COLINDRES\"},\"image\":{\"@id\":\"https:\/\/www.colindres.es\/#\/schema\/logo\/image\/\"}}]}<\/script>\n<!-- \/ Yoast SEO plugin. -->","yoast_head_json":{"title":"M\u00e1s de 7.000 personas vibran en Colindres con M-Clan - Ayuntamiento de Colindres","robots":{"index":"index","follow":"follow","max-snippet":"max-snippet:-1","max-image-preview":"max-image-preview:large","max-video-preview":"max-video-preview:-1"},"canonical":"https:\/\/www.colindres.es\/index.php\/project\/mas-de-7-000-personas-vibran-en-colindres-con-m-clan\/","og_locale":"es_ES","og_type":"article","og_title":"M\u00e1s de 7.000 personas vibran en Colindres con M-Clan - Ayuntamiento de Colindres","og_description":"El s\u00e1bado y el domingo ser\u00e1 el turno de Marta S\u00e1nchez y Nando Ag\u00fceros Viernes, 25 de Agosto. M\u00e1s de 7.000 personas disfrutaron anoche del concierto de M-Clan celebrado en Colindres con motivo de las fiestas de San Gin\u00e9s. La banda liderada por Carlos Tarque no defraud\u00f3 y con su potente directo hizo vibrar a [&hellip;]","og_url":"https:\/\/www.colindres.es\/index.php\/project\/mas-de-7-000-personas-vibran-en-colindres-con-m-clan\/","og_site_name":"Ayuntamiento de Colindres","og_image":[{"width":1280,"height":873,"url":"https:\/\/www.colindres.es\/wp-content\/uploads\/2017\/08\/M-Clan_Colindres2.jpg","type":"image\/jpeg"}],"twitter_card":"summary_large_image","twitter_misc":{"Tiempo de lectura":"3 minutos"},"schema":{"@context":"https:\/\/schema.org","@graph":[{"@type":"WebPage","@id":"https:\/\/www.colindres.es\/index.php\/project\/mas-de-7-000-personas-vibran-en-colindres-con-m-clan\/","url":"https:\/\/www.colindres.es\/index.php\/project\/mas-de-7-000-personas-vibran-en-colindres-con-m-clan\/","name":"M\u00e1s de 7.000 personas vibran en Colindres con M-Clan - Ayuntamiento de Colindres","isPartOf":{"@id":"https:\/\/www.colindres.es\/#website"},"primaryImageOfPage":{"@id":"https:\/\/www.colindres.es\/index.php\/project\/mas-de-7-000-personas-vibran-en-colindres-con-m-clan\/#primaryimage"},"image":{"@id":"https:\/\/www.colindres.es\/index.php\/project\/mas-de-7-000-personas-vibran-en-colindres-con-m-clan\/#primaryimage"},"thumbnailUrl":"https:\/\/www.colindres.es\/wp-content\/uploads\/2017\/08\/M-Clan_Colindres2.jpg","datePublished":"2017-08-25T12:14:22+00:00","breadcrumb":{"@id":"https:\/\/www.colindres.es\/index.php\/project\/mas-de-7-000-personas-vibran-en-colindres-con-m-clan\/#breadcrumb"},"inLanguage":"es","potentialAction":[{"@type":"ReadAction","target":["https:\/\/www.colindres.es\/index.php\/project\/mas-de-7-000-personas-vibran-en-colindres-con-m-clan\/"]}]},{"@type":"ImageObject","inLanguage":"es","@id":"https:\/\/www.colindres.es\/index.php\/project\/mas-de-7-000-personas-vibran-en-colindres-con-m-clan\/#primaryimage","url":"https:\/\/www.colindres.es\/wp-content\/uploads\/2017\/08\/M-Clan_Colindres2.jpg","contentUrl":"https:\/\/www.colindres.es\/wp-content\/uploads\/2017\/08\/M-Clan_Colindres2.jpg","width":1280,"height":873},{"@type":"BreadcrumbList","@id":"https:\/\/www.colindres.es\/index.php\/project\/mas-de-7-000-personas-vibran-en-colindres-con-m-clan\/#breadcrumb","itemListElement":[{"@type":"ListItem","position":1,"name":"Portada","item":"https:\/\/www.colindres.es\/"},{"@type":"ListItem","position":2,"name":"Proyectos","item":"https:\/\/www.colindres.es\/index.php\/project\/"},{"@type":"ListItem","position":3,"name":"M\u00e1s de 7.000 personas vibran en Colindres con M-Clan"}]},{"@type":"WebSite","@id":"https:\/\/www.colindres.es\/#website","url":"https:\/\/www.colindres.es\/","name":"Ayuntamiento de Colindres","description":"Dise\u00f1ado por NTIC&#039;s","publisher":{"@id":"https:\/\/www.colindres.es\/#organization"},"potentialAction":[{"@type":"SearchAction","target":{"@type":"EntryPoint","urlTemplate":"https:\/\/www.colindres.es\/?s={search_term_string}"},"query-input":{"@type":"PropertyValueSpecification","valueRequired":true,"valueName":"search_term_string"}}],"inLanguage":"es"},{"@type":"Organization","@id":"https:\/\/www.colindres.es\/#organization","name":"AYUNTAMIENTO DE COLINDRES","url":"https:\/\/www.colindres.es\/","logo":{"@type":"ImageObject","inLanguage":"es","@id":"https:\/\/www.colindres.es\/#\/schema\/logo\/image\/","url":"https:\/\/www.colindres.es\/wp-content\/uploads\/2017\/01\/LOGO-PRINCIPAL.jpg","contentUrl":"https:\/\/www.colindres.es\/wp-content\/uploads\/2017\/01\/LOGO-PRINCIPAL.jpg","width":1209,"height":579,"caption":"AYUNTAMIENTO DE COLINDRES"},"image":{"@id":"https:\/\/www.colindres.es\/#\/schema\/logo\/image\/"}}]}},"_links":{"self":[{"href":"https:\/\/www.colindres.es\/index.php\/wp-json\/wp\/v2\/project\/929","targetHints":{"allow":["GET"]}}],"collection":[{"href":"https:\/\/www.colindres.es\/index.php\/wp-json\/wp\/v2\/project"}],"about":[{"href":"https:\/\/www.colindres.es\/index.php\/wp-json\/wp\/v2\/types\/project"}],"author":[{"embeddable":true,"href":"https:\/\/www.colindres.es\/index.php\/wp-json\/wp\/v2\/users\/1"}],"replies":[{"embeddable":true,"href":"https:\/\/www.colindres.es\/index.php\/wp-json\/wp\/v2\/comments?post=929"}],"version-history":[{"count":1,"href":"https:\/\/www.colindres.es\/index.php\/wp-json\/wp\/v2\/project\/929\/revisions"}],"predecessor-version":[{"id":932,"href":"https:\/\/www.colindres.es\/index.php\/wp-json\/wp\/v2\/project\/929\/revisions\/932"}],"wp:featuredmedia":[{"embeddable":true,"href":"https:\/\/www.colindres.es\/index.php\/wp-json\/wp\/v2\/media\/931"}],"wp:attachment":[{"href":"https:\/\/www.colindres.es\/index.php\/wp-json\/wp\/v2\/media?parent=929"}],"wp:term":[{"taxonomy":"project_category","embeddable":true,"href":"https:\/\/www.colindres.es\/index.php\/wp-json\/wp\/v2\/project_category?post=929"},{"taxonomy":"project_tag","embeddable":true,"href":"https:\/\/www.colindres.es\/index.php\/wp-json\/wp\/v2\/project_tag?post=929"}],"curies":[{"name":"wp","href":"https:\/\/api.w.org\/{rel}","templated":true}]}}