{"id":922,"date":"2017-08-23T10:20:35","date_gmt":"2017-08-23T10:20:35","guid":{"rendered":"http:\/\/colindres.es\/?post_type=project&#038;p=922"},"modified":"2017-08-23T10:21:14","modified_gmt":"2017-08-23T10:21:14","slug":"colindres-inicia-este-jueves-sus-fiestas-patronales-con-un-concierto-de-m-clan","status":"publish","type":"project","link":"https:\/\/www.colindres.es\/index.php\/project\/colindres-inicia-este-jueves-sus-fiestas-patronales-con-un-concierto-de-m-clan\/","title":{"rendered":"Colindres inicia este jueves sus fiestas patronales con un concierto de M-Clan"},"content":{"rendered":"<p>El Ayuntamiento y la comisi\u00f3n de fiestas de San Gin\u00e9s han programado \u201cm\u00e1s de una treintena de actividades para que vecinos y visitantes disfruten de cuatro d\u00edas intensos\u201d<\/p>\n<p>Colindres, 23 de Agosto.- El Ayuntamiento de Colindres ha presentado este mi\u00e9rcoles el programa oficial de las fiestas de San Gin\u00e9s, patr\u00f3n del municipio, que se celebrar\u00e1n desde ma\u00f1ana\u00a0 jueves hasta el domingo27 de agosto y que incluir\u00e1n los conciertos de M-Clan, Marta S\u00e1nchez y Nando Ag\u00fceros.<\/p>\n<p>El concurso de marmita, la carrera de artefactos navegables y los fuegos artificiales supondr\u00e1n, junto a estas actuaciones, los eventos m\u00e1s destacados de unos festejos que contar\u00e1n con \u201cm\u00e1s de una treintena de actividades pensadas para todos los p\u00fablicos\u201d.<\/p>\n<p>As\u00ed lo han se\u00f1alado el alcalde, Javier Incera, y la concejala de Festejos, Mar\u00eda Eugenia Casta\u00f1eda, quienes en nombre de toda la Corporaci\u00f3n municipal han animado a vecinos y visitantes a disfrutar intensamente de estas fiestas y a participar de las actividades, al mismo tiempo que han agradecido la labor y las ganas e ilusi\u00f3n que ha puesto la Cofrad\u00eda de Pescadores por preparar una programaci\u00f3n tan rica y variada.<\/p>\n<p>Los festejos de San Gin\u00e9s arrancar\u00e1n ma\u00f1ana jueves a las 19.00 horas con la apertura de las casetas y las barracas, amenizada con el concierto de \u2018Trip Ac\u00fastico\u2019, y el preg\u00f3n se llevar\u00e1 a cabo a las 22.00 horas.<\/p>\n<p>Posteriormente, a las 23.00 horas, en el Puerto tendr\u00e1 lugar uno de los platos fuertes de las fiestas: la actuaci\u00f3n de una de las bandas de rock m\u00e1s reconocidas y aclamadas dentro del panorama nacional, M-Clan. El grupo liderado por Carlos Tarque presentar\u00e1 su \u00faltimo disco \u2018Delta\u2019 y har\u00e1 vibrar a todos los colindreses y visitantes con sus canciones m\u00e1s m\u00edticas, como \u2018Carolina\u2019, \u2018Qu\u00e9date a dormir\u2019 o \u2018Maggie Despierta\u2019, entre muchas otras.<\/p>\n<p>El viernes 24 de agosto comenzar\u00e1 con la misa tradicional en honor a San Gin\u00e9s, tras la cual se reconocer\u00e1 a los socios m\u00e1s veteranos de la Cofrad\u00eda de Pescadores y se har\u00e1 entrega de las banderas a los barcos.<\/p>\n<p>Durante el d\u00eda, habr\u00e1s exhibiciones de cetrer\u00eda y de trail bici, as\u00ed como tren tur\u00edstico e hinchables para los ni\u00f1os, y ya por la noche una gran chocolatada y los conciertos tributo a Rolling Stones y Guns and Roses y la actuaci\u00f3n de la Orquesta Nueva Philadelphia.<\/p>\n<p>Marta S\u00e1nchez y artefactos navegables<\/p>\n<p>En la jornada del s\u00e1bado 26, por la ma\u00f1ana habr\u00e1 una exhibici\u00f3n de la Escuela Municipal de K\u00e1rate y el concierto de \u2018Copernicus\u2019, mientras que por la tarde se celebrar\u00e1 una de las actividades m\u00e1s divertidas y caracter\u00edsticas de las fiestas de San Gin\u00e9s, la carrera de artefactos navegables, que este a\u00f1o alcanza su decimotercera edici\u00f3n.<\/p>\n<p>Despu\u00e9s de que las pe\u00f1as pongan a prueba su ingenio, tendr\u00e1 lugar una exhibici\u00f3n de corte de troncos a cargo de Ernesto Ezpeleta. Y a las 19.00 horas volver\u00e1 la competici\u00f3n deportiva con la disputa de la XXIV Bandera R\u00eda Alto del As\u00f3n, acompa\u00f1ada por la degustaci\u00f3n de la tradicional sardinada, patrocinada por la Cofrad\u00eda de Pescadores y servida por las pe\u00f1as.<\/p>\n<p>Como colof\u00f3n al s\u00e1bado, la cantante Marta S\u00e1nchez (La Coru\u00f1a, 1966) se subir\u00e1 al escenario para ofrecer un concierto exclusivo en el presentar\u00e1 su \u00faltimo trabajo \u201921 d\u00edas\u2019 y repasar\u00e1 sus temas m\u00e1s famosos, como \u2018Desconocida\u2019. Su actuaci\u00f3n, que tambi\u00e9n comenzar\u00e1 a las 23.00 horas en el Puerto, estar\u00e1 precedida de las canciones del grupo \u2018Buenrollaso\u2019.<\/p>\n<p>Nando Ag\u00fceros y fuegos artificiales<\/p>\n<p>Finalmente, el domingo 27 los vecinos se echar\u00e1n a calle desde primera hora de la ma\u00f1ana para preparar sus potajes de marmita y participar en el concurso Villa de Colindres, cuyos premios se entregar\u00e1n a las 18.00 horas. A media ma\u00f1ana dar\u00e1 comienzo la tradicional carrera de botes y una batucada, y por la tarde la m\u00fasica volver\u00e1 a sonar en las calles con los grupos \u2018Buttman\u2019 y \u2018Jarana\u2019.<\/p>\n<p>Para poner fin a cuatros d\u00edas intensos de festejos, se lanzar\u00e1n fuegos artificiales a las 23.00 horas y Nando Ag\u00fceros pondr\u00e1 el toque de m\u00fasica tradicional c\u00e1ntabra con un concierto que clausurar\u00e1 las fiestas de San Gin\u00e9s 2017.<\/p>\n<p><img loading=\"lazy\" decoding=\"async\" class=\"alignnone size-medium wp-image-923\" src=\"http:\/\/colindres.es\/wp-content\/uploads\/2017\/08\/Artefactos-Navegables-300x181.jpg\" alt=\"\" width=\"300\" height=\"181\" srcset=\"https:\/\/www.colindres.es\/wp-content\/uploads\/2017\/08\/Artefactos-Navegables-300x181.jpg 300w, https:\/\/www.colindres.es\/wp-content\/uploads\/2017\/08\/Artefactos-Navegables-768x464.jpg 768w, https:\/\/www.colindres.es\/wp-content\/uploads\/2017\/08\/Artefactos-Navegables.jpg 783w\" sizes=\"(max-width: 300px) 100vw, 300px\" \/> <img loading=\"lazy\" decoding=\"async\" class=\"alignnone size-medium wp-image-926\" src=\"http:\/\/colindres.es\/wp-content\/uploads\/2017\/08\/M-Clan-ok-2-300x200.jpg\" alt=\"\" width=\"300\" height=\"200\" srcset=\"https:\/\/www.colindres.es\/wp-content\/uploads\/2017\/08\/M-Clan-ok-2-300x200.jpg 300w, https:\/\/www.colindres.es\/wp-content\/uploads\/2017\/08\/M-Clan-ok-2-768x512.jpg 768w, https:\/\/www.colindres.es\/wp-content\/uploads\/2017\/08\/M-Clan-ok-2-1024x683.jpg 1024w, https:\/\/www.colindres.es\/wp-content\/uploads\/2017\/08\/M-Clan-ok-2-1080x720.jpg 1080w\" sizes=\"(max-width: 300px) 100vw, 300px\" \/> <img loading=\"lazy\" decoding=\"async\" class=\"alignnone size-medium wp-image-924\" src=\"http:\/\/colindres.es\/wp-content\/uploads\/2017\/08\/Concierto-San-Gin\u00e9s-300x200.jpg\" alt=\"\" width=\"300\" height=\"200\" srcset=\"https:\/\/www.colindres.es\/wp-content\/uploads\/2017\/08\/Concierto-San-Gin\u00e9s-300x200.jpg 300w, https:\/\/www.colindres.es\/wp-content\/uploads\/2017\/08\/Concierto-San-Gin\u00e9s-768x512.jpg 768w, https:\/\/www.colindres.es\/wp-content\/uploads\/2017\/08\/Concierto-San-Gin\u00e9s-1024x683.jpg 1024w, https:\/\/www.colindres.es\/wp-content\/uploads\/2017\/08\/Concierto-San-Gin\u00e9s-1080x720.jpg 1080w, https:\/\/www.colindres.es\/wp-content\/uploads\/2017\/08\/Concierto-San-Gin\u00e9s.jpg 1600w\" sizes=\"(max-width: 300px) 100vw, 300px\" \/><\/p>\n","protected":false},"excerpt":{"rendered":"<p>El Ayuntamiento y la comisi\u00f3n de fiestas de San Gin\u00e9s han programado \u201cm\u00e1s de una treintena de actividades para que vecinos y visitantes disfruten de cuatro d\u00edas intensos\u201d Colindres, 23 de Agosto.- El Ayuntamiento de Colindres ha presentado este mi\u00e9rcoles el programa oficial de las fiestas de San Gin\u00e9s, patr\u00f3n del municipio, que se celebrar\u00e1n [&hellip;]<\/p>\n","protected":false},"author":1,"featured_media":925,"comment_status":"open","ping_status":"closed","template":"","meta":{"_et_pb_use_builder":"","_et_pb_old_content":"","_et_gb_content_width":"","footnotes":""},"project_category":[],"project_tag":[],"class_list":["post-922","project","type-project","status-publish","has-post-thumbnail","hentry"],"yoast_head":"<!-- This site is optimized with the Yoast SEO plugin v24.9 - https:\/\/yoast.com\/wordpress\/plugins\/seo\/ -->\n<title>Colindres inicia este jueves sus fiestas patronales con un concierto de M-Clan - Ayuntamiento de Colindres<\/title>\n<meta name=\"robots\" content=\"index, follow, max-snippet:-1, max-image-preview:large, max-video-preview:-1\" \/>\n<link rel=\"canonical\" href=\"https:\/\/www.colindres.es\/index.php\/project\/colindres-inicia-este-jueves-sus-fiestas-patronales-con-un-concierto-de-m-clan\/\" \/>\n<meta property=\"og:locale\" content=\"es_ES\" \/>\n<meta property=\"og:type\" content=\"article\" \/>\n<meta property=\"og:title\" content=\"Colindres inicia este jueves sus fiestas patronales con un concierto de M-Clan - Ayuntamiento de Colindres\" \/>\n<meta property=\"og:description\" content=\"El Ayuntamiento y la comisi\u00f3n de fiestas de San Gin\u00e9s han programado \u201cm\u00e1s de una treintena de actividades para que vecinos y visitantes disfruten de cuatro d\u00edas intensos\u201d Colindres, 23 de Agosto.- El Ayuntamiento de Colindres ha presentado este mi\u00e9rcoles el programa oficial de las fiestas de San Gin\u00e9s, patr\u00f3n del municipio, que se celebrar\u00e1n [&hellip;]\" \/>\n<meta property=\"og:url\" content=\"https:\/\/www.colindres.es\/index.php\/project\/colindres-inicia-este-jueves-sus-fiestas-patronales-con-un-concierto-de-m-clan\/\" \/>\n<meta property=\"og:site_name\" content=\"Ayuntamiento de Colindres\" \/>\n<meta property=\"article:modified_time\" content=\"2017-08-23T10:21:14+00:00\" \/>\n<meta property=\"og:image\" content=\"https:\/\/www.colindres.es\/wp-content\/uploads\/2017\/08\/M-Clan2-ok.jpg\" \/>\n\t<meta property=\"og:image:width\" content=\"4996\" \/>\n\t<meta property=\"og:image:height\" content=\"3331\" \/>\n\t<meta property=\"og:image:type\" content=\"image\/jpeg\" \/>\n<meta name=\"twitter:card\" content=\"summary_large_image\" \/>\n<meta name=\"twitter:label1\" content=\"Tiempo de lectura\" \/>\n\t<meta name=\"twitter:data1\" content=\"4 minutos\" \/>\n<script type=\"application\/ld+json\" class=\"yoast-schema-graph\">{\"@context\":\"https:\/\/schema.org\",\"@graph\":[{\"@type\":\"WebPage\",\"@id\":\"https:\/\/www.colindres.es\/index.php\/project\/colindres-inicia-este-jueves-sus-fiestas-patronales-con-un-concierto-de-m-clan\/\",\"url\":\"https:\/\/www.colindres.es\/index.php\/project\/colindres-inicia-este-jueves-sus-fiestas-patronales-con-un-concierto-de-m-clan\/\",\"name\":\"Colindres inicia este jueves sus fiestas patronales con un concierto de M-Clan - Ayuntamiento de Colindres\",\"isPartOf\":{\"@id\":\"https:\/\/www.colindres.es\/#website\"},\"primaryImageOfPage\":{\"@id\":\"https:\/\/www.colindres.es\/index.php\/project\/colindres-inicia-este-jueves-sus-fiestas-patronales-con-un-concierto-de-m-clan\/#primaryimage\"},\"image\":{\"@id\":\"https:\/\/www.colindres.es\/index.php\/project\/colindres-inicia-este-jueves-sus-fiestas-patronales-con-un-concierto-de-m-clan\/#primaryimage\"},\"thumbnailUrl\":\"https:\/\/www.colindres.es\/wp-content\/uploads\/2017\/08\/M-Clan2-ok.jpg\",\"datePublished\":\"2017-08-23T10:20:35+00:00\",\"dateModified\":\"2017-08-23T10:21:14+00:00\",\"breadcrumb\":{\"@id\":\"https:\/\/www.colindres.es\/index.php\/project\/colindres-inicia-este-jueves-sus-fiestas-patronales-con-un-concierto-de-m-clan\/#breadcrumb\"},\"inLanguage\":\"es\",\"potentialAction\":[{\"@type\":\"ReadAction\",\"target\":[\"https:\/\/www.colindres.es\/index.php\/project\/colindres-inicia-este-jueves-sus-fiestas-patronales-con-un-concierto-de-m-clan\/\"]}]},{\"@type\":\"ImageObject\",\"inLanguage\":\"es\",\"@id\":\"https:\/\/www.colindres.es\/index.php\/project\/colindres-inicia-este-jueves-sus-fiestas-patronales-con-un-concierto-de-m-clan\/#primaryimage\",\"url\":\"https:\/\/www.colindres.es\/wp-content\/uploads\/2017\/08\/M-Clan2-ok.jpg\",\"contentUrl\":\"https:\/\/www.colindres.es\/wp-content\/uploads\/2017\/08\/M-Clan2-ok.jpg\",\"width\":4996,\"height\":3331},{\"@type\":\"BreadcrumbList\",\"@id\":\"https:\/\/www.colindres.es\/index.php\/project\/colindres-inicia-este-jueves-sus-fiestas-patronales-con-un-concierto-de-m-clan\/#breadcrumb\",\"itemListElement\":[{\"@type\":\"ListItem\",\"position\":1,\"name\":\"Portada\",\"item\":\"https:\/\/www.colindres.es\/\"},{\"@type\":\"ListItem\",\"position\":2,\"name\":\"Proyectos\",\"item\":\"https:\/\/www.colindres.es\/index.php\/project\/\"},{\"@type\":\"ListItem\",\"position\":3,\"name\":\"Colindres inicia este jueves sus fiestas patronales con un concierto de M-Clan\"}]},{\"@type\":\"WebSite\",\"@id\":\"https:\/\/www.colindres.es\/#website\",\"url\":\"https:\/\/www.colindres.es\/\",\"name\":\"Ayuntamiento de Colindres\",\"description\":\"Dise\u00f1ado por NTIC&#039;s\",\"publisher\":{\"@id\":\"https:\/\/www.colindres.es\/#organization\"},\"potentialAction\":[{\"@type\":\"SearchAction\",\"target\":{\"@type\":\"EntryPoint\",\"urlTemplate\":\"https:\/\/www.colindres.es\/?s={search_term_string}\"},\"query-input\":{\"@type\":\"PropertyValueSpecification\",\"valueRequired\":true,\"valueName\":\"search_term_string\"}}],\"inLanguage\":\"es\"},{\"@type\":\"Organization\",\"@id\":\"https:\/\/www.colindres.es\/#organization\",\"name\":\"AYUNTAMIENTO DE COLINDRES\",\"url\":\"https:\/\/www.colindres.es\/\",\"logo\":{\"@type\":\"ImageObject\",\"inLanguage\":\"es\",\"@id\":\"https:\/\/www.colindres.es\/#\/schema\/logo\/image\/\",\"url\":\"https:\/\/www.colindres.es\/wp-content\/uploads\/2017\/01\/LOGO-PRINCIPAL.jpg\",\"contentUrl\":\"https:\/\/www.colindres.es\/wp-content\/uploads\/2017\/01\/LOGO-PRINCIPAL.jpg\",\"width\":1209,\"height\":579,\"caption\":\"AYUNTAMIENTO DE COLINDRES\"},\"image\":{\"@id\":\"https:\/\/www.colindres.es\/#\/schema\/logo\/image\/\"}}]}<\/script>\n<!-- \/ Yoast SEO plugin. -->","yoast_head_json":{"title":"Colindres inicia este jueves sus fiestas patronales con un concierto de M-Clan - Ayuntamiento de Colindres","robots":{"index":"index","follow":"follow","max-snippet":"max-snippet:-1","max-image-preview":"max-image-preview:large","max-video-preview":"max-video-preview:-1"},"canonical":"https:\/\/www.colindres.es\/index.php\/project\/colindres-inicia-este-jueves-sus-fiestas-patronales-con-un-concierto-de-m-clan\/","og_locale":"es_ES","og_type":"article","og_title":"Colindres inicia este jueves sus fiestas patronales con un concierto de M-Clan - Ayuntamiento de Colindres","og_description":"El Ayuntamiento y la comisi\u00f3n de fiestas de San Gin\u00e9s han programado \u201cm\u00e1s de una treintena de actividades para que vecinos y visitantes disfruten de cuatro d\u00edas intensos\u201d Colindres, 23 de Agosto.- El Ayuntamiento de Colindres ha presentado este mi\u00e9rcoles el programa oficial de las fiestas de San Gin\u00e9s, patr\u00f3n del municipio, que se celebrar\u00e1n [&hellip;]","og_url":"https:\/\/www.colindres.es\/index.php\/project\/colindres-inicia-este-jueves-sus-fiestas-patronales-con-un-concierto-de-m-clan\/","og_site_name":"Ayuntamiento de Colindres","article_modified_time":"2017-08-23T10:21:14+00:00","og_image":[{"width":4996,"height":3331,"url":"https:\/\/www.colindres.es\/wp-content\/uploads\/2017\/08\/M-Clan2-ok.jpg","type":"image\/jpeg"}],"twitter_card":"summary_large_image","twitter_misc":{"Tiempo de lectura":"4 minutos"},"schema":{"@context":"https:\/\/schema.org","@graph":[{"@type":"WebPage","@id":"https:\/\/www.colindres.es\/index.php\/project\/colindres-inicia-este-jueves-sus-fiestas-patronales-con-un-concierto-de-m-clan\/","url":"https:\/\/www.colindres.es\/index.php\/project\/colindres-inicia-este-jueves-sus-fiestas-patronales-con-un-concierto-de-m-clan\/","name":"Colindres inicia este jueves sus fiestas patronales con un concierto de M-Clan - Ayuntamiento de Colindres","isPartOf":{"@id":"https:\/\/www.colindres.es\/#website"},"primaryImageOfPage":{"@id":"https:\/\/www.colindres.es\/index.php\/project\/colindres-inicia-este-jueves-sus-fiestas-patronales-con-un-concierto-de-m-clan\/#primaryimage"},"image":{"@id":"https:\/\/www.colindres.es\/index.php\/project\/colindres-inicia-este-jueves-sus-fiestas-patronales-con-un-concierto-de-m-clan\/#primaryimage"},"thumbnailUrl":"https:\/\/www.colindres.es\/wp-content\/uploads\/2017\/08\/M-Clan2-ok.jpg","datePublished":"2017-08-23T10:20:35+00:00","dateModified":"2017-08-23T10:21:14+00:00","breadcrumb":{"@id":"https:\/\/www.colindres.es\/index.php\/project\/colindres-inicia-este-jueves-sus-fiestas-patronales-con-un-concierto-de-m-clan\/#breadcrumb"},"inLanguage":"es","potentialAction":[{"@type":"ReadAction","target":["https:\/\/www.colindres.es\/index.php\/project\/colindres-inicia-este-jueves-sus-fiestas-patronales-con-un-concierto-de-m-clan\/"]}]},{"@type":"ImageObject","inLanguage":"es","@id":"https:\/\/www.colindres.es\/index.php\/project\/colindres-inicia-este-jueves-sus-fiestas-patronales-con-un-concierto-de-m-clan\/#primaryimage","url":"https:\/\/www.colindres.es\/wp-content\/uploads\/2017\/08\/M-Clan2-ok.jpg","contentUrl":"https:\/\/www.colindres.es\/wp-content\/uploads\/2017\/08\/M-Clan2-ok.jpg","width":4996,"height":3331},{"@type":"BreadcrumbList","@id":"https:\/\/www.colindres.es\/index.php\/project\/colindres-inicia-este-jueves-sus-fiestas-patronales-con-un-concierto-de-m-clan\/#breadcrumb","itemListElement":[{"@type":"ListItem","position":1,"name":"Portada","item":"https:\/\/www.colindres.es\/"},{"@type":"ListItem","position":2,"name":"Proyectos","item":"https:\/\/www.colindres.es\/index.php\/project\/"},{"@type":"ListItem","position":3,"name":"Colindres inicia este jueves sus fiestas patronales con un concierto de M-Clan"}]},{"@type":"WebSite","@id":"https:\/\/www.colindres.es\/#website","url":"https:\/\/www.colindres.es\/","name":"Ayuntamiento de Colindres","description":"Dise\u00f1ado por NTIC&#039;s","publisher":{"@id":"https:\/\/www.colindres.es\/#organization"},"potentialAction":[{"@type":"SearchAction","target":{"@type":"EntryPoint","urlTemplate":"https:\/\/www.colindres.es\/?s={search_term_string}"},"query-input":{"@type":"PropertyValueSpecification","valueRequired":true,"valueName":"search_term_string"}}],"inLanguage":"es"},{"@type":"Organization","@id":"https:\/\/www.colindres.es\/#organization","name":"AYUNTAMIENTO DE COLINDRES","url":"https:\/\/www.colindres.es\/","logo":{"@type":"ImageObject","inLanguage":"es","@id":"https:\/\/www.colindres.es\/#\/schema\/logo\/image\/","url":"https:\/\/www.colindres.es\/wp-content\/uploads\/2017\/01\/LOGO-PRINCIPAL.jpg","contentUrl":"https:\/\/www.colindres.es\/wp-content\/uploads\/2017\/01\/LOGO-PRINCIPAL.jpg","width":1209,"height":579,"caption":"AYUNTAMIENTO DE COLINDRES"},"image":{"@id":"https:\/\/www.colindres.es\/#\/schema\/logo\/image\/"}}]}},"_links":{"self":[{"href":"https:\/\/www.colindres.es\/index.php\/wp-json\/wp\/v2\/project\/922","targetHints":{"allow":["GET"]}}],"collection":[{"href":"https:\/\/www.colindres.es\/index.php\/wp-json\/wp\/v2\/project"}],"about":[{"href":"https:\/\/www.colindres.es\/index.php\/wp-json\/wp\/v2\/types\/project"}],"author":[{"embeddable":true,"href":"https:\/\/www.colindres.es\/index.php\/wp-json\/wp\/v2\/users\/1"}],"replies":[{"embeddable":true,"href":"https:\/\/www.colindres.es\/index.php\/wp-json\/wp\/v2\/comments?post=922"}],"version-history":[{"count":2,"href":"https:\/\/www.colindres.es\/index.php\/wp-json\/wp\/v2\/project\/922\/revisions"}],"predecessor-version":[{"id":928,"href":"https:\/\/www.colindres.es\/index.php\/wp-json\/wp\/v2\/project\/922\/revisions\/928"}],"wp:featuredmedia":[{"embeddable":true,"href":"https:\/\/www.colindres.es\/index.php\/wp-json\/wp\/v2\/media\/925"}],"wp:attachment":[{"href":"https:\/\/www.colindres.es\/index.php\/wp-json\/wp\/v2\/media?parent=922"}],"wp:term":[{"taxonomy":"project_category","embeddable":true,"href":"https:\/\/www.colindres.es\/index.php\/wp-json\/wp\/v2\/project_category?post=922"},{"taxonomy":"project_tag","embeddable":true,"href":"https:\/\/www.colindres.es\/index.php\/wp-json\/wp\/v2\/project_tag?post=922"}],"curies":[{"name":"wp","href":"https:\/\/api.w.org\/{rel}","templated":true}]}}