{"id":851,"date":"2017-08-01T15:00:16","date_gmt":"2017-08-01T15:00:16","guid":{"rendered":"http:\/\/colindres.es\/?post_type=project&#038;p=851"},"modified":"2017-08-03T18:03:48","modified_gmt":"2017-08-03T18:03:48","slug":"feria-con-alma-marinera-pepe-rodriguez","status":"publish","type":"project","link":"https:\/\/www.colindres.es\/index.php\/project\/feria-con-alma-marinera-pepe-rodriguez\/","title":{"rendered":"FERIA CON ALMA MARINERA &#8211; PEPE RODR\u00cdGUEZ"},"content":{"rendered":"<ul>\n<li>CONCURSO DE COCINA, INSCRIPCIONES EN <a href=\"http:\/\/WWW.ALMAMARINERACOLINDRES.ES\">WWW.ALMAMARINERACOLINDRES.ES<\/a><\/li>\n<li>BASES EN <a href=\"http:\/\/WWW.ALMAMARINERACOLINDRES.ES\">WWW.ALMAMARINERACOLINDRES.ES<\/a><\/li>\n<li>PRESIDENTE DEL JURADO: \u00abPEPE RODR\u00cdGUEZ\u00bb<\/li>\n<li>SHOWCOOKING CON PEPE RODR\u00cdGUEZ, S\u00c1BADO 19 DE AGOSTO EN LA COFRAD\u00cdA DE PESCADORES<\/li>\n<li>PHOTOCALL CON PEPE RODR\u00cdGUEZ EN PLAZA LA ESPERANZA DURANTE LA REPESCA DE TODA NUESTRA HOSTELER\u00cdA.<\/li>\n<li>REPESCA DURANTE LOS D\u00cdAS 19 Y 20 DE AGOSTO.<\/li>\n<\/ul>\n<p><img loading=\"lazy\" decoding=\"async\" class=\"alignnone size-medium wp-image-861\" src=\"http:\/\/colindres.es\/wp-content\/uploads\/2017\/08\/CARTEL-DEFINITIVO-212x300.jpg\" alt=\"\" width=\"212\" height=\"300\" srcset=\"https:\/\/www.colindres.es\/wp-content\/uploads\/2017\/08\/CARTEL-DEFINITIVO-212x300.jpg 212w, https:\/\/www.colindres.es\/wp-content\/uploads\/2017\/08\/CARTEL-DEFINITIVO-768x1086.jpg 768w, https:\/\/www.colindres.es\/wp-content\/uploads\/2017\/08\/CARTEL-DEFINITIVO-724x1024.jpg 724w, https:\/\/www.colindres.es\/wp-content\/uploads\/2017\/08\/CARTEL-DEFINITIVO-1080x1528.jpg 1080w\" sizes=\"(max-width: 212px) 100vw, 212px\" \/><img loading=\"lazy\" decoding=\"async\" class=\"alignnone size-medium wp-image-863\" src=\"http:\/\/colindres.es\/wp-content\/uploads\/2017\/08\/IMG_3165-208x300.jpg\" alt=\"\" width=\"208\" height=\"300\" srcset=\"https:\/\/www.colindres.es\/wp-content\/uploads\/2017\/08\/IMG_3165-208x300.jpg 208w, https:\/\/www.colindres.es\/wp-content\/uploads\/2017\/08\/IMG_3165-768x1110.jpg 768w, https:\/\/www.colindres.es\/wp-content\/uploads\/2017\/08\/IMG_3165-709x1024.jpg 709w, https:\/\/www.colindres.es\/wp-content\/uploads\/2017\/08\/IMG_3165.jpg 886w\" sizes=\"(max-width: 208px) 100vw, 208px\" \/><\/p>\n","protected":false},"excerpt":{"rendered":"<p>CONCURSO DE COCINA, INSCRIPCIONES EN WWW.ALMAMARINERACOLINDRES.ES BASES EN WWW.ALMAMARINERACOLINDRES.ES PRESIDENTE DEL JURADO: \u00abPEPE RODR\u00cdGUEZ\u00bb SHOWCOOKING CON PEPE RODR\u00cdGUEZ, S\u00c1BADO 19 DE AGOSTO EN LA COFRAD\u00cdA DE PESCADORES PHOTOCALL CON PEPE RODR\u00cdGUEZ EN PLAZA LA ESPERANZA DURANTE LA REPESCA DE TODA NUESTRA HOSTELER\u00cdA. REPESCA DURANTE LOS D\u00cdAS 19 Y 20 DE AGOSTO.<\/p>\n","protected":false},"author":1,"featured_media":861,"comment_status":"open","ping_status":"closed","template":"","meta":{"_et_pb_use_builder":"","_et_pb_old_content":"","_et_gb_content_width":"","footnotes":""},"project_category":[],"project_tag":[],"class_list":["post-851","project","type-project","status-publish","has-post-thumbnail","hentry"],"yoast_head":"<!-- This site is optimized with the Yoast SEO plugin v24.9 - https:\/\/yoast.com\/wordpress\/plugins\/seo\/ -->\n<title>FERIA CON ALMA MARINERA - PEPE RODR\u00cdGUEZ - Ayuntamiento de Colindres<\/title>\n<meta name=\"robots\" content=\"index, follow, max-snippet:-1, max-image-preview:large, max-video-preview:-1\" \/>\n<link rel=\"canonical\" href=\"https:\/\/www.colindres.es\/index.php\/project\/feria-con-alma-marinera-pepe-rodriguez\/\" \/>\n<meta property=\"og:locale\" content=\"es_ES\" \/>\n<meta property=\"og:type\" content=\"article\" \/>\n<meta property=\"og:title\" content=\"FERIA CON ALMA MARINERA - PEPE RODR\u00cdGUEZ - Ayuntamiento de Colindres\" \/>\n<meta property=\"og:description\" content=\"CONCURSO DE COCINA, INSCRIPCIONES EN WWW.ALMAMARINERACOLINDRES.ES BASES EN WWW.ALMAMARINERACOLINDRES.ES PRESIDENTE DEL JURADO: \u00abPEPE RODR\u00cdGUEZ\u00bb SHOWCOOKING CON PEPE RODR\u00cdGUEZ, S\u00c1BADO 19 DE AGOSTO EN LA COFRAD\u00cdA DE PESCADORES PHOTOCALL CON PEPE RODR\u00cdGUEZ EN PLAZA LA ESPERANZA DURANTE LA REPESCA DE TODA NUESTRA HOSTELER\u00cdA. REPESCA DURANTE LOS D\u00cdAS 19 Y 20 DE AGOSTO.\" \/>\n<meta property=\"og:url\" content=\"https:\/\/www.colindres.es\/index.php\/project\/feria-con-alma-marinera-pepe-rodriguez\/\" \/>\n<meta property=\"og:site_name\" content=\"Ayuntamiento de Colindres\" \/>\n<meta property=\"article:modified_time\" content=\"2017-08-03T18:03:48+00:00\" \/>\n<meta property=\"og:image\" content=\"https:\/\/www.colindres.es\/wp-content\/uploads\/2017\/08\/CARTEL-DEFINITIVO-724x1024.jpg\" \/>\n\t<meta property=\"og:image:width\" content=\"724\" \/>\n\t<meta property=\"og:image:height\" content=\"1024\" \/>\n\t<meta property=\"og:image:type\" content=\"image\/jpeg\" \/>\n<meta name=\"twitter:card\" content=\"summary_large_image\" \/>\n<script type=\"application\/ld+json\" class=\"yoast-schema-graph\">{\"@context\":\"https:\/\/schema.org\",\"@graph\":[{\"@type\":\"WebPage\",\"@id\":\"https:\/\/www.colindres.es\/index.php\/project\/feria-con-alma-marinera-pepe-rodriguez\/\",\"url\":\"https:\/\/www.colindres.es\/index.php\/project\/feria-con-alma-marinera-pepe-rodriguez\/\",\"name\":\"FERIA CON ALMA MARINERA - PEPE RODR\u00cdGUEZ - Ayuntamiento de Colindres\",\"isPartOf\":{\"@id\":\"https:\/\/www.colindres.es\/#website\"},\"primaryImageOfPage\":{\"@id\":\"https:\/\/www.colindres.es\/index.php\/project\/feria-con-alma-marinera-pepe-rodriguez\/#primaryimage\"},\"image\":{\"@id\":\"https:\/\/www.colindres.es\/index.php\/project\/feria-con-alma-marinera-pepe-rodriguez\/#primaryimage\"},\"thumbnailUrl\":\"https:\/\/www.colindres.es\/wp-content\/uploads\/2017\/08\/CARTEL-DEFINITIVO.jpg\",\"datePublished\":\"2017-08-01T15:00:16+00:00\",\"dateModified\":\"2017-08-03T18:03:48+00:00\",\"breadcrumb\":{\"@id\":\"https:\/\/www.colindres.es\/index.php\/project\/feria-con-alma-marinera-pepe-rodriguez\/#breadcrumb\"},\"inLanguage\":\"es\",\"potentialAction\":[{\"@type\":\"ReadAction\",\"target\":[\"https:\/\/www.colindres.es\/index.php\/project\/feria-con-alma-marinera-pepe-rodriguez\/\"]}]},{\"@type\":\"ImageObject\",\"inLanguage\":\"es\",\"@id\":\"https:\/\/www.colindres.es\/index.php\/project\/feria-con-alma-marinera-pepe-rodriguez\/#primaryimage\",\"url\":\"https:\/\/www.colindres.es\/wp-content\/uploads\/2017\/08\/CARTEL-DEFINITIVO.jpg\",\"contentUrl\":\"https:\/\/www.colindres.es\/wp-content\/uploads\/2017\/08\/CARTEL-DEFINITIVO.jpg\",\"width\":2480,\"height\":3508},{\"@type\":\"BreadcrumbList\",\"@id\":\"https:\/\/www.colindres.es\/index.php\/project\/feria-con-alma-marinera-pepe-rodriguez\/#breadcrumb\",\"itemListElement\":[{\"@type\":\"ListItem\",\"position\":1,\"name\":\"Portada\",\"item\":\"https:\/\/www.colindres.es\/\"},{\"@type\":\"ListItem\",\"position\":2,\"name\":\"Proyectos\",\"item\":\"https:\/\/www.colindres.es\/index.php\/project\/\"},{\"@type\":\"ListItem\",\"position\":3,\"name\":\"FERIA CON ALMA MARINERA &#8211; PEPE RODR\u00cdGUEZ\"}]},{\"@type\":\"WebSite\",\"@id\":\"https:\/\/www.colindres.es\/#website\",\"url\":\"https:\/\/www.colindres.es\/\",\"name\":\"Ayuntamiento de Colindres\",\"description\":\"Dise\u00f1ado por NTIC&#039;s\",\"publisher\":{\"@id\":\"https:\/\/www.colindres.es\/#organization\"},\"potentialAction\":[{\"@type\":\"SearchAction\",\"target\":{\"@type\":\"EntryPoint\",\"urlTemplate\":\"https:\/\/www.colindres.es\/?s={search_term_string}\"},\"query-input\":{\"@type\":\"PropertyValueSpecification\",\"valueRequired\":true,\"valueName\":\"search_term_string\"}}],\"inLanguage\":\"es\"},{\"@type\":\"Organization\",\"@id\":\"https:\/\/www.colindres.es\/#organization\",\"name\":\"AYUNTAMIENTO DE COLINDRES\",\"url\":\"https:\/\/www.colindres.es\/\",\"logo\":{\"@type\":\"ImageObject\",\"inLanguage\":\"es\",\"@id\":\"https:\/\/www.colindres.es\/#\/schema\/logo\/image\/\",\"url\":\"https:\/\/www.colindres.es\/wp-content\/uploads\/2017\/01\/LOGO-PRINCIPAL.jpg\",\"contentUrl\":\"https:\/\/www.colindres.es\/wp-content\/uploads\/2017\/01\/LOGO-PRINCIPAL.jpg\",\"width\":1209,\"height\":579,\"caption\":\"AYUNTAMIENTO DE COLINDRES\"},\"image\":{\"@id\":\"https:\/\/www.colindres.es\/#\/schema\/logo\/image\/\"}}]}<\/script>\n<!-- \/ Yoast SEO plugin. -->","yoast_head_json":{"title":"FERIA CON ALMA MARINERA - PEPE RODR\u00cdGUEZ - Ayuntamiento de Colindres","robots":{"index":"index","follow":"follow","max-snippet":"max-snippet:-1","max-image-preview":"max-image-preview:large","max-video-preview":"max-video-preview:-1"},"canonical":"https:\/\/www.colindres.es\/index.php\/project\/feria-con-alma-marinera-pepe-rodriguez\/","og_locale":"es_ES","og_type":"article","og_title":"FERIA CON ALMA MARINERA - PEPE RODR\u00cdGUEZ - Ayuntamiento de Colindres","og_description":"CONCURSO DE COCINA, INSCRIPCIONES EN WWW.ALMAMARINERACOLINDRES.ES BASES EN WWW.ALMAMARINERACOLINDRES.ES PRESIDENTE DEL JURADO: \u00abPEPE RODR\u00cdGUEZ\u00bb SHOWCOOKING CON PEPE RODR\u00cdGUEZ, S\u00c1BADO 19 DE AGOSTO EN LA COFRAD\u00cdA DE PESCADORES PHOTOCALL CON PEPE RODR\u00cdGUEZ EN PLAZA LA ESPERANZA DURANTE LA REPESCA DE TODA NUESTRA HOSTELER\u00cdA. REPESCA DURANTE LOS D\u00cdAS 19 Y 20 DE AGOSTO.","og_url":"https:\/\/www.colindres.es\/index.php\/project\/feria-con-alma-marinera-pepe-rodriguez\/","og_site_name":"Ayuntamiento de Colindres","article_modified_time":"2017-08-03T18:03:48+00:00","og_image":[{"width":724,"height":1024,"url":"https:\/\/www.colindres.es\/wp-content\/uploads\/2017\/08\/CARTEL-DEFINITIVO-724x1024.jpg","type":"image\/jpeg"}],"twitter_card":"summary_large_image","schema":{"@context":"https:\/\/schema.org","@graph":[{"@type":"WebPage","@id":"https:\/\/www.colindres.es\/index.php\/project\/feria-con-alma-marinera-pepe-rodriguez\/","url":"https:\/\/www.colindres.es\/index.php\/project\/feria-con-alma-marinera-pepe-rodriguez\/","name":"FERIA CON ALMA MARINERA - PEPE RODR\u00cdGUEZ - Ayuntamiento de Colindres","isPartOf":{"@id":"https:\/\/www.colindres.es\/#website"},"primaryImageOfPage":{"@id":"https:\/\/www.colindres.es\/index.php\/project\/feria-con-alma-marinera-pepe-rodriguez\/#primaryimage"},"image":{"@id":"https:\/\/www.colindres.es\/index.php\/project\/feria-con-alma-marinera-pepe-rodriguez\/#primaryimage"},"thumbnailUrl":"https:\/\/www.colindres.es\/wp-content\/uploads\/2017\/08\/CARTEL-DEFINITIVO.jpg","datePublished":"2017-08-01T15:00:16+00:00","dateModified":"2017-08-03T18:03:48+00:00","breadcrumb":{"@id":"https:\/\/www.colindres.es\/index.php\/project\/feria-con-alma-marinera-pepe-rodriguez\/#breadcrumb"},"inLanguage":"es","potentialAction":[{"@type":"ReadAction","target":["https:\/\/www.colindres.es\/index.php\/project\/feria-con-alma-marinera-pepe-rodriguez\/"]}]},{"@type":"ImageObject","inLanguage":"es","@id":"https:\/\/www.colindres.es\/index.php\/project\/feria-con-alma-marinera-pepe-rodriguez\/#primaryimage","url":"https:\/\/www.colindres.es\/wp-content\/uploads\/2017\/08\/CARTEL-DEFINITIVO.jpg","contentUrl":"https:\/\/www.colindres.es\/wp-content\/uploads\/2017\/08\/CARTEL-DEFINITIVO.jpg","width":2480,"height":3508},{"@type":"BreadcrumbList","@id":"https:\/\/www.colindres.es\/index.php\/project\/feria-con-alma-marinera-pepe-rodriguez\/#breadcrumb","itemListElement":[{"@type":"ListItem","position":1,"name":"Portada","item":"https:\/\/www.colindres.es\/"},{"@type":"ListItem","position":2,"name":"Proyectos","item":"https:\/\/www.colindres.es\/index.php\/project\/"},{"@type":"ListItem","position":3,"name":"FERIA CON ALMA MARINERA &#8211; PEPE RODR\u00cdGUEZ"}]},{"@type":"WebSite","@id":"https:\/\/www.colindres.es\/#website","url":"https:\/\/www.colindres.es\/","name":"Ayuntamiento de Colindres","description":"Dise\u00f1ado por NTIC&#039;s","publisher":{"@id":"https:\/\/www.colindres.es\/#organization"},"potentialAction":[{"@type":"SearchAction","target":{"@type":"EntryPoint","urlTemplate":"https:\/\/www.colindres.es\/?s={search_term_string}"},"query-input":{"@type":"PropertyValueSpecification","valueRequired":true,"valueName":"search_term_string"}}],"inLanguage":"es"},{"@type":"Organization","@id":"https:\/\/www.colindres.es\/#organization","name":"AYUNTAMIENTO DE COLINDRES","url":"https:\/\/www.colindres.es\/","logo":{"@type":"ImageObject","inLanguage":"es","@id":"https:\/\/www.colindres.es\/#\/schema\/logo\/image\/","url":"https:\/\/www.colindres.es\/wp-content\/uploads\/2017\/01\/LOGO-PRINCIPAL.jpg","contentUrl":"https:\/\/www.colindres.es\/wp-content\/uploads\/2017\/01\/LOGO-PRINCIPAL.jpg","width":1209,"height":579,"caption":"AYUNTAMIENTO DE COLINDRES"},"image":{"@id":"https:\/\/www.colindres.es\/#\/schema\/logo\/image\/"}}]}},"_links":{"self":[{"href":"https:\/\/www.colindres.es\/index.php\/wp-json\/wp\/v2\/project\/851","targetHints":{"allow":["GET"]}}],"collection":[{"href":"https:\/\/www.colindres.es\/index.php\/wp-json\/wp\/v2\/project"}],"about":[{"href":"https:\/\/www.colindres.es\/index.php\/wp-json\/wp\/v2\/types\/project"}],"author":[{"embeddable":true,"href":"https:\/\/www.colindres.es\/index.php\/wp-json\/wp\/v2\/users\/1"}],"replies":[{"embeddable":true,"href":"https:\/\/www.colindres.es\/index.php\/wp-json\/wp\/v2\/comments?post=851"}],"version-history":[{"count":5,"href":"https:\/\/www.colindres.es\/index.php\/wp-json\/wp\/v2\/project\/851\/revisions"}],"predecessor-version":[{"id":864,"href":"https:\/\/www.colindres.es\/index.php\/wp-json\/wp\/v2\/project\/851\/revisions\/864"}],"wp:featuredmedia":[{"embeddable":true,"href":"https:\/\/www.colindres.es\/index.php\/wp-json\/wp\/v2\/media\/861"}],"wp:attachment":[{"href":"https:\/\/www.colindres.es\/index.php\/wp-json\/wp\/v2\/media?parent=851"}],"wp:term":[{"taxonomy":"project_category","embeddable":true,"href":"https:\/\/www.colindres.es\/index.php\/wp-json\/wp\/v2\/project_category?post=851"},{"taxonomy":"project_tag","embeddable":true,"href":"https:\/\/www.colindres.es\/index.php\/wp-json\/wp\/v2\/project_tag?post=851"}],"curies":[{"name":"wp","href":"https:\/\/api.w.org\/{rel}","templated":true}]}}