{"id":849,"date":"2017-08-01T14:29:38","date_gmt":"2017-08-01T14:29:38","guid":{"rendered":"http:\/\/colindres.es\/?post_type=project&#038;p=849"},"modified":"2017-08-01T14:32:22","modified_gmt":"2017-08-01T14:32:22","slug":"el-ayuntamiento-de-colindres-contratara-a-65-personas-a-traves-del-plan-de-empleo-del-gobierno-de-cantabria","status":"publish","type":"project","link":"https:\/\/www.colindres.es\/index.php\/project\/el-ayuntamiento-de-colindres-contratara-a-65-personas-a-traves-del-plan-de-empleo-del-gobierno-de-cantabria\/","title":{"rendered":"El Ayuntamiento de Colindres contratar\u00e1 a 65 personas a trav\u00e9s del plan de empleo del Gobierno de Cantabria"},"content":{"rendered":"<p><b>El Consistorio ha presentado cinco proyectos a la Orden de Corporaciones Locales y ha recibido una subvenci\u00f3n de 500.000 euros<\/b><\/p>\n<p><b>Los nuevos empleados contribuir\u00e1n a hacer un Colindres \u201cm\u00e1s sostenible y accesible y al mantenimiento y revalorizaci\u00f3n medioambiental de los espacios p\u00fablicos\u201d<\/b><\/p>\n<p><i>Colindres, 1 de Agosto.- <\/i>El Ayuntamiento de Colindres va a contratar a un total de 65 personas en situaci\u00f3n de desempleo para la realizaci\u00f3n de diversas obras y servicios de inter\u00e9s general y social. Estas contrataciones est\u00e1n subvencionadas por la Consejer\u00eda de Econom\u00eda, Hacienda y Empleo del Gobierno de Cantabria, que aportar\u00e1 casi medio mill\u00f3n de euros (497.000 euros), que se complementar\u00e1 con fondos municipales.<\/p>\n<p>El alcalde, Javier Incera, ha explicado que el Ayuntamiento present\u00f3 cinco proyectos a la Orden de Corporaciones Locales que van a permitir la contrataci\u00f3n de estas personas durante un m\u00e1ximo de seis meses a jornada completa. Los trabajos est\u00e1n orientados, fundamentalmente, en lograr un Colindres \u201cm\u00e1s sostenible y accesible y al mantenimiento y revalorizaci\u00f3n medioambiental de los espacios p\u00fablicos\u201d.<\/p>\n<p>El programa de empleo se desarrollar\u00e1 en dos fases, de modo que las primeras contrataciones comenzar\u00e1n a realizarse en los pr\u00f3ximos d\u00edas, mientras que la segunda fase est\u00e1 previsto que se ejecute en diciembre. La selecci\u00f3n de los candidatos ha sido realizada por el Servicio C\u00e1ntabro de Empleo (SCE), que ha sido el encargado de remitir al Ayuntamiento el curr\u00edculum de los aspirantes a cada puesto.<\/p>\n<p>Seg\u00fan ha destacado Incera, el plan de empleo puesto en marcha por el Gobierno de Cantabria tiene un \u201cdoble impacto positivo\u201d, ya que \u201cpor un lado, permite a personas desempleadas acceder a un trabajo durante medio a\u00f1o y adquirir una experiencia laboral que favorecer\u00e1 su reincorporaci\u00f3n al mercado laboral y, por otro lado, posibilita la ejecuci\u00f3n de distintos proyectos a lo largo y ancho del t\u00e9rmino municipal que contribuyen a reforzar los servicios que desde el ayuntamiento se prestan a los vecinos\u201d.<\/p>\n<p>Por su parte, el concejal de Empleo, Adri\u00e1n Seti\u00e9n, ha a\u00f1adido que \u201cestas contrataciones tambi\u00e9n permitir\u00e1n paliar situaciones de necesidad de personas que se encuentren en situaci\u00f3n de exclusi\u00f3n social o en riesgo de estarlo debido a la dificultad de acceso al mercado de trabajo\u201d.<\/p>\n<p><b>Los empleos<\/b><\/p>\n<p>La subvenci\u00f3n recibida por el Consistorio se desglosa en 230.000 euros destinados a la contrataci\u00f3n de desempleados de larga duraci\u00f3n; 210.000 euros para desempleados en general y 57.000 euros para desempleados juveniles.<\/p>\n<p>En concreto, se contratar\u00e1n trece peones forestales y ocho de obra, seis pintores, dos fontaneros, cinco trabajadores de limpieza, siete ordenanzas, dos para archivo y labores administrativas, cuatro gu\u00edas de turismo, catorce monitores de tiempo libre y cuatro medioambientales<\/p>\n","protected":false},"excerpt":{"rendered":"<p>El Consistorio ha presentado cinco proyectos a la Orden de Corporaciones Locales y ha recibido una subvenci\u00f3n de 500.000 euros Los nuevos empleados contribuir\u00e1n a hacer un Colindres \u201cm\u00e1s sostenible y accesible y al mantenimiento y revalorizaci\u00f3n medioambiental de los espacios p\u00fablicos\u201d Colindres, 1 de Agosto.- El Ayuntamiento de Colindres va a contratar a un [&hellip;]<\/p>\n","protected":false},"author":1,"featured_media":661,"comment_status":"open","ping_status":"closed","template":"","meta":{"_et_pb_use_builder":"","_et_pb_old_content":"","_et_gb_content_width":"","footnotes":""},"project_category":[],"project_tag":[],"class_list":["post-849","project","type-project","status-publish","has-post-thumbnail","hentry"],"yoast_head":"<!-- This site is optimized with the Yoast SEO plugin v24.9 - https:\/\/yoast.com\/wordpress\/plugins\/seo\/ -->\n<title>El Ayuntamiento de Colindres contratar\u00e1 a 65 personas a trav\u00e9s del plan de empleo del Gobierno de Cantabria - Ayuntamiento de Colindres<\/title>\n<meta name=\"robots\" content=\"index, follow, max-snippet:-1, max-image-preview:large, max-video-preview:-1\" \/>\n<link rel=\"canonical\" href=\"https:\/\/www.colindres.es\/index.php\/project\/el-ayuntamiento-de-colindres-contratara-a-65-personas-a-traves-del-plan-de-empleo-del-gobierno-de-cantabria\/\" \/>\n<meta property=\"og:locale\" content=\"es_ES\" \/>\n<meta property=\"og:type\" content=\"article\" \/>\n<meta property=\"og:title\" content=\"El Ayuntamiento de Colindres contratar\u00e1 a 65 personas a trav\u00e9s del plan de empleo del Gobierno de Cantabria - Ayuntamiento de Colindres\" \/>\n<meta property=\"og:description\" content=\"El Consistorio ha presentado cinco proyectos a la Orden de Corporaciones Locales y ha recibido una subvenci\u00f3n de 500.000 euros Los nuevos empleados contribuir\u00e1n a hacer un Colindres \u201cm\u00e1s sostenible y accesible y al mantenimiento y revalorizaci\u00f3n medioambiental de los espacios p\u00fablicos\u201d Colindres, 1 de Agosto.- El Ayuntamiento de Colindres va a contratar a un [&hellip;]\" \/>\n<meta property=\"og:url\" content=\"https:\/\/www.colindres.es\/index.php\/project\/el-ayuntamiento-de-colindres-contratara-a-65-personas-a-traves-del-plan-de-empleo-del-gobierno-de-cantabria\/\" \/>\n<meta property=\"og:site_name\" content=\"Ayuntamiento de Colindres\" \/>\n<meta property=\"article:modified_time\" content=\"2017-08-01T14:32:22+00:00\" \/>\n<meta property=\"og:image\" content=\"https:\/\/www.colindres.es\/wp-content\/uploads\/2017\/05\/IMG_0475.jpg\" \/>\n\t<meta property=\"og:image:width\" content=\"5799\" \/>\n\t<meta property=\"og:image:height\" content=\"1904\" \/>\n\t<meta property=\"og:image:type\" content=\"image\/jpeg\" \/>\n<meta name=\"twitter:card\" content=\"summary_large_image\" \/>\n<meta name=\"twitter:label1\" content=\"Tiempo de lectura\" \/>\n\t<meta name=\"twitter:data1\" content=\"2 minutos\" \/>\n<script type=\"application\/ld+json\" class=\"yoast-schema-graph\">{\"@context\":\"https:\/\/schema.org\",\"@graph\":[{\"@type\":\"WebPage\",\"@id\":\"https:\/\/www.colindres.es\/index.php\/project\/el-ayuntamiento-de-colindres-contratara-a-65-personas-a-traves-del-plan-de-empleo-del-gobierno-de-cantabria\/\",\"url\":\"https:\/\/www.colindres.es\/index.php\/project\/el-ayuntamiento-de-colindres-contratara-a-65-personas-a-traves-del-plan-de-empleo-del-gobierno-de-cantabria\/\",\"name\":\"El Ayuntamiento de Colindres contratar\u00e1 a 65 personas a trav\u00e9s del plan de empleo del Gobierno de Cantabria - Ayuntamiento de Colindres\",\"isPartOf\":{\"@id\":\"https:\/\/www.colindres.es\/#website\"},\"primaryImageOfPage\":{\"@id\":\"https:\/\/www.colindres.es\/index.php\/project\/el-ayuntamiento-de-colindres-contratara-a-65-personas-a-traves-del-plan-de-empleo-del-gobierno-de-cantabria\/#primaryimage\"},\"image\":{\"@id\":\"https:\/\/www.colindres.es\/index.php\/project\/el-ayuntamiento-de-colindres-contratara-a-65-personas-a-traves-del-plan-de-empleo-del-gobierno-de-cantabria\/#primaryimage\"},\"thumbnailUrl\":\"https:\/\/www.colindres.es\/wp-content\/uploads\/2017\/05\/IMG_0475.jpg\",\"datePublished\":\"2017-08-01T14:29:38+00:00\",\"dateModified\":\"2017-08-01T14:32:22+00:00\",\"breadcrumb\":{\"@id\":\"https:\/\/www.colindres.es\/index.php\/project\/el-ayuntamiento-de-colindres-contratara-a-65-personas-a-traves-del-plan-de-empleo-del-gobierno-de-cantabria\/#breadcrumb\"},\"inLanguage\":\"es\",\"potentialAction\":[{\"@type\":\"ReadAction\",\"target\":[\"https:\/\/www.colindres.es\/index.php\/project\/el-ayuntamiento-de-colindres-contratara-a-65-personas-a-traves-del-plan-de-empleo-del-gobierno-de-cantabria\/\"]}]},{\"@type\":\"ImageObject\",\"inLanguage\":\"es\",\"@id\":\"https:\/\/www.colindres.es\/index.php\/project\/el-ayuntamiento-de-colindres-contratara-a-65-personas-a-traves-del-plan-de-empleo-del-gobierno-de-cantabria\/#primaryimage\",\"url\":\"https:\/\/www.colindres.es\/wp-content\/uploads\/2017\/05\/IMG_0475.jpg\",\"contentUrl\":\"https:\/\/www.colindres.es\/wp-content\/uploads\/2017\/05\/IMG_0475.jpg\",\"width\":5799,\"height\":1904},{\"@type\":\"BreadcrumbList\",\"@id\":\"https:\/\/www.colindres.es\/index.php\/project\/el-ayuntamiento-de-colindres-contratara-a-65-personas-a-traves-del-plan-de-empleo-del-gobierno-de-cantabria\/#breadcrumb\",\"itemListElement\":[{\"@type\":\"ListItem\",\"position\":1,\"name\":\"Portada\",\"item\":\"https:\/\/www.colindres.es\/\"},{\"@type\":\"ListItem\",\"position\":2,\"name\":\"Proyectos\",\"item\":\"https:\/\/www.colindres.es\/index.php\/project\/\"},{\"@type\":\"ListItem\",\"position\":3,\"name\":\"El Ayuntamiento de Colindres contratar\u00e1 a 65 personas a trav\u00e9s del plan de empleo del Gobierno de Cantabria\"}]},{\"@type\":\"WebSite\",\"@id\":\"https:\/\/www.colindres.es\/#website\",\"url\":\"https:\/\/www.colindres.es\/\",\"name\":\"Ayuntamiento de Colindres\",\"description\":\"Dise\u00f1ado por NTIC&#039;s\",\"publisher\":{\"@id\":\"https:\/\/www.colindres.es\/#organization\"},\"potentialAction\":[{\"@type\":\"SearchAction\",\"target\":{\"@type\":\"EntryPoint\",\"urlTemplate\":\"https:\/\/www.colindres.es\/?s={search_term_string}\"},\"query-input\":{\"@type\":\"PropertyValueSpecification\",\"valueRequired\":true,\"valueName\":\"search_term_string\"}}],\"inLanguage\":\"es\"},{\"@type\":\"Organization\",\"@id\":\"https:\/\/www.colindres.es\/#organization\",\"name\":\"AYUNTAMIENTO DE COLINDRES\",\"url\":\"https:\/\/www.colindres.es\/\",\"logo\":{\"@type\":\"ImageObject\",\"inLanguage\":\"es\",\"@id\":\"https:\/\/www.colindres.es\/#\/schema\/logo\/image\/\",\"url\":\"https:\/\/www.colindres.es\/wp-content\/uploads\/2017\/01\/LOGO-PRINCIPAL.jpg\",\"contentUrl\":\"https:\/\/www.colindres.es\/wp-content\/uploads\/2017\/01\/LOGO-PRINCIPAL.jpg\",\"width\":1209,\"height\":579,\"caption\":\"AYUNTAMIENTO DE COLINDRES\"},\"image\":{\"@id\":\"https:\/\/www.colindres.es\/#\/schema\/logo\/image\/\"}}]}<\/script>\n<!-- \/ Yoast SEO plugin. -->","yoast_head_json":{"title":"El Ayuntamiento de Colindres contratar\u00e1 a 65 personas a trav\u00e9s del plan de empleo del Gobierno de Cantabria - Ayuntamiento de Colindres","robots":{"index":"index","follow":"follow","max-snippet":"max-snippet:-1","max-image-preview":"max-image-preview:large","max-video-preview":"max-video-preview:-1"},"canonical":"https:\/\/www.colindres.es\/index.php\/project\/el-ayuntamiento-de-colindres-contratara-a-65-personas-a-traves-del-plan-de-empleo-del-gobierno-de-cantabria\/","og_locale":"es_ES","og_type":"article","og_title":"El Ayuntamiento de Colindres contratar\u00e1 a 65 personas a trav\u00e9s del plan de empleo del Gobierno de Cantabria - Ayuntamiento de Colindres","og_description":"El Consistorio ha presentado cinco proyectos a la Orden de Corporaciones Locales y ha recibido una subvenci\u00f3n de 500.000 euros Los nuevos empleados contribuir\u00e1n a hacer un Colindres \u201cm\u00e1s sostenible y accesible y al mantenimiento y revalorizaci\u00f3n medioambiental de los espacios p\u00fablicos\u201d Colindres, 1 de Agosto.- El Ayuntamiento de Colindres va a contratar a un [&hellip;]","og_url":"https:\/\/www.colindres.es\/index.php\/project\/el-ayuntamiento-de-colindres-contratara-a-65-personas-a-traves-del-plan-de-empleo-del-gobierno-de-cantabria\/","og_site_name":"Ayuntamiento de Colindres","article_modified_time":"2017-08-01T14:32:22+00:00","og_image":[{"width":5799,"height":1904,"url":"https:\/\/www.colindres.es\/wp-content\/uploads\/2017\/05\/IMG_0475.jpg","type":"image\/jpeg"}],"twitter_card":"summary_large_image","twitter_misc":{"Tiempo de lectura":"2 minutos"},"schema":{"@context":"https:\/\/schema.org","@graph":[{"@type":"WebPage","@id":"https:\/\/www.colindres.es\/index.php\/project\/el-ayuntamiento-de-colindres-contratara-a-65-personas-a-traves-del-plan-de-empleo-del-gobierno-de-cantabria\/","url":"https:\/\/www.colindres.es\/index.php\/project\/el-ayuntamiento-de-colindres-contratara-a-65-personas-a-traves-del-plan-de-empleo-del-gobierno-de-cantabria\/","name":"El Ayuntamiento de Colindres contratar\u00e1 a 65 personas a trav\u00e9s del plan de empleo del Gobierno de Cantabria - Ayuntamiento de Colindres","isPartOf":{"@id":"https:\/\/www.colindres.es\/#website"},"primaryImageOfPage":{"@id":"https:\/\/www.colindres.es\/index.php\/project\/el-ayuntamiento-de-colindres-contratara-a-65-personas-a-traves-del-plan-de-empleo-del-gobierno-de-cantabria\/#primaryimage"},"image":{"@id":"https:\/\/www.colindres.es\/index.php\/project\/el-ayuntamiento-de-colindres-contratara-a-65-personas-a-traves-del-plan-de-empleo-del-gobierno-de-cantabria\/#primaryimage"},"thumbnailUrl":"https:\/\/www.colindres.es\/wp-content\/uploads\/2017\/05\/IMG_0475.jpg","datePublished":"2017-08-01T14:29:38+00:00","dateModified":"2017-08-01T14:32:22+00:00","breadcrumb":{"@id":"https:\/\/www.colindres.es\/index.php\/project\/el-ayuntamiento-de-colindres-contratara-a-65-personas-a-traves-del-plan-de-empleo-del-gobierno-de-cantabria\/#breadcrumb"},"inLanguage":"es","potentialAction":[{"@type":"ReadAction","target":["https:\/\/www.colindres.es\/index.php\/project\/el-ayuntamiento-de-colindres-contratara-a-65-personas-a-traves-del-plan-de-empleo-del-gobierno-de-cantabria\/"]}]},{"@type":"ImageObject","inLanguage":"es","@id":"https:\/\/www.colindres.es\/index.php\/project\/el-ayuntamiento-de-colindres-contratara-a-65-personas-a-traves-del-plan-de-empleo-del-gobierno-de-cantabria\/#primaryimage","url":"https:\/\/www.colindres.es\/wp-content\/uploads\/2017\/05\/IMG_0475.jpg","contentUrl":"https:\/\/www.colindres.es\/wp-content\/uploads\/2017\/05\/IMG_0475.jpg","width":5799,"height":1904},{"@type":"BreadcrumbList","@id":"https:\/\/www.colindres.es\/index.php\/project\/el-ayuntamiento-de-colindres-contratara-a-65-personas-a-traves-del-plan-de-empleo-del-gobierno-de-cantabria\/#breadcrumb","itemListElement":[{"@type":"ListItem","position":1,"name":"Portada","item":"https:\/\/www.colindres.es\/"},{"@type":"ListItem","position":2,"name":"Proyectos","item":"https:\/\/www.colindres.es\/index.php\/project\/"},{"@type":"ListItem","position":3,"name":"El Ayuntamiento de Colindres contratar\u00e1 a 65 personas a trav\u00e9s del plan de empleo del Gobierno de Cantabria"}]},{"@type":"WebSite","@id":"https:\/\/www.colindres.es\/#website","url":"https:\/\/www.colindres.es\/","name":"Ayuntamiento de Colindres","description":"Dise\u00f1ado por NTIC&#039;s","publisher":{"@id":"https:\/\/www.colindres.es\/#organization"},"potentialAction":[{"@type":"SearchAction","target":{"@type":"EntryPoint","urlTemplate":"https:\/\/www.colindres.es\/?s={search_term_string}"},"query-input":{"@type":"PropertyValueSpecification","valueRequired":true,"valueName":"search_term_string"}}],"inLanguage":"es"},{"@type":"Organization","@id":"https:\/\/www.colindres.es\/#organization","name":"AYUNTAMIENTO DE COLINDRES","url":"https:\/\/www.colindres.es\/","logo":{"@type":"ImageObject","inLanguage":"es","@id":"https:\/\/www.colindres.es\/#\/schema\/logo\/image\/","url":"https:\/\/www.colindres.es\/wp-content\/uploads\/2017\/01\/LOGO-PRINCIPAL.jpg","contentUrl":"https:\/\/www.colindres.es\/wp-content\/uploads\/2017\/01\/LOGO-PRINCIPAL.jpg","width":1209,"height":579,"caption":"AYUNTAMIENTO DE COLINDRES"},"image":{"@id":"https:\/\/www.colindres.es\/#\/schema\/logo\/image\/"}}]}},"_links":{"self":[{"href":"https:\/\/www.colindres.es\/index.php\/wp-json\/wp\/v2\/project\/849","targetHints":{"allow":["GET"]}}],"collection":[{"href":"https:\/\/www.colindres.es\/index.php\/wp-json\/wp\/v2\/project"}],"about":[{"href":"https:\/\/www.colindres.es\/index.php\/wp-json\/wp\/v2\/types\/project"}],"author":[{"embeddable":true,"href":"https:\/\/www.colindres.es\/index.php\/wp-json\/wp\/v2\/users\/1"}],"replies":[{"embeddable":true,"href":"https:\/\/www.colindres.es\/index.php\/wp-json\/wp\/v2\/comments?post=849"}],"version-history":[{"count":1,"href":"https:\/\/www.colindres.es\/index.php\/wp-json\/wp\/v2\/project\/849\/revisions"}],"predecessor-version":[{"id":850,"href":"https:\/\/www.colindres.es\/index.php\/wp-json\/wp\/v2\/project\/849\/revisions\/850"}],"wp:featuredmedia":[{"embeddable":true,"href":"https:\/\/www.colindres.es\/index.php\/wp-json\/wp\/v2\/media\/661"}],"wp:attachment":[{"href":"https:\/\/www.colindres.es\/index.php\/wp-json\/wp\/v2\/media?parent=849"}],"wp:term":[{"taxonomy":"project_category","embeddable":true,"href":"https:\/\/www.colindres.es\/index.php\/wp-json\/wp\/v2\/project_category?post=849"},{"taxonomy":"project_tag","embeddable":true,"href":"https:\/\/www.colindres.es\/index.php\/wp-json\/wp\/v2\/project_tag?post=849"}],"curies":[{"name":"wp","href":"https:\/\/api.w.org\/{rel}","templated":true}]}}