{"id":833,"date":"2017-07-29T06:52:35","date_gmt":"2017-07-29T06:52:35","guid":{"rendered":"http:\/\/colindres.es\/?post_type=project&#038;p=833"},"modified":"2017-07-29T06:52:35","modified_gmt":"2017-07-29T06:52:35","slug":"el-ayuntamiento-de-colindres-saca-a-licitacion-la-gestion-del-albergue-y-la-cafeteria-del-centro-de-mayores","status":"publish","type":"project","link":"https:\/\/www.colindres.es\/index.php\/project\/el-ayuntamiento-de-colindres-saca-a-licitacion-la-gestion-del-albergue-y-la-cafeteria-del-centro-de-mayores\/","title":{"rendered":"El Ayuntamiento de Colindres saca a licitaci\u00f3n la gesti\u00f3n del albergue y la cafeter\u00eda del Centro de Mayores"},"content":{"rendered":"<p><b>El canon m\u00ednimo anual es de 1.000 euros y el plazo para presentar ofertas concluye el 9 de agosto\u00a0<\/b><\/p>\n<p><i>Colindres, 12 de julio.-<\/i> El Ayuntamiento de Colindres ha sacado a licitaci\u00f3n por procedimiento abierto la explotaci\u00f3n,\u00a0el mantenimiento y la\u00a0gesti\u00f3n del albergue\u00a0de peregrinos\u00a0y la cafeter\u00eda del Centro de Mayores, ambos ubicados en la Casa de los Maestros.<\/p>\n<p>El plazo de la concesi\u00f3n ser\u00e1 de dos a\u00f1os, a contar desde la formalizaci\u00f3n de la misma, y\u00a0ser\u00e1 posible acordar pr\u00f3rrogas por otros dos a\u00f1os m\u00e1s. El Consistorio ha fijado un canon m\u00ednimo anual de 1.000 euros, pudiendo ser mejorado al alza por las empresas que concurran a la licitaci\u00f3n. El \u00fanico criterio de adjudicaci\u00f3n es el precio.<\/p>\n<p>Los interesados tienen de plazo hasta el pr\u00f3ximo 9 de\u00a0agosto para presentar ofertas en el registro general del Ayuntamiento de Colindres.<\/p>\n<p>Seg\u00fan se recoge en el anuncio, publicado este lunes en el Bolet\u00edn Oficial de Cantabria (BOC), el personal contratado carecer\u00e1 de relaci\u00f3n laboral con el Ayuntamiento, por lo que los salarios y dem\u00e1s costes laborales depender\u00e1n del adjudicatario.<\/p>\n<p>Los pliegos de condiciones administrativas han sido publicados en el Perfil del Contratante de la sede electr\u00f3nica de la web municipal.<\/p>\n","protected":false},"excerpt":{"rendered":"<p>El canon m\u00ednimo anual es de 1.000 euros y el plazo para presentar ofertas concluye el 9 de agosto\u00a0 Colindres, 12 de julio.- El Ayuntamiento de Colindres ha sacado a licitaci\u00f3n por procedimiento abierto la explotaci\u00f3n,\u00a0el mantenimiento y la\u00a0gesti\u00f3n del albergue\u00a0de peregrinos\u00a0y la cafeter\u00eda del Centro de Mayores, ambos ubicados en la Casa de los [&hellip;]<\/p>\n","protected":false},"author":1,"featured_media":834,"comment_status":"open","ping_status":"closed","template":"","meta":{"_et_pb_use_builder":"","_et_pb_old_content":"","_et_gb_content_width":"","footnotes":""},"project_category":[],"project_tag":[],"class_list":["post-833","project","type-project","status-publish","has-post-thumbnail","hentry"],"yoast_head":"<!-- This site is optimized with the Yoast SEO plugin v24.9 - https:\/\/yoast.com\/wordpress\/plugins\/seo\/ -->\n<title>El Ayuntamiento de Colindres saca a licitaci\u00f3n la gesti\u00f3n del albergue y la cafeter\u00eda del Centro de Mayores - Ayuntamiento de Colindres<\/title>\n<meta name=\"robots\" content=\"index, follow, max-snippet:-1, max-image-preview:large, max-video-preview:-1\" \/>\n<link rel=\"canonical\" href=\"https:\/\/www.colindres.es\/index.php\/project\/el-ayuntamiento-de-colindres-saca-a-licitacion-la-gestion-del-albergue-y-la-cafeteria-del-centro-de-mayores\/\" \/>\n<meta property=\"og:locale\" content=\"es_ES\" \/>\n<meta property=\"og:type\" content=\"article\" \/>\n<meta property=\"og:title\" content=\"El Ayuntamiento de Colindres saca a licitaci\u00f3n la gesti\u00f3n del albergue y la cafeter\u00eda del Centro de Mayores - Ayuntamiento de Colindres\" \/>\n<meta property=\"og:description\" content=\"El canon m\u00ednimo anual es de 1.000 euros y el plazo para presentar ofertas concluye el 9 de agosto\u00a0 Colindres, 12 de julio.- El Ayuntamiento de Colindres ha sacado a licitaci\u00f3n por procedimiento abierto la explotaci\u00f3n,\u00a0el mantenimiento y la\u00a0gesti\u00f3n del albergue\u00a0de peregrinos\u00a0y la cafeter\u00eda del Centro de Mayores, ambos ubicados en la Casa de los [&hellip;]\" \/>\n<meta property=\"og:url\" content=\"https:\/\/www.colindres.es\/index.php\/project\/el-ayuntamiento-de-colindres-saca-a-licitacion-la-gestion-del-albergue-y-la-cafeteria-del-centro-de-mayores\/\" \/>\n<meta property=\"og:site_name\" content=\"Ayuntamiento de Colindres\" \/>\n<meta property=\"og:image\" content=\"https:\/\/www.colindres.es\/wp-content\/uploads\/2017\/07\/IMG_1581-1024x768.jpg\" \/>\n\t<meta property=\"og:image:width\" content=\"1024\" \/>\n\t<meta property=\"og:image:height\" content=\"768\" \/>\n\t<meta property=\"og:image:type\" content=\"image\/jpeg\" \/>\n<meta name=\"twitter:card\" content=\"summary_large_image\" \/>\n<meta name=\"twitter:label1\" content=\"Tiempo de lectura\" \/>\n\t<meta name=\"twitter:data1\" content=\"1 minuto\" \/>\n<script type=\"application\/ld+json\" class=\"yoast-schema-graph\">{\"@context\":\"https:\/\/schema.org\",\"@graph\":[{\"@type\":\"WebPage\",\"@id\":\"https:\/\/www.colindres.es\/index.php\/project\/el-ayuntamiento-de-colindres-saca-a-licitacion-la-gestion-del-albergue-y-la-cafeteria-del-centro-de-mayores\/\",\"url\":\"https:\/\/www.colindres.es\/index.php\/project\/el-ayuntamiento-de-colindres-saca-a-licitacion-la-gestion-del-albergue-y-la-cafeteria-del-centro-de-mayores\/\",\"name\":\"El Ayuntamiento de Colindres saca a licitaci\u00f3n la gesti\u00f3n del albergue y la cafeter\u00eda del Centro de Mayores - Ayuntamiento de Colindres\",\"isPartOf\":{\"@id\":\"https:\/\/www.colindres.es\/#website\"},\"primaryImageOfPage\":{\"@id\":\"https:\/\/www.colindres.es\/index.php\/project\/el-ayuntamiento-de-colindres-saca-a-licitacion-la-gestion-del-albergue-y-la-cafeteria-del-centro-de-mayores\/#primaryimage\"},\"image\":{\"@id\":\"https:\/\/www.colindres.es\/index.php\/project\/el-ayuntamiento-de-colindres-saca-a-licitacion-la-gestion-del-albergue-y-la-cafeteria-del-centro-de-mayores\/#primaryimage\"},\"thumbnailUrl\":\"https:\/\/www.colindres.es\/wp-content\/uploads\/2017\/07\/IMG_1581.jpg\",\"datePublished\":\"2017-07-29T06:52:35+00:00\",\"breadcrumb\":{\"@id\":\"https:\/\/www.colindres.es\/index.php\/project\/el-ayuntamiento-de-colindres-saca-a-licitacion-la-gestion-del-albergue-y-la-cafeteria-del-centro-de-mayores\/#breadcrumb\"},\"inLanguage\":\"es\",\"potentialAction\":[{\"@type\":\"ReadAction\",\"target\":[\"https:\/\/www.colindres.es\/index.php\/project\/el-ayuntamiento-de-colindres-saca-a-licitacion-la-gestion-del-albergue-y-la-cafeteria-del-centro-de-mayores\/\"]}]},{\"@type\":\"ImageObject\",\"inLanguage\":\"es\",\"@id\":\"https:\/\/www.colindres.es\/index.php\/project\/el-ayuntamiento-de-colindres-saca-a-licitacion-la-gestion-del-albergue-y-la-cafeteria-del-centro-de-mayores\/#primaryimage\",\"url\":\"https:\/\/www.colindres.es\/wp-content\/uploads\/2017\/07\/IMG_1581.jpg\",\"contentUrl\":\"https:\/\/www.colindres.es\/wp-content\/uploads\/2017\/07\/IMG_1581.jpg\",\"width\":4032,\"height\":3024},{\"@type\":\"BreadcrumbList\",\"@id\":\"https:\/\/www.colindres.es\/index.php\/project\/el-ayuntamiento-de-colindres-saca-a-licitacion-la-gestion-del-albergue-y-la-cafeteria-del-centro-de-mayores\/#breadcrumb\",\"itemListElement\":[{\"@type\":\"ListItem\",\"position\":1,\"name\":\"Portada\",\"item\":\"https:\/\/www.colindres.es\/\"},{\"@type\":\"ListItem\",\"position\":2,\"name\":\"Proyectos\",\"item\":\"https:\/\/www.colindres.es\/index.php\/project\/\"},{\"@type\":\"ListItem\",\"position\":3,\"name\":\"El Ayuntamiento de Colindres saca a licitaci\u00f3n la gesti\u00f3n del albergue y la cafeter\u00eda del Centro de Mayores\"}]},{\"@type\":\"WebSite\",\"@id\":\"https:\/\/www.colindres.es\/#website\",\"url\":\"https:\/\/www.colindres.es\/\",\"name\":\"Ayuntamiento de Colindres\",\"description\":\"Dise\u00f1ado por NTIC&#039;s\",\"publisher\":{\"@id\":\"https:\/\/www.colindres.es\/#organization\"},\"potentialAction\":[{\"@type\":\"SearchAction\",\"target\":{\"@type\":\"EntryPoint\",\"urlTemplate\":\"https:\/\/www.colindres.es\/?s={search_term_string}\"},\"query-input\":{\"@type\":\"PropertyValueSpecification\",\"valueRequired\":true,\"valueName\":\"search_term_string\"}}],\"inLanguage\":\"es\"},{\"@type\":\"Organization\",\"@id\":\"https:\/\/www.colindres.es\/#organization\",\"name\":\"AYUNTAMIENTO DE COLINDRES\",\"url\":\"https:\/\/www.colindres.es\/\",\"logo\":{\"@type\":\"ImageObject\",\"inLanguage\":\"es\",\"@id\":\"https:\/\/www.colindres.es\/#\/schema\/logo\/image\/\",\"url\":\"https:\/\/www.colindres.es\/wp-content\/uploads\/2017\/01\/LOGO-PRINCIPAL.jpg\",\"contentUrl\":\"https:\/\/www.colindres.es\/wp-content\/uploads\/2017\/01\/LOGO-PRINCIPAL.jpg\",\"width\":1209,\"height\":579,\"caption\":\"AYUNTAMIENTO DE COLINDRES\"},\"image\":{\"@id\":\"https:\/\/www.colindres.es\/#\/schema\/logo\/image\/\"}}]}<\/script>\n<!-- \/ Yoast SEO plugin. -->","yoast_head_json":{"title":"El Ayuntamiento de Colindres saca a licitaci\u00f3n la gesti\u00f3n del albergue y la cafeter\u00eda del Centro de Mayores - Ayuntamiento de Colindres","robots":{"index":"index","follow":"follow","max-snippet":"max-snippet:-1","max-image-preview":"max-image-preview:large","max-video-preview":"max-video-preview:-1"},"canonical":"https:\/\/www.colindres.es\/index.php\/project\/el-ayuntamiento-de-colindres-saca-a-licitacion-la-gestion-del-albergue-y-la-cafeteria-del-centro-de-mayores\/","og_locale":"es_ES","og_type":"article","og_title":"El Ayuntamiento de Colindres saca a licitaci\u00f3n la gesti\u00f3n del albergue y la cafeter\u00eda del Centro de Mayores - Ayuntamiento de Colindres","og_description":"El canon m\u00ednimo anual es de 1.000 euros y el plazo para presentar ofertas concluye el 9 de agosto\u00a0 Colindres, 12 de julio.- El Ayuntamiento de Colindres ha sacado a licitaci\u00f3n por procedimiento abierto la explotaci\u00f3n,\u00a0el mantenimiento y la\u00a0gesti\u00f3n del albergue\u00a0de peregrinos\u00a0y la cafeter\u00eda del Centro de Mayores, ambos ubicados en la Casa de los [&hellip;]","og_url":"https:\/\/www.colindres.es\/index.php\/project\/el-ayuntamiento-de-colindres-saca-a-licitacion-la-gestion-del-albergue-y-la-cafeteria-del-centro-de-mayores\/","og_site_name":"Ayuntamiento de Colindres","og_image":[{"width":1024,"height":768,"url":"https:\/\/www.colindres.es\/wp-content\/uploads\/2017\/07\/IMG_1581-1024x768.jpg","type":"image\/jpeg"}],"twitter_card":"summary_large_image","twitter_misc":{"Tiempo de lectura":"1 minuto"},"schema":{"@context":"https:\/\/schema.org","@graph":[{"@type":"WebPage","@id":"https:\/\/www.colindres.es\/index.php\/project\/el-ayuntamiento-de-colindres-saca-a-licitacion-la-gestion-del-albergue-y-la-cafeteria-del-centro-de-mayores\/","url":"https:\/\/www.colindres.es\/index.php\/project\/el-ayuntamiento-de-colindres-saca-a-licitacion-la-gestion-del-albergue-y-la-cafeteria-del-centro-de-mayores\/","name":"El Ayuntamiento de Colindres saca a licitaci\u00f3n la gesti\u00f3n del albergue y la cafeter\u00eda del Centro de Mayores - Ayuntamiento de Colindres","isPartOf":{"@id":"https:\/\/www.colindres.es\/#website"},"primaryImageOfPage":{"@id":"https:\/\/www.colindres.es\/index.php\/project\/el-ayuntamiento-de-colindres-saca-a-licitacion-la-gestion-del-albergue-y-la-cafeteria-del-centro-de-mayores\/#primaryimage"},"image":{"@id":"https:\/\/www.colindres.es\/index.php\/project\/el-ayuntamiento-de-colindres-saca-a-licitacion-la-gestion-del-albergue-y-la-cafeteria-del-centro-de-mayores\/#primaryimage"},"thumbnailUrl":"https:\/\/www.colindres.es\/wp-content\/uploads\/2017\/07\/IMG_1581.jpg","datePublished":"2017-07-29T06:52:35+00:00","breadcrumb":{"@id":"https:\/\/www.colindres.es\/index.php\/project\/el-ayuntamiento-de-colindres-saca-a-licitacion-la-gestion-del-albergue-y-la-cafeteria-del-centro-de-mayores\/#breadcrumb"},"inLanguage":"es","potentialAction":[{"@type":"ReadAction","target":["https:\/\/www.colindres.es\/index.php\/project\/el-ayuntamiento-de-colindres-saca-a-licitacion-la-gestion-del-albergue-y-la-cafeteria-del-centro-de-mayores\/"]}]},{"@type":"ImageObject","inLanguage":"es","@id":"https:\/\/www.colindres.es\/index.php\/project\/el-ayuntamiento-de-colindres-saca-a-licitacion-la-gestion-del-albergue-y-la-cafeteria-del-centro-de-mayores\/#primaryimage","url":"https:\/\/www.colindres.es\/wp-content\/uploads\/2017\/07\/IMG_1581.jpg","contentUrl":"https:\/\/www.colindres.es\/wp-content\/uploads\/2017\/07\/IMG_1581.jpg","width":4032,"height":3024},{"@type":"BreadcrumbList","@id":"https:\/\/www.colindres.es\/index.php\/project\/el-ayuntamiento-de-colindres-saca-a-licitacion-la-gestion-del-albergue-y-la-cafeteria-del-centro-de-mayores\/#breadcrumb","itemListElement":[{"@type":"ListItem","position":1,"name":"Portada","item":"https:\/\/www.colindres.es\/"},{"@type":"ListItem","position":2,"name":"Proyectos","item":"https:\/\/www.colindres.es\/index.php\/project\/"},{"@type":"ListItem","position":3,"name":"El Ayuntamiento de Colindres saca a licitaci\u00f3n la gesti\u00f3n del albergue y la cafeter\u00eda del Centro de Mayores"}]},{"@type":"WebSite","@id":"https:\/\/www.colindres.es\/#website","url":"https:\/\/www.colindres.es\/","name":"Ayuntamiento de Colindres","description":"Dise\u00f1ado por NTIC&#039;s","publisher":{"@id":"https:\/\/www.colindres.es\/#organization"},"potentialAction":[{"@type":"SearchAction","target":{"@type":"EntryPoint","urlTemplate":"https:\/\/www.colindres.es\/?s={search_term_string}"},"query-input":{"@type":"PropertyValueSpecification","valueRequired":true,"valueName":"search_term_string"}}],"inLanguage":"es"},{"@type":"Organization","@id":"https:\/\/www.colindres.es\/#organization","name":"AYUNTAMIENTO DE COLINDRES","url":"https:\/\/www.colindres.es\/","logo":{"@type":"ImageObject","inLanguage":"es","@id":"https:\/\/www.colindres.es\/#\/schema\/logo\/image\/","url":"https:\/\/www.colindres.es\/wp-content\/uploads\/2017\/01\/LOGO-PRINCIPAL.jpg","contentUrl":"https:\/\/www.colindres.es\/wp-content\/uploads\/2017\/01\/LOGO-PRINCIPAL.jpg","width":1209,"height":579,"caption":"AYUNTAMIENTO DE COLINDRES"},"image":{"@id":"https:\/\/www.colindres.es\/#\/schema\/logo\/image\/"}}]}},"_links":{"self":[{"href":"https:\/\/www.colindres.es\/index.php\/wp-json\/wp\/v2\/project\/833","targetHints":{"allow":["GET"]}}],"collection":[{"href":"https:\/\/www.colindres.es\/index.php\/wp-json\/wp\/v2\/project"}],"about":[{"href":"https:\/\/www.colindres.es\/index.php\/wp-json\/wp\/v2\/types\/project"}],"author":[{"embeddable":true,"href":"https:\/\/www.colindres.es\/index.php\/wp-json\/wp\/v2\/users\/1"}],"replies":[{"embeddable":true,"href":"https:\/\/www.colindres.es\/index.php\/wp-json\/wp\/v2\/comments?post=833"}],"version-history":[{"count":1,"href":"https:\/\/www.colindres.es\/index.php\/wp-json\/wp\/v2\/project\/833\/revisions"}],"predecessor-version":[{"id":835,"href":"https:\/\/www.colindres.es\/index.php\/wp-json\/wp\/v2\/project\/833\/revisions\/835"}],"wp:featuredmedia":[{"embeddable":true,"href":"https:\/\/www.colindres.es\/index.php\/wp-json\/wp\/v2\/media\/834"}],"wp:attachment":[{"href":"https:\/\/www.colindres.es\/index.php\/wp-json\/wp\/v2\/media?parent=833"}],"wp:term":[{"taxonomy":"project_category","embeddable":true,"href":"https:\/\/www.colindres.es\/index.php\/wp-json\/wp\/v2\/project_category?post=833"},{"taxonomy":"project_tag","embeddable":true,"href":"https:\/\/www.colindres.es\/index.php\/wp-json\/wp\/v2\/project_tag?post=833"}],"curies":[{"name":"wp","href":"https:\/\/api.w.org\/{rel}","templated":true}]}}