{"id":830,"date":"2017-07-28T10:03:46","date_gmt":"2017-07-28T10:03:46","guid":{"rendered":"http:\/\/colindres.es\/?post_type=project&#038;p=830"},"modified":"2017-07-28T10:03:46","modified_gmt":"2017-07-28T10:03:46","slug":"el-ayuntamiento-de-colindres-cede-a-educacion-una-parcela-de-3-200-metros-cuadrados-para-la-ampliacion-del-instituto-valentin-turienzo","status":"publish","type":"project","link":"https:\/\/www.colindres.es\/index.php\/project\/el-ayuntamiento-de-colindres-cede-a-educacion-una-parcela-de-3-200-metros-cuadrados-para-la-ampliacion-del-instituto-valentin-turienzo\/","title":{"rendered":"El Ayuntamiento de Colindres cede a Educaci\u00f3n una parcela de 3.200 metros cuadrados para la ampliaci\u00f3n del Instituto Valent\u00edn Turienzo"},"content":{"rendered":"<p>La Consejer\u00eda licitar\u00e1 la redacci\u00f3n del proyecto \u201cen los pr\u00f3ximos d\u00edas\u201d\u00a0y ejecutar\u00e1 las obras durante el pr\u00f3ximo verano<\/p>\n<p>Colindres, 27 de Julio.- El Pleno del Ayuntamiento de Colindres ha aprobado este jueves con el voto a favor de PSOE y PP y la abstenci\u00f3n del PRC la cesi\u00f3n de una parcela de 3.200 metros cuadrados a la Consejer\u00eda de Educaci\u00f3n del Gobierno de Cantabria para que lleve a cabo la ampliaci\u00f3n del IES Valent\u00edn Turienzo.<\/p>\n<p>Los terrenos se encuentran colindantes al centro, son de titularidad municipal y ya estuvieron a disposici\u00f3n del anterior Gobierno regional.<\/p>\n<p>\u201cSu cesi\u00f3n se produce ahora porque existe un compromiso claro y rotundo, con unos plazos concretos, por parte de los actuales responsables de la Consejer\u00eda de Educaci\u00f3n para acometer las obras\u201d, ha se\u00f1alado el alcalde, Javier Incera, en una nota de prensa.<\/p>\n<p>As\u00ed, el departamento que dirige Ram\u00f3n Ruiz ha comunicado al Consistorio que tiene consignada una partida econ\u00f3mica para la redacci\u00f3n del proyecto y que este saldr\u00e1 a licitaci\u00f3n \u201cen los pr\u00f3ximos d\u00edas\u201d. \u201cEl objetivo es que los tr\u00e1mites administrativos est\u00e9n finalizados antes de que concluya el pr\u00f3ximo curso y la previsi\u00f3n es que las obras se ejecuten durante las vacaciones de verano para no interferir en el desarrollo normal de las clases\u201d, ha apuntado el alcalde.<\/p>\n<p>El nuevo proyecto seguir\u00e1 el informe de necesidades elaborado por la direcci\u00f3n del centro. De este modo, la Consejer\u00eda construir\u00e1 un nuevo edificio, que contar\u00e1 con 1.000 metros cuadrados de nueva planta y dispondr\u00e1 de ocho aulas adicionales. La Consejer\u00eda tambi\u00e9n incrementar\u00e1 la zona de esparcimiento para los j\u00f3venes y habilitar\u00e1 un patio cubierto de 350 metros cuadrados.<\/p>\n<p>La ampliaci\u00f3n del IES Valent\u00edn Turienzo es una \u201cdemanda compartida\u201d por el Ayuntamiento de Colindres, por la direcci\u00f3n del centro y por el AMPA.<\/p>\n<p>\u201cEl instituto se hab\u00eda quedado peque\u00f1o ante el aumento del n\u00famero de alumnos escolarizados y su ampliaci\u00f3n es muy necesaria para dar respuesta a las necesidades de los vecinos\u201d, ha defendido el alcalde, quien ha indicado que las nuevas instalaciones \u201ctienen que estar lista antes de que acabe la legislatura, para el curso 2018\/2019, tal y como se comprometi\u00f3 el consejero de Educaci\u00f3n\u201d.<\/p>\n<p>\u201cEs una gran noticia para Colindres. Con la puesta en marcha del nuevo edificio cubriremos la demanda presente y futura de escolarizaci\u00f3n y podremos hacer frente en el \u00e1rea educativa al continuo incremento de poblaci\u00f3n que estamos registrando en el municipio\u201d, ha concluido Incera.<\/p>\n","protected":false},"excerpt":{"rendered":"<p>La Consejer\u00eda licitar\u00e1 la redacci\u00f3n del proyecto \u201cen los pr\u00f3ximos d\u00edas\u201d\u00a0y ejecutar\u00e1 las obras durante el pr\u00f3ximo verano Colindres, 27 de Julio.- El Pleno del Ayuntamiento de Colindres ha aprobado este jueves con el voto a favor de PSOE y PP y la abstenci\u00f3n del PRC la cesi\u00f3n de una parcela de 3.200 metros cuadrados [&hellip;]<\/p>\n","protected":false},"author":1,"featured_media":831,"comment_status":"open","ping_status":"closed","template":"","meta":{"_et_pb_use_builder":"","_et_pb_old_content":"","_et_gb_content_width":"","footnotes":""},"project_category":[],"project_tag":[],"class_list":["post-830","project","type-project","status-publish","has-post-thumbnail","hentry"],"yoast_head":"<!-- This site is optimized with the Yoast SEO plugin v24.9 - https:\/\/yoast.com\/wordpress\/plugins\/seo\/ -->\n<title>El Ayuntamiento de Colindres cede a Educaci\u00f3n una parcela de 3.200 metros cuadrados para la ampliaci\u00f3n del Instituto Valent\u00edn Turienzo - Ayuntamiento de Colindres<\/title>\n<meta name=\"robots\" content=\"index, follow, max-snippet:-1, max-image-preview:large, max-video-preview:-1\" \/>\n<link rel=\"canonical\" href=\"https:\/\/www.colindres.es\/index.php\/project\/el-ayuntamiento-de-colindres-cede-a-educacion-una-parcela-de-3-200-metros-cuadrados-para-la-ampliacion-del-instituto-valentin-turienzo\/\" \/>\n<meta property=\"og:locale\" content=\"es_ES\" \/>\n<meta property=\"og:type\" content=\"article\" \/>\n<meta property=\"og:title\" content=\"El Ayuntamiento de Colindres cede a Educaci\u00f3n una parcela de 3.200 metros cuadrados para la ampliaci\u00f3n del Instituto Valent\u00edn Turienzo - Ayuntamiento de Colindres\" \/>\n<meta property=\"og:description\" content=\"La Consejer\u00eda licitar\u00e1 la redacci\u00f3n del proyecto \u201cen los pr\u00f3ximos d\u00edas\u201d\u00a0y ejecutar\u00e1 las obras durante el pr\u00f3ximo verano Colindres, 27 de Julio.- El Pleno del Ayuntamiento de Colindres ha aprobado este jueves con el voto a favor de PSOE y PP y la abstenci\u00f3n del PRC la cesi\u00f3n de una parcela de 3.200 metros cuadrados [&hellip;]\" \/>\n<meta property=\"og:url\" content=\"https:\/\/www.colindres.es\/index.php\/project\/el-ayuntamiento-de-colindres-cede-a-educacion-una-parcela-de-3-200-metros-cuadrados-para-la-ampliacion-del-instituto-valentin-turienzo\/\" \/>\n<meta property=\"og:site_name\" content=\"Ayuntamiento de Colindres\" \/>\n<meta property=\"og:image\" content=\"https:\/\/www.colindres.es\/wp-content\/uploads\/2017\/07\/IMG_1611-1024x440.jpg\" \/>\n\t<meta property=\"og:image:width\" content=\"1024\" \/>\n\t<meta property=\"og:image:height\" content=\"440\" \/>\n\t<meta property=\"og:image:type\" content=\"image\/jpeg\" \/>\n<meta name=\"twitter:card\" content=\"summary_large_image\" \/>\n<meta name=\"twitter:label1\" content=\"Tiempo de lectura\" \/>\n\t<meta name=\"twitter:data1\" content=\"2 minutos\" \/>\n<script type=\"application\/ld+json\" class=\"yoast-schema-graph\">{\"@context\":\"https:\/\/schema.org\",\"@graph\":[{\"@type\":\"WebPage\",\"@id\":\"https:\/\/www.colindres.es\/index.php\/project\/el-ayuntamiento-de-colindres-cede-a-educacion-una-parcela-de-3-200-metros-cuadrados-para-la-ampliacion-del-instituto-valentin-turienzo\/\",\"url\":\"https:\/\/www.colindres.es\/index.php\/project\/el-ayuntamiento-de-colindres-cede-a-educacion-una-parcela-de-3-200-metros-cuadrados-para-la-ampliacion-del-instituto-valentin-turienzo\/\",\"name\":\"El Ayuntamiento de Colindres cede a Educaci\u00f3n una parcela de 3.200 metros cuadrados para la ampliaci\u00f3n del Instituto Valent\u00edn Turienzo - Ayuntamiento de Colindres\",\"isPartOf\":{\"@id\":\"https:\/\/www.colindres.es\/#website\"},\"primaryImageOfPage\":{\"@id\":\"https:\/\/www.colindres.es\/index.php\/project\/el-ayuntamiento-de-colindres-cede-a-educacion-una-parcela-de-3-200-metros-cuadrados-para-la-ampliacion-del-instituto-valentin-turienzo\/#primaryimage\"},\"image\":{\"@id\":\"https:\/\/www.colindres.es\/index.php\/project\/el-ayuntamiento-de-colindres-cede-a-educacion-una-parcela-de-3-200-metros-cuadrados-para-la-ampliacion-del-instituto-valentin-turienzo\/#primaryimage\"},\"thumbnailUrl\":\"https:\/\/www.colindres.es\/wp-content\/uploads\/2017\/07\/IMG_1611.jpg\",\"datePublished\":\"2017-07-28T10:03:46+00:00\",\"breadcrumb\":{\"@id\":\"https:\/\/www.colindres.es\/index.php\/project\/el-ayuntamiento-de-colindres-cede-a-educacion-una-parcela-de-3-200-metros-cuadrados-para-la-ampliacion-del-instituto-valentin-turienzo\/#breadcrumb\"},\"inLanguage\":\"es\",\"potentialAction\":[{\"@type\":\"ReadAction\",\"target\":[\"https:\/\/www.colindres.es\/index.php\/project\/el-ayuntamiento-de-colindres-cede-a-educacion-una-parcela-de-3-200-metros-cuadrados-para-la-ampliacion-del-instituto-valentin-turienzo\/\"]}]},{\"@type\":\"ImageObject\",\"inLanguage\":\"es\",\"@id\":\"https:\/\/www.colindres.es\/index.php\/project\/el-ayuntamiento-de-colindres-cede-a-educacion-una-parcela-de-3-200-metros-cuadrados-para-la-ampliacion-del-instituto-valentin-turienzo\/#primaryimage\",\"url\":\"https:\/\/www.colindres.es\/wp-content\/uploads\/2017\/07\/IMG_1611.jpg\",\"contentUrl\":\"https:\/\/www.colindres.es\/wp-content\/uploads\/2017\/07\/IMG_1611.jpg\",\"width\":8886,\"height\":3816},{\"@type\":\"BreadcrumbList\",\"@id\":\"https:\/\/www.colindres.es\/index.php\/project\/el-ayuntamiento-de-colindres-cede-a-educacion-una-parcela-de-3-200-metros-cuadrados-para-la-ampliacion-del-instituto-valentin-turienzo\/#breadcrumb\",\"itemListElement\":[{\"@type\":\"ListItem\",\"position\":1,\"name\":\"Portada\",\"item\":\"https:\/\/www.colindres.es\/\"},{\"@type\":\"ListItem\",\"position\":2,\"name\":\"Proyectos\",\"item\":\"https:\/\/www.colindres.es\/index.php\/project\/\"},{\"@type\":\"ListItem\",\"position\":3,\"name\":\"El Ayuntamiento de Colindres cede a Educaci\u00f3n una parcela de 3.200 metros cuadrados para la ampliaci\u00f3n del Instituto Valent\u00edn Turienzo\"}]},{\"@type\":\"WebSite\",\"@id\":\"https:\/\/www.colindres.es\/#website\",\"url\":\"https:\/\/www.colindres.es\/\",\"name\":\"Ayuntamiento de Colindres\",\"description\":\"Dise\u00f1ado por NTIC&#039;s\",\"publisher\":{\"@id\":\"https:\/\/www.colindres.es\/#organization\"},\"potentialAction\":[{\"@type\":\"SearchAction\",\"target\":{\"@type\":\"EntryPoint\",\"urlTemplate\":\"https:\/\/www.colindres.es\/?s={search_term_string}\"},\"query-input\":{\"@type\":\"PropertyValueSpecification\",\"valueRequired\":true,\"valueName\":\"search_term_string\"}}],\"inLanguage\":\"es\"},{\"@type\":\"Organization\",\"@id\":\"https:\/\/www.colindres.es\/#organization\",\"name\":\"AYUNTAMIENTO DE COLINDRES\",\"url\":\"https:\/\/www.colindres.es\/\",\"logo\":{\"@type\":\"ImageObject\",\"inLanguage\":\"es\",\"@id\":\"https:\/\/www.colindres.es\/#\/schema\/logo\/image\/\",\"url\":\"https:\/\/www.colindres.es\/wp-content\/uploads\/2017\/01\/LOGO-PRINCIPAL.jpg\",\"contentUrl\":\"https:\/\/www.colindres.es\/wp-content\/uploads\/2017\/01\/LOGO-PRINCIPAL.jpg\",\"width\":1209,\"height\":579,\"caption\":\"AYUNTAMIENTO DE COLINDRES\"},\"image\":{\"@id\":\"https:\/\/www.colindres.es\/#\/schema\/logo\/image\/\"}}]}<\/script>\n<!-- \/ Yoast SEO plugin. -->","yoast_head_json":{"title":"El Ayuntamiento de Colindres cede a Educaci\u00f3n una parcela de 3.200 metros cuadrados para la ampliaci\u00f3n del Instituto Valent\u00edn Turienzo - Ayuntamiento de Colindres","robots":{"index":"index","follow":"follow","max-snippet":"max-snippet:-1","max-image-preview":"max-image-preview:large","max-video-preview":"max-video-preview:-1"},"canonical":"https:\/\/www.colindres.es\/index.php\/project\/el-ayuntamiento-de-colindres-cede-a-educacion-una-parcela-de-3-200-metros-cuadrados-para-la-ampliacion-del-instituto-valentin-turienzo\/","og_locale":"es_ES","og_type":"article","og_title":"El Ayuntamiento de Colindres cede a Educaci\u00f3n una parcela de 3.200 metros cuadrados para la ampliaci\u00f3n del Instituto Valent\u00edn Turienzo - Ayuntamiento de Colindres","og_description":"La Consejer\u00eda licitar\u00e1 la redacci\u00f3n del proyecto \u201cen los pr\u00f3ximos d\u00edas\u201d\u00a0y ejecutar\u00e1 las obras durante el pr\u00f3ximo verano Colindres, 27 de Julio.- El Pleno del Ayuntamiento de Colindres ha aprobado este jueves con el voto a favor de PSOE y PP y la abstenci\u00f3n del PRC la cesi\u00f3n de una parcela de 3.200 metros cuadrados [&hellip;]","og_url":"https:\/\/www.colindres.es\/index.php\/project\/el-ayuntamiento-de-colindres-cede-a-educacion-una-parcela-de-3-200-metros-cuadrados-para-la-ampliacion-del-instituto-valentin-turienzo\/","og_site_name":"Ayuntamiento de Colindres","og_image":[{"width":1024,"height":440,"url":"https:\/\/www.colindres.es\/wp-content\/uploads\/2017\/07\/IMG_1611-1024x440.jpg","type":"image\/jpeg"}],"twitter_card":"summary_large_image","twitter_misc":{"Tiempo de lectura":"2 minutos"},"schema":{"@context":"https:\/\/schema.org","@graph":[{"@type":"WebPage","@id":"https:\/\/www.colindres.es\/index.php\/project\/el-ayuntamiento-de-colindres-cede-a-educacion-una-parcela-de-3-200-metros-cuadrados-para-la-ampliacion-del-instituto-valentin-turienzo\/","url":"https:\/\/www.colindres.es\/index.php\/project\/el-ayuntamiento-de-colindres-cede-a-educacion-una-parcela-de-3-200-metros-cuadrados-para-la-ampliacion-del-instituto-valentin-turienzo\/","name":"El Ayuntamiento de Colindres cede a Educaci\u00f3n una parcela de 3.200 metros cuadrados para la ampliaci\u00f3n del Instituto Valent\u00edn Turienzo - Ayuntamiento de Colindres","isPartOf":{"@id":"https:\/\/www.colindres.es\/#website"},"primaryImageOfPage":{"@id":"https:\/\/www.colindres.es\/index.php\/project\/el-ayuntamiento-de-colindres-cede-a-educacion-una-parcela-de-3-200-metros-cuadrados-para-la-ampliacion-del-instituto-valentin-turienzo\/#primaryimage"},"image":{"@id":"https:\/\/www.colindres.es\/index.php\/project\/el-ayuntamiento-de-colindres-cede-a-educacion-una-parcela-de-3-200-metros-cuadrados-para-la-ampliacion-del-instituto-valentin-turienzo\/#primaryimage"},"thumbnailUrl":"https:\/\/www.colindres.es\/wp-content\/uploads\/2017\/07\/IMG_1611.jpg","datePublished":"2017-07-28T10:03:46+00:00","breadcrumb":{"@id":"https:\/\/www.colindres.es\/index.php\/project\/el-ayuntamiento-de-colindres-cede-a-educacion-una-parcela-de-3-200-metros-cuadrados-para-la-ampliacion-del-instituto-valentin-turienzo\/#breadcrumb"},"inLanguage":"es","potentialAction":[{"@type":"ReadAction","target":["https:\/\/www.colindres.es\/index.php\/project\/el-ayuntamiento-de-colindres-cede-a-educacion-una-parcela-de-3-200-metros-cuadrados-para-la-ampliacion-del-instituto-valentin-turienzo\/"]}]},{"@type":"ImageObject","inLanguage":"es","@id":"https:\/\/www.colindres.es\/index.php\/project\/el-ayuntamiento-de-colindres-cede-a-educacion-una-parcela-de-3-200-metros-cuadrados-para-la-ampliacion-del-instituto-valentin-turienzo\/#primaryimage","url":"https:\/\/www.colindres.es\/wp-content\/uploads\/2017\/07\/IMG_1611.jpg","contentUrl":"https:\/\/www.colindres.es\/wp-content\/uploads\/2017\/07\/IMG_1611.jpg","width":8886,"height":3816},{"@type":"BreadcrumbList","@id":"https:\/\/www.colindres.es\/index.php\/project\/el-ayuntamiento-de-colindres-cede-a-educacion-una-parcela-de-3-200-metros-cuadrados-para-la-ampliacion-del-instituto-valentin-turienzo\/#breadcrumb","itemListElement":[{"@type":"ListItem","position":1,"name":"Portada","item":"https:\/\/www.colindres.es\/"},{"@type":"ListItem","position":2,"name":"Proyectos","item":"https:\/\/www.colindres.es\/index.php\/project\/"},{"@type":"ListItem","position":3,"name":"El Ayuntamiento de Colindres cede a Educaci\u00f3n una parcela de 3.200 metros cuadrados para la ampliaci\u00f3n del Instituto Valent\u00edn Turienzo"}]},{"@type":"WebSite","@id":"https:\/\/www.colindres.es\/#website","url":"https:\/\/www.colindres.es\/","name":"Ayuntamiento de Colindres","description":"Dise\u00f1ado por NTIC&#039;s","publisher":{"@id":"https:\/\/www.colindres.es\/#organization"},"potentialAction":[{"@type":"SearchAction","target":{"@type":"EntryPoint","urlTemplate":"https:\/\/www.colindres.es\/?s={search_term_string}"},"query-input":{"@type":"PropertyValueSpecification","valueRequired":true,"valueName":"search_term_string"}}],"inLanguage":"es"},{"@type":"Organization","@id":"https:\/\/www.colindres.es\/#organization","name":"AYUNTAMIENTO DE COLINDRES","url":"https:\/\/www.colindres.es\/","logo":{"@type":"ImageObject","inLanguage":"es","@id":"https:\/\/www.colindres.es\/#\/schema\/logo\/image\/","url":"https:\/\/www.colindres.es\/wp-content\/uploads\/2017\/01\/LOGO-PRINCIPAL.jpg","contentUrl":"https:\/\/www.colindres.es\/wp-content\/uploads\/2017\/01\/LOGO-PRINCIPAL.jpg","width":1209,"height":579,"caption":"AYUNTAMIENTO DE COLINDRES"},"image":{"@id":"https:\/\/www.colindres.es\/#\/schema\/logo\/image\/"}}]}},"_links":{"self":[{"href":"https:\/\/www.colindres.es\/index.php\/wp-json\/wp\/v2\/project\/830","targetHints":{"allow":["GET"]}}],"collection":[{"href":"https:\/\/www.colindres.es\/index.php\/wp-json\/wp\/v2\/project"}],"about":[{"href":"https:\/\/www.colindres.es\/index.php\/wp-json\/wp\/v2\/types\/project"}],"author":[{"embeddable":true,"href":"https:\/\/www.colindres.es\/index.php\/wp-json\/wp\/v2\/users\/1"}],"replies":[{"embeddable":true,"href":"https:\/\/www.colindres.es\/index.php\/wp-json\/wp\/v2\/comments?post=830"}],"version-history":[{"count":1,"href":"https:\/\/www.colindres.es\/index.php\/wp-json\/wp\/v2\/project\/830\/revisions"}],"predecessor-version":[{"id":832,"href":"https:\/\/www.colindres.es\/index.php\/wp-json\/wp\/v2\/project\/830\/revisions\/832"}],"wp:featuredmedia":[{"embeddable":true,"href":"https:\/\/www.colindres.es\/index.php\/wp-json\/wp\/v2\/media\/831"}],"wp:attachment":[{"href":"https:\/\/www.colindres.es\/index.php\/wp-json\/wp\/v2\/media?parent=830"}],"wp:term":[{"taxonomy":"project_category","embeddable":true,"href":"https:\/\/www.colindres.es\/index.php\/wp-json\/wp\/v2\/project_category?post=830"},{"taxonomy":"project_tag","embeddable":true,"href":"https:\/\/www.colindres.es\/index.php\/wp-json\/wp\/v2\/project_tag?post=830"}],"curies":[{"name":"wp","href":"https:\/\/api.w.org\/{rel}","templated":true}]}}