{"id":826,"date":"2017-07-26T11:40:47","date_gmt":"2017-07-26T11:40:47","guid":{"rendered":"http:\/\/colindres.es\/?post_type=project&#038;p=826"},"modified":"2017-07-26T11:40:47","modified_gmt":"2017-07-26T11:40:47","slug":"desarrollo-rural-retira-el-observatorio-de-aves-del-paseo-maritimo-de-colindres-a-peticion-del-ayuntamiento","status":"publish","type":"project","link":"https:\/\/www.colindres.es\/index.php\/project\/desarrollo-rural-retira-el-observatorio-de-aves-del-paseo-maritimo-de-colindres-a-peticion-del-ayuntamiento\/","title":{"rendered":"Desarrollo Rural retira el observatorio de aves del paseo mar\u00edtimo de Colindres a petici\u00f3n del Ayuntamiento"},"content":{"rendered":"<p><span style=\"color: #000000; font-family: Calibri; font-size: medium;\">El Consistorio comienza a trabajar de \u201cinmediato\u201d en la redacci\u00f3n de un proyecto para habilitar en la zona un parque de ocio juvenil, que incluir\u00e1 una pista de skate<\/span><\/p>\n<p><span style=\"color: #000000; font-family: Calibri; font-size: medium;\">Colindres, 26 de Julio.- La Consejer\u00eda de Desarrollo Rural, Ganader\u00eda y Pesca del Gobierno de Cantabria ha retirado este mi\u00e9rcoles, a petici\u00f3n del Ayuntamiento de Colindres, el observatorio de aves ubicado en el paseo mar\u00edtimo ante el riesgo que supon\u00eda debido a su mal estado de conservaci\u00f3n.<\/span><\/p>\n<p><span style=\"color: #000000; font-family: Calibri; font-size: medium;\">El Consistorio hab\u00eda requerido en reiteradas ocasiones a la Consejer\u00eda que procediera a retirar dicha instalaci\u00f3n -de la cual es titular- con el objetivo de \u201cevitar accidentes\u201d, ya que se encontraba en una situaci\u00f3n \u201cmuy deteriorada\u201d y \u201csupon\u00eda un peligro para los viandantes, especialmente para los ni\u00f1os que la utilizaban como lugar de juego\u201d.<\/span><\/p>\n<p><span style=\"color: #000000; font-family: Calibri; font-size: medium;\">As\u00ed, el alcalde de Colindres, Javier Incera, ha agradecido al consejero Jes\u00fas Oria que haya respondido a esta solicitud y ha anunciado que el Ayuntamiento comenzar\u00e1 a trabajar de \u201cinmediato\u201d en la redacci\u00f3n de un proyecto para habilitar en la zona un nuevo espacio de ocio juvenil, que, seg\u00fan ha avanzado Incera, incluir\u00e1 una pista de skate.<\/span><\/p>\n<p><span style=\"color: #000000; font-family: Calibri; font-size: medium;\">Ser\u00e1 la primera instalaci\u00f3n deportiva de estas caracter\u00edsticas en el municipio. El alcalde ha subrayado que \u201cel proyecto ser\u00e1 acorde con el entorno medioambiental en el que se encuentra y respetar\u00e1 los valores paisaj\u00edsticos de la zona\u201d.<\/span><\/p>\n","protected":false},"excerpt":{"rendered":"<p>El Consistorio comienza a trabajar de \u201cinmediato\u201d en la redacci\u00f3n de un proyecto para habilitar en la zona un parque de ocio juvenil, que incluir\u00e1 una pista de skate Colindres, 26 de Julio.- La Consejer\u00eda de Desarrollo Rural, Ganader\u00eda y Pesca del Gobierno de Cantabria ha retirado este mi\u00e9rcoles, a petici\u00f3n del Ayuntamiento de Colindres, [&hellip;]<\/p>\n","protected":false},"author":1,"featured_media":827,"comment_status":"open","ping_status":"closed","template":"","meta":{"_et_pb_use_builder":"","_et_pb_old_content":"","_et_gb_content_width":"","footnotes":""},"project_category":[],"project_tag":[],"class_list":["post-826","project","type-project","status-publish","has-post-thumbnail","hentry"],"yoast_head":"<!-- This site is optimized with the Yoast SEO plugin v24.9 - https:\/\/yoast.com\/wordpress\/plugins\/seo\/ -->\n<title>Desarrollo Rural retira el observatorio de aves del paseo mar\u00edtimo de Colindres a petici\u00f3n del Ayuntamiento - Ayuntamiento de Colindres<\/title>\n<meta name=\"robots\" content=\"index, follow, max-snippet:-1, max-image-preview:large, max-video-preview:-1\" \/>\n<link rel=\"canonical\" href=\"https:\/\/www.colindres.es\/index.php\/project\/desarrollo-rural-retira-el-observatorio-de-aves-del-paseo-maritimo-de-colindres-a-peticion-del-ayuntamiento\/\" \/>\n<meta property=\"og:locale\" content=\"es_ES\" \/>\n<meta property=\"og:type\" content=\"article\" \/>\n<meta property=\"og:title\" content=\"Desarrollo Rural retira el observatorio de aves del paseo mar\u00edtimo de Colindres a petici\u00f3n del Ayuntamiento - Ayuntamiento de Colindres\" \/>\n<meta property=\"og:description\" content=\"El Consistorio comienza a trabajar de \u201cinmediato\u201d en la redacci\u00f3n de un proyecto para habilitar en la zona un parque de ocio juvenil, que incluir\u00e1 una pista de skate Colindres, 26 de Julio.- La Consejer\u00eda de Desarrollo Rural, Ganader\u00eda y Pesca del Gobierno de Cantabria ha retirado este mi\u00e9rcoles, a petici\u00f3n del Ayuntamiento de Colindres, [&hellip;]\" \/>\n<meta property=\"og:url\" content=\"https:\/\/www.colindres.es\/index.php\/project\/desarrollo-rural-retira-el-observatorio-de-aves-del-paseo-maritimo-de-colindres-a-peticion-del-ayuntamiento\/\" \/>\n<meta property=\"og:site_name\" content=\"Ayuntamiento de Colindres\" \/>\n<meta property=\"og:image\" content=\"https:\/\/www.colindres.es\/wp-content\/uploads\/2017\/07\/Observatorio-aves.jpg\" \/>\n\t<meta property=\"og:image:width\" content=\"1280\" \/>\n\t<meta property=\"og:image:height\" content=\"960\" \/>\n\t<meta property=\"og:image:type\" content=\"image\/jpeg\" \/>\n<meta name=\"twitter:card\" content=\"summary_large_image\" \/>\n<meta name=\"twitter:label1\" content=\"Tiempo de lectura\" \/>\n\t<meta name=\"twitter:data1\" content=\"1 minuto\" \/>\n<script type=\"application\/ld+json\" class=\"yoast-schema-graph\">{\"@context\":\"https:\/\/schema.org\",\"@graph\":[{\"@type\":\"WebPage\",\"@id\":\"https:\/\/www.colindres.es\/index.php\/project\/desarrollo-rural-retira-el-observatorio-de-aves-del-paseo-maritimo-de-colindres-a-peticion-del-ayuntamiento\/\",\"url\":\"https:\/\/www.colindres.es\/index.php\/project\/desarrollo-rural-retira-el-observatorio-de-aves-del-paseo-maritimo-de-colindres-a-peticion-del-ayuntamiento\/\",\"name\":\"Desarrollo Rural retira el observatorio de aves del paseo mar\u00edtimo de Colindres a petici\u00f3n del Ayuntamiento - Ayuntamiento de Colindres\",\"isPartOf\":{\"@id\":\"https:\/\/www.colindres.es\/#website\"},\"primaryImageOfPage\":{\"@id\":\"https:\/\/www.colindres.es\/index.php\/project\/desarrollo-rural-retira-el-observatorio-de-aves-del-paseo-maritimo-de-colindres-a-peticion-del-ayuntamiento\/#primaryimage\"},\"image\":{\"@id\":\"https:\/\/www.colindres.es\/index.php\/project\/desarrollo-rural-retira-el-observatorio-de-aves-del-paseo-maritimo-de-colindres-a-peticion-del-ayuntamiento\/#primaryimage\"},\"thumbnailUrl\":\"https:\/\/www.colindres.es\/wp-content\/uploads\/2017\/07\/Observatorio-aves.jpg\",\"datePublished\":\"2017-07-26T11:40:47+00:00\",\"breadcrumb\":{\"@id\":\"https:\/\/www.colindres.es\/index.php\/project\/desarrollo-rural-retira-el-observatorio-de-aves-del-paseo-maritimo-de-colindres-a-peticion-del-ayuntamiento\/#breadcrumb\"},\"inLanguage\":\"es\",\"potentialAction\":[{\"@type\":\"ReadAction\",\"target\":[\"https:\/\/www.colindres.es\/index.php\/project\/desarrollo-rural-retira-el-observatorio-de-aves-del-paseo-maritimo-de-colindres-a-peticion-del-ayuntamiento\/\"]}]},{\"@type\":\"ImageObject\",\"inLanguage\":\"es\",\"@id\":\"https:\/\/www.colindres.es\/index.php\/project\/desarrollo-rural-retira-el-observatorio-de-aves-del-paseo-maritimo-de-colindres-a-peticion-del-ayuntamiento\/#primaryimage\",\"url\":\"https:\/\/www.colindres.es\/wp-content\/uploads\/2017\/07\/Observatorio-aves.jpg\",\"contentUrl\":\"https:\/\/www.colindres.es\/wp-content\/uploads\/2017\/07\/Observatorio-aves.jpg\",\"width\":1280,\"height\":960},{\"@type\":\"BreadcrumbList\",\"@id\":\"https:\/\/www.colindres.es\/index.php\/project\/desarrollo-rural-retira-el-observatorio-de-aves-del-paseo-maritimo-de-colindres-a-peticion-del-ayuntamiento\/#breadcrumb\",\"itemListElement\":[{\"@type\":\"ListItem\",\"position\":1,\"name\":\"Portada\",\"item\":\"https:\/\/www.colindres.es\/\"},{\"@type\":\"ListItem\",\"position\":2,\"name\":\"Proyectos\",\"item\":\"https:\/\/www.colindres.es\/index.php\/project\/\"},{\"@type\":\"ListItem\",\"position\":3,\"name\":\"Desarrollo Rural retira el observatorio de aves del paseo mar\u00edtimo de Colindres a petici\u00f3n del Ayuntamiento\"}]},{\"@type\":\"WebSite\",\"@id\":\"https:\/\/www.colindres.es\/#website\",\"url\":\"https:\/\/www.colindres.es\/\",\"name\":\"Ayuntamiento de Colindres\",\"description\":\"Dise\u00f1ado por NTIC&#039;s\",\"publisher\":{\"@id\":\"https:\/\/www.colindres.es\/#organization\"},\"potentialAction\":[{\"@type\":\"SearchAction\",\"target\":{\"@type\":\"EntryPoint\",\"urlTemplate\":\"https:\/\/www.colindres.es\/?s={search_term_string}\"},\"query-input\":{\"@type\":\"PropertyValueSpecification\",\"valueRequired\":true,\"valueName\":\"search_term_string\"}}],\"inLanguage\":\"es\"},{\"@type\":\"Organization\",\"@id\":\"https:\/\/www.colindres.es\/#organization\",\"name\":\"AYUNTAMIENTO DE COLINDRES\",\"url\":\"https:\/\/www.colindres.es\/\",\"logo\":{\"@type\":\"ImageObject\",\"inLanguage\":\"es\",\"@id\":\"https:\/\/www.colindres.es\/#\/schema\/logo\/image\/\",\"url\":\"https:\/\/www.colindres.es\/wp-content\/uploads\/2017\/01\/LOGO-PRINCIPAL.jpg\",\"contentUrl\":\"https:\/\/www.colindres.es\/wp-content\/uploads\/2017\/01\/LOGO-PRINCIPAL.jpg\",\"width\":1209,\"height\":579,\"caption\":\"AYUNTAMIENTO DE COLINDRES\"},\"image\":{\"@id\":\"https:\/\/www.colindres.es\/#\/schema\/logo\/image\/\"}}]}<\/script>\n<!-- \/ Yoast SEO plugin. -->","yoast_head_json":{"title":"Desarrollo Rural retira el observatorio de aves del paseo mar\u00edtimo de Colindres a petici\u00f3n del Ayuntamiento - Ayuntamiento de Colindres","robots":{"index":"index","follow":"follow","max-snippet":"max-snippet:-1","max-image-preview":"max-image-preview:large","max-video-preview":"max-video-preview:-1"},"canonical":"https:\/\/www.colindres.es\/index.php\/project\/desarrollo-rural-retira-el-observatorio-de-aves-del-paseo-maritimo-de-colindres-a-peticion-del-ayuntamiento\/","og_locale":"es_ES","og_type":"article","og_title":"Desarrollo Rural retira el observatorio de aves del paseo mar\u00edtimo de Colindres a petici\u00f3n del Ayuntamiento - Ayuntamiento de Colindres","og_description":"El Consistorio comienza a trabajar de \u201cinmediato\u201d en la redacci\u00f3n de un proyecto para habilitar en la zona un parque de ocio juvenil, que incluir\u00e1 una pista de skate Colindres, 26 de Julio.- La Consejer\u00eda de Desarrollo Rural, Ganader\u00eda y Pesca del Gobierno de Cantabria ha retirado este mi\u00e9rcoles, a petici\u00f3n del Ayuntamiento de Colindres, [&hellip;]","og_url":"https:\/\/www.colindres.es\/index.php\/project\/desarrollo-rural-retira-el-observatorio-de-aves-del-paseo-maritimo-de-colindres-a-peticion-del-ayuntamiento\/","og_site_name":"Ayuntamiento de Colindres","og_image":[{"width":1280,"height":960,"url":"https:\/\/www.colindres.es\/wp-content\/uploads\/2017\/07\/Observatorio-aves.jpg","type":"image\/jpeg"}],"twitter_card":"summary_large_image","twitter_misc":{"Tiempo de lectura":"1 minuto"},"schema":{"@context":"https:\/\/schema.org","@graph":[{"@type":"WebPage","@id":"https:\/\/www.colindres.es\/index.php\/project\/desarrollo-rural-retira-el-observatorio-de-aves-del-paseo-maritimo-de-colindres-a-peticion-del-ayuntamiento\/","url":"https:\/\/www.colindres.es\/index.php\/project\/desarrollo-rural-retira-el-observatorio-de-aves-del-paseo-maritimo-de-colindres-a-peticion-del-ayuntamiento\/","name":"Desarrollo Rural retira el observatorio de aves del paseo mar\u00edtimo de Colindres a petici\u00f3n del Ayuntamiento - Ayuntamiento de Colindres","isPartOf":{"@id":"https:\/\/www.colindres.es\/#website"},"primaryImageOfPage":{"@id":"https:\/\/www.colindres.es\/index.php\/project\/desarrollo-rural-retira-el-observatorio-de-aves-del-paseo-maritimo-de-colindres-a-peticion-del-ayuntamiento\/#primaryimage"},"image":{"@id":"https:\/\/www.colindres.es\/index.php\/project\/desarrollo-rural-retira-el-observatorio-de-aves-del-paseo-maritimo-de-colindres-a-peticion-del-ayuntamiento\/#primaryimage"},"thumbnailUrl":"https:\/\/www.colindres.es\/wp-content\/uploads\/2017\/07\/Observatorio-aves.jpg","datePublished":"2017-07-26T11:40:47+00:00","breadcrumb":{"@id":"https:\/\/www.colindres.es\/index.php\/project\/desarrollo-rural-retira-el-observatorio-de-aves-del-paseo-maritimo-de-colindres-a-peticion-del-ayuntamiento\/#breadcrumb"},"inLanguage":"es","potentialAction":[{"@type":"ReadAction","target":["https:\/\/www.colindres.es\/index.php\/project\/desarrollo-rural-retira-el-observatorio-de-aves-del-paseo-maritimo-de-colindres-a-peticion-del-ayuntamiento\/"]}]},{"@type":"ImageObject","inLanguage":"es","@id":"https:\/\/www.colindres.es\/index.php\/project\/desarrollo-rural-retira-el-observatorio-de-aves-del-paseo-maritimo-de-colindres-a-peticion-del-ayuntamiento\/#primaryimage","url":"https:\/\/www.colindres.es\/wp-content\/uploads\/2017\/07\/Observatorio-aves.jpg","contentUrl":"https:\/\/www.colindres.es\/wp-content\/uploads\/2017\/07\/Observatorio-aves.jpg","width":1280,"height":960},{"@type":"BreadcrumbList","@id":"https:\/\/www.colindres.es\/index.php\/project\/desarrollo-rural-retira-el-observatorio-de-aves-del-paseo-maritimo-de-colindres-a-peticion-del-ayuntamiento\/#breadcrumb","itemListElement":[{"@type":"ListItem","position":1,"name":"Portada","item":"https:\/\/www.colindres.es\/"},{"@type":"ListItem","position":2,"name":"Proyectos","item":"https:\/\/www.colindres.es\/index.php\/project\/"},{"@type":"ListItem","position":3,"name":"Desarrollo Rural retira el observatorio de aves del paseo mar\u00edtimo de Colindres a petici\u00f3n del Ayuntamiento"}]},{"@type":"WebSite","@id":"https:\/\/www.colindres.es\/#website","url":"https:\/\/www.colindres.es\/","name":"Ayuntamiento de Colindres","description":"Dise\u00f1ado por NTIC&#039;s","publisher":{"@id":"https:\/\/www.colindres.es\/#organization"},"potentialAction":[{"@type":"SearchAction","target":{"@type":"EntryPoint","urlTemplate":"https:\/\/www.colindres.es\/?s={search_term_string}"},"query-input":{"@type":"PropertyValueSpecification","valueRequired":true,"valueName":"search_term_string"}}],"inLanguage":"es"},{"@type":"Organization","@id":"https:\/\/www.colindres.es\/#organization","name":"AYUNTAMIENTO DE COLINDRES","url":"https:\/\/www.colindres.es\/","logo":{"@type":"ImageObject","inLanguage":"es","@id":"https:\/\/www.colindres.es\/#\/schema\/logo\/image\/","url":"https:\/\/www.colindres.es\/wp-content\/uploads\/2017\/01\/LOGO-PRINCIPAL.jpg","contentUrl":"https:\/\/www.colindres.es\/wp-content\/uploads\/2017\/01\/LOGO-PRINCIPAL.jpg","width":1209,"height":579,"caption":"AYUNTAMIENTO DE COLINDRES"},"image":{"@id":"https:\/\/www.colindres.es\/#\/schema\/logo\/image\/"}}]}},"_links":{"self":[{"href":"https:\/\/www.colindres.es\/index.php\/wp-json\/wp\/v2\/project\/826","targetHints":{"allow":["GET"]}}],"collection":[{"href":"https:\/\/www.colindres.es\/index.php\/wp-json\/wp\/v2\/project"}],"about":[{"href":"https:\/\/www.colindres.es\/index.php\/wp-json\/wp\/v2\/types\/project"}],"author":[{"embeddable":true,"href":"https:\/\/www.colindres.es\/index.php\/wp-json\/wp\/v2\/users\/1"}],"replies":[{"embeddable":true,"href":"https:\/\/www.colindres.es\/index.php\/wp-json\/wp\/v2\/comments?post=826"}],"version-history":[{"count":1,"href":"https:\/\/www.colindres.es\/index.php\/wp-json\/wp\/v2\/project\/826\/revisions"}],"predecessor-version":[{"id":828,"href":"https:\/\/www.colindres.es\/index.php\/wp-json\/wp\/v2\/project\/826\/revisions\/828"}],"wp:featuredmedia":[{"embeddable":true,"href":"https:\/\/www.colindres.es\/index.php\/wp-json\/wp\/v2\/media\/827"}],"wp:attachment":[{"href":"https:\/\/www.colindres.es\/index.php\/wp-json\/wp\/v2\/media?parent=826"}],"wp:term":[{"taxonomy":"project_category","embeddable":true,"href":"https:\/\/www.colindres.es\/index.php\/wp-json\/wp\/v2\/project_category?post=826"},{"taxonomy":"project_tag","embeddable":true,"href":"https:\/\/www.colindres.es\/index.php\/wp-json\/wp\/v2\/project_tag?post=826"}],"curies":[{"name":"wp","href":"https:\/\/api.w.org\/{rel}","templated":true}]}}