{"id":823,"date":"2017-07-26T11:38:39","date_gmt":"2017-07-26T11:38:39","guid":{"rendered":"http:\/\/colindres.es\/?post_type=project&#038;p=823"},"modified":"2017-07-26T11:38:39","modified_gmt":"2017-07-26T11:38:39","slug":"una-batucada-amenizara-la-noche-blanca-de-colindres","status":"publish","type":"project","link":"https:\/\/www.colindres.es\/index.php\/project\/una-batucada-amenizara-la-noche-blanca-de-colindres\/","title":{"rendered":"Una batucada amenizar\u00e1 \u2018La Noche Blanca\u2019 de Colindres"},"content":{"rendered":"<p><span style=\"color: #000000; font-family: Calibri; font-size: medium;\">El pr\u00f3ximo jueves los establecimientos ampliar\u00e1n su horario habitual y habr\u00e1 un recorrido comercial a ritmo de batucada<\/span><\/p>\n<p><span style=\"color: #000000; font-family: Calibri; font-size: medium;\">Colindres, 25 julio.- El pr\u00f3ximo jueves 27 de julio los comerciantes de Colindres ampliar\u00e1n el horario de apertura habitual de sus establecimientos para celebrar una nueva edici\u00f3n de \u2018La Noche Blanca\u2019, una iniciativa organizada por la asociaci\u00f3n Apymeco y por el Ayuntamiento para fomentar y dinamizar el comercio local.<\/span><\/p>\n<p><span style=\"color: #000000; font-family: Calibri; font-size: medium;\">Los negocios locales permanecer\u00e1n abiertos desde las 17.00 hasta las<\/span><\/p>\n<p><span style=\"color: #000000; font-family: Calibri; font-size: medium;\">22.00 horas y durante toda la tarde habr\u00e1 un recorrido comercial a ritmo de batucada. Adem\u00e1s, durante ese d\u00eda los comerciantes engalanar\u00e1n sus comercios con una decoraci\u00f3n especial y animan a vecinos y turistas a vestirse de blanco para animar la fiesta.<\/span><\/p>\n<p><span style=\"color: #000000; font-family: Calibri; font-size: medium;\">Tambi\u00e9n habr\u00e1 actividades para los m\u00e1s peque\u00f1os, que estar\u00e1n dirigidas por los monitores de la Casa de Juventud, as\u00ed como por voluntarios del campo de trabajo europeo que se est\u00e1 celebrando estos d\u00edas en la villa.<\/span><\/p>\n<p><span style=\"color: #000000; font-family: Calibri; font-size: medium;\">Para concluir la jornada, habr\u00e1 una verbena a cargo del grupo Los Blue Yey\u00e9s que se celebrar\u00e1 en la Plaza de la Esperanza a partir de las 22.00 horas.<\/span><\/p>\n<p><span style=\"color: #000000; font-family: Calibri; font-size: medium;\">Adem\u00e1s del Apymeco, que engloba a cerca de 80 peque\u00f1os y medianos negocios de la villa, y el Ayuntamiento de Colindres, \u2018La Noche Blanca\u2019 <\/span><span style=\"color: #000000; font-family: Calibri; font-size: medium;\">cuenta con la colaboraci\u00f3n del Gobierno de Cantabria.<\/span><\/p>\n","protected":false},"excerpt":{"rendered":"<p>El pr\u00f3ximo jueves los establecimientos ampliar\u00e1n su horario habitual y habr\u00e1 un recorrido comercial a ritmo de batucada Colindres, 25 julio.- El pr\u00f3ximo jueves 27 de julio los comerciantes de Colindres ampliar\u00e1n el horario de apertura habitual de sus establecimientos para celebrar una nueva edici\u00f3n de \u2018La Noche Blanca\u2019, una iniciativa organizada por la asociaci\u00f3n [&hellip;]<\/p>\n","protected":false},"author":1,"featured_media":824,"comment_status":"open","ping_status":"closed","template":"","meta":{"_et_pb_use_builder":"","_et_pb_old_content":"","_et_gb_content_width":"","footnotes":""},"project_category":[],"project_tag":[],"class_list":["post-823","project","type-project","status-publish","has-post-thumbnail","hentry"],"yoast_head":"<!-- This site is optimized with the Yoast SEO plugin v24.9 - https:\/\/yoast.com\/wordpress\/plugins\/seo\/ -->\n<title>Una batucada amenizar\u00e1 \u2018La Noche Blanca\u2019 de Colindres - Ayuntamiento de Colindres<\/title>\n<meta name=\"robots\" content=\"index, follow, max-snippet:-1, max-image-preview:large, max-video-preview:-1\" \/>\n<link rel=\"canonical\" href=\"https:\/\/www.colindres.es\/index.php\/project\/una-batucada-amenizara-la-noche-blanca-de-colindres\/\" \/>\n<meta property=\"og:locale\" content=\"es_ES\" \/>\n<meta property=\"og:type\" content=\"article\" \/>\n<meta property=\"og:title\" content=\"Una batucada amenizar\u00e1 \u2018La Noche Blanca\u2019 de Colindres - Ayuntamiento de Colindres\" \/>\n<meta property=\"og:description\" content=\"El pr\u00f3ximo jueves los establecimientos ampliar\u00e1n su horario habitual y habr\u00e1 un recorrido comercial a ritmo de batucada Colindres, 25 julio.- El pr\u00f3ximo jueves 27 de julio los comerciantes de Colindres ampliar\u00e1n el horario de apertura habitual de sus establecimientos para celebrar una nueva edici\u00f3n de \u2018La Noche Blanca\u2019, una iniciativa organizada por la asociaci\u00f3n [&hellip;]\" \/>\n<meta property=\"og:url\" content=\"https:\/\/www.colindres.es\/index.php\/project\/una-batucada-amenizara-la-noche-blanca-de-colindres\/\" \/>\n<meta property=\"og:site_name\" content=\"Ayuntamiento de Colindres\" \/>\n<meta property=\"og:image\" content=\"https:\/\/www.colindres.es\/wp-content\/uploads\/2017\/07\/20139785_852188678268901_8328073009175009681_n.jpg\" \/>\n\t<meta property=\"og:image:width\" content=\"658\" \/>\n\t<meta property=\"og:image:height\" content=\"960\" \/>\n\t<meta property=\"og:image:type\" content=\"image\/jpeg\" \/>\n<meta name=\"twitter:card\" content=\"summary_large_image\" \/>\n<meta name=\"twitter:label1\" content=\"Tiempo de lectura\" \/>\n\t<meta name=\"twitter:data1\" content=\"1 minuto\" \/>\n<script type=\"application\/ld+json\" class=\"yoast-schema-graph\">{\"@context\":\"https:\/\/schema.org\",\"@graph\":[{\"@type\":\"WebPage\",\"@id\":\"https:\/\/www.colindres.es\/index.php\/project\/una-batucada-amenizara-la-noche-blanca-de-colindres\/\",\"url\":\"https:\/\/www.colindres.es\/index.php\/project\/una-batucada-amenizara-la-noche-blanca-de-colindres\/\",\"name\":\"Una batucada amenizar\u00e1 \u2018La Noche Blanca\u2019 de Colindres - Ayuntamiento de Colindres\",\"isPartOf\":{\"@id\":\"https:\/\/www.colindres.es\/#website\"},\"primaryImageOfPage\":{\"@id\":\"https:\/\/www.colindres.es\/index.php\/project\/una-batucada-amenizara-la-noche-blanca-de-colindres\/#primaryimage\"},\"image\":{\"@id\":\"https:\/\/www.colindres.es\/index.php\/project\/una-batucada-amenizara-la-noche-blanca-de-colindres\/#primaryimage\"},\"thumbnailUrl\":\"https:\/\/www.colindres.es\/wp-content\/uploads\/2017\/07\/20139785_852188678268901_8328073009175009681_n.jpg\",\"datePublished\":\"2017-07-26T11:38:39+00:00\",\"breadcrumb\":{\"@id\":\"https:\/\/www.colindres.es\/index.php\/project\/una-batucada-amenizara-la-noche-blanca-de-colindres\/#breadcrumb\"},\"inLanguage\":\"es\",\"potentialAction\":[{\"@type\":\"ReadAction\",\"target\":[\"https:\/\/www.colindres.es\/index.php\/project\/una-batucada-amenizara-la-noche-blanca-de-colindres\/\"]}]},{\"@type\":\"ImageObject\",\"inLanguage\":\"es\",\"@id\":\"https:\/\/www.colindres.es\/index.php\/project\/una-batucada-amenizara-la-noche-blanca-de-colindres\/#primaryimage\",\"url\":\"https:\/\/www.colindres.es\/wp-content\/uploads\/2017\/07\/20139785_852188678268901_8328073009175009681_n.jpg\",\"contentUrl\":\"https:\/\/www.colindres.es\/wp-content\/uploads\/2017\/07\/20139785_852188678268901_8328073009175009681_n.jpg\",\"width\":658,\"height\":960},{\"@type\":\"BreadcrumbList\",\"@id\":\"https:\/\/www.colindres.es\/index.php\/project\/una-batucada-amenizara-la-noche-blanca-de-colindres\/#breadcrumb\",\"itemListElement\":[{\"@type\":\"ListItem\",\"position\":1,\"name\":\"Portada\",\"item\":\"https:\/\/www.colindres.es\/\"},{\"@type\":\"ListItem\",\"position\":2,\"name\":\"Proyectos\",\"item\":\"https:\/\/www.colindres.es\/index.php\/project\/\"},{\"@type\":\"ListItem\",\"position\":3,\"name\":\"Una batucada amenizar\u00e1 \u2018La Noche Blanca\u2019 de Colindres\"}]},{\"@type\":\"WebSite\",\"@id\":\"https:\/\/www.colindres.es\/#website\",\"url\":\"https:\/\/www.colindres.es\/\",\"name\":\"Ayuntamiento de Colindres\",\"description\":\"Dise\u00f1ado por NTIC&#039;s\",\"publisher\":{\"@id\":\"https:\/\/www.colindres.es\/#organization\"},\"potentialAction\":[{\"@type\":\"SearchAction\",\"target\":{\"@type\":\"EntryPoint\",\"urlTemplate\":\"https:\/\/www.colindres.es\/?s={search_term_string}\"},\"query-input\":{\"@type\":\"PropertyValueSpecification\",\"valueRequired\":true,\"valueName\":\"search_term_string\"}}],\"inLanguage\":\"es\"},{\"@type\":\"Organization\",\"@id\":\"https:\/\/www.colindres.es\/#organization\",\"name\":\"AYUNTAMIENTO DE COLINDRES\",\"url\":\"https:\/\/www.colindres.es\/\",\"logo\":{\"@type\":\"ImageObject\",\"inLanguage\":\"es\",\"@id\":\"https:\/\/www.colindres.es\/#\/schema\/logo\/image\/\",\"url\":\"https:\/\/www.colindres.es\/wp-content\/uploads\/2017\/01\/LOGO-PRINCIPAL.jpg\",\"contentUrl\":\"https:\/\/www.colindres.es\/wp-content\/uploads\/2017\/01\/LOGO-PRINCIPAL.jpg\",\"width\":1209,\"height\":579,\"caption\":\"AYUNTAMIENTO DE COLINDRES\"},\"image\":{\"@id\":\"https:\/\/www.colindres.es\/#\/schema\/logo\/image\/\"}}]}<\/script>\n<!-- \/ Yoast SEO plugin. -->","yoast_head_json":{"title":"Una batucada amenizar\u00e1 \u2018La Noche Blanca\u2019 de Colindres - Ayuntamiento de Colindres","robots":{"index":"index","follow":"follow","max-snippet":"max-snippet:-1","max-image-preview":"max-image-preview:large","max-video-preview":"max-video-preview:-1"},"canonical":"https:\/\/www.colindres.es\/index.php\/project\/una-batucada-amenizara-la-noche-blanca-de-colindres\/","og_locale":"es_ES","og_type":"article","og_title":"Una batucada amenizar\u00e1 \u2018La Noche Blanca\u2019 de Colindres - Ayuntamiento de Colindres","og_description":"El pr\u00f3ximo jueves los establecimientos ampliar\u00e1n su horario habitual y habr\u00e1 un recorrido comercial a ritmo de batucada Colindres, 25 julio.- El pr\u00f3ximo jueves 27 de julio los comerciantes de Colindres ampliar\u00e1n el horario de apertura habitual de sus establecimientos para celebrar una nueva edici\u00f3n de \u2018La Noche Blanca\u2019, una iniciativa organizada por la asociaci\u00f3n [&hellip;]","og_url":"https:\/\/www.colindres.es\/index.php\/project\/una-batucada-amenizara-la-noche-blanca-de-colindres\/","og_site_name":"Ayuntamiento de Colindres","og_image":[{"width":658,"height":960,"url":"https:\/\/www.colindres.es\/wp-content\/uploads\/2017\/07\/20139785_852188678268901_8328073009175009681_n.jpg","type":"image\/jpeg"}],"twitter_card":"summary_large_image","twitter_misc":{"Tiempo de lectura":"1 minuto"},"schema":{"@context":"https:\/\/schema.org","@graph":[{"@type":"WebPage","@id":"https:\/\/www.colindres.es\/index.php\/project\/una-batucada-amenizara-la-noche-blanca-de-colindres\/","url":"https:\/\/www.colindres.es\/index.php\/project\/una-batucada-amenizara-la-noche-blanca-de-colindres\/","name":"Una batucada amenizar\u00e1 \u2018La Noche Blanca\u2019 de Colindres - Ayuntamiento de Colindres","isPartOf":{"@id":"https:\/\/www.colindres.es\/#website"},"primaryImageOfPage":{"@id":"https:\/\/www.colindres.es\/index.php\/project\/una-batucada-amenizara-la-noche-blanca-de-colindres\/#primaryimage"},"image":{"@id":"https:\/\/www.colindres.es\/index.php\/project\/una-batucada-amenizara-la-noche-blanca-de-colindres\/#primaryimage"},"thumbnailUrl":"https:\/\/www.colindres.es\/wp-content\/uploads\/2017\/07\/20139785_852188678268901_8328073009175009681_n.jpg","datePublished":"2017-07-26T11:38:39+00:00","breadcrumb":{"@id":"https:\/\/www.colindres.es\/index.php\/project\/una-batucada-amenizara-la-noche-blanca-de-colindres\/#breadcrumb"},"inLanguage":"es","potentialAction":[{"@type":"ReadAction","target":["https:\/\/www.colindres.es\/index.php\/project\/una-batucada-amenizara-la-noche-blanca-de-colindres\/"]}]},{"@type":"ImageObject","inLanguage":"es","@id":"https:\/\/www.colindres.es\/index.php\/project\/una-batucada-amenizara-la-noche-blanca-de-colindres\/#primaryimage","url":"https:\/\/www.colindres.es\/wp-content\/uploads\/2017\/07\/20139785_852188678268901_8328073009175009681_n.jpg","contentUrl":"https:\/\/www.colindres.es\/wp-content\/uploads\/2017\/07\/20139785_852188678268901_8328073009175009681_n.jpg","width":658,"height":960},{"@type":"BreadcrumbList","@id":"https:\/\/www.colindres.es\/index.php\/project\/una-batucada-amenizara-la-noche-blanca-de-colindres\/#breadcrumb","itemListElement":[{"@type":"ListItem","position":1,"name":"Portada","item":"https:\/\/www.colindres.es\/"},{"@type":"ListItem","position":2,"name":"Proyectos","item":"https:\/\/www.colindres.es\/index.php\/project\/"},{"@type":"ListItem","position":3,"name":"Una batucada amenizar\u00e1 \u2018La Noche Blanca\u2019 de Colindres"}]},{"@type":"WebSite","@id":"https:\/\/www.colindres.es\/#website","url":"https:\/\/www.colindres.es\/","name":"Ayuntamiento de Colindres","description":"Dise\u00f1ado por NTIC&#039;s","publisher":{"@id":"https:\/\/www.colindres.es\/#organization"},"potentialAction":[{"@type":"SearchAction","target":{"@type":"EntryPoint","urlTemplate":"https:\/\/www.colindres.es\/?s={search_term_string}"},"query-input":{"@type":"PropertyValueSpecification","valueRequired":true,"valueName":"search_term_string"}}],"inLanguage":"es"},{"@type":"Organization","@id":"https:\/\/www.colindres.es\/#organization","name":"AYUNTAMIENTO DE COLINDRES","url":"https:\/\/www.colindres.es\/","logo":{"@type":"ImageObject","inLanguage":"es","@id":"https:\/\/www.colindres.es\/#\/schema\/logo\/image\/","url":"https:\/\/www.colindres.es\/wp-content\/uploads\/2017\/01\/LOGO-PRINCIPAL.jpg","contentUrl":"https:\/\/www.colindres.es\/wp-content\/uploads\/2017\/01\/LOGO-PRINCIPAL.jpg","width":1209,"height":579,"caption":"AYUNTAMIENTO DE COLINDRES"},"image":{"@id":"https:\/\/www.colindres.es\/#\/schema\/logo\/image\/"}}]}},"_links":{"self":[{"href":"https:\/\/www.colindres.es\/index.php\/wp-json\/wp\/v2\/project\/823","targetHints":{"allow":["GET"]}}],"collection":[{"href":"https:\/\/www.colindres.es\/index.php\/wp-json\/wp\/v2\/project"}],"about":[{"href":"https:\/\/www.colindres.es\/index.php\/wp-json\/wp\/v2\/types\/project"}],"author":[{"embeddable":true,"href":"https:\/\/www.colindres.es\/index.php\/wp-json\/wp\/v2\/users\/1"}],"replies":[{"embeddable":true,"href":"https:\/\/www.colindres.es\/index.php\/wp-json\/wp\/v2\/comments?post=823"}],"version-history":[{"count":1,"href":"https:\/\/www.colindres.es\/index.php\/wp-json\/wp\/v2\/project\/823\/revisions"}],"predecessor-version":[{"id":825,"href":"https:\/\/www.colindres.es\/index.php\/wp-json\/wp\/v2\/project\/823\/revisions\/825"}],"wp:featuredmedia":[{"embeddable":true,"href":"https:\/\/www.colindres.es\/index.php\/wp-json\/wp\/v2\/media\/824"}],"wp:attachment":[{"href":"https:\/\/www.colindres.es\/index.php\/wp-json\/wp\/v2\/media?parent=823"}],"wp:term":[{"taxonomy":"project_category","embeddable":true,"href":"https:\/\/www.colindres.es\/index.php\/wp-json\/wp\/v2\/project_category?post=823"},{"taxonomy":"project_tag","embeddable":true,"href":"https:\/\/www.colindres.es\/index.php\/wp-json\/wp\/v2\/project_tag?post=823"}],"curies":[{"name":"wp","href":"https:\/\/api.w.org\/{rel}","templated":true}]}}