{"id":821,"date":"2017-07-26T10:41:29","date_gmt":"2017-07-26T10:41:29","guid":{"rendered":"http:\/\/colindres.es\/?post_type=project&#038;p=821"},"modified":"2017-07-26T10:41:29","modified_gmt":"2017-07-26T10:41:29","slug":"anuncio-relacion-de-admitidosexcluidos-provisional-para-la-seleccion-de-los-puestos-de-trabajo-incluidos-en-los-proyectos-de-la-unidad-de-concesion-a-desempleado-en-general-en-el-marco-de-la-subven","status":"publish","type":"project","link":"https:\/\/www.colindres.es\/index.php\/project\/anuncio-relacion-de-admitidosexcluidos-provisional-para-la-seleccion-de-los-puestos-de-trabajo-incluidos-en-los-proyectos-de-la-unidad-de-concesion-a-desempleado-en-general-en-el-marco-de-la-subven\/","title":{"rendered":"ANUNCIO RELACI\u00d3N DE ADMITIDOS\/EXCLUIDOS PROVISIONAL PARA LA SELECCI\u00d3N DE LOS PUESTOS DE TRABAJO INCLUIDOS EN LOS PROYECTOS DE LA UNIDAD DE CONCESI\u00d3N A: DESEMPLEADO EN GENERAL, EN EL MARCO DE LA SUBVENCI\u00d3N CONCEDIDA A LAS CORPORACIONES LOCALES POR LA ORDEN HAC\/8\/2017, DE 15 DE MARZO DE 2017, Y ORDEN HAC\/16\/2017, DE 10 DE ABRIL:"},"content":{"rendered":"<ul>\n<li><i><strong><em>UNIDAD DE CONCESI\u00d3N A. DESEMPLEADO GENERAL.<\/em><\/strong><\/i><\/li>\n<\/ul>\n<p>&nbsp;<\/p>\n<ul>\n<li><i><strong><em>COLINDRES SOSTENIBLE 2017:<\/em><\/strong><\/i><\/li>\n<\/ul>\n<p>&nbsp;<\/p>\n<ul>\n<li><strong>1 pe\u00f3n fontanero<\/strong><\/li>\n<li><b><strong>1 pe\u00f3n pintor<\/strong><\/b><\/li>\n<li><b><strong>2 peones forestales<\/strong><\/b><\/li>\n<li><b><strong>2 peones de obra<\/strong><\/b><\/li>\n<li><b><strong>1 monitor ambiental<\/strong><\/b><\/li>\n<li><b><strong>3 monitores de ocio y tiempo libre<\/strong><\/b><\/li>\n<li><b><strong>1 vigilante<\/strong><\/b><\/li>\n<li><b><strong>1 gu\u00eda de turismo<\/strong><\/b><\/li>\n<li><b><strong>1 pe\u00f3n de limpieza<\/strong><strong>\u00a0<\/strong><\/b><\/li>\n<li><b><\/b><\/li>\n<li style=\"list-style-type: none;\"><\/li>\n<li><i><\/i><\/li>\n<li><i><strong><em>MANTENIMIENTO Y REVALORIZACI\u00d3N ESPACIOS P\u00daBLICOS 2017:<\/em><\/strong><\/i><\/li>\n<li><strong>2 peones pintores<\/strong><\/li>\n<li><b><strong>4 peones de obra<\/strong><\/b><\/li>\n<li><b><strong>3 monitores de ocio y tiempo libre<\/strong><\/b><\/li>\n<li><b><strong>3 vigilantes<\/strong><\/b><\/li>\n<li><b><strong>2 peones de limpieza<\/strong><\/b><b><\/b><\/li>\n<li>Por medio del presente anuncio, y una vez finalizado el plazo de presentaci\u00f3n de instancias, se da publicidad al Decreto de Alcald\u00eda 476\/2017, de 26 de julio de 2017, relativo a la relaci\u00f3n de admitidos\/excluidos provisional para la selecci\u00f3n de los puestos de trabajo que se indican en la relaci\u00f3n anexa, e incluidos en el proyecto COLINDRES SOSTENIBLE 2017 y MANTENIMIENTO Y REVALORIZACI\u00d3N ESPACIOS P\u00daBLICOS 2017 dentro de la UNIDAD CONCESI\u00d3N A: DESEMPLEADO EN GENERAL, a efectos de que en el plazo de <strong>un d\u00eda natural <\/strong>a contar desde el siguiente de la publicaci\u00f3n del presente anuncio en la sede electr\u00f3nica y en el Tabl\u00f3n de anuncios del ayuntamiento, presenten alegaciones o reclamaciones que consideren oportunas o procedan a la subsanaci\u00f3n de la documentaci\u00f3n correspondiente.<\/li>\n<li><strong>PUESTO PE\u00d3N FONTANERO:<\/strong><\/li>\n<li><strong>Admitidos\/as provisionales:<\/strong><\/li>\n<\/ul>\n<table width=\"300\">\n<tbody>\n<tr>\n<td width=\"80\"><strong>DNI<\/strong><\/td>\n<td width=\"220\"><strong>APELLIDOS Y NOMBRE<\/strong><\/td>\n<\/tr>\n<tr>\n<td width=\"80\">72095540Q<\/td>\n<td width=\"220\">HERNANDO PRIETO GUSTAVO<\/td>\n<\/tr>\n<tr>\n<td width=\"80\">72100834C<\/td>\n<td width=\"220\">NEGRETE CORREA IVAN<\/td>\n<\/tr>\n<\/tbody>\n<\/table>\n<ul>\n<li><strong>Excluidos\/as provisionales:<\/strong><\/li>\n<\/ul>\n<table width=\"406\">\n<tbody>\n<tr>\n<td width=\"80\"><strong>DNI<\/strong><\/td>\n<td width=\"220\"><strong>APELLIDOS Y NOMBRE<\/strong><\/td>\n<td width=\"106\"><strong>CAUSA EXCLUSI\u00d3N<\/strong><\/td>\n<\/tr>\n<tr>\n<td width=\"80\">16077782T<\/td>\n<td width=\"220\">SOTO AMORRORTU IKER<\/td>\n<td width=\"106\">3<\/td>\n<\/tr>\n<tr>\n<td width=\"80\">20202228V<\/td>\n<td width=\"220\">ARCE AMUTIO JUAN JOSE<\/td>\n<td width=\"106\">3<\/td>\n<\/tr>\n<\/tbody>\n<\/table>\n<ol>\n<li>Falta DNI<\/li>\n<li>Falta de titulaci\u00f3n m\u00ednima<\/li>\n<li>No atender el llamamiento o no estar interesado en la oferta.<\/li>\n<\/ol>\n<ul>\n<li><strong>PUESTO PE\u00d3N PINTOR:<\/strong><\/li>\n<li><strong>Admitidos\/as provisionales:<\/strong><\/li>\n<\/ul>\n<table width=\"369\">\n<tbody>\n<tr>\n<td width=\"81\"><strong>DNI<\/strong><\/td>\n<td width=\"288\"><strong>APELLIDOS Y NOMBRE<\/strong><\/td>\n<\/tr>\n<tr>\n<td width=\"81\">13770866F<\/td>\n<td width=\"288\">LOPEZ INCERA MARIO<\/td>\n<\/tr>\n<tr>\n<td width=\"81\">13745538W<\/td>\n<td width=\"288\">ROJO SIMON JUAN CARLOS<\/td>\n<\/tr>\n<tr>\n<td width=\"81\">X6633693X<\/td>\n<td width=\"288\">FERATOVIC RASIM<\/td>\n<\/tr>\n<tr>\n<td width=\"81\">13786189N<\/td>\n<td width=\"288\">VALLE ECHEVARRIA SANTIAGO<\/td>\n<\/tr>\n<tr>\n<td width=\"81\">29036659X<\/td>\n<td width=\"288\">BORJA FUENTES JULIO<\/td>\n<\/tr>\n<tr>\n<td width=\"81\">Y1401353T<\/td>\n<td width=\"288\">IZEVBIZUA IZEVBIZUA OSAHENHEN LUCKY<\/td>\n<\/tr>\n<tr>\n<td width=\"81\">72096983X<\/td>\n<td width=\"288\">MACHO FUENTECILLA JOSE LUIS<\/td>\n<\/tr>\n<tr>\n<td width=\"81\">13721411W<\/td>\n<td width=\"288\">SALAS FERNANDEZ EUGENIO<\/td>\n<\/tr>\n<tr>\n<td width=\"81\">13696128L<\/td>\n<td width=\"288\">PUENTE OCEJA JOSE ANGEL<\/td>\n<\/tr>\n<tr>\n<td width=\"81\">13730853Z<\/td>\n<td width=\"288\">BUSTILLO DONOSTI J ALBERTO<\/td>\n<\/tr>\n<\/tbody>\n<\/table>\n<ul>\n<li><strong>Excluidos\/as provisionales:<\/strong><\/li>\n<\/ul>\n<table width=\"415\">\n<tbody>\n<tr>\n<td width=\"80\"><strong>DNI<\/strong><\/td>\n<td width=\"231\"><strong>APELLIDOS Y NOMBRE<\/strong><\/td>\n<td width=\"104\"><strong>CAUSA EXCLUSI\u00d3N<\/strong><\/td>\n<\/tr>\n<tr>\n<td width=\"80\">30606361P<\/td>\n<td width=\"231\">SANTOS BARON FCO JAVIER<\/td>\n<td width=\"104\">3<\/td>\n<\/tr>\n<\/tbody>\n<\/table>\n<ol>\n<li>Falta DNI<\/li>\n<li>Falta de titulaci\u00f3n m\u00ednima<\/li>\n<li>No atender el llamamiento o no estar interesado en la oferta.<\/li>\n<\/ol>\n<ul>\n<li><strong>PUESTO PE\u00d3N FORESTAL:<\/strong><\/li>\n<li><strong>Admitidos\/as provisionales:<\/strong><\/li>\n<\/ul>\n<table width=\"339\">\n<tbody>\n<tr>\n<td width=\"80\"><strong>DNI<\/strong><\/td>\n<td width=\"259\"><strong>APELLIDOS Y NOMBRE<\/strong><\/td>\n<\/tr>\n<tr>\n<td width=\"80\">72025804Q<\/td>\n<td width=\"259\">BARQUIN MADRAZO JOSE RAMON<\/td>\n<\/tr>\n<tr>\n<td width=\"80\">72022904Z<\/td>\n<td width=\"259\">MARTIN NEGRETE EMILIO<\/td>\n<\/tr>\n<tr>\n<td width=\"80\">30650848J<\/td>\n<td width=\"259\">LENS RUBIO JOSE MANUEL<\/td>\n<\/tr>\n<tr>\n<td width=\"80\">13770866F<\/td>\n<td width=\"259\">LOPEZ INCERA MARIO<\/td>\n<\/tr>\n<tr>\n<td width=\"80\">72277333V<\/td>\n<td width=\"259\">COCCO RODRIGUEZ GASPAR ANTONIO<\/td>\n<\/tr>\n<tr>\n<td width=\"80\">13786189N<\/td>\n<td width=\"259\">VALLE ECHEVARRIA SANTIAGO<\/td>\n<\/tr>\n<tr>\n<td width=\"80\">72023597V<\/td>\n<td width=\"259\">HOZ LOPEZ JOSE MANUEL<\/td>\n<\/tr>\n<tr>\n<td width=\"80\">13786324D<\/td>\n<td width=\"259\">CAVIEDES AJA FFRANCISCO JAVI<\/td>\n<\/tr>\n<tr>\n<td width=\"80\">13697143E<\/td>\n<td width=\"259\">SOLAR SOLAR AMALIO JOSE<\/td>\n<\/tr>\n<\/tbody>\n<\/table>\n<ul>\n<li><strong>Excluidos\/as provisionales:<\/strong><\/li>\n<li>Ninguno\/a<\/li>\n<li><strong>PUESTO PE\u00d3N DE OBRA:<\/strong><\/li>\n<li><strong>Admitidos\/as provisionales:<\/strong><\/li>\n<\/ul>\n<table>\n<tbody>\n<tr>\n<td width=\"80\"><strong>DNI<\/strong><\/td>\n<td width=\"328\"><strong>APELLIDOS Y NOMBRE<\/strong><\/td>\n<\/tr>\n<tr>\n<td width=\"80\">72025804Q<\/td>\n<td width=\"328\">BARQUIN MADRAZO JOSE RAMON<\/td>\n<\/tr>\n<tr>\n<td width=\"80\">13770866F<\/td>\n<td width=\"328\">LOPEZ INCERA MARIO<\/td>\n<\/tr>\n<tr>\n<td width=\"80\">13697143E<\/td>\n<td width=\"328\">SOLAR SOLAR AMALIO JOSE<\/td>\n<\/tr>\n<tr>\n<td width=\"80\">72022618G<\/td>\n<td width=\"328\">NAVASCUEZ ALVARADO MARIA PILAR<\/td>\n<\/tr>\n<tr>\n<td width=\"80\">13755694S<\/td>\n<td width=\"328\">MARTINEZ GARCIA ROBERTO AURELIO<\/td>\n<\/tr>\n<tr>\n<td width=\"80\">72023597V<\/td>\n<td width=\"328\">HOZ LOPEZ JOSE MANUEL<\/td>\n<\/tr>\n<tr>\n<td width=\"80\">72277333V<\/td>\n<td width=\"328\">COCCO RODRIGUEZ GASPAR ANTONIO<\/td>\n<\/tr>\n<tr>\n<td width=\"80\">X6633693X<\/td>\n<td width=\"328\">FERATOVIC RASIM<\/td>\n<\/tr>\n<tr>\n<td width=\"80\">13774541W<\/td>\n<td width=\"328\">LAVIN BLANCO JOSE LUIS<\/td>\n<\/tr>\n<tr>\n<td width=\"80\">13786189N<\/td>\n<td width=\"328\">VALLE ECHEVARRIA SANTIAGO<\/td>\n<\/tr>\n<tr>\n<td width=\"80\">13786324D<\/td>\n<td width=\"328\">CAVIEDES AJA FRANCISCO JAVIER<\/td>\n<\/tr>\n<tr>\n<td width=\"80\">20205806F<\/td>\n<td width=\"328\">GUTIERREZ PEREZ OSCAR<\/td>\n<\/tr>\n<tr>\n<td width=\"80\">29036659X<\/td>\n<td width=\"328\">BORJA FUENTES JULIO<\/td>\n<\/tr>\n<tr>\n<td width=\"80\">72090456S<\/td>\n<td width=\"328\">HERNANDEZ HERNANDEZ JAIME<\/td>\n<\/tr>\n<\/tbody>\n<\/table>\n<ul>\n<li><strong>Excluidos\/as provisionales:<\/strong><\/li>\n<\/ul>\n<table>\n<tbody>\n<tr>\n<td width=\"80\"><strong>DNI<\/strong><\/td>\n<td width=\"328\"><strong>APELLIDOS Y NOMBRE<\/strong><\/td>\n<td width=\"104\"><strong>CAUSA EXCLUSI\u00d3N<\/strong><\/td>\n<\/tr>\n<tr>\n<td width=\"80\">14930156M<\/td>\n<td width=\"328\">INZA GOMEZ MARIA CARMEN<\/td>\n<td width=\"104\">(3)<\/td>\n<\/tr>\n<tr>\n<td width=\"80\">78869790F<\/td>\n<td width=\"328\">MATEO ZAMBRANA FRANCISCO<\/td>\n<td width=\"104\">(3)<\/td>\n<\/tr>\n<tr>\n<td width=\"80\">13711152R<\/td>\n<td width=\"328\">CRESPO LAVIN CARMEN<\/td>\n<td width=\"104\">(3)<\/td>\n<\/tr>\n<tr>\n<td width=\"80\">13713044F<\/td>\n<td width=\"328\">ZANCADA HERNANDEZ MONSERRAT<\/td>\n<td width=\"104\">(3)<\/td>\n<\/tr>\n<tr>\n<td width=\"80\">72205900E<\/td>\n<td width=\"328\">VASQUES ORA CARMEN YOLANDA<\/td>\n<td width=\"104\">(3)<\/td>\n<\/tr>\n<tr>\n<td width=\"80\">X8359186C<\/td>\n<td width=\"328\">CIOBOTARU AURICA<\/td>\n<td width=\"104\">(3)<\/td>\n<\/tr>\n<tr>\n<td width=\"80\">46033318Z<\/td>\n<td width=\"328\">CHAVERO CAMPINA M CARMEN<\/td>\n<td width=\"104\">(3)<\/td>\n<\/tr>\n<tr>\n<td width=\"80\">72131197T<\/td>\n<td width=\"328\">HERNANDEZ ROSILLO MARIA ISABEL<\/td>\n<td width=\"104\">(3)<\/td>\n<\/tr>\n<tr>\n<td width=\"80\">30606361P<\/td>\n<td width=\"328\">SANTOS BARON FCO JAVIER<\/td>\n<td width=\"104\">(3)<\/td>\n<\/tr>\n<tr>\n<td width=\"80\">13778972V<\/td>\n<td width=\"328\">OSORIO CAVIEDES M ARANZAZU<\/td>\n<td width=\"104\">(3)<\/td>\n<\/tr>\n<tr>\n<td width=\"80\">72357942B<\/td>\n<td width=\"328\">SIVERIO PALACIOS MARIA ELENA<\/td>\n<td width=\"104\">(3)<\/td>\n<\/tr>\n<tr>\n<td width=\"80\">20190007D<\/td>\n<td width=\"328\">RUIZ ALVAREZ NATALIA<\/td>\n<td width=\"104\">(3)<\/td>\n<\/tr>\n<tr>\n<td width=\"80\">34777241E<\/td>\n<td width=\"328\">CONTRERAS SAYAVERA MARIA ISABEL<\/td>\n<td width=\"104\">(3)<\/td>\n<\/tr>\n<tr>\n<td width=\"80\">72102382G<\/td>\n<td width=\"328\">GUERRERO DOMINGUEZ RUFINO<\/td>\n<td width=\"104\">(3)<\/td>\n<\/tr>\n<\/tbody>\n<\/table>\n<ol>\n<li>Falta DNI<\/li>\n<li>Falta de titulaci\u00f3n m\u00ednima<\/li>\n<li>No atender el llamamiento o no estar interesado en la oferta.<\/li>\n<\/ol>\n<ul>\n<li><strong>PUESTO MONITOR AMBIENTAL:<\/strong><\/li>\n<li><strong>Admitidos\/as provisionales:<\/strong><\/li>\n<\/ul>\n<table width=\"345\">\n<tbody>\n<tr>\n<td width=\"81\"><strong>DNI<\/strong><\/td>\n<td width=\"264\"><strong>APELLIDOS Y NOMBRE<\/strong><\/td>\n<\/tr>\n<tr>\n<td width=\"81\">78887153M<\/td>\n<td width=\"264\">OLAZARRI EGUSQUIZA ARKAITZ<\/td>\n<\/tr>\n<tr>\n<td width=\"81\">07218232G<\/td>\n<td width=\"264\">BERMEJO REINARES MARIA ANGELES<\/td>\n<\/tr>\n<tr>\n<td width=\"81\">72022570W<\/td>\n<td width=\"264\">ARCE GUTIERREZ MARIA YOLANDA<\/td>\n<\/tr>\n<tr>\n<td width=\"81\">72026047Y<\/td>\n<td width=\"264\">ARCE GUTIERREZ ANA ISABEL<\/td>\n<\/tr>\n<tr>\n<td width=\"81\">13787264Y<\/td>\n<td width=\"264\">CABEZON GUTIERREZ ESTHER<\/td>\n<\/tr>\n<tr>\n<td width=\"81\">78892746D<\/td>\n<td width=\"264\">FERNANDEZ RUIZ MARCOS<\/td>\n<\/tr>\n<\/tbody>\n<\/table>\n<ul>\n<li><strong>Excluidos\/as provisionales:<\/strong><\/li>\n<\/ul>\n<table width=\"444\">\n<tbody>\n<tr>\n<td width=\"81\"><strong>DNI<\/strong><\/td>\n<td width=\"264\"><strong>APELLIDOS Y NOMBRE<\/strong><\/td>\n<td width=\"99\"><strong>CAUSA EXCLUSI\u00d3N<\/strong><\/td>\n<\/tr>\n<tr>\n<td width=\"81\">78693507L<\/td>\n<td width=\"264\">RIVERO DENIZ MARIA ESTHER<\/td>\n<td width=\"99\">(3)<\/td>\n<\/tr>\n<\/tbody>\n<\/table>\n<ol>\n<li>Falta DNI<\/li>\n<li>Falta de titulaci\u00f3n m\u00ednima<\/li>\n<li>No atender el llamamiento o no estar interesado en la oferta.<\/li>\n<\/ol>\n<ul>\n<li><strong>PUESTO MONITOR DE OCIO Y TIEMPO LIBRE:<\/strong><\/li>\n<li><strong>Admitidos\/as provisionales:<\/strong><\/li>\n<\/ul>\n<table width=\"341\">\n<tbody>\n<tr>\n<td width=\"81\"><strong>DNI<\/strong><\/td>\n<td width=\"260\"><strong>APELLIDOS Y NOMBRE<\/strong><\/td>\n<\/tr>\n<tr>\n<td width=\"81\">30676125J<\/td>\n<td width=\"260\">PIZARRO DOMINGUEZ SILVIA<\/td>\n<\/tr>\n<tr>\n<td width=\"81\">72101647M<\/td>\n<td width=\"260\">LOPEZ NEGRETE ERIKA<\/td>\n<\/tr>\n<tr>\n<td width=\"81\">72039441Z<\/td>\n<td width=\"260\">GUTIERREZ FERNANDEZ ELISA<\/td>\n<\/tr>\n<tr>\n<td width=\"81\">78941394N<\/td>\n<td width=\"260\">L\u00d3PEZ BLANCO SILVIA<\/td>\n<\/tr>\n<tr>\n<td width=\"81\">72075481J<\/td>\n<td width=\"260\">LUS LOPEZ PABLO<\/td>\n<\/tr>\n<tr>\n<td width=\"81\">78892746D<\/td>\n<td width=\"260\">FERNANDEZ RUIZ MARCOS<\/td>\n<\/tr>\n<tr>\n<td width=\"81\">72022570W<\/td>\n<td width=\"260\">ARCE GUTIERREZ MARIA YOLANDA<\/td>\n<\/tr>\n<tr>\n<td width=\"81\">72095344G<\/td>\n<td width=\"260\">GOMEZ CALLEJA ANA<\/td>\n<\/tr>\n<tr>\n<td width=\"81\">72040144G<\/td>\n<td width=\"260\">RUIZ LOPEZ PATRICIA<\/td>\n<\/tr>\n<tr>\n<td width=\"81\">72174565J<\/td>\n<td width=\"260\">HOYO CARBALLO JULIA<\/td>\n<\/tr>\n<tr>\n<td width=\"81\">72097287S<\/td>\n<td width=\"260\">FERNANDEZ RUIZ BORJA<\/td>\n<\/tr>\n<tr>\n<td width=\"81\">78993112A<\/td>\n<td width=\"260\">PI\u00d1EIRO PUERTAS NURIA<\/td>\n<\/tr>\n<tr>\n<td width=\"81\">72025336P<\/td>\n<td width=\"260\">BRAMBILLA RUEDA M ASUNCION<\/td>\n<\/tr>\n<\/tbody>\n<\/table>\n<ul>\n<li><strong>\u00a0<\/strong><strong>Excluidos\/as provisionales:<\/strong><\/li>\n<\/ul>\n<table width=\"454\">\n<tbody>\n<tr>\n<td width=\"81\"><strong>DNI<\/strong><\/td>\n<td width=\"260\"><strong>APELLIDOS Y NOMBRE<\/strong><\/td>\n<td width=\"112\"><strong>CAUSA EXCLUSI\u00d3N<\/strong><\/td>\n<\/tr>\n<tr>\n<td width=\"81\">00419752W<\/td>\n<td width=\"260\">HERRERA MORENO EVA<\/td>\n<td width=\"112\">(3)<\/td>\n<\/tr>\n<tr>\n<td width=\"81\">13745196M<\/td>\n<td width=\"260\">SALCINES REVUELTA INMACULADA<\/td>\n<td width=\"112\">(4)<\/td>\n<\/tr>\n<\/tbody>\n<\/table>\n<ol>\n<li><strong>\u00a0<\/strong>Falta DNI<\/li>\n<li>Falta de titulaci\u00f3n m\u00ednima<\/li>\n<li>No atender el llamamiento o no estar interesado en la oferta.<\/li>\n<li>Otras causas<\/li>\n<\/ol>\n<ul>\n<li><strong>PUESTO VIGILANTE:<\/strong><\/li>\n<li><strong>Admitidos\/as provisionales:<\/strong><\/li>\n<\/ul>\n<table width=\"333\">\n<tbody>\n<tr>\n<td width=\"80\"><strong>DNI<\/strong><\/td>\n<td width=\"253\"><strong>APELLIDOS Y NOMBRE<\/strong><\/td>\n<\/tr>\n<tr>\n<td width=\"80\">12712385D<\/td>\n<td width=\"253\">CASTRO IGLESIAS MARIA ANGELES<\/td>\n<\/tr>\n<tr>\n<td width=\"80\">14930156M<\/td>\n<td width=\"253\">INZA GOMEZ MARIA CARMEN<\/td>\n<\/tr>\n<tr>\n<td width=\"80\">13727998B<\/td>\n<td width=\"253\">LLAMOSAS GIRALDO ANTONIA AN<\/td>\n<\/tr>\n<tr>\n<td width=\"80\">13761541C<\/td>\n<td width=\"253\">NEGRETE GONZALEZ MARIA PILAR<\/td>\n<\/tr>\n<tr>\n<td width=\"80\">72025804Q<\/td>\n<td width=\"253\">BARQUIN MADRAZO JOSE RAMON<\/td>\n<\/tr>\n<tr>\n<td width=\"80\">13770866F<\/td>\n<td width=\"253\">LOPEZ INCERA MARIO<\/td>\n<\/tr>\n<tr>\n<td width=\"80\">09702453H<\/td>\n<td width=\"253\">QUINTANA SANCHEZ JOSE MARIA<\/td>\n<\/tr>\n<tr>\n<td width=\"80\">13744553Y<\/td>\n<td width=\"253\">DE LA HOZ SECO ANA MARIA<\/td>\n<\/tr>\n<tr>\n<td width=\"80\">72022904Z<\/td>\n<td width=\"253\">MARTIN NEGRETE EMILIO<\/td>\n<\/tr>\n<tr>\n<td width=\"80\">13712828K<\/td>\n<td width=\"253\">RUIZ ALVAREZ MARIA<\/td>\n<\/tr>\n<tr>\n<td width=\"80\">13785024C<\/td>\n<td width=\"253\">ECHEVARRIA VALLE ANA ISABEL<\/td>\n<\/tr>\n<\/tbody>\n<\/table>\n<ul>\n<li><strong>Excluidos\/as provisionales:<\/strong><\/li>\n<\/ul>\n<table width=\"420\">\n<tbody>\n<tr>\n<td width=\"80\"><strong>DNI<\/strong><\/td>\n<td width=\"253\"><strong>APELLIDOS Y NOMBRE<\/strong><\/td>\n<td width=\"87\"><strong>CAUSA EXCLUSI\u00d3N<\/strong><\/td>\n<\/tr>\n<tr>\n<td width=\"80\">78869790F<\/td>\n<td width=\"253\">MATEO ZAMBRANA FRANCISCO<\/td>\n<td width=\"87\">(3)<\/td>\n<\/tr>\n<\/tbody>\n<\/table>\n<ol>\n<li>Falta DNI<\/li>\n<li>Falta de titulaci\u00f3n m\u00ednima<\/li>\n<li>No atender el llamamiento o no estar interesado en la oferta<\/li>\n<\/ol>\n<ul>\n<li><strong>PUESTO PE\u00d3N DE LIMPIEZA:<\/strong><\/li>\n<li><strong>Admitidos\/as provisionales:<\/strong><\/li>\n<\/ul>\n<table width=\"353\">\n<tbody>\n<tr>\n<td width=\"80\"><strong>DNI<\/strong><\/td>\n<td width=\"273\"><strong>APELLIDOS Y NOMBRE<\/strong><\/td>\n<\/tr>\n<tr>\n<td width=\"80\">35016522B<\/td>\n<td width=\"273\">CODINA SENTIAS FRANCISCA<\/td>\n<\/tr>\n<tr>\n<td width=\"80\">72022904Z<\/td>\n<td width=\"273\">MARTIN NEGRETE EMILIO<\/td>\n<\/tr>\n<tr>\n<td width=\"80\">72022618G<\/td>\n<td width=\"273\">NAVASCUEZ ALVARADO MARIA PILAR<\/td>\n<\/tr>\n<tr>\n<td width=\"80\">13738443Z<\/td>\n<td width=\"273\">TORRE PARDO MARIA REYES<\/td>\n<\/tr>\n<tr>\n<td width=\"80\">13908844P<\/td>\n<td width=\"273\">RODRIGUEZ RODRIGUEZ AMALIA<\/td>\n<\/tr>\n<\/tbody>\n<\/table>\n<ul>\n<li><strong>Excluidos\/as provisionales:<\/strong><\/li>\n<\/ul>\n<table width=\"453\">\n<tbody>\n<tr>\n<td width=\"80\"><strong>DNI<\/strong><\/td>\n<td width=\"273\"><strong>APELLIDOS Y NOMBRE<\/strong><\/td>\n<td width=\"100\"><strong>CAUSA EXCLUSI\u00d3N<\/strong><\/td>\n<\/tr>\n<tr>\n<td width=\"80\">14930156M<\/td>\n<td width=\"273\">INZA GOMEZ MARIA CARMEN<\/td>\n<td width=\"100\">(3)<\/td>\n<\/tr>\n<tr>\n<td width=\"80\">13693247J<\/td>\n<td width=\"273\">GUTIERREZ RODRIGUEZ M CARMEN<\/td>\n<td width=\"100\">(3)<\/td>\n<\/tr>\n<tr>\n<td width=\"80\">13711152R<\/td>\n<td width=\"273\">CRESPO LAVIN CARMEN<\/td>\n<td width=\"100\">(3)<\/td>\n<\/tr>\n<tr>\n<td width=\"80\">72019726X<\/td>\n<td width=\"273\">FERNANDEZ PARDO MARIA DEL PILAR<\/td>\n<td width=\"100\">(3)<\/td>\n<\/tr>\n<tr>\n<td width=\"80\">13728397L<\/td>\n<td width=\"273\">REVILLA ROCILLO LIDIA<\/td>\n<td width=\"100\">(3)<\/td>\n<\/tr>\n<tr>\n<td width=\"80\">13713044F<\/td>\n<td width=\"273\">ZANCADA HERNANDEZ MONSERRAT<\/td>\n<td width=\"100\">(3)<\/td>\n<\/tr>\n<tr>\n<td width=\"80\">72205900E<\/td>\n<td width=\"273\">VASQUES ORA CARMEN YOLANDA<\/td>\n<td width=\"100\">(3)<\/td>\n<\/tr>\n<tr>\n<td width=\"80\">X8359186C<\/td>\n<td width=\"273\">CIOBOTARU AURICA<\/td>\n<td width=\"100\">(3)<\/td>\n<\/tr>\n<tr>\n<td width=\"80\">X8506895T<\/td>\n<td width=\"273\">TIFIN VERA<\/td>\n<td width=\"100\">(3)<\/td>\n<\/tr>\n<tr>\n<td width=\"80\">46033318Z<\/td>\n<td width=\"273\">CHAVERO CAMPINA M CARMEN<\/td>\n<td width=\"100\">(3)<\/td>\n<\/tr>\n<tr>\n<td width=\"80\">13767022G<\/td>\n<td width=\"273\">URRIOLA SARABIA MARIA ISABEL<\/td>\n<td width=\"100\">(3)<\/td>\n<\/tr>\n<\/tbody>\n<\/table>\n<ol>\n<li>Falta DNI<\/li>\n<li>Falta de titulaci\u00f3n m\u00ednima<\/li>\n<li>No atender el llamamiento o no estar interesado en la oferta.<\/li>\n<\/ol>\n<ul>\n<li>Los aspirantes excluidos tendr\u00e1n plazo de subsanaci\u00f3n hasta el 27 de julio de 2017 a las 14:45 horas en relaci\u00f3n a <strong>la documentaci\u00f3n que se considera en las bases de selecci\u00f3n como subsanable, y que se especifica como causa de exclusi\u00f3n, en caso de utilizarse medios de registro distintos del Registro General del Ayuntamiento, ser\u00e1 indispensable la puesta en conocimiento antes del t\u00e9rmino del plazo mediante fax al n\u00famero 942674588.<\/strong><\/li>\n<li>En Colindres, a la fecha de la firma electr\u00f3nica<\/li>\n<li>El Alcalde.<\/li>\n<li>JAVIER INCERA GOYENECHEA.<\/li>\n<li><em>Documento firmado electr\u00f3nicamente (Ley 39\/2015, de 1 de octubre)<\/em><\/li>\n<\/ul>\n","protected":false},"excerpt":{"rendered":"<p>UNIDAD DE CONCESI\u00d3N A. DESEMPLEADO GENERAL. &nbsp; COLINDRES SOSTENIBLE 2017: &nbsp; 1 pe\u00f3n fontanero 1 pe\u00f3n pintor 2 peones forestales 2 peones de obra 1 monitor ambiental 3 monitores de ocio y tiempo libre 1 vigilante 1 gu\u00eda de turismo 1 pe\u00f3n de limpieza\u00a0 MANTENIMIENTO Y REVALORIZACI\u00d3N ESPACIOS P\u00daBLICOS 2017: 2 peones pintores 4 peones [&hellip;]<\/p>\n","protected":false},"author":1,"featured_media":303,"comment_status":"open","ping_status":"closed","template":"","meta":{"_et_pb_use_builder":"","_et_pb_old_content":"","_et_gb_content_width":"","footnotes":""},"project_category":[],"project_tag":[],"class_list":["post-821","project","type-project","status-publish","has-post-thumbnail","hentry"],"yoast_head":"<!-- This site is optimized with the Yoast SEO plugin v24.9 - https:\/\/yoast.com\/wordpress\/plugins\/seo\/ -->\n<title>ANUNCIO RELACI\u00d3N DE ADMITIDOS\/EXCLUIDOS PROVISIONAL PARA LA SELECCI\u00d3N DE LOS PUESTOS DE TRABAJO INCLUIDOS EN LOS PROYECTOS DE LA UNIDAD DE CONCESI\u00d3N A: DESEMPLEADO EN GENERAL, EN EL MARCO DE LA SUBVENCI\u00d3N CONCEDIDA A LAS CORPORACIONES LOCALES POR LA ORDEN HAC\/8\/2017, DE 15 DE MARZO DE 2017, Y ORDEN HAC\/16\/2017, DE 10 DE ABRIL: - Ayuntamiento de Colindres<\/title>\n<meta name=\"robots\" content=\"index, follow, max-snippet:-1, max-image-preview:large, max-video-preview:-1\" \/>\n<link rel=\"canonical\" href=\"https:\/\/www.colindres.es\/index.php\/project\/anuncio-relacion-de-admitidosexcluidos-provisional-para-la-seleccion-de-los-puestos-de-trabajo-incluidos-en-los-proyectos-de-la-unidad-de-concesion-a-desempleado-en-general-en-el-marco-de-la-subven\/\" \/>\n<meta property=\"og:locale\" content=\"es_ES\" \/>\n<meta property=\"og:type\" content=\"article\" \/>\n<meta property=\"og:title\" content=\"ANUNCIO RELACI\u00d3N DE ADMITIDOS\/EXCLUIDOS PROVISIONAL PARA LA SELECCI\u00d3N DE LOS PUESTOS DE TRABAJO INCLUIDOS EN LOS PROYECTOS DE LA UNIDAD DE CONCESI\u00d3N A: DESEMPLEADO EN GENERAL, EN EL MARCO DE LA SUBVENCI\u00d3N CONCEDIDA A LAS CORPORACIONES LOCALES POR LA ORDEN HAC\/8\/2017, DE 15 DE MARZO DE 2017, Y ORDEN HAC\/16\/2017, DE 10 DE ABRIL: - Ayuntamiento de Colindres\" \/>\n<meta property=\"og:description\" content=\"UNIDAD DE CONCESI\u00d3N A. DESEMPLEADO GENERAL. &nbsp; COLINDRES SOSTENIBLE 2017: &nbsp; 1 pe\u00f3n fontanero 1 pe\u00f3n pintor 2 peones forestales 2 peones de obra 1 monitor ambiental 3 monitores de ocio y tiempo libre 1 vigilante 1 gu\u00eda de turismo 1 pe\u00f3n de limpieza\u00a0 MANTENIMIENTO Y REVALORIZACI\u00d3N ESPACIOS P\u00daBLICOS 2017: 2 peones pintores 4 peones [&hellip;]\" \/>\n<meta property=\"og:url\" content=\"https:\/\/www.colindres.es\/index.php\/project\/anuncio-relacion-de-admitidosexcluidos-provisional-para-la-seleccion-de-los-puestos-de-trabajo-incluidos-en-los-proyectos-de-la-unidad-de-concesion-a-desempleado-en-general-en-el-marco-de-la-subven\/\" \/>\n<meta property=\"og:site_name\" content=\"Ayuntamiento de Colindres\" \/>\n<meta property=\"og:image\" content=\"https:\/\/www.colindres.es\/wp-content\/uploads\/2017\/04\/IMG_9265-1024x659.jpg\" \/>\n\t<meta property=\"og:image:width\" content=\"1024\" \/>\n\t<meta property=\"og:image:height\" content=\"659\" \/>\n\t<meta property=\"og:image:type\" content=\"image\/jpeg\" \/>\n<meta name=\"twitter:card\" content=\"summary_large_image\" \/>\n<meta name=\"twitter:label1\" content=\"Tiempo de lectura\" \/>\n\t<meta name=\"twitter:data1\" content=\"5 minutos\" \/>\n<script type=\"application\/ld+json\" class=\"yoast-schema-graph\">{\"@context\":\"https:\/\/schema.org\",\"@graph\":[{\"@type\":\"WebPage\",\"@id\":\"https:\/\/www.colindres.es\/index.php\/project\/anuncio-relacion-de-admitidosexcluidos-provisional-para-la-seleccion-de-los-puestos-de-trabajo-incluidos-en-los-proyectos-de-la-unidad-de-concesion-a-desempleado-en-general-en-el-marco-de-la-subven\/\",\"url\":\"https:\/\/www.colindres.es\/index.php\/project\/anuncio-relacion-de-admitidosexcluidos-provisional-para-la-seleccion-de-los-puestos-de-trabajo-incluidos-en-los-proyectos-de-la-unidad-de-concesion-a-desempleado-en-general-en-el-marco-de-la-subven\/\",\"name\":\"ANUNCIO RELACI\u00d3N DE ADMITIDOS\/EXCLUIDOS PROVISIONAL PARA LA SELECCI\u00d3N DE LOS PUESTOS DE TRABAJO INCLUIDOS EN LOS PROYECTOS DE LA UNIDAD DE CONCESI\u00d3N A: DESEMPLEADO EN GENERAL, EN EL MARCO DE LA SUBVENCI\u00d3N CONCEDIDA A LAS CORPORACIONES LOCALES POR LA ORDEN HAC\/8\/2017, DE 15 DE MARZO DE 2017, Y ORDEN HAC\/16\/2017, DE 10 DE ABRIL: - Ayuntamiento de Colindres\",\"isPartOf\":{\"@id\":\"https:\/\/www.colindres.es\/#website\"},\"primaryImageOfPage\":{\"@id\":\"https:\/\/www.colindres.es\/index.php\/project\/anuncio-relacion-de-admitidosexcluidos-provisional-para-la-seleccion-de-los-puestos-de-trabajo-incluidos-en-los-proyectos-de-la-unidad-de-concesion-a-desempleado-en-general-en-el-marco-de-la-subven\/#primaryimage\"},\"image\":{\"@id\":\"https:\/\/www.colindres.es\/index.php\/project\/anuncio-relacion-de-admitidosexcluidos-provisional-para-la-seleccion-de-los-puestos-de-trabajo-incluidos-en-los-proyectos-de-la-unidad-de-concesion-a-desempleado-en-general-en-el-marco-de-la-subven\/#primaryimage\"},\"thumbnailUrl\":\"https:\/\/www.colindres.es\/wp-content\/uploads\/2017\/04\/IMG_9265.jpg\",\"datePublished\":\"2017-07-26T10:41:29+00:00\",\"breadcrumb\":{\"@id\":\"https:\/\/www.colindres.es\/index.php\/project\/anuncio-relacion-de-admitidosexcluidos-provisional-para-la-seleccion-de-los-puestos-de-trabajo-incluidos-en-los-proyectos-de-la-unidad-de-concesion-a-desempleado-en-general-en-el-marco-de-la-subven\/#breadcrumb\"},\"inLanguage\":\"es\",\"potentialAction\":[{\"@type\":\"ReadAction\",\"target\":[\"https:\/\/www.colindres.es\/index.php\/project\/anuncio-relacion-de-admitidosexcluidos-provisional-para-la-seleccion-de-los-puestos-de-trabajo-incluidos-en-los-proyectos-de-la-unidad-de-concesion-a-desempleado-en-general-en-el-marco-de-la-subven\/\"]}]},{\"@type\":\"ImageObject\",\"inLanguage\":\"es\",\"@id\":\"https:\/\/www.colindres.es\/index.php\/project\/anuncio-relacion-de-admitidosexcluidos-provisional-para-la-seleccion-de-los-puestos-de-trabajo-incluidos-en-los-proyectos-de-la-unidad-de-concesion-a-desempleado-en-general-en-el-marco-de-la-subven\/#primaryimage\",\"url\":\"https:\/\/www.colindres.es\/wp-content\/uploads\/2017\/04\/IMG_9265.jpg\",\"contentUrl\":\"https:\/\/www.colindres.es\/wp-content\/uploads\/2017\/04\/IMG_9265.jpg\",\"width\":5077,\"height\":3269},{\"@type\":\"BreadcrumbList\",\"@id\":\"https:\/\/www.colindres.es\/index.php\/project\/anuncio-relacion-de-admitidosexcluidos-provisional-para-la-seleccion-de-los-puestos-de-trabajo-incluidos-en-los-proyectos-de-la-unidad-de-concesion-a-desempleado-en-general-en-el-marco-de-la-subven\/#breadcrumb\",\"itemListElement\":[{\"@type\":\"ListItem\",\"position\":1,\"name\":\"Portada\",\"item\":\"https:\/\/www.colindres.es\/\"},{\"@type\":\"ListItem\",\"position\":2,\"name\":\"Proyectos\",\"item\":\"https:\/\/www.colindres.es\/index.php\/project\/\"},{\"@type\":\"ListItem\",\"position\":3,\"name\":\"ANUNCIO RELACI\u00d3N DE ADMITIDOS\/EXCLUIDOS PROVISIONAL PARA LA SELECCI\u00d3N DE LOS PUESTOS DE TRABAJO INCLUIDOS EN LOS PROYECTOS DE LA UNIDAD DE CONCESI\u00d3N A: DESEMPLEADO EN GENERAL, EN EL MARCO DE LA SUBVENCI\u00d3N CONCEDIDA A LAS CORPORACIONES LOCALES POR LA ORDEN HAC\/8\/2017, DE 15 DE MARZO DE 2017, Y ORDEN HAC\/16\/2017, DE 10 DE ABRIL:\"}]},{\"@type\":\"WebSite\",\"@id\":\"https:\/\/www.colindres.es\/#website\",\"url\":\"https:\/\/www.colindres.es\/\",\"name\":\"Ayuntamiento de Colindres\",\"description\":\"Dise\u00f1ado por NTIC&#039;s\",\"publisher\":{\"@id\":\"https:\/\/www.colindres.es\/#organization\"},\"potentialAction\":[{\"@type\":\"SearchAction\",\"target\":{\"@type\":\"EntryPoint\",\"urlTemplate\":\"https:\/\/www.colindres.es\/?s={search_term_string}\"},\"query-input\":{\"@type\":\"PropertyValueSpecification\",\"valueRequired\":true,\"valueName\":\"search_term_string\"}}],\"inLanguage\":\"es\"},{\"@type\":\"Organization\",\"@id\":\"https:\/\/www.colindres.es\/#organization\",\"name\":\"AYUNTAMIENTO DE COLINDRES\",\"url\":\"https:\/\/www.colindres.es\/\",\"logo\":{\"@type\":\"ImageObject\",\"inLanguage\":\"es\",\"@id\":\"https:\/\/www.colindres.es\/#\/schema\/logo\/image\/\",\"url\":\"https:\/\/www.colindres.es\/wp-content\/uploads\/2017\/01\/LOGO-PRINCIPAL.jpg\",\"contentUrl\":\"https:\/\/www.colindres.es\/wp-content\/uploads\/2017\/01\/LOGO-PRINCIPAL.jpg\",\"width\":1209,\"height\":579,\"caption\":\"AYUNTAMIENTO DE COLINDRES\"},\"image\":{\"@id\":\"https:\/\/www.colindres.es\/#\/schema\/logo\/image\/\"}}]}<\/script>\n<!-- \/ Yoast SEO plugin. -->","yoast_head_json":{"title":"ANUNCIO RELACI\u00d3N DE ADMITIDOS\/EXCLUIDOS PROVISIONAL PARA LA SELECCI\u00d3N DE LOS PUESTOS DE TRABAJO INCLUIDOS EN LOS PROYECTOS DE LA UNIDAD DE CONCESI\u00d3N A: DESEMPLEADO EN GENERAL, EN EL MARCO DE LA SUBVENCI\u00d3N CONCEDIDA A LAS CORPORACIONES LOCALES POR LA ORDEN HAC\/8\/2017, DE 15 DE MARZO DE 2017, Y ORDEN HAC\/16\/2017, DE 10 DE ABRIL: - Ayuntamiento de Colindres","robots":{"index":"index","follow":"follow","max-snippet":"max-snippet:-1","max-image-preview":"max-image-preview:large","max-video-preview":"max-video-preview:-1"},"canonical":"https:\/\/www.colindres.es\/index.php\/project\/anuncio-relacion-de-admitidosexcluidos-provisional-para-la-seleccion-de-los-puestos-de-trabajo-incluidos-en-los-proyectos-de-la-unidad-de-concesion-a-desempleado-en-general-en-el-marco-de-la-subven\/","og_locale":"es_ES","og_type":"article","og_title":"ANUNCIO RELACI\u00d3N DE ADMITIDOS\/EXCLUIDOS PROVISIONAL PARA LA SELECCI\u00d3N DE LOS PUESTOS DE TRABAJO INCLUIDOS EN LOS PROYECTOS DE LA UNIDAD DE CONCESI\u00d3N A: DESEMPLEADO EN GENERAL, EN EL MARCO DE LA SUBVENCI\u00d3N CONCEDIDA A LAS CORPORACIONES LOCALES POR LA ORDEN HAC\/8\/2017, DE 15 DE MARZO DE 2017, Y ORDEN HAC\/16\/2017, DE 10 DE ABRIL: - Ayuntamiento de Colindres","og_description":"UNIDAD DE CONCESI\u00d3N A. DESEMPLEADO GENERAL. &nbsp; COLINDRES SOSTENIBLE 2017: &nbsp; 1 pe\u00f3n fontanero 1 pe\u00f3n pintor 2 peones forestales 2 peones de obra 1 monitor ambiental 3 monitores de ocio y tiempo libre 1 vigilante 1 gu\u00eda de turismo 1 pe\u00f3n de limpieza\u00a0 MANTENIMIENTO Y REVALORIZACI\u00d3N ESPACIOS P\u00daBLICOS 2017: 2 peones pintores 4 peones [&hellip;]","og_url":"https:\/\/www.colindres.es\/index.php\/project\/anuncio-relacion-de-admitidosexcluidos-provisional-para-la-seleccion-de-los-puestos-de-trabajo-incluidos-en-los-proyectos-de-la-unidad-de-concesion-a-desempleado-en-general-en-el-marco-de-la-subven\/","og_site_name":"Ayuntamiento de Colindres","og_image":[{"width":1024,"height":659,"url":"https:\/\/www.colindres.es\/wp-content\/uploads\/2017\/04\/IMG_9265-1024x659.jpg","type":"image\/jpeg"}],"twitter_card":"summary_large_image","twitter_misc":{"Tiempo de lectura":"5 minutos"},"schema":{"@context":"https:\/\/schema.org","@graph":[{"@type":"WebPage","@id":"https:\/\/www.colindres.es\/index.php\/project\/anuncio-relacion-de-admitidosexcluidos-provisional-para-la-seleccion-de-los-puestos-de-trabajo-incluidos-en-los-proyectos-de-la-unidad-de-concesion-a-desempleado-en-general-en-el-marco-de-la-subven\/","url":"https:\/\/www.colindres.es\/index.php\/project\/anuncio-relacion-de-admitidosexcluidos-provisional-para-la-seleccion-de-los-puestos-de-trabajo-incluidos-en-los-proyectos-de-la-unidad-de-concesion-a-desempleado-en-general-en-el-marco-de-la-subven\/","name":"ANUNCIO RELACI\u00d3N DE ADMITIDOS\/EXCLUIDOS PROVISIONAL PARA LA SELECCI\u00d3N DE LOS PUESTOS DE TRABAJO INCLUIDOS EN LOS PROYECTOS DE LA UNIDAD DE CONCESI\u00d3N A: DESEMPLEADO EN GENERAL, EN EL MARCO DE LA SUBVENCI\u00d3N CONCEDIDA A LAS CORPORACIONES LOCALES POR LA ORDEN HAC\/8\/2017, DE 15 DE MARZO DE 2017, Y ORDEN HAC\/16\/2017, DE 10 DE ABRIL: - Ayuntamiento de Colindres","isPartOf":{"@id":"https:\/\/www.colindres.es\/#website"},"primaryImageOfPage":{"@id":"https:\/\/www.colindres.es\/index.php\/project\/anuncio-relacion-de-admitidosexcluidos-provisional-para-la-seleccion-de-los-puestos-de-trabajo-incluidos-en-los-proyectos-de-la-unidad-de-concesion-a-desempleado-en-general-en-el-marco-de-la-subven\/#primaryimage"},"image":{"@id":"https:\/\/www.colindres.es\/index.php\/project\/anuncio-relacion-de-admitidosexcluidos-provisional-para-la-seleccion-de-los-puestos-de-trabajo-incluidos-en-los-proyectos-de-la-unidad-de-concesion-a-desempleado-en-general-en-el-marco-de-la-subven\/#primaryimage"},"thumbnailUrl":"https:\/\/www.colindres.es\/wp-content\/uploads\/2017\/04\/IMG_9265.jpg","datePublished":"2017-07-26T10:41:29+00:00","breadcrumb":{"@id":"https:\/\/www.colindres.es\/index.php\/project\/anuncio-relacion-de-admitidosexcluidos-provisional-para-la-seleccion-de-los-puestos-de-trabajo-incluidos-en-los-proyectos-de-la-unidad-de-concesion-a-desempleado-en-general-en-el-marco-de-la-subven\/#breadcrumb"},"inLanguage":"es","potentialAction":[{"@type":"ReadAction","target":["https:\/\/www.colindres.es\/index.php\/project\/anuncio-relacion-de-admitidosexcluidos-provisional-para-la-seleccion-de-los-puestos-de-trabajo-incluidos-en-los-proyectos-de-la-unidad-de-concesion-a-desempleado-en-general-en-el-marco-de-la-subven\/"]}]},{"@type":"ImageObject","inLanguage":"es","@id":"https:\/\/www.colindres.es\/index.php\/project\/anuncio-relacion-de-admitidosexcluidos-provisional-para-la-seleccion-de-los-puestos-de-trabajo-incluidos-en-los-proyectos-de-la-unidad-de-concesion-a-desempleado-en-general-en-el-marco-de-la-subven\/#primaryimage","url":"https:\/\/www.colindres.es\/wp-content\/uploads\/2017\/04\/IMG_9265.jpg","contentUrl":"https:\/\/www.colindres.es\/wp-content\/uploads\/2017\/04\/IMG_9265.jpg","width":5077,"height":3269},{"@type":"BreadcrumbList","@id":"https:\/\/www.colindres.es\/index.php\/project\/anuncio-relacion-de-admitidosexcluidos-provisional-para-la-seleccion-de-los-puestos-de-trabajo-incluidos-en-los-proyectos-de-la-unidad-de-concesion-a-desempleado-en-general-en-el-marco-de-la-subven\/#breadcrumb","itemListElement":[{"@type":"ListItem","position":1,"name":"Portada","item":"https:\/\/www.colindres.es\/"},{"@type":"ListItem","position":2,"name":"Proyectos","item":"https:\/\/www.colindres.es\/index.php\/project\/"},{"@type":"ListItem","position":3,"name":"ANUNCIO RELACI\u00d3N DE ADMITIDOS\/EXCLUIDOS PROVISIONAL PARA LA SELECCI\u00d3N DE LOS PUESTOS DE TRABAJO INCLUIDOS EN LOS PROYECTOS DE LA UNIDAD DE CONCESI\u00d3N A: DESEMPLEADO EN GENERAL, EN EL MARCO DE LA SUBVENCI\u00d3N CONCEDIDA A LAS CORPORACIONES LOCALES POR LA ORDEN HAC\/8\/2017, DE 15 DE MARZO DE 2017, Y ORDEN HAC\/16\/2017, DE 10 DE ABRIL:"}]},{"@type":"WebSite","@id":"https:\/\/www.colindres.es\/#website","url":"https:\/\/www.colindres.es\/","name":"Ayuntamiento de Colindres","description":"Dise\u00f1ado por NTIC&#039;s","publisher":{"@id":"https:\/\/www.colindres.es\/#organization"},"potentialAction":[{"@type":"SearchAction","target":{"@type":"EntryPoint","urlTemplate":"https:\/\/www.colindres.es\/?s={search_term_string}"},"query-input":{"@type":"PropertyValueSpecification","valueRequired":true,"valueName":"search_term_string"}}],"inLanguage":"es"},{"@type":"Organization","@id":"https:\/\/www.colindres.es\/#organization","name":"AYUNTAMIENTO DE COLINDRES","url":"https:\/\/www.colindres.es\/","logo":{"@type":"ImageObject","inLanguage":"es","@id":"https:\/\/www.colindres.es\/#\/schema\/logo\/image\/","url":"https:\/\/www.colindres.es\/wp-content\/uploads\/2017\/01\/LOGO-PRINCIPAL.jpg","contentUrl":"https:\/\/www.colindres.es\/wp-content\/uploads\/2017\/01\/LOGO-PRINCIPAL.jpg","width":1209,"height":579,"caption":"AYUNTAMIENTO DE COLINDRES"},"image":{"@id":"https:\/\/www.colindres.es\/#\/schema\/logo\/image\/"}}]}},"_links":{"self":[{"href":"https:\/\/www.colindres.es\/index.php\/wp-json\/wp\/v2\/project\/821","targetHints":{"allow":["GET"]}}],"collection":[{"href":"https:\/\/www.colindres.es\/index.php\/wp-json\/wp\/v2\/project"}],"about":[{"href":"https:\/\/www.colindres.es\/index.php\/wp-json\/wp\/v2\/types\/project"}],"author":[{"embeddable":true,"href":"https:\/\/www.colindres.es\/index.php\/wp-json\/wp\/v2\/users\/1"}],"replies":[{"embeddable":true,"href":"https:\/\/www.colindres.es\/index.php\/wp-json\/wp\/v2\/comments?post=821"}],"version-history":[{"count":1,"href":"https:\/\/www.colindres.es\/index.php\/wp-json\/wp\/v2\/project\/821\/revisions"}],"predecessor-version":[{"id":822,"href":"https:\/\/www.colindres.es\/index.php\/wp-json\/wp\/v2\/project\/821\/revisions\/822"}],"wp:featuredmedia":[{"embeddable":true,"href":"https:\/\/www.colindres.es\/index.php\/wp-json\/wp\/v2\/media\/303"}],"wp:attachment":[{"href":"https:\/\/www.colindres.es\/index.php\/wp-json\/wp\/v2\/media?parent=821"}],"wp:term":[{"taxonomy":"project_category","embeddable":true,"href":"https:\/\/www.colindres.es\/index.php\/wp-json\/wp\/v2\/project_category?post=821"},{"taxonomy":"project_tag","embeddable":true,"href":"https:\/\/www.colindres.es\/index.php\/wp-json\/wp\/v2\/project_tag?post=821"}],"curies":[{"name":"wp","href":"https:\/\/api.w.org\/{rel}","templated":true}]}}