{"id":819,"date":"2017-07-26T10:27:09","date_gmt":"2017-07-26T10:27:09","guid":{"rendered":"http:\/\/colindres.es\/?post_type=project&#038;p=819"},"modified":"2017-07-26T10:27:09","modified_gmt":"2017-07-26T10:27:09","slug":"anuncio-relacion-de-admitidosexcluidos-provisional-para-la-seleccion-de-los-puestos-de-trabajo-incluidos-en-los-proyectos-de-la-unidad-de-concesion-b-desempleado-larga-duracion-en-el-marco-de-la-su","status":"publish","type":"project","link":"https:\/\/www.colindres.es\/index.php\/project\/anuncio-relacion-de-admitidosexcluidos-provisional-para-la-seleccion-de-los-puestos-de-trabajo-incluidos-en-los-proyectos-de-la-unidad-de-concesion-b-desempleado-larga-duracion-en-el-marco-de-la-su\/","title":{"rendered":"ANUNCIO RELACI\u00d3N DE ADMITIDOS\/EXCLUIDOS PROVISIONAL PARA LA SELECCI\u00d3N DE LOS PUESTOS DE TRABAJO INCLUIDOS EN LOS PROYECTOS DE LA UNIDAD DE CONCESI\u00d3N B: DESEMPLEADO LARGA DURACION, EN EL MARCO DE LA SUBVENCI\u00d3N CONCEDIDA A LAS CORPORACIONES LOCALES POR LA ORDEN HAC\/8\/2017, DE 15 DE MARZO DE 2017, Y ORDEN HAC\/16\/2017, DE 10 DE ABRIL:"},"content":{"rendered":"<ul>\n<li><i><strong><em>UNIDAD DE CONCESI\u00d3N B. DESEMPLEADO DE LARGA DURACI\u00d3N.<\/em><\/strong><\/i><\/li>\n<\/ul>\n<p>&nbsp;<\/p>\n<ul>\n<li><i><strong><em>COLINDRES ACCESIBLE 2017:<\/em><\/strong><b><\/b><\/i><\/li>\n<li><i><strong><em>2 peones pintores<\/em><\/strong><\/i><\/li>\n<li><i><strong><em>4 peones forestales<\/em><\/strong><\/i><\/li>\n<li><i><strong><em>2 peones de obra<\/em><\/strong><\/i><\/li>\n<li><i><strong><em>4 monitores de ocio y tiempo libre<\/em><\/strong><\/i><\/li>\n<li><i><strong><em>2 vigilantes<\/em><\/strong><\/i><\/li>\n<li><i><strong><em>2 gu\u00edas de turismo<\/em><\/strong><\/i><\/li>\n<li><i><strong><em>1 t\u00e9cnico de archivo<\/em><\/strong><\/i><strong><em>\u00a0<\/em><\/strong><\/li>\n<li><i><b><\/b><\/i><\/li>\n<\/ul>\n<ul>\n<li><strong><em>UNIDAD DE GESTI\u00d3N MEDIO AMBIENTAL 2017:<\/em><\/strong><\/li>\n<li><strong><em>1 pe\u00f3n fontanero<\/em><\/strong><\/li>\n<li><strong><em>6 peones forestales<\/em><\/strong><\/li>\n<li><strong><em>3 monitores ambientales<\/em><\/strong><\/li>\n<li><strong><em>1 pe\u00f3n de limpieza<\/em><\/strong><\/li>\n<li><strong><em>1 gu\u00eda de turismo<\/em><\/strong><\/li>\n<li><strong><em>1 t\u00e9cnico de archivo<\/em><\/strong><\/li>\n<\/ul>\n<p>&nbsp;<\/p>\n<p>Por medio del presente anuncio, y una vez finalizado el plazo de presentaci\u00f3n de instancias, se da publicidad al Decreto de Alcald\u00eda 477\/2017, de 26 de julio de 2017, relativo a la relaci\u00f3n de admitidos\/excluidos provisional para la selecci\u00f3n de los puestos de trabajo que se indican en la relaci\u00f3n anexa, e incluidos en el proyecto COLINDRES ACCESIBLE 2017 y UNIDAD DE GESTI\u00d3N MEDIO AMBIENTAL 2017 dentro de la UNIDAD CONCESI\u00d3N B: DESEMPLEADO LARGA DURACI\u00d3N, a efectos de que en el plazo de <strong>un d\u00eda natural <\/strong>a contar desde el siguiente de la publicaci\u00f3n del presente anuncio en la sede electr\u00f3nica y en el Tabl\u00f3n de anuncios del ayuntamiento, presenten alegaciones o reclamaciones que consideren oportunas o procedan a la subsanaci\u00f3n de la documentaci\u00f3n correspondiente.<strong>\u00a0<\/strong><strong>\u00a0<\/strong><strong>\u00a0<\/strong><\/p>\n<ul>\n<li><strong>Admitidos\/as provisionales:<\/strong><\/li>\n<li><strong>PUESTO PE\u00d3N FONTANERO:<\/strong><\/li>\n<\/ul>\n<p>&nbsp;<\/p>\n<table width=\"300\">\n<tbody>\n<tr>\n<td width=\"80\"><strong>DNI<\/strong><\/td>\n<td width=\"220\"><strong>APELLIDOS Y NOMBRE<\/strong><\/td>\n<\/tr>\n<tr>\n<td width=\"80\">72095540Q<\/td>\n<td width=\"220\">HERNANDO PRIETO GUSTAVO<\/td>\n<\/tr>\n<tr>\n<td width=\"80\">72022765J<\/td>\n<td width=\"220\">GOMEZ MARTINEZ CARLOS<\/td>\n<\/tr>\n<\/tbody>\n<\/table>\n<p><strong>Excluidos\/as provisionales:<\/strong><\/p>\n<table width=\"406\">\n<tbody>\n<tr>\n<td width=\"80\"><strong>DNI<\/strong><\/td>\n<td width=\"220\"><strong>APELLIDOS Y NOMBRE<\/strong><\/td>\n<td width=\"106\"><strong>CAUSA EXCLUSI\u00d3N<\/strong><\/td>\n<\/tr>\n<tr>\n<td width=\"80\">13751831Q<\/td>\n<td width=\"220\">RICONDO TORRES JOSE LUIS<\/td>\n<td width=\"106\">3<\/td>\n<\/tr>\n<tr>\n<td width=\"80\">13783678P<\/td>\n<td width=\"220\">GUTIERREZ MARTINEZ JOSE MARIA<\/td>\n<td width=\"106\">3<\/td>\n<\/tr>\n<\/tbody>\n<\/table>\n<ol>\n<li>Falta DNI<\/li>\n<li>Falta de titulaci\u00f3n m\u00ednima<\/li>\n<li>No atender el llamamiento o no estar interesado en la oferta.<\/li>\n<\/ol>\n<p><strong>PUESTO PE\u00d3N PINTOR:<\/strong><\/p>\n<p><strong>Admitidos\/as provisionales:<\/strong><\/p>\n<table width=\"369\">\n<tbody>\n<tr>\n<td width=\"81\"><strong>DNI<\/strong><\/td>\n<td width=\"288\"><strong>APELLIDOS Y NOMBRE<\/strong><\/td>\n<\/tr>\n<tr>\n<td width=\"81\">X6633693X<\/td>\n<td width=\"288\">FERATOVIC RASIM<\/td>\n<\/tr>\n<tr>\n<td width=\"81\">72096983X<\/td>\n<td width=\"288\">MACHO FUENTECILLA JOSE LUIS<\/td>\n<\/tr>\n<tr>\n<td width=\"81\">29036659X<\/td>\n<td width=\"288\">BORJA FUENTES JULIO<\/td>\n<\/tr>\n<tr>\n<td width=\"81\">13770866F<\/td>\n<td width=\"288\">LOPEZ INCERA MARIO<\/td>\n<\/tr>\n<tr>\n<td width=\"81\">13786189N<\/td>\n<td width=\"288\">VALLE ECHEVARRIA SANTIAGO<\/td>\n<\/tr>\n<tr>\n<td width=\"81\">13745538W<\/td>\n<td width=\"288\">ROJO SIMON JUAN CARLOS<\/td>\n<\/tr>\n<tr>\n<td width=\"81\">Y1401353T<\/td>\n<td width=\"288\">IZEVBIZUA IZEVBIZUA OSAHENHEN LUCKY<\/td>\n<\/tr>\n<\/tbody>\n<\/table>\n<p><strong>Excluidos\/as provisionales:<\/strong><\/p>\n<table width=\"415\">\n<tbody>\n<tr>\n<td width=\"80\"><strong>DNI<\/strong><\/td>\n<td width=\"231\"><strong>APELLIDOS Y NOMBRE<\/strong><\/td>\n<td width=\"104\"><strong>CAUSA EXCLUSI\u00d3N<\/strong><\/td>\n<\/tr>\n<tr>\n<td width=\"80\">30606361P<\/td>\n<td width=\"231\">SANTOS BARON FCO JAVIER<\/td>\n<td width=\"104\">3<\/td>\n<\/tr>\n<\/tbody>\n<\/table>\n<ol>\n<li>Falta DNI<\/li>\n<li>Falta de titulaci\u00f3n m\u00ednima<\/li>\n<li>No atender el llamamiento o no estar interesado en la oferta.<\/li>\n<\/ol>\n<p><strong>PUESTO PE\u00d3N FORESTAL:<\/strong><\/p>\n<p><strong>Admitidos\/as provisionales:<\/strong><\/p>\n<table width=\"360\">\n<tbody>\n<tr>\n<td width=\"81\"><strong>DNI<\/strong><\/td>\n<td width=\"279\"><strong>APELLIDOS Y NOMBRE<\/strong><\/td>\n<\/tr>\n<tr>\n<td width=\"81\">72025804Q<\/td>\n<td width=\"279\">BARQUIN MADRAZO JOSE RAMON<\/td>\n<\/tr>\n<tr>\n<td width=\"81\">13786505Y<\/td>\n<td width=\"279\">TORRE SAINZ LUIS MANUEL<\/td>\n<\/tr>\n<tr>\n<td width=\"81\">72273758F<\/td>\n<td width=\"279\">CASTRO ARANGO LUIS FERNANDO<\/td>\n<\/tr>\n<tr>\n<td width=\"81\">72019743G<\/td>\n<td width=\"279\">CORRO BRIGIDO JOSE ANGEL<\/td>\n<\/tr>\n<tr>\n<td width=\"81\">X5692441X<\/td>\n<td width=\"279\">MIRCEA IUSEIM<\/td>\n<\/tr>\n<tr>\n<td width=\"81\">Y2685449Y<\/td>\n<td width=\"279\">MOH MOULUD SALEC SALEC<\/td>\n<\/tr>\n<tr>\n<td width=\"81\">72066508X<\/td>\n<td width=\"279\">CASTILLO SALAS RAQUEL<\/td>\n<\/tr>\n<tr>\n<td width=\"81\">13774371Q<\/td>\n<td width=\"279\">PALAZUELOS GARCIA ANDRES JAVIER<\/td>\n<\/tr>\n<tr>\n<td width=\"81\">13756844S<\/td>\n<td width=\"279\">PEREZ RENTERIA PEDRO<\/td>\n<\/tr>\n<tr>\n<td width=\"81\">13730853Z<\/td>\n<td width=\"279\">BUSTILLO DONOSTI J ALBERTO<\/td>\n<\/tr>\n<tr>\n<td width=\"81\">20205806F<\/td>\n<td width=\"279\">GUTIERREZ PEREZ OSCAR<\/td>\n<\/tr>\n<tr>\n<td width=\"81\">11932747W<\/td>\n<td width=\"279\">NACARINO TORRES M TERESA<\/td>\n<\/tr>\n<tr>\n<td width=\"81\">45819916Y<\/td>\n<td width=\"279\">CANO MARTINEZ JONATAN<\/td>\n<\/tr>\n<tr>\n<td width=\"81\">30650848J<\/td>\n<td width=\"279\">LENS RUBIO JOSE MANUEL<\/td>\n<\/tr>\n<tr>\n<td width=\"81\">13779406Z<\/td>\n<td width=\"279\">BARROS OTERO PEDRO<\/td>\n<\/tr>\n<tr>\n<td width=\"81\">72022605Z<\/td>\n<td width=\"279\">CAMPO ALONSO RAMON<\/td>\n<\/tr>\n<tr>\n<td width=\"81\">29036659X<\/td>\n<td width=\"279\">BORJA FUENTES JULIO<\/td>\n<\/tr>\n<tr>\n<td width=\"81\">72029394H<\/td>\n<td width=\"279\">MARTINEZ ALVARADO FRANCISCO<\/td>\n<\/tr>\n<tr>\n<td width=\"81\">13770866F<\/td>\n<td width=\"279\">LOPEZ INCERA MARIO<\/td>\n<\/tr>\n<tr>\n<td width=\"81\">72277333V<\/td>\n<td width=\"279\">COCCO RODRIGUEZ GASPAR ANTONIO<\/td>\n<\/tr>\n<tr>\n<td width=\"81\">14260595C<\/td>\n<td width=\"279\">TABERNILLA ABASCAL IGNACIO<\/td>\n<\/tr>\n<tr>\n<td width=\"81\">72176811M<\/td>\n<td width=\"279\">AMAVISCA INCERA YONN<\/td>\n<\/tr>\n<tr>\n<td width=\"81\">72100684P<\/td>\n<td width=\"279\">CERRO GUTIERREZ JORGE<\/td>\n<\/tr>\n<tr>\n<td width=\"81\">72177754M<\/td>\n<td width=\"279\">TABORDA JORGE JUAN CARLOS<\/td>\n<\/tr>\n<tr>\n<td width=\"81\">13761525G<\/td>\n<td width=\"279\">MORANTE SALCES M VISITACION<\/td>\n<\/tr>\n<tr>\n<td width=\"81\">11959602Q<\/td>\n<td width=\"279\">REFOYO MALILLOS ANTONIO<\/td>\n<\/tr>\n<tr>\n<td width=\"81\">13786189N<\/td>\n<td width=\"279\">VALLE ECHEVARRIA SANTIAGO<\/td>\n<\/tr>\n<tr>\n<td width=\"81\">72023597V<\/td>\n<td width=\"279\">HOZ LOPEZ JOSE MANUEL<\/td>\n<\/tr>\n<tr>\n<td width=\"81\">13699372C<\/td>\n<td width=\"279\">RUESGA VERANO JOSE<\/td>\n<\/tr>\n<tr>\n<td width=\"81\">13786324D<\/td>\n<td width=\"279\">CAVIEDES AJA FFRANCISCO JAVI<\/td>\n<\/tr>\n<tr>\n<td width=\"81\">13697143E<\/td>\n<td width=\"279\">SOLAR SOLAR AMALIO JOSE<\/td>\n<\/tr>\n<tr>\n<td width=\"81\">72263523F<\/td>\n<td width=\"279\">FLORES PIZANGO CARLOS ENRIQUE<\/td>\n<\/tr>\n<tr>\n<td width=\"81\">72277953Q<\/td>\n<td width=\"279\">SANTANA GUERRERO ARLINTON<\/td>\n<\/tr>\n<tr>\n<td width=\"81\">13786384T<\/td>\n<td width=\"279\">INCERA FERNANDEZ BRAULIO<\/td>\n<\/tr>\n<tr>\n<td width=\"81\">Y1401353T<\/td>\n<td width=\"279\">IZEVBIZUA IZEVBIZUA OSAHENHEN LUCKY<\/td>\n<\/tr>\n<\/tbody>\n<\/table>\n<p><strong>Excluidos\/as provisionales<\/strong><\/p>\n<table width=\"474\">\n<tbody>\n<tr>\n<td width=\"81\"><strong>DNI<\/strong><\/td>\n<td width=\"279\"><strong>APELLIDOS Y NOMBRE<\/strong><\/td>\n<td width=\"103\"><strong>CAUSA EXCLUSI\u00d3N<\/strong><\/td>\n<td width=\"11\"><strong>\u00a0<\/strong><\/td>\n<\/tr>\n<tr>\n<td width=\"81\">72191245H<\/td>\n<td width=\"279\">HERNANDEZ HERNANDEZ JUAN ANTONIO<\/td>\n<td width=\"103\">(3)<\/td>\n<td width=\"11\"><\/td>\n<\/tr>\n<tr>\n<td width=\"81\">X8483572E<\/td>\n<td width=\"279\">CHIRINOS CABELLO VICTOR MANUEL<\/td>\n<td width=\"103\">(3)<\/td>\n<td width=\"11\"><\/td>\n<\/tr>\n<tr>\n<td width=\"81\">72102382G<\/td>\n<td width=\"279\">GUERRERO DOMINGUEZ RUFINO<\/td>\n<td width=\"103\">(3)<\/td>\n<td width=\"11\"><\/td>\n<\/tr>\n<tr>\n<td width=\"81\">72025971E<\/td>\n<td width=\"279\">LAVIN REVUELTA JOSE RAMON<\/td>\n<td width=\"103\">(3)<\/td>\n<td width=\"11\"><\/td>\n<\/tr>\n<tr>\n<td width=\"81\">13729196J<\/td>\n<td width=\"279\">ROJAS AGUILAR JUAN<\/td>\n<td width=\"103\">(3)<\/td>\n<td width=\"11\"><\/td>\n<\/tr>\n<tr>\n<td width=\"81\">72090456S<\/td>\n<td width=\"279\">HERNANDEZ HERNANDEZ JAIME<\/td>\n<td width=\"103\">(3)<\/td>\n<td width=\"11\"><\/td>\n<\/tr>\n<tr>\n<td width=\"81\">72098171W<\/td>\n<td width=\"279\">HERAS GONZALEZ MARIA ARANZAZU<\/td>\n<td width=\"103\">(3)<\/td>\n<td width=\"11\"><\/td>\n<\/tr>\n<tr>\n<td width=\"81\">X7763910F<\/td>\n<td width=\"279\">TUDOR FLORIN VIORICA<\/td>\n<td width=\"103\">(3)<\/td>\n<td width=\"11\"><\/td>\n<\/tr>\n<tr>\n<td width=\"81\">72039711P<\/td>\n<td width=\"279\">SALAS YLLERA RUTH MARIA<\/td>\n<td width=\"103\">(3)<\/td>\n<td width=\"11\"><\/td>\n<\/tr>\n<tr>\n<td width=\"81\">X9617985Y<\/td>\n<td width=\"279\">IUSEIN MARIAN<\/td>\n<td width=\"103\">(3)<\/td>\n<td width=\"11\"><\/td>\n<\/tr>\n<tr>\n<td width=\"81\">71287281T<\/td>\n<td width=\"279\">PUENTE CARRERA CARMEN<\/td>\n<td width=\"103\">(3)<\/td>\n<td width=\"11\"><\/td>\n<\/tr>\n<\/tbody>\n<\/table>\n<ol>\n<li>Falta DNI<\/li>\n<li>Falta de titulaci\u00f3n m\u00ednima<\/li>\n<li>No atender el llamamiento o no estar interesado en la oferta.<\/li>\n<\/ol>\n<p><strong>PUESTO PE\u00d3N DE OBRA:<\/strong><\/p>\n<p><strong>Admitidos\/as provisionales:<\/strong><\/p>\n<table>\n<tbody>\n<tr>\n<td width=\"80\"><strong>DNI<\/strong><\/td>\n<td width=\"328\"><strong>APELLIDOS Y NOMBRE<\/strong><\/td>\n<\/tr>\n<tr>\n<td width=\"80\">13697143E<\/td>\n<td width=\"328\">SOLAR SOLAR AMALIO JOSE<\/td>\n<\/tr>\n<tr>\n<td width=\"80\">72022904Z<\/td>\n<td width=\"328\">MARTIN NEGRETE EMILIO<\/td>\n<\/tr>\n<tr>\n<td width=\"80\">72025804Q<\/td>\n<td width=\"328\">BARQUIN MADRAZO JOSE RAMON<\/td>\n<\/tr>\n<tr>\n<td width=\"80\">13770866F<\/td>\n<td width=\"328\">LOPEZ INCERA MARIO<\/td>\n<\/tr>\n<\/tbody>\n<\/table>\n<p><strong>Excluidos\/as provisionales:<\/strong><\/p>\n<table>\n<tbody>\n<tr>\n<td width=\"80\">\n<p><strong>\u00a0<\/strong><\/p>\n<p><strong>DNI<\/strong><\/td>\n<td width=\"328\"><strong>APELLIDOS Y NOMBRE<\/strong><\/td>\n<td width=\"104\"><strong>CAUSA EXCLUSI\u00d3N<\/strong><\/td>\n<\/tr>\n<tr>\n<td width=\"80\">13711152R<\/td>\n<td width=\"328\">CRESPO LAVIN, CARMEN<\/td>\n<td width=\"104\">(3)<\/td>\n<\/tr>\n<tr>\n<td width=\"80\">14930156M<\/td>\n<td width=\"328\">INZA GOMEZ MARIA CARMEN<\/td>\n<td width=\"104\">(3)<\/td>\n<\/tr>\n<tr>\n<td width=\"80\">13713044F<\/td>\n<td width=\"328\">ZANCADA HERNANDEZ MONSERRAT<\/td>\n<td width=\"104\">(3)<\/td>\n<\/tr>\n<tr>\n<td width=\"80\">72205900E<\/td>\n<td width=\"328\">VASQUES ORA CARMEN YOLANDA<\/td>\n<td width=\"104\">(3)<\/td>\n<\/tr>\n<\/tbody>\n<\/table>\n<ol>\n<li>Falta DNI<\/li>\n<li>Falta de titulaci\u00f3n m\u00ednima<\/li>\n<li>No atender el llamamiento o no estar interesado en la oferta.<\/li>\n<\/ol>\n<p><strong>PUESTO MONITOR AMBIENTAL:<\/strong><\/p>\n<p><strong>Admitidos\/as provisionales:<\/strong><\/p>\n<table width=\"345\">\n<tbody>\n<tr>\n<td width=\"81\"><strong>DNI<\/strong><\/td>\n<td width=\"264\"><strong>APELLIDOS Y NOMBRE<\/strong><\/td>\n<\/tr>\n<tr>\n<td width=\"81\">07218232G<\/td>\n<td width=\"264\">BERMEJO REINARES MARIA ANGELES<\/td>\n<\/tr>\n<tr>\n<td width=\"81\">72175191H<\/td>\n<td width=\"264\">BODA CANCELA NAGORE<\/td>\n<\/tr>\n<tr>\n<td width=\"81\">42164157M<\/td>\n<td width=\"264\">NAVARRO HERNANDEZ M VICTORIA<\/td>\n<\/tr>\n<\/tbody>\n<\/table>\n<p><strong>Excluidos\/as provisionales:<\/strong><\/p>\n<table width=\"416\">\n<tbody>\n<tr>\n<td width=\"80\"><strong>DNI<\/strong><\/td>\n<td width=\"252\"><strong>APELLIDOS Y NOMBRE<\/strong><\/td>\n<td width=\"84\"><strong>CAUSA EXCLUSI\u00d3N<\/strong><\/td>\n<\/tr>\n<tr>\n<td width=\"80\">78693507L<\/td>\n<td width=\"252\">RIVERO DENIZ MARIA ESTHER<\/td>\n<td width=\"84\">(3)<\/td>\n<\/tr>\n<tr>\n<td width=\"80\">13771179K<\/td>\n<td width=\"252\">FERNANDEZ FERNANDEZ M PILAR<\/td>\n<td width=\"84\">(3)<\/td>\n<\/tr>\n<tr>\n<td width=\"80\">72030043T<\/td>\n<td width=\"252\">ARCE ARNAIZ ELISEO<\/td>\n<td width=\"84\">(3)<\/td>\n<\/tr>\n<tr>\n<td width=\"80\">20222649Z<\/td>\n<td width=\"252\">SIERRA FEIJOO OLGA<\/td>\n<td width=\"84\">(2)<\/td>\n<\/tr>\n<tr>\n<td width=\"80\">72052624H<\/td>\n<td width=\"252\">MATEOS SANTOS ALBERTO<\/td>\n<td width=\"84\">(2)<\/td>\n<\/tr>\n<tr>\n<td width=\"80\">72072330J<\/td>\n<td width=\"252\">LIRON LOPEZ MYRIAN<\/td>\n<td width=\"84\">(3)<\/td>\n<\/tr>\n<tr>\n<td width=\"80\">72085869M<\/td>\n<td width=\"252\">CASTILLO TRUEBA ANDREA<\/td>\n<td width=\"84\">(3)<\/td>\n<\/tr>\n<tr>\n<td width=\"80\">72068999V<\/td>\n<td width=\"252\">RODRIGUEZ MARTINEZ ANDREA<\/td>\n<td width=\"84\">(3)<\/td>\n<\/tr>\n<\/tbody>\n<\/table>\n<ol>\n<li>Falta DNI<\/li>\n<li>Falta de titulaci\u00f3n m\u00ednima<\/li>\n<li>No atender el llamamiento o no estar interesado en la oferta.<\/li>\n<\/ol>\n<p><strong>PUESTO MONITOR DE OCIO Y TIEMPO LIBRE:<\/strong><\/p>\n<p><strong>Admitidos\/as provisionales:<\/strong><\/p>\n<table width=\"300\">\n<tbody>\n<tr>\n<td width=\"81\"><strong>DNI<\/strong><\/td>\n<td width=\"219\"><strong>APELLIDOS Y NOMBRE<\/strong><\/td>\n<\/tr>\n<tr>\n<td width=\"81\">72039441Z<\/td>\n<td width=\"219\">GUTIERREZ FERNANDEZ ELISA<\/td>\n<\/tr>\n<tr>\n<td width=\"81\">72100808V<\/td>\n<td width=\"219\">BARCENA ABIN NATALIA<\/td>\n<\/tr>\n<tr>\n<td width=\"81\">72183822R<\/td>\n<td width=\"219\">TRUEBA FRANCO MARIA SILVIA<\/td>\n<\/tr>\n<tr>\n<td width=\"81\">72100769R<\/td>\n<td width=\"219\">VAZQUEZ LLANDERAL PATRICIA<\/td>\n<\/tr>\n<tr>\n<td width=\"81\">72130600R<\/td>\n<td width=\"219\">HUSILLOS DIEZ SERGIO<\/td>\n<\/tr>\n<tr>\n<td width=\"81\">72055615L<\/td>\n<td width=\"219\">BEDIA TRASPUESTO REBECA<\/td>\n<\/tr>\n<tr>\n<td width=\"81\">72055765P<\/td>\n<td width=\"219\">GUTIERREZ REVUELTA MARIA<\/td>\n<\/tr>\n<\/tbody>\n<\/table>\n<p><strong>Excluidos\/as provisionales:<\/strong><\/p>\n<table width=\"406\">\n<tbody>\n<tr>\n<td width=\"81\"><strong>DNI<\/strong><\/td>\n<td width=\"219\"><strong>APELLIDOS Y NOMBRE<\/strong><\/td>\n<td width=\"106\"><strong>CAUSA EXCLUSI\u00d3N<\/strong><\/td>\n<\/tr>\n<tr>\n<td width=\"81\">00419752W<\/td>\n<td width=\"219\">HERRERA MORENO EVA<\/td>\n<td width=\"106\">(3)<\/td>\n<\/tr>\n<tr>\n<td width=\"81\">72099898G<\/td>\n<td width=\"219\">SAINZ SANTOS MIRIAN<\/td>\n<td width=\"106\">(3)<\/td>\n<\/tr>\n<tr>\n<td width=\"81\">72273859Q<\/td>\n<td width=\"219\">CASTRO SESSA NETTO KARINA<\/td>\n<td width=\"106\">(3)<\/td>\n<\/tr>\n<tr>\n<td width=\"81\">72079830S<\/td>\n<td width=\"219\">SAN JUAN GONZALEZ MARINA<\/td>\n<td width=\"106\">(3)<\/td>\n<\/tr>\n<tr>\n<td width=\"81\">72175191H<\/td>\n<td width=\"219\">BODA CANCELA NAGORE<\/td>\n<td width=\"106\">(3)<\/td>\n<\/tr>\n<tr>\n<td width=\"81\">20201148H<\/td>\n<td width=\"219\">ORTIZ MEDINA GUADALUPE<\/td>\n<td width=\"106\">(3)<\/td>\n<\/tr>\n<tr>\n<td width=\"81\">72098722R<\/td>\n<td width=\"219\">FERNANDEZ MARTINEZ MARIA<\/td>\n<td width=\"106\">(3)<\/td>\n<\/tr>\n<tr>\n<td width=\"81\">72886771R<\/td>\n<td width=\"219\">MONTON BARRAL MARIA TERESA<\/td>\n<td width=\"106\">(3)<\/td>\n<\/tr>\n<tr>\n<td width=\"81\">72083129W<\/td>\n<td width=\"219\">CURTO SALVADOR MARIA JESUS<\/td>\n<td width=\"106\">(3)<\/td>\n<\/tr>\n<tr>\n<td width=\"81\">47060271V<\/td>\n<td width=\"219\">FERNANDEZ SORIA M ISABEL<\/td>\n<td width=\"106\">(3)<\/td>\n<\/tr>\n<tr>\n<td width=\"81\">53467430C<\/td>\n<td width=\"219\">VALVERDE DELGADO HECTOR<\/td>\n<td width=\"106\">(3)<\/td>\n<\/tr>\n<tr>\n<td width=\"81\">72035540T<\/td>\n<td width=\"219\">SANZ SAN EMETERIO PABLO<\/td>\n<td width=\"106\">(2)<\/td>\n<\/tr>\n<\/tbody>\n<\/table>\n<ol>\n<li>Falta DNI<\/li>\n<li>Falta de titulaci\u00f3n m\u00ednima<\/li>\n<li>No atender el llamamiento o no estar interesado en la oferta.<\/li>\n<\/ol>\n<p><strong>PUESTO VIGILANTE:<\/strong><\/p>\n<p><strong>Admitidos\/as provisionales:<\/strong><\/p>\n<table width=\"320\">\n<tbody>\n<tr>\n<td width=\"80\"><strong>DNI<\/strong><\/td>\n<td width=\"240\"><strong>APELLIDOS Y NOMBRE<\/strong><\/td>\n<\/tr>\n<tr>\n<td width=\"80\">09702453H<\/td>\n<td width=\"240\">QUINTANA SANCHEZ JOSE MARIA<\/td>\n<\/tr>\n<tr>\n<td width=\"80\">12712385D<\/td>\n<td width=\"240\">CASTRO IGLESIAS MARIA ANGELES<\/td>\n<\/tr>\n<tr>\n<td width=\"80\">13712828K<\/td>\n<td width=\"240\">RUIZ ALVAREZ MARIA<\/td>\n<\/tr>\n<tr>\n<td width=\"80\">14930156M<\/td>\n<td width=\"240\">INZA GOMEZ MARIA CARMEN<\/td>\n<\/tr>\n<tr>\n<td width=\"80\">13727998B<\/td>\n<td width=\"240\">LLAMOSAS GIRALDO ANTONIA AN<\/td>\n<\/tr>\n<tr>\n<td width=\"80\">13744553Y<\/td>\n<td width=\"240\">DE LA HOZ SECO ANA MARIA<\/td>\n<\/tr>\n<tr>\n<td width=\"80\">13761541C<\/td>\n<td width=\"240\">NEGRETE GONZALEZ MARIA PILAR<\/td>\n<\/tr>\n<tr>\n<td width=\"80\">72025804Q<\/td>\n<td width=\"240\">BARQUIN MADRAZO JOSE RAMON<\/td>\n<\/tr>\n<tr>\n<td width=\"80\">13770866F<\/td>\n<td width=\"240\">LOPEZ INCERA MARIO<\/td>\n<\/tr>\n<tr>\n<td width=\"80\">13785024C<\/td>\n<td width=\"240\">ECHEVARRIA VALLE ANA ISABEL<\/td>\n<\/tr>\n<\/tbody>\n<\/table>\n<p><strong>\u00a0<\/strong><strong>Excluidos\/as provisionales:<\/strong><\/p>\n<p>Ninguno\/a<\/p>\n<p><strong>PUESTO PE\u00d3N DE LIMPIEZA:<\/strong><\/p>\n<p><strong>Admitidos\/as provisionales:<\/strong><\/p>\n<table width=\"353\">\n<tbody>\n<tr>\n<td width=\"80\"><strong>DNI<\/strong><\/td>\n<td width=\"273\"><strong>APELLIDOS Y NOMBRE<\/strong><\/td>\n<\/tr>\n<tr>\n<td width=\"80\">72025804Q<\/td>\n<td width=\"273\">BARQUIN MADRAZO JOSE RAMON<\/td>\n<\/tr>\n<tr>\n<td width=\"80\">13770866F<\/td>\n<td width=\"273\">LOPEZ INCERA MARIO<\/td>\n<\/tr>\n<tr>\n<td width=\"80\">13697143E<\/td>\n<td width=\"273\">SOLAR SOLAR AMALIO JOSE<\/td>\n<\/tr>\n<\/tbody>\n<\/table>\n<p><strong>Excluidos\/as provisionales:<\/strong><\/p>\n<table width=\"453\">\n<tbody>\n<tr>\n<td width=\"80\"><strong>DNI<\/strong><\/td>\n<td width=\"273\"><strong>APELLIDOS Y NOMBRE<\/strong><\/td>\n<td width=\"100\"><strong>CAUSA EXCLUSI\u00d3N<\/strong><\/td>\n<\/tr>\n<tr>\n<td width=\"80\">14930156M<\/td>\n<td width=\"273\">INZA GOMEZ MARIA CARMEN<\/td>\n<td width=\"100\">(3)<\/td>\n<\/tr>\n<\/tbody>\n<\/table>\n<ol>\n<li>Falta DNI<\/li>\n<li>Falta de titulaci\u00f3n m\u00ednima<\/li>\n<li>No atender el llamamiento o no estar interesado en la oferta.<\/li>\n<\/ol>\n<p><strong>PUESTO T\u00c9CNICO\/A DE ARCHIVO:<\/strong><\/p>\n<p><strong>Admitidos\/as provisionales:<\/strong><\/p>\n<table width=\"353\">\n<tbody>\n<tr>\n<td width=\"80\"><strong>DNI<\/strong><\/td>\n<td width=\"273\"><strong>APELLIDOS Y NOMBRE<\/strong><\/td>\n<\/tr>\n<tr>\n<td width=\"80\">72029364B<\/td>\n<td width=\"273\">REVUELTA PEREZ ANGEL<\/td>\n<\/tr>\n<tr>\n<td width=\"80\">72178835M<\/td>\n<td width=\"273\">BRERA ZUBIETA FELIX<\/td>\n<\/tr>\n<\/tbody>\n<\/table>\n<p><strong>Excluidos\/as provisionales:<\/strong><\/p>\n<table width=\"453\">\n<tbody>\n<tr>\n<td width=\"80\"><strong>DNI<\/strong><\/td>\n<td width=\"273\"><strong>APELLIDOS Y NOMBRE<\/strong><\/td>\n<td width=\"100\"><strong>CAUSA EXCLUSI\u00d3N<\/strong><\/td>\n<\/tr>\n<tr>\n<td width=\"80\">72098006K<\/td>\n<td width=\"273\">REVUELTA SALCINES ALBERTO<\/td>\n<td width=\"100\">(3)<\/td>\n<\/tr>\n<\/tbody>\n<\/table>\n<ol>\n<li>Falta DNI<\/li>\n<li>Falta de titulaci\u00f3n m\u00ednima<\/li>\n<li>No atender el llamamiento o no estar interesado en la oferta.<\/li>\n<\/ol>\n<p>Los aspirantes excluidos tendr\u00e1n plazo de subsanaci\u00f3n hasta el 27 de julio de 2017 a las 14:45 horas en relaci\u00f3n a <strong>la documentaci\u00f3n que se considera en las bases de selecci\u00f3n como subsanable, y que se especifica como causa de exclusi\u00f3n, en caso de utilizarse medios de registro distintos del Registro General del Ayuntamiento, ser\u00e1 indispensable la puesta en conocimiento antes del t\u00e9rmino del plazo mediante fax al n\u00famero 942674588.<\/strong><\/p>\n<p>En Colindres, a la fecha de la firma electr\u00f3nica<\/p>\n<p>El Alcalde.<\/p>\n<p>JAVIER INCERA GOYENECHEA.<\/p>\n<p><em>Documento firmado electr\u00f3nicamente (Ley 39\/2015, de 1 de octubre)<\/em><\/p>\n","protected":false},"excerpt":{"rendered":"<p>UNIDAD DE CONCESI\u00d3N B. DESEMPLEADO DE LARGA DURACI\u00d3N. &nbsp; COLINDRES ACCESIBLE 2017: 2 peones pintores 4 peones forestales 2 peones de obra 4 monitores de ocio y tiempo libre 2 vigilantes 2 gu\u00edas de turismo 1 t\u00e9cnico de archivo\u00a0 UNIDAD DE GESTI\u00d3N MEDIO AMBIENTAL 2017: 1 pe\u00f3n fontanero 6 peones forestales 3 monitores ambientales 1 [&hellip;]<\/p>\n","protected":false},"author":1,"featured_media":303,"comment_status":"open","ping_status":"closed","template":"","meta":{"_et_pb_use_builder":"","_et_pb_old_content":"","_et_gb_content_width":"","footnotes":""},"project_category":[],"project_tag":[],"class_list":["post-819","project","type-project","status-publish","has-post-thumbnail","hentry"],"yoast_head":"<!-- This site is optimized with the Yoast SEO plugin v24.9 - https:\/\/yoast.com\/wordpress\/plugins\/seo\/ -->\n<title>ANUNCIO RELACI\u00d3N DE ADMITIDOS\/EXCLUIDOS PROVISIONAL PARA LA SELECCI\u00d3N DE LOS PUESTOS DE TRABAJO INCLUIDOS EN LOS PROYECTOS DE LA UNIDAD DE CONCESI\u00d3N B: DESEMPLEADO LARGA DURACION, EN EL MARCO DE LA SUBVENCI\u00d3N CONCEDIDA A LAS CORPORACIONES LOCALES POR LA ORDEN HAC\/8\/2017, DE 15 DE MARZO DE 2017, Y ORDEN HAC\/16\/2017, DE 10 DE ABRIL: - Ayuntamiento de Colindres<\/title>\n<meta name=\"robots\" content=\"index, follow, max-snippet:-1, max-image-preview:large, max-video-preview:-1\" \/>\n<link rel=\"canonical\" href=\"https:\/\/www.colindres.es\/index.php\/project\/anuncio-relacion-de-admitidosexcluidos-provisional-para-la-seleccion-de-los-puestos-de-trabajo-incluidos-en-los-proyectos-de-la-unidad-de-concesion-b-desempleado-larga-duracion-en-el-marco-de-la-su\/\" \/>\n<meta property=\"og:locale\" content=\"es_ES\" \/>\n<meta property=\"og:type\" content=\"article\" \/>\n<meta property=\"og:title\" content=\"ANUNCIO RELACI\u00d3N DE ADMITIDOS\/EXCLUIDOS PROVISIONAL PARA LA SELECCI\u00d3N DE LOS PUESTOS DE TRABAJO INCLUIDOS EN LOS PROYECTOS DE LA UNIDAD DE CONCESI\u00d3N B: DESEMPLEADO LARGA DURACION, EN EL MARCO DE LA SUBVENCI\u00d3N CONCEDIDA A LAS CORPORACIONES LOCALES POR LA ORDEN HAC\/8\/2017, DE 15 DE MARZO DE 2017, Y ORDEN HAC\/16\/2017, DE 10 DE ABRIL: - Ayuntamiento de Colindres\" \/>\n<meta property=\"og:description\" content=\"UNIDAD DE CONCESI\u00d3N B. DESEMPLEADO DE LARGA DURACI\u00d3N. &nbsp; COLINDRES ACCESIBLE 2017: 2 peones pintores 4 peones forestales 2 peones de obra 4 monitores de ocio y tiempo libre 2 vigilantes 2 gu\u00edas de turismo 1 t\u00e9cnico de archivo\u00a0 UNIDAD DE GESTI\u00d3N MEDIO AMBIENTAL 2017: 1 pe\u00f3n fontanero 6 peones forestales 3 monitores ambientales 1 [&hellip;]\" \/>\n<meta property=\"og:url\" content=\"https:\/\/www.colindres.es\/index.php\/project\/anuncio-relacion-de-admitidosexcluidos-provisional-para-la-seleccion-de-los-puestos-de-trabajo-incluidos-en-los-proyectos-de-la-unidad-de-concesion-b-desempleado-larga-duracion-en-el-marco-de-la-su\/\" \/>\n<meta property=\"og:site_name\" content=\"Ayuntamiento de Colindres\" \/>\n<meta property=\"og:image\" content=\"https:\/\/www.colindres.es\/wp-content\/uploads\/2017\/04\/IMG_9265-1024x659.jpg\" \/>\n\t<meta property=\"og:image:width\" content=\"1024\" \/>\n\t<meta property=\"og:image:height\" content=\"659\" \/>\n\t<meta property=\"og:image:type\" content=\"image\/jpeg\" \/>\n<meta name=\"twitter:card\" content=\"summary_large_image\" \/>\n<meta name=\"twitter:label1\" content=\"Tiempo de lectura\" \/>\n\t<meta name=\"twitter:data1\" content=\"6 minutos\" \/>\n<script type=\"application\/ld+json\" class=\"yoast-schema-graph\">{\"@context\":\"https:\/\/schema.org\",\"@graph\":[{\"@type\":\"WebPage\",\"@id\":\"https:\/\/www.colindres.es\/index.php\/project\/anuncio-relacion-de-admitidosexcluidos-provisional-para-la-seleccion-de-los-puestos-de-trabajo-incluidos-en-los-proyectos-de-la-unidad-de-concesion-b-desempleado-larga-duracion-en-el-marco-de-la-su\/\",\"url\":\"https:\/\/www.colindres.es\/index.php\/project\/anuncio-relacion-de-admitidosexcluidos-provisional-para-la-seleccion-de-los-puestos-de-trabajo-incluidos-en-los-proyectos-de-la-unidad-de-concesion-b-desempleado-larga-duracion-en-el-marco-de-la-su\/\",\"name\":\"ANUNCIO RELACI\u00d3N DE ADMITIDOS\/EXCLUIDOS PROVISIONAL PARA LA SELECCI\u00d3N DE LOS PUESTOS DE TRABAJO INCLUIDOS EN LOS PROYECTOS DE LA UNIDAD DE CONCESI\u00d3N B: DESEMPLEADO LARGA DURACION, EN EL MARCO DE LA SUBVENCI\u00d3N CONCEDIDA A LAS CORPORACIONES LOCALES POR LA ORDEN HAC\/8\/2017, DE 15 DE MARZO DE 2017, Y ORDEN HAC\/16\/2017, DE 10 DE ABRIL: - Ayuntamiento de Colindres\",\"isPartOf\":{\"@id\":\"https:\/\/www.colindres.es\/#website\"},\"primaryImageOfPage\":{\"@id\":\"https:\/\/www.colindres.es\/index.php\/project\/anuncio-relacion-de-admitidosexcluidos-provisional-para-la-seleccion-de-los-puestos-de-trabajo-incluidos-en-los-proyectos-de-la-unidad-de-concesion-b-desempleado-larga-duracion-en-el-marco-de-la-su\/#primaryimage\"},\"image\":{\"@id\":\"https:\/\/www.colindres.es\/index.php\/project\/anuncio-relacion-de-admitidosexcluidos-provisional-para-la-seleccion-de-los-puestos-de-trabajo-incluidos-en-los-proyectos-de-la-unidad-de-concesion-b-desempleado-larga-duracion-en-el-marco-de-la-su\/#primaryimage\"},\"thumbnailUrl\":\"https:\/\/www.colindres.es\/wp-content\/uploads\/2017\/04\/IMG_9265.jpg\",\"datePublished\":\"2017-07-26T10:27:09+00:00\",\"breadcrumb\":{\"@id\":\"https:\/\/www.colindres.es\/index.php\/project\/anuncio-relacion-de-admitidosexcluidos-provisional-para-la-seleccion-de-los-puestos-de-trabajo-incluidos-en-los-proyectos-de-la-unidad-de-concesion-b-desempleado-larga-duracion-en-el-marco-de-la-su\/#breadcrumb\"},\"inLanguage\":\"es\",\"potentialAction\":[{\"@type\":\"ReadAction\",\"target\":[\"https:\/\/www.colindres.es\/index.php\/project\/anuncio-relacion-de-admitidosexcluidos-provisional-para-la-seleccion-de-los-puestos-de-trabajo-incluidos-en-los-proyectos-de-la-unidad-de-concesion-b-desempleado-larga-duracion-en-el-marco-de-la-su\/\"]}]},{\"@type\":\"ImageObject\",\"inLanguage\":\"es\",\"@id\":\"https:\/\/www.colindres.es\/index.php\/project\/anuncio-relacion-de-admitidosexcluidos-provisional-para-la-seleccion-de-los-puestos-de-trabajo-incluidos-en-los-proyectos-de-la-unidad-de-concesion-b-desempleado-larga-duracion-en-el-marco-de-la-su\/#primaryimage\",\"url\":\"https:\/\/www.colindres.es\/wp-content\/uploads\/2017\/04\/IMG_9265.jpg\",\"contentUrl\":\"https:\/\/www.colindres.es\/wp-content\/uploads\/2017\/04\/IMG_9265.jpg\",\"width\":5077,\"height\":3269},{\"@type\":\"BreadcrumbList\",\"@id\":\"https:\/\/www.colindres.es\/index.php\/project\/anuncio-relacion-de-admitidosexcluidos-provisional-para-la-seleccion-de-los-puestos-de-trabajo-incluidos-en-los-proyectos-de-la-unidad-de-concesion-b-desempleado-larga-duracion-en-el-marco-de-la-su\/#breadcrumb\",\"itemListElement\":[{\"@type\":\"ListItem\",\"position\":1,\"name\":\"Portada\",\"item\":\"https:\/\/www.colindres.es\/\"},{\"@type\":\"ListItem\",\"position\":2,\"name\":\"Proyectos\",\"item\":\"https:\/\/www.colindres.es\/index.php\/project\/\"},{\"@type\":\"ListItem\",\"position\":3,\"name\":\"ANUNCIO RELACI\u00d3N DE ADMITIDOS\/EXCLUIDOS PROVISIONAL PARA LA SELECCI\u00d3N DE LOS PUESTOS DE TRABAJO INCLUIDOS EN LOS PROYECTOS DE LA UNIDAD DE CONCESI\u00d3N B: DESEMPLEADO LARGA DURACION, EN EL MARCO DE LA SUBVENCI\u00d3N CONCEDIDA A LAS CORPORACIONES LOCALES POR LA ORDEN HAC\/8\/2017, DE 15 DE MARZO DE 2017, Y ORDEN HAC\/16\/2017, DE 10 DE ABRIL:\"}]},{\"@type\":\"WebSite\",\"@id\":\"https:\/\/www.colindres.es\/#website\",\"url\":\"https:\/\/www.colindres.es\/\",\"name\":\"Ayuntamiento de Colindres\",\"description\":\"Dise\u00f1ado por NTIC&#039;s\",\"publisher\":{\"@id\":\"https:\/\/www.colindres.es\/#organization\"},\"potentialAction\":[{\"@type\":\"SearchAction\",\"target\":{\"@type\":\"EntryPoint\",\"urlTemplate\":\"https:\/\/www.colindres.es\/?s={search_term_string}\"},\"query-input\":{\"@type\":\"PropertyValueSpecification\",\"valueRequired\":true,\"valueName\":\"search_term_string\"}}],\"inLanguage\":\"es\"},{\"@type\":\"Organization\",\"@id\":\"https:\/\/www.colindres.es\/#organization\",\"name\":\"AYUNTAMIENTO DE COLINDRES\",\"url\":\"https:\/\/www.colindres.es\/\",\"logo\":{\"@type\":\"ImageObject\",\"inLanguage\":\"es\",\"@id\":\"https:\/\/www.colindres.es\/#\/schema\/logo\/image\/\",\"url\":\"https:\/\/www.colindres.es\/wp-content\/uploads\/2017\/01\/LOGO-PRINCIPAL.jpg\",\"contentUrl\":\"https:\/\/www.colindres.es\/wp-content\/uploads\/2017\/01\/LOGO-PRINCIPAL.jpg\",\"width\":1209,\"height\":579,\"caption\":\"AYUNTAMIENTO DE COLINDRES\"},\"image\":{\"@id\":\"https:\/\/www.colindres.es\/#\/schema\/logo\/image\/\"}}]}<\/script>\n<!-- \/ Yoast SEO plugin. -->","yoast_head_json":{"title":"ANUNCIO RELACI\u00d3N DE ADMITIDOS\/EXCLUIDOS PROVISIONAL PARA LA SELECCI\u00d3N DE LOS PUESTOS DE TRABAJO INCLUIDOS EN LOS PROYECTOS DE LA UNIDAD DE CONCESI\u00d3N B: DESEMPLEADO LARGA DURACION, EN EL MARCO DE LA SUBVENCI\u00d3N CONCEDIDA A LAS CORPORACIONES LOCALES POR LA ORDEN HAC\/8\/2017, DE 15 DE MARZO DE 2017, Y ORDEN HAC\/16\/2017, DE 10 DE ABRIL: - Ayuntamiento de Colindres","robots":{"index":"index","follow":"follow","max-snippet":"max-snippet:-1","max-image-preview":"max-image-preview:large","max-video-preview":"max-video-preview:-1"},"canonical":"https:\/\/www.colindres.es\/index.php\/project\/anuncio-relacion-de-admitidosexcluidos-provisional-para-la-seleccion-de-los-puestos-de-trabajo-incluidos-en-los-proyectos-de-la-unidad-de-concesion-b-desempleado-larga-duracion-en-el-marco-de-la-su\/","og_locale":"es_ES","og_type":"article","og_title":"ANUNCIO RELACI\u00d3N DE ADMITIDOS\/EXCLUIDOS PROVISIONAL PARA LA SELECCI\u00d3N DE LOS PUESTOS DE TRABAJO INCLUIDOS EN LOS PROYECTOS DE LA UNIDAD DE CONCESI\u00d3N B: DESEMPLEADO LARGA DURACION, EN EL MARCO DE LA SUBVENCI\u00d3N CONCEDIDA A LAS CORPORACIONES LOCALES POR LA ORDEN HAC\/8\/2017, DE 15 DE MARZO DE 2017, Y ORDEN HAC\/16\/2017, DE 10 DE ABRIL: - Ayuntamiento de Colindres","og_description":"UNIDAD DE CONCESI\u00d3N B. DESEMPLEADO DE LARGA DURACI\u00d3N. &nbsp; COLINDRES ACCESIBLE 2017: 2 peones pintores 4 peones forestales 2 peones de obra 4 monitores de ocio y tiempo libre 2 vigilantes 2 gu\u00edas de turismo 1 t\u00e9cnico de archivo\u00a0 UNIDAD DE GESTI\u00d3N MEDIO AMBIENTAL 2017: 1 pe\u00f3n fontanero 6 peones forestales 3 monitores ambientales 1 [&hellip;]","og_url":"https:\/\/www.colindres.es\/index.php\/project\/anuncio-relacion-de-admitidosexcluidos-provisional-para-la-seleccion-de-los-puestos-de-trabajo-incluidos-en-los-proyectos-de-la-unidad-de-concesion-b-desempleado-larga-duracion-en-el-marco-de-la-su\/","og_site_name":"Ayuntamiento de Colindres","og_image":[{"width":1024,"height":659,"url":"https:\/\/www.colindres.es\/wp-content\/uploads\/2017\/04\/IMG_9265-1024x659.jpg","type":"image\/jpeg"}],"twitter_card":"summary_large_image","twitter_misc":{"Tiempo de lectura":"6 minutos"},"schema":{"@context":"https:\/\/schema.org","@graph":[{"@type":"WebPage","@id":"https:\/\/www.colindres.es\/index.php\/project\/anuncio-relacion-de-admitidosexcluidos-provisional-para-la-seleccion-de-los-puestos-de-trabajo-incluidos-en-los-proyectos-de-la-unidad-de-concesion-b-desempleado-larga-duracion-en-el-marco-de-la-su\/","url":"https:\/\/www.colindres.es\/index.php\/project\/anuncio-relacion-de-admitidosexcluidos-provisional-para-la-seleccion-de-los-puestos-de-trabajo-incluidos-en-los-proyectos-de-la-unidad-de-concesion-b-desempleado-larga-duracion-en-el-marco-de-la-su\/","name":"ANUNCIO RELACI\u00d3N DE ADMITIDOS\/EXCLUIDOS PROVISIONAL PARA LA SELECCI\u00d3N DE LOS PUESTOS DE TRABAJO INCLUIDOS EN LOS PROYECTOS DE LA UNIDAD DE CONCESI\u00d3N B: DESEMPLEADO LARGA DURACION, EN EL MARCO DE LA SUBVENCI\u00d3N CONCEDIDA A LAS CORPORACIONES LOCALES POR LA ORDEN HAC\/8\/2017, DE 15 DE MARZO DE 2017, Y ORDEN HAC\/16\/2017, DE 10 DE ABRIL: - Ayuntamiento de Colindres","isPartOf":{"@id":"https:\/\/www.colindres.es\/#website"},"primaryImageOfPage":{"@id":"https:\/\/www.colindres.es\/index.php\/project\/anuncio-relacion-de-admitidosexcluidos-provisional-para-la-seleccion-de-los-puestos-de-trabajo-incluidos-en-los-proyectos-de-la-unidad-de-concesion-b-desempleado-larga-duracion-en-el-marco-de-la-su\/#primaryimage"},"image":{"@id":"https:\/\/www.colindres.es\/index.php\/project\/anuncio-relacion-de-admitidosexcluidos-provisional-para-la-seleccion-de-los-puestos-de-trabajo-incluidos-en-los-proyectos-de-la-unidad-de-concesion-b-desempleado-larga-duracion-en-el-marco-de-la-su\/#primaryimage"},"thumbnailUrl":"https:\/\/www.colindres.es\/wp-content\/uploads\/2017\/04\/IMG_9265.jpg","datePublished":"2017-07-26T10:27:09+00:00","breadcrumb":{"@id":"https:\/\/www.colindres.es\/index.php\/project\/anuncio-relacion-de-admitidosexcluidos-provisional-para-la-seleccion-de-los-puestos-de-trabajo-incluidos-en-los-proyectos-de-la-unidad-de-concesion-b-desempleado-larga-duracion-en-el-marco-de-la-su\/#breadcrumb"},"inLanguage":"es","potentialAction":[{"@type":"ReadAction","target":["https:\/\/www.colindres.es\/index.php\/project\/anuncio-relacion-de-admitidosexcluidos-provisional-para-la-seleccion-de-los-puestos-de-trabajo-incluidos-en-los-proyectos-de-la-unidad-de-concesion-b-desempleado-larga-duracion-en-el-marco-de-la-su\/"]}]},{"@type":"ImageObject","inLanguage":"es","@id":"https:\/\/www.colindres.es\/index.php\/project\/anuncio-relacion-de-admitidosexcluidos-provisional-para-la-seleccion-de-los-puestos-de-trabajo-incluidos-en-los-proyectos-de-la-unidad-de-concesion-b-desempleado-larga-duracion-en-el-marco-de-la-su\/#primaryimage","url":"https:\/\/www.colindres.es\/wp-content\/uploads\/2017\/04\/IMG_9265.jpg","contentUrl":"https:\/\/www.colindres.es\/wp-content\/uploads\/2017\/04\/IMG_9265.jpg","width":5077,"height":3269},{"@type":"BreadcrumbList","@id":"https:\/\/www.colindres.es\/index.php\/project\/anuncio-relacion-de-admitidosexcluidos-provisional-para-la-seleccion-de-los-puestos-de-trabajo-incluidos-en-los-proyectos-de-la-unidad-de-concesion-b-desempleado-larga-duracion-en-el-marco-de-la-su\/#breadcrumb","itemListElement":[{"@type":"ListItem","position":1,"name":"Portada","item":"https:\/\/www.colindres.es\/"},{"@type":"ListItem","position":2,"name":"Proyectos","item":"https:\/\/www.colindres.es\/index.php\/project\/"},{"@type":"ListItem","position":3,"name":"ANUNCIO RELACI\u00d3N DE ADMITIDOS\/EXCLUIDOS PROVISIONAL PARA LA SELECCI\u00d3N DE LOS PUESTOS DE TRABAJO INCLUIDOS EN LOS PROYECTOS DE LA UNIDAD DE CONCESI\u00d3N B: DESEMPLEADO LARGA DURACION, EN EL MARCO DE LA SUBVENCI\u00d3N CONCEDIDA A LAS CORPORACIONES LOCALES POR LA ORDEN HAC\/8\/2017, DE 15 DE MARZO DE 2017, Y ORDEN HAC\/16\/2017, DE 10 DE ABRIL:"}]},{"@type":"WebSite","@id":"https:\/\/www.colindres.es\/#website","url":"https:\/\/www.colindres.es\/","name":"Ayuntamiento de Colindres","description":"Dise\u00f1ado por NTIC&#039;s","publisher":{"@id":"https:\/\/www.colindres.es\/#organization"},"potentialAction":[{"@type":"SearchAction","target":{"@type":"EntryPoint","urlTemplate":"https:\/\/www.colindres.es\/?s={search_term_string}"},"query-input":{"@type":"PropertyValueSpecification","valueRequired":true,"valueName":"search_term_string"}}],"inLanguage":"es"},{"@type":"Organization","@id":"https:\/\/www.colindres.es\/#organization","name":"AYUNTAMIENTO DE COLINDRES","url":"https:\/\/www.colindres.es\/","logo":{"@type":"ImageObject","inLanguage":"es","@id":"https:\/\/www.colindres.es\/#\/schema\/logo\/image\/","url":"https:\/\/www.colindres.es\/wp-content\/uploads\/2017\/01\/LOGO-PRINCIPAL.jpg","contentUrl":"https:\/\/www.colindres.es\/wp-content\/uploads\/2017\/01\/LOGO-PRINCIPAL.jpg","width":1209,"height":579,"caption":"AYUNTAMIENTO DE COLINDRES"},"image":{"@id":"https:\/\/www.colindres.es\/#\/schema\/logo\/image\/"}}]}},"_links":{"self":[{"href":"https:\/\/www.colindres.es\/index.php\/wp-json\/wp\/v2\/project\/819","targetHints":{"allow":["GET"]}}],"collection":[{"href":"https:\/\/www.colindres.es\/index.php\/wp-json\/wp\/v2\/project"}],"about":[{"href":"https:\/\/www.colindres.es\/index.php\/wp-json\/wp\/v2\/types\/project"}],"author":[{"embeddable":true,"href":"https:\/\/www.colindres.es\/index.php\/wp-json\/wp\/v2\/users\/1"}],"replies":[{"embeddable":true,"href":"https:\/\/www.colindres.es\/index.php\/wp-json\/wp\/v2\/comments?post=819"}],"version-history":[{"count":1,"href":"https:\/\/www.colindres.es\/index.php\/wp-json\/wp\/v2\/project\/819\/revisions"}],"predecessor-version":[{"id":820,"href":"https:\/\/www.colindres.es\/index.php\/wp-json\/wp\/v2\/project\/819\/revisions\/820"}],"wp:featuredmedia":[{"embeddable":true,"href":"https:\/\/www.colindres.es\/index.php\/wp-json\/wp\/v2\/media\/303"}],"wp:attachment":[{"href":"https:\/\/www.colindres.es\/index.php\/wp-json\/wp\/v2\/media?parent=819"}],"wp:term":[{"taxonomy":"project_category","embeddable":true,"href":"https:\/\/www.colindres.es\/index.php\/wp-json\/wp\/v2\/project_category?post=819"},{"taxonomy":"project_tag","embeddable":true,"href":"https:\/\/www.colindres.es\/index.php\/wp-json\/wp\/v2\/project_tag?post=819"}],"curies":[{"name":"wp","href":"https:\/\/api.w.org\/{rel}","templated":true}]}}