{"id":817,"date":"2017-07-24T22:01:05","date_gmt":"2017-07-24T22:01:05","guid":{"rendered":"http:\/\/colindres.es\/?post_type=project&#038;p=817"},"modified":"2017-07-24T22:01:05","modified_gmt":"2017-07-24T22:01:05","slug":"anuncio-del-tribunal-para-la-seleccion-de-los-puestos-de-trabajo-incluidos-en-los-proyectos-de-la-unidad-de-concesion-c-desempleado-juvenil-en-el-marco-de-la-subvencion-concedida-a-las-corporaciones","status":"publish","type":"project","link":"https:\/\/www.colindres.es\/index.php\/project\/anuncio-del-tribunal-para-la-seleccion-de-los-puestos-de-trabajo-incluidos-en-los-proyectos-de-la-unidad-de-concesion-c-desempleado-juvenil-en-el-marco-de-la-subvencion-concedida-a-las-corporaciones\/","title":{"rendered":"ANUNCIO DEL TRIBUNAL PARA LA SELECCI\u00d3N DE LOS PUESTOS DE TRABAJO INCLUIDOS EN LOS PROYECTOS DE LA UNIDAD DE CONCESI\u00d3N C: DESEMPLEADO JUVENIL, EN EL MARCO DE LA SUBVENCI\u00d3N CONCEDIDA A LAS CORPORACIONES LOCALES POR LA ORDEN HAC\/8\/2017, DE 15 DE MARZO DE 2017, Y ORDEN HAC\/16\/2017, DE 10 DE ABRIL:"},"content":{"rendered":"<ul>\n<li><b>UNIDAD DE CONCESI\u00d3N C. DESEMPLEADO JUVENIL.<\/b><\/li>\n<\/ul>\n<ul>\n<li><b>COLINDRES JOVEN 2017:<\/b>\n<ul>\n<li><b>3 monitores de ocio y tiempo libre<\/b><\/li>\n<li><b>1 pe\u00f3n de limpieza<\/b><\/li>\n<li><b>1 pe\u00f3n forestal<\/b><\/li>\n<li><b>1 pe\u00f3n pintor<\/b><\/li>\n<li><b>1 vigilante<\/b><\/li>\n<\/ul>\n<\/li>\n<\/ul>\n<p>Vista la propuesta del Tribunal calificador de fecha 24 de julio de 2017, para la selecci\u00f3n de los siguientes puestos de trabajo:<\/p>\n<ul>\n<li style=\"list-style-type: none;\">\n<ul>\n<li>3 monitores de ocio y tiempo libre<\/li>\n<li>1 pe\u00f3n de limpieza<\/li>\n<li>1 pe\u00f3n forestal<\/li>\n<li>1 pe\u00f3n pintor<\/li>\n<li>1 vigilante<\/li>\n<\/ul>\n<\/li>\n<\/ul>\n<p>para la ejecuci\u00f3n de los programas anteriormente indicados, en r\u00e9gimen de contrataci\u00f3n laboral temporal y en el marco de la subvenci\u00f3n concedida al Ayuntamiento al amparo de la subvenci\u00f3n concedida por la Consejer\u00eda de Econom\u00eda, Hacienda y Empleo del Gobierno de Cantabria, en virtud de la Orden HAC\/8\/2017, de 15 de marzo de 2017, y Orden HAC\/16\/2017, de 10 de abril.<\/p>\n<p>A efectos de dar cumplimiento a lo establecido en la base und\u00e9cima de las que rigen la selecci\u00f3n del referido personal, se procede por parte del Tribunal de Selecci\u00f3n a la publicaci\u00f3n en el Tabl\u00f3n de Edictos del Ayuntamiento as\u00ed como en la sede electr\u00f3nica, de la propuesta de seleccionados elevada a la Presidencia, con indicaci\u00f3n de la puntuaci\u00f3n obtenida por los aspirantes propuestos.<\/p>\n<p><b>PUESTO MONITOR\/A DE OCIO Y TIEMPO LIBRE (3 PUESTOS):<\/b><\/p>\n<p><b>PUNTUACI\u00d3N FINAL:<\/b><\/p>\n<table width=\"428.2\" cellspacing=\"0\" cellpadding=\"0\">\n<tbody>\n<tr>\n<td valign=\"bottom\"><b>DNI<\/b><\/td>\n<td valign=\"bottom\"><b>NOMBRE<\/b><\/td>\n<td valign=\"middle\"><b>CONCURSO<\/b><\/td>\n<td valign=\"middle\"><b>EXAMEN<\/b><\/td>\n<td valign=\"middle\"><b>TOTAL<\/b><\/td>\n<\/tr>\n<tr>\n<td valign=\"bottom\">72101647M<\/td>\n<td valign=\"bottom\">LOPEZ NEGRETE ERIKA<\/td>\n<td valign=\"middle\">3,25<\/td>\n<td valign=\"middle\">5,1<\/td>\n<td valign=\"middle\">8,35<\/td>\n<\/tr>\n<tr>\n<td valign=\"bottom\">72075481J<\/td>\n<td valign=\"bottom\">LUS LOPEZ PABLO<\/td>\n<td valign=\"middle\">3,5<\/td>\n<td valign=\"middle\">NP<\/td>\n<td valign=\"middle\">&#8212;<\/td>\n<\/tr>\n<tr>\n<td valign=\"bottom\">78892746D<\/td>\n<td valign=\"bottom\">FERNANDEZ RUIZ MARCOS<\/td>\n<td valign=\"middle\">2,56<\/td>\n<td valign=\"middle\">3,9<\/td>\n<td valign=\"middle\">6,46<\/td>\n<\/tr>\n<tr>\n<td valign=\"bottom\">72174565J<\/td>\n<td valign=\"bottom\">HOYO CARBALLO JULIA<\/td>\n<td valign=\"middle\">3,19<\/td>\n<td valign=\"middle\">NP<\/td>\n<td valign=\"middle\">&#8212;<\/td>\n<\/tr>\n<tr>\n<td valign=\"bottom\">72097287S<\/td>\n<td valign=\"bottom\">FERNANDEZ RUIZ BORJA<\/td>\n<td valign=\"middle\">1<\/td>\n<td valign=\"middle\">3,3<\/td>\n<td valign=\"middle\">4,30<\/td>\n<\/tr>\n<tr>\n<td valign=\"bottom\">78993112A<\/td>\n<td valign=\"bottom\">PI\u00d1EIRO PUERTAS NURIA<\/td>\n<td valign=\"middle\">3,5<\/td>\n<td valign=\"middle\">NP<\/td>\n<td valign=\"middle\">&#8212;<\/td>\n<\/tr>\n<\/tbody>\n<\/table>\n<p>Visto lo anterior el Tribunal formula propuesta de nombramiento a favor de las siguientes aspirantes:<\/p>\n<ul>\n<li style=\"list-style-type: none;\">\n<ul>\n<li><b>D\u00f1a. \u00c9rika L\u00f3pez Negrete<\/b><\/li>\n<li><b>D. Marcos Fern\u00e1ndez Ruiz<\/b><\/li>\n<li><b>D. Borja Fern\u00e1ndez Ruiz<\/b><\/li>\n<\/ul>\n<\/li>\n<\/ul>\n<p><b>PUESTO PE\u00d3N FORESTAL (1 PUESTO):<\/b><\/p>\n<p><b>PUNTUACI\u00d3N FINAL:<\/b><\/p>\n<table width=\"428.2\" cellspacing=\"0\" cellpadding=\"0\">\n<tbody>\n<tr>\n<td valign=\"bottom\"><b>DNI<\/b><\/td>\n<td valign=\"bottom\"><b>NOMBRE<\/b><\/td>\n<td valign=\"middle\"><b>CONCURSO<\/b><\/td>\n<td valign=\"middle\"><b>EXAMEN<\/b><\/td>\n<td valign=\"middle\"><b>TOTAL<\/b><\/td>\n<\/tr>\n<tr>\n<td valign=\"bottom\">72100684P<\/td>\n<td valign=\"bottom\">CERRO GUTIERREZ JORGE<\/td>\n<td valign=\"middle\">4<\/td>\n<td valign=\"middle\">4,8<\/td>\n<td valign=\"middle\">8,8<\/td>\n<\/tr>\n<tr>\n<td valign=\"bottom\">72103850T<\/td>\n<td valign=\"bottom\">BLANCO GOMEZ JUAN<\/td>\n<td valign=\"middle\">1<\/td>\n<td valign=\"middle\">3<\/td>\n<td valign=\"middle\">4<\/td>\n<\/tr>\n<tr>\n<td valign=\"bottom\">72176811M<\/td>\n<td valign=\"bottom\">AMAVISCA INCERA YONN<\/td>\n<td valign=\"middle\">1,8<\/td>\n<td valign=\"middle\">5,1<\/td>\n<td valign=\"middle\">6,9<\/td>\n<\/tr>\n<\/tbody>\n<\/table>\n<p>Visto lo anterior el Tribunal formula propuesta de nombramiento a favor de las siguientes aspirantes:<\/p>\n<ul>\n<li style=\"list-style-type: none;\">\n<ul>\n<li><b>D. Jorge Cerro Guti\u00e9rrez<\/b><\/li>\n<\/ul>\n<\/li>\n<\/ul>\n<p>As\u00ed mismo acuerda formar bolsa de empleo con el resto de aspirantes con el siguiente orden:<\/p>\n<ol>\n<li style=\"list-style-type: none;\">\n<ol start=\"20\">\n<li>1. D. Yonn Amavisca Incera.<\/li>\n<li>2. D. Juan Blanco G\u00f3mez<\/li>\n<\/ol>\n<\/li>\n<\/ol>\n<p><b>PUESTO PE\u00d3N LIMPIEZA (1 PUESTO):<\/b><\/p>\n<p><b>PUNTUACI\u00d3N FINAL:<\/b><\/p>\n<table width=\"428.2\" cellspacing=\"0\" cellpadding=\"0\">\n<tbody>\n<tr>\n<td valign=\"bottom\"><b>DNI<\/b><\/td>\n<td valign=\"bottom\"><b>NOMBRE<\/b><\/td>\n<td valign=\"middle\"><b>CONCURSO<\/b><\/td>\n<td valign=\"middle\"><b>EXAMEN<\/b><\/td>\n<td valign=\"middle\"><b>TOTAL<\/b><\/td>\n<\/tr>\n<tr>\n<td valign=\"bottom\">72100684P<\/td>\n<td valign=\"bottom\">CERRO GUTIERREZ JORGE<\/td>\n<td valign=\"middle\">1,5<\/td>\n<td valign=\"middle\">4,2<\/td>\n<td valign=\"middle\">5,7<\/td>\n<\/tr>\n<tr>\n<td valign=\"bottom\">72103850T<\/td>\n<td valign=\"bottom\">BLANCO GOMEZ JUAN<\/td>\n<td valign=\"middle\">1<\/td>\n<td valign=\"middle\">3,9<\/td>\n<td valign=\"middle\">4,9<\/td>\n<\/tr>\n<tr>\n<td valign=\"bottom\">72176811M<\/td>\n<td valign=\"bottom\">AMAVISCA INCERA YONN<\/td>\n<td valign=\"middle\">1,8<\/td>\n<td valign=\"middle\">5,1<\/td>\n<td valign=\"middle\">6,9<\/td>\n<\/tr>\n<\/tbody>\n<\/table>\n<p>Visto lo anterior el Tribunal formula propuesta de nombramiento a favor de las siguientes aspirantes:<\/p>\n<ul>\n<li style=\"list-style-type: none;\">\n<ul>\n<li><b>D. Yonn Amavisca Incera<\/b><\/li>\n<\/ul>\n<\/li>\n<\/ul>\n<p>As\u00ed mismo acuerda formar bolsa de empleo con el resto de aspirantes con el siguiente orden:<\/p>\n<ul>\n<li style=\"list-style-type: none;\">\n<ul>\n<li>D. Jorge Cerro Guti\u00e9rrez<\/li>\n<li>D. Juan Blanco G\u00f3mez<\/li>\n<\/ul>\n<\/li>\n<\/ul>\n<p><b>PUESTO PE\u00d3N PINTOR (1 PUESTO):<\/b><\/p>\n<p><b>PUNTUACI\u00d3N FINAL:<\/b><\/p>\n<table width=\"428.2\" cellspacing=\"0\" cellpadding=\"0\">\n<tbody>\n<tr>\n<td valign=\"bottom\"><b>DNI<\/b><\/td>\n<td valign=\"bottom\"><b>NOMBRE<\/b><\/td>\n<td valign=\"middle\"><b>CONCURSO<\/b><\/td>\n<td valign=\"middle\"><b>EXAMEN<\/b><\/td>\n<td valign=\"middle\"><b>TOTAL<\/b><\/td>\n<\/tr>\n<tr>\n<td valign=\"bottom\">72278892N<\/td>\n<td valign=\"bottom\">RIVERA MOSQUERA JORDAN ANSELMO<\/td>\n<td valign=\"middle\">0<\/td>\n<td valign=\"middle\">1,5<\/td>\n<td valign=\"middle\">1,5<\/td>\n<\/tr>\n<tr>\n<td valign=\"bottom\">72191073F<\/td>\n<td valign=\"bottom\">GUTIERREZ BONACHEA MANUEL ALBERTO<\/td>\n<td valign=\"middle\">1<\/td>\n<td valign=\"middle\">NP<\/td>\n<td valign=\"middle\">&#8212;<\/td>\n<\/tr>\n<tr>\n<td valign=\"bottom\">X8712192E<\/td>\n<td valign=\"bottom\">ASSUNCAO MORAIS CRISTIAN<\/td>\n<td valign=\"middle\">0<\/td>\n<td valign=\"middle\">NP<\/td>\n<td valign=\"middle\">&#8212;<\/td>\n<\/tr>\n<\/tbody>\n<\/table>\n<p>Visto lo anterior el Tribunal formula propuesta de nombramiento a favor de las siguientes aspirantes:<\/p>\n<ul>\n<li style=\"list-style-type: none;\">\n<ul>\n<li><b>D. Jordan Anselmo Rivera Mosquera<\/b><\/li>\n<\/ul>\n<\/li>\n<\/ul>\n<p><b>PUESTO VIGILANTE\/CONSERJE\/BEDEL (1 PUESTO):<\/b><\/p>\n<p><b>PUNTUACI\u00d3N FINAL:<\/b><\/p>\n<table width=\"428.2\" cellspacing=\"0\" cellpadding=\"0\">\n<tbody>\n<tr>\n<td valign=\"bottom\"><b>DNI<\/b><\/td>\n<td valign=\"bottom\"><b>NOMBRE<\/b><\/td>\n<td valign=\"middle\"><b>CONCURSO<\/b><\/td>\n<td valign=\"middle\"><b>EXAMEN<\/b><\/td>\n<td valign=\"middle\"><b>TOTAL<\/b><\/td>\n<\/tr>\n<tr>\n<td valign=\"bottom\">72100684P<\/td>\n<td valign=\"bottom\">CERRO GUTIERREZ JORGE<\/td>\n<td valign=\"middle\">1<\/td>\n<td valign=\"middle\">4,8<\/td>\n<td valign=\"middle\">5,8<\/td>\n<\/tr>\n<tr>\n<td valign=\"bottom\">72097287S<\/td>\n<td valign=\"bottom\">FERNANDEZ RUIZ, BORJA<\/td>\n<td valign=\"middle\">1<\/td>\n<td valign=\"middle\">4,5<\/td>\n<td valign=\"middle\">5,5<\/td>\n<\/tr>\n<tr>\n<td valign=\"bottom\">72176811M<\/td>\n<td valign=\"bottom\">AMAVISCA INCERA YONN<\/td>\n<td valign=\"middle\">1,8<\/td>\n<td valign=\"middle\">4,8<\/td>\n<td valign=\"middle\">6,6<\/td>\n<\/tr>\n<\/tbody>\n<\/table>\n<p>Visto lo anterior el Tribunal formula propuesta de nombramiento a favor de las siguientes aspirantes:<\/p>\n<ul>\n<li style=\"list-style-type: none;\">\n<ul>\n<li><b>D. Yonn Amavisca Incera<\/b><\/li>\n<\/ul>\n<\/li>\n<\/ul>\n<p>As\u00ed mismo acuerda formar bolsa de empleo con el resto de aspirantes con el siguiente orden:<\/p>\n<ul>\n<li style=\"list-style-type: none;\">\n<ul>\n<li>D. Jorge Cerro Guti\u00e9rrez<\/li>\n<li>D. Borja Fern\u00e1ndez Ruiz<\/li>\n<\/ul>\n<\/li>\n<\/ul>\n<p>El tribunal acuerda que se exponga en el Tabl\u00f3n del Edictos y en la sede electr\u00f3nica del Ayuntamiento de Colindres la presente propuesta. Debiendo el aspirante presentar la siguiente documentaci\u00f3n, a efectos de la contrataci\u00f3n:<\/p>\n<p>Certificado m\u00e9dico de no padecer enfermedad o defecto f\u00edsico que impida el normal desarrollo de las tareas correspondientes, o pasar el correspondiente reconocimiento m\u00e9dico al inicio de la prestaci\u00f3n.<\/p>\n<p>Declaraci\u00f3n jurada de no haber sido separado mediante expediente disciplinario del servicio del Estado, Comunidades Aut\u00f3nomas, Entidades Locales, ni encontrarse inhabilitado para el ejercicio de las funciones p\u00fablicas.<\/p>\n<p>Declaraci\u00f3n jurada de no encontrarse incurso en causa de incompatibilidad o incapacidad.<\/p>\n<p>En caso de que alguno de los aspirantes no presentase la documentaci\u00f3n en el plazo, se correr\u00e1 la lista hasta la cobertura de los puestos de trabajo, y de conformidad con el acta del Tribunal y la puntuaci\u00f3n obtenida por los aspirantes.<\/p>\n<p>En Colindres, a la fecha de la firma electr\u00f3nica<\/p>\n<p>La Secretaria,<\/p>\n<p>Paula Albors Ferreiro<\/p>\n<p><i>Documento firmado electr\u00f3nicamente (Ley 39\/2015, de 1 de octubre)<\/i><\/p>\n","protected":false},"excerpt":{"rendered":"<p>UNIDAD DE CONCESI\u00d3N C. DESEMPLEADO JUVENIL. COLINDRES JOVEN 2017: 3 monitores de ocio y tiempo libre 1 pe\u00f3n de limpieza 1 pe\u00f3n forestal 1 pe\u00f3n pintor 1 vigilante Vista la propuesta del Tribunal calificador de fecha 24 de julio de 2017, para la selecci\u00f3n de los siguientes puestos de trabajo: 3 monitores de ocio y [&hellip;]<\/p>\n","protected":false},"author":1,"featured_media":303,"comment_status":"open","ping_status":"closed","template":"","meta":{"_et_pb_use_builder":"","_et_pb_old_content":"","_et_gb_content_width":"","footnotes":""},"project_category":[],"project_tag":[],"class_list":["post-817","project","type-project","status-publish","has-post-thumbnail","hentry"],"yoast_head":"<!-- This site is optimized with the Yoast SEO plugin v24.9 - https:\/\/yoast.com\/wordpress\/plugins\/seo\/ -->\n<title>ANUNCIO DEL TRIBUNAL PARA LA SELECCI\u00d3N DE LOS PUESTOS DE TRABAJO INCLUIDOS EN LOS PROYECTOS DE LA UNIDAD DE CONCESI\u00d3N C: DESEMPLEADO JUVENIL, EN EL MARCO DE LA SUBVENCI\u00d3N CONCEDIDA A LAS CORPORACIONES LOCALES POR LA ORDEN HAC\/8\/2017, DE 15 DE MARZO DE 2017, Y ORDEN HAC\/16\/2017, DE 10 DE ABRIL: - Ayuntamiento de Colindres<\/title>\n<meta name=\"robots\" content=\"index, follow, max-snippet:-1, max-image-preview:large, max-video-preview:-1\" \/>\n<link rel=\"canonical\" href=\"https:\/\/www.colindres.es\/index.php\/project\/anuncio-del-tribunal-para-la-seleccion-de-los-puestos-de-trabajo-incluidos-en-los-proyectos-de-la-unidad-de-concesion-c-desempleado-juvenil-en-el-marco-de-la-subvencion-concedida-a-las-corporaciones\/\" \/>\n<meta property=\"og:locale\" content=\"es_ES\" \/>\n<meta property=\"og:type\" content=\"article\" \/>\n<meta property=\"og:title\" content=\"ANUNCIO DEL TRIBUNAL PARA LA SELECCI\u00d3N DE LOS PUESTOS DE TRABAJO INCLUIDOS EN LOS PROYECTOS DE LA UNIDAD DE CONCESI\u00d3N C: DESEMPLEADO JUVENIL, EN EL MARCO DE LA SUBVENCI\u00d3N CONCEDIDA A LAS CORPORACIONES LOCALES POR LA ORDEN HAC\/8\/2017, DE 15 DE MARZO DE 2017, Y ORDEN HAC\/16\/2017, DE 10 DE ABRIL: - Ayuntamiento de Colindres\" \/>\n<meta property=\"og:description\" content=\"UNIDAD DE CONCESI\u00d3N C. DESEMPLEADO JUVENIL. COLINDRES JOVEN 2017: 3 monitores de ocio y tiempo libre 1 pe\u00f3n de limpieza 1 pe\u00f3n forestal 1 pe\u00f3n pintor 1 vigilante Vista la propuesta del Tribunal calificador de fecha 24 de julio de 2017, para la selecci\u00f3n de los siguientes puestos de trabajo: 3 monitores de ocio y [&hellip;]\" \/>\n<meta property=\"og:url\" content=\"https:\/\/www.colindres.es\/index.php\/project\/anuncio-del-tribunal-para-la-seleccion-de-los-puestos-de-trabajo-incluidos-en-los-proyectos-de-la-unidad-de-concesion-c-desempleado-juvenil-en-el-marco-de-la-subvencion-concedida-a-las-corporaciones\/\" \/>\n<meta property=\"og:site_name\" content=\"Ayuntamiento de Colindres\" \/>\n<meta property=\"og:image\" content=\"https:\/\/www.colindres.es\/wp-content\/uploads\/2017\/04\/IMG_9265-1024x659.jpg\" \/>\n\t<meta property=\"og:image:width\" content=\"1024\" \/>\n\t<meta property=\"og:image:height\" content=\"659\" \/>\n\t<meta property=\"og:image:type\" content=\"image\/jpeg\" \/>\n<meta name=\"twitter:card\" content=\"summary_large_image\" \/>\n<meta name=\"twitter:label1\" content=\"Tiempo de lectura\" \/>\n\t<meta name=\"twitter:data1\" content=\"4 minutos\" \/>\n<script type=\"application\/ld+json\" class=\"yoast-schema-graph\">{\"@context\":\"https:\/\/schema.org\",\"@graph\":[{\"@type\":\"WebPage\",\"@id\":\"https:\/\/www.colindres.es\/index.php\/project\/anuncio-del-tribunal-para-la-seleccion-de-los-puestos-de-trabajo-incluidos-en-los-proyectos-de-la-unidad-de-concesion-c-desempleado-juvenil-en-el-marco-de-la-subvencion-concedida-a-las-corporaciones\/\",\"url\":\"https:\/\/www.colindres.es\/index.php\/project\/anuncio-del-tribunal-para-la-seleccion-de-los-puestos-de-trabajo-incluidos-en-los-proyectos-de-la-unidad-de-concesion-c-desempleado-juvenil-en-el-marco-de-la-subvencion-concedida-a-las-corporaciones\/\",\"name\":\"ANUNCIO DEL TRIBUNAL PARA LA SELECCI\u00d3N DE LOS PUESTOS DE TRABAJO INCLUIDOS EN LOS PROYECTOS DE LA UNIDAD DE CONCESI\u00d3N C: DESEMPLEADO JUVENIL, EN EL MARCO DE LA SUBVENCI\u00d3N CONCEDIDA A LAS CORPORACIONES LOCALES POR LA ORDEN HAC\/8\/2017, DE 15 DE MARZO DE 2017, Y ORDEN HAC\/16\/2017, DE 10 DE ABRIL: - Ayuntamiento de Colindres\",\"isPartOf\":{\"@id\":\"https:\/\/www.colindres.es\/#website\"},\"primaryImageOfPage\":{\"@id\":\"https:\/\/www.colindres.es\/index.php\/project\/anuncio-del-tribunal-para-la-seleccion-de-los-puestos-de-trabajo-incluidos-en-los-proyectos-de-la-unidad-de-concesion-c-desempleado-juvenil-en-el-marco-de-la-subvencion-concedida-a-las-corporaciones\/#primaryimage\"},\"image\":{\"@id\":\"https:\/\/www.colindres.es\/index.php\/project\/anuncio-del-tribunal-para-la-seleccion-de-los-puestos-de-trabajo-incluidos-en-los-proyectos-de-la-unidad-de-concesion-c-desempleado-juvenil-en-el-marco-de-la-subvencion-concedida-a-las-corporaciones\/#primaryimage\"},\"thumbnailUrl\":\"https:\/\/www.colindres.es\/wp-content\/uploads\/2017\/04\/IMG_9265.jpg\",\"datePublished\":\"2017-07-24T22:01:05+00:00\",\"breadcrumb\":{\"@id\":\"https:\/\/www.colindres.es\/index.php\/project\/anuncio-del-tribunal-para-la-seleccion-de-los-puestos-de-trabajo-incluidos-en-los-proyectos-de-la-unidad-de-concesion-c-desempleado-juvenil-en-el-marco-de-la-subvencion-concedida-a-las-corporaciones\/#breadcrumb\"},\"inLanguage\":\"es\",\"potentialAction\":[{\"@type\":\"ReadAction\",\"target\":[\"https:\/\/www.colindres.es\/index.php\/project\/anuncio-del-tribunal-para-la-seleccion-de-los-puestos-de-trabajo-incluidos-en-los-proyectos-de-la-unidad-de-concesion-c-desempleado-juvenil-en-el-marco-de-la-subvencion-concedida-a-las-corporaciones\/\"]}]},{\"@type\":\"ImageObject\",\"inLanguage\":\"es\",\"@id\":\"https:\/\/www.colindres.es\/index.php\/project\/anuncio-del-tribunal-para-la-seleccion-de-los-puestos-de-trabajo-incluidos-en-los-proyectos-de-la-unidad-de-concesion-c-desempleado-juvenil-en-el-marco-de-la-subvencion-concedida-a-las-corporaciones\/#primaryimage\",\"url\":\"https:\/\/www.colindres.es\/wp-content\/uploads\/2017\/04\/IMG_9265.jpg\",\"contentUrl\":\"https:\/\/www.colindres.es\/wp-content\/uploads\/2017\/04\/IMG_9265.jpg\",\"width\":5077,\"height\":3269},{\"@type\":\"BreadcrumbList\",\"@id\":\"https:\/\/www.colindres.es\/index.php\/project\/anuncio-del-tribunal-para-la-seleccion-de-los-puestos-de-trabajo-incluidos-en-los-proyectos-de-la-unidad-de-concesion-c-desempleado-juvenil-en-el-marco-de-la-subvencion-concedida-a-las-corporaciones\/#breadcrumb\",\"itemListElement\":[{\"@type\":\"ListItem\",\"position\":1,\"name\":\"Portada\",\"item\":\"https:\/\/www.colindres.es\/\"},{\"@type\":\"ListItem\",\"position\":2,\"name\":\"Proyectos\",\"item\":\"https:\/\/www.colindres.es\/index.php\/project\/\"},{\"@type\":\"ListItem\",\"position\":3,\"name\":\"ANUNCIO DEL TRIBUNAL PARA LA SELECCI\u00d3N DE LOS PUESTOS DE TRABAJO INCLUIDOS EN LOS PROYECTOS DE LA UNIDAD DE CONCESI\u00d3N C: DESEMPLEADO JUVENIL, EN EL MARCO DE LA SUBVENCI\u00d3N CONCEDIDA A LAS CORPORACIONES LOCALES POR LA ORDEN HAC\/8\/2017, DE 15 DE MARZO DE 2017, Y ORDEN HAC\/16\/2017, DE 10 DE ABRIL:\"}]},{\"@type\":\"WebSite\",\"@id\":\"https:\/\/www.colindres.es\/#website\",\"url\":\"https:\/\/www.colindres.es\/\",\"name\":\"Ayuntamiento de Colindres\",\"description\":\"Dise\u00f1ado por NTIC&#039;s\",\"publisher\":{\"@id\":\"https:\/\/www.colindres.es\/#organization\"},\"potentialAction\":[{\"@type\":\"SearchAction\",\"target\":{\"@type\":\"EntryPoint\",\"urlTemplate\":\"https:\/\/www.colindres.es\/?s={search_term_string}\"},\"query-input\":{\"@type\":\"PropertyValueSpecification\",\"valueRequired\":true,\"valueName\":\"search_term_string\"}}],\"inLanguage\":\"es\"},{\"@type\":\"Organization\",\"@id\":\"https:\/\/www.colindres.es\/#organization\",\"name\":\"AYUNTAMIENTO DE COLINDRES\",\"url\":\"https:\/\/www.colindres.es\/\",\"logo\":{\"@type\":\"ImageObject\",\"inLanguage\":\"es\",\"@id\":\"https:\/\/www.colindres.es\/#\/schema\/logo\/image\/\",\"url\":\"https:\/\/www.colindres.es\/wp-content\/uploads\/2017\/01\/LOGO-PRINCIPAL.jpg\",\"contentUrl\":\"https:\/\/www.colindres.es\/wp-content\/uploads\/2017\/01\/LOGO-PRINCIPAL.jpg\",\"width\":1209,\"height\":579,\"caption\":\"AYUNTAMIENTO DE COLINDRES\"},\"image\":{\"@id\":\"https:\/\/www.colindres.es\/#\/schema\/logo\/image\/\"}}]}<\/script>\n<!-- \/ Yoast SEO plugin. -->","yoast_head_json":{"title":"ANUNCIO DEL TRIBUNAL PARA LA SELECCI\u00d3N DE LOS PUESTOS DE TRABAJO INCLUIDOS EN LOS PROYECTOS DE LA UNIDAD DE CONCESI\u00d3N C: DESEMPLEADO JUVENIL, EN EL MARCO DE LA SUBVENCI\u00d3N CONCEDIDA A LAS CORPORACIONES LOCALES POR LA ORDEN HAC\/8\/2017, DE 15 DE MARZO DE 2017, Y ORDEN HAC\/16\/2017, DE 10 DE ABRIL: - Ayuntamiento de Colindres","robots":{"index":"index","follow":"follow","max-snippet":"max-snippet:-1","max-image-preview":"max-image-preview:large","max-video-preview":"max-video-preview:-1"},"canonical":"https:\/\/www.colindres.es\/index.php\/project\/anuncio-del-tribunal-para-la-seleccion-de-los-puestos-de-trabajo-incluidos-en-los-proyectos-de-la-unidad-de-concesion-c-desempleado-juvenil-en-el-marco-de-la-subvencion-concedida-a-las-corporaciones\/","og_locale":"es_ES","og_type":"article","og_title":"ANUNCIO DEL TRIBUNAL PARA LA SELECCI\u00d3N DE LOS PUESTOS DE TRABAJO INCLUIDOS EN LOS PROYECTOS DE LA UNIDAD DE CONCESI\u00d3N C: DESEMPLEADO JUVENIL, EN EL MARCO DE LA SUBVENCI\u00d3N CONCEDIDA A LAS CORPORACIONES LOCALES POR LA ORDEN HAC\/8\/2017, DE 15 DE MARZO DE 2017, Y ORDEN HAC\/16\/2017, DE 10 DE ABRIL: - Ayuntamiento de Colindres","og_description":"UNIDAD DE CONCESI\u00d3N C. DESEMPLEADO JUVENIL. COLINDRES JOVEN 2017: 3 monitores de ocio y tiempo libre 1 pe\u00f3n de limpieza 1 pe\u00f3n forestal 1 pe\u00f3n pintor 1 vigilante Vista la propuesta del Tribunal calificador de fecha 24 de julio de 2017, para la selecci\u00f3n de los siguientes puestos de trabajo: 3 monitores de ocio y [&hellip;]","og_url":"https:\/\/www.colindres.es\/index.php\/project\/anuncio-del-tribunal-para-la-seleccion-de-los-puestos-de-trabajo-incluidos-en-los-proyectos-de-la-unidad-de-concesion-c-desempleado-juvenil-en-el-marco-de-la-subvencion-concedida-a-las-corporaciones\/","og_site_name":"Ayuntamiento de Colindres","og_image":[{"width":1024,"height":659,"url":"https:\/\/www.colindres.es\/wp-content\/uploads\/2017\/04\/IMG_9265-1024x659.jpg","type":"image\/jpeg"}],"twitter_card":"summary_large_image","twitter_misc":{"Tiempo de lectura":"4 minutos"},"schema":{"@context":"https:\/\/schema.org","@graph":[{"@type":"WebPage","@id":"https:\/\/www.colindres.es\/index.php\/project\/anuncio-del-tribunal-para-la-seleccion-de-los-puestos-de-trabajo-incluidos-en-los-proyectos-de-la-unidad-de-concesion-c-desempleado-juvenil-en-el-marco-de-la-subvencion-concedida-a-las-corporaciones\/","url":"https:\/\/www.colindres.es\/index.php\/project\/anuncio-del-tribunal-para-la-seleccion-de-los-puestos-de-trabajo-incluidos-en-los-proyectos-de-la-unidad-de-concesion-c-desempleado-juvenil-en-el-marco-de-la-subvencion-concedida-a-las-corporaciones\/","name":"ANUNCIO DEL TRIBUNAL PARA LA SELECCI\u00d3N DE LOS PUESTOS DE TRABAJO INCLUIDOS EN LOS PROYECTOS DE LA UNIDAD DE CONCESI\u00d3N C: DESEMPLEADO JUVENIL, EN EL MARCO DE LA SUBVENCI\u00d3N CONCEDIDA A LAS CORPORACIONES LOCALES POR LA ORDEN HAC\/8\/2017, DE 15 DE MARZO DE 2017, Y ORDEN HAC\/16\/2017, DE 10 DE ABRIL: - Ayuntamiento de Colindres","isPartOf":{"@id":"https:\/\/www.colindres.es\/#website"},"primaryImageOfPage":{"@id":"https:\/\/www.colindres.es\/index.php\/project\/anuncio-del-tribunal-para-la-seleccion-de-los-puestos-de-trabajo-incluidos-en-los-proyectos-de-la-unidad-de-concesion-c-desempleado-juvenil-en-el-marco-de-la-subvencion-concedida-a-las-corporaciones\/#primaryimage"},"image":{"@id":"https:\/\/www.colindres.es\/index.php\/project\/anuncio-del-tribunal-para-la-seleccion-de-los-puestos-de-trabajo-incluidos-en-los-proyectos-de-la-unidad-de-concesion-c-desempleado-juvenil-en-el-marco-de-la-subvencion-concedida-a-las-corporaciones\/#primaryimage"},"thumbnailUrl":"https:\/\/www.colindres.es\/wp-content\/uploads\/2017\/04\/IMG_9265.jpg","datePublished":"2017-07-24T22:01:05+00:00","breadcrumb":{"@id":"https:\/\/www.colindres.es\/index.php\/project\/anuncio-del-tribunal-para-la-seleccion-de-los-puestos-de-trabajo-incluidos-en-los-proyectos-de-la-unidad-de-concesion-c-desempleado-juvenil-en-el-marco-de-la-subvencion-concedida-a-las-corporaciones\/#breadcrumb"},"inLanguage":"es","potentialAction":[{"@type":"ReadAction","target":["https:\/\/www.colindres.es\/index.php\/project\/anuncio-del-tribunal-para-la-seleccion-de-los-puestos-de-trabajo-incluidos-en-los-proyectos-de-la-unidad-de-concesion-c-desempleado-juvenil-en-el-marco-de-la-subvencion-concedida-a-las-corporaciones\/"]}]},{"@type":"ImageObject","inLanguage":"es","@id":"https:\/\/www.colindres.es\/index.php\/project\/anuncio-del-tribunal-para-la-seleccion-de-los-puestos-de-trabajo-incluidos-en-los-proyectos-de-la-unidad-de-concesion-c-desempleado-juvenil-en-el-marco-de-la-subvencion-concedida-a-las-corporaciones\/#primaryimage","url":"https:\/\/www.colindres.es\/wp-content\/uploads\/2017\/04\/IMG_9265.jpg","contentUrl":"https:\/\/www.colindres.es\/wp-content\/uploads\/2017\/04\/IMG_9265.jpg","width":5077,"height":3269},{"@type":"BreadcrumbList","@id":"https:\/\/www.colindres.es\/index.php\/project\/anuncio-del-tribunal-para-la-seleccion-de-los-puestos-de-trabajo-incluidos-en-los-proyectos-de-la-unidad-de-concesion-c-desempleado-juvenil-en-el-marco-de-la-subvencion-concedida-a-las-corporaciones\/#breadcrumb","itemListElement":[{"@type":"ListItem","position":1,"name":"Portada","item":"https:\/\/www.colindres.es\/"},{"@type":"ListItem","position":2,"name":"Proyectos","item":"https:\/\/www.colindres.es\/index.php\/project\/"},{"@type":"ListItem","position":3,"name":"ANUNCIO DEL TRIBUNAL PARA LA SELECCI\u00d3N DE LOS PUESTOS DE TRABAJO INCLUIDOS EN LOS PROYECTOS DE LA UNIDAD DE CONCESI\u00d3N C: DESEMPLEADO JUVENIL, EN EL MARCO DE LA SUBVENCI\u00d3N CONCEDIDA A LAS CORPORACIONES LOCALES POR LA ORDEN HAC\/8\/2017, DE 15 DE MARZO DE 2017, Y ORDEN HAC\/16\/2017, DE 10 DE ABRIL:"}]},{"@type":"WebSite","@id":"https:\/\/www.colindres.es\/#website","url":"https:\/\/www.colindres.es\/","name":"Ayuntamiento de Colindres","description":"Dise\u00f1ado por NTIC&#039;s","publisher":{"@id":"https:\/\/www.colindres.es\/#organization"},"potentialAction":[{"@type":"SearchAction","target":{"@type":"EntryPoint","urlTemplate":"https:\/\/www.colindres.es\/?s={search_term_string}"},"query-input":{"@type":"PropertyValueSpecification","valueRequired":true,"valueName":"search_term_string"}}],"inLanguage":"es"},{"@type":"Organization","@id":"https:\/\/www.colindres.es\/#organization","name":"AYUNTAMIENTO DE COLINDRES","url":"https:\/\/www.colindres.es\/","logo":{"@type":"ImageObject","inLanguage":"es","@id":"https:\/\/www.colindres.es\/#\/schema\/logo\/image\/","url":"https:\/\/www.colindres.es\/wp-content\/uploads\/2017\/01\/LOGO-PRINCIPAL.jpg","contentUrl":"https:\/\/www.colindres.es\/wp-content\/uploads\/2017\/01\/LOGO-PRINCIPAL.jpg","width":1209,"height":579,"caption":"AYUNTAMIENTO DE COLINDRES"},"image":{"@id":"https:\/\/www.colindres.es\/#\/schema\/logo\/image\/"}}]}},"_links":{"self":[{"href":"https:\/\/www.colindres.es\/index.php\/wp-json\/wp\/v2\/project\/817","targetHints":{"allow":["GET"]}}],"collection":[{"href":"https:\/\/www.colindres.es\/index.php\/wp-json\/wp\/v2\/project"}],"about":[{"href":"https:\/\/www.colindres.es\/index.php\/wp-json\/wp\/v2\/types\/project"}],"author":[{"embeddable":true,"href":"https:\/\/www.colindres.es\/index.php\/wp-json\/wp\/v2\/users\/1"}],"replies":[{"embeddable":true,"href":"https:\/\/www.colindres.es\/index.php\/wp-json\/wp\/v2\/comments?post=817"}],"version-history":[{"count":1,"href":"https:\/\/www.colindres.es\/index.php\/wp-json\/wp\/v2\/project\/817\/revisions"}],"predecessor-version":[{"id":818,"href":"https:\/\/www.colindres.es\/index.php\/wp-json\/wp\/v2\/project\/817\/revisions\/818"}],"wp:featuredmedia":[{"embeddable":true,"href":"https:\/\/www.colindres.es\/index.php\/wp-json\/wp\/v2\/media\/303"}],"wp:attachment":[{"href":"https:\/\/www.colindres.es\/index.php\/wp-json\/wp\/v2\/media?parent=817"}],"wp:term":[{"taxonomy":"project_category","embeddable":true,"href":"https:\/\/www.colindres.es\/index.php\/wp-json\/wp\/v2\/project_category?post=817"},{"taxonomy":"project_tag","embeddable":true,"href":"https:\/\/www.colindres.es\/index.php\/wp-json\/wp\/v2\/project_tag?post=817"}],"curies":[{"name":"wp","href":"https:\/\/api.w.org\/{rel}","templated":true}]}}