{"id":815,"date":"2017-07-21T13:13:18","date_gmt":"2017-07-21T13:13:18","guid":{"rendered":"http:\/\/colindres.es\/?post_type=project&#038;p=815"},"modified":"2017-07-21T13:13:18","modified_gmt":"2017-07-21T13:13:18","slug":"anuncio-relacion-de-admitidosexcluidos-defintiva-para-la-seleccion-de-los-puestos-de-trabajo-incluidos-en-los-proyectos-de-la-unidad-de-concesion-c-desempleado-juvenil-en-el-marco-de-la-subvencion","status":"publish","type":"project","link":"https:\/\/www.colindres.es\/index.php\/project\/anuncio-relacion-de-admitidosexcluidos-defintiva-para-la-seleccion-de-los-puestos-de-trabajo-incluidos-en-los-proyectos-de-la-unidad-de-concesion-c-desempleado-juvenil-en-el-marco-de-la-subvencion\/","title":{"rendered":"ANUNCIO RELACI\u00d3N DE ADMITIDOS\/EXCLUIDOS DEFINTIVA PARA LA SELECCI\u00d3N DE LOS PUESTOS DE TRABAJO INCLUIDOS EN LOS PROYECTOS DE LA UNIDAD DE CONCESI\u00d3N C: DESEMPLEADO JUVENIL, EN EL MARCO DE LA SUBVENCI\u00d3N CONCEDIDA A LAS CORPORACIONES LOCALES POR LA ORDEN HAC\/8\/2017, DE 15 DE MARZO DE 2017, Y ORDEN HAC\/16\/2017, DE 10 DE ABRIL:"},"content":{"rendered":"<p><b>ANUNCIO RELACI\u00d3N DE ADMITIDOS\/EXCLUIDOS DEFINTIVA PARA LA SELECCI\u00d3N DE LOS PUESTOS DE TRABAJO INCLUIDOS EN LOS PROYECTOS DE LA UNIDAD DE CONCESI\u00d3N C: DESEMPLEADO JUVENIL, EN EL MARCO DE LA SUBVENCI\u00d3N CONCEDIDA A LAS CORPORACIONES LOCALES POR LA ORDEN HAC\/8\/2017, DE 15 DE MARZO DE 2017, Y ORDEN HAC\/16\/2017, DE 10 DE ABRIL:<\/b><\/p>\n<ul>\n<li><b>UNIDAD DE CONCESI\u00d3N C. DESEMPLEADO JUVENIL.<\/b><\/li>\n<\/ul>\n<ul>\n<li><b>COLINDRES JOVEN 2017:<\/b>\n<ul>\n<li>o <b>3 monitores de ocio y tiempo libre<\/b><\/li>\n<li>o <b>1 pe\u00f3n de limpieza<\/b><\/li>\n<li>o <b>1 pe\u00f3n forestal<\/b><\/li>\n<li>o <b>1 pe\u00f3n pintor<\/b><\/li>\n<li>o <b>1 vigilante<\/b><\/li>\n<\/ul>\n<\/li>\n<\/ul>\n<p>Por medio del presente anuncio, y una vez finalizado el plazo de presentaci\u00f3n de instancias, se da publicidad al Decreto de Alcald\u00eda 467\/2017, de 21 de julio de 2017, relativo a la relaci\u00f3n de admitidos\/excluidos definitiva para la selecci\u00f3n de los puestos de trabajo que se indican en la relaci\u00f3n anexa, e incluidos en el proyecto COLINDRES JOVEN 2017 dentro de la UNIDAD CONCESI\u00d3N C: DESEMPLEADO JUVENIL, convocando a aquellos que figuren como admitidos en la presente a la realizaci\u00f3n de la prueba escrita TEST en el Sal\u00f3n de Actos de la Casa de Cultura del Ayuntamiento de Colindres sita en Alameda del Ayuntamiento s\/n, debiendo asistir provistos de bol\u00edgrafo negro o azul y D.N.I. o documento acreditativo de identidad, el d\u00eda y hora que se indica a continuaci\u00f3n:<\/p>\n<p><b>TEST<\/b><\/p>\n<ul>\n<li style=\"list-style-type: none;\">\n<ul>\n<li>MONITOR DE OCIO Y TIEMPO LIBRE: LUNES 24 DE JULIO DE 2017 A LAS 10.00 HORAS.<\/li>\n<\/ul>\n<\/li>\n<\/ul>\n<p><b>Admitidos:<\/b><\/p>\n<table width=\"409.7\" cellspacing=\"0\" cellpadding=\"0\">\n<tbody>\n<tr>\n<td valign=\"middle\"><b>APELLIDOS\/NOMBRE<\/b><\/td>\n<td valign=\"middle\"><b>TITULACI\u00d3N (MAX 1 PTO)<\/b><\/td>\n<td valign=\"middle\"><b>CURSOS ( M\u00c1X 2 PTOS)<\/b><\/td>\n<td valign=\"middle\"><b>B1 (1 PTO)<\/b><\/td>\n<td valign=\"middle\"><b>TOTAL<\/b><\/td>\n<\/tr>\n<tr>\n<td valign=\"middle\">FERNANDEZ RUIZ, BORJA<\/td>\n<td valign=\"middle\">0<\/td>\n<td valign=\"middle\">0<\/td>\n<td valign=\"middle\">1<\/td>\n<td valign=\"middle\">1<\/td>\n<\/tr>\n<tr>\n<td valign=\"middle\">FERNANDEZ RUIZ, MARCOS<\/td>\n<td valign=\"middle\">0<\/td>\n<td valign=\"middle\">1,56<\/td>\n<td valign=\"middle\">1<\/td>\n<td valign=\"middle\">2,56<\/td>\n<\/tr>\n<tr>\n<td valign=\"middle\">HOYO CARBALLO, JULIA<\/td>\n<td valign=\"middle\">0,75<\/td>\n<td valign=\"middle\">1,44<\/td>\n<td valign=\"middle\">1<\/td>\n<td valign=\"middle\">3,19<\/td>\n<\/tr>\n<tr>\n<td valign=\"middle\">LOPEZ NEGRETE, ERIKA<\/td>\n<td valign=\"middle\">0,25<\/td>\n<td valign=\"middle\">2<\/td>\n<td valign=\"middle\">1<\/td>\n<td valign=\"middle\">3,25<\/td>\n<\/tr>\n<tr>\n<td valign=\"middle\">LUS LOPEZ, PABLO<\/td>\n<td valign=\"middle\">0,5<\/td>\n<td valign=\"middle\">2<\/td>\n<td valign=\"middle\">1<\/td>\n<td valign=\"middle\">3,5<\/td>\n<\/tr>\n<tr>\n<td valign=\"middle\">PI\u00d1EIRO PUERTAS, NURIA<\/td>\n<td valign=\"middle\">0,5<\/td>\n<td valign=\"middle\">2<\/td>\n<td valign=\"middle\">,<\/td>\n<td valign=\"middle\">3,5<\/td>\n<\/tr>\n<\/tbody>\n<\/table>\n<p><b>Excluidos\/as:<\/b><\/p>\n<p>Ninguno\/a.<\/p>\n<ul>\n<li style=\"list-style-type: none;\">\n<ul>\n<li>PUESTO PE\u00d3N FORESTAL: LUNES 24 DE JULIO DE 2017 A LAS 10.00 HORAS.<\/li>\n<\/ul>\n<\/li>\n<\/ul>\n<p><b>Admitidos:<\/b><\/p>\n<table width=\"418.9\" cellspacing=\"0\" cellpadding=\"0\">\n<tbody>\n<tr>\n<td valign=\"middle\"><b>APELLIDOS\/NOMBRE<\/b><\/td>\n<td valign=\"middle\"><b>CURSOS (M\u00c1X 2 PTOS)<\/b><\/td>\n<td valign=\"middle\"><b>FITOSANITARIO (1 PTO)<\/b><\/td>\n<td valign=\"middle\"><b>B1 (1 PTO)<\/b><\/td>\n<td valign=\"middle\"><b>TOTAL<\/b><\/td>\n<\/tr>\n<tr>\n<td valign=\"middle\">AMAVISCA INCERA YONN<\/td>\n<td valign=\"middle\">0,8<\/td>\n<td valign=\"middle\">0<\/td>\n<td valign=\"middle\">1<\/td>\n<td valign=\"middle\">1,8<\/td>\n<\/tr>\n<tr>\n<td valign=\"middle\">BLANCO GOMEZ JUAN<\/td>\n<td valign=\"middle\">0<\/td>\n<td valign=\"middle\">0<\/td>\n<td valign=\"middle\">1<\/td>\n<td valign=\"middle\">1<\/td>\n<\/tr>\n<tr>\n<td valign=\"middle\">CERRO GUTIERREZ JORGE<\/td>\n<td valign=\"middle\">2<\/td>\n<td valign=\"middle\">1<\/td>\n<td valign=\"middle\">1<\/td>\n<td valign=\"middle\">4<\/td>\n<\/tr>\n<\/tbody>\n<\/table>\n<p><b>Excluidos\/as:<\/b><\/p>\n<table width=\"311.4\" cellspacing=\"0\" cellpadding=\"0\">\n<tbody>\n<tr>\n<td valign=\"bottom\"><b>DNI<\/b><\/td>\n<td valign=\"bottom\"><b>NOMBRE<\/b><\/td>\n<td valign=\"top\"><b>CAUSA EXCLUSI\u00d3N<\/b><\/td>\n<\/tr>\n<tr>\n<td valign=\"bottom\">72149676X<\/td>\n<td valign=\"bottom\">HERNANDEZ HERNANDEZ SERGIO<\/td>\n<td valign=\"top\">3<\/td>\n<\/tr>\n<tr>\n<td valign=\"bottom\">72145344W<\/td>\n<td valign=\"bottom\">HERNANDEZ ROSILLO ANTONIO<\/td>\n<td valign=\"top\">3<\/td>\n<\/tr>\n<tr>\n<td valign=\"bottom\">72148188V<\/td>\n<td valign=\"bottom\">HERNANDEZ ROSILLO SORAYA<\/td>\n<td valign=\"top\">3<\/td>\n<\/tr>\n<tr>\n<td valign=\"bottom\">72191244V<\/td>\n<td valign=\"bottom\">HERNANDEZ HERNANDEZ CRISTINA<\/td>\n<td valign=\"top\">3<\/td>\n<\/tr>\n<tr>\n<td valign=\"bottom\">72191245H<\/td>\n<td valign=\"bottom\">HERNANDEZ HERNANDEZ JUAN ANTONIO<\/td>\n<td valign=\"top\">3<\/td>\n<\/tr>\n<tr>\n<td valign=\"bottom\">72230667H<\/td>\n<td valign=\"bottom\">FERNANDEZ GARCIA MELANI<\/td>\n<td valign=\"top\">3<\/td>\n<\/tr>\n<\/tbody>\n<\/table>\n<ol>\n<li style=\"list-style-type: none;\">\n<ol>\n<li>(1) Falta DNI<\/li>\n<li>(2) Falta de titulaci\u00f3n m\u00ednima<\/li>\n<li>(3) No atender el llamamiento o no estar interesado en la oferta.<\/li>\n<\/ol>\n<\/li>\n<\/ol>\n<ul>\n<li style=\"list-style-type: none;\">\n<ul>\n<li>PUESTO PE\u00d3N LIMPIEZA: LUNES 24 DE JULIO DE 2017 A LAS 11.00 HORAS.<\/li>\n<\/ul>\n<\/li>\n<\/ul>\n<p><b>Admitidos:<\/b><\/p>\n<table width=\"349.7\" cellspacing=\"0\" cellpadding=\"0\">\n<tbody>\n<tr>\n<td valign=\"middle\"><b>APELLIDOS\/NOMBRE<\/b><\/td>\n<td valign=\"middle\"><b>CURSOS (M\u00c1X 2 PTOS)<\/b><\/td>\n<td valign=\"middle\"><b>B1 (1 PTO)<\/b><\/td>\n<td valign=\"middle\"><b>TOTAL<\/b><\/td>\n<\/tr>\n<tr>\n<td valign=\"middle\">AMAVISCA INCERA YONN<\/td>\n<td valign=\"middle\">0,8<\/td>\n<td valign=\"middle\">1<\/td>\n<td valign=\"middle\">1,8<\/td>\n<\/tr>\n<tr>\n<td valign=\"middle\">BLANCO GOMEZ JUAN<\/td>\n<td valign=\"middle\">0<\/td>\n<td valign=\"middle\">1<\/td>\n<td valign=\"middle\">1<\/td>\n<\/tr>\n<tr>\n<td valign=\"middle\">CERRO GUTIERREZ JORGE<\/td>\n<td valign=\"middle\">0,5<\/td>\n<td valign=\"middle\">1<\/td>\n<td valign=\"middle\">1,5<\/td>\n<\/tr>\n<\/tbody>\n<\/table>\n<p><b>Excluidos\/as:<\/b><\/p>\n<table width=\"311.4\" cellspacing=\"0\" cellpadding=\"0\">\n<tbody>\n<tr>\n<td valign=\"bottom\"><b>DNI<\/b><\/td>\n<td valign=\"bottom\"><b>NOMBRE<\/b><\/td>\n<td valign=\"top\"><b>CAUSA EXCLUSI\u00d3N<\/b><\/td>\n<\/tr>\n<tr>\n<td valign=\"bottom\">72149676X<\/td>\n<td valign=\"bottom\">HERNANDEZ HERNANDEZ SERGIO<\/td>\n<td valign=\"top\">3<\/td>\n<\/tr>\n<tr>\n<td valign=\"bottom\">72145344W<\/td>\n<td valign=\"bottom\">HERNANDEZ ROSILLO ANTONIO<\/td>\n<td valign=\"top\">3<\/td>\n<\/tr>\n<tr>\n<td valign=\"bottom\">72148188V<\/td>\n<td valign=\"bottom\">HERNANDEZ ROSILLO SORAYA<\/td>\n<td valign=\"top\">3<\/td>\n<\/tr>\n<tr>\n<td valign=\"bottom\">72191244V<\/td>\n<td valign=\"bottom\">HERNANDEZ HERNANDEZ CRISTINA<\/td>\n<td valign=\"top\">3<\/td>\n<\/tr>\n<tr>\n<td valign=\"bottom\">72191245H<\/td>\n<td valign=\"bottom\">HERNANDEZ HERNANDEZ JUAN ANTONIO<\/td>\n<td valign=\"top\">3<\/td>\n<\/tr>\n<tr>\n<td valign=\"bottom\">72230667H<\/td>\n<td valign=\"bottom\">FERNANDEZ GARCIA MELANI<\/td>\n<td valign=\"top\">3<\/td>\n<\/tr>\n<\/tbody>\n<\/table>\n<ol>\n<li style=\"list-style-type: none;\">\n<ol>\n<li>(1) Falta DNI<\/li>\n<li>(2) Falta de titulaci\u00f3n m\u00ednima<\/li>\n<li>(3) No atender el llamamiento o no estar interesado en la oferta.<\/li>\n<\/ol>\n<\/li>\n<\/ol>\n<ul>\n<li style=\"list-style-type: none;\">\n<ul>\n<li>PUESTO PE\u00d3N PINTOR: LUNES 24 DE JULIO DE 2017 A LAS 11.00 HORAS.<\/li>\n<\/ul>\n<\/li>\n<\/ul>\n<p><b>Admitidos:<\/b><\/p>\n<table width=\"409.7\" cellspacing=\"0\" cellpadding=\"0\">\n<tbody>\n<tr>\n<td valign=\"middle\"><b>APELLIDOS\/NOMBRE<\/b><\/td>\n<td valign=\"middle\"><b>CURSOS (M\u00c1X 2 PTOS)<\/b><\/td>\n<td valign=\"middle\"><b>TPC (1 PTO)<\/b><\/td>\n<td valign=\"middle\"><b>B1 (1 PTO)<\/b><\/td>\n<td valign=\"middle\"><b>TOTAL<\/b><\/td>\n<\/tr>\n<tr>\n<td valign=\"middle\">ASSUNCAO MORAIS CRISTIAN<\/td>\n<td valign=\"middle\">0<\/td>\n<td valign=\"middle\">0<\/td>\n<td valign=\"middle\">0<\/td>\n<td valign=\"middle\">0<\/td>\n<\/tr>\n<tr>\n<td valign=\"middle\">GUTIERREZ BONACHEA MANUEL ALBERTO<\/td>\n<td valign=\"middle\">0<\/td>\n<td valign=\"middle\">0<\/td>\n<td valign=\"middle\">1<\/td>\n<td valign=\"middle\">1<\/td>\n<\/tr>\n<tr>\n<td valign=\"middle\">RIVERA MOSQUERA JORDAN ANSELMO<\/td>\n<td valign=\"middle\">0<\/td>\n<td valign=\"middle\">0<\/td>\n<td valign=\"middle\">0<\/td>\n<td valign=\"middle\">0<\/td>\n<\/tr>\n<\/tbody>\n<\/table>\n<p><b>Excluidos\/as:<\/b><\/p>\n<p>Ninguno\/a<\/p>\n<ul>\n<li style=\"list-style-type: none;\">\n<ul>\n<li>PUESTO VIGILANTE: LUNES 24 DE JULIO DE 2017 A LAS 12.00 HORAS.<\/li>\n<\/ul>\n<\/li>\n<\/ul>\n<p><b>Admitidos:<\/b><\/p>\n<table width=\"409.7\" cellspacing=\"0\" cellpadding=\"0\">\n<tbody>\n<tr>\n<td valign=\"middle\"><b>APELLIDOS\/NOMBRE<\/b><\/td>\n<td valign=\"middle\"><b>CURSOS (M\u00c1X 2 PTOS)<\/b><\/td>\n<td valign=\"middle\"><b>TPV (1 PTO)<\/b><\/td>\n<td valign=\"middle\"><b>B1 (1 PTO)<\/b><\/td>\n<td valign=\"middle\"><b>TOTAL<\/b><\/td>\n<\/tr>\n<tr>\n<td valign=\"middle\">AMAVISCA INCERA YONN<\/td>\n<td valign=\"middle\">0,8<\/td>\n<td valign=\"middle\">0<\/td>\n<td valign=\"middle\">1<\/td>\n<td valign=\"middle\">1,8<\/td>\n<\/tr>\n<tr>\n<td valign=\"middle\">CERRO GUTIERREZ JORGE<\/td>\n<td valign=\"middle\">0<\/td>\n<td valign=\"middle\">0<\/td>\n<td valign=\"middle\">1<\/td>\n<td valign=\"middle\">1<\/td>\n<\/tr>\n<tr>\n<td valign=\"middle\">FERNANDEZ RUIZ BORJA<\/td>\n<td valign=\"middle\">0<\/td>\n<td valign=\"middle\">1<\/td>\n<td valign=\"middle\">0<\/td>\n<td valign=\"middle\">1<\/td>\n<\/tr>\n<\/tbody>\n<\/table>\n<p><b>Excluidos\/as:<\/b><\/p>\n<table width=\"346.0\" cellspacing=\"0\" cellpadding=\"0\">\n<tbody>\n<tr>\n<td valign=\"bottom\"><b>DNI<\/b><\/td>\n<td valign=\"bottom\"><b>NOMBRE<\/b><\/td>\n<td valign=\"top\"><b>CAUSA EXCLUSI\u00d3N<\/b><\/td>\n<\/tr>\n<tr>\n<td valign=\"bottom\">72173411D<\/td>\n<td valign=\"bottom\">SALCINES SALCINES PAULA<\/td>\n<td valign=\"top\">3<\/td>\n<\/tr>\n<\/tbody>\n<\/table>\n<ol>\n<li style=\"list-style-type: none;\">\n<ol>\n<li>(1) Falta DNI<\/li>\n<li>(2) Falta de titulaci\u00f3n m\u00ednima<\/li>\n<li>(3) No atender el llamamiento o no estar interesado en la oferta.<\/li>\n<\/ol>\n<\/li>\n<\/ol>\n<p>En Colindres, a la fecha de la firma electr\u00f3nica.<\/p>\n<p>El Alcalde.<\/p>\n<p>Javier Incera Goyenechea.<\/p>\n<p>Documento firmado electr\u00f3nicamente (Ley 39\/2015, de 1 de octubre)<\/p>\n","protected":false},"excerpt":{"rendered":"<p>ANUNCIO RELACI\u00d3N DE ADMITIDOS\/EXCLUIDOS DEFINTIVA PARA LA SELECCI\u00d3N DE LOS PUESTOS DE TRABAJO INCLUIDOS EN LOS PROYECTOS DE LA UNIDAD DE CONCESI\u00d3N C: DESEMPLEADO JUVENIL, EN EL MARCO DE LA SUBVENCI\u00d3N CONCEDIDA A LAS CORPORACIONES LOCALES POR LA ORDEN HAC\/8\/2017, DE 15 DE MARZO DE 2017, Y ORDEN HAC\/16\/2017, DE 10 DE ABRIL: UNIDAD DE [&hellip;]<\/p>\n","protected":false},"author":1,"featured_media":303,"comment_status":"open","ping_status":"closed","template":"","meta":{"_et_pb_use_builder":"","_et_pb_old_content":"","_et_gb_content_width":"","footnotes":""},"project_category":[],"project_tag":[],"class_list":["post-815","project","type-project","status-publish","has-post-thumbnail","hentry"],"yoast_head":"<!-- This site is optimized with the Yoast SEO plugin v24.9 - https:\/\/yoast.com\/wordpress\/plugins\/seo\/ -->\n<title>ANUNCIO RELACI\u00d3N DE ADMITIDOS\/EXCLUIDOS DEFINTIVA PARA LA SELECCI\u00d3N DE LOS PUESTOS DE TRABAJO INCLUIDOS EN LOS PROYECTOS DE LA UNIDAD DE CONCESI\u00d3N C: DESEMPLEADO JUVENIL, EN EL MARCO DE LA SUBVENCI\u00d3N CONCEDIDA A LAS CORPORACIONES LOCALES POR LA ORDEN HAC\/8\/2017, DE 15 DE MARZO DE 2017, Y ORDEN HAC\/16\/2017, DE 10 DE ABRIL: - Ayuntamiento de Colindres<\/title>\n<meta name=\"robots\" content=\"index, follow, max-snippet:-1, max-image-preview:large, max-video-preview:-1\" \/>\n<link rel=\"canonical\" href=\"https:\/\/www.colindres.es\/index.php\/project\/anuncio-relacion-de-admitidosexcluidos-defintiva-para-la-seleccion-de-los-puestos-de-trabajo-incluidos-en-los-proyectos-de-la-unidad-de-concesion-c-desempleado-juvenil-en-el-marco-de-la-subvencion\/\" \/>\n<meta property=\"og:locale\" content=\"es_ES\" \/>\n<meta property=\"og:type\" content=\"article\" \/>\n<meta property=\"og:title\" content=\"ANUNCIO RELACI\u00d3N DE ADMITIDOS\/EXCLUIDOS DEFINTIVA PARA LA SELECCI\u00d3N DE LOS PUESTOS DE TRABAJO INCLUIDOS EN LOS PROYECTOS DE LA UNIDAD DE CONCESI\u00d3N C: DESEMPLEADO JUVENIL, EN EL MARCO DE LA SUBVENCI\u00d3N CONCEDIDA A LAS CORPORACIONES LOCALES POR LA ORDEN HAC\/8\/2017, DE 15 DE MARZO DE 2017, Y ORDEN HAC\/16\/2017, DE 10 DE ABRIL: - Ayuntamiento de Colindres\" \/>\n<meta property=\"og:description\" content=\"ANUNCIO RELACI\u00d3N DE ADMITIDOS\/EXCLUIDOS DEFINTIVA PARA LA SELECCI\u00d3N DE LOS PUESTOS DE TRABAJO INCLUIDOS EN LOS PROYECTOS DE LA UNIDAD DE CONCESI\u00d3N C: DESEMPLEADO JUVENIL, EN EL MARCO DE LA SUBVENCI\u00d3N CONCEDIDA A LAS CORPORACIONES LOCALES POR LA ORDEN HAC\/8\/2017, DE 15 DE MARZO DE 2017, Y ORDEN HAC\/16\/2017, DE 10 DE ABRIL: UNIDAD DE [&hellip;]\" \/>\n<meta property=\"og:url\" content=\"https:\/\/www.colindres.es\/index.php\/project\/anuncio-relacion-de-admitidosexcluidos-defintiva-para-la-seleccion-de-los-puestos-de-trabajo-incluidos-en-los-proyectos-de-la-unidad-de-concesion-c-desempleado-juvenil-en-el-marco-de-la-subvencion\/\" \/>\n<meta property=\"og:site_name\" content=\"Ayuntamiento de Colindres\" \/>\n<meta property=\"og:image\" content=\"https:\/\/www.colindres.es\/wp-content\/uploads\/2017\/04\/IMG_9265-1024x659.jpg\" \/>\n\t<meta property=\"og:image:width\" content=\"1024\" \/>\n\t<meta property=\"og:image:height\" content=\"659\" \/>\n\t<meta property=\"og:image:type\" content=\"image\/jpeg\" \/>\n<meta name=\"twitter:card\" content=\"summary_large_image\" \/>\n<meta name=\"twitter:label1\" content=\"Tiempo de lectura\" \/>\n\t<meta name=\"twitter:data1\" content=\"3 minutos\" \/>\n<script type=\"application\/ld+json\" class=\"yoast-schema-graph\">{\"@context\":\"https:\/\/schema.org\",\"@graph\":[{\"@type\":\"WebPage\",\"@id\":\"https:\/\/www.colindres.es\/index.php\/project\/anuncio-relacion-de-admitidosexcluidos-defintiva-para-la-seleccion-de-los-puestos-de-trabajo-incluidos-en-los-proyectos-de-la-unidad-de-concesion-c-desempleado-juvenil-en-el-marco-de-la-subvencion\/\",\"url\":\"https:\/\/www.colindres.es\/index.php\/project\/anuncio-relacion-de-admitidosexcluidos-defintiva-para-la-seleccion-de-los-puestos-de-trabajo-incluidos-en-los-proyectos-de-la-unidad-de-concesion-c-desempleado-juvenil-en-el-marco-de-la-subvencion\/\",\"name\":\"ANUNCIO RELACI\u00d3N DE ADMITIDOS\/EXCLUIDOS DEFINTIVA PARA LA SELECCI\u00d3N DE LOS PUESTOS DE TRABAJO INCLUIDOS EN LOS PROYECTOS DE LA UNIDAD DE CONCESI\u00d3N C: DESEMPLEADO JUVENIL, EN EL MARCO DE LA SUBVENCI\u00d3N CONCEDIDA A LAS CORPORACIONES LOCALES POR LA ORDEN HAC\/8\/2017, DE 15 DE MARZO DE 2017, Y ORDEN HAC\/16\/2017, DE 10 DE ABRIL: - Ayuntamiento de Colindres\",\"isPartOf\":{\"@id\":\"https:\/\/www.colindres.es\/#website\"},\"primaryImageOfPage\":{\"@id\":\"https:\/\/www.colindres.es\/index.php\/project\/anuncio-relacion-de-admitidosexcluidos-defintiva-para-la-seleccion-de-los-puestos-de-trabajo-incluidos-en-los-proyectos-de-la-unidad-de-concesion-c-desempleado-juvenil-en-el-marco-de-la-subvencion\/#primaryimage\"},\"image\":{\"@id\":\"https:\/\/www.colindres.es\/index.php\/project\/anuncio-relacion-de-admitidosexcluidos-defintiva-para-la-seleccion-de-los-puestos-de-trabajo-incluidos-en-los-proyectos-de-la-unidad-de-concesion-c-desempleado-juvenil-en-el-marco-de-la-subvencion\/#primaryimage\"},\"thumbnailUrl\":\"https:\/\/www.colindres.es\/wp-content\/uploads\/2017\/04\/IMG_9265.jpg\",\"datePublished\":\"2017-07-21T13:13:18+00:00\",\"breadcrumb\":{\"@id\":\"https:\/\/www.colindres.es\/index.php\/project\/anuncio-relacion-de-admitidosexcluidos-defintiva-para-la-seleccion-de-los-puestos-de-trabajo-incluidos-en-los-proyectos-de-la-unidad-de-concesion-c-desempleado-juvenil-en-el-marco-de-la-subvencion\/#breadcrumb\"},\"inLanguage\":\"es\",\"potentialAction\":[{\"@type\":\"ReadAction\",\"target\":[\"https:\/\/www.colindres.es\/index.php\/project\/anuncio-relacion-de-admitidosexcluidos-defintiva-para-la-seleccion-de-los-puestos-de-trabajo-incluidos-en-los-proyectos-de-la-unidad-de-concesion-c-desempleado-juvenil-en-el-marco-de-la-subvencion\/\"]}]},{\"@type\":\"ImageObject\",\"inLanguage\":\"es\",\"@id\":\"https:\/\/www.colindres.es\/index.php\/project\/anuncio-relacion-de-admitidosexcluidos-defintiva-para-la-seleccion-de-los-puestos-de-trabajo-incluidos-en-los-proyectos-de-la-unidad-de-concesion-c-desempleado-juvenil-en-el-marco-de-la-subvencion\/#primaryimage\",\"url\":\"https:\/\/www.colindres.es\/wp-content\/uploads\/2017\/04\/IMG_9265.jpg\",\"contentUrl\":\"https:\/\/www.colindres.es\/wp-content\/uploads\/2017\/04\/IMG_9265.jpg\",\"width\":5077,\"height\":3269},{\"@type\":\"BreadcrumbList\",\"@id\":\"https:\/\/www.colindres.es\/index.php\/project\/anuncio-relacion-de-admitidosexcluidos-defintiva-para-la-seleccion-de-los-puestos-de-trabajo-incluidos-en-los-proyectos-de-la-unidad-de-concesion-c-desempleado-juvenil-en-el-marco-de-la-subvencion\/#breadcrumb\",\"itemListElement\":[{\"@type\":\"ListItem\",\"position\":1,\"name\":\"Portada\",\"item\":\"https:\/\/www.colindres.es\/\"},{\"@type\":\"ListItem\",\"position\":2,\"name\":\"Proyectos\",\"item\":\"https:\/\/www.colindres.es\/index.php\/project\/\"},{\"@type\":\"ListItem\",\"position\":3,\"name\":\"ANUNCIO RELACI\u00d3N DE ADMITIDOS\/EXCLUIDOS DEFINTIVA PARA LA SELECCI\u00d3N DE LOS PUESTOS DE TRABAJO INCLUIDOS EN LOS PROYECTOS DE LA UNIDAD DE CONCESI\u00d3N C: DESEMPLEADO JUVENIL, EN EL MARCO DE LA SUBVENCI\u00d3N CONCEDIDA A LAS CORPORACIONES LOCALES POR LA ORDEN HAC\/8\/2017, DE 15 DE MARZO DE 2017, Y ORDEN HAC\/16\/2017, DE 10 DE ABRIL:\"}]},{\"@type\":\"WebSite\",\"@id\":\"https:\/\/www.colindres.es\/#website\",\"url\":\"https:\/\/www.colindres.es\/\",\"name\":\"Ayuntamiento de Colindres\",\"description\":\"Dise\u00f1ado por NTIC&#039;s\",\"publisher\":{\"@id\":\"https:\/\/www.colindres.es\/#organization\"},\"potentialAction\":[{\"@type\":\"SearchAction\",\"target\":{\"@type\":\"EntryPoint\",\"urlTemplate\":\"https:\/\/www.colindres.es\/?s={search_term_string}\"},\"query-input\":{\"@type\":\"PropertyValueSpecification\",\"valueRequired\":true,\"valueName\":\"search_term_string\"}}],\"inLanguage\":\"es\"},{\"@type\":\"Organization\",\"@id\":\"https:\/\/www.colindres.es\/#organization\",\"name\":\"AYUNTAMIENTO DE COLINDRES\",\"url\":\"https:\/\/www.colindres.es\/\",\"logo\":{\"@type\":\"ImageObject\",\"inLanguage\":\"es\",\"@id\":\"https:\/\/www.colindres.es\/#\/schema\/logo\/image\/\",\"url\":\"https:\/\/www.colindres.es\/wp-content\/uploads\/2017\/01\/LOGO-PRINCIPAL.jpg\",\"contentUrl\":\"https:\/\/www.colindres.es\/wp-content\/uploads\/2017\/01\/LOGO-PRINCIPAL.jpg\",\"width\":1209,\"height\":579,\"caption\":\"AYUNTAMIENTO DE COLINDRES\"},\"image\":{\"@id\":\"https:\/\/www.colindres.es\/#\/schema\/logo\/image\/\"}}]}<\/script>\n<!-- \/ Yoast SEO plugin. -->","yoast_head_json":{"title":"ANUNCIO RELACI\u00d3N DE ADMITIDOS\/EXCLUIDOS DEFINTIVA PARA LA SELECCI\u00d3N DE LOS PUESTOS DE TRABAJO INCLUIDOS EN LOS PROYECTOS DE LA UNIDAD DE CONCESI\u00d3N C: DESEMPLEADO JUVENIL, EN EL MARCO DE LA SUBVENCI\u00d3N CONCEDIDA A LAS CORPORACIONES LOCALES POR LA ORDEN HAC\/8\/2017, DE 15 DE MARZO DE 2017, Y ORDEN HAC\/16\/2017, DE 10 DE ABRIL: - Ayuntamiento de Colindres","robots":{"index":"index","follow":"follow","max-snippet":"max-snippet:-1","max-image-preview":"max-image-preview:large","max-video-preview":"max-video-preview:-1"},"canonical":"https:\/\/www.colindres.es\/index.php\/project\/anuncio-relacion-de-admitidosexcluidos-defintiva-para-la-seleccion-de-los-puestos-de-trabajo-incluidos-en-los-proyectos-de-la-unidad-de-concesion-c-desempleado-juvenil-en-el-marco-de-la-subvencion\/","og_locale":"es_ES","og_type":"article","og_title":"ANUNCIO RELACI\u00d3N DE ADMITIDOS\/EXCLUIDOS DEFINTIVA PARA LA SELECCI\u00d3N DE LOS PUESTOS DE TRABAJO INCLUIDOS EN LOS PROYECTOS DE LA UNIDAD DE CONCESI\u00d3N C: DESEMPLEADO JUVENIL, EN EL MARCO DE LA SUBVENCI\u00d3N CONCEDIDA A LAS CORPORACIONES LOCALES POR LA ORDEN HAC\/8\/2017, DE 15 DE MARZO DE 2017, Y ORDEN HAC\/16\/2017, DE 10 DE ABRIL: - Ayuntamiento de Colindres","og_description":"ANUNCIO RELACI\u00d3N DE ADMITIDOS\/EXCLUIDOS DEFINTIVA PARA LA SELECCI\u00d3N DE LOS PUESTOS DE TRABAJO INCLUIDOS EN LOS PROYECTOS DE LA UNIDAD DE CONCESI\u00d3N C: DESEMPLEADO JUVENIL, EN EL MARCO DE LA SUBVENCI\u00d3N CONCEDIDA A LAS CORPORACIONES LOCALES POR LA ORDEN HAC\/8\/2017, DE 15 DE MARZO DE 2017, Y ORDEN HAC\/16\/2017, DE 10 DE ABRIL: UNIDAD DE [&hellip;]","og_url":"https:\/\/www.colindres.es\/index.php\/project\/anuncio-relacion-de-admitidosexcluidos-defintiva-para-la-seleccion-de-los-puestos-de-trabajo-incluidos-en-los-proyectos-de-la-unidad-de-concesion-c-desempleado-juvenil-en-el-marco-de-la-subvencion\/","og_site_name":"Ayuntamiento de Colindres","og_image":[{"width":1024,"height":659,"url":"https:\/\/www.colindres.es\/wp-content\/uploads\/2017\/04\/IMG_9265-1024x659.jpg","type":"image\/jpeg"}],"twitter_card":"summary_large_image","twitter_misc":{"Tiempo de lectura":"3 minutos"},"schema":{"@context":"https:\/\/schema.org","@graph":[{"@type":"WebPage","@id":"https:\/\/www.colindres.es\/index.php\/project\/anuncio-relacion-de-admitidosexcluidos-defintiva-para-la-seleccion-de-los-puestos-de-trabajo-incluidos-en-los-proyectos-de-la-unidad-de-concesion-c-desempleado-juvenil-en-el-marco-de-la-subvencion\/","url":"https:\/\/www.colindres.es\/index.php\/project\/anuncio-relacion-de-admitidosexcluidos-defintiva-para-la-seleccion-de-los-puestos-de-trabajo-incluidos-en-los-proyectos-de-la-unidad-de-concesion-c-desempleado-juvenil-en-el-marco-de-la-subvencion\/","name":"ANUNCIO RELACI\u00d3N DE ADMITIDOS\/EXCLUIDOS DEFINTIVA PARA LA SELECCI\u00d3N DE LOS PUESTOS DE TRABAJO INCLUIDOS EN LOS PROYECTOS DE LA UNIDAD DE CONCESI\u00d3N C: DESEMPLEADO JUVENIL, EN EL MARCO DE LA SUBVENCI\u00d3N CONCEDIDA A LAS CORPORACIONES LOCALES POR LA ORDEN HAC\/8\/2017, DE 15 DE MARZO DE 2017, Y ORDEN HAC\/16\/2017, DE 10 DE ABRIL: - Ayuntamiento de Colindres","isPartOf":{"@id":"https:\/\/www.colindres.es\/#website"},"primaryImageOfPage":{"@id":"https:\/\/www.colindres.es\/index.php\/project\/anuncio-relacion-de-admitidosexcluidos-defintiva-para-la-seleccion-de-los-puestos-de-trabajo-incluidos-en-los-proyectos-de-la-unidad-de-concesion-c-desempleado-juvenil-en-el-marco-de-la-subvencion\/#primaryimage"},"image":{"@id":"https:\/\/www.colindres.es\/index.php\/project\/anuncio-relacion-de-admitidosexcluidos-defintiva-para-la-seleccion-de-los-puestos-de-trabajo-incluidos-en-los-proyectos-de-la-unidad-de-concesion-c-desempleado-juvenil-en-el-marco-de-la-subvencion\/#primaryimage"},"thumbnailUrl":"https:\/\/www.colindres.es\/wp-content\/uploads\/2017\/04\/IMG_9265.jpg","datePublished":"2017-07-21T13:13:18+00:00","breadcrumb":{"@id":"https:\/\/www.colindres.es\/index.php\/project\/anuncio-relacion-de-admitidosexcluidos-defintiva-para-la-seleccion-de-los-puestos-de-trabajo-incluidos-en-los-proyectos-de-la-unidad-de-concesion-c-desempleado-juvenil-en-el-marco-de-la-subvencion\/#breadcrumb"},"inLanguage":"es","potentialAction":[{"@type":"ReadAction","target":["https:\/\/www.colindres.es\/index.php\/project\/anuncio-relacion-de-admitidosexcluidos-defintiva-para-la-seleccion-de-los-puestos-de-trabajo-incluidos-en-los-proyectos-de-la-unidad-de-concesion-c-desempleado-juvenil-en-el-marco-de-la-subvencion\/"]}]},{"@type":"ImageObject","inLanguage":"es","@id":"https:\/\/www.colindres.es\/index.php\/project\/anuncio-relacion-de-admitidosexcluidos-defintiva-para-la-seleccion-de-los-puestos-de-trabajo-incluidos-en-los-proyectos-de-la-unidad-de-concesion-c-desempleado-juvenil-en-el-marco-de-la-subvencion\/#primaryimage","url":"https:\/\/www.colindres.es\/wp-content\/uploads\/2017\/04\/IMG_9265.jpg","contentUrl":"https:\/\/www.colindres.es\/wp-content\/uploads\/2017\/04\/IMG_9265.jpg","width":5077,"height":3269},{"@type":"BreadcrumbList","@id":"https:\/\/www.colindres.es\/index.php\/project\/anuncio-relacion-de-admitidosexcluidos-defintiva-para-la-seleccion-de-los-puestos-de-trabajo-incluidos-en-los-proyectos-de-la-unidad-de-concesion-c-desempleado-juvenil-en-el-marco-de-la-subvencion\/#breadcrumb","itemListElement":[{"@type":"ListItem","position":1,"name":"Portada","item":"https:\/\/www.colindres.es\/"},{"@type":"ListItem","position":2,"name":"Proyectos","item":"https:\/\/www.colindres.es\/index.php\/project\/"},{"@type":"ListItem","position":3,"name":"ANUNCIO RELACI\u00d3N DE ADMITIDOS\/EXCLUIDOS DEFINTIVA PARA LA SELECCI\u00d3N DE LOS PUESTOS DE TRABAJO INCLUIDOS EN LOS PROYECTOS DE LA UNIDAD DE CONCESI\u00d3N C: DESEMPLEADO JUVENIL, EN EL MARCO DE LA SUBVENCI\u00d3N CONCEDIDA A LAS CORPORACIONES LOCALES POR LA ORDEN HAC\/8\/2017, DE 15 DE MARZO DE 2017, Y ORDEN HAC\/16\/2017, DE 10 DE ABRIL:"}]},{"@type":"WebSite","@id":"https:\/\/www.colindres.es\/#website","url":"https:\/\/www.colindres.es\/","name":"Ayuntamiento de Colindres","description":"Dise\u00f1ado por NTIC&#039;s","publisher":{"@id":"https:\/\/www.colindres.es\/#organization"},"potentialAction":[{"@type":"SearchAction","target":{"@type":"EntryPoint","urlTemplate":"https:\/\/www.colindres.es\/?s={search_term_string}"},"query-input":{"@type":"PropertyValueSpecification","valueRequired":true,"valueName":"search_term_string"}}],"inLanguage":"es"},{"@type":"Organization","@id":"https:\/\/www.colindres.es\/#organization","name":"AYUNTAMIENTO DE COLINDRES","url":"https:\/\/www.colindres.es\/","logo":{"@type":"ImageObject","inLanguage":"es","@id":"https:\/\/www.colindres.es\/#\/schema\/logo\/image\/","url":"https:\/\/www.colindres.es\/wp-content\/uploads\/2017\/01\/LOGO-PRINCIPAL.jpg","contentUrl":"https:\/\/www.colindres.es\/wp-content\/uploads\/2017\/01\/LOGO-PRINCIPAL.jpg","width":1209,"height":579,"caption":"AYUNTAMIENTO DE COLINDRES"},"image":{"@id":"https:\/\/www.colindres.es\/#\/schema\/logo\/image\/"}}]}},"_links":{"self":[{"href":"https:\/\/www.colindres.es\/index.php\/wp-json\/wp\/v2\/project\/815","targetHints":{"allow":["GET"]}}],"collection":[{"href":"https:\/\/www.colindres.es\/index.php\/wp-json\/wp\/v2\/project"}],"about":[{"href":"https:\/\/www.colindres.es\/index.php\/wp-json\/wp\/v2\/types\/project"}],"author":[{"embeddable":true,"href":"https:\/\/www.colindres.es\/index.php\/wp-json\/wp\/v2\/users\/1"}],"replies":[{"embeddable":true,"href":"https:\/\/www.colindres.es\/index.php\/wp-json\/wp\/v2\/comments?post=815"}],"version-history":[{"count":1,"href":"https:\/\/www.colindres.es\/index.php\/wp-json\/wp\/v2\/project\/815\/revisions"}],"predecessor-version":[{"id":816,"href":"https:\/\/www.colindres.es\/index.php\/wp-json\/wp\/v2\/project\/815\/revisions\/816"}],"wp:featuredmedia":[{"embeddable":true,"href":"https:\/\/www.colindres.es\/index.php\/wp-json\/wp\/v2\/media\/303"}],"wp:attachment":[{"href":"https:\/\/www.colindres.es\/index.php\/wp-json\/wp\/v2\/media?parent=815"}],"wp:term":[{"taxonomy":"project_category","embeddable":true,"href":"https:\/\/www.colindres.es\/index.php\/wp-json\/wp\/v2\/project_category?post=815"},{"taxonomy":"project_tag","embeddable":true,"href":"https:\/\/www.colindres.es\/index.php\/wp-json\/wp\/v2\/project_tag?post=815"}],"curies":[{"name":"wp","href":"https:\/\/api.w.org\/{rel}","templated":true}]}}