{"id":812,"date":"2017-07-19T10:06:12","date_gmt":"2017-07-19T10:06:12","guid":{"rendered":"http:\/\/colindres.es\/?post_type=project&#038;p=812"},"modified":"2017-07-19T10:06:12","modified_gmt":"2017-07-19T10:06:12","slug":"la-musica-celta-y-tradicional-vuelve-a-colindres-con-la-xxiii-edicion-del-sauga-folk","status":"publish","type":"project","link":"https:\/\/www.colindres.es\/index.php\/project\/la-musica-celta-y-tradicional-vuelve-a-colindres-con-la-xxiii-edicion-del-sauga-folk\/","title":{"rendered":"La m\u00fasica celta y tradicional vuelve a Colindres con la XXIII edici\u00f3n del Sauga Folk"},"content":{"rendered":"<p>A lo largo de los cuatro d\u00edas del festival, que se celebrar\u00e1 del 3 al 6 de agosto, sonar\u00e1n grupos y solistas como Gwendal, Marcos B\u00e1rcena, Brez, Garabanduya o La Pozona<\/p>\n<p>Colindres, 19 de Julio.- Colindres volver\u00e1 a ser el epicentro de la m\u00fasica celta y tradicional de Cantabria con la celebraci\u00f3n de la XXIII edici\u00f3n del \u2018Sauga Folk\u2019. El festival, que se celebrar\u00e1 del 3 al 6 de agosto y que cuenta con el patrocinio del Ayuntamiento, tendr\u00e1 este a\u00f1o al grupo bret\u00f3n Gwendal como cabeza de cartel.<\/p>\n<p>Formado en el a\u00f1o 1972, Gwendal es uno de los grupos pioneros en la recuperaci\u00f3n de la m\u00fasica tradicional celta y, con m\u00e1s de 40 a\u00f1os sobre los escenarios, uno de los grandes referentes en este g\u00e9nero. Su actuaci\u00f3n tendr\u00e1 lugar el s\u00e1bado 5 a partir de las 22.30 horas y compartir\u00e1n escenario con la banda c\u00e1ntabra Garma y la asturiana Dixebra.<\/p>\n<p>La comisi\u00f3n organizadora del evento, que est\u00e1 formada por la asociaci\u00f3n cultural y las distintas \u00e1reas municipales que intervienen en el festejo (Polic\u00eda Local, Protecci\u00f3n Civil y las concejal\u00edas de Obras y Festejos), ha mantenido una reuni\u00f3n en el Ayuntamiento de Colindres para ultimar los detalles.<\/p>\n<p>Como en ediciones anteriores, el festival ser\u00e1 gratuito y dispondr\u00e1 de zona de acampada. Se celebrar\u00e1 en la Alameda del Ayuntamiento y en el entorno de la Casa de Cultura, a excepci\u00f3n de las actuaciones de los d\u00edas 3 y 6, que se llevar\u00e1n a cabo en la Taberna KA-BUDDAH y en el Caf\u00e9 Pereda de Ampuero. El grupo c\u00e1ntabro Brez y Marcos B\u00e1rcena, respectivamente, actuar\u00e1n estos d\u00edas.<\/p>\n<p>El viernes d\u00eda 4, a partir de las 20.00 horas, tendr\u00e1 lugar la primera verbena c\u00e1ntabra de la mano de Garabanduya y La Pozona y estar\u00e1 acompa\u00f1ada por una degustaci\u00f3n de sidra, chorizo y cerveza artesanal elaborada en Colindres.<\/p>\n<p>Al d\u00eda siguiente, el s\u00e1bado 5, desde las 18.00 horas habr\u00e1 juegos para los m\u00e1s peque\u00f1os y, posteriormente, a partir de las 20.00 horas ser\u00e1 el turno del grupo de danzas San Pedrusco y de la m\u00fasica tradicional de Cantabria, que correr\u00e1 a cargo de Puri D\u00edaz y Esther Ter\u00e1n (canto y pandereta), Arsenio Guti\u00e9rrez y Ram\u00f3n Alcalde (rabel), y David\u00a0 P\u00e9rez y Luiso Canales (dulzaina y tambor). Como broche final, actuar\u00e1n los grupos de m\u00fasica celta Garma, Gwendal y Dixebra.<\/p>\n<p>La concejala de Festejos, Mar\u00eda Eugenia Casta\u00f1eda, ha destacado la \u201clabor desinteresada y el \u201cgran trabajo\u201d que realizan los miembros de la Asociaci\u00f3n Sauga, que \u201clleva casi un cuarto de siglo promocionando la m\u00fasica folk y tradicional de Cantabria y que han conseguido convertir al festival y a Colindres en un referente\u201d.<\/p>\n<p>Al mismo tiempo, ha agradecido la colaboraci\u00f3n del Gobierno de Cantabria por \u201cvolver a colaborar\u201d con el evento, as\u00ed como a los efectivos de las fuerzas de seguridad y de Protecci\u00f3n Civil.<\/p>\n","protected":false},"excerpt":{"rendered":"<p>A lo largo de los cuatro d\u00edas del festival, que se celebrar\u00e1 del 3 al 6 de agosto, sonar\u00e1n grupos y solistas como Gwendal, Marcos B\u00e1rcena, Brez, Garabanduya o La Pozona Colindres, 19 de Julio.- Colindres volver\u00e1 a ser el epicentro de la m\u00fasica celta y tradicional de Cantabria con la celebraci\u00f3n de la XXIII [&hellip;]<\/p>\n","protected":false},"author":1,"featured_media":813,"comment_status":"open","ping_status":"closed","template":"","meta":{"_et_pb_use_builder":"","_et_pb_old_content":"","_et_gb_content_width":"","footnotes":""},"project_category":[],"project_tag":[],"class_list":["post-812","project","type-project","status-publish","has-post-thumbnail","hentry"],"yoast_head":"<!-- This site is optimized with the Yoast SEO plugin v24.9 - https:\/\/yoast.com\/wordpress\/plugins\/seo\/ -->\n<title>La m\u00fasica celta y tradicional vuelve a Colindres con la XXIII edici\u00f3n del Sauga Folk - Ayuntamiento de Colindres<\/title>\n<meta name=\"robots\" content=\"index, follow, max-snippet:-1, max-image-preview:large, max-video-preview:-1\" \/>\n<link rel=\"canonical\" href=\"https:\/\/www.colindres.es\/index.php\/project\/la-musica-celta-y-tradicional-vuelve-a-colindres-con-la-xxiii-edicion-del-sauga-folk\/\" \/>\n<meta property=\"og:locale\" content=\"es_ES\" \/>\n<meta property=\"og:type\" content=\"article\" \/>\n<meta property=\"og:title\" content=\"La m\u00fasica celta y tradicional vuelve a Colindres con la XXIII edici\u00f3n del Sauga Folk - Ayuntamiento de Colindres\" \/>\n<meta property=\"og:description\" content=\"A lo largo de los cuatro d\u00edas del festival, que se celebrar\u00e1 del 3 al 6 de agosto, sonar\u00e1n grupos y solistas como Gwendal, Marcos B\u00e1rcena, Brez, Garabanduya o La Pozona Colindres, 19 de Julio.- Colindres volver\u00e1 a ser el epicentro de la m\u00fasica celta y tradicional de Cantabria con la celebraci\u00f3n de la XXIII [&hellip;]\" \/>\n<meta property=\"og:url\" content=\"https:\/\/www.colindres.es\/index.php\/project\/la-musica-celta-y-tradicional-vuelve-a-colindres-con-la-xxiii-edicion-del-sauga-folk\/\" \/>\n<meta property=\"og:site_name\" content=\"Ayuntamiento de Colindres\" \/>\n<meta property=\"og:image\" content=\"https:\/\/www.colindres.es\/wp-content\/uploads\/2017\/07\/Presentaci\u00f3n-Sauga-Folk.jpg\" \/>\n\t<meta property=\"og:image:width\" content=\"1280\" \/>\n\t<meta property=\"og:image:height\" content=\"960\" \/>\n\t<meta property=\"og:image:type\" content=\"image\/jpeg\" \/>\n<meta name=\"twitter:card\" content=\"summary_large_image\" \/>\n<meta name=\"twitter:label1\" content=\"Tiempo de lectura\" \/>\n\t<meta name=\"twitter:data1\" content=\"3 minutos\" \/>\n<script type=\"application\/ld+json\" class=\"yoast-schema-graph\">{\"@context\":\"https:\/\/schema.org\",\"@graph\":[{\"@type\":\"WebPage\",\"@id\":\"https:\/\/www.colindres.es\/index.php\/project\/la-musica-celta-y-tradicional-vuelve-a-colindres-con-la-xxiii-edicion-del-sauga-folk\/\",\"url\":\"https:\/\/www.colindres.es\/index.php\/project\/la-musica-celta-y-tradicional-vuelve-a-colindres-con-la-xxiii-edicion-del-sauga-folk\/\",\"name\":\"La m\u00fasica celta y tradicional vuelve a Colindres con la XXIII edici\u00f3n del Sauga Folk - Ayuntamiento de Colindres\",\"isPartOf\":{\"@id\":\"https:\/\/www.colindres.es\/#website\"},\"primaryImageOfPage\":{\"@id\":\"https:\/\/www.colindres.es\/index.php\/project\/la-musica-celta-y-tradicional-vuelve-a-colindres-con-la-xxiii-edicion-del-sauga-folk\/#primaryimage\"},\"image\":{\"@id\":\"https:\/\/www.colindres.es\/index.php\/project\/la-musica-celta-y-tradicional-vuelve-a-colindres-con-la-xxiii-edicion-del-sauga-folk\/#primaryimage\"},\"thumbnailUrl\":\"https:\/\/www.colindres.es\/wp-content\/uploads\/2017\/07\/Presentaci\u00f3n-Sauga-Folk.jpg\",\"datePublished\":\"2017-07-19T10:06:12+00:00\",\"breadcrumb\":{\"@id\":\"https:\/\/www.colindres.es\/index.php\/project\/la-musica-celta-y-tradicional-vuelve-a-colindres-con-la-xxiii-edicion-del-sauga-folk\/#breadcrumb\"},\"inLanguage\":\"es\",\"potentialAction\":[{\"@type\":\"ReadAction\",\"target\":[\"https:\/\/www.colindres.es\/index.php\/project\/la-musica-celta-y-tradicional-vuelve-a-colindres-con-la-xxiii-edicion-del-sauga-folk\/\"]}]},{\"@type\":\"ImageObject\",\"inLanguage\":\"es\",\"@id\":\"https:\/\/www.colindres.es\/index.php\/project\/la-musica-celta-y-tradicional-vuelve-a-colindres-con-la-xxiii-edicion-del-sauga-folk\/#primaryimage\",\"url\":\"https:\/\/www.colindres.es\/wp-content\/uploads\/2017\/07\/Presentaci\u00f3n-Sauga-Folk.jpg\",\"contentUrl\":\"https:\/\/www.colindres.es\/wp-content\/uploads\/2017\/07\/Presentaci\u00f3n-Sauga-Folk.jpg\",\"width\":1280,\"height\":960},{\"@type\":\"BreadcrumbList\",\"@id\":\"https:\/\/www.colindres.es\/index.php\/project\/la-musica-celta-y-tradicional-vuelve-a-colindres-con-la-xxiii-edicion-del-sauga-folk\/#breadcrumb\",\"itemListElement\":[{\"@type\":\"ListItem\",\"position\":1,\"name\":\"Portada\",\"item\":\"https:\/\/www.colindres.es\/\"},{\"@type\":\"ListItem\",\"position\":2,\"name\":\"Proyectos\",\"item\":\"https:\/\/www.colindres.es\/index.php\/project\/\"},{\"@type\":\"ListItem\",\"position\":3,\"name\":\"La m\u00fasica celta y tradicional vuelve a Colindres con la XXIII edici\u00f3n del Sauga Folk\"}]},{\"@type\":\"WebSite\",\"@id\":\"https:\/\/www.colindres.es\/#website\",\"url\":\"https:\/\/www.colindres.es\/\",\"name\":\"Ayuntamiento de Colindres\",\"description\":\"Dise\u00f1ado por NTIC&#039;s\",\"publisher\":{\"@id\":\"https:\/\/www.colindres.es\/#organization\"},\"potentialAction\":[{\"@type\":\"SearchAction\",\"target\":{\"@type\":\"EntryPoint\",\"urlTemplate\":\"https:\/\/www.colindres.es\/?s={search_term_string}\"},\"query-input\":{\"@type\":\"PropertyValueSpecification\",\"valueRequired\":true,\"valueName\":\"search_term_string\"}}],\"inLanguage\":\"es\"},{\"@type\":\"Organization\",\"@id\":\"https:\/\/www.colindres.es\/#organization\",\"name\":\"AYUNTAMIENTO DE COLINDRES\",\"url\":\"https:\/\/www.colindres.es\/\",\"logo\":{\"@type\":\"ImageObject\",\"inLanguage\":\"es\",\"@id\":\"https:\/\/www.colindres.es\/#\/schema\/logo\/image\/\",\"url\":\"https:\/\/www.colindres.es\/wp-content\/uploads\/2017\/01\/LOGO-PRINCIPAL.jpg\",\"contentUrl\":\"https:\/\/www.colindres.es\/wp-content\/uploads\/2017\/01\/LOGO-PRINCIPAL.jpg\",\"width\":1209,\"height\":579,\"caption\":\"AYUNTAMIENTO DE COLINDRES\"},\"image\":{\"@id\":\"https:\/\/www.colindres.es\/#\/schema\/logo\/image\/\"}}]}<\/script>\n<!-- \/ Yoast SEO plugin. -->","yoast_head_json":{"title":"La m\u00fasica celta y tradicional vuelve a Colindres con la XXIII edici\u00f3n del Sauga Folk - Ayuntamiento de Colindres","robots":{"index":"index","follow":"follow","max-snippet":"max-snippet:-1","max-image-preview":"max-image-preview:large","max-video-preview":"max-video-preview:-1"},"canonical":"https:\/\/www.colindres.es\/index.php\/project\/la-musica-celta-y-tradicional-vuelve-a-colindres-con-la-xxiii-edicion-del-sauga-folk\/","og_locale":"es_ES","og_type":"article","og_title":"La m\u00fasica celta y tradicional vuelve a Colindres con la XXIII edici\u00f3n del Sauga Folk - Ayuntamiento de Colindres","og_description":"A lo largo de los cuatro d\u00edas del festival, que se celebrar\u00e1 del 3 al 6 de agosto, sonar\u00e1n grupos y solistas como Gwendal, Marcos B\u00e1rcena, Brez, Garabanduya o La Pozona Colindres, 19 de Julio.- Colindres volver\u00e1 a ser el epicentro de la m\u00fasica celta y tradicional de Cantabria con la celebraci\u00f3n de la XXIII [&hellip;]","og_url":"https:\/\/www.colindres.es\/index.php\/project\/la-musica-celta-y-tradicional-vuelve-a-colindres-con-la-xxiii-edicion-del-sauga-folk\/","og_site_name":"Ayuntamiento de Colindres","og_image":[{"width":1280,"height":960,"url":"https:\/\/www.colindres.es\/wp-content\/uploads\/2017\/07\/Presentaci\u00f3n-Sauga-Folk.jpg","type":"image\/jpeg"}],"twitter_card":"summary_large_image","twitter_misc":{"Tiempo de lectura":"3 minutos"},"schema":{"@context":"https:\/\/schema.org","@graph":[{"@type":"WebPage","@id":"https:\/\/www.colindres.es\/index.php\/project\/la-musica-celta-y-tradicional-vuelve-a-colindres-con-la-xxiii-edicion-del-sauga-folk\/","url":"https:\/\/www.colindres.es\/index.php\/project\/la-musica-celta-y-tradicional-vuelve-a-colindres-con-la-xxiii-edicion-del-sauga-folk\/","name":"La m\u00fasica celta y tradicional vuelve a Colindres con la XXIII edici\u00f3n del Sauga Folk - Ayuntamiento de Colindres","isPartOf":{"@id":"https:\/\/www.colindres.es\/#website"},"primaryImageOfPage":{"@id":"https:\/\/www.colindres.es\/index.php\/project\/la-musica-celta-y-tradicional-vuelve-a-colindres-con-la-xxiii-edicion-del-sauga-folk\/#primaryimage"},"image":{"@id":"https:\/\/www.colindres.es\/index.php\/project\/la-musica-celta-y-tradicional-vuelve-a-colindres-con-la-xxiii-edicion-del-sauga-folk\/#primaryimage"},"thumbnailUrl":"https:\/\/www.colindres.es\/wp-content\/uploads\/2017\/07\/Presentaci\u00f3n-Sauga-Folk.jpg","datePublished":"2017-07-19T10:06:12+00:00","breadcrumb":{"@id":"https:\/\/www.colindres.es\/index.php\/project\/la-musica-celta-y-tradicional-vuelve-a-colindres-con-la-xxiii-edicion-del-sauga-folk\/#breadcrumb"},"inLanguage":"es","potentialAction":[{"@type":"ReadAction","target":["https:\/\/www.colindres.es\/index.php\/project\/la-musica-celta-y-tradicional-vuelve-a-colindres-con-la-xxiii-edicion-del-sauga-folk\/"]}]},{"@type":"ImageObject","inLanguage":"es","@id":"https:\/\/www.colindres.es\/index.php\/project\/la-musica-celta-y-tradicional-vuelve-a-colindres-con-la-xxiii-edicion-del-sauga-folk\/#primaryimage","url":"https:\/\/www.colindres.es\/wp-content\/uploads\/2017\/07\/Presentaci\u00f3n-Sauga-Folk.jpg","contentUrl":"https:\/\/www.colindres.es\/wp-content\/uploads\/2017\/07\/Presentaci\u00f3n-Sauga-Folk.jpg","width":1280,"height":960},{"@type":"BreadcrumbList","@id":"https:\/\/www.colindres.es\/index.php\/project\/la-musica-celta-y-tradicional-vuelve-a-colindres-con-la-xxiii-edicion-del-sauga-folk\/#breadcrumb","itemListElement":[{"@type":"ListItem","position":1,"name":"Portada","item":"https:\/\/www.colindres.es\/"},{"@type":"ListItem","position":2,"name":"Proyectos","item":"https:\/\/www.colindres.es\/index.php\/project\/"},{"@type":"ListItem","position":3,"name":"La m\u00fasica celta y tradicional vuelve a Colindres con la XXIII edici\u00f3n del Sauga Folk"}]},{"@type":"WebSite","@id":"https:\/\/www.colindres.es\/#website","url":"https:\/\/www.colindres.es\/","name":"Ayuntamiento de Colindres","description":"Dise\u00f1ado por NTIC&#039;s","publisher":{"@id":"https:\/\/www.colindres.es\/#organization"},"potentialAction":[{"@type":"SearchAction","target":{"@type":"EntryPoint","urlTemplate":"https:\/\/www.colindres.es\/?s={search_term_string}"},"query-input":{"@type":"PropertyValueSpecification","valueRequired":true,"valueName":"search_term_string"}}],"inLanguage":"es"},{"@type":"Organization","@id":"https:\/\/www.colindres.es\/#organization","name":"AYUNTAMIENTO DE COLINDRES","url":"https:\/\/www.colindres.es\/","logo":{"@type":"ImageObject","inLanguage":"es","@id":"https:\/\/www.colindres.es\/#\/schema\/logo\/image\/","url":"https:\/\/www.colindres.es\/wp-content\/uploads\/2017\/01\/LOGO-PRINCIPAL.jpg","contentUrl":"https:\/\/www.colindres.es\/wp-content\/uploads\/2017\/01\/LOGO-PRINCIPAL.jpg","width":1209,"height":579,"caption":"AYUNTAMIENTO DE COLINDRES"},"image":{"@id":"https:\/\/www.colindres.es\/#\/schema\/logo\/image\/"}}]}},"_links":{"self":[{"href":"https:\/\/www.colindres.es\/index.php\/wp-json\/wp\/v2\/project\/812","targetHints":{"allow":["GET"]}}],"collection":[{"href":"https:\/\/www.colindres.es\/index.php\/wp-json\/wp\/v2\/project"}],"about":[{"href":"https:\/\/www.colindres.es\/index.php\/wp-json\/wp\/v2\/types\/project"}],"author":[{"embeddable":true,"href":"https:\/\/www.colindres.es\/index.php\/wp-json\/wp\/v2\/users\/1"}],"replies":[{"embeddable":true,"href":"https:\/\/www.colindres.es\/index.php\/wp-json\/wp\/v2\/comments?post=812"}],"version-history":[{"count":1,"href":"https:\/\/www.colindres.es\/index.php\/wp-json\/wp\/v2\/project\/812\/revisions"}],"predecessor-version":[{"id":814,"href":"https:\/\/www.colindres.es\/index.php\/wp-json\/wp\/v2\/project\/812\/revisions\/814"}],"wp:featuredmedia":[{"embeddable":true,"href":"https:\/\/www.colindres.es\/index.php\/wp-json\/wp\/v2\/media\/813"}],"wp:attachment":[{"href":"https:\/\/www.colindres.es\/index.php\/wp-json\/wp\/v2\/media?parent=812"}],"wp:term":[{"taxonomy":"project_category","embeddable":true,"href":"https:\/\/www.colindres.es\/index.php\/wp-json\/wp\/v2\/project_category?post=812"},{"taxonomy":"project_tag","embeddable":true,"href":"https:\/\/www.colindres.es\/index.php\/wp-json\/wp\/v2\/project_tag?post=812"}],"curies":[{"name":"wp","href":"https:\/\/api.w.org\/{rel}","templated":true}]}}