{"id":804,"date":"2017-07-14T08:48:19","date_gmt":"2017-07-14T08:48:19","guid":{"rendered":"http:\/\/colindres.es\/?post_type=project&#038;p=804"},"modified":"2017-07-14T08:48:19","modified_gmt":"2017-07-14T08:48:19","slug":"la-vi-semana-de-la-juventud-de-colindres-se-celebrara-del-18-al-21-de-julio","status":"publish","type":"project","link":"https:\/\/www.colindres.es\/index.php\/project\/la-vi-semana-de-la-juventud-de-colindres-se-celebrara-del-18-al-21-de-julio\/","title":{"rendered":"La VI Semana de la Juventud de Colindres se celebrar\u00e1 del 18 al 21 de julio"},"content":{"rendered":"<p>Teatro, rap y una marcha de color solidaria, entre las actividades organizadas por la Concejal\u00eda de Juventud<\/p>\n<p>Colindres, 13 de Julio.- El alcalde de Colindres, Javier Incera, y la concejala de Juventud, Araceli Ayesa, han presentado este jueves el programa de la VI Semana de la Juventud, que se celebrar\u00e1 del 18 al 21 de julio y que estar\u00e1 cargada de actividades, entre ellas, dos con car\u00e1cter solidario.<\/p>\n<p>La programaci\u00f3n arrancar\u00e1 el martes, a las 20.00 horas, en el Sal\u00f3n de Actos de la Casa de Cultura, con la representaci\u00f3n de la obra de teatro infantil \u2018Hansel y Gretel\u2019 a cargo de la compa\u00f1\u00eda Escenarte.<\/p>\n<p>Al d\u00eda siguiente, el mi\u00e9rcoles, el teatro se trasladar\u00e1 a la Plaza de la Esperanza, donde a partir de las 19.30 horas el colectivo m\u00fasico-teatral Birloque dar\u00e1 vida a la \u2018La Petite Caravane\u2019.<\/p>\n<p>Y ese mismo d\u00eda, a las 21.00 horas, tendr\u00e1 lugar el plato fuerte de la semana, la celebraci\u00f3n del Freestyle Rap Show con la actuaci\u00f3n de dos de los mejores raperos de Espa\u00f1a, \u2018Arkano\u2019 y \u2018Skone\u2019, campeones internacionales de la Red Bull Batalla de los Gallos en 2015 y 2016, respectivamente.<\/p>\n<p>El jueves d\u00eda 20 concluir\u00e1n las representaciones de teatro con la obra \u2018Tach\u00e1n\u2019, del Caf\u00e9 de las Artes, que tambi\u00e9n ser\u00e1 a las 19.30 horas en la Plaza de la Esperanza. Una hora m\u00e1s tarde, a las 20.30 horas, se celebrar\u00e1 en el Paseo Mar\u00edtimo la Marcha Solidaria Holi, un evento familiar en el que todo el mundo comenzar\u00e1 vestido de blanco para terminar de mil colores.<\/p>\n<p>Finalmente, el viernes 21, la Bolera de Pasabolo acoger\u00e1 a las 22.00 horas una nueva edici\u00f3n de la fiesta Neon Challange, en la que habr\u00e1 m\u00fasica, photocall y contenedores con pintura de ne\u00f3n corporal para iluminar la luz negra con la que se ambientar\u00e1 la bolera.<\/p>\n<p>La concejala de Juventud, Araceli Ayesa, ha destacado el \u201ccar\u00e1cter intergeneracional\u201d de las actividades, de las que pueden disfrutar tanto j\u00f3venes como familias.<\/p>\n<p>Asimismo, ha subrayado que la Semana de la Juventud se ha consolidado como un \u201creferente\u201d de la programaci\u00f3n estival de Colindres y, en este sentido, ha puesto en valor la labor de su coordinador, H\u00e9ctor Cruz.<\/p>\n<p>\u201cEstamos convencidos de que esta nueva edici\u00f3n volver\u00e1 a ser un \u00e9xito\u201d, ha apostillado.<\/p>\n<p>Finalmente, la edil ha apuntado que en la realizaci\u00f3n de las distintas actividades colaborar\u00e1n j\u00f3venes procedentes de distintos pa\u00edses que participan en el segundo Campo de trabajo internacional que se celebrar\u00e1 en Colindres durante esa semana.<\/p>\n","protected":false},"excerpt":{"rendered":"<p>Teatro, rap y una marcha de color solidaria, entre las actividades organizadas por la Concejal\u00eda de Juventud Colindres, 13 de Julio.- El alcalde de Colindres, Javier Incera, y la concejala de Juventud, Araceli Ayesa, han presentado este jueves el programa de la VI Semana de la Juventud, que se celebrar\u00e1 del 18 al 21 de [&hellip;]<\/p>\n","protected":false},"author":1,"featured_media":805,"comment_status":"open","ping_status":"closed","template":"","meta":{"_et_pb_use_builder":"","_et_pb_old_content":"","_et_gb_content_width":"","footnotes":""},"project_category":[],"project_tag":[],"class_list":["post-804","project","type-project","status-publish","has-post-thumbnail","hentry"],"yoast_head":"<!-- This site is optimized with the Yoast SEO plugin v24.9 - https:\/\/yoast.com\/wordpress\/plugins\/seo\/ -->\n<title>La VI Semana de la Juventud de Colindres se celebrar\u00e1 del 18 al 21 de julio - Ayuntamiento de Colindres<\/title>\n<meta name=\"robots\" content=\"index, follow, max-snippet:-1, max-image-preview:large, max-video-preview:-1\" \/>\n<link rel=\"canonical\" href=\"https:\/\/www.colindres.es\/index.php\/project\/la-vi-semana-de-la-juventud-de-colindres-se-celebrara-del-18-al-21-de-julio\/\" \/>\n<meta property=\"og:locale\" content=\"es_ES\" \/>\n<meta property=\"og:type\" content=\"article\" \/>\n<meta property=\"og:title\" content=\"La VI Semana de la Juventud de Colindres se celebrar\u00e1 del 18 al 21 de julio - Ayuntamiento de Colindres\" \/>\n<meta property=\"og:description\" content=\"Teatro, rap y una marcha de color solidaria, entre las actividades organizadas por la Concejal\u00eda de Juventud Colindres, 13 de Julio.- El alcalde de Colindres, Javier Incera, y la concejala de Juventud, Araceli Ayesa, han presentado este jueves el programa de la VI Semana de la Juventud, que se celebrar\u00e1 del 18 al 21 de [&hellip;]\" \/>\n<meta property=\"og:url\" content=\"https:\/\/www.colindres.es\/index.php\/project\/la-vi-semana-de-la-juventud-de-colindres-se-celebrara-del-18-al-21-de-julio\/\" \/>\n<meta property=\"og:site_name\" content=\"Ayuntamiento de Colindres\" \/>\n<meta property=\"og:image\" content=\"https:\/\/www.colindres.es\/wp-content\/uploads\/2017\/07\/Fiesta-Holi-2016.jpg\" \/>\n\t<meta property=\"og:image:width\" content=\"1440\" \/>\n\t<meta property=\"og:image:height\" content=\"960\" \/>\n\t<meta property=\"og:image:type\" content=\"image\/jpeg\" \/>\n<meta name=\"twitter:card\" content=\"summary_large_image\" \/>\n<meta name=\"twitter:label1\" content=\"Tiempo de lectura\" \/>\n\t<meta name=\"twitter:data1\" content=\"2 minutos\" \/>\n<script type=\"application\/ld+json\" class=\"yoast-schema-graph\">{\"@context\":\"https:\/\/schema.org\",\"@graph\":[{\"@type\":\"WebPage\",\"@id\":\"https:\/\/www.colindres.es\/index.php\/project\/la-vi-semana-de-la-juventud-de-colindres-se-celebrara-del-18-al-21-de-julio\/\",\"url\":\"https:\/\/www.colindres.es\/index.php\/project\/la-vi-semana-de-la-juventud-de-colindres-se-celebrara-del-18-al-21-de-julio\/\",\"name\":\"La VI Semana de la Juventud de Colindres se celebrar\u00e1 del 18 al 21 de julio - Ayuntamiento de Colindres\",\"isPartOf\":{\"@id\":\"https:\/\/www.colindres.es\/#website\"},\"primaryImageOfPage\":{\"@id\":\"https:\/\/www.colindres.es\/index.php\/project\/la-vi-semana-de-la-juventud-de-colindres-se-celebrara-del-18-al-21-de-julio\/#primaryimage\"},\"image\":{\"@id\":\"https:\/\/www.colindres.es\/index.php\/project\/la-vi-semana-de-la-juventud-de-colindres-se-celebrara-del-18-al-21-de-julio\/#primaryimage\"},\"thumbnailUrl\":\"https:\/\/www.colindres.es\/wp-content\/uploads\/2017\/07\/Fiesta-Holi-2016.jpg\",\"datePublished\":\"2017-07-14T08:48:19+00:00\",\"breadcrumb\":{\"@id\":\"https:\/\/www.colindres.es\/index.php\/project\/la-vi-semana-de-la-juventud-de-colindres-se-celebrara-del-18-al-21-de-julio\/#breadcrumb\"},\"inLanguage\":\"es\",\"potentialAction\":[{\"@type\":\"ReadAction\",\"target\":[\"https:\/\/www.colindres.es\/index.php\/project\/la-vi-semana-de-la-juventud-de-colindres-se-celebrara-del-18-al-21-de-julio\/\"]}]},{\"@type\":\"ImageObject\",\"inLanguage\":\"es\",\"@id\":\"https:\/\/www.colindres.es\/index.php\/project\/la-vi-semana-de-la-juventud-de-colindres-se-celebrara-del-18-al-21-de-julio\/#primaryimage\",\"url\":\"https:\/\/www.colindres.es\/wp-content\/uploads\/2017\/07\/Fiesta-Holi-2016.jpg\",\"contentUrl\":\"https:\/\/www.colindres.es\/wp-content\/uploads\/2017\/07\/Fiesta-Holi-2016.jpg\",\"width\":1440,\"height\":960},{\"@type\":\"BreadcrumbList\",\"@id\":\"https:\/\/www.colindres.es\/index.php\/project\/la-vi-semana-de-la-juventud-de-colindres-se-celebrara-del-18-al-21-de-julio\/#breadcrumb\",\"itemListElement\":[{\"@type\":\"ListItem\",\"position\":1,\"name\":\"Portada\",\"item\":\"https:\/\/www.colindres.es\/\"},{\"@type\":\"ListItem\",\"position\":2,\"name\":\"Proyectos\",\"item\":\"https:\/\/www.colindres.es\/index.php\/project\/\"},{\"@type\":\"ListItem\",\"position\":3,\"name\":\"La VI Semana de la Juventud de Colindres se celebrar\u00e1 del 18 al 21 de julio\"}]},{\"@type\":\"WebSite\",\"@id\":\"https:\/\/www.colindres.es\/#website\",\"url\":\"https:\/\/www.colindres.es\/\",\"name\":\"Ayuntamiento de Colindres\",\"description\":\"Dise\u00f1ado por NTIC&#039;s\",\"publisher\":{\"@id\":\"https:\/\/www.colindres.es\/#organization\"},\"potentialAction\":[{\"@type\":\"SearchAction\",\"target\":{\"@type\":\"EntryPoint\",\"urlTemplate\":\"https:\/\/www.colindres.es\/?s={search_term_string}\"},\"query-input\":{\"@type\":\"PropertyValueSpecification\",\"valueRequired\":true,\"valueName\":\"search_term_string\"}}],\"inLanguage\":\"es\"},{\"@type\":\"Organization\",\"@id\":\"https:\/\/www.colindres.es\/#organization\",\"name\":\"AYUNTAMIENTO DE COLINDRES\",\"url\":\"https:\/\/www.colindres.es\/\",\"logo\":{\"@type\":\"ImageObject\",\"inLanguage\":\"es\",\"@id\":\"https:\/\/www.colindres.es\/#\/schema\/logo\/image\/\",\"url\":\"https:\/\/www.colindres.es\/wp-content\/uploads\/2017\/01\/LOGO-PRINCIPAL.jpg\",\"contentUrl\":\"https:\/\/www.colindres.es\/wp-content\/uploads\/2017\/01\/LOGO-PRINCIPAL.jpg\",\"width\":1209,\"height\":579,\"caption\":\"AYUNTAMIENTO DE COLINDRES\"},\"image\":{\"@id\":\"https:\/\/www.colindres.es\/#\/schema\/logo\/image\/\"}}]}<\/script>\n<!-- \/ Yoast SEO plugin. -->","yoast_head_json":{"title":"La VI Semana de la Juventud de Colindres se celebrar\u00e1 del 18 al 21 de julio - Ayuntamiento de Colindres","robots":{"index":"index","follow":"follow","max-snippet":"max-snippet:-1","max-image-preview":"max-image-preview:large","max-video-preview":"max-video-preview:-1"},"canonical":"https:\/\/www.colindres.es\/index.php\/project\/la-vi-semana-de-la-juventud-de-colindres-se-celebrara-del-18-al-21-de-julio\/","og_locale":"es_ES","og_type":"article","og_title":"La VI Semana de la Juventud de Colindres se celebrar\u00e1 del 18 al 21 de julio - Ayuntamiento de Colindres","og_description":"Teatro, rap y una marcha de color solidaria, entre las actividades organizadas por la Concejal\u00eda de Juventud Colindres, 13 de Julio.- El alcalde de Colindres, Javier Incera, y la concejala de Juventud, Araceli Ayesa, han presentado este jueves el programa de la VI Semana de la Juventud, que se celebrar\u00e1 del 18 al 21 de [&hellip;]","og_url":"https:\/\/www.colindres.es\/index.php\/project\/la-vi-semana-de-la-juventud-de-colindres-se-celebrara-del-18-al-21-de-julio\/","og_site_name":"Ayuntamiento de Colindres","og_image":[{"width":1440,"height":960,"url":"https:\/\/www.colindres.es\/wp-content\/uploads\/2017\/07\/Fiesta-Holi-2016.jpg","type":"image\/jpeg"}],"twitter_card":"summary_large_image","twitter_misc":{"Tiempo de lectura":"2 minutos"},"schema":{"@context":"https:\/\/schema.org","@graph":[{"@type":"WebPage","@id":"https:\/\/www.colindres.es\/index.php\/project\/la-vi-semana-de-la-juventud-de-colindres-se-celebrara-del-18-al-21-de-julio\/","url":"https:\/\/www.colindres.es\/index.php\/project\/la-vi-semana-de-la-juventud-de-colindres-se-celebrara-del-18-al-21-de-julio\/","name":"La VI Semana de la Juventud de Colindres se celebrar\u00e1 del 18 al 21 de julio - Ayuntamiento de Colindres","isPartOf":{"@id":"https:\/\/www.colindres.es\/#website"},"primaryImageOfPage":{"@id":"https:\/\/www.colindres.es\/index.php\/project\/la-vi-semana-de-la-juventud-de-colindres-se-celebrara-del-18-al-21-de-julio\/#primaryimage"},"image":{"@id":"https:\/\/www.colindres.es\/index.php\/project\/la-vi-semana-de-la-juventud-de-colindres-se-celebrara-del-18-al-21-de-julio\/#primaryimage"},"thumbnailUrl":"https:\/\/www.colindres.es\/wp-content\/uploads\/2017\/07\/Fiesta-Holi-2016.jpg","datePublished":"2017-07-14T08:48:19+00:00","breadcrumb":{"@id":"https:\/\/www.colindres.es\/index.php\/project\/la-vi-semana-de-la-juventud-de-colindres-se-celebrara-del-18-al-21-de-julio\/#breadcrumb"},"inLanguage":"es","potentialAction":[{"@type":"ReadAction","target":["https:\/\/www.colindres.es\/index.php\/project\/la-vi-semana-de-la-juventud-de-colindres-se-celebrara-del-18-al-21-de-julio\/"]}]},{"@type":"ImageObject","inLanguage":"es","@id":"https:\/\/www.colindres.es\/index.php\/project\/la-vi-semana-de-la-juventud-de-colindres-se-celebrara-del-18-al-21-de-julio\/#primaryimage","url":"https:\/\/www.colindres.es\/wp-content\/uploads\/2017\/07\/Fiesta-Holi-2016.jpg","contentUrl":"https:\/\/www.colindres.es\/wp-content\/uploads\/2017\/07\/Fiesta-Holi-2016.jpg","width":1440,"height":960},{"@type":"BreadcrumbList","@id":"https:\/\/www.colindres.es\/index.php\/project\/la-vi-semana-de-la-juventud-de-colindres-se-celebrara-del-18-al-21-de-julio\/#breadcrumb","itemListElement":[{"@type":"ListItem","position":1,"name":"Portada","item":"https:\/\/www.colindres.es\/"},{"@type":"ListItem","position":2,"name":"Proyectos","item":"https:\/\/www.colindres.es\/index.php\/project\/"},{"@type":"ListItem","position":3,"name":"La VI Semana de la Juventud de Colindres se celebrar\u00e1 del 18 al 21 de julio"}]},{"@type":"WebSite","@id":"https:\/\/www.colindres.es\/#website","url":"https:\/\/www.colindres.es\/","name":"Ayuntamiento de Colindres","description":"Dise\u00f1ado por NTIC&#039;s","publisher":{"@id":"https:\/\/www.colindres.es\/#organization"},"potentialAction":[{"@type":"SearchAction","target":{"@type":"EntryPoint","urlTemplate":"https:\/\/www.colindres.es\/?s={search_term_string}"},"query-input":{"@type":"PropertyValueSpecification","valueRequired":true,"valueName":"search_term_string"}}],"inLanguage":"es"},{"@type":"Organization","@id":"https:\/\/www.colindres.es\/#organization","name":"AYUNTAMIENTO DE COLINDRES","url":"https:\/\/www.colindres.es\/","logo":{"@type":"ImageObject","inLanguage":"es","@id":"https:\/\/www.colindres.es\/#\/schema\/logo\/image\/","url":"https:\/\/www.colindres.es\/wp-content\/uploads\/2017\/01\/LOGO-PRINCIPAL.jpg","contentUrl":"https:\/\/www.colindres.es\/wp-content\/uploads\/2017\/01\/LOGO-PRINCIPAL.jpg","width":1209,"height":579,"caption":"AYUNTAMIENTO DE COLINDRES"},"image":{"@id":"https:\/\/www.colindres.es\/#\/schema\/logo\/image\/"}}]}},"_links":{"self":[{"href":"https:\/\/www.colindres.es\/index.php\/wp-json\/wp\/v2\/project\/804","targetHints":{"allow":["GET"]}}],"collection":[{"href":"https:\/\/www.colindres.es\/index.php\/wp-json\/wp\/v2\/project"}],"about":[{"href":"https:\/\/www.colindres.es\/index.php\/wp-json\/wp\/v2\/types\/project"}],"author":[{"embeddable":true,"href":"https:\/\/www.colindres.es\/index.php\/wp-json\/wp\/v2\/users\/1"}],"replies":[{"embeddable":true,"href":"https:\/\/www.colindres.es\/index.php\/wp-json\/wp\/v2\/comments?post=804"}],"version-history":[{"count":1,"href":"https:\/\/www.colindres.es\/index.php\/wp-json\/wp\/v2\/project\/804\/revisions"}],"predecessor-version":[{"id":806,"href":"https:\/\/www.colindres.es\/index.php\/wp-json\/wp\/v2\/project\/804\/revisions\/806"}],"wp:featuredmedia":[{"embeddable":true,"href":"https:\/\/www.colindres.es\/index.php\/wp-json\/wp\/v2\/media\/805"}],"wp:attachment":[{"href":"https:\/\/www.colindres.es\/index.php\/wp-json\/wp\/v2\/media?parent=804"}],"wp:term":[{"taxonomy":"project_category","embeddable":true,"href":"https:\/\/www.colindres.es\/index.php\/wp-json\/wp\/v2\/project_category?post=804"},{"taxonomy":"project_tag","embeddable":true,"href":"https:\/\/www.colindres.es\/index.php\/wp-json\/wp\/v2\/project_tag?post=804"}],"curies":[{"name":"wp","href":"https:\/\/api.w.org\/{rel}","templated":true}]}}