{"id":799,"date":"2017-07-13T11:31:06","date_gmt":"2017-07-13T11:31:06","guid":{"rendered":"http:\/\/colindres.es\/?post_type=project&#038;p=799"},"modified":"2017-07-13T11:31:06","modified_gmt":"2017-07-13T11:31:06","slug":"fiestas-de-julio-2017","status":"publish","type":"project","link":"https:\/\/www.colindres.es\/index.php\/project\/fiestas-de-julio-2017\/","title":{"rendered":"FIESTAS DE JULIO 2017"},"content":{"rendered":"<p><em><strong>DEL 03 AL 05 DE JULIO:<\/strong><\/em><\/p>\n<ul>\n<li>De 9.00 a 14.00 h. Curso de la Universidad de Cantabria \u201cMUJER Y DEPORTE EN EL SIGLO XXI\u201d, en el Sal\u00f3n de Plenos del Ayuntamiento de Colindres (necesaria previa inscripci\u00f3n).<\/li>\n<\/ul>\n<p><em><strong>JUEVES 6 DE JULIO:<\/strong><\/em><\/p>\n<ul>\n<li>A las 21.15 h. en el Parque del Riego dentro del SUNSET ACOUSTIC concierto de \u201cTHE CLEAVES\u201d.<\/li>\n<\/ul>\n<p><em><strong>DEL 7 AL 9 DE JULIO:<\/strong><\/em><\/p>\n<ul>\n<li>Curso de Submarinismo en la Sala de usos m\u00faltiples de las Piscinas Cubiertas organizado por C.D.E. Actividades Subacuaticas Blue COLINDRES (necesaria inscripci\u00f3n<\/li>\n<\/ul>\n<p><em><strong>S\u00c1BADO 8 DE JULIO:<\/strong><\/em><\/p>\n<p>A partir de las 16.00 h. Tiradas clasificatorias para el Gran Premio de SAN GIN\u00c9S DE 2\u00aa Categor\u00eda Individual de pasabolo.<\/p>\n<p><em><strong>D\u00cdAS: 7, 10, 12, 14, 17 Y 19 DE JULIO:<\/strong><\/em><\/p>\n<ul>\n<li>A partir de las 16.00 h. Tiradas Clasificatorias para el GRAN PREMIO de 1\u00aa CATEGOR\u00cdA de SAN GIN\u00c9S de Bolo Palma.<\/li>\n<\/ul>\n<p><em><strong>JUEVES 13 DE JULIO:<\/strong><\/em><\/p>\n<ul>\n<li>A las 21.15 h. en el Parque del Riego dentro del SUNSET ACOUSTIC concierto de \u201cLUNATIC CATS\u201d.<\/li>\n<\/ul>\n<p><em><strong>VIERNES 14 DE JULIO:<\/strong><\/em><\/p>\n<p>A las 21.00 h. en la Iglesia del Carmen Misa C\u00e1ntabra a cargo de la Coral Salv\u00e9 de Laredo.<\/p>\n<p><em><strong>S\u00c1BADO 15 DE JULIO:<\/strong><\/em><\/p>\n<ul>\n<li>A las 06:00 h. de la ma\u00f1ana, comienza en la Cruz de Mor\u00ed, el tradicional ROSARIO DE LA AURORA, que\u00a0 finaliza en la iglesia de San Juan.<\/li>\n<li>A partir de las 20.00 h. actuaci\u00f3n del CORO RONDA LA ENCINA en el Sal\u00f3n de Actos de la Casa de Cultura.<\/li>\n<\/ul>\n<p><em><strong>DOMINGO 16 DE JULIO \u2013 FESTIVIDAD DE LA VIRGEN DEL CARMEN:<\/strong><\/em><\/p>\n<ul>\n<li>A las 12:30 h. MISA EN LA COFRAD\u00cdA DE PESCADORES y procesi\u00f3n hasta la Iglesia del Carmen.<\/li>\n<\/ul>\n<p><em><strong>S\u00c1BADO 15 DE JULIO:<\/strong><\/em><\/p>\n<ul>\n<li>A partir de las 16:00 h. en la bolera de Pasabolo Tabl\u00f3n Final Gran Premio San Gin\u00e9s de 2\u00aa Categor\u00eda individual.<\/li>\n<\/ul>\n<p><em><strong>MARTES 18 DE JULIO:<\/strong><\/em><\/p>\n<ul>\n<li>A las 20.00 h. Obra de Teatro \u201cHansel y Gretel\u201d interpretada por Escenarte en el Sal\u00f3n de Actos de la Casa de Cultura.<\/li>\n<\/ul>\n<p><em><strong>MIERCOLES 19 DE JULIO:<\/strong><\/em><\/p>\n<ul>\n<li>A las 19.30 h. Obra de Teatro \u201cPetit Caravane\u201d interpretada por Birloque en la Plaza de la Esperanza, en caso de lluvia se trasladar\u00e1 al Sal\u00f3n de Actos de la Casa de Cultura.<\/li>\n<\/ul>\n<p><em><strong>JUEVES 20 DE JULIO:<\/strong><\/em><\/p>\n<ul>\n<li>A las 19.30 h. Obra de Teatro \u201cTachan\u201d interpretada por Caf\u00e9 de las artes en la Plaza de la Esperanza, en caso de lluvia se trasladar\u00e1 al Sal\u00f3n de Actos de la Casa de Cultura.<\/li>\n<\/ul>\n<p><em><strong>DEL 17 AL 21 DE\u00a0 JULIO-SEMANA DE LA JUVENTUD \u201cCOLINDRES, DE CALLE\u201d:<\/strong><\/em><\/p>\n<ul>\n<li>En la Plaza la Esperanza, Parque del Riego actividades en horario de tarde (programa espec\u00edfico en Facebook, www.colindres.es).<\/li>\n<\/ul>\n<p><em><strong>MARTES 25 DE JULIO- FESTIVIDAD DE SANTIAGO:<\/strong><\/em><\/p>\n<ul>\n<li>A las 12:00 h. Misa en la iglesia del Carmen y Procesi\u00f3n del Santo.<\/li>\n<li>De 12:45 a 14:00 h. y de 17.00 a 20.00 h. Hinchable Tobogan y Circuito de Quads Gasolina \u00a0en la Plaza de San Gin\u00e9s.<\/li>\n<\/ul>\n<p><em><strong>DEL 25 AL 29 DE JULIO:<\/strong><\/em><\/p>\n<ul>\n<li>A partir de las 16.00 h. Tiradas clasificatorias para el Gran Premio de Categor\u00edas menores de Bolo Palma.<\/li>\n<\/ul>\n<p><em><strong>DEL 21 AL 23 DE JULIO:<\/strong><\/em><\/p>\n<ul>\n<li>III Torneo EL JUNCU de Futbol sala en los polideportivos municipales.<\/li>\n<li>Grandes premios para el campe\u00f3n, sub campe\u00f3n y tercer y cuarto puesto.<\/li>\n<li>Exhibici\u00f3n Freestyle y mucho m\u00e1s\u2026<\/li>\n<\/ul>\n<p><em><strong>DEL 24 AL 27 DE JULIO:<\/strong><\/em><\/p>\n<ul>\n<li>A partir de las 16.00 h. Tiradas Clasificatorias para el GRAN PREMIO de Categor\u00edas menores (Alev\u00edn, Infantil y Cadete) de Bolo Palma.<\/li>\n<\/ul>\n<p><em><strong>MI\u00c9RCOLES 27 DE JULIO:<\/strong><\/em><\/p>\n<ul>\n<li>A las 21.15 h. en el Parque del Riego dentro del SUNSET ACOUSTIC concierto de \u201cKADJER ADJEL\u201d.<\/li>\n<li>A partir de las 00.00 h. LA NOCHE BLANCA organizada por APYMECO, VER programa espec\u00edfico.<\/li>\n<\/ul>\n<p><em><strong>DOMINGO 30 DE JULIO:<\/strong><\/em><\/p>\n<p>A partir de las 10.00 h. se celebrar\u00e1 el XXXV Memorial Juan Manuel Santisteban de Ciclismo.<\/p>\n<p>ORGANIZA: Excmo. Ayuntamiento de Colindres.<\/p>\n<p>COLABORAN: Cofrad\u00eda de Pescadores, Pe\u00f1a El juncu, Pe\u00f1a San Juan, Escuela Municipal de Folclore y la Agrupaci\u00f3n Local de Protecci\u00f3n Civil, y adem\u00e1s las asociaciones, entidades deportivas y vecinos que hacen posible que todos disfrutemos de estas fiestas,<\/p>\n","protected":false},"excerpt":{"rendered":"<p>DEL 03 AL 05 DE JULIO: De 9.00 a 14.00 h. Curso de la Universidad de Cantabria \u201cMUJER Y DEPORTE EN EL SIGLO XXI\u201d, en el Sal\u00f3n de Plenos del Ayuntamiento de Colindres (necesaria previa inscripci\u00f3n). JUEVES 6 DE JULIO: A las 21.15 h. en el Parque del Riego dentro del SUNSET ACOUSTIC concierto de [&hellip;]<\/p>\n","protected":false},"author":1,"featured_media":800,"comment_status":"open","ping_status":"closed","template":"","meta":{"_et_pb_use_builder":"","_et_pb_old_content":"","_et_gb_content_width":"","footnotes":""},"project_category":[],"project_tag":[],"class_list":["post-799","project","type-project","status-publish","has-post-thumbnail","hentry"],"yoast_head":"<!-- This site is optimized with the Yoast SEO plugin v24.9 - https:\/\/yoast.com\/wordpress\/plugins\/seo\/ -->\n<title>FIESTAS DE JULIO 2017 - Ayuntamiento de Colindres<\/title>\n<meta name=\"robots\" content=\"index, follow, max-snippet:-1, max-image-preview:large, max-video-preview:-1\" \/>\n<link rel=\"canonical\" href=\"https:\/\/www.colindres.es\/index.php\/project\/fiestas-de-julio-2017\/\" \/>\n<meta property=\"og:locale\" content=\"es_ES\" \/>\n<meta property=\"og:type\" content=\"article\" \/>\n<meta property=\"og:title\" content=\"FIESTAS DE JULIO 2017 - Ayuntamiento de Colindres\" \/>\n<meta property=\"og:description\" content=\"DEL 03 AL 05 DE JULIO: De 9.00 a 14.00 h. Curso de la Universidad de Cantabria \u201cMUJER Y DEPORTE EN EL SIGLO XXI\u201d, en el Sal\u00f3n de Plenos del Ayuntamiento de Colindres (necesaria previa inscripci\u00f3n). JUEVES 6 DE JULIO: A las 21.15 h. en el Parque del Riego dentro del SUNSET ACOUSTIC concierto de [&hellip;]\" \/>\n<meta property=\"og:url\" content=\"https:\/\/www.colindres.es\/index.php\/project\/fiestas-de-julio-2017\/\" \/>\n<meta property=\"og:site_name\" content=\"Ayuntamiento de Colindres\" \/>\n<meta property=\"og:image\" content=\"https:\/\/www.colindres.es\/wp-content\/uploads\/2017\/07\/cartel-fiestas-746x1024.jpg\" \/>\n\t<meta property=\"og:image:width\" content=\"746\" \/>\n\t<meta property=\"og:image:height\" content=\"1024\" \/>\n\t<meta property=\"og:image:type\" content=\"image\/jpeg\" \/>\n<meta name=\"twitter:card\" content=\"summary_large_image\" \/>\n<meta name=\"twitter:label1\" content=\"Tiempo de lectura\" \/>\n\t<meta name=\"twitter:data1\" content=\"3 minutos\" \/>\n<script type=\"application\/ld+json\" class=\"yoast-schema-graph\">{\"@context\":\"https:\/\/schema.org\",\"@graph\":[{\"@type\":\"WebPage\",\"@id\":\"https:\/\/www.colindres.es\/index.php\/project\/fiestas-de-julio-2017\/\",\"url\":\"https:\/\/www.colindres.es\/index.php\/project\/fiestas-de-julio-2017\/\",\"name\":\"FIESTAS DE JULIO 2017 - Ayuntamiento de Colindres\",\"isPartOf\":{\"@id\":\"https:\/\/www.colindres.es\/#website\"},\"primaryImageOfPage\":{\"@id\":\"https:\/\/www.colindres.es\/index.php\/project\/fiestas-de-julio-2017\/#primaryimage\"},\"image\":{\"@id\":\"https:\/\/www.colindres.es\/index.php\/project\/fiestas-de-julio-2017\/#primaryimage\"},\"thumbnailUrl\":\"https:\/\/www.colindres.es\/wp-content\/uploads\/2017\/07\/cartel-fiestas.jpg\",\"datePublished\":\"2017-07-13T11:31:06+00:00\",\"breadcrumb\":{\"@id\":\"https:\/\/www.colindres.es\/index.php\/project\/fiestas-de-julio-2017\/#breadcrumb\"},\"inLanguage\":\"es\",\"potentialAction\":[{\"@type\":\"ReadAction\",\"target\":[\"https:\/\/www.colindres.es\/index.php\/project\/fiestas-de-julio-2017\/\"]}]},{\"@type\":\"ImageObject\",\"inLanguage\":\"es\",\"@id\":\"https:\/\/www.colindres.es\/index.php\/project\/fiestas-de-julio-2017\/#primaryimage\",\"url\":\"https:\/\/www.colindres.es\/wp-content\/uploads\/2017\/07\/cartel-fiestas.jpg\",\"contentUrl\":\"https:\/\/www.colindres.es\/wp-content\/uploads\/2017\/07\/cartel-fiestas.jpg\",\"width\":2312,\"height\":3172},{\"@type\":\"BreadcrumbList\",\"@id\":\"https:\/\/www.colindres.es\/index.php\/project\/fiestas-de-julio-2017\/#breadcrumb\",\"itemListElement\":[{\"@type\":\"ListItem\",\"position\":1,\"name\":\"Portada\",\"item\":\"https:\/\/www.colindres.es\/\"},{\"@type\":\"ListItem\",\"position\":2,\"name\":\"Proyectos\",\"item\":\"https:\/\/www.colindres.es\/index.php\/project\/\"},{\"@type\":\"ListItem\",\"position\":3,\"name\":\"FIESTAS DE JULIO 2017\"}]},{\"@type\":\"WebSite\",\"@id\":\"https:\/\/www.colindres.es\/#website\",\"url\":\"https:\/\/www.colindres.es\/\",\"name\":\"Ayuntamiento de Colindres\",\"description\":\"Dise\u00f1ado por NTIC&#039;s\",\"publisher\":{\"@id\":\"https:\/\/www.colindres.es\/#organization\"},\"potentialAction\":[{\"@type\":\"SearchAction\",\"target\":{\"@type\":\"EntryPoint\",\"urlTemplate\":\"https:\/\/www.colindres.es\/?s={search_term_string}\"},\"query-input\":{\"@type\":\"PropertyValueSpecification\",\"valueRequired\":true,\"valueName\":\"search_term_string\"}}],\"inLanguage\":\"es\"},{\"@type\":\"Organization\",\"@id\":\"https:\/\/www.colindres.es\/#organization\",\"name\":\"AYUNTAMIENTO DE COLINDRES\",\"url\":\"https:\/\/www.colindres.es\/\",\"logo\":{\"@type\":\"ImageObject\",\"inLanguage\":\"es\",\"@id\":\"https:\/\/www.colindres.es\/#\/schema\/logo\/image\/\",\"url\":\"https:\/\/www.colindres.es\/wp-content\/uploads\/2017\/01\/LOGO-PRINCIPAL.jpg\",\"contentUrl\":\"https:\/\/www.colindres.es\/wp-content\/uploads\/2017\/01\/LOGO-PRINCIPAL.jpg\",\"width\":1209,\"height\":579,\"caption\":\"AYUNTAMIENTO DE COLINDRES\"},\"image\":{\"@id\":\"https:\/\/www.colindres.es\/#\/schema\/logo\/image\/\"}}]}<\/script>\n<!-- \/ Yoast SEO plugin. -->","yoast_head_json":{"title":"FIESTAS DE JULIO 2017 - Ayuntamiento de Colindres","robots":{"index":"index","follow":"follow","max-snippet":"max-snippet:-1","max-image-preview":"max-image-preview:large","max-video-preview":"max-video-preview:-1"},"canonical":"https:\/\/www.colindres.es\/index.php\/project\/fiestas-de-julio-2017\/","og_locale":"es_ES","og_type":"article","og_title":"FIESTAS DE JULIO 2017 - Ayuntamiento de Colindres","og_description":"DEL 03 AL 05 DE JULIO: De 9.00 a 14.00 h. Curso de la Universidad de Cantabria \u201cMUJER Y DEPORTE EN EL SIGLO XXI\u201d, en el Sal\u00f3n de Plenos del Ayuntamiento de Colindres (necesaria previa inscripci\u00f3n). JUEVES 6 DE JULIO: A las 21.15 h. en el Parque del Riego dentro del SUNSET ACOUSTIC concierto de [&hellip;]","og_url":"https:\/\/www.colindres.es\/index.php\/project\/fiestas-de-julio-2017\/","og_site_name":"Ayuntamiento de Colindres","og_image":[{"width":746,"height":1024,"url":"https:\/\/www.colindres.es\/wp-content\/uploads\/2017\/07\/cartel-fiestas-746x1024.jpg","type":"image\/jpeg"}],"twitter_card":"summary_large_image","twitter_misc":{"Tiempo de lectura":"3 minutos"},"schema":{"@context":"https:\/\/schema.org","@graph":[{"@type":"WebPage","@id":"https:\/\/www.colindres.es\/index.php\/project\/fiestas-de-julio-2017\/","url":"https:\/\/www.colindres.es\/index.php\/project\/fiestas-de-julio-2017\/","name":"FIESTAS DE JULIO 2017 - Ayuntamiento de Colindres","isPartOf":{"@id":"https:\/\/www.colindres.es\/#website"},"primaryImageOfPage":{"@id":"https:\/\/www.colindres.es\/index.php\/project\/fiestas-de-julio-2017\/#primaryimage"},"image":{"@id":"https:\/\/www.colindres.es\/index.php\/project\/fiestas-de-julio-2017\/#primaryimage"},"thumbnailUrl":"https:\/\/www.colindres.es\/wp-content\/uploads\/2017\/07\/cartel-fiestas.jpg","datePublished":"2017-07-13T11:31:06+00:00","breadcrumb":{"@id":"https:\/\/www.colindres.es\/index.php\/project\/fiestas-de-julio-2017\/#breadcrumb"},"inLanguage":"es","potentialAction":[{"@type":"ReadAction","target":["https:\/\/www.colindres.es\/index.php\/project\/fiestas-de-julio-2017\/"]}]},{"@type":"ImageObject","inLanguage":"es","@id":"https:\/\/www.colindres.es\/index.php\/project\/fiestas-de-julio-2017\/#primaryimage","url":"https:\/\/www.colindres.es\/wp-content\/uploads\/2017\/07\/cartel-fiestas.jpg","contentUrl":"https:\/\/www.colindres.es\/wp-content\/uploads\/2017\/07\/cartel-fiestas.jpg","width":2312,"height":3172},{"@type":"BreadcrumbList","@id":"https:\/\/www.colindres.es\/index.php\/project\/fiestas-de-julio-2017\/#breadcrumb","itemListElement":[{"@type":"ListItem","position":1,"name":"Portada","item":"https:\/\/www.colindres.es\/"},{"@type":"ListItem","position":2,"name":"Proyectos","item":"https:\/\/www.colindres.es\/index.php\/project\/"},{"@type":"ListItem","position":3,"name":"FIESTAS DE JULIO 2017"}]},{"@type":"WebSite","@id":"https:\/\/www.colindres.es\/#website","url":"https:\/\/www.colindres.es\/","name":"Ayuntamiento de Colindres","description":"Dise\u00f1ado por NTIC&#039;s","publisher":{"@id":"https:\/\/www.colindres.es\/#organization"},"potentialAction":[{"@type":"SearchAction","target":{"@type":"EntryPoint","urlTemplate":"https:\/\/www.colindres.es\/?s={search_term_string}"},"query-input":{"@type":"PropertyValueSpecification","valueRequired":true,"valueName":"search_term_string"}}],"inLanguage":"es"},{"@type":"Organization","@id":"https:\/\/www.colindres.es\/#organization","name":"AYUNTAMIENTO DE COLINDRES","url":"https:\/\/www.colindres.es\/","logo":{"@type":"ImageObject","inLanguage":"es","@id":"https:\/\/www.colindres.es\/#\/schema\/logo\/image\/","url":"https:\/\/www.colindres.es\/wp-content\/uploads\/2017\/01\/LOGO-PRINCIPAL.jpg","contentUrl":"https:\/\/www.colindres.es\/wp-content\/uploads\/2017\/01\/LOGO-PRINCIPAL.jpg","width":1209,"height":579,"caption":"AYUNTAMIENTO DE COLINDRES"},"image":{"@id":"https:\/\/www.colindres.es\/#\/schema\/logo\/image\/"}}]}},"_links":{"self":[{"href":"https:\/\/www.colindres.es\/index.php\/wp-json\/wp\/v2\/project\/799","targetHints":{"allow":["GET"]}}],"collection":[{"href":"https:\/\/www.colindres.es\/index.php\/wp-json\/wp\/v2\/project"}],"about":[{"href":"https:\/\/www.colindres.es\/index.php\/wp-json\/wp\/v2\/types\/project"}],"author":[{"embeddable":true,"href":"https:\/\/www.colindres.es\/index.php\/wp-json\/wp\/v2\/users\/1"}],"replies":[{"embeddable":true,"href":"https:\/\/www.colindres.es\/index.php\/wp-json\/wp\/v2\/comments?post=799"}],"version-history":[{"count":1,"href":"https:\/\/www.colindres.es\/index.php\/wp-json\/wp\/v2\/project\/799\/revisions"}],"predecessor-version":[{"id":801,"href":"https:\/\/www.colindres.es\/index.php\/wp-json\/wp\/v2\/project\/799\/revisions\/801"}],"wp:featuredmedia":[{"embeddable":true,"href":"https:\/\/www.colindres.es\/index.php\/wp-json\/wp\/v2\/media\/800"}],"wp:attachment":[{"href":"https:\/\/www.colindres.es\/index.php\/wp-json\/wp\/v2\/media?parent=799"}],"wp:term":[{"taxonomy":"project_category","embeddable":true,"href":"https:\/\/www.colindres.es\/index.php\/wp-json\/wp\/v2\/project_category?post=799"},{"taxonomy":"project_tag","embeddable":true,"href":"https:\/\/www.colindres.es\/index.php\/wp-json\/wp\/v2\/project_tag?post=799"}],"curies":[{"name":"wp","href":"https:\/\/api.w.org\/{rel}","templated":true}]}}