{"id":774,"date":"2017-07-11T07:12:18","date_gmt":"2017-07-11T07:12:18","guid":{"rendered":"http:\/\/colindres.es\/?post_type=project&#038;p=774"},"modified":"2017-07-11T07:12:18","modified_gmt":"2017-07-11T07:12:18","slug":"cursos-de-verano-2017","status":"publish","type":"project","link":"https:\/\/www.colindres.es\/index.php\/project\/cursos-de-verano-2017\/","title":{"rendered":"CURSOS DE VERANO 2017"},"content":{"rendered":"<p>Entre el 17 de Julio y hasta el 11 de Agosto de 2017, en quincenas y de lunes a viernes se impartir\u00e1n los Cursos de Verano. Este a\u00f1o estos cursos comprenden los siguientes talleres\/cursos:<\/p>\n<ul>\n<li>Cocina<\/li>\n<li>Nataci\u00f3n<\/li>\n<li>Pintura<\/li>\n<li>Danza<\/li>\n<li>Ingl\u00e9s<\/li>\n<li>Dibujo<\/li>\n<li>Rob\u00f3tica<\/li>\n<li>Patinaje<\/li>\n<li>Teatro<\/li>\n<li>Tenis<\/li>\n<li>Cer\u00e1mica<\/li>\n<li>Magia<\/li>\n<\/ul>\n<p>Las inscripciones se podr\u00e1n realizar en las Oficinas Generales del Ayuntamiento a partir del d\u00eda 12 de Julio. La primera quincena abarca del 17 al 31 de Julio y la segunda del 1 al 11 de Agosto. Los cursos son para las edades de 5 a 7 a\u00f1os y de 8 a 12 a\u00f1os.<\/p>\n<p><img loading=\"lazy\" decoding=\"async\" class=\"alignnone size-medium wp-image-775\" src=\"http:\/\/colindres.es\/wp-content\/uploads\/2017\/07\/INSCRIPCIONES-CURSOS_P\u00e1gina_1-212x300.jpg\" alt=\"\" width=\"212\" height=\"300\" srcset=\"https:\/\/www.colindres.es\/wp-content\/uploads\/2017\/07\/INSCRIPCIONES-CURSOS_P\u00e1gina_1-212x300.jpg 212w, https:\/\/www.colindres.es\/wp-content\/uploads\/2017\/07\/INSCRIPCIONES-CURSOS_P\u00e1gina_1-768x1086.jpg 768w, https:\/\/www.colindres.es\/wp-content\/uploads\/2017\/07\/INSCRIPCIONES-CURSOS_P\u00e1gina_1-724x1024.jpg 724w, https:\/\/www.colindres.es\/wp-content\/uploads\/2017\/07\/INSCRIPCIONES-CURSOS_P\u00e1gina_1-1080x1527.jpg 1080w, https:\/\/www.colindres.es\/wp-content\/uploads\/2017\/07\/INSCRIPCIONES-CURSOS_P\u00e1gina_1.jpg 1820w\" sizes=\"(max-width: 212px) 100vw, 212px\" \/> <img loading=\"lazy\" decoding=\"async\" class=\"alignnone size-medium wp-image-776\" src=\"http:\/\/colindres.es\/wp-content\/uploads\/2017\/07\/INSCRIPCIONES-CURSOS_P\u00e1gina_2-212x300.jpg\" alt=\"\" width=\"212\" height=\"300\" srcset=\"https:\/\/www.colindres.es\/wp-content\/uploads\/2017\/07\/INSCRIPCIONES-CURSOS_P\u00e1gina_2-212x300.jpg 212w, https:\/\/www.colindres.es\/wp-content\/uploads\/2017\/07\/INSCRIPCIONES-CURSOS_P\u00e1gina_2-768x1086.jpg 768w, https:\/\/www.colindres.es\/wp-content\/uploads\/2017\/07\/INSCRIPCIONES-CURSOS_P\u00e1gina_2-724x1024.jpg 724w, https:\/\/www.colindres.es\/wp-content\/uploads\/2017\/07\/INSCRIPCIONES-CURSOS_P\u00e1gina_2-1080x1527.jpg 1080w, https:\/\/www.colindres.es\/wp-content\/uploads\/2017\/07\/INSCRIPCIONES-CURSOS_P\u00e1gina_2.jpg 1820w\" sizes=\"(max-width: 212px) 100vw, 212px\" \/> <img loading=\"lazy\" decoding=\"async\" class=\"alignnone size-medium wp-image-777\" src=\"http:\/\/colindres.es\/wp-content\/uploads\/2017\/07\/cursos-de-verano-300x212.jpg\" alt=\"\" width=\"300\" height=\"212\" srcset=\"https:\/\/www.colindres.es\/wp-content\/uploads\/2017\/07\/cursos-de-verano-300x212.jpg 300w, https:\/\/www.colindres.es\/wp-content\/uploads\/2017\/07\/cursos-de-verano-768x543.jpg 768w, https:\/\/www.colindres.es\/wp-content\/uploads\/2017\/07\/cursos-de-verano-1024x724.jpg 1024w, https:\/\/www.colindres.es\/wp-content\/uploads\/2017\/07\/cursos-de-verano-400x284.jpg 400w, https:\/\/www.colindres.es\/wp-content\/uploads\/2017\/07\/cursos-de-verano-1080x764.jpg 1080w\" sizes=\"(max-width: 300px) 100vw, 300px\" \/><\/p>\n<p>&nbsp;<\/p>\n","protected":false},"excerpt":{"rendered":"<p>Entre el 17 de Julio y hasta el 11 de Agosto de 2017, en quincenas y de lunes a viernes se impartir\u00e1n los Cursos de Verano. Este a\u00f1o estos cursos comprenden los siguientes talleres\/cursos: Cocina Nataci\u00f3n Pintura Danza Ingl\u00e9s Dibujo Rob\u00f3tica Patinaje Teatro Tenis Cer\u00e1mica Magia Las inscripciones se podr\u00e1n realizar en las Oficinas Generales [&hellip;]<\/p>\n","protected":false},"author":1,"featured_media":777,"comment_status":"open","ping_status":"closed","template":"","meta":{"_et_pb_use_builder":"","_et_pb_old_content":"","_et_gb_content_width":"","footnotes":""},"project_category":[],"project_tag":[],"class_list":["post-774","project","type-project","status-publish","has-post-thumbnail","hentry"],"yoast_head":"<!-- This site is optimized with the Yoast SEO plugin v24.9 - https:\/\/yoast.com\/wordpress\/plugins\/seo\/ -->\n<title>CURSOS DE VERANO 2017 - Ayuntamiento de Colindres<\/title>\n<meta name=\"robots\" content=\"index, follow, max-snippet:-1, max-image-preview:large, max-video-preview:-1\" \/>\n<link rel=\"canonical\" href=\"https:\/\/www.colindres.es\/index.php\/project\/cursos-de-verano-2017\/\" \/>\n<meta property=\"og:locale\" content=\"es_ES\" \/>\n<meta property=\"og:type\" content=\"article\" \/>\n<meta property=\"og:title\" content=\"CURSOS DE VERANO 2017 - Ayuntamiento de Colindres\" \/>\n<meta property=\"og:description\" content=\"Entre el 17 de Julio y hasta el 11 de Agosto de 2017, en quincenas y de lunes a viernes se impartir\u00e1n los Cursos de Verano. Este a\u00f1o estos cursos comprenden los siguientes talleres\/cursos: Cocina Nataci\u00f3n Pintura Danza Ingl\u00e9s Dibujo Rob\u00f3tica Patinaje Teatro Tenis Cer\u00e1mica Magia Las inscripciones se podr\u00e1n realizar en las Oficinas Generales [&hellip;]\" \/>\n<meta property=\"og:url\" content=\"https:\/\/www.colindres.es\/index.php\/project\/cursos-de-verano-2017\/\" \/>\n<meta property=\"og:site_name\" content=\"Ayuntamiento de Colindres\" \/>\n<meta property=\"og:image\" content=\"https:\/\/www.colindres.es\/wp-content\/uploads\/2017\/07\/cursos-de-verano-1024x724.jpg\" \/>\n\t<meta property=\"og:image:width\" content=\"1024\" \/>\n\t<meta property=\"og:image:height\" content=\"724\" \/>\n\t<meta property=\"og:image:type\" content=\"image\/jpeg\" \/>\n<meta name=\"twitter:card\" content=\"summary_large_image\" \/>\n<meta name=\"twitter:label1\" content=\"Tiempo de lectura\" \/>\n\t<meta name=\"twitter:data1\" content=\"1 minuto\" \/>\n<script type=\"application\/ld+json\" class=\"yoast-schema-graph\">{\"@context\":\"https:\/\/schema.org\",\"@graph\":[{\"@type\":\"WebPage\",\"@id\":\"https:\/\/www.colindres.es\/index.php\/project\/cursos-de-verano-2017\/\",\"url\":\"https:\/\/www.colindres.es\/index.php\/project\/cursos-de-verano-2017\/\",\"name\":\"CURSOS DE VERANO 2017 - Ayuntamiento de Colindres\",\"isPartOf\":{\"@id\":\"https:\/\/www.colindres.es\/#website\"},\"primaryImageOfPage\":{\"@id\":\"https:\/\/www.colindres.es\/index.php\/project\/cursos-de-verano-2017\/#primaryimage\"},\"image\":{\"@id\":\"https:\/\/www.colindres.es\/index.php\/project\/cursos-de-verano-2017\/#primaryimage\"},\"thumbnailUrl\":\"https:\/\/www.colindres.es\/wp-content\/uploads\/2017\/07\/cursos-de-verano.jpg\",\"datePublished\":\"2017-07-11T07:12:18+00:00\",\"breadcrumb\":{\"@id\":\"https:\/\/www.colindres.es\/index.php\/project\/cursos-de-verano-2017\/#breadcrumb\"},\"inLanguage\":\"es\",\"potentialAction\":[{\"@type\":\"ReadAction\",\"target\":[\"https:\/\/www.colindres.es\/index.php\/project\/cursos-de-verano-2017\/\"]}]},{\"@type\":\"ImageObject\",\"inLanguage\":\"es\",\"@id\":\"https:\/\/www.colindres.es\/index.php\/project\/cursos-de-verano-2017\/#primaryimage\",\"url\":\"https:\/\/www.colindres.es\/wp-content\/uploads\/2017\/07\/cursos-de-verano.jpg\",\"contentUrl\":\"https:\/\/www.colindres.es\/wp-content\/uploads\/2017\/07\/cursos-de-verano.jpg\",\"width\":3508,\"height\":2480},{\"@type\":\"BreadcrumbList\",\"@id\":\"https:\/\/www.colindres.es\/index.php\/project\/cursos-de-verano-2017\/#breadcrumb\",\"itemListElement\":[{\"@type\":\"ListItem\",\"position\":1,\"name\":\"Portada\",\"item\":\"https:\/\/www.colindres.es\/\"},{\"@type\":\"ListItem\",\"position\":2,\"name\":\"Proyectos\",\"item\":\"https:\/\/www.colindres.es\/index.php\/project\/\"},{\"@type\":\"ListItem\",\"position\":3,\"name\":\"CURSOS DE VERANO 2017\"}]},{\"@type\":\"WebSite\",\"@id\":\"https:\/\/www.colindres.es\/#website\",\"url\":\"https:\/\/www.colindres.es\/\",\"name\":\"Ayuntamiento de Colindres\",\"description\":\"Dise\u00f1ado por NTIC&#039;s\",\"publisher\":{\"@id\":\"https:\/\/www.colindres.es\/#organization\"},\"potentialAction\":[{\"@type\":\"SearchAction\",\"target\":{\"@type\":\"EntryPoint\",\"urlTemplate\":\"https:\/\/www.colindres.es\/?s={search_term_string}\"},\"query-input\":{\"@type\":\"PropertyValueSpecification\",\"valueRequired\":true,\"valueName\":\"search_term_string\"}}],\"inLanguage\":\"es\"},{\"@type\":\"Organization\",\"@id\":\"https:\/\/www.colindres.es\/#organization\",\"name\":\"AYUNTAMIENTO DE COLINDRES\",\"url\":\"https:\/\/www.colindres.es\/\",\"logo\":{\"@type\":\"ImageObject\",\"inLanguage\":\"es\",\"@id\":\"https:\/\/www.colindres.es\/#\/schema\/logo\/image\/\",\"url\":\"https:\/\/www.colindres.es\/wp-content\/uploads\/2017\/01\/LOGO-PRINCIPAL.jpg\",\"contentUrl\":\"https:\/\/www.colindres.es\/wp-content\/uploads\/2017\/01\/LOGO-PRINCIPAL.jpg\",\"width\":1209,\"height\":579,\"caption\":\"AYUNTAMIENTO DE COLINDRES\"},\"image\":{\"@id\":\"https:\/\/www.colindres.es\/#\/schema\/logo\/image\/\"}}]}<\/script>\n<!-- \/ Yoast SEO plugin. -->","yoast_head_json":{"title":"CURSOS DE VERANO 2017 - Ayuntamiento de Colindres","robots":{"index":"index","follow":"follow","max-snippet":"max-snippet:-1","max-image-preview":"max-image-preview:large","max-video-preview":"max-video-preview:-1"},"canonical":"https:\/\/www.colindres.es\/index.php\/project\/cursos-de-verano-2017\/","og_locale":"es_ES","og_type":"article","og_title":"CURSOS DE VERANO 2017 - Ayuntamiento de Colindres","og_description":"Entre el 17 de Julio y hasta el 11 de Agosto de 2017, en quincenas y de lunes a viernes se impartir\u00e1n los Cursos de Verano. Este a\u00f1o estos cursos comprenden los siguientes talleres\/cursos: Cocina Nataci\u00f3n Pintura Danza Ingl\u00e9s Dibujo Rob\u00f3tica Patinaje Teatro Tenis Cer\u00e1mica Magia Las inscripciones se podr\u00e1n realizar en las Oficinas Generales [&hellip;]","og_url":"https:\/\/www.colindres.es\/index.php\/project\/cursos-de-verano-2017\/","og_site_name":"Ayuntamiento de Colindres","og_image":[{"width":1024,"height":724,"url":"https:\/\/www.colindres.es\/wp-content\/uploads\/2017\/07\/cursos-de-verano-1024x724.jpg","type":"image\/jpeg"}],"twitter_card":"summary_large_image","twitter_misc":{"Tiempo de lectura":"1 minuto"},"schema":{"@context":"https:\/\/schema.org","@graph":[{"@type":"WebPage","@id":"https:\/\/www.colindres.es\/index.php\/project\/cursos-de-verano-2017\/","url":"https:\/\/www.colindres.es\/index.php\/project\/cursos-de-verano-2017\/","name":"CURSOS DE VERANO 2017 - Ayuntamiento de Colindres","isPartOf":{"@id":"https:\/\/www.colindres.es\/#website"},"primaryImageOfPage":{"@id":"https:\/\/www.colindres.es\/index.php\/project\/cursos-de-verano-2017\/#primaryimage"},"image":{"@id":"https:\/\/www.colindres.es\/index.php\/project\/cursos-de-verano-2017\/#primaryimage"},"thumbnailUrl":"https:\/\/www.colindres.es\/wp-content\/uploads\/2017\/07\/cursos-de-verano.jpg","datePublished":"2017-07-11T07:12:18+00:00","breadcrumb":{"@id":"https:\/\/www.colindres.es\/index.php\/project\/cursos-de-verano-2017\/#breadcrumb"},"inLanguage":"es","potentialAction":[{"@type":"ReadAction","target":["https:\/\/www.colindres.es\/index.php\/project\/cursos-de-verano-2017\/"]}]},{"@type":"ImageObject","inLanguage":"es","@id":"https:\/\/www.colindres.es\/index.php\/project\/cursos-de-verano-2017\/#primaryimage","url":"https:\/\/www.colindres.es\/wp-content\/uploads\/2017\/07\/cursos-de-verano.jpg","contentUrl":"https:\/\/www.colindres.es\/wp-content\/uploads\/2017\/07\/cursos-de-verano.jpg","width":3508,"height":2480},{"@type":"BreadcrumbList","@id":"https:\/\/www.colindres.es\/index.php\/project\/cursos-de-verano-2017\/#breadcrumb","itemListElement":[{"@type":"ListItem","position":1,"name":"Portada","item":"https:\/\/www.colindres.es\/"},{"@type":"ListItem","position":2,"name":"Proyectos","item":"https:\/\/www.colindres.es\/index.php\/project\/"},{"@type":"ListItem","position":3,"name":"CURSOS DE VERANO 2017"}]},{"@type":"WebSite","@id":"https:\/\/www.colindres.es\/#website","url":"https:\/\/www.colindres.es\/","name":"Ayuntamiento de Colindres","description":"Dise\u00f1ado por NTIC&#039;s","publisher":{"@id":"https:\/\/www.colindres.es\/#organization"},"potentialAction":[{"@type":"SearchAction","target":{"@type":"EntryPoint","urlTemplate":"https:\/\/www.colindres.es\/?s={search_term_string}"},"query-input":{"@type":"PropertyValueSpecification","valueRequired":true,"valueName":"search_term_string"}}],"inLanguage":"es"},{"@type":"Organization","@id":"https:\/\/www.colindres.es\/#organization","name":"AYUNTAMIENTO DE COLINDRES","url":"https:\/\/www.colindres.es\/","logo":{"@type":"ImageObject","inLanguage":"es","@id":"https:\/\/www.colindres.es\/#\/schema\/logo\/image\/","url":"https:\/\/www.colindres.es\/wp-content\/uploads\/2017\/01\/LOGO-PRINCIPAL.jpg","contentUrl":"https:\/\/www.colindres.es\/wp-content\/uploads\/2017\/01\/LOGO-PRINCIPAL.jpg","width":1209,"height":579,"caption":"AYUNTAMIENTO DE COLINDRES"},"image":{"@id":"https:\/\/www.colindres.es\/#\/schema\/logo\/image\/"}}]}},"_links":{"self":[{"href":"https:\/\/www.colindres.es\/index.php\/wp-json\/wp\/v2\/project\/774","targetHints":{"allow":["GET"]}}],"collection":[{"href":"https:\/\/www.colindres.es\/index.php\/wp-json\/wp\/v2\/project"}],"about":[{"href":"https:\/\/www.colindres.es\/index.php\/wp-json\/wp\/v2\/types\/project"}],"author":[{"embeddable":true,"href":"https:\/\/www.colindres.es\/index.php\/wp-json\/wp\/v2\/users\/1"}],"replies":[{"embeddable":true,"href":"https:\/\/www.colindres.es\/index.php\/wp-json\/wp\/v2\/comments?post=774"}],"version-history":[{"count":1,"href":"https:\/\/www.colindres.es\/index.php\/wp-json\/wp\/v2\/project\/774\/revisions"}],"predecessor-version":[{"id":778,"href":"https:\/\/www.colindres.es\/index.php\/wp-json\/wp\/v2\/project\/774\/revisions\/778"}],"wp:featuredmedia":[{"embeddable":true,"href":"https:\/\/www.colindres.es\/index.php\/wp-json\/wp\/v2\/media\/777"}],"wp:attachment":[{"href":"https:\/\/www.colindres.es\/index.php\/wp-json\/wp\/v2\/media?parent=774"}],"wp:term":[{"taxonomy":"project_category","embeddable":true,"href":"https:\/\/www.colindres.es\/index.php\/wp-json\/wp\/v2\/project_category?post=774"},{"taxonomy":"project_tag","embeddable":true,"href":"https:\/\/www.colindres.es\/index.php\/wp-json\/wp\/v2\/project_tag?post=774"}],"curies":[{"name":"wp","href":"https:\/\/api.w.org\/{rel}","templated":true}]}}