{"id":757,"date":"2017-06-22T11:05:21","date_gmt":"2017-06-22T11:05:21","guid":{"rendered":"http:\/\/colindres.es\/?post_type=project&#038;p=757"},"modified":"2017-06-22T11:12:18","modified_gmt":"2017-06-22T11:12:18","slug":"colindres-abrira-este-sabado-las-piscinas-municipales-descubiertas","status":"publish","type":"project","link":"https:\/\/www.colindres.es\/index.php\/project\/colindres-abrira-este-sabado-las-piscinas-municipales-descubiertas\/","title":{"rendered":"Colindres abrir\u00e1 este s\u00e1bado las piscinas municipales descubiertas"},"content":{"rendered":"<p>El Ayuntamiento invertir\u00e1 este verano 80.000 euros para habilitar nuevos vestuarios<\/p>\n<p>Colindres, 22 de Junio.- El Ayuntamiento de Colindres inaugurar\u00e1 este s\u00e1bado, 24 de junio, la temporada estival con la apertura de las piscinas municipales descubiertas, que permanecer\u00e1n a disposici\u00f3n de los usuarios hasta el pr\u00f3ximo 10 de septiembre.<\/p>\n<p>Como en a\u00f1os anteriores, las instalaciones estar\u00e1n abiertas de lunes a viernes de 12.00 a 20.00 horas y los s\u00e1bados, domingos y festivos desde las 11.00 horas. El precio de la entrada individual es de 2 euros para ni\u00f1os y de 3 euros para adultos. Adem\u00e1s, se podr\u00e1n adquirir abonos mensuales desde 25 euros y para toda la temporada desde 40 euros, con descuentos para j\u00f3venes, jubilados, familias, empadronados y personas en situaci\u00f3n de desempleo.<\/p>\n<p>Por su parte, los socios de las piscinas municipales cubiertas tienen el acceso gratuito presentado el carn\u00e9, ya que el precio del abono incluye ambos servicios.<\/p>\n<p>En un comunicado, la concejala de Deportes, Saray Villal\u00f3n, ha se\u00f1alado que este a\u00f1o para facilitar el acceso a las piscinas el Ayuntamiento ha instalado tornos en la entrada, de modo que todos aquellos usuarios que tengan carn\u00e9 o abono podr\u00e1n acceder directamente a las instalaciones, mientras que quienes tengan que adquirir la entrada de d\u00eda deber\u00e1n seguir pasando por la recepci\u00f3n, que este a\u00f1o estar\u00e1 ubicada en las piscinas municipales cubiertas.<\/p>\n<p>El Consistorio tambi\u00e9n ha ampliado los servicios de ba\u00f1os y vestuarios.<\/p>\n<p>Adem\u00e1s de las cabinas que se instalan anualmente en el propio recinto, los usuarios podr\u00e1n utilizar los vestuarios de las piscinas cubiertas, que se encuentran anexos a las instalaciones de verano.<\/p>\n<p>Nuevas mejoras<\/p>\n<p>Igualmente, Villal\u00f3n ha anunciado que el Ayuntamiento invertir\u00e1 este verano 80.000 euros en acondicionar y habilitar dos locales que se hallan en los bajos de las piscinas cubiertas y que tienen acceso directo a las descubiertas como vestuarios definitivos. Las obras saldr\u00e1n a licitaci\u00f3n \u201cde forma inminente\u201d, seg\u00fan ha indicado la edil de Deportes.<\/p>\n<p>Esta inversi\u00f3n, que es posible tras la aprobaci\u00f3n definitiva de los presupuestos municipales, se suma a los 60.000 euros que el Ayuntamiento ya invirti\u00f3 el a\u00f1o pasado para renovar toda la playa de la piscina, sustituyendo el suelo de madera por uno cer\u00e1mico que aporta mayor seguridad a los usuarios.<\/p>\n<p>\u201cEl objetivo de todas estas actuaciones es ir mejorando progresivamente las instalaciones y servicios de la piscina municipal de Colindres de la que disfrutan cada verano un gran n\u00famero de usuarios\u201d, ha destacado Villal\u00f3n.<\/p>\n","protected":false},"excerpt":{"rendered":"<p>El Ayuntamiento invertir\u00e1 este verano 80.000 euros para habilitar nuevos vestuarios Colindres, 22 de Junio.- El Ayuntamiento de Colindres inaugurar\u00e1 este s\u00e1bado, 24 de junio, la temporada estival con la apertura de las piscinas municipales descubiertas, que permanecer\u00e1n a disposici\u00f3n de los usuarios hasta el pr\u00f3ximo 10 de septiembre. Como en a\u00f1os anteriores, las instalaciones [&hellip;]<\/p>\n","protected":false},"author":1,"featured_media":758,"comment_status":"open","ping_status":"closed","template":"","meta":{"_et_pb_use_builder":"","_et_pb_old_content":"","_et_gb_content_width":"","footnotes":""},"project_category":[],"project_tag":[],"class_list":["post-757","project","type-project","status-publish","has-post-thumbnail","hentry"],"yoast_head":"<!-- This site is optimized with the Yoast SEO plugin v24.9 - https:\/\/yoast.com\/wordpress\/plugins\/seo\/ -->\n<title>Colindres abrir\u00e1 este s\u00e1bado las piscinas municipales descubiertas - Ayuntamiento de Colindres<\/title>\n<meta name=\"robots\" content=\"index, follow, max-snippet:-1, max-image-preview:large, max-video-preview:-1\" \/>\n<link rel=\"canonical\" href=\"https:\/\/www.colindres.es\/index.php\/project\/colindres-abrira-este-sabado-las-piscinas-municipales-descubiertas\/\" \/>\n<meta property=\"og:locale\" content=\"es_ES\" \/>\n<meta property=\"og:type\" content=\"article\" \/>\n<meta property=\"og:title\" content=\"Colindres abrir\u00e1 este s\u00e1bado las piscinas municipales descubiertas - Ayuntamiento de Colindres\" \/>\n<meta property=\"og:description\" content=\"El Ayuntamiento invertir\u00e1 este verano 80.000 euros para habilitar nuevos vestuarios Colindres, 22 de Junio.- El Ayuntamiento de Colindres inaugurar\u00e1 este s\u00e1bado, 24 de junio, la temporada estival con la apertura de las piscinas municipales descubiertas, que permanecer\u00e1n a disposici\u00f3n de los usuarios hasta el pr\u00f3ximo 10 de septiembre. Como en a\u00f1os anteriores, las instalaciones [&hellip;]\" \/>\n<meta property=\"og:url\" content=\"https:\/\/www.colindres.es\/index.php\/project\/colindres-abrira-este-sabado-las-piscinas-municipales-descubiertas\/\" \/>\n<meta property=\"og:site_name\" content=\"Ayuntamiento de Colindres\" \/>\n<meta property=\"article:modified_time\" content=\"2017-06-22T11:12:18+00:00\" \/>\n<meta property=\"og:image\" content=\"https:\/\/www.colindres.es\/wp-content\/uploads\/2017\/06\/Piscinas-descubiertas-Colindres.jpg\" \/>\n\t<meta property=\"og:image:width\" content=\"2480\" \/>\n\t<meta property=\"og:image:height\" content=\"1748\" \/>\n\t<meta property=\"og:image:type\" content=\"image\/jpeg\" \/>\n<meta name=\"twitter:card\" content=\"summary_large_image\" \/>\n<meta name=\"twitter:label1\" content=\"Tiempo de lectura\" \/>\n\t<meta name=\"twitter:data1\" content=\"2 minutos\" \/>\n<script type=\"application\/ld+json\" class=\"yoast-schema-graph\">{\"@context\":\"https:\/\/schema.org\",\"@graph\":[{\"@type\":\"WebPage\",\"@id\":\"https:\/\/www.colindres.es\/index.php\/project\/colindres-abrira-este-sabado-las-piscinas-municipales-descubiertas\/\",\"url\":\"https:\/\/www.colindres.es\/index.php\/project\/colindres-abrira-este-sabado-las-piscinas-municipales-descubiertas\/\",\"name\":\"Colindres abrir\u00e1 este s\u00e1bado las piscinas municipales descubiertas - Ayuntamiento de Colindres\",\"isPartOf\":{\"@id\":\"https:\/\/www.colindres.es\/#website\"},\"primaryImageOfPage\":{\"@id\":\"https:\/\/www.colindres.es\/index.php\/project\/colindres-abrira-este-sabado-las-piscinas-municipales-descubiertas\/#primaryimage\"},\"image\":{\"@id\":\"https:\/\/www.colindres.es\/index.php\/project\/colindres-abrira-este-sabado-las-piscinas-municipales-descubiertas\/#primaryimage\"},\"thumbnailUrl\":\"https:\/\/www.colindres.es\/wp-content\/uploads\/2017\/06\/Piscinas-descubiertas-Colindres.jpg\",\"datePublished\":\"2017-06-22T11:05:21+00:00\",\"dateModified\":\"2017-06-22T11:12:18+00:00\",\"breadcrumb\":{\"@id\":\"https:\/\/www.colindres.es\/index.php\/project\/colindres-abrira-este-sabado-las-piscinas-municipales-descubiertas\/#breadcrumb\"},\"inLanguage\":\"es\",\"potentialAction\":[{\"@type\":\"ReadAction\",\"target\":[\"https:\/\/www.colindres.es\/index.php\/project\/colindres-abrira-este-sabado-las-piscinas-municipales-descubiertas\/\"]}]},{\"@type\":\"ImageObject\",\"inLanguage\":\"es\",\"@id\":\"https:\/\/www.colindres.es\/index.php\/project\/colindres-abrira-este-sabado-las-piscinas-municipales-descubiertas\/#primaryimage\",\"url\":\"https:\/\/www.colindres.es\/wp-content\/uploads\/2017\/06\/Piscinas-descubiertas-Colindres.jpg\",\"contentUrl\":\"https:\/\/www.colindres.es\/wp-content\/uploads\/2017\/06\/Piscinas-descubiertas-Colindres.jpg\",\"width\":2480,\"height\":1748},{\"@type\":\"BreadcrumbList\",\"@id\":\"https:\/\/www.colindres.es\/index.php\/project\/colindres-abrira-este-sabado-las-piscinas-municipales-descubiertas\/#breadcrumb\",\"itemListElement\":[{\"@type\":\"ListItem\",\"position\":1,\"name\":\"Portada\",\"item\":\"https:\/\/www.colindres.es\/\"},{\"@type\":\"ListItem\",\"position\":2,\"name\":\"Proyectos\",\"item\":\"https:\/\/www.colindres.es\/index.php\/project\/\"},{\"@type\":\"ListItem\",\"position\":3,\"name\":\"Colindres abrir\u00e1 este s\u00e1bado las piscinas municipales descubiertas\"}]},{\"@type\":\"WebSite\",\"@id\":\"https:\/\/www.colindres.es\/#website\",\"url\":\"https:\/\/www.colindres.es\/\",\"name\":\"Ayuntamiento de Colindres\",\"description\":\"Dise\u00f1ado por NTIC&#039;s\",\"publisher\":{\"@id\":\"https:\/\/www.colindres.es\/#organization\"},\"potentialAction\":[{\"@type\":\"SearchAction\",\"target\":{\"@type\":\"EntryPoint\",\"urlTemplate\":\"https:\/\/www.colindres.es\/?s={search_term_string}\"},\"query-input\":{\"@type\":\"PropertyValueSpecification\",\"valueRequired\":true,\"valueName\":\"search_term_string\"}}],\"inLanguage\":\"es\"},{\"@type\":\"Organization\",\"@id\":\"https:\/\/www.colindres.es\/#organization\",\"name\":\"AYUNTAMIENTO DE COLINDRES\",\"url\":\"https:\/\/www.colindres.es\/\",\"logo\":{\"@type\":\"ImageObject\",\"inLanguage\":\"es\",\"@id\":\"https:\/\/www.colindres.es\/#\/schema\/logo\/image\/\",\"url\":\"https:\/\/www.colindres.es\/wp-content\/uploads\/2017\/01\/LOGO-PRINCIPAL.jpg\",\"contentUrl\":\"https:\/\/www.colindres.es\/wp-content\/uploads\/2017\/01\/LOGO-PRINCIPAL.jpg\",\"width\":1209,\"height\":579,\"caption\":\"AYUNTAMIENTO DE COLINDRES\"},\"image\":{\"@id\":\"https:\/\/www.colindres.es\/#\/schema\/logo\/image\/\"}}]}<\/script>\n<!-- \/ Yoast SEO plugin. -->","yoast_head_json":{"title":"Colindres abrir\u00e1 este s\u00e1bado las piscinas municipales descubiertas - Ayuntamiento de Colindres","robots":{"index":"index","follow":"follow","max-snippet":"max-snippet:-1","max-image-preview":"max-image-preview:large","max-video-preview":"max-video-preview:-1"},"canonical":"https:\/\/www.colindres.es\/index.php\/project\/colindres-abrira-este-sabado-las-piscinas-municipales-descubiertas\/","og_locale":"es_ES","og_type":"article","og_title":"Colindres abrir\u00e1 este s\u00e1bado las piscinas municipales descubiertas - Ayuntamiento de Colindres","og_description":"El Ayuntamiento invertir\u00e1 este verano 80.000 euros para habilitar nuevos vestuarios Colindres, 22 de Junio.- El Ayuntamiento de Colindres inaugurar\u00e1 este s\u00e1bado, 24 de junio, la temporada estival con la apertura de las piscinas municipales descubiertas, que permanecer\u00e1n a disposici\u00f3n de los usuarios hasta el pr\u00f3ximo 10 de septiembre. Como en a\u00f1os anteriores, las instalaciones [&hellip;]","og_url":"https:\/\/www.colindres.es\/index.php\/project\/colindres-abrira-este-sabado-las-piscinas-municipales-descubiertas\/","og_site_name":"Ayuntamiento de Colindres","article_modified_time":"2017-06-22T11:12:18+00:00","og_image":[{"width":2480,"height":1748,"url":"https:\/\/www.colindres.es\/wp-content\/uploads\/2017\/06\/Piscinas-descubiertas-Colindres.jpg","type":"image\/jpeg"}],"twitter_card":"summary_large_image","twitter_misc":{"Tiempo de lectura":"2 minutos"},"schema":{"@context":"https:\/\/schema.org","@graph":[{"@type":"WebPage","@id":"https:\/\/www.colindres.es\/index.php\/project\/colindres-abrira-este-sabado-las-piscinas-municipales-descubiertas\/","url":"https:\/\/www.colindres.es\/index.php\/project\/colindres-abrira-este-sabado-las-piscinas-municipales-descubiertas\/","name":"Colindres abrir\u00e1 este s\u00e1bado las piscinas municipales descubiertas - Ayuntamiento de Colindres","isPartOf":{"@id":"https:\/\/www.colindres.es\/#website"},"primaryImageOfPage":{"@id":"https:\/\/www.colindres.es\/index.php\/project\/colindres-abrira-este-sabado-las-piscinas-municipales-descubiertas\/#primaryimage"},"image":{"@id":"https:\/\/www.colindres.es\/index.php\/project\/colindres-abrira-este-sabado-las-piscinas-municipales-descubiertas\/#primaryimage"},"thumbnailUrl":"https:\/\/www.colindres.es\/wp-content\/uploads\/2017\/06\/Piscinas-descubiertas-Colindres.jpg","datePublished":"2017-06-22T11:05:21+00:00","dateModified":"2017-06-22T11:12:18+00:00","breadcrumb":{"@id":"https:\/\/www.colindres.es\/index.php\/project\/colindres-abrira-este-sabado-las-piscinas-municipales-descubiertas\/#breadcrumb"},"inLanguage":"es","potentialAction":[{"@type":"ReadAction","target":["https:\/\/www.colindres.es\/index.php\/project\/colindres-abrira-este-sabado-las-piscinas-municipales-descubiertas\/"]}]},{"@type":"ImageObject","inLanguage":"es","@id":"https:\/\/www.colindres.es\/index.php\/project\/colindres-abrira-este-sabado-las-piscinas-municipales-descubiertas\/#primaryimage","url":"https:\/\/www.colindres.es\/wp-content\/uploads\/2017\/06\/Piscinas-descubiertas-Colindres.jpg","contentUrl":"https:\/\/www.colindres.es\/wp-content\/uploads\/2017\/06\/Piscinas-descubiertas-Colindres.jpg","width":2480,"height":1748},{"@type":"BreadcrumbList","@id":"https:\/\/www.colindres.es\/index.php\/project\/colindres-abrira-este-sabado-las-piscinas-municipales-descubiertas\/#breadcrumb","itemListElement":[{"@type":"ListItem","position":1,"name":"Portada","item":"https:\/\/www.colindres.es\/"},{"@type":"ListItem","position":2,"name":"Proyectos","item":"https:\/\/www.colindres.es\/index.php\/project\/"},{"@type":"ListItem","position":3,"name":"Colindres abrir\u00e1 este s\u00e1bado las piscinas municipales descubiertas"}]},{"@type":"WebSite","@id":"https:\/\/www.colindres.es\/#website","url":"https:\/\/www.colindres.es\/","name":"Ayuntamiento de Colindres","description":"Dise\u00f1ado por NTIC&#039;s","publisher":{"@id":"https:\/\/www.colindres.es\/#organization"},"potentialAction":[{"@type":"SearchAction","target":{"@type":"EntryPoint","urlTemplate":"https:\/\/www.colindres.es\/?s={search_term_string}"},"query-input":{"@type":"PropertyValueSpecification","valueRequired":true,"valueName":"search_term_string"}}],"inLanguage":"es"},{"@type":"Organization","@id":"https:\/\/www.colindres.es\/#organization","name":"AYUNTAMIENTO DE COLINDRES","url":"https:\/\/www.colindres.es\/","logo":{"@type":"ImageObject","inLanguage":"es","@id":"https:\/\/www.colindres.es\/#\/schema\/logo\/image\/","url":"https:\/\/www.colindres.es\/wp-content\/uploads\/2017\/01\/LOGO-PRINCIPAL.jpg","contentUrl":"https:\/\/www.colindres.es\/wp-content\/uploads\/2017\/01\/LOGO-PRINCIPAL.jpg","width":1209,"height":579,"caption":"AYUNTAMIENTO DE COLINDRES"},"image":{"@id":"https:\/\/www.colindres.es\/#\/schema\/logo\/image\/"}}]}},"_links":{"self":[{"href":"https:\/\/www.colindres.es\/index.php\/wp-json\/wp\/v2\/project\/757","targetHints":{"allow":["GET"]}}],"collection":[{"href":"https:\/\/www.colindres.es\/index.php\/wp-json\/wp\/v2\/project"}],"about":[{"href":"https:\/\/www.colindres.es\/index.php\/wp-json\/wp\/v2\/types\/project"}],"author":[{"embeddable":true,"href":"https:\/\/www.colindres.es\/index.php\/wp-json\/wp\/v2\/users\/1"}],"replies":[{"embeddable":true,"href":"https:\/\/www.colindres.es\/index.php\/wp-json\/wp\/v2\/comments?post=757"}],"version-history":[{"count":2,"href":"https:\/\/www.colindres.es\/index.php\/wp-json\/wp\/v2\/project\/757\/revisions"}],"predecessor-version":[{"id":760,"href":"https:\/\/www.colindres.es\/index.php\/wp-json\/wp\/v2\/project\/757\/revisions\/760"}],"wp:featuredmedia":[{"embeddable":true,"href":"https:\/\/www.colindres.es\/index.php\/wp-json\/wp\/v2\/media\/758"}],"wp:attachment":[{"href":"https:\/\/www.colindres.es\/index.php\/wp-json\/wp\/v2\/media?parent=757"}],"wp:term":[{"taxonomy":"project_category","embeddable":true,"href":"https:\/\/www.colindres.es\/index.php\/wp-json\/wp\/v2\/project_category?post=757"},{"taxonomy":"project_tag","embeddable":true,"href":"https:\/\/www.colindres.es\/index.php\/wp-json\/wp\/v2\/project_tag?post=757"}],"curies":[{"name":"wp","href":"https:\/\/api.w.org\/{rel}","templated":true}]}}