{"id":713,"date":"2017-06-09T16:10:38","date_gmt":"2017-06-09T16:10:38","guid":{"rendered":"http:\/\/colindres.es\/?post_type=project&#038;p=713"},"modified":"2017-06-09T16:10:38","modified_gmt":"2017-06-09T16:10:38","slug":"comienzan-los-trabajos-de-desbroce-y-acondicionamiento-de-caminos-en-colindres","status":"publish","type":"project","link":"https:\/\/www.colindres.es\/index.php\/project\/comienzan-los-trabajos-de-desbroce-y-acondicionamiento-de-caminos-en-colindres\/","title":{"rendered":"Comienzan los trabajos de desbroce y acondicionamiento de caminos en Colindres"},"content":{"rendered":"<p>El Ayuntamiento tambi\u00e9n ha puesto en marcha la campa\u00f1a de limpieza de aceras<\/p>\n<p>Colindres, 9 de Junio. El Ayuntamiento de Colindres, a trav\u00e9s de la Concejal\u00eda de Obras y Medio Ambiente, ha iniciado las labores de desbroce, limpieza y acondicionamiento de caminos en el municipio.<\/p>\n<p>Los trabajos, que ya han comenzado a ejecutarse, se prolongar\u00e1n hasta mayo del pr\u00f3ximo a\u00f1o y se desarrollar\u00e1n en la zona hist\u00f3rica de la localidad, conocida como Colindres el de arriba.<\/p>\n<p>Adem\u00e1s de los viales principales, se actuar\u00e1 tambi\u00e9n en los caminos y sendas secundarias que discurren por los bosques de la localidad.<\/p>\n<p>\u00abCon esta campa\u00f1a cumplimos el compromiso del equipo de Gobierno de tener una atenci\u00f3n especial con el casco hist\u00f3rico de Colindres, muy apreciado por todos los vecinos\u00bb, ha destacado el alcalde, Javier Incera.<\/p>\n<p>En esta misma l\u00ednea, Incera ha resaltado el \u201crico patrimonio hist\u00f3rico de Colindres\u201d y ha expresado el deseo del equipo de Gobierno por ponerlo en valor y darlo a conocer, ya que no es muy conocido en la comarca.<\/p>\n<p>Al mismo tiempo, el Consistorio tambi\u00e9n ha comenzado la campa\u00f1a de limpieza de aceras, seg\u00fan ha indicado el regidor municipal. Estas tareas han sido encomendadas por el Ayuntamiento a Ampros y consisten en la retirada de la vegetaci\u00f3n que ha crecido en los bordes de las aceras y los alcorques durante la \u00e9poca de lluvias.<\/p>\n<p>Durante el mes de junio, los trabajos ser\u00e1n ejecutados por dos brigadas formadas por seis personas. Estas cuadrillas ser\u00e1n reforzadas pr\u00f3ximamente con la incorporaci\u00f3n de nuevos trabajadores a trav\u00e9s del plan de empleo del Gobierno de Cantabria.<\/p>\n","protected":false},"excerpt":{"rendered":"<p>El Ayuntamiento tambi\u00e9n ha puesto en marcha la campa\u00f1a de limpieza de aceras Colindres, 9 de Junio. El Ayuntamiento de Colindres, a trav\u00e9s de la Concejal\u00eda de Obras y Medio Ambiente, ha iniciado las labores de desbroce, limpieza y acondicionamiento de caminos en el municipio. Los trabajos, que ya han comenzado a ejecutarse, se prolongar\u00e1n [&hellip;]<\/p>\n","protected":false},"author":1,"featured_media":714,"comment_status":"open","ping_status":"closed","template":"","meta":{"_et_pb_use_builder":"","_et_pb_old_content":"","_et_gb_content_width":"","footnotes":""},"project_category":[],"project_tag":[],"class_list":["post-713","project","type-project","status-publish","has-post-thumbnail","hentry"],"yoast_head":"<!-- This site is optimized with the Yoast SEO plugin v24.9 - https:\/\/yoast.com\/wordpress\/plugins\/seo\/ -->\n<title>Comienzan los trabajos de desbroce y acondicionamiento de caminos en Colindres - Ayuntamiento de Colindres<\/title>\n<meta name=\"robots\" content=\"index, follow, max-snippet:-1, max-image-preview:large, max-video-preview:-1\" \/>\n<link rel=\"canonical\" href=\"https:\/\/www.colindres.es\/index.php\/project\/comienzan-los-trabajos-de-desbroce-y-acondicionamiento-de-caminos-en-colindres\/\" \/>\n<meta property=\"og:locale\" content=\"es_ES\" \/>\n<meta property=\"og:type\" content=\"article\" \/>\n<meta property=\"og:title\" content=\"Comienzan los trabajos de desbroce y acondicionamiento de caminos en Colindres - Ayuntamiento de Colindres\" \/>\n<meta property=\"og:description\" content=\"El Ayuntamiento tambi\u00e9n ha puesto en marcha la campa\u00f1a de limpieza de aceras Colindres, 9 de Junio. El Ayuntamiento de Colindres, a trav\u00e9s de la Concejal\u00eda de Obras y Medio Ambiente, ha iniciado las labores de desbroce, limpieza y acondicionamiento de caminos en el municipio. Los trabajos, que ya han comenzado a ejecutarse, se prolongar\u00e1n [&hellip;]\" \/>\n<meta property=\"og:url\" content=\"https:\/\/www.colindres.es\/index.php\/project\/comienzan-los-trabajos-de-desbroce-y-acondicionamiento-de-caminos-en-colindres\/\" \/>\n<meta property=\"og:site_name\" content=\"Ayuntamiento de Colindres\" \/>\n<meta property=\"og:image\" content=\"https:\/\/www.colindres.es\/wp-content\/uploads\/2017\/06\/IMG_0746-1024x768.jpg\" \/>\n\t<meta property=\"og:image:width\" content=\"1024\" \/>\n\t<meta property=\"og:image:height\" content=\"768\" \/>\n\t<meta property=\"og:image:type\" content=\"image\/jpeg\" \/>\n<meta name=\"twitter:card\" content=\"summary_large_image\" \/>\n<meta name=\"twitter:label1\" content=\"Tiempo de lectura\" \/>\n\t<meta name=\"twitter:data1\" content=\"1 minuto\" \/>\n<script type=\"application\/ld+json\" class=\"yoast-schema-graph\">{\"@context\":\"https:\/\/schema.org\",\"@graph\":[{\"@type\":\"WebPage\",\"@id\":\"https:\/\/www.colindres.es\/index.php\/project\/comienzan-los-trabajos-de-desbroce-y-acondicionamiento-de-caminos-en-colindres\/\",\"url\":\"https:\/\/www.colindres.es\/index.php\/project\/comienzan-los-trabajos-de-desbroce-y-acondicionamiento-de-caminos-en-colindres\/\",\"name\":\"Comienzan los trabajos de desbroce y acondicionamiento de caminos en Colindres - Ayuntamiento de Colindres\",\"isPartOf\":{\"@id\":\"https:\/\/www.colindres.es\/#website\"},\"primaryImageOfPage\":{\"@id\":\"https:\/\/www.colindres.es\/index.php\/project\/comienzan-los-trabajos-de-desbroce-y-acondicionamiento-de-caminos-en-colindres\/#primaryimage\"},\"image\":{\"@id\":\"https:\/\/www.colindres.es\/index.php\/project\/comienzan-los-trabajos-de-desbroce-y-acondicionamiento-de-caminos-en-colindres\/#primaryimage\"},\"thumbnailUrl\":\"https:\/\/www.colindres.es\/wp-content\/uploads\/2017\/06\/IMG_0746.jpg\",\"datePublished\":\"2017-06-09T16:10:38+00:00\",\"breadcrumb\":{\"@id\":\"https:\/\/www.colindres.es\/index.php\/project\/comienzan-los-trabajos-de-desbroce-y-acondicionamiento-de-caminos-en-colindres\/#breadcrumb\"},\"inLanguage\":\"es\",\"potentialAction\":[{\"@type\":\"ReadAction\",\"target\":[\"https:\/\/www.colindres.es\/index.php\/project\/comienzan-los-trabajos-de-desbroce-y-acondicionamiento-de-caminos-en-colindres\/\"]}]},{\"@type\":\"ImageObject\",\"inLanguage\":\"es\",\"@id\":\"https:\/\/www.colindres.es\/index.php\/project\/comienzan-los-trabajos-de-desbroce-y-acondicionamiento-de-caminos-en-colindres\/#primaryimage\",\"url\":\"https:\/\/www.colindres.es\/wp-content\/uploads\/2017\/06\/IMG_0746.jpg\",\"contentUrl\":\"https:\/\/www.colindres.es\/wp-content\/uploads\/2017\/06\/IMG_0746.jpg\",\"width\":4032,\"height\":3024},{\"@type\":\"BreadcrumbList\",\"@id\":\"https:\/\/www.colindres.es\/index.php\/project\/comienzan-los-trabajos-de-desbroce-y-acondicionamiento-de-caminos-en-colindres\/#breadcrumb\",\"itemListElement\":[{\"@type\":\"ListItem\",\"position\":1,\"name\":\"Portada\",\"item\":\"https:\/\/www.colindres.es\/\"},{\"@type\":\"ListItem\",\"position\":2,\"name\":\"Proyectos\",\"item\":\"https:\/\/www.colindres.es\/index.php\/project\/\"},{\"@type\":\"ListItem\",\"position\":3,\"name\":\"Comienzan los trabajos de desbroce y acondicionamiento de caminos en Colindres\"}]},{\"@type\":\"WebSite\",\"@id\":\"https:\/\/www.colindres.es\/#website\",\"url\":\"https:\/\/www.colindres.es\/\",\"name\":\"Ayuntamiento de Colindres\",\"description\":\"Dise\u00f1ado por NTIC&#039;s\",\"publisher\":{\"@id\":\"https:\/\/www.colindres.es\/#organization\"},\"potentialAction\":[{\"@type\":\"SearchAction\",\"target\":{\"@type\":\"EntryPoint\",\"urlTemplate\":\"https:\/\/www.colindres.es\/?s={search_term_string}\"},\"query-input\":{\"@type\":\"PropertyValueSpecification\",\"valueRequired\":true,\"valueName\":\"search_term_string\"}}],\"inLanguage\":\"es\"},{\"@type\":\"Organization\",\"@id\":\"https:\/\/www.colindres.es\/#organization\",\"name\":\"AYUNTAMIENTO DE COLINDRES\",\"url\":\"https:\/\/www.colindres.es\/\",\"logo\":{\"@type\":\"ImageObject\",\"inLanguage\":\"es\",\"@id\":\"https:\/\/www.colindres.es\/#\/schema\/logo\/image\/\",\"url\":\"https:\/\/www.colindres.es\/wp-content\/uploads\/2017\/01\/LOGO-PRINCIPAL.jpg\",\"contentUrl\":\"https:\/\/www.colindres.es\/wp-content\/uploads\/2017\/01\/LOGO-PRINCIPAL.jpg\",\"width\":1209,\"height\":579,\"caption\":\"AYUNTAMIENTO DE COLINDRES\"},\"image\":{\"@id\":\"https:\/\/www.colindres.es\/#\/schema\/logo\/image\/\"}}]}<\/script>\n<!-- \/ Yoast SEO plugin. -->","yoast_head_json":{"title":"Comienzan los trabajos de desbroce y acondicionamiento de caminos en Colindres - Ayuntamiento de Colindres","robots":{"index":"index","follow":"follow","max-snippet":"max-snippet:-1","max-image-preview":"max-image-preview:large","max-video-preview":"max-video-preview:-1"},"canonical":"https:\/\/www.colindres.es\/index.php\/project\/comienzan-los-trabajos-de-desbroce-y-acondicionamiento-de-caminos-en-colindres\/","og_locale":"es_ES","og_type":"article","og_title":"Comienzan los trabajos de desbroce y acondicionamiento de caminos en Colindres - Ayuntamiento de Colindres","og_description":"El Ayuntamiento tambi\u00e9n ha puesto en marcha la campa\u00f1a de limpieza de aceras Colindres, 9 de Junio. El Ayuntamiento de Colindres, a trav\u00e9s de la Concejal\u00eda de Obras y Medio Ambiente, ha iniciado las labores de desbroce, limpieza y acondicionamiento de caminos en el municipio. Los trabajos, que ya han comenzado a ejecutarse, se prolongar\u00e1n [&hellip;]","og_url":"https:\/\/www.colindres.es\/index.php\/project\/comienzan-los-trabajos-de-desbroce-y-acondicionamiento-de-caminos-en-colindres\/","og_site_name":"Ayuntamiento de Colindres","og_image":[{"width":1024,"height":768,"url":"https:\/\/www.colindres.es\/wp-content\/uploads\/2017\/06\/IMG_0746-1024x768.jpg","type":"image\/jpeg"}],"twitter_card":"summary_large_image","twitter_misc":{"Tiempo de lectura":"1 minuto"},"schema":{"@context":"https:\/\/schema.org","@graph":[{"@type":"WebPage","@id":"https:\/\/www.colindres.es\/index.php\/project\/comienzan-los-trabajos-de-desbroce-y-acondicionamiento-de-caminos-en-colindres\/","url":"https:\/\/www.colindres.es\/index.php\/project\/comienzan-los-trabajos-de-desbroce-y-acondicionamiento-de-caminos-en-colindres\/","name":"Comienzan los trabajos de desbroce y acondicionamiento de caminos en Colindres - Ayuntamiento de Colindres","isPartOf":{"@id":"https:\/\/www.colindres.es\/#website"},"primaryImageOfPage":{"@id":"https:\/\/www.colindres.es\/index.php\/project\/comienzan-los-trabajos-de-desbroce-y-acondicionamiento-de-caminos-en-colindres\/#primaryimage"},"image":{"@id":"https:\/\/www.colindres.es\/index.php\/project\/comienzan-los-trabajos-de-desbroce-y-acondicionamiento-de-caminos-en-colindres\/#primaryimage"},"thumbnailUrl":"https:\/\/www.colindres.es\/wp-content\/uploads\/2017\/06\/IMG_0746.jpg","datePublished":"2017-06-09T16:10:38+00:00","breadcrumb":{"@id":"https:\/\/www.colindres.es\/index.php\/project\/comienzan-los-trabajos-de-desbroce-y-acondicionamiento-de-caminos-en-colindres\/#breadcrumb"},"inLanguage":"es","potentialAction":[{"@type":"ReadAction","target":["https:\/\/www.colindres.es\/index.php\/project\/comienzan-los-trabajos-de-desbroce-y-acondicionamiento-de-caminos-en-colindres\/"]}]},{"@type":"ImageObject","inLanguage":"es","@id":"https:\/\/www.colindres.es\/index.php\/project\/comienzan-los-trabajos-de-desbroce-y-acondicionamiento-de-caminos-en-colindres\/#primaryimage","url":"https:\/\/www.colindres.es\/wp-content\/uploads\/2017\/06\/IMG_0746.jpg","contentUrl":"https:\/\/www.colindres.es\/wp-content\/uploads\/2017\/06\/IMG_0746.jpg","width":4032,"height":3024},{"@type":"BreadcrumbList","@id":"https:\/\/www.colindres.es\/index.php\/project\/comienzan-los-trabajos-de-desbroce-y-acondicionamiento-de-caminos-en-colindres\/#breadcrumb","itemListElement":[{"@type":"ListItem","position":1,"name":"Portada","item":"https:\/\/www.colindres.es\/"},{"@type":"ListItem","position":2,"name":"Proyectos","item":"https:\/\/www.colindres.es\/index.php\/project\/"},{"@type":"ListItem","position":3,"name":"Comienzan los trabajos de desbroce y acondicionamiento de caminos en Colindres"}]},{"@type":"WebSite","@id":"https:\/\/www.colindres.es\/#website","url":"https:\/\/www.colindres.es\/","name":"Ayuntamiento de Colindres","description":"Dise\u00f1ado por NTIC&#039;s","publisher":{"@id":"https:\/\/www.colindres.es\/#organization"},"potentialAction":[{"@type":"SearchAction","target":{"@type":"EntryPoint","urlTemplate":"https:\/\/www.colindres.es\/?s={search_term_string}"},"query-input":{"@type":"PropertyValueSpecification","valueRequired":true,"valueName":"search_term_string"}}],"inLanguage":"es"},{"@type":"Organization","@id":"https:\/\/www.colindres.es\/#organization","name":"AYUNTAMIENTO DE COLINDRES","url":"https:\/\/www.colindres.es\/","logo":{"@type":"ImageObject","inLanguage":"es","@id":"https:\/\/www.colindres.es\/#\/schema\/logo\/image\/","url":"https:\/\/www.colindres.es\/wp-content\/uploads\/2017\/01\/LOGO-PRINCIPAL.jpg","contentUrl":"https:\/\/www.colindres.es\/wp-content\/uploads\/2017\/01\/LOGO-PRINCIPAL.jpg","width":1209,"height":579,"caption":"AYUNTAMIENTO DE COLINDRES"},"image":{"@id":"https:\/\/www.colindres.es\/#\/schema\/logo\/image\/"}}]}},"_links":{"self":[{"href":"https:\/\/www.colindres.es\/index.php\/wp-json\/wp\/v2\/project\/713","targetHints":{"allow":["GET"]}}],"collection":[{"href":"https:\/\/www.colindres.es\/index.php\/wp-json\/wp\/v2\/project"}],"about":[{"href":"https:\/\/www.colindres.es\/index.php\/wp-json\/wp\/v2\/types\/project"}],"author":[{"embeddable":true,"href":"https:\/\/www.colindres.es\/index.php\/wp-json\/wp\/v2\/users\/1"}],"replies":[{"embeddable":true,"href":"https:\/\/www.colindres.es\/index.php\/wp-json\/wp\/v2\/comments?post=713"}],"version-history":[{"count":1,"href":"https:\/\/www.colindres.es\/index.php\/wp-json\/wp\/v2\/project\/713\/revisions"}],"predecessor-version":[{"id":715,"href":"https:\/\/www.colindres.es\/index.php\/wp-json\/wp\/v2\/project\/713\/revisions\/715"}],"wp:featuredmedia":[{"embeddable":true,"href":"https:\/\/www.colindres.es\/index.php\/wp-json\/wp\/v2\/media\/714"}],"wp:attachment":[{"href":"https:\/\/www.colindres.es\/index.php\/wp-json\/wp\/v2\/media?parent=713"}],"wp:term":[{"taxonomy":"project_category","embeddable":true,"href":"https:\/\/www.colindres.es\/index.php\/wp-json\/wp\/v2\/project_category?post=713"},{"taxonomy":"project_tag","embeddable":true,"href":"https:\/\/www.colindres.es\/index.php\/wp-json\/wp\/v2\/project_tag?post=713"}],"curies":[{"name":"wp","href":"https:\/\/api.w.org\/{rel}","templated":true}]}}