{"id":698,"date":"2017-06-05T17:45:43","date_gmt":"2017-06-05T17:45:43","guid":{"rendered":"http:\/\/colindres.es\/?post_type=project&#038;p=698"},"modified":"2017-06-05T17:45:43","modified_gmt":"2017-06-05T17:45:43","slug":"colindres-celebrara-del-12-al-18-de-junio-la-segunda-edicion-de-jovenes-veteranos","status":"publish","type":"project","link":"https:\/\/www.colindres.es\/index.php\/project\/colindres-celebrara-del-12-al-18-de-junio-la-segunda-edicion-de-jovenes-veteranos\/","title":{"rendered":"Colindres celebrar\u00e1 del 12 al 18 de junio la segunda edici\u00f3n de \u2018J\u00f3venes Veteranos\u2019"},"content":{"rendered":"<p>El programa l\u00fadico cultural, organizado por la Concejal\u00eda de Servicios Sociales, incluye una quincena de actividades y una jornada de convivencia en Gij\u00f3n<\/p>\n<p>\u201cEl objetivo es potenciar el envejecimiento activo y saludable fomentando las relaciones sociales y la integraci\u00f3n de los mayores\u201d, explica Casta\u00f1eda<\/p>\n<p>Colindres, 2 de Junio.-  La segunda edici\u00f3n del programa \u2018J\u00f3venes Veteranos\u2019, organizado por la Concejal\u00eda de Servicios Sociales del Ayuntamiento de Colindres, tendr\u00e1 lugar del 12 al 18 de junio e incluir\u00e1 una quincena de actividades y talleres l\u00fadico culturales, as\u00ed como una jornada de convivencia en Gij\u00f3n.<\/p>\n<p>La concejala de Servicios Sociales, Mar\u00eda Eugenia Casta\u00f1eda, ha explicado que este programa est\u00e1 dirigido a personas de entre 45 y 65 a\u00f1os y su objetivo es \u201cpotenciar la participaci\u00f3n e integraci\u00f3n de los mayores en la vida de la comunidad, fomentar las relaciones interpersonales, estimular el envejecimiento activo y promover la conciencia de utilidad y el autoestima en los mayores\u201d.<\/p>\n<p>Entre las actividades programadas se encuentran los talleres de cocina creativa, imagen personal, aquaerobic y educaci\u00f3n postural. Igualmente, habr\u00e1 charlas sobre primeros auxilios y nutrici\u00f3n y el viernes 16, en el polideportivo del Colegio P\u00fablico Fray Pablo, se celebrar\u00e1 un gran guateque ambientado en los a\u00f1os 60 y 70.<\/p>\n<p>Durante la semana tambi\u00e9n se impartir\u00e1n cursos sobre el buen uso de las nuevas tecnolog\u00edas y los tel\u00e9fonos m\u00f3viles, as\u00ed como uno de iniciaci\u00f3n al teatro. Del mismo modo, se han programado varias sesiones de cine f\u00f3rum en la Casa de Cultura y se llevar\u00e1 a cabo una ruta de senderismo.<\/p>\n<p>Todas las actividades, salvo la salida a Gij\u00f3n, ser\u00e1n gratuitas y se realizar\u00e1n en horario de ma\u00f1ana y tarde. Adem\u00e1s, para facilitar la participaci\u00f3n, no ser\u00e1 necesaria la inscripci\u00f3n previa, seg\u00fan ha detallado Casta\u00f1eda en un comunicado de prensa.<\/p>\n<p>Jornada de convivencia en Gij\u00f3n<\/p>\n<p>El programa \u2018J\u00f3venes Veteranos\u2019 concluir\u00e1 el fin de semana del 17 y 18 de junio con una jornada de convivencia en Gij\u00f3n, donde se realizar\u00e1 una visita guiada al casco hist\u00f3rico de Cimadevilla y a las Termas Romanas.<\/p>\n<p>La excursi\u00f3n partir\u00e1 el s\u00e1bado a las 10.30 horas de la Alameda del Ayuntamiento de Colindres y el regreso al municipio est\u00e1 previsto para las 21.00 horas del domingo.<\/p>\n<p>El coste de esta actividad es de 65 euros e incluye transporte, una noche de alojamiento con desayuno y la comida del s\u00e1bado. Para participar es necesario inscribirse previamente en las oficinas generales del Ayuntamiento.<\/p>\n<p>En los pr\u00f3ximos d\u00edas se dejar\u00e1n los d\u00edpticos con toda la informaci\u00f3n pormenorizada en distintos puntos de inter\u00e9s del municipio, como las oficinas generales del Ayuntamiento, la biblioteca, el centro de salud, el centro de mayores o las instalaciones deportivas, entre otros.<\/p>\n","protected":false},"excerpt":{"rendered":"<p>El programa l\u00fadico cultural, organizado por la Concejal\u00eda de Servicios Sociales, incluye una quincena de actividades y una jornada de convivencia en Gij\u00f3n \u201cEl objetivo es potenciar el envejecimiento activo y saludable fomentando las relaciones sociales y la integraci\u00f3n de los mayores\u201d, explica Casta\u00f1eda Colindres, 2 de Junio.- La segunda edici\u00f3n del programa \u2018J\u00f3venes Veteranos\u2019, [&hellip;]<\/p>\n","protected":false},"author":1,"featured_media":699,"comment_status":"open","ping_status":"closed","template":"","meta":{"_et_pb_use_builder":"","_et_pb_old_content":"","_et_gb_content_width":"","footnotes":""},"project_category":[],"project_tag":[],"class_list":["post-698","project","type-project","status-publish","has-post-thumbnail","hentry"],"yoast_head":"<!-- This site is optimized with the Yoast SEO plugin v24.9 - https:\/\/yoast.com\/wordpress\/plugins\/seo\/ -->\n<title>Colindres celebrar\u00e1 del 12 al 18 de junio la segunda edici\u00f3n de \u2018J\u00f3venes Veteranos\u2019 - Ayuntamiento de Colindres<\/title>\n<meta name=\"robots\" content=\"index, follow, max-snippet:-1, max-image-preview:large, max-video-preview:-1\" \/>\n<link rel=\"canonical\" href=\"https:\/\/www.colindres.es\/index.php\/project\/colindres-celebrara-del-12-al-18-de-junio-la-segunda-edicion-de-jovenes-veteranos\/\" \/>\n<meta property=\"og:locale\" content=\"es_ES\" \/>\n<meta property=\"og:type\" content=\"article\" \/>\n<meta property=\"og:title\" content=\"Colindres celebrar\u00e1 del 12 al 18 de junio la segunda edici\u00f3n de \u2018J\u00f3venes Veteranos\u2019 - Ayuntamiento de Colindres\" \/>\n<meta property=\"og:description\" content=\"El programa l\u00fadico cultural, organizado por la Concejal\u00eda de Servicios Sociales, incluye una quincena de actividades y una jornada de convivencia en Gij\u00f3n \u201cEl objetivo es potenciar el envejecimiento activo y saludable fomentando las relaciones sociales y la integraci\u00f3n de los mayores\u201d, explica Casta\u00f1eda Colindres, 2 de Junio.- La segunda edici\u00f3n del programa \u2018J\u00f3venes Veteranos\u2019, [&hellip;]\" \/>\n<meta property=\"og:url\" content=\"https:\/\/www.colindres.es\/index.php\/project\/colindres-celebrara-del-12-al-18-de-junio-la-segunda-edicion-de-jovenes-veteranos\/\" \/>\n<meta property=\"og:site_name\" content=\"Ayuntamiento de Colindres\" \/>\n<meta property=\"og:image\" content=\"https:\/\/www.colindres.es\/wp-content\/uploads\/2017\/06\/IMG_0753.jpg\" \/>\n\t<meta property=\"og:image:width\" content=\"960\" \/>\n\t<meta property=\"og:image:height\" content=\"720\" \/>\n\t<meta property=\"og:image:type\" content=\"image\/jpeg\" \/>\n<meta name=\"twitter:card\" content=\"summary_large_image\" \/>\n<meta name=\"twitter:label1\" content=\"Tiempo de lectura\" \/>\n\t<meta name=\"twitter:data1\" content=\"2 minutos\" \/>\n<script type=\"application\/ld+json\" class=\"yoast-schema-graph\">{\"@context\":\"https:\/\/schema.org\",\"@graph\":[{\"@type\":\"WebPage\",\"@id\":\"https:\/\/www.colindres.es\/index.php\/project\/colindres-celebrara-del-12-al-18-de-junio-la-segunda-edicion-de-jovenes-veteranos\/\",\"url\":\"https:\/\/www.colindres.es\/index.php\/project\/colindres-celebrara-del-12-al-18-de-junio-la-segunda-edicion-de-jovenes-veteranos\/\",\"name\":\"Colindres celebrar\u00e1 del 12 al 18 de junio la segunda edici\u00f3n de \u2018J\u00f3venes Veteranos\u2019 - Ayuntamiento de Colindres\",\"isPartOf\":{\"@id\":\"https:\/\/www.colindres.es\/#website\"},\"primaryImageOfPage\":{\"@id\":\"https:\/\/www.colindres.es\/index.php\/project\/colindres-celebrara-del-12-al-18-de-junio-la-segunda-edicion-de-jovenes-veteranos\/#primaryimage\"},\"image\":{\"@id\":\"https:\/\/www.colindres.es\/index.php\/project\/colindres-celebrara-del-12-al-18-de-junio-la-segunda-edicion-de-jovenes-veteranos\/#primaryimage\"},\"thumbnailUrl\":\"https:\/\/www.colindres.es\/wp-content\/uploads\/2017\/06\/IMG_0753.jpg\",\"datePublished\":\"2017-06-05T17:45:43+00:00\",\"breadcrumb\":{\"@id\":\"https:\/\/www.colindres.es\/index.php\/project\/colindres-celebrara-del-12-al-18-de-junio-la-segunda-edicion-de-jovenes-veteranos\/#breadcrumb\"},\"inLanguage\":\"es\",\"potentialAction\":[{\"@type\":\"ReadAction\",\"target\":[\"https:\/\/www.colindres.es\/index.php\/project\/colindres-celebrara-del-12-al-18-de-junio-la-segunda-edicion-de-jovenes-veteranos\/\"]}]},{\"@type\":\"ImageObject\",\"inLanguage\":\"es\",\"@id\":\"https:\/\/www.colindres.es\/index.php\/project\/colindres-celebrara-del-12-al-18-de-junio-la-segunda-edicion-de-jovenes-veteranos\/#primaryimage\",\"url\":\"https:\/\/www.colindres.es\/wp-content\/uploads\/2017\/06\/IMG_0753.jpg\",\"contentUrl\":\"https:\/\/www.colindres.es\/wp-content\/uploads\/2017\/06\/IMG_0753.jpg\",\"width\":960,\"height\":720},{\"@type\":\"BreadcrumbList\",\"@id\":\"https:\/\/www.colindres.es\/index.php\/project\/colindres-celebrara-del-12-al-18-de-junio-la-segunda-edicion-de-jovenes-veteranos\/#breadcrumb\",\"itemListElement\":[{\"@type\":\"ListItem\",\"position\":1,\"name\":\"Portada\",\"item\":\"https:\/\/www.colindres.es\/\"},{\"@type\":\"ListItem\",\"position\":2,\"name\":\"Proyectos\",\"item\":\"https:\/\/www.colindres.es\/index.php\/project\/\"},{\"@type\":\"ListItem\",\"position\":3,\"name\":\"Colindres celebrar\u00e1 del 12 al 18 de junio la segunda edici\u00f3n de \u2018J\u00f3venes Veteranos\u2019\"}]},{\"@type\":\"WebSite\",\"@id\":\"https:\/\/www.colindres.es\/#website\",\"url\":\"https:\/\/www.colindres.es\/\",\"name\":\"Ayuntamiento de Colindres\",\"description\":\"Dise\u00f1ado por NTIC&#039;s\",\"publisher\":{\"@id\":\"https:\/\/www.colindres.es\/#organization\"},\"potentialAction\":[{\"@type\":\"SearchAction\",\"target\":{\"@type\":\"EntryPoint\",\"urlTemplate\":\"https:\/\/www.colindres.es\/?s={search_term_string}\"},\"query-input\":{\"@type\":\"PropertyValueSpecification\",\"valueRequired\":true,\"valueName\":\"search_term_string\"}}],\"inLanguage\":\"es\"},{\"@type\":\"Organization\",\"@id\":\"https:\/\/www.colindres.es\/#organization\",\"name\":\"AYUNTAMIENTO DE COLINDRES\",\"url\":\"https:\/\/www.colindres.es\/\",\"logo\":{\"@type\":\"ImageObject\",\"inLanguage\":\"es\",\"@id\":\"https:\/\/www.colindres.es\/#\/schema\/logo\/image\/\",\"url\":\"https:\/\/www.colindres.es\/wp-content\/uploads\/2017\/01\/LOGO-PRINCIPAL.jpg\",\"contentUrl\":\"https:\/\/www.colindres.es\/wp-content\/uploads\/2017\/01\/LOGO-PRINCIPAL.jpg\",\"width\":1209,\"height\":579,\"caption\":\"AYUNTAMIENTO DE COLINDRES\"},\"image\":{\"@id\":\"https:\/\/www.colindres.es\/#\/schema\/logo\/image\/\"}}]}<\/script>\n<!-- \/ Yoast SEO plugin. -->","yoast_head_json":{"title":"Colindres celebrar\u00e1 del 12 al 18 de junio la segunda edici\u00f3n de \u2018J\u00f3venes Veteranos\u2019 - Ayuntamiento de Colindres","robots":{"index":"index","follow":"follow","max-snippet":"max-snippet:-1","max-image-preview":"max-image-preview:large","max-video-preview":"max-video-preview:-1"},"canonical":"https:\/\/www.colindres.es\/index.php\/project\/colindres-celebrara-del-12-al-18-de-junio-la-segunda-edicion-de-jovenes-veteranos\/","og_locale":"es_ES","og_type":"article","og_title":"Colindres celebrar\u00e1 del 12 al 18 de junio la segunda edici\u00f3n de \u2018J\u00f3venes Veteranos\u2019 - Ayuntamiento de Colindres","og_description":"El programa l\u00fadico cultural, organizado por la Concejal\u00eda de Servicios Sociales, incluye una quincena de actividades y una jornada de convivencia en Gij\u00f3n \u201cEl objetivo es potenciar el envejecimiento activo y saludable fomentando las relaciones sociales y la integraci\u00f3n de los mayores\u201d, explica Casta\u00f1eda Colindres, 2 de Junio.- La segunda edici\u00f3n del programa \u2018J\u00f3venes Veteranos\u2019, [&hellip;]","og_url":"https:\/\/www.colindres.es\/index.php\/project\/colindres-celebrara-del-12-al-18-de-junio-la-segunda-edicion-de-jovenes-veteranos\/","og_site_name":"Ayuntamiento de Colindres","og_image":[{"width":960,"height":720,"url":"https:\/\/www.colindres.es\/wp-content\/uploads\/2017\/06\/IMG_0753.jpg","type":"image\/jpeg"}],"twitter_card":"summary_large_image","twitter_misc":{"Tiempo de lectura":"2 minutos"},"schema":{"@context":"https:\/\/schema.org","@graph":[{"@type":"WebPage","@id":"https:\/\/www.colindres.es\/index.php\/project\/colindres-celebrara-del-12-al-18-de-junio-la-segunda-edicion-de-jovenes-veteranos\/","url":"https:\/\/www.colindres.es\/index.php\/project\/colindres-celebrara-del-12-al-18-de-junio-la-segunda-edicion-de-jovenes-veteranos\/","name":"Colindres celebrar\u00e1 del 12 al 18 de junio la segunda edici\u00f3n de \u2018J\u00f3venes Veteranos\u2019 - Ayuntamiento de Colindres","isPartOf":{"@id":"https:\/\/www.colindres.es\/#website"},"primaryImageOfPage":{"@id":"https:\/\/www.colindres.es\/index.php\/project\/colindres-celebrara-del-12-al-18-de-junio-la-segunda-edicion-de-jovenes-veteranos\/#primaryimage"},"image":{"@id":"https:\/\/www.colindres.es\/index.php\/project\/colindres-celebrara-del-12-al-18-de-junio-la-segunda-edicion-de-jovenes-veteranos\/#primaryimage"},"thumbnailUrl":"https:\/\/www.colindres.es\/wp-content\/uploads\/2017\/06\/IMG_0753.jpg","datePublished":"2017-06-05T17:45:43+00:00","breadcrumb":{"@id":"https:\/\/www.colindres.es\/index.php\/project\/colindres-celebrara-del-12-al-18-de-junio-la-segunda-edicion-de-jovenes-veteranos\/#breadcrumb"},"inLanguage":"es","potentialAction":[{"@type":"ReadAction","target":["https:\/\/www.colindres.es\/index.php\/project\/colindres-celebrara-del-12-al-18-de-junio-la-segunda-edicion-de-jovenes-veteranos\/"]}]},{"@type":"ImageObject","inLanguage":"es","@id":"https:\/\/www.colindres.es\/index.php\/project\/colindres-celebrara-del-12-al-18-de-junio-la-segunda-edicion-de-jovenes-veteranos\/#primaryimage","url":"https:\/\/www.colindres.es\/wp-content\/uploads\/2017\/06\/IMG_0753.jpg","contentUrl":"https:\/\/www.colindres.es\/wp-content\/uploads\/2017\/06\/IMG_0753.jpg","width":960,"height":720},{"@type":"BreadcrumbList","@id":"https:\/\/www.colindres.es\/index.php\/project\/colindres-celebrara-del-12-al-18-de-junio-la-segunda-edicion-de-jovenes-veteranos\/#breadcrumb","itemListElement":[{"@type":"ListItem","position":1,"name":"Portada","item":"https:\/\/www.colindres.es\/"},{"@type":"ListItem","position":2,"name":"Proyectos","item":"https:\/\/www.colindres.es\/index.php\/project\/"},{"@type":"ListItem","position":3,"name":"Colindres celebrar\u00e1 del 12 al 18 de junio la segunda edici\u00f3n de \u2018J\u00f3venes Veteranos\u2019"}]},{"@type":"WebSite","@id":"https:\/\/www.colindres.es\/#website","url":"https:\/\/www.colindres.es\/","name":"Ayuntamiento de Colindres","description":"Dise\u00f1ado por NTIC&#039;s","publisher":{"@id":"https:\/\/www.colindres.es\/#organization"},"potentialAction":[{"@type":"SearchAction","target":{"@type":"EntryPoint","urlTemplate":"https:\/\/www.colindres.es\/?s={search_term_string}"},"query-input":{"@type":"PropertyValueSpecification","valueRequired":true,"valueName":"search_term_string"}}],"inLanguage":"es"},{"@type":"Organization","@id":"https:\/\/www.colindres.es\/#organization","name":"AYUNTAMIENTO DE COLINDRES","url":"https:\/\/www.colindres.es\/","logo":{"@type":"ImageObject","inLanguage":"es","@id":"https:\/\/www.colindres.es\/#\/schema\/logo\/image\/","url":"https:\/\/www.colindres.es\/wp-content\/uploads\/2017\/01\/LOGO-PRINCIPAL.jpg","contentUrl":"https:\/\/www.colindres.es\/wp-content\/uploads\/2017\/01\/LOGO-PRINCIPAL.jpg","width":1209,"height":579,"caption":"AYUNTAMIENTO DE COLINDRES"},"image":{"@id":"https:\/\/www.colindres.es\/#\/schema\/logo\/image\/"}}]}},"_links":{"self":[{"href":"https:\/\/www.colindres.es\/index.php\/wp-json\/wp\/v2\/project\/698","targetHints":{"allow":["GET"]}}],"collection":[{"href":"https:\/\/www.colindres.es\/index.php\/wp-json\/wp\/v2\/project"}],"about":[{"href":"https:\/\/www.colindres.es\/index.php\/wp-json\/wp\/v2\/types\/project"}],"author":[{"embeddable":true,"href":"https:\/\/www.colindres.es\/index.php\/wp-json\/wp\/v2\/users\/1"}],"replies":[{"embeddable":true,"href":"https:\/\/www.colindres.es\/index.php\/wp-json\/wp\/v2\/comments?post=698"}],"version-history":[{"count":1,"href":"https:\/\/www.colindres.es\/index.php\/wp-json\/wp\/v2\/project\/698\/revisions"}],"predecessor-version":[{"id":700,"href":"https:\/\/www.colindres.es\/index.php\/wp-json\/wp\/v2\/project\/698\/revisions\/700"}],"wp:featuredmedia":[{"embeddable":true,"href":"https:\/\/www.colindres.es\/index.php\/wp-json\/wp\/v2\/media\/699"}],"wp:attachment":[{"href":"https:\/\/www.colindres.es\/index.php\/wp-json\/wp\/v2\/media?parent=698"}],"wp:term":[{"taxonomy":"project_category","embeddable":true,"href":"https:\/\/www.colindres.es\/index.php\/wp-json\/wp\/v2\/project_category?post=698"},{"taxonomy":"project_tag","embeddable":true,"href":"https:\/\/www.colindres.es\/index.php\/wp-json\/wp\/v2\/project_tag?post=698"}],"curies":[{"name":"wp","href":"https:\/\/api.w.org\/{rel}","templated":true}]}}