{"id":677,"date":"2017-05-29T10:24:26","date_gmt":"2017-05-29T10:24:26","guid":{"rendered":"http:\/\/colindres.es\/?post_type=project&#038;p=677"},"modified":"2017-05-29T10:24:26","modified_gmt":"2017-05-29T10:24:26","slug":"cantabrobots-la-fiesta-escolar-de-la-robotica-reune-en-colindres-a-600-alumnos","status":"publish","type":"project","link":"https:\/\/www.colindres.es\/index.php\/project\/cantabrobots-la-fiesta-escolar-de-la-robotica-reune-en-colindres-a-600-alumnos\/","title":{"rendered":"CantabRobots, la fiesta escolar de la rob\u00f3tica, re\u00fane en Colindres a 600 alumnos"},"content":{"rendered":"<p><strong>Estudiantes de 20 institutos han expuesto en el IES Valent\u00edn Turienzo sus ingenios de inteligencia artificial<\/strong><\/p>\n<p><strong>Colindres, 29 de Mayo.-<\/strong> M\u00e1s de 600 alumnos de 20 institutos de Cantabria han participado en la quinta edici\u00f3n de CantabRobots, que se ha celebrado el viernes 26 en el pabell\u00f3n polideportivo del IES Valent\u00edn Turienzo de Colindres con asistencia del consejero de Educaci\u00f3n, Ram\u00f3n Ruiz; del alcalde, Javier Incera y del director general de Innovaci\u00f3n Educativa y Centros, Alonso Guti\u00e9rrez Morillo.<\/p>\n<p>En su recorrido por la exposici\u00f3n, los alumnos han hecho exhibici\u00f3n de sus proyectos rob\u00f3ticos. El consejero ha felicitado a los institutos Valent\u00edn Turienzo, de Colindres, y Jos\u00e9 Hierro, de San Vicente de la Barquera, ganadores del Open Robocup Junior Spain, celebrado el 20 y 21 de mayo en Alcal\u00e1 de Henares.<\/p>\n<p>Alumnos de estos dos centros han ganado el derecho a representar a Espa\u00f1a en la competici\u00f3n mundial que se celebrar\u00e1 en Jap\u00f3n a finales de julio. Ram\u00f3n Ruiz ha anunciado que la empresa Epson aportar\u00e1 3.000 euros para que los alumnos de Colindres que quedaron en primer lugar con un trabajo de dom\u00f3tica puedan desplazarse al pa\u00eds nip\u00f3n, noticia muy celebrada por los alumnos y por el director del IES Valent\u00edn Turienzo, Gerardo Carbajo.<\/p>\n<p>Ram\u00f3n Ruiz ha agradecido a la Asociaci\u00f3n de Profesores de Tecnolog\u00eda su esfuerzo en la organizaci\u00f3n de esta gran fiesta de la rob\u00f3tica escolar, en la que los alumnos son \u00abconstructores de ciencia y tecnolog\u00eda, no solo receptores de contenidos\u00bb.<\/p>\n<p>El titular de Educaci\u00f3n ha enmarcado CantabRobots 2017 en el Plan AC2 para la mejora de la alfabetizaci\u00f3n y la cultura cient\u00edfica que ha puesto en marcha este curso su departamento. Dicho plan, ha dicho, \u00abes pionero en Espa\u00f1a y sit\u00faa el aprendizaje de las ciencias como un factor prioritario en la educaci\u00f3n desde los niveles de Infantil hasta el Bachillerato; un plan integrador de todos los \u00e1mbitos relacionados con la salud, la sostenibilidad y las ciencias experimentales\u00bb.<\/p>\n<p>Ram\u00f3n Ruiz ha agradecido tambi\u00e9n a las empresas colaboradoras su participaci\u00f3n con las \u00faltimas novedades en tecnolog\u00edas de impresi\u00f3n 3D, kits de rob\u00f3tica did\u00e1ctica, cuadric\u00f3pteros, realidad aumentada, etc.<\/p>\n<p>Adem\u00e1s, por primera vez en Cantabria, se ha celebrado el s\u00e1bado 27 el Open CantabRobots, una de las pruebas puntuables dentro de la Liga Nacional de Rob\u00f3tica de Competici\u00f3n.<\/p>\n","protected":false},"excerpt":{"rendered":"<p>Estudiantes de 20 institutos han expuesto en el IES Valent\u00edn Turienzo sus ingenios de inteligencia artificial Colindres, 29 de Mayo.- M\u00e1s de 600 alumnos de 20 institutos de Cantabria han participado en la quinta edici\u00f3n de CantabRobots, que se ha celebrado el viernes 26 en el pabell\u00f3n polideportivo del IES Valent\u00edn Turienzo de Colindres con [&hellip;]<\/p>\n","protected":false},"author":1,"featured_media":678,"comment_status":"open","ping_status":"closed","template":"","meta":{"_et_pb_use_builder":"","_et_pb_old_content":"","_et_gb_content_width":"","footnotes":""},"project_category":[],"project_tag":[],"class_list":["post-677","project","type-project","status-publish","has-post-thumbnail","hentry"],"yoast_head":"<!-- This site is optimized with the Yoast SEO plugin v24.9 - https:\/\/yoast.com\/wordpress\/plugins\/seo\/ -->\n<title>CantabRobots, la fiesta escolar de la rob\u00f3tica, re\u00fane en Colindres a 600 alumnos - Ayuntamiento de Colindres<\/title>\n<meta name=\"robots\" content=\"index, follow, max-snippet:-1, max-image-preview:large, max-video-preview:-1\" \/>\n<link rel=\"canonical\" href=\"https:\/\/www.colindres.es\/index.php\/project\/cantabrobots-la-fiesta-escolar-de-la-robotica-reune-en-colindres-a-600-alumnos\/\" \/>\n<meta property=\"og:locale\" content=\"es_ES\" \/>\n<meta property=\"og:type\" content=\"article\" \/>\n<meta property=\"og:title\" content=\"CantabRobots, la fiesta escolar de la rob\u00f3tica, re\u00fane en Colindres a 600 alumnos - Ayuntamiento de Colindres\" \/>\n<meta property=\"og:description\" content=\"Estudiantes de 20 institutos han expuesto en el IES Valent\u00edn Turienzo sus ingenios de inteligencia artificial Colindres, 29 de Mayo.- M\u00e1s de 600 alumnos de 20 institutos de Cantabria han participado en la quinta edici\u00f3n de CantabRobots, que se ha celebrado el viernes 26 en el pabell\u00f3n polideportivo del IES Valent\u00edn Turienzo de Colindres con [&hellip;]\" \/>\n<meta property=\"og:url\" content=\"https:\/\/www.colindres.es\/index.php\/project\/cantabrobots-la-fiesta-escolar-de-la-robotica-reune-en-colindres-a-600-alumnos\/\" \/>\n<meta property=\"og:site_name\" content=\"Ayuntamiento de Colindres\" \/>\n<meta property=\"og:image\" content=\"https:\/\/www.colindres.es\/wp-content\/uploads\/2017\/05\/educacion_cantabrobots_01.jpg\" \/>\n\t<meta property=\"og:image:width\" content=\"5184\" \/>\n\t<meta property=\"og:image:height\" content=\"3456\" \/>\n\t<meta property=\"og:image:type\" content=\"image\/jpeg\" \/>\n<meta name=\"twitter:card\" content=\"summary_large_image\" \/>\n<meta name=\"twitter:label1\" content=\"Tiempo de lectura\" \/>\n\t<meta name=\"twitter:data1\" content=\"2 minutos\" \/>\n<script type=\"application\/ld+json\" class=\"yoast-schema-graph\">{\"@context\":\"https:\/\/schema.org\",\"@graph\":[{\"@type\":\"WebPage\",\"@id\":\"https:\/\/www.colindres.es\/index.php\/project\/cantabrobots-la-fiesta-escolar-de-la-robotica-reune-en-colindres-a-600-alumnos\/\",\"url\":\"https:\/\/www.colindres.es\/index.php\/project\/cantabrobots-la-fiesta-escolar-de-la-robotica-reune-en-colindres-a-600-alumnos\/\",\"name\":\"CantabRobots, la fiesta escolar de la rob\u00f3tica, re\u00fane en Colindres a 600 alumnos - Ayuntamiento de Colindres\",\"isPartOf\":{\"@id\":\"https:\/\/www.colindres.es\/#website\"},\"primaryImageOfPage\":{\"@id\":\"https:\/\/www.colindres.es\/index.php\/project\/cantabrobots-la-fiesta-escolar-de-la-robotica-reune-en-colindres-a-600-alumnos\/#primaryimage\"},\"image\":{\"@id\":\"https:\/\/www.colindres.es\/index.php\/project\/cantabrobots-la-fiesta-escolar-de-la-robotica-reune-en-colindres-a-600-alumnos\/#primaryimage\"},\"thumbnailUrl\":\"https:\/\/www.colindres.es\/wp-content\/uploads\/2017\/05\/educacion_cantabrobots_01.jpg\",\"datePublished\":\"2017-05-29T10:24:26+00:00\",\"breadcrumb\":{\"@id\":\"https:\/\/www.colindres.es\/index.php\/project\/cantabrobots-la-fiesta-escolar-de-la-robotica-reune-en-colindres-a-600-alumnos\/#breadcrumb\"},\"inLanguage\":\"es\",\"potentialAction\":[{\"@type\":\"ReadAction\",\"target\":[\"https:\/\/www.colindres.es\/index.php\/project\/cantabrobots-la-fiesta-escolar-de-la-robotica-reune-en-colindres-a-600-alumnos\/\"]}]},{\"@type\":\"ImageObject\",\"inLanguage\":\"es\",\"@id\":\"https:\/\/www.colindres.es\/index.php\/project\/cantabrobots-la-fiesta-escolar-de-la-robotica-reune-en-colindres-a-600-alumnos\/#primaryimage\",\"url\":\"https:\/\/www.colindres.es\/wp-content\/uploads\/2017\/05\/educacion_cantabrobots_01.jpg\",\"contentUrl\":\"https:\/\/www.colindres.es\/wp-content\/uploads\/2017\/05\/educacion_cantabrobots_01.jpg\",\"width\":5184,\"height\":3456,\"caption\":\"12:45 \ufffc \ufffc \ufffc IES Valent\u00edn Turienzo, Colindres \ufffc El consejero de Educaci\u00f3n, Cultura y Deporte, Ram\u00f3n Ruiz, entrega los premios de la 5a Muestra- Exhibici\u00f3n CANTAbRobots. 26 MAYO 2017 \u00a9\u00a0Miguel De la Parra\"},{\"@type\":\"BreadcrumbList\",\"@id\":\"https:\/\/www.colindres.es\/index.php\/project\/cantabrobots-la-fiesta-escolar-de-la-robotica-reune-en-colindres-a-600-alumnos\/#breadcrumb\",\"itemListElement\":[{\"@type\":\"ListItem\",\"position\":1,\"name\":\"Portada\",\"item\":\"https:\/\/www.colindres.es\/\"},{\"@type\":\"ListItem\",\"position\":2,\"name\":\"Proyectos\",\"item\":\"https:\/\/www.colindres.es\/index.php\/project\/\"},{\"@type\":\"ListItem\",\"position\":3,\"name\":\"CantabRobots, la fiesta escolar de la rob\u00f3tica, re\u00fane en Colindres a 600 alumnos\"}]},{\"@type\":\"WebSite\",\"@id\":\"https:\/\/www.colindres.es\/#website\",\"url\":\"https:\/\/www.colindres.es\/\",\"name\":\"Ayuntamiento de Colindres\",\"description\":\"Dise\u00f1ado por NTIC&#039;s\",\"publisher\":{\"@id\":\"https:\/\/www.colindres.es\/#organization\"},\"potentialAction\":[{\"@type\":\"SearchAction\",\"target\":{\"@type\":\"EntryPoint\",\"urlTemplate\":\"https:\/\/www.colindres.es\/?s={search_term_string}\"},\"query-input\":{\"@type\":\"PropertyValueSpecification\",\"valueRequired\":true,\"valueName\":\"search_term_string\"}}],\"inLanguage\":\"es\"},{\"@type\":\"Organization\",\"@id\":\"https:\/\/www.colindres.es\/#organization\",\"name\":\"AYUNTAMIENTO DE COLINDRES\",\"url\":\"https:\/\/www.colindres.es\/\",\"logo\":{\"@type\":\"ImageObject\",\"inLanguage\":\"es\",\"@id\":\"https:\/\/www.colindres.es\/#\/schema\/logo\/image\/\",\"url\":\"https:\/\/www.colindres.es\/wp-content\/uploads\/2017\/01\/LOGO-PRINCIPAL.jpg\",\"contentUrl\":\"https:\/\/www.colindres.es\/wp-content\/uploads\/2017\/01\/LOGO-PRINCIPAL.jpg\",\"width\":1209,\"height\":579,\"caption\":\"AYUNTAMIENTO DE COLINDRES\"},\"image\":{\"@id\":\"https:\/\/www.colindres.es\/#\/schema\/logo\/image\/\"}}]}<\/script>\n<!-- \/ Yoast SEO plugin. -->","yoast_head_json":{"title":"CantabRobots, la fiesta escolar de la rob\u00f3tica, re\u00fane en Colindres a 600 alumnos - Ayuntamiento de Colindres","robots":{"index":"index","follow":"follow","max-snippet":"max-snippet:-1","max-image-preview":"max-image-preview:large","max-video-preview":"max-video-preview:-1"},"canonical":"https:\/\/www.colindres.es\/index.php\/project\/cantabrobots-la-fiesta-escolar-de-la-robotica-reune-en-colindres-a-600-alumnos\/","og_locale":"es_ES","og_type":"article","og_title":"CantabRobots, la fiesta escolar de la rob\u00f3tica, re\u00fane en Colindres a 600 alumnos - Ayuntamiento de Colindres","og_description":"Estudiantes de 20 institutos han expuesto en el IES Valent\u00edn Turienzo sus ingenios de inteligencia artificial Colindres, 29 de Mayo.- M\u00e1s de 600 alumnos de 20 institutos de Cantabria han participado en la quinta edici\u00f3n de CantabRobots, que se ha celebrado el viernes 26 en el pabell\u00f3n polideportivo del IES Valent\u00edn Turienzo de Colindres con [&hellip;]","og_url":"https:\/\/www.colindres.es\/index.php\/project\/cantabrobots-la-fiesta-escolar-de-la-robotica-reune-en-colindres-a-600-alumnos\/","og_site_name":"Ayuntamiento de Colindres","og_image":[{"width":5184,"height":3456,"url":"https:\/\/www.colindres.es\/wp-content\/uploads\/2017\/05\/educacion_cantabrobots_01.jpg","type":"image\/jpeg"}],"twitter_card":"summary_large_image","twitter_misc":{"Tiempo de lectura":"2 minutos"},"schema":{"@context":"https:\/\/schema.org","@graph":[{"@type":"WebPage","@id":"https:\/\/www.colindres.es\/index.php\/project\/cantabrobots-la-fiesta-escolar-de-la-robotica-reune-en-colindres-a-600-alumnos\/","url":"https:\/\/www.colindres.es\/index.php\/project\/cantabrobots-la-fiesta-escolar-de-la-robotica-reune-en-colindres-a-600-alumnos\/","name":"CantabRobots, la fiesta escolar de la rob\u00f3tica, re\u00fane en Colindres a 600 alumnos - Ayuntamiento de Colindres","isPartOf":{"@id":"https:\/\/www.colindres.es\/#website"},"primaryImageOfPage":{"@id":"https:\/\/www.colindres.es\/index.php\/project\/cantabrobots-la-fiesta-escolar-de-la-robotica-reune-en-colindres-a-600-alumnos\/#primaryimage"},"image":{"@id":"https:\/\/www.colindres.es\/index.php\/project\/cantabrobots-la-fiesta-escolar-de-la-robotica-reune-en-colindres-a-600-alumnos\/#primaryimage"},"thumbnailUrl":"https:\/\/www.colindres.es\/wp-content\/uploads\/2017\/05\/educacion_cantabrobots_01.jpg","datePublished":"2017-05-29T10:24:26+00:00","breadcrumb":{"@id":"https:\/\/www.colindres.es\/index.php\/project\/cantabrobots-la-fiesta-escolar-de-la-robotica-reune-en-colindres-a-600-alumnos\/#breadcrumb"},"inLanguage":"es","potentialAction":[{"@type":"ReadAction","target":["https:\/\/www.colindres.es\/index.php\/project\/cantabrobots-la-fiesta-escolar-de-la-robotica-reune-en-colindres-a-600-alumnos\/"]}]},{"@type":"ImageObject","inLanguage":"es","@id":"https:\/\/www.colindres.es\/index.php\/project\/cantabrobots-la-fiesta-escolar-de-la-robotica-reune-en-colindres-a-600-alumnos\/#primaryimage","url":"https:\/\/www.colindres.es\/wp-content\/uploads\/2017\/05\/educacion_cantabrobots_01.jpg","contentUrl":"https:\/\/www.colindres.es\/wp-content\/uploads\/2017\/05\/educacion_cantabrobots_01.jpg","width":5184,"height":3456,"caption":"12:45 \ufffc \ufffc \ufffc IES Valent\u00edn Turienzo, Colindres \ufffc El consejero de Educaci\u00f3n, Cultura y Deporte, Ram\u00f3n Ruiz, entrega los premios de la 5a Muestra- Exhibici\u00f3n CANTAbRobots. 26 MAYO 2017 \u00a9\u00a0Miguel De la Parra"},{"@type":"BreadcrumbList","@id":"https:\/\/www.colindres.es\/index.php\/project\/cantabrobots-la-fiesta-escolar-de-la-robotica-reune-en-colindres-a-600-alumnos\/#breadcrumb","itemListElement":[{"@type":"ListItem","position":1,"name":"Portada","item":"https:\/\/www.colindres.es\/"},{"@type":"ListItem","position":2,"name":"Proyectos","item":"https:\/\/www.colindres.es\/index.php\/project\/"},{"@type":"ListItem","position":3,"name":"CantabRobots, la fiesta escolar de la rob\u00f3tica, re\u00fane en Colindres a 600 alumnos"}]},{"@type":"WebSite","@id":"https:\/\/www.colindres.es\/#website","url":"https:\/\/www.colindres.es\/","name":"Ayuntamiento de Colindres","description":"Dise\u00f1ado por NTIC&#039;s","publisher":{"@id":"https:\/\/www.colindres.es\/#organization"},"potentialAction":[{"@type":"SearchAction","target":{"@type":"EntryPoint","urlTemplate":"https:\/\/www.colindres.es\/?s={search_term_string}"},"query-input":{"@type":"PropertyValueSpecification","valueRequired":true,"valueName":"search_term_string"}}],"inLanguage":"es"},{"@type":"Organization","@id":"https:\/\/www.colindres.es\/#organization","name":"AYUNTAMIENTO DE COLINDRES","url":"https:\/\/www.colindres.es\/","logo":{"@type":"ImageObject","inLanguage":"es","@id":"https:\/\/www.colindres.es\/#\/schema\/logo\/image\/","url":"https:\/\/www.colindres.es\/wp-content\/uploads\/2017\/01\/LOGO-PRINCIPAL.jpg","contentUrl":"https:\/\/www.colindres.es\/wp-content\/uploads\/2017\/01\/LOGO-PRINCIPAL.jpg","width":1209,"height":579,"caption":"AYUNTAMIENTO DE COLINDRES"},"image":{"@id":"https:\/\/www.colindres.es\/#\/schema\/logo\/image\/"}}]}},"_links":{"self":[{"href":"https:\/\/www.colindres.es\/index.php\/wp-json\/wp\/v2\/project\/677","targetHints":{"allow":["GET"]}}],"collection":[{"href":"https:\/\/www.colindres.es\/index.php\/wp-json\/wp\/v2\/project"}],"about":[{"href":"https:\/\/www.colindres.es\/index.php\/wp-json\/wp\/v2\/types\/project"}],"author":[{"embeddable":true,"href":"https:\/\/www.colindres.es\/index.php\/wp-json\/wp\/v2\/users\/1"}],"replies":[{"embeddable":true,"href":"https:\/\/www.colindres.es\/index.php\/wp-json\/wp\/v2\/comments?post=677"}],"version-history":[{"count":1,"href":"https:\/\/www.colindres.es\/index.php\/wp-json\/wp\/v2\/project\/677\/revisions"}],"predecessor-version":[{"id":679,"href":"https:\/\/www.colindres.es\/index.php\/wp-json\/wp\/v2\/project\/677\/revisions\/679"}],"wp:featuredmedia":[{"embeddable":true,"href":"https:\/\/www.colindres.es\/index.php\/wp-json\/wp\/v2\/media\/678"}],"wp:attachment":[{"href":"https:\/\/www.colindres.es\/index.php\/wp-json\/wp\/v2\/media?parent=677"}],"wp:term":[{"taxonomy":"project_category","embeddable":true,"href":"https:\/\/www.colindres.es\/index.php\/wp-json\/wp\/v2\/project_category?post=677"},{"taxonomy":"project_tag","embeddable":true,"href":"https:\/\/www.colindres.es\/index.php\/wp-json\/wp\/v2\/project_tag?post=677"}],"curies":[{"name":"wp","href":"https:\/\/api.w.org\/{rel}","templated":true}]}}