{"id":669,"date":"2017-05-24T20:49:26","date_gmt":"2017-05-24T20:49:26","guid":{"rendered":"http:\/\/colindres.es\/?post_type=project&#038;p=669"},"modified":"2017-05-24T20:49:26","modified_gmt":"2017-05-24T20:49:26","slug":"el-alcalde-de-colindres-recibe-a-los-alumnos-del-ies-valentin-turienzo-campeones-de-espana-de-robotica","status":"publish","type":"project","link":"https:\/\/www.colindres.es\/index.php\/project\/el-alcalde-de-colindres-recibe-a-los-alumnos-del-ies-valentin-turienzo-campeones-de-espana-de-robotica\/","title":{"rendered":"El alcalde de Colindres recibe a los alumnos del IES Valent\u00edn Turienzo campeones de Espa\u00f1a de rob\u00f3tica"},"content":{"rendered":"<p>El municipio acoger\u00e1 este viernes y s\u00e1bado la muestra auton\u00f3mica de tecnolog\u00eda y rob\u00f3tica \u2018CantabRobots 2017\u2019, que reunir\u00e1 a cerca de un millar de j\u00f3venes<\/p>\n<p>Javier Incera traslada en nombre de la Corporaci\u00f3n municipal y de todos los colindreses la \u201cenhorabuena\u201d a los j\u00f3venes<\/p>\n<p>Colindres, 24 de Mayo.- El alcalde de Colindres, Javier Incera, ha recibido este mi\u00e9rcoles en el Sal\u00f3n de Plenos del Ayuntamiento a los alumnos del IES Valent\u00edn Turienzo que acaban de proclamarse campeones de Espa\u00f1a en el OpenRoboCup Junior, que se ha disputado en Alcal\u00e1 de Henares.<\/p>\n<p>Durante el encuentro, Incera ha felicitado a los j\u00f3venes en nombre de la Corporaci\u00f3n municipal y de todos los colindreses. \u201cNos sentimos orgullosos de vosotros\u201d, les ha transmitido el alcalde, que tambi\u00e9n ha alabado el nivel del centro educativo, que ya ha cosechado m\u00e1s \u00e9xitos en cert\u00e1menes de estas mismas caracter\u00edsticas.<\/p>\n<p>As\u00ed, Incera ha destacado la importancia de este tipo de formaci\u00f3n \u201cestrechamente vinculada a nuevos nichos de empleo\u201d y ha apuntado que los estudiantes en este tipo de concursos, adem\u00e1s de desarrollar competencias tecnol\u00f3gicas, tambi\u00e9n deben realizar presentaciones en p\u00fablico ante grandes foros y bajo presi\u00f3n, por lo que tambi\u00e9n \u201creciben una formaci\u00f3n extra y unas habilidades sociales que contribuir\u00e1n a su desarrollo futuro\u201d.<\/p>\n<p>Por su parte, los j\u00f3venes, que han estado acompa\u00f1ados por el director del centro y sus profesores, han explicado al regidor municipal que tienen la oportunidad de acudir al campeonato internacional que se celebrar\u00e1 el pr\u00f3ximo mes de julio en Jap\u00f3n. En este sentido, los representantes del Ayuntamiento y del Instituto han acordado mantener a partir de la semana que viene contactos \u201cpara estudiar distintas f\u00f3rmulas de financiaci\u00f3n o buscar ayudas para ver si es posible su asistencia a este campeonato del mundo\u201d.<\/p>\n<p>Nueva muestra en Colindres<\/p>\n<p>Por otro lado, este viernes y s\u00e1bado podr\u00e1n verse en acci\u00f3n los proyectos y robots de 21 centros escolares de nuestra comunidad, dentro de la muestra de rob\u00f3tica educativa CantabRobots 2017. Es el tercer a\u00f1o que Colindres acoge esta exhibici\u00f3n puesta en marcha por la Consejer\u00eda de Educaci\u00f3n para fomentar la cultura cient\u00edfica entre los m\u00e1s j\u00f3venes.<\/p>\n<p>En concreto, la jornada del viernes tendr\u00e1 lugar durante la ma\u00f1ana en el Polideportivo N\u00famero 1 y reunir\u00e1 a cerca de un millar de estudiantes, mientras que el acto del s\u00e1bado se celebrar\u00e1 en la Sal\u00f3n de Actos de la Casa de Cultura.<\/p>\n<p>Dos categor\u00edas<\/p>\n<p>El IES Valent\u00edn Turienzo present\u00f3 dos equipos al OpenRoboCup Junior Spain que participaron en las modalidades de OnStage y categor\u00eda libre, alz\u00e1ndose ambos con la victoria.<\/p>\n<p>En la prueba de OnStage participaron alumnos de 3\u00ba ESO de la nueva materia de Sistemas de Control y Rob\u00f3tica, con un proyecto realizado entre todos los miembros de la clase, consistente en cinco minions bailarines y una puesta en escena de alumnos bailando junto a ellos con luces y m\u00fasica. Su actuaci\u00f3n fue destacada por la organizaci\u00f3n del concurso y por el numeroso p\u00fablico asistente.<\/p>\n<p>En la categor\u00eda libre, los alumnos de 4\u00ba ESO de Tecnolog\u00eda del Valent\u00edn Turienzo presentaron una vivienda unifamiliar autosuficiente singular con forma de domo llamada Domo-Dom\u00f3tica. La calidad del proyecto, la defensa del mismo que realizaron ante el jurado y su exposici\u00f3n al p\u00fablico los hicieron merecedores del primer premio en su categor\u00eda. Este mismo proyecto tambi\u00e9n obtuvo el primer premio del concurso \u2018La energ\u00eda que nos mueve\u2019, de la C\u00e1tedra de Viesgo de la Universidad de Cantabria.<\/p>\n","protected":false},"excerpt":{"rendered":"<p>El municipio acoger\u00e1 este viernes y s\u00e1bado la muestra auton\u00f3mica de tecnolog\u00eda y rob\u00f3tica \u2018CantabRobots 2017\u2019, que reunir\u00e1 a cerca de un millar de j\u00f3venes Javier Incera traslada en nombre de la Corporaci\u00f3n municipal y de todos los colindreses la \u201cenhorabuena\u201d a los j\u00f3venes Colindres, 24 de Mayo.- El alcalde de Colindres, Javier Incera, ha [&hellip;]<\/p>\n","protected":false},"author":1,"featured_media":670,"comment_status":"open","ping_status":"closed","template":"","meta":{"_et_pb_use_builder":"","_et_pb_old_content":"","_et_gb_content_width":"","footnotes":""},"project_category":[],"project_tag":[],"class_list":["post-669","project","type-project","status-publish","has-post-thumbnail","hentry"],"yoast_head":"<!-- This site is optimized with the Yoast SEO plugin v24.9 - https:\/\/yoast.com\/wordpress\/plugins\/seo\/ -->\n<title>El alcalde de Colindres recibe a los alumnos del IES Valent\u00edn Turienzo campeones de Espa\u00f1a de rob\u00f3tica - Ayuntamiento de Colindres<\/title>\n<meta name=\"robots\" content=\"index, follow, max-snippet:-1, max-image-preview:large, max-video-preview:-1\" \/>\n<link rel=\"canonical\" href=\"https:\/\/www.colindres.es\/index.php\/project\/el-alcalde-de-colindres-recibe-a-los-alumnos-del-ies-valentin-turienzo-campeones-de-espana-de-robotica\/\" \/>\n<meta property=\"og:locale\" content=\"es_ES\" \/>\n<meta property=\"og:type\" content=\"article\" \/>\n<meta property=\"og:title\" content=\"El alcalde de Colindres recibe a los alumnos del IES Valent\u00edn Turienzo campeones de Espa\u00f1a de rob\u00f3tica - Ayuntamiento de Colindres\" \/>\n<meta property=\"og:description\" content=\"El municipio acoger\u00e1 este viernes y s\u00e1bado la muestra auton\u00f3mica de tecnolog\u00eda y rob\u00f3tica \u2018CantabRobots 2017\u2019, que reunir\u00e1 a cerca de un millar de j\u00f3venes Javier Incera traslada en nombre de la Corporaci\u00f3n municipal y de todos los colindreses la \u201cenhorabuena\u201d a los j\u00f3venes Colindres, 24 de Mayo.- El alcalde de Colindres, Javier Incera, ha [&hellip;]\" \/>\n<meta property=\"og:url\" content=\"https:\/\/www.colindres.es\/index.php\/project\/el-alcalde-de-colindres-recibe-a-los-alumnos-del-ies-valentin-turienzo-campeones-de-espana-de-robotica\/\" \/>\n<meta property=\"og:site_name\" content=\"Ayuntamiento de Colindres\" \/>\n<meta property=\"og:image\" content=\"https:\/\/www.colindres.es\/wp-content\/uploads\/2017\/05\/Campeones-Espa\u00f1a-de-Rob\u00f3tica.jpg\" \/>\n\t<meta property=\"og:image:width\" content=\"4608\" \/>\n\t<meta property=\"og:image:height\" content=\"3456\" \/>\n\t<meta property=\"og:image:type\" content=\"image\/jpeg\" \/>\n<meta name=\"twitter:card\" content=\"summary_large_image\" \/>\n<meta name=\"twitter:label1\" content=\"Tiempo de lectura\" \/>\n\t<meta name=\"twitter:data1\" content=\"3 minutos\" \/>\n<script type=\"application\/ld+json\" class=\"yoast-schema-graph\">{\"@context\":\"https:\/\/schema.org\",\"@graph\":[{\"@type\":\"WebPage\",\"@id\":\"https:\/\/www.colindres.es\/index.php\/project\/el-alcalde-de-colindres-recibe-a-los-alumnos-del-ies-valentin-turienzo-campeones-de-espana-de-robotica\/\",\"url\":\"https:\/\/www.colindres.es\/index.php\/project\/el-alcalde-de-colindres-recibe-a-los-alumnos-del-ies-valentin-turienzo-campeones-de-espana-de-robotica\/\",\"name\":\"El alcalde de Colindres recibe a los alumnos del IES Valent\u00edn Turienzo campeones de Espa\u00f1a de rob\u00f3tica - Ayuntamiento de Colindres\",\"isPartOf\":{\"@id\":\"https:\/\/www.colindres.es\/#website\"},\"primaryImageOfPage\":{\"@id\":\"https:\/\/www.colindres.es\/index.php\/project\/el-alcalde-de-colindres-recibe-a-los-alumnos-del-ies-valentin-turienzo-campeones-de-espana-de-robotica\/#primaryimage\"},\"image\":{\"@id\":\"https:\/\/www.colindres.es\/index.php\/project\/el-alcalde-de-colindres-recibe-a-los-alumnos-del-ies-valentin-turienzo-campeones-de-espana-de-robotica\/#primaryimage\"},\"thumbnailUrl\":\"https:\/\/www.colindres.es\/wp-content\/uploads\/2017\/05\/Campeones-Espa\u00f1a-de-Rob\u00f3tica.jpg\",\"datePublished\":\"2017-05-24T20:49:26+00:00\",\"breadcrumb\":{\"@id\":\"https:\/\/www.colindres.es\/index.php\/project\/el-alcalde-de-colindres-recibe-a-los-alumnos-del-ies-valentin-turienzo-campeones-de-espana-de-robotica\/#breadcrumb\"},\"inLanguage\":\"es\",\"potentialAction\":[{\"@type\":\"ReadAction\",\"target\":[\"https:\/\/www.colindres.es\/index.php\/project\/el-alcalde-de-colindres-recibe-a-los-alumnos-del-ies-valentin-turienzo-campeones-de-espana-de-robotica\/\"]}]},{\"@type\":\"ImageObject\",\"inLanguage\":\"es\",\"@id\":\"https:\/\/www.colindres.es\/index.php\/project\/el-alcalde-de-colindres-recibe-a-los-alumnos-del-ies-valentin-turienzo-campeones-de-espana-de-robotica\/#primaryimage\",\"url\":\"https:\/\/www.colindres.es\/wp-content\/uploads\/2017\/05\/Campeones-Espa\u00f1a-de-Rob\u00f3tica.jpg\",\"contentUrl\":\"https:\/\/www.colindres.es\/wp-content\/uploads\/2017\/05\/Campeones-Espa\u00f1a-de-Rob\u00f3tica.jpg\",\"width\":4608,\"height\":3456},{\"@type\":\"BreadcrumbList\",\"@id\":\"https:\/\/www.colindres.es\/index.php\/project\/el-alcalde-de-colindres-recibe-a-los-alumnos-del-ies-valentin-turienzo-campeones-de-espana-de-robotica\/#breadcrumb\",\"itemListElement\":[{\"@type\":\"ListItem\",\"position\":1,\"name\":\"Portada\",\"item\":\"https:\/\/www.colindres.es\/\"},{\"@type\":\"ListItem\",\"position\":2,\"name\":\"Proyectos\",\"item\":\"https:\/\/www.colindres.es\/index.php\/project\/\"},{\"@type\":\"ListItem\",\"position\":3,\"name\":\"El alcalde de Colindres recibe a los alumnos del IES Valent\u00edn Turienzo campeones de Espa\u00f1a de rob\u00f3tica\"}]},{\"@type\":\"WebSite\",\"@id\":\"https:\/\/www.colindres.es\/#website\",\"url\":\"https:\/\/www.colindres.es\/\",\"name\":\"Ayuntamiento de Colindres\",\"description\":\"Dise\u00f1ado por NTIC&#039;s\",\"publisher\":{\"@id\":\"https:\/\/www.colindres.es\/#organization\"},\"potentialAction\":[{\"@type\":\"SearchAction\",\"target\":{\"@type\":\"EntryPoint\",\"urlTemplate\":\"https:\/\/www.colindres.es\/?s={search_term_string}\"},\"query-input\":{\"@type\":\"PropertyValueSpecification\",\"valueRequired\":true,\"valueName\":\"search_term_string\"}}],\"inLanguage\":\"es\"},{\"@type\":\"Organization\",\"@id\":\"https:\/\/www.colindres.es\/#organization\",\"name\":\"AYUNTAMIENTO DE COLINDRES\",\"url\":\"https:\/\/www.colindres.es\/\",\"logo\":{\"@type\":\"ImageObject\",\"inLanguage\":\"es\",\"@id\":\"https:\/\/www.colindres.es\/#\/schema\/logo\/image\/\",\"url\":\"https:\/\/www.colindres.es\/wp-content\/uploads\/2017\/01\/LOGO-PRINCIPAL.jpg\",\"contentUrl\":\"https:\/\/www.colindres.es\/wp-content\/uploads\/2017\/01\/LOGO-PRINCIPAL.jpg\",\"width\":1209,\"height\":579,\"caption\":\"AYUNTAMIENTO DE COLINDRES\"},\"image\":{\"@id\":\"https:\/\/www.colindres.es\/#\/schema\/logo\/image\/\"}}]}<\/script>\n<!-- \/ Yoast SEO plugin. -->","yoast_head_json":{"title":"El alcalde de Colindres recibe a los alumnos del IES Valent\u00edn Turienzo campeones de Espa\u00f1a de rob\u00f3tica - Ayuntamiento de Colindres","robots":{"index":"index","follow":"follow","max-snippet":"max-snippet:-1","max-image-preview":"max-image-preview:large","max-video-preview":"max-video-preview:-1"},"canonical":"https:\/\/www.colindres.es\/index.php\/project\/el-alcalde-de-colindres-recibe-a-los-alumnos-del-ies-valentin-turienzo-campeones-de-espana-de-robotica\/","og_locale":"es_ES","og_type":"article","og_title":"El alcalde de Colindres recibe a los alumnos del IES Valent\u00edn Turienzo campeones de Espa\u00f1a de rob\u00f3tica - Ayuntamiento de Colindres","og_description":"El municipio acoger\u00e1 este viernes y s\u00e1bado la muestra auton\u00f3mica de tecnolog\u00eda y rob\u00f3tica \u2018CantabRobots 2017\u2019, que reunir\u00e1 a cerca de un millar de j\u00f3venes Javier Incera traslada en nombre de la Corporaci\u00f3n municipal y de todos los colindreses la \u201cenhorabuena\u201d a los j\u00f3venes Colindres, 24 de Mayo.- El alcalde de Colindres, Javier Incera, ha [&hellip;]","og_url":"https:\/\/www.colindres.es\/index.php\/project\/el-alcalde-de-colindres-recibe-a-los-alumnos-del-ies-valentin-turienzo-campeones-de-espana-de-robotica\/","og_site_name":"Ayuntamiento de Colindres","og_image":[{"width":4608,"height":3456,"url":"https:\/\/www.colindres.es\/wp-content\/uploads\/2017\/05\/Campeones-Espa\u00f1a-de-Rob\u00f3tica.jpg","type":"image\/jpeg"}],"twitter_card":"summary_large_image","twitter_misc":{"Tiempo de lectura":"3 minutos"},"schema":{"@context":"https:\/\/schema.org","@graph":[{"@type":"WebPage","@id":"https:\/\/www.colindres.es\/index.php\/project\/el-alcalde-de-colindres-recibe-a-los-alumnos-del-ies-valentin-turienzo-campeones-de-espana-de-robotica\/","url":"https:\/\/www.colindres.es\/index.php\/project\/el-alcalde-de-colindres-recibe-a-los-alumnos-del-ies-valentin-turienzo-campeones-de-espana-de-robotica\/","name":"El alcalde de Colindres recibe a los alumnos del IES Valent\u00edn Turienzo campeones de Espa\u00f1a de rob\u00f3tica - Ayuntamiento de Colindres","isPartOf":{"@id":"https:\/\/www.colindres.es\/#website"},"primaryImageOfPage":{"@id":"https:\/\/www.colindres.es\/index.php\/project\/el-alcalde-de-colindres-recibe-a-los-alumnos-del-ies-valentin-turienzo-campeones-de-espana-de-robotica\/#primaryimage"},"image":{"@id":"https:\/\/www.colindres.es\/index.php\/project\/el-alcalde-de-colindres-recibe-a-los-alumnos-del-ies-valentin-turienzo-campeones-de-espana-de-robotica\/#primaryimage"},"thumbnailUrl":"https:\/\/www.colindres.es\/wp-content\/uploads\/2017\/05\/Campeones-Espa\u00f1a-de-Rob\u00f3tica.jpg","datePublished":"2017-05-24T20:49:26+00:00","breadcrumb":{"@id":"https:\/\/www.colindres.es\/index.php\/project\/el-alcalde-de-colindres-recibe-a-los-alumnos-del-ies-valentin-turienzo-campeones-de-espana-de-robotica\/#breadcrumb"},"inLanguage":"es","potentialAction":[{"@type":"ReadAction","target":["https:\/\/www.colindres.es\/index.php\/project\/el-alcalde-de-colindres-recibe-a-los-alumnos-del-ies-valentin-turienzo-campeones-de-espana-de-robotica\/"]}]},{"@type":"ImageObject","inLanguage":"es","@id":"https:\/\/www.colindres.es\/index.php\/project\/el-alcalde-de-colindres-recibe-a-los-alumnos-del-ies-valentin-turienzo-campeones-de-espana-de-robotica\/#primaryimage","url":"https:\/\/www.colindres.es\/wp-content\/uploads\/2017\/05\/Campeones-Espa\u00f1a-de-Rob\u00f3tica.jpg","contentUrl":"https:\/\/www.colindres.es\/wp-content\/uploads\/2017\/05\/Campeones-Espa\u00f1a-de-Rob\u00f3tica.jpg","width":4608,"height":3456},{"@type":"BreadcrumbList","@id":"https:\/\/www.colindres.es\/index.php\/project\/el-alcalde-de-colindres-recibe-a-los-alumnos-del-ies-valentin-turienzo-campeones-de-espana-de-robotica\/#breadcrumb","itemListElement":[{"@type":"ListItem","position":1,"name":"Portada","item":"https:\/\/www.colindres.es\/"},{"@type":"ListItem","position":2,"name":"Proyectos","item":"https:\/\/www.colindres.es\/index.php\/project\/"},{"@type":"ListItem","position":3,"name":"El alcalde de Colindres recibe a los alumnos del IES Valent\u00edn Turienzo campeones de Espa\u00f1a de rob\u00f3tica"}]},{"@type":"WebSite","@id":"https:\/\/www.colindres.es\/#website","url":"https:\/\/www.colindres.es\/","name":"Ayuntamiento de Colindres","description":"Dise\u00f1ado por NTIC&#039;s","publisher":{"@id":"https:\/\/www.colindres.es\/#organization"},"potentialAction":[{"@type":"SearchAction","target":{"@type":"EntryPoint","urlTemplate":"https:\/\/www.colindres.es\/?s={search_term_string}"},"query-input":{"@type":"PropertyValueSpecification","valueRequired":true,"valueName":"search_term_string"}}],"inLanguage":"es"},{"@type":"Organization","@id":"https:\/\/www.colindres.es\/#organization","name":"AYUNTAMIENTO DE COLINDRES","url":"https:\/\/www.colindres.es\/","logo":{"@type":"ImageObject","inLanguage":"es","@id":"https:\/\/www.colindres.es\/#\/schema\/logo\/image\/","url":"https:\/\/www.colindres.es\/wp-content\/uploads\/2017\/01\/LOGO-PRINCIPAL.jpg","contentUrl":"https:\/\/www.colindres.es\/wp-content\/uploads\/2017\/01\/LOGO-PRINCIPAL.jpg","width":1209,"height":579,"caption":"AYUNTAMIENTO DE COLINDRES"},"image":{"@id":"https:\/\/www.colindres.es\/#\/schema\/logo\/image\/"}}]}},"_links":{"self":[{"href":"https:\/\/www.colindres.es\/index.php\/wp-json\/wp\/v2\/project\/669","targetHints":{"allow":["GET"]}}],"collection":[{"href":"https:\/\/www.colindres.es\/index.php\/wp-json\/wp\/v2\/project"}],"about":[{"href":"https:\/\/www.colindres.es\/index.php\/wp-json\/wp\/v2\/types\/project"}],"author":[{"embeddable":true,"href":"https:\/\/www.colindres.es\/index.php\/wp-json\/wp\/v2\/users\/1"}],"replies":[{"embeddable":true,"href":"https:\/\/www.colindres.es\/index.php\/wp-json\/wp\/v2\/comments?post=669"}],"version-history":[{"count":1,"href":"https:\/\/www.colindres.es\/index.php\/wp-json\/wp\/v2\/project\/669\/revisions"}],"predecessor-version":[{"id":671,"href":"https:\/\/www.colindres.es\/index.php\/wp-json\/wp\/v2\/project\/669\/revisions\/671"}],"wp:featuredmedia":[{"embeddable":true,"href":"https:\/\/www.colindres.es\/index.php\/wp-json\/wp\/v2\/media\/670"}],"wp:attachment":[{"href":"https:\/\/www.colindres.es\/index.php\/wp-json\/wp\/v2\/media?parent=669"}],"wp:term":[{"taxonomy":"project_category","embeddable":true,"href":"https:\/\/www.colindres.es\/index.php\/wp-json\/wp\/v2\/project_category?post=669"},{"taxonomy":"project_tag","embeddable":true,"href":"https:\/\/www.colindres.es\/index.php\/wp-json\/wp\/v2\/project_tag?post=669"}],"curies":[{"name":"wp","href":"https:\/\/api.w.org\/{rel}","templated":true}]}}