{"id":2668,"date":"2019-02-23T11:11:14","date_gmt":"2019-02-23T11:11:14","guid":{"rendered":"https:\/\/www.colindres.es\/?post_type=project&#038;p=2668"},"modified":"2019-02-23T11:11:34","modified_gmt":"2019-02-23T11:11:34","slug":"el-ayuntamiento-traslada-el-taller-de-baile-para-mayores-a-la-sala-polivalente-de-la-piscina-cubierta","status":"publish","type":"project","link":"https:\/\/www.colindres.es\/index.php\/project\/el-ayuntamiento-traslada-el-taller-de-baile-para-mayores-a-la-sala-polivalente-de-la-piscina-cubierta\/","title":{"rendered":"El Ayuntamiento traslada el Taller de Baile para mayores a la sala polivalente de la piscina cubierta"},"content":{"rendered":"<p><strong>Debido al gran n\u00famero de inscripciones realizadas, el Consistorio ha modificado el lugar inicialmente previsto para garantizar la comodidad de los participantes<\/strong><\/p>\n<p><em>Colindres, 21 de febrero.-<\/em> El Taller de Baile para mayores organizado por la Concejal\u00eda de Servicios Sociales del Ayuntamiento de Colindres se realizar\u00e1, finalmente, los viernes en la Sala Polivalente de la Piscina municipal cubierta.<\/p>\n<p>La concejala responsable del \u00e1rea, Mar\u00eda Eugenia Casta\u00f1eda, ha explicado que el Consistorio se ha visto obligado a trasladar el lugar donde se iban a impartir las clases debido al destacado n\u00famero de inscripciones. Seg\u00fan ha se\u00f1alado, hasta el momento se han apuntado 48 personas, \u201clo que hac\u00eda imposible llevar a cabo el taller donde inicialmente estaba previsto\u201d.<\/p>\n<p>\u201cDesde la Concejal\u00eda de Servicios Sociales ten\u00edamos claro que no \u00edbamos a dejar a nadie fuera, por lo que hemos optado por trasladar el taller a una sala m\u00e1s amplia donde los participantes podr\u00e1n estar m\u00e1s c\u00f3modos\u201d, ha indicado Casta\u00f1eda.<\/p>\n<p>Adem\u00e1s, ante la \u201cgran acogida\u201d que ha tenido el curso, Casta\u00f1eda se ha comprometido a organizar una pr\u00f3xima edici\u00f3n.<\/p>\n<p>El taller de baile \u2018Disfrutar bailando: nunca es tarde\u2019 forma parte de las actividades programadas por el Ayuntamiento de Colindres para fomentar el envejecimiento activo de las personas mayores. Se prolongar\u00e1 durante los pr\u00f3ximos tres meses en horario matutino, comenzando este viernes 22 de febrero y finalizando el pr\u00f3ximo 17 de mayo, y para participar no es necesario conocimientos previos.<\/p>\n<p>&nbsp;<\/p>\n","protected":false},"excerpt":{"rendered":"<p>Debido al gran n\u00famero de inscripciones realizadas, el Consistorio ha modificado el lugar inicialmente previsto para garantizar la comodidad de los participantes Colindres, 21 de febrero.- El Taller de Baile para mayores organizado por la Concejal\u00eda de Servicios Sociales del Ayuntamiento de Colindres se realizar\u00e1, finalmente, los viernes en la Sala Polivalente de la Piscina [&hellip;]<\/p>\n","protected":false},"author":1,"featured_media":2669,"comment_status":"open","ping_status":"closed","template":"","meta":{"_et_pb_use_builder":"","_et_pb_old_content":"","_et_gb_content_width":"","footnotes":""},"project_category":[],"project_tag":[],"class_list":["post-2668","project","type-project","status-publish","has-post-thumbnail","hentry"],"yoast_head":"<!-- This site is optimized with the Yoast SEO plugin v24.9 - https:\/\/yoast.com\/wordpress\/plugins\/seo\/ -->\n<title>El Ayuntamiento traslada el Taller de Baile para mayores a la sala polivalente de la piscina cubierta - Ayuntamiento de Colindres<\/title>\n<meta name=\"robots\" content=\"index, follow, max-snippet:-1, max-image-preview:large, max-video-preview:-1\" \/>\n<link rel=\"canonical\" href=\"https:\/\/www.colindres.es\/index.php\/project\/el-ayuntamiento-traslada-el-taller-de-baile-para-mayores-a-la-sala-polivalente-de-la-piscina-cubierta\/\" \/>\n<meta property=\"og:locale\" content=\"es_ES\" \/>\n<meta property=\"og:type\" content=\"article\" \/>\n<meta property=\"og:title\" content=\"El Ayuntamiento traslada el Taller de Baile para mayores a la sala polivalente de la piscina cubierta - Ayuntamiento de Colindres\" \/>\n<meta property=\"og:description\" content=\"Debido al gran n\u00famero de inscripciones realizadas, el Consistorio ha modificado el lugar inicialmente previsto para garantizar la comodidad de los participantes Colindres, 21 de febrero.- El Taller de Baile para mayores organizado por la Concejal\u00eda de Servicios Sociales del Ayuntamiento de Colindres se realizar\u00e1, finalmente, los viernes en la Sala Polivalente de la Piscina [&hellip;]\" \/>\n<meta property=\"og:url\" content=\"https:\/\/www.colindres.es\/index.php\/project\/el-ayuntamiento-traslada-el-taller-de-baile-para-mayores-a-la-sala-polivalente-de-la-piscina-cubierta\/\" \/>\n<meta property=\"og:site_name\" content=\"Ayuntamiento de Colindres\" \/>\n<meta property=\"article:modified_time\" content=\"2019-02-23T11:11:34+00:00\" \/>\n<meta property=\"og:image\" content=\"https:\/\/www.colindres.es\/wp-content\/uploads\/2019\/02\/clases-de-baile-4.jpg\" \/>\n\t<meta property=\"og:image:width\" content=\"4252\" \/>\n\t<meta property=\"og:image:height\" content=\"2912\" \/>\n\t<meta property=\"og:image:type\" content=\"image\/jpeg\" \/>\n<meta name=\"twitter:card\" content=\"summary_large_image\" \/>\n<meta name=\"twitter:label1\" content=\"Tiempo de lectura\" \/>\n\t<meta name=\"twitter:data1\" content=\"1 minuto\" \/>\n<script type=\"application\/ld+json\" class=\"yoast-schema-graph\">{\"@context\":\"https:\/\/schema.org\",\"@graph\":[{\"@type\":\"WebPage\",\"@id\":\"https:\/\/www.colindres.es\/index.php\/project\/el-ayuntamiento-traslada-el-taller-de-baile-para-mayores-a-la-sala-polivalente-de-la-piscina-cubierta\/\",\"url\":\"https:\/\/www.colindres.es\/index.php\/project\/el-ayuntamiento-traslada-el-taller-de-baile-para-mayores-a-la-sala-polivalente-de-la-piscina-cubierta\/\",\"name\":\"El Ayuntamiento traslada el Taller de Baile para mayores a la sala polivalente de la piscina cubierta - Ayuntamiento de Colindres\",\"isPartOf\":{\"@id\":\"https:\/\/www.colindres.es\/#website\"},\"primaryImageOfPage\":{\"@id\":\"https:\/\/www.colindres.es\/index.php\/project\/el-ayuntamiento-traslada-el-taller-de-baile-para-mayores-a-la-sala-polivalente-de-la-piscina-cubierta\/#primaryimage\"},\"image\":{\"@id\":\"https:\/\/www.colindres.es\/index.php\/project\/el-ayuntamiento-traslada-el-taller-de-baile-para-mayores-a-la-sala-polivalente-de-la-piscina-cubierta\/#primaryimage\"},\"thumbnailUrl\":\"https:\/\/www.colindres.es\/wp-content\/uploads\/2019\/02\/clases-de-baile-4.jpg\",\"datePublished\":\"2019-02-23T11:11:14+00:00\",\"dateModified\":\"2019-02-23T11:11:34+00:00\",\"breadcrumb\":{\"@id\":\"https:\/\/www.colindres.es\/index.php\/project\/el-ayuntamiento-traslada-el-taller-de-baile-para-mayores-a-la-sala-polivalente-de-la-piscina-cubierta\/#breadcrumb\"},\"inLanguage\":\"es\",\"potentialAction\":[{\"@type\":\"ReadAction\",\"target\":[\"https:\/\/www.colindres.es\/index.php\/project\/el-ayuntamiento-traslada-el-taller-de-baile-para-mayores-a-la-sala-polivalente-de-la-piscina-cubierta\/\"]}]},{\"@type\":\"ImageObject\",\"inLanguage\":\"es\",\"@id\":\"https:\/\/www.colindres.es\/index.php\/project\/el-ayuntamiento-traslada-el-taller-de-baile-para-mayores-a-la-sala-polivalente-de-la-piscina-cubierta\/#primaryimage\",\"url\":\"https:\/\/www.colindres.es\/wp-content\/uploads\/2019\/02\/clases-de-baile-4.jpg\",\"contentUrl\":\"https:\/\/www.colindres.es\/wp-content\/uploads\/2019\/02\/clases-de-baile-4.jpg\",\"width\":4252,\"height\":2912},{\"@type\":\"BreadcrumbList\",\"@id\":\"https:\/\/www.colindres.es\/index.php\/project\/el-ayuntamiento-traslada-el-taller-de-baile-para-mayores-a-la-sala-polivalente-de-la-piscina-cubierta\/#breadcrumb\",\"itemListElement\":[{\"@type\":\"ListItem\",\"position\":1,\"name\":\"Portada\",\"item\":\"https:\/\/www.colindres.es\/\"},{\"@type\":\"ListItem\",\"position\":2,\"name\":\"Proyectos\",\"item\":\"https:\/\/www.colindres.es\/index.php\/project\/\"},{\"@type\":\"ListItem\",\"position\":3,\"name\":\"El Ayuntamiento traslada el Taller de Baile para mayores a la sala polivalente de la piscina cubierta\"}]},{\"@type\":\"WebSite\",\"@id\":\"https:\/\/www.colindres.es\/#website\",\"url\":\"https:\/\/www.colindres.es\/\",\"name\":\"Ayuntamiento de Colindres\",\"description\":\"Dise\u00f1ado por NTIC&#039;s\",\"publisher\":{\"@id\":\"https:\/\/www.colindres.es\/#organization\"},\"potentialAction\":[{\"@type\":\"SearchAction\",\"target\":{\"@type\":\"EntryPoint\",\"urlTemplate\":\"https:\/\/www.colindres.es\/?s={search_term_string}\"},\"query-input\":{\"@type\":\"PropertyValueSpecification\",\"valueRequired\":true,\"valueName\":\"search_term_string\"}}],\"inLanguage\":\"es\"},{\"@type\":\"Organization\",\"@id\":\"https:\/\/www.colindres.es\/#organization\",\"name\":\"AYUNTAMIENTO DE COLINDRES\",\"url\":\"https:\/\/www.colindres.es\/\",\"logo\":{\"@type\":\"ImageObject\",\"inLanguage\":\"es\",\"@id\":\"https:\/\/www.colindres.es\/#\/schema\/logo\/image\/\",\"url\":\"https:\/\/www.colindres.es\/wp-content\/uploads\/2017\/01\/LOGO-PRINCIPAL.jpg\",\"contentUrl\":\"https:\/\/www.colindres.es\/wp-content\/uploads\/2017\/01\/LOGO-PRINCIPAL.jpg\",\"width\":1209,\"height\":579,\"caption\":\"AYUNTAMIENTO DE COLINDRES\"},\"image\":{\"@id\":\"https:\/\/www.colindres.es\/#\/schema\/logo\/image\/\"}}]}<\/script>\n<!-- \/ Yoast SEO plugin. -->","yoast_head_json":{"title":"El Ayuntamiento traslada el Taller de Baile para mayores a la sala polivalente de la piscina cubierta - Ayuntamiento de Colindres","robots":{"index":"index","follow":"follow","max-snippet":"max-snippet:-1","max-image-preview":"max-image-preview:large","max-video-preview":"max-video-preview:-1"},"canonical":"https:\/\/www.colindres.es\/index.php\/project\/el-ayuntamiento-traslada-el-taller-de-baile-para-mayores-a-la-sala-polivalente-de-la-piscina-cubierta\/","og_locale":"es_ES","og_type":"article","og_title":"El Ayuntamiento traslada el Taller de Baile para mayores a la sala polivalente de la piscina cubierta - Ayuntamiento de Colindres","og_description":"Debido al gran n\u00famero de inscripciones realizadas, el Consistorio ha modificado el lugar inicialmente previsto para garantizar la comodidad de los participantes Colindres, 21 de febrero.- El Taller de Baile para mayores organizado por la Concejal\u00eda de Servicios Sociales del Ayuntamiento de Colindres se realizar\u00e1, finalmente, los viernes en la Sala Polivalente de la Piscina [&hellip;]","og_url":"https:\/\/www.colindres.es\/index.php\/project\/el-ayuntamiento-traslada-el-taller-de-baile-para-mayores-a-la-sala-polivalente-de-la-piscina-cubierta\/","og_site_name":"Ayuntamiento de Colindres","article_modified_time":"2019-02-23T11:11:34+00:00","og_image":[{"width":4252,"height":2912,"url":"https:\/\/www.colindres.es\/wp-content\/uploads\/2019\/02\/clases-de-baile-4.jpg","type":"image\/jpeg"}],"twitter_card":"summary_large_image","twitter_misc":{"Tiempo de lectura":"1 minuto"},"schema":{"@context":"https:\/\/schema.org","@graph":[{"@type":"WebPage","@id":"https:\/\/www.colindres.es\/index.php\/project\/el-ayuntamiento-traslada-el-taller-de-baile-para-mayores-a-la-sala-polivalente-de-la-piscina-cubierta\/","url":"https:\/\/www.colindres.es\/index.php\/project\/el-ayuntamiento-traslada-el-taller-de-baile-para-mayores-a-la-sala-polivalente-de-la-piscina-cubierta\/","name":"El Ayuntamiento traslada el Taller de Baile para mayores a la sala polivalente de la piscina cubierta - Ayuntamiento de Colindres","isPartOf":{"@id":"https:\/\/www.colindres.es\/#website"},"primaryImageOfPage":{"@id":"https:\/\/www.colindres.es\/index.php\/project\/el-ayuntamiento-traslada-el-taller-de-baile-para-mayores-a-la-sala-polivalente-de-la-piscina-cubierta\/#primaryimage"},"image":{"@id":"https:\/\/www.colindres.es\/index.php\/project\/el-ayuntamiento-traslada-el-taller-de-baile-para-mayores-a-la-sala-polivalente-de-la-piscina-cubierta\/#primaryimage"},"thumbnailUrl":"https:\/\/www.colindres.es\/wp-content\/uploads\/2019\/02\/clases-de-baile-4.jpg","datePublished":"2019-02-23T11:11:14+00:00","dateModified":"2019-02-23T11:11:34+00:00","breadcrumb":{"@id":"https:\/\/www.colindres.es\/index.php\/project\/el-ayuntamiento-traslada-el-taller-de-baile-para-mayores-a-la-sala-polivalente-de-la-piscina-cubierta\/#breadcrumb"},"inLanguage":"es","potentialAction":[{"@type":"ReadAction","target":["https:\/\/www.colindres.es\/index.php\/project\/el-ayuntamiento-traslada-el-taller-de-baile-para-mayores-a-la-sala-polivalente-de-la-piscina-cubierta\/"]}]},{"@type":"ImageObject","inLanguage":"es","@id":"https:\/\/www.colindres.es\/index.php\/project\/el-ayuntamiento-traslada-el-taller-de-baile-para-mayores-a-la-sala-polivalente-de-la-piscina-cubierta\/#primaryimage","url":"https:\/\/www.colindres.es\/wp-content\/uploads\/2019\/02\/clases-de-baile-4.jpg","contentUrl":"https:\/\/www.colindres.es\/wp-content\/uploads\/2019\/02\/clases-de-baile-4.jpg","width":4252,"height":2912},{"@type":"BreadcrumbList","@id":"https:\/\/www.colindres.es\/index.php\/project\/el-ayuntamiento-traslada-el-taller-de-baile-para-mayores-a-la-sala-polivalente-de-la-piscina-cubierta\/#breadcrumb","itemListElement":[{"@type":"ListItem","position":1,"name":"Portada","item":"https:\/\/www.colindres.es\/"},{"@type":"ListItem","position":2,"name":"Proyectos","item":"https:\/\/www.colindres.es\/index.php\/project\/"},{"@type":"ListItem","position":3,"name":"El Ayuntamiento traslada el Taller de Baile para mayores a la sala polivalente de la piscina cubierta"}]},{"@type":"WebSite","@id":"https:\/\/www.colindres.es\/#website","url":"https:\/\/www.colindres.es\/","name":"Ayuntamiento de Colindres","description":"Dise\u00f1ado por NTIC&#039;s","publisher":{"@id":"https:\/\/www.colindres.es\/#organization"},"potentialAction":[{"@type":"SearchAction","target":{"@type":"EntryPoint","urlTemplate":"https:\/\/www.colindres.es\/?s={search_term_string}"},"query-input":{"@type":"PropertyValueSpecification","valueRequired":true,"valueName":"search_term_string"}}],"inLanguage":"es"},{"@type":"Organization","@id":"https:\/\/www.colindres.es\/#organization","name":"AYUNTAMIENTO DE COLINDRES","url":"https:\/\/www.colindres.es\/","logo":{"@type":"ImageObject","inLanguage":"es","@id":"https:\/\/www.colindres.es\/#\/schema\/logo\/image\/","url":"https:\/\/www.colindres.es\/wp-content\/uploads\/2017\/01\/LOGO-PRINCIPAL.jpg","contentUrl":"https:\/\/www.colindres.es\/wp-content\/uploads\/2017\/01\/LOGO-PRINCIPAL.jpg","width":1209,"height":579,"caption":"AYUNTAMIENTO DE COLINDRES"},"image":{"@id":"https:\/\/www.colindres.es\/#\/schema\/logo\/image\/"}}]}},"_links":{"self":[{"href":"https:\/\/www.colindres.es\/index.php\/wp-json\/wp\/v2\/project\/2668","targetHints":{"allow":["GET"]}}],"collection":[{"href":"https:\/\/www.colindres.es\/index.php\/wp-json\/wp\/v2\/project"}],"about":[{"href":"https:\/\/www.colindres.es\/index.php\/wp-json\/wp\/v2\/types\/project"}],"author":[{"embeddable":true,"href":"https:\/\/www.colindres.es\/index.php\/wp-json\/wp\/v2\/users\/1"}],"replies":[{"embeddable":true,"href":"https:\/\/www.colindres.es\/index.php\/wp-json\/wp\/v2\/comments?post=2668"}],"version-history":[{"count":2,"href":"https:\/\/www.colindres.es\/index.php\/wp-json\/wp\/v2\/project\/2668\/revisions"}],"predecessor-version":[{"id":2671,"href":"https:\/\/www.colindres.es\/index.php\/wp-json\/wp\/v2\/project\/2668\/revisions\/2671"}],"wp:featuredmedia":[{"embeddable":true,"href":"https:\/\/www.colindres.es\/index.php\/wp-json\/wp\/v2\/media\/2669"}],"wp:attachment":[{"href":"https:\/\/www.colindres.es\/index.php\/wp-json\/wp\/v2\/media?parent=2668"}],"wp:term":[{"taxonomy":"project_category","embeddable":true,"href":"https:\/\/www.colindres.es\/index.php\/wp-json\/wp\/v2\/project_category?post=2668"},{"taxonomy":"project_tag","embeddable":true,"href":"https:\/\/www.colindres.es\/index.php\/wp-json\/wp\/v2\/project_tag?post=2668"}],"curies":[{"name":"wp","href":"https:\/\/api.w.org\/{rel}","templated":true}]}}