{"id":2321,"date":"2019-02-20T11:22:56","date_gmt":"2019-02-20T11:22:56","guid":{"rendered":"https:\/\/www.colindres.es\/?post_type=project&#038;p=2321"},"modified":"2019-02-20T11:22:56","modified_gmt":"2019-02-20T11:22:56","slug":"llegan-a-colindres-58-jovenes-de-le-haillan-para-participar-en-un-programa-de-intercambio-cultural-financiado-por-la-union-europea","status":"publish","type":"project","link":"https:\/\/www.colindres.es\/index.php\/project\/llegan-a-colindres-58-jovenes-de-le-haillan-para-participar-en-un-programa-de-intercambio-cultural-financiado-por-la-union-europea\/","title":{"rendered":"Llegan a Colindres 58 j\u00f3venes de Le Haillan para participar en un programa de intercambio cultural financiado por la Uni\u00f3n Europea"},"content":{"rendered":"<p><strong>Durante esta semana realizar\u00e1n actividades y visitas culturales destinadas a conocer el patrimonio y las tradiciones del municipio y de Cantabria<\/strong><\/p>\n<p><em>Colindres, 18 de febrero.-<\/em> 58 j\u00f3venes procedentes de la localidad francesa de Le Haillan han llegado a Colindres para participar en un programa de intercambio cultural denominado \u2018Historic Pathways\u2019, financiado por la Uni\u00f3n Europea.<\/p>\n<p>Los j\u00f3venes y sus profesores llegaron este lunes a Colindres y fueron recibidos por la Concejala de Servicios Sociales, Econom\u00eda y Festejos, Mar\u00eda Eugenia Casta\u00f1eda, quien les dio la bienvenido en un acto celebrado anoche en el Sal\u00f3n de Plenos del Ayuntamiento, al que tambi\u00e9n asistieron otros miembros de la Corporaci\u00f3n municipal.<\/p>\n<p>Casta\u00f1eda ha se\u00f1alado que el hecho de que los j\u00f3venes provengan de Le Haillan \u201cno es casualidad\u201d, ya que \u201ceste municipio ubicado en la regi\u00f3n de Aquitania, muy cerca de Burdeos, est\u00e1 hermanado con Colindres desde hace casi tres d\u00e9cadas, concretamente desde 1990\u201d, tal y como ha recordado la edil.<\/p>\n<p>La concejala ha animado a los estudiantes a aprovechar esta \u201cgran experiencia\u201d y a \u201cenriquecerse con el rico patrimonio hist\u00f3rico, cultural y medioambiental de Cantabria\u201d, al tiempo que se ha mostrado convencido de que durante estos d\u00edas \u201cse encontrar\u00e1n como en casa porque Colindres es un municipio hospitalario\u201d.<\/p>\n<p>Igualmente, Casta\u00f1eda ha agradecido en nombre del Ayuntamiento a las asociaciones y agentes de Colindres que se han prestado a participar y colaborar en este programa europeo.<\/p>\n<p>A lo largo de esta semana los j\u00f3venes llevar\u00e1n a cabo una intensa agenda de actividades culturales enfocadas a compartir conocimiento sobre las costumbres y tradiciones de ambas regiones y a profundizar, especialmente, en el legado cultural del Camino de Santiago a su paso por Cantabria.<\/p>\n<p>As\u00ed, este martes el concejal de Educaci\u00f3n, Patrimonio y Empleo de Colindres, Adri\u00e1n Seti\u00e9n, que es licenciado en Historia, har\u00e1 una presentaci\u00f3n sobre Cantabria y, posteriormente, se ha organizado una mesa de trabajo llamada \u2018Conociendo nuestros municipios\u2019 con j\u00f3venes de las dos localidades.<\/p>\n<p>Antes de comer la Asociaci\u00f3n El Arrincadero llevar\u00e1 a cabo un taller y ruta guiada por el patrimonio hist\u00f3rico y art\u00edstico del Camino de Santiago en Colindres, y ya por la tarde presentar\u00e1n la historia del peregrino Gin\u00e9s y su oca Eulalia.<\/p>\n<p>Al d\u00eda siguiente, el mi\u00e9rcoles, habr\u00e1 un encuentro con j\u00f3venes del IES Valent\u00edn Turienzo para compartir valores y durante toda la ma\u00f1ana se realizar\u00e1n talleres para el fomento de la cultura, la innovaci\u00f3n y la cooperaci\u00f3n, as\u00ed como de m\u00fasica, rob\u00f3tica y deporte. En la jornada vespertina, los estudiantes de Le Haillan visitar\u00e1n la Casa de la Juventud de Colindres, donde conocer\u00e1n m\u00e1s acerca de las tradiciones de Cantabria, y a \u00faltima hora de la tarde habr\u00e1 un nuevo encuentro de hermanamiento, en esta ocasi\u00f3n con el Club Balonmano Colindres y miembros del Handball Infos 33 de Burdeos.<\/p>\n<p>Ya el jueves, la responsable de la Oficina de Asuntos Europeos del Gobierno de Cantabria, Mar\u00eda Consuelo Hospital, dirigir\u00e1 un coloquio que lleva por t\u00edtulo \u2018C\u00f3mo crear una identidad com\u00fan: el futuro de la Uni\u00f3n Europea\u2019. Una vez concluido, los j\u00f3venes se desplazar\u00e1n a Santander para visitar el Museo de Prehistoria y Arqueolog\u00eda de Cantabria, el Palacio de La Magdalena y el Museo Mar\u00edtimo.<\/p>\n<p>Para concluir su estancia en Colindres, el viernes conocer\u00e1n la experiencia de una peregrina del Camino de Santiago, realizar\u00e1n una ruta guiada por las Marismas de Colindres, que forman parte del Parque Natural de las Marismas de Santo\u00f1a, Victoria y Joyel, y visitar\u00e1n la Cofrad\u00eda de San Gin\u00e9s, para finalmente compartir una comida tradicional de despedida.<\/p>\n","protected":false},"excerpt":{"rendered":"<p>Durante esta semana realizar\u00e1n actividades y visitas culturales destinadas a conocer el patrimonio y las tradiciones del municipio y de Cantabria Colindres, 18 de febrero.- 58 j\u00f3venes procedentes de la localidad francesa de Le Haillan han llegado a Colindres para participar en un programa de intercambio cultural denominado \u2018Historic Pathways\u2019, financiado por la Uni\u00f3n Europea. [&hellip;]<\/p>\n","protected":false},"author":1,"featured_media":2322,"comment_status":"open","ping_status":"closed","template":"","meta":{"_et_pb_use_builder":"","_et_pb_old_content":"","_et_gb_content_width":"","footnotes":""},"project_category":[],"project_tag":[],"class_list":["post-2321","project","type-project","status-publish","has-post-thumbnail","hentry"],"yoast_head":"<!-- This site is optimized with the Yoast SEO plugin v24.9 - https:\/\/yoast.com\/wordpress\/plugins\/seo\/ -->\n<title>Llegan a Colindres 58 j\u00f3venes de Le Haillan para participar en un programa de intercambio cultural financiado por la Uni\u00f3n Europea - Ayuntamiento de Colindres<\/title>\n<meta name=\"robots\" content=\"index, follow, max-snippet:-1, max-image-preview:large, max-video-preview:-1\" \/>\n<link rel=\"canonical\" href=\"https:\/\/www.colindres.es\/index.php\/project\/llegan-a-colindres-58-jovenes-de-le-haillan-para-participar-en-un-programa-de-intercambio-cultural-financiado-por-la-union-europea\/\" \/>\n<meta property=\"og:locale\" content=\"es_ES\" \/>\n<meta property=\"og:type\" content=\"article\" \/>\n<meta property=\"og:title\" content=\"Llegan a Colindres 58 j\u00f3venes de Le Haillan para participar en un programa de intercambio cultural financiado por la Uni\u00f3n Europea - Ayuntamiento de Colindres\" \/>\n<meta property=\"og:description\" content=\"Durante esta semana realizar\u00e1n actividades y visitas culturales destinadas a conocer el patrimonio y las tradiciones del municipio y de Cantabria Colindres, 18 de febrero.- 58 j\u00f3venes procedentes de la localidad francesa de Le Haillan han llegado a Colindres para participar en un programa de intercambio cultural denominado \u2018Historic Pathways\u2019, financiado por la Uni\u00f3n Europea. [&hellip;]\" \/>\n<meta property=\"og:url\" content=\"https:\/\/www.colindres.es\/index.php\/project\/llegan-a-colindres-58-jovenes-de-le-haillan-para-participar-en-un-programa-de-intercambio-cultural-financiado-por-la-union-europea\/\" \/>\n<meta property=\"og:site_name\" content=\"Ayuntamiento de Colindres\" \/>\n<meta property=\"og:image\" content=\"https:\/\/www.colindres.es\/wp-content\/uploads\/2019\/02\/Intercambio-Le-Haillan.jpg\" \/>\n\t<meta property=\"og:image:width\" content=\"1280\" \/>\n\t<meta property=\"og:image:height\" content=\"960\" \/>\n\t<meta property=\"og:image:type\" content=\"image\/jpeg\" \/>\n<meta name=\"twitter:card\" content=\"summary_large_image\" \/>\n<meta name=\"twitter:label1\" content=\"Tiempo de lectura\" \/>\n\t<meta name=\"twitter:data1\" content=\"3 minutos\" \/>\n<script type=\"application\/ld+json\" class=\"yoast-schema-graph\">{\"@context\":\"https:\/\/schema.org\",\"@graph\":[{\"@type\":\"WebPage\",\"@id\":\"https:\/\/www.colindres.es\/index.php\/project\/llegan-a-colindres-58-jovenes-de-le-haillan-para-participar-en-un-programa-de-intercambio-cultural-financiado-por-la-union-europea\/\",\"url\":\"https:\/\/www.colindres.es\/index.php\/project\/llegan-a-colindres-58-jovenes-de-le-haillan-para-participar-en-un-programa-de-intercambio-cultural-financiado-por-la-union-europea\/\",\"name\":\"Llegan a Colindres 58 j\u00f3venes de Le Haillan para participar en un programa de intercambio cultural financiado por la Uni\u00f3n Europea - Ayuntamiento de Colindres\",\"isPartOf\":{\"@id\":\"https:\/\/www.colindres.es\/#website\"},\"primaryImageOfPage\":{\"@id\":\"https:\/\/www.colindres.es\/index.php\/project\/llegan-a-colindres-58-jovenes-de-le-haillan-para-participar-en-un-programa-de-intercambio-cultural-financiado-por-la-union-europea\/#primaryimage\"},\"image\":{\"@id\":\"https:\/\/www.colindres.es\/index.php\/project\/llegan-a-colindres-58-jovenes-de-le-haillan-para-participar-en-un-programa-de-intercambio-cultural-financiado-por-la-union-europea\/#primaryimage\"},\"thumbnailUrl\":\"https:\/\/www.colindres.es\/wp-content\/uploads\/2019\/02\/Intercambio-Le-Haillan.jpg\",\"datePublished\":\"2019-02-20T11:22:56+00:00\",\"breadcrumb\":{\"@id\":\"https:\/\/www.colindres.es\/index.php\/project\/llegan-a-colindres-58-jovenes-de-le-haillan-para-participar-en-un-programa-de-intercambio-cultural-financiado-por-la-union-europea\/#breadcrumb\"},\"inLanguage\":\"es\",\"potentialAction\":[{\"@type\":\"ReadAction\",\"target\":[\"https:\/\/www.colindres.es\/index.php\/project\/llegan-a-colindres-58-jovenes-de-le-haillan-para-participar-en-un-programa-de-intercambio-cultural-financiado-por-la-union-europea\/\"]}]},{\"@type\":\"ImageObject\",\"inLanguage\":\"es\",\"@id\":\"https:\/\/www.colindres.es\/index.php\/project\/llegan-a-colindres-58-jovenes-de-le-haillan-para-participar-en-un-programa-de-intercambio-cultural-financiado-por-la-union-europea\/#primaryimage\",\"url\":\"https:\/\/www.colindres.es\/wp-content\/uploads\/2019\/02\/Intercambio-Le-Haillan.jpg\",\"contentUrl\":\"https:\/\/www.colindres.es\/wp-content\/uploads\/2019\/02\/Intercambio-Le-Haillan.jpg\",\"width\":1280,\"height\":960},{\"@type\":\"BreadcrumbList\",\"@id\":\"https:\/\/www.colindres.es\/index.php\/project\/llegan-a-colindres-58-jovenes-de-le-haillan-para-participar-en-un-programa-de-intercambio-cultural-financiado-por-la-union-europea\/#breadcrumb\",\"itemListElement\":[{\"@type\":\"ListItem\",\"position\":1,\"name\":\"Portada\",\"item\":\"https:\/\/www.colindres.es\/\"},{\"@type\":\"ListItem\",\"position\":2,\"name\":\"Proyectos\",\"item\":\"https:\/\/www.colindres.es\/index.php\/project\/\"},{\"@type\":\"ListItem\",\"position\":3,\"name\":\"Llegan a Colindres 58 j\u00f3venes de Le Haillan para participar en un programa de intercambio cultural financiado por la Uni\u00f3n Europea\"}]},{\"@type\":\"WebSite\",\"@id\":\"https:\/\/www.colindres.es\/#website\",\"url\":\"https:\/\/www.colindres.es\/\",\"name\":\"Ayuntamiento de Colindres\",\"description\":\"Dise\u00f1ado por NTIC&#039;s\",\"publisher\":{\"@id\":\"https:\/\/www.colindres.es\/#organization\"},\"potentialAction\":[{\"@type\":\"SearchAction\",\"target\":{\"@type\":\"EntryPoint\",\"urlTemplate\":\"https:\/\/www.colindres.es\/?s={search_term_string}\"},\"query-input\":{\"@type\":\"PropertyValueSpecification\",\"valueRequired\":true,\"valueName\":\"search_term_string\"}}],\"inLanguage\":\"es\"},{\"@type\":\"Organization\",\"@id\":\"https:\/\/www.colindres.es\/#organization\",\"name\":\"AYUNTAMIENTO DE COLINDRES\",\"url\":\"https:\/\/www.colindres.es\/\",\"logo\":{\"@type\":\"ImageObject\",\"inLanguage\":\"es\",\"@id\":\"https:\/\/www.colindres.es\/#\/schema\/logo\/image\/\",\"url\":\"https:\/\/www.colindres.es\/wp-content\/uploads\/2017\/01\/LOGO-PRINCIPAL.jpg\",\"contentUrl\":\"https:\/\/www.colindres.es\/wp-content\/uploads\/2017\/01\/LOGO-PRINCIPAL.jpg\",\"width\":1209,\"height\":579,\"caption\":\"AYUNTAMIENTO DE COLINDRES\"},\"image\":{\"@id\":\"https:\/\/www.colindres.es\/#\/schema\/logo\/image\/\"}}]}<\/script>\n<!-- \/ Yoast SEO plugin. -->","yoast_head_json":{"title":"Llegan a Colindres 58 j\u00f3venes de Le Haillan para participar en un programa de intercambio cultural financiado por la Uni\u00f3n Europea - Ayuntamiento de Colindres","robots":{"index":"index","follow":"follow","max-snippet":"max-snippet:-1","max-image-preview":"max-image-preview:large","max-video-preview":"max-video-preview:-1"},"canonical":"https:\/\/www.colindres.es\/index.php\/project\/llegan-a-colindres-58-jovenes-de-le-haillan-para-participar-en-un-programa-de-intercambio-cultural-financiado-por-la-union-europea\/","og_locale":"es_ES","og_type":"article","og_title":"Llegan a Colindres 58 j\u00f3venes de Le Haillan para participar en un programa de intercambio cultural financiado por la Uni\u00f3n Europea - Ayuntamiento de Colindres","og_description":"Durante esta semana realizar\u00e1n actividades y visitas culturales destinadas a conocer el patrimonio y las tradiciones del municipio y de Cantabria Colindres, 18 de febrero.- 58 j\u00f3venes procedentes de la localidad francesa de Le Haillan han llegado a Colindres para participar en un programa de intercambio cultural denominado \u2018Historic Pathways\u2019, financiado por la Uni\u00f3n Europea. [&hellip;]","og_url":"https:\/\/www.colindres.es\/index.php\/project\/llegan-a-colindres-58-jovenes-de-le-haillan-para-participar-en-un-programa-de-intercambio-cultural-financiado-por-la-union-europea\/","og_site_name":"Ayuntamiento de Colindres","og_image":[{"width":1280,"height":960,"url":"https:\/\/www.colindres.es\/wp-content\/uploads\/2019\/02\/Intercambio-Le-Haillan.jpg","type":"image\/jpeg"}],"twitter_card":"summary_large_image","twitter_misc":{"Tiempo de lectura":"3 minutos"},"schema":{"@context":"https:\/\/schema.org","@graph":[{"@type":"WebPage","@id":"https:\/\/www.colindres.es\/index.php\/project\/llegan-a-colindres-58-jovenes-de-le-haillan-para-participar-en-un-programa-de-intercambio-cultural-financiado-por-la-union-europea\/","url":"https:\/\/www.colindres.es\/index.php\/project\/llegan-a-colindres-58-jovenes-de-le-haillan-para-participar-en-un-programa-de-intercambio-cultural-financiado-por-la-union-europea\/","name":"Llegan a Colindres 58 j\u00f3venes de Le Haillan para participar en un programa de intercambio cultural financiado por la Uni\u00f3n Europea - Ayuntamiento de Colindres","isPartOf":{"@id":"https:\/\/www.colindres.es\/#website"},"primaryImageOfPage":{"@id":"https:\/\/www.colindres.es\/index.php\/project\/llegan-a-colindres-58-jovenes-de-le-haillan-para-participar-en-un-programa-de-intercambio-cultural-financiado-por-la-union-europea\/#primaryimage"},"image":{"@id":"https:\/\/www.colindres.es\/index.php\/project\/llegan-a-colindres-58-jovenes-de-le-haillan-para-participar-en-un-programa-de-intercambio-cultural-financiado-por-la-union-europea\/#primaryimage"},"thumbnailUrl":"https:\/\/www.colindres.es\/wp-content\/uploads\/2019\/02\/Intercambio-Le-Haillan.jpg","datePublished":"2019-02-20T11:22:56+00:00","breadcrumb":{"@id":"https:\/\/www.colindres.es\/index.php\/project\/llegan-a-colindres-58-jovenes-de-le-haillan-para-participar-en-un-programa-de-intercambio-cultural-financiado-por-la-union-europea\/#breadcrumb"},"inLanguage":"es","potentialAction":[{"@type":"ReadAction","target":["https:\/\/www.colindres.es\/index.php\/project\/llegan-a-colindres-58-jovenes-de-le-haillan-para-participar-en-un-programa-de-intercambio-cultural-financiado-por-la-union-europea\/"]}]},{"@type":"ImageObject","inLanguage":"es","@id":"https:\/\/www.colindres.es\/index.php\/project\/llegan-a-colindres-58-jovenes-de-le-haillan-para-participar-en-un-programa-de-intercambio-cultural-financiado-por-la-union-europea\/#primaryimage","url":"https:\/\/www.colindres.es\/wp-content\/uploads\/2019\/02\/Intercambio-Le-Haillan.jpg","contentUrl":"https:\/\/www.colindres.es\/wp-content\/uploads\/2019\/02\/Intercambio-Le-Haillan.jpg","width":1280,"height":960},{"@type":"BreadcrumbList","@id":"https:\/\/www.colindres.es\/index.php\/project\/llegan-a-colindres-58-jovenes-de-le-haillan-para-participar-en-un-programa-de-intercambio-cultural-financiado-por-la-union-europea\/#breadcrumb","itemListElement":[{"@type":"ListItem","position":1,"name":"Portada","item":"https:\/\/www.colindres.es\/"},{"@type":"ListItem","position":2,"name":"Proyectos","item":"https:\/\/www.colindres.es\/index.php\/project\/"},{"@type":"ListItem","position":3,"name":"Llegan a Colindres 58 j\u00f3venes de Le Haillan para participar en un programa de intercambio cultural financiado por la Uni\u00f3n Europea"}]},{"@type":"WebSite","@id":"https:\/\/www.colindres.es\/#website","url":"https:\/\/www.colindres.es\/","name":"Ayuntamiento de Colindres","description":"Dise\u00f1ado por NTIC&#039;s","publisher":{"@id":"https:\/\/www.colindres.es\/#organization"},"potentialAction":[{"@type":"SearchAction","target":{"@type":"EntryPoint","urlTemplate":"https:\/\/www.colindres.es\/?s={search_term_string}"},"query-input":{"@type":"PropertyValueSpecification","valueRequired":true,"valueName":"search_term_string"}}],"inLanguage":"es"},{"@type":"Organization","@id":"https:\/\/www.colindres.es\/#organization","name":"AYUNTAMIENTO DE COLINDRES","url":"https:\/\/www.colindres.es\/","logo":{"@type":"ImageObject","inLanguage":"es","@id":"https:\/\/www.colindres.es\/#\/schema\/logo\/image\/","url":"https:\/\/www.colindres.es\/wp-content\/uploads\/2017\/01\/LOGO-PRINCIPAL.jpg","contentUrl":"https:\/\/www.colindres.es\/wp-content\/uploads\/2017\/01\/LOGO-PRINCIPAL.jpg","width":1209,"height":579,"caption":"AYUNTAMIENTO DE COLINDRES"},"image":{"@id":"https:\/\/www.colindres.es\/#\/schema\/logo\/image\/"}}]}},"_links":{"self":[{"href":"https:\/\/www.colindres.es\/index.php\/wp-json\/wp\/v2\/project\/2321","targetHints":{"allow":["GET"]}}],"collection":[{"href":"https:\/\/www.colindres.es\/index.php\/wp-json\/wp\/v2\/project"}],"about":[{"href":"https:\/\/www.colindres.es\/index.php\/wp-json\/wp\/v2\/types\/project"}],"author":[{"embeddable":true,"href":"https:\/\/www.colindres.es\/index.php\/wp-json\/wp\/v2\/users\/1"}],"replies":[{"embeddable":true,"href":"https:\/\/www.colindres.es\/index.php\/wp-json\/wp\/v2\/comments?post=2321"}],"version-history":[{"count":1,"href":"https:\/\/www.colindres.es\/index.php\/wp-json\/wp\/v2\/project\/2321\/revisions"}],"predecessor-version":[{"id":2323,"href":"https:\/\/www.colindres.es\/index.php\/wp-json\/wp\/v2\/project\/2321\/revisions\/2323"}],"wp:featuredmedia":[{"embeddable":true,"href":"https:\/\/www.colindres.es\/index.php\/wp-json\/wp\/v2\/media\/2322"}],"wp:attachment":[{"href":"https:\/\/www.colindres.es\/index.php\/wp-json\/wp\/v2\/media?parent=2321"}],"wp:term":[{"taxonomy":"project_category","embeddable":true,"href":"https:\/\/www.colindres.es\/index.php\/wp-json\/wp\/v2\/project_category?post=2321"},{"taxonomy":"project_tag","embeddable":true,"href":"https:\/\/www.colindres.es\/index.php\/wp-json\/wp\/v2\/project_tag?post=2321"}],"curies":[{"name":"wp","href":"https:\/\/api.w.org\/{rel}","templated":true}]}}