{"id":2192,"date":"2019-02-19T10:08:46","date_gmt":"2019-02-19T10:08:46","guid":{"rendered":"https:\/\/www.colindres.es\/?post_type=project&#038;p=2192"},"modified":"2019-02-19T10:08:46","modified_gmt":"2019-02-19T10:08:46","slug":"convocatoria-de-pleno-a-las-diecinueve-horas-del-21-de-febrero-de-2019","status":"publish","type":"project","link":"https:\/\/www.colindres.es\/index.php\/project\/convocatoria-de-pleno-a-las-diecinueve-horas-del-21-de-febrero-de-2019\/","title":{"rendered":"CONVOCATORIA DE PLENO &#8211; a las DIECINUEVE HORAS del 21 de febrero de 2019"},"content":{"rendered":"<p>Por la presente se le convoca a sesi\u00f3n extraordinaria y urgente de Pleno que se celebrar\u00e1 en el Sal\u00f3n de Plenos de la Casa Consistorial<strong>, a las DIECINUEVE HORAS del 21 de febrero de 2019<\/strong>, de acuerdo con lo estipulado en el art\u00edculo 113 del ROF, con el siguiente<\/p>\n<p><strong>ORDEN DEL D\u00cdA.<\/strong><\/p>\n<p><strong>1.- Ratificaci\u00f3n de la urgencia de la convocatoria: la justificaci\u00f3n de la urgencia se debe a la necesidad de agilizar la tramitaci\u00f3n de la adjudicaci\u00f3n del contrato de obra al estar vinculada a una subvenci\u00f3n as\u00ed como a la necesidad de determinar el importe de adjudicaci\u00f3n correspondiente.<\/strong><\/p>\n<p><strong>2.- Aprobaci\u00f3n de la propuesta de clasificaci\u00f3n del contrato de obra: RENOVACI\u00d3N DEL EDIFICIO DE GESTI\u00d3N Y VESTUARIOS CAMPO DE FUTBOL EL CARMEN. EXPEDIENTE N\u00ba: CON\/16\/2018.<\/strong><\/p>\n<p>A partir de esta fecha tiene usted a su disposici\u00f3n en la Secretar\u00eda General de esta Corporaci\u00f3n, los antecedentes relacionados con los asuntos que figuran en el orden del d\u00eda<\/p>\n<p>En Colindres, a 18 de febrero de 2019<\/p>\n<p>La Alcaldesa en funciones,<\/p>\n<p><em>(Decreto 89\/2019, de 12.02.2019)<\/em><\/p>\n<p>Mar\u00eda Eugenia Casta\u00f1eda Arrasate.<\/p>\n","protected":false},"excerpt":{"rendered":"<p>Por la presente se le convoca a sesi\u00f3n extraordinaria y urgente de Pleno que se celebrar\u00e1 en el Sal\u00f3n de Plenos de la Casa Consistorial, a las DIECINUEVE HORAS del 21 de febrero de 2019, de acuerdo con lo estipulado en el art\u00edculo 113 del ROF, con el siguiente ORDEN DEL D\u00cdA. 1.- Ratificaci\u00f3n de [&hellip;]<\/p>\n","protected":false},"author":1,"featured_media":151,"comment_status":"open","ping_status":"closed","template":"","meta":{"_et_pb_use_builder":"","_et_pb_old_content":"","_et_gb_content_width":"","footnotes":""},"project_category":[],"project_tag":[],"class_list":["post-2192","project","type-project","status-publish","has-post-thumbnail","hentry"],"yoast_head":"<!-- This site is optimized with the Yoast SEO plugin v24.9 - https:\/\/yoast.com\/wordpress\/plugins\/seo\/ -->\n<title>CONVOCATORIA DE PLENO - a las DIECINUEVE HORAS del 21 de febrero de 2019 - Ayuntamiento de Colindres<\/title>\n<meta name=\"robots\" content=\"index, follow, max-snippet:-1, max-image-preview:large, max-video-preview:-1\" \/>\n<link rel=\"canonical\" href=\"https:\/\/www.colindres.es\/index.php\/project\/convocatoria-de-pleno-a-las-diecinueve-horas-del-21-de-febrero-de-2019\/\" \/>\n<meta property=\"og:locale\" content=\"es_ES\" \/>\n<meta property=\"og:type\" content=\"article\" \/>\n<meta property=\"og:title\" content=\"CONVOCATORIA DE PLENO - a las DIECINUEVE HORAS del 21 de febrero de 2019 - Ayuntamiento de Colindres\" \/>\n<meta property=\"og:description\" content=\"Por la presente se le convoca a sesi\u00f3n extraordinaria y urgente de Pleno que se celebrar\u00e1 en el Sal\u00f3n de Plenos de la Casa Consistorial, a las DIECINUEVE HORAS del 21 de febrero de 2019, de acuerdo con lo estipulado en el art\u00edculo 113 del ROF, con el siguiente ORDEN DEL D\u00cdA. 1.- Ratificaci\u00f3n de [&hellip;]\" \/>\n<meta property=\"og:url\" content=\"https:\/\/www.colindres.es\/index.php\/project\/convocatoria-de-pleno-a-las-diecinueve-horas-del-21-de-febrero-de-2019\/\" \/>\n<meta property=\"og:site_name\" content=\"Ayuntamiento de Colindres\" \/>\n<meta property=\"og:image\" content=\"https:\/\/www.colindres.es\/wp-content\/uploads\/2017\/01\/LOGO-PRINCIPAL.jpg\" \/>\n\t<meta property=\"og:image:width\" content=\"1209\" \/>\n\t<meta property=\"og:image:height\" content=\"579\" \/>\n\t<meta property=\"og:image:type\" content=\"image\/jpeg\" \/>\n<meta name=\"twitter:card\" content=\"summary_large_image\" \/>\n<meta name=\"twitter:label1\" content=\"Tiempo de lectura\" \/>\n\t<meta name=\"twitter:data1\" content=\"1 minuto\" \/>\n<script type=\"application\/ld+json\" class=\"yoast-schema-graph\">{\"@context\":\"https:\/\/schema.org\",\"@graph\":[{\"@type\":\"WebPage\",\"@id\":\"https:\/\/www.colindres.es\/index.php\/project\/convocatoria-de-pleno-a-las-diecinueve-horas-del-21-de-febrero-de-2019\/\",\"url\":\"https:\/\/www.colindres.es\/index.php\/project\/convocatoria-de-pleno-a-las-diecinueve-horas-del-21-de-febrero-de-2019\/\",\"name\":\"CONVOCATORIA DE PLENO - a las DIECINUEVE HORAS del 21 de febrero de 2019 - Ayuntamiento de Colindres\",\"isPartOf\":{\"@id\":\"https:\/\/www.colindres.es\/#website\"},\"primaryImageOfPage\":{\"@id\":\"https:\/\/www.colindres.es\/index.php\/project\/convocatoria-de-pleno-a-las-diecinueve-horas-del-21-de-febrero-de-2019\/#primaryimage\"},\"image\":{\"@id\":\"https:\/\/www.colindres.es\/index.php\/project\/convocatoria-de-pleno-a-las-diecinueve-horas-del-21-de-febrero-de-2019\/#primaryimage\"},\"thumbnailUrl\":\"https:\/\/www.colindres.es\/wp-content\/uploads\/2017\/01\/LOGO-PRINCIPAL.jpg\",\"datePublished\":\"2019-02-19T10:08:46+00:00\",\"breadcrumb\":{\"@id\":\"https:\/\/www.colindres.es\/index.php\/project\/convocatoria-de-pleno-a-las-diecinueve-horas-del-21-de-febrero-de-2019\/#breadcrumb\"},\"inLanguage\":\"es\",\"potentialAction\":[{\"@type\":\"ReadAction\",\"target\":[\"https:\/\/www.colindres.es\/index.php\/project\/convocatoria-de-pleno-a-las-diecinueve-horas-del-21-de-febrero-de-2019\/\"]}]},{\"@type\":\"ImageObject\",\"inLanguage\":\"es\",\"@id\":\"https:\/\/www.colindres.es\/index.php\/project\/convocatoria-de-pleno-a-las-diecinueve-horas-del-21-de-febrero-de-2019\/#primaryimage\",\"url\":\"https:\/\/www.colindres.es\/wp-content\/uploads\/2017\/01\/LOGO-PRINCIPAL.jpg\",\"contentUrl\":\"https:\/\/www.colindres.es\/wp-content\/uploads\/2017\/01\/LOGO-PRINCIPAL.jpg\",\"width\":1209,\"height\":579},{\"@type\":\"BreadcrumbList\",\"@id\":\"https:\/\/www.colindres.es\/index.php\/project\/convocatoria-de-pleno-a-las-diecinueve-horas-del-21-de-febrero-de-2019\/#breadcrumb\",\"itemListElement\":[{\"@type\":\"ListItem\",\"position\":1,\"name\":\"Portada\",\"item\":\"https:\/\/www.colindres.es\/\"},{\"@type\":\"ListItem\",\"position\":2,\"name\":\"Proyectos\",\"item\":\"https:\/\/www.colindres.es\/index.php\/project\/\"},{\"@type\":\"ListItem\",\"position\":3,\"name\":\"CONVOCATORIA DE PLENO &#8211; a las DIECINUEVE HORAS del 21 de febrero de 2019\"}]},{\"@type\":\"WebSite\",\"@id\":\"https:\/\/www.colindres.es\/#website\",\"url\":\"https:\/\/www.colindres.es\/\",\"name\":\"Ayuntamiento de Colindres\",\"description\":\"Dise\u00f1ado por NTIC&#039;s\",\"publisher\":{\"@id\":\"https:\/\/www.colindres.es\/#organization\"},\"potentialAction\":[{\"@type\":\"SearchAction\",\"target\":{\"@type\":\"EntryPoint\",\"urlTemplate\":\"https:\/\/www.colindres.es\/?s={search_term_string}\"},\"query-input\":{\"@type\":\"PropertyValueSpecification\",\"valueRequired\":true,\"valueName\":\"search_term_string\"}}],\"inLanguage\":\"es\"},{\"@type\":\"Organization\",\"@id\":\"https:\/\/www.colindres.es\/#organization\",\"name\":\"AYUNTAMIENTO DE COLINDRES\",\"url\":\"https:\/\/www.colindres.es\/\",\"logo\":{\"@type\":\"ImageObject\",\"inLanguage\":\"es\",\"@id\":\"https:\/\/www.colindres.es\/#\/schema\/logo\/image\/\",\"url\":\"https:\/\/www.colindres.es\/wp-content\/uploads\/2017\/01\/LOGO-PRINCIPAL.jpg\",\"contentUrl\":\"https:\/\/www.colindres.es\/wp-content\/uploads\/2017\/01\/LOGO-PRINCIPAL.jpg\",\"width\":1209,\"height\":579,\"caption\":\"AYUNTAMIENTO DE COLINDRES\"},\"image\":{\"@id\":\"https:\/\/www.colindres.es\/#\/schema\/logo\/image\/\"}}]}<\/script>\n<!-- \/ Yoast SEO plugin. -->","yoast_head_json":{"title":"CONVOCATORIA DE PLENO - a las DIECINUEVE HORAS del 21 de febrero de 2019 - Ayuntamiento de Colindres","robots":{"index":"index","follow":"follow","max-snippet":"max-snippet:-1","max-image-preview":"max-image-preview:large","max-video-preview":"max-video-preview:-1"},"canonical":"https:\/\/www.colindres.es\/index.php\/project\/convocatoria-de-pleno-a-las-diecinueve-horas-del-21-de-febrero-de-2019\/","og_locale":"es_ES","og_type":"article","og_title":"CONVOCATORIA DE PLENO - a las DIECINUEVE HORAS del 21 de febrero de 2019 - Ayuntamiento de Colindres","og_description":"Por la presente se le convoca a sesi\u00f3n extraordinaria y urgente de Pleno que se celebrar\u00e1 en el Sal\u00f3n de Plenos de la Casa Consistorial, a las DIECINUEVE HORAS del 21 de febrero de 2019, de acuerdo con lo estipulado en el art\u00edculo 113 del ROF, con el siguiente ORDEN DEL D\u00cdA. 1.- Ratificaci\u00f3n de [&hellip;]","og_url":"https:\/\/www.colindres.es\/index.php\/project\/convocatoria-de-pleno-a-las-diecinueve-horas-del-21-de-febrero-de-2019\/","og_site_name":"Ayuntamiento de Colindres","og_image":[{"width":1209,"height":579,"url":"https:\/\/www.colindres.es\/wp-content\/uploads\/2017\/01\/LOGO-PRINCIPAL.jpg","type":"image\/jpeg"}],"twitter_card":"summary_large_image","twitter_misc":{"Tiempo de lectura":"1 minuto"},"schema":{"@context":"https:\/\/schema.org","@graph":[{"@type":"WebPage","@id":"https:\/\/www.colindres.es\/index.php\/project\/convocatoria-de-pleno-a-las-diecinueve-horas-del-21-de-febrero-de-2019\/","url":"https:\/\/www.colindres.es\/index.php\/project\/convocatoria-de-pleno-a-las-diecinueve-horas-del-21-de-febrero-de-2019\/","name":"CONVOCATORIA DE PLENO - a las DIECINUEVE HORAS del 21 de febrero de 2019 - Ayuntamiento de Colindres","isPartOf":{"@id":"https:\/\/www.colindres.es\/#website"},"primaryImageOfPage":{"@id":"https:\/\/www.colindres.es\/index.php\/project\/convocatoria-de-pleno-a-las-diecinueve-horas-del-21-de-febrero-de-2019\/#primaryimage"},"image":{"@id":"https:\/\/www.colindres.es\/index.php\/project\/convocatoria-de-pleno-a-las-diecinueve-horas-del-21-de-febrero-de-2019\/#primaryimage"},"thumbnailUrl":"https:\/\/www.colindres.es\/wp-content\/uploads\/2017\/01\/LOGO-PRINCIPAL.jpg","datePublished":"2019-02-19T10:08:46+00:00","breadcrumb":{"@id":"https:\/\/www.colindres.es\/index.php\/project\/convocatoria-de-pleno-a-las-diecinueve-horas-del-21-de-febrero-de-2019\/#breadcrumb"},"inLanguage":"es","potentialAction":[{"@type":"ReadAction","target":["https:\/\/www.colindres.es\/index.php\/project\/convocatoria-de-pleno-a-las-diecinueve-horas-del-21-de-febrero-de-2019\/"]}]},{"@type":"ImageObject","inLanguage":"es","@id":"https:\/\/www.colindres.es\/index.php\/project\/convocatoria-de-pleno-a-las-diecinueve-horas-del-21-de-febrero-de-2019\/#primaryimage","url":"https:\/\/www.colindres.es\/wp-content\/uploads\/2017\/01\/LOGO-PRINCIPAL.jpg","contentUrl":"https:\/\/www.colindres.es\/wp-content\/uploads\/2017\/01\/LOGO-PRINCIPAL.jpg","width":1209,"height":579},{"@type":"BreadcrumbList","@id":"https:\/\/www.colindres.es\/index.php\/project\/convocatoria-de-pleno-a-las-diecinueve-horas-del-21-de-febrero-de-2019\/#breadcrumb","itemListElement":[{"@type":"ListItem","position":1,"name":"Portada","item":"https:\/\/www.colindres.es\/"},{"@type":"ListItem","position":2,"name":"Proyectos","item":"https:\/\/www.colindres.es\/index.php\/project\/"},{"@type":"ListItem","position":3,"name":"CONVOCATORIA DE PLENO &#8211; a las DIECINUEVE HORAS del 21 de febrero de 2019"}]},{"@type":"WebSite","@id":"https:\/\/www.colindres.es\/#website","url":"https:\/\/www.colindres.es\/","name":"Ayuntamiento de Colindres","description":"Dise\u00f1ado por NTIC&#039;s","publisher":{"@id":"https:\/\/www.colindres.es\/#organization"},"potentialAction":[{"@type":"SearchAction","target":{"@type":"EntryPoint","urlTemplate":"https:\/\/www.colindres.es\/?s={search_term_string}"},"query-input":{"@type":"PropertyValueSpecification","valueRequired":true,"valueName":"search_term_string"}}],"inLanguage":"es"},{"@type":"Organization","@id":"https:\/\/www.colindres.es\/#organization","name":"AYUNTAMIENTO DE COLINDRES","url":"https:\/\/www.colindres.es\/","logo":{"@type":"ImageObject","inLanguage":"es","@id":"https:\/\/www.colindres.es\/#\/schema\/logo\/image\/","url":"https:\/\/www.colindres.es\/wp-content\/uploads\/2017\/01\/LOGO-PRINCIPAL.jpg","contentUrl":"https:\/\/www.colindres.es\/wp-content\/uploads\/2017\/01\/LOGO-PRINCIPAL.jpg","width":1209,"height":579,"caption":"AYUNTAMIENTO DE COLINDRES"},"image":{"@id":"https:\/\/www.colindres.es\/#\/schema\/logo\/image\/"}}]}},"_links":{"self":[{"href":"https:\/\/www.colindres.es\/index.php\/wp-json\/wp\/v2\/project\/2192","targetHints":{"allow":["GET"]}}],"collection":[{"href":"https:\/\/www.colindres.es\/index.php\/wp-json\/wp\/v2\/project"}],"about":[{"href":"https:\/\/www.colindres.es\/index.php\/wp-json\/wp\/v2\/types\/project"}],"author":[{"embeddable":true,"href":"https:\/\/www.colindres.es\/index.php\/wp-json\/wp\/v2\/users\/1"}],"replies":[{"embeddable":true,"href":"https:\/\/www.colindres.es\/index.php\/wp-json\/wp\/v2\/comments?post=2192"}],"version-history":[{"count":1,"href":"https:\/\/www.colindres.es\/index.php\/wp-json\/wp\/v2\/project\/2192\/revisions"}],"predecessor-version":[{"id":2193,"href":"https:\/\/www.colindres.es\/index.php\/wp-json\/wp\/v2\/project\/2192\/revisions\/2193"}],"wp:featuredmedia":[{"embeddable":true,"href":"https:\/\/www.colindres.es\/index.php\/wp-json\/wp\/v2\/media\/151"}],"wp:attachment":[{"href":"https:\/\/www.colindres.es\/index.php\/wp-json\/wp\/v2\/media?parent=2192"}],"wp:term":[{"taxonomy":"project_category","embeddable":true,"href":"https:\/\/www.colindres.es\/index.php\/wp-json\/wp\/v2\/project_category?post=2192"},{"taxonomy":"project_tag","embeddable":true,"href":"https:\/\/www.colindres.es\/index.php\/wp-json\/wp\/v2\/project_tag?post=2192"}],"curies":[{"name":"wp","href":"https:\/\/api.w.org\/{rel}","templated":true}]}}