{"id":2180,"date":"2019-02-16T22:17:03","date_gmt":"2019-02-16T22:17:03","guid":{"rendered":"https:\/\/www.colindres.es\/?post_type=project&#038;p=2180"},"modified":"2019-02-16T22:17:03","modified_gmt":"2019-02-16T22:17:03","slug":"el-ayuntamiento-de-colindres-encarga-el-proyecto-para-remodelar-las-pistas-de-atletismo","status":"publish","type":"project","link":"https:\/\/www.colindres.es\/index.php\/project\/el-ayuntamiento-de-colindres-encarga-el-proyecto-para-remodelar-las-pistas-de-atletismo\/","title":{"rendered":"El Ayuntamiento de Colindres encarga el proyecto para remodelar las pistas de atletismo"},"content":{"rendered":"<p><strong>Se habilitar\u00e1 una nueva calle de hierba natural, se renovar\u00e1 el pavimento de tierra por uno sint\u00e9tico y se instalar\u00e1 un sistema de drenaje<\/strong><\/p>\n<p><img loading=\"lazy\" decoding=\"async\" class=\"alignnone size-medium wp-image-2181\" src=\"https:\/\/www.colindres.es\/wp-content\/uploads\/2019\/02\/Pista-Atletismo-2-300x115.jpg\" alt=\"\" width=\"300\" height=\"115\" srcset=\"https:\/\/www.colindres.es\/wp-content\/uploads\/2019\/02\/Pista-Atletismo-2-300x115.jpg 300w, https:\/\/www.colindres.es\/wp-content\/uploads\/2019\/02\/Pista-Atletismo-2-768x293.jpg 768w, https:\/\/www.colindres.es\/wp-content\/uploads\/2019\/02\/Pista-Atletismo-2.jpg 1024w\" sizes=\"(max-width: 300px) 100vw, 300px\" \/><\/p>\n<p><em>Colindres, 16 de febrero.-<\/em> El alcalde de Colindres, Javier Incera, y la concejala de Deportes, Saray Villal\u00f3n, han informado este s\u00e1bado que el Ayuntamiento ha encargado ya la redacci\u00f3n de un proyecto para rehabilitar y acondicionar las pistas municipales de atletismo que se encuentran ubicadas junto al campo de f\u00fatbol.<\/p>\n<p>Seg\u00fan ha explicado Incera, el proyecto comprender\u00e1 la renovaci\u00f3n del pavimento, que actualmente es de tierra batida por uno sint\u00e9tico polivante, y se habilitar\u00e1 un nuevo espacio de hierba natural destinado a calle exterior de entrenamiento y calentamiento, que se situar\u00e1 entre la pista actual de tierra batida y la barandilla existente, la cual habr\u00e1 que retirar y recolocar.<\/p>\n<p>Otra de las cuestiones que se solventar\u00e1n ser\u00e1 la instalaci\u00f3n de canaletas con el fin de recoger las aguas procedentes de la lluvia, ya que en la actualidad no existe ning\u00fan sistema de drenaje.<\/p>\n<p>Respecto al foso de salto de longitud, se realizar\u00e1 un saneo integral y se repondr\u00e1 con arena nueva dado que su estado actual no es bueno.<\/p>\n<p>Adem\u00e1s, tanto la calle del salto de longitud como la zona de carreras del anillo ver\u00e1n aumentada su anchura para que sea reglamentaria, ha detallado la edil de Deportes.<\/p>\n<p>Por \u00faltimo, el alcalde ha se\u00f1alado que el proyecto estar\u00e1 finalizado \u201cen un mes\u201d, tras lo cual se presentar\u00e1 en la Comisi\u00f3n informativa de Deportes y se enviar\u00e1 una copia al Club Atl\u00e9tico Colindres para que pueda revisar, dar el visto bueno o proponer mejoras o sugerencias que crean convenientes por parte de sus t\u00e9cnicos.<\/p>\n","protected":false},"excerpt":{"rendered":"<p>Se habilitar\u00e1 una nueva calle de hierba natural, se renovar\u00e1 el pavimento de tierra por uno sint\u00e9tico y se instalar\u00e1 un sistema de drenaje Colindres, 16 de febrero.- El alcalde de Colindres, Javier Incera, y la concejala de Deportes, Saray Villal\u00f3n, han informado este s\u00e1bado que el Ayuntamiento ha encargado ya la redacci\u00f3n de un [&hellip;]<\/p>\n","protected":false},"author":1,"featured_media":2182,"comment_status":"open","ping_status":"closed","template":"","meta":{"_et_pb_use_builder":"","_et_pb_old_content":"","_et_gb_content_width":"","footnotes":""},"project_category":[],"project_tag":[],"class_list":["post-2180","project","type-project","status-publish","has-post-thumbnail","hentry"],"yoast_head":"<!-- This site is optimized with the Yoast SEO plugin v24.9 - https:\/\/yoast.com\/wordpress\/plugins\/seo\/ -->\n<title>El Ayuntamiento de Colindres encarga el proyecto para remodelar las pistas de atletismo - Ayuntamiento de Colindres<\/title>\n<meta name=\"robots\" content=\"index, follow, max-snippet:-1, max-image-preview:large, max-video-preview:-1\" \/>\n<link rel=\"canonical\" href=\"https:\/\/www.colindres.es\/index.php\/project\/el-ayuntamiento-de-colindres-encarga-el-proyecto-para-remodelar-las-pistas-de-atletismo\/\" \/>\n<meta property=\"og:locale\" content=\"es_ES\" \/>\n<meta property=\"og:type\" content=\"article\" \/>\n<meta property=\"og:title\" content=\"El Ayuntamiento de Colindres encarga el proyecto para remodelar las pistas de atletismo - Ayuntamiento de Colindres\" \/>\n<meta property=\"og:description\" content=\"Se habilitar\u00e1 una nueva calle de hierba natural, se renovar\u00e1 el pavimento de tierra por uno sint\u00e9tico y se instalar\u00e1 un sistema de drenaje Colindres, 16 de febrero.- El alcalde de Colindres, Javier Incera, y la concejala de Deportes, Saray Villal\u00f3n, han informado este s\u00e1bado que el Ayuntamiento ha encargado ya la redacci\u00f3n de un [&hellip;]\" \/>\n<meta property=\"og:url\" content=\"https:\/\/www.colindres.es\/index.php\/project\/el-ayuntamiento-de-colindres-encarga-el-proyecto-para-remodelar-las-pistas-de-atletismo\/\" \/>\n<meta property=\"og:site_name\" content=\"Ayuntamiento de Colindres\" \/>\n<meta property=\"og:image\" content=\"https:\/\/www.colindres.es\/wp-content\/uploads\/2019\/02\/Pista-Atletismo.jpg\" \/>\n\t<meta property=\"og:image:width\" content=\"1024\" \/>\n\t<meta property=\"og:image:height\" content=\"768\" \/>\n\t<meta property=\"og:image:type\" content=\"image\/jpeg\" \/>\n<meta name=\"twitter:card\" content=\"summary_large_image\" \/>\n<meta name=\"twitter:label1\" content=\"Tiempo de lectura\" \/>\n\t<meta name=\"twitter:data1\" content=\"1 minuto\" \/>\n<script type=\"application\/ld+json\" class=\"yoast-schema-graph\">{\"@context\":\"https:\/\/schema.org\",\"@graph\":[{\"@type\":\"WebPage\",\"@id\":\"https:\/\/www.colindres.es\/index.php\/project\/el-ayuntamiento-de-colindres-encarga-el-proyecto-para-remodelar-las-pistas-de-atletismo\/\",\"url\":\"https:\/\/www.colindres.es\/index.php\/project\/el-ayuntamiento-de-colindres-encarga-el-proyecto-para-remodelar-las-pistas-de-atletismo\/\",\"name\":\"El Ayuntamiento de Colindres encarga el proyecto para remodelar las pistas de atletismo - Ayuntamiento de Colindres\",\"isPartOf\":{\"@id\":\"https:\/\/www.colindres.es\/#website\"},\"primaryImageOfPage\":{\"@id\":\"https:\/\/www.colindres.es\/index.php\/project\/el-ayuntamiento-de-colindres-encarga-el-proyecto-para-remodelar-las-pistas-de-atletismo\/#primaryimage\"},\"image\":{\"@id\":\"https:\/\/www.colindres.es\/index.php\/project\/el-ayuntamiento-de-colindres-encarga-el-proyecto-para-remodelar-las-pistas-de-atletismo\/#primaryimage\"},\"thumbnailUrl\":\"https:\/\/www.colindres.es\/wp-content\/uploads\/2019\/02\/Pista-Atletismo.jpg\",\"datePublished\":\"2019-02-16T22:17:03+00:00\",\"breadcrumb\":{\"@id\":\"https:\/\/www.colindres.es\/index.php\/project\/el-ayuntamiento-de-colindres-encarga-el-proyecto-para-remodelar-las-pistas-de-atletismo\/#breadcrumb\"},\"inLanguage\":\"es\",\"potentialAction\":[{\"@type\":\"ReadAction\",\"target\":[\"https:\/\/www.colindres.es\/index.php\/project\/el-ayuntamiento-de-colindres-encarga-el-proyecto-para-remodelar-las-pistas-de-atletismo\/\"]}]},{\"@type\":\"ImageObject\",\"inLanguage\":\"es\",\"@id\":\"https:\/\/www.colindres.es\/index.php\/project\/el-ayuntamiento-de-colindres-encarga-el-proyecto-para-remodelar-las-pistas-de-atletismo\/#primaryimage\",\"url\":\"https:\/\/www.colindres.es\/wp-content\/uploads\/2019\/02\/Pista-Atletismo.jpg\",\"contentUrl\":\"https:\/\/www.colindres.es\/wp-content\/uploads\/2019\/02\/Pista-Atletismo.jpg\",\"width\":1024,\"height\":768},{\"@type\":\"BreadcrumbList\",\"@id\":\"https:\/\/www.colindres.es\/index.php\/project\/el-ayuntamiento-de-colindres-encarga-el-proyecto-para-remodelar-las-pistas-de-atletismo\/#breadcrumb\",\"itemListElement\":[{\"@type\":\"ListItem\",\"position\":1,\"name\":\"Portada\",\"item\":\"https:\/\/www.colindres.es\/\"},{\"@type\":\"ListItem\",\"position\":2,\"name\":\"Proyectos\",\"item\":\"https:\/\/www.colindres.es\/index.php\/project\/\"},{\"@type\":\"ListItem\",\"position\":3,\"name\":\"El Ayuntamiento de Colindres encarga el proyecto para remodelar las pistas de atletismo\"}]},{\"@type\":\"WebSite\",\"@id\":\"https:\/\/www.colindres.es\/#website\",\"url\":\"https:\/\/www.colindres.es\/\",\"name\":\"Ayuntamiento de Colindres\",\"description\":\"Dise\u00f1ado por NTIC&#039;s\",\"publisher\":{\"@id\":\"https:\/\/www.colindres.es\/#organization\"},\"potentialAction\":[{\"@type\":\"SearchAction\",\"target\":{\"@type\":\"EntryPoint\",\"urlTemplate\":\"https:\/\/www.colindres.es\/?s={search_term_string}\"},\"query-input\":{\"@type\":\"PropertyValueSpecification\",\"valueRequired\":true,\"valueName\":\"search_term_string\"}}],\"inLanguage\":\"es\"},{\"@type\":\"Organization\",\"@id\":\"https:\/\/www.colindres.es\/#organization\",\"name\":\"AYUNTAMIENTO DE COLINDRES\",\"url\":\"https:\/\/www.colindres.es\/\",\"logo\":{\"@type\":\"ImageObject\",\"inLanguage\":\"es\",\"@id\":\"https:\/\/www.colindres.es\/#\/schema\/logo\/image\/\",\"url\":\"https:\/\/www.colindres.es\/wp-content\/uploads\/2017\/01\/LOGO-PRINCIPAL.jpg\",\"contentUrl\":\"https:\/\/www.colindres.es\/wp-content\/uploads\/2017\/01\/LOGO-PRINCIPAL.jpg\",\"width\":1209,\"height\":579,\"caption\":\"AYUNTAMIENTO DE COLINDRES\"},\"image\":{\"@id\":\"https:\/\/www.colindres.es\/#\/schema\/logo\/image\/\"}}]}<\/script>\n<!-- \/ Yoast SEO plugin. -->","yoast_head_json":{"title":"El Ayuntamiento de Colindres encarga el proyecto para remodelar las pistas de atletismo - Ayuntamiento de Colindres","robots":{"index":"index","follow":"follow","max-snippet":"max-snippet:-1","max-image-preview":"max-image-preview:large","max-video-preview":"max-video-preview:-1"},"canonical":"https:\/\/www.colindres.es\/index.php\/project\/el-ayuntamiento-de-colindres-encarga-el-proyecto-para-remodelar-las-pistas-de-atletismo\/","og_locale":"es_ES","og_type":"article","og_title":"El Ayuntamiento de Colindres encarga el proyecto para remodelar las pistas de atletismo - Ayuntamiento de Colindres","og_description":"Se habilitar\u00e1 una nueva calle de hierba natural, se renovar\u00e1 el pavimento de tierra por uno sint\u00e9tico y se instalar\u00e1 un sistema de drenaje Colindres, 16 de febrero.- El alcalde de Colindres, Javier Incera, y la concejala de Deportes, Saray Villal\u00f3n, han informado este s\u00e1bado que el Ayuntamiento ha encargado ya la redacci\u00f3n de un [&hellip;]","og_url":"https:\/\/www.colindres.es\/index.php\/project\/el-ayuntamiento-de-colindres-encarga-el-proyecto-para-remodelar-las-pistas-de-atletismo\/","og_site_name":"Ayuntamiento de Colindres","og_image":[{"width":1024,"height":768,"url":"https:\/\/www.colindres.es\/wp-content\/uploads\/2019\/02\/Pista-Atletismo.jpg","type":"image\/jpeg"}],"twitter_card":"summary_large_image","twitter_misc":{"Tiempo de lectura":"1 minuto"},"schema":{"@context":"https:\/\/schema.org","@graph":[{"@type":"WebPage","@id":"https:\/\/www.colindres.es\/index.php\/project\/el-ayuntamiento-de-colindres-encarga-el-proyecto-para-remodelar-las-pistas-de-atletismo\/","url":"https:\/\/www.colindres.es\/index.php\/project\/el-ayuntamiento-de-colindres-encarga-el-proyecto-para-remodelar-las-pistas-de-atletismo\/","name":"El Ayuntamiento de Colindres encarga el proyecto para remodelar las pistas de atletismo - Ayuntamiento de Colindres","isPartOf":{"@id":"https:\/\/www.colindres.es\/#website"},"primaryImageOfPage":{"@id":"https:\/\/www.colindres.es\/index.php\/project\/el-ayuntamiento-de-colindres-encarga-el-proyecto-para-remodelar-las-pistas-de-atletismo\/#primaryimage"},"image":{"@id":"https:\/\/www.colindres.es\/index.php\/project\/el-ayuntamiento-de-colindres-encarga-el-proyecto-para-remodelar-las-pistas-de-atletismo\/#primaryimage"},"thumbnailUrl":"https:\/\/www.colindres.es\/wp-content\/uploads\/2019\/02\/Pista-Atletismo.jpg","datePublished":"2019-02-16T22:17:03+00:00","breadcrumb":{"@id":"https:\/\/www.colindres.es\/index.php\/project\/el-ayuntamiento-de-colindres-encarga-el-proyecto-para-remodelar-las-pistas-de-atletismo\/#breadcrumb"},"inLanguage":"es","potentialAction":[{"@type":"ReadAction","target":["https:\/\/www.colindres.es\/index.php\/project\/el-ayuntamiento-de-colindres-encarga-el-proyecto-para-remodelar-las-pistas-de-atletismo\/"]}]},{"@type":"ImageObject","inLanguage":"es","@id":"https:\/\/www.colindres.es\/index.php\/project\/el-ayuntamiento-de-colindres-encarga-el-proyecto-para-remodelar-las-pistas-de-atletismo\/#primaryimage","url":"https:\/\/www.colindres.es\/wp-content\/uploads\/2019\/02\/Pista-Atletismo.jpg","contentUrl":"https:\/\/www.colindres.es\/wp-content\/uploads\/2019\/02\/Pista-Atletismo.jpg","width":1024,"height":768},{"@type":"BreadcrumbList","@id":"https:\/\/www.colindres.es\/index.php\/project\/el-ayuntamiento-de-colindres-encarga-el-proyecto-para-remodelar-las-pistas-de-atletismo\/#breadcrumb","itemListElement":[{"@type":"ListItem","position":1,"name":"Portada","item":"https:\/\/www.colindres.es\/"},{"@type":"ListItem","position":2,"name":"Proyectos","item":"https:\/\/www.colindres.es\/index.php\/project\/"},{"@type":"ListItem","position":3,"name":"El Ayuntamiento de Colindres encarga el proyecto para remodelar las pistas de atletismo"}]},{"@type":"WebSite","@id":"https:\/\/www.colindres.es\/#website","url":"https:\/\/www.colindres.es\/","name":"Ayuntamiento de Colindres","description":"Dise\u00f1ado por NTIC&#039;s","publisher":{"@id":"https:\/\/www.colindres.es\/#organization"},"potentialAction":[{"@type":"SearchAction","target":{"@type":"EntryPoint","urlTemplate":"https:\/\/www.colindres.es\/?s={search_term_string}"},"query-input":{"@type":"PropertyValueSpecification","valueRequired":true,"valueName":"search_term_string"}}],"inLanguage":"es"},{"@type":"Organization","@id":"https:\/\/www.colindres.es\/#organization","name":"AYUNTAMIENTO DE COLINDRES","url":"https:\/\/www.colindres.es\/","logo":{"@type":"ImageObject","inLanguage":"es","@id":"https:\/\/www.colindres.es\/#\/schema\/logo\/image\/","url":"https:\/\/www.colindres.es\/wp-content\/uploads\/2017\/01\/LOGO-PRINCIPAL.jpg","contentUrl":"https:\/\/www.colindres.es\/wp-content\/uploads\/2017\/01\/LOGO-PRINCIPAL.jpg","width":1209,"height":579,"caption":"AYUNTAMIENTO DE COLINDRES"},"image":{"@id":"https:\/\/www.colindres.es\/#\/schema\/logo\/image\/"}}]}},"_links":{"self":[{"href":"https:\/\/www.colindres.es\/index.php\/wp-json\/wp\/v2\/project\/2180","targetHints":{"allow":["GET"]}}],"collection":[{"href":"https:\/\/www.colindres.es\/index.php\/wp-json\/wp\/v2\/project"}],"about":[{"href":"https:\/\/www.colindres.es\/index.php\/wp-json\/wp\/v2\/types\/project"}],"author":[{"embeddable":true,"href":"https:\/\/www.colindres.es\/index.php\/wp-json\/wp\/v2\/users\/1"}],"replies":[{"embeddable":true,"href":"https:\/\/www.colindres.es\/index.php\/wp-json\/wp\/v2\/comments?post=2180"}],"version-history":[{"count":1,"href":"https:\/\/www.colindres.es\/index.php\/wp-json\/wp\/v2\/project\/2180\/revisions"}],"predecessor-version":[{"id":2183,"href":"https:\/\/www.colindres.es\/index.php\/wp-json\/wp\/v2\/project\/2180\/revisions\/2183"}],"wp:featuredmedia":[{"embeddable":true,"href":"https:\/\/www.colindres.es\/index.php\/wp-json\/wp\/v2\/media\/2182"}],"wp:attachment":[{"href":"https:\/\/www.colindres.es\/index.php\/wp-json\/wp\/v2\/media?parent=2180"}],"wp:term":[{"taxonomy":"project_category","embeddable":true,"href":"https:\/\/www.colindres.es\/index.php\/wp-json\/wp\/v2\/project_category?post=2180"},{"taxonomy":"project_tag","embeddable":true,"href":"https:\/\/www.colindres.es\/index.php\/wp-json\/wp\/v2\/project_tag?post=2180"}],"curies":[{"name":"wp","href":"https:\/\/api.w.org\/{rel}","templated":true}]}}