{"id":2177,"date":"2019-02-15T12:07:25","date_gmt":"2019-02-15T12:07:25","guid":{"rendered":"https:\/\/www.colindres.es\/?post_type=project&#038;p=2177"},"modified":"2019-02-15T12:07:25","modified_gmt":"2019-02-15T12:07:25","slug":"colindres-volvera-a-ser-sede-de-los-cursos-de-verano-de-la-universidad-de-cantabria","status":"publish","type":"project","link":"https:\/\/www.colindres.es\/index.php\/project\/colindres-volvera-a-ser-sede-de-los-cursos-de-verano-de-la-universidad-de-cantabria\/","title":{"rendered":"Colindres volver\u00e1 a ser sede de los Cursos de Verano de la Universidad de Cantabria"},"content":{"rendered":"<p><strong>El municipio ser\u00e1 referente en los programas dedicados al deporte, seg\u00fan ha adelantado el alcalde, Javier Incera<\/strong><\/p>\n<p><em>Colindres, 15 de febrero.-<\/em> La Universidad de Cantabria ha vuelto a contar con Colindres para ser sede de los Cursos de Verano en este a\u00f1o 2019. Como en ediciones anteriores, el municipio ser\u00e1 referencia en materia deportiva y tanto los cursos como las distintas conferencias que tengan que ver con este sector se desarrollar\u00e1n en el Sal\u00f3n de Plenos municipal.<\/p>\n<p>El alcalde, Javier Incera, ha agradecido al rector, \u00c1ngel Pazos, la \u201cconfianza\u201d demostrada por la Universidad de Cantabria y ha destacado la importancia que tiene para el municipio que una instituci\u00f3n \u201ctan refutada\u201d como esta elija Colindres para albergar una serie de monogr\u00e1ficos en los que participar\u00e1n expertos de primer nivel que atraer\u00e1n a profesionales y j\u00f3venes estudiantes.<\/p>\n<p>En esta l\u00ednea, el regidor ha puesto en valor que los Cursos de Verano cumplen una de las funciones primordiales de la universidad, que es \u201cla transmisi\u00f3n del conocimiento\u201d, y ha valorado que Colindres, \u201cuna de las villas del deporte de Cantabria\u201d, sea la sede \u201cpor excelencia\u201d de la instituci\u00f3n acad\u00e9mica en este campo.<\/p>\n<p>As\u00ed se lo ha transmitido Incera al equipo rectoral durante la reuni\u00f3n de trabajo que han mantenido los representantes de la Universidad y los alcaldes de aquellos municipios en los que se impartir\u00e1n Cursos de Verano, que este a\u00f1o alcanzan su trig\u00e9simo quinta edici\u00f3n.<\/p>\n<p>Adem\u00e1s de Colindres, tambi\u00e9n ser\u00e1n sede:\u00a0Laredo, Torrelavega, Suances, Santander, Ramales de la Victoria, Camargo, Noja, Los Corrales de Buelna, Castro Urdiales, Comillas, Potes, Bareyo, Pi\u00e9lagos, Santa Cruz de Bezana, Hermandad de Campoo de Suso, Casona de Tudanca, Santa Leocadia\u00a0y la localidad palentina\u00a0de Aguilar de Campoo.<\/p>\n<p>Seg\u00fan explic\u00f3 el vicerrector de Cultura y Participaci\u00f3n Social, Tom\u00e1s Mantec\u00f3n, \u00abha sido una reuni\u00f3n muy positiva\u00bb, en la que todos los representantes de los ayuntamientos e instituciones realizaron sus aportaciones de tal manera que \u00abcada una de las sedes tiene una personalidad propia\u00bb.<\/p>\n<p>El vicerrector puso en valor la labor de transferencia del conocimiento de la UC, gracias a la cual el pasado a\u00f1o \u00abparticiparon directamente de nuestras propuestas unas\u00a030.000 personas, de las que 7.000 se circunscriben a los monogr\u00e1ficos y actividades de los Cursos de Verano\u00bb.<\/p>\n<p>La calidad de dichas actividades, los bajos precios de matr\u00edcula, el \u00abfuerte apoyo institucional\u00bb que hace que se llegue \u00aba las dos terceras partes del territorio c\u00e1ntabro\u00bb y una oferta cuidadosamente organizada fueron algunos de los motivos que, en palabras de Mantec\u00f3n, justifican el \u00e9xito de los Cursos de Verano UC, que recibieron una\u00a0puntuaci\u00f3n media de 4,50 sobre 5 en las encuestas de los alumnos\u00a0el pasado a\u00f1o.<\/p>\n<p><strong>L\u00edneas estrat\u00e9gicas para garantizar la calidad<\/strong><\/p>\n<p>Por su parte, la directora del \u00c1rea de Cursos de Extensi\u00f3n Universitaria, Marina Torres, avanz\u00f3 que los cursos de Extensi\u00f3n Universitaria, que se celebran en primavera y oto\u00f1o, se iniciar\u00e1n el 15 de marzo, con cuatro monogr\u00e1ficos en las sedes de Comillas, Camargo y Torrelavega.<\/p>\n<p>Respecto a los Cursos de Verano propiamente, seguir\u00e1n \u00ablas l\u00edneas estrat\u00e9gicas que hemos seguido hasta ahora: garantizar la calidad de los cursos a nivel acad\u00e9mico y conectar con cuestiones que interesan a colectivos de la sociedad\u00bb, con \u00abun equilibrio entre las distintas \u00e1reas tem\u00e1ticas\u00bb y \u00abcomplementado por actividades culturales para todas las personas que quieran acompa\u00f1arnos\u00bb.<\/p>\n<p>Dentro de la celebraci\u00f3n de efem\u00e9rides, se dedicar\u00e1 un curso y una conferencia al\u00a0V Centenario de la expedici\u00f3n Magallanes \u2013 Elcano\u00a0y al tambi\u00e9n\u00a0V Aniversario de la fundaci\u00f3n por Pedro Arias del primer asentamiento en el Pac\u00edfico americano, en la actual ciudad de Panam\u00e1.<\/p>\n<p>Por \u00faltimo, durante la reuni\u00f3n tuvo lugar\u00a0la firma de adhesiones al Convenio Marco\u00a0entre la UC y los ayuntamientos de m\u00e1s reciente incorporaci\u00f3n (Comillas, Hermandad de Campoo de Suso, Pi\u00e9lagos, Potes y Santa Cruz de Bezana), as\u00ed como la de los anexos anuales al convenio por parte del resto de los ayuntamientos para la realizaci\u00f3n de los Cursos de Verano y Extensi\u00f3n universitaria.<\/p>\n<p><strong>\u00a0<\/strong><\/p>\n","protected":false},"excerpt":{"rendered":"<p>El municipio ser\u00e1 referente en los programas dedicados al deporte, seg\u00fan ha adelantado el alcalde, Javier Incera Colindres, 15 de febrero.- La Universidad de Cantabria ha vuelto a contar con Colindres para ser sede de los Cursos de Verano en este a\u00f1o 2019. Como en ediciones anteriores, el municipio ser\u00e1 referencia en materia deportiva y [&hellip;]<\/p>\n","protected":false},"author":1,"featured_media":2178,"comment_status":"open","ping_status":"closed","template":"","meta":{"_et_pb_use_builder":"","_et_pb_old_content":"","_et_gb_content_width":"","footnotes":""},"project_category":[],"project_tag":[],"class_list":["post-2177","project","type-project","status-publish","has-post-thumbnail","hentry"],"yoast_head":"<!-- This site is optimized with the Yoast SEO plugin v24.9 - https:\/\/yoast.com\/wordpress\/plugins\/seo\/ -->\n<title>Colindres volver\u00e1 a ser sede de los Cursos de Verano de la Universidad de Cantabria - Ayuntamiento de Colindres<\/title>\n<meta name=\"robots\" content=\"index, follow, max-snippet:-1, max-image-preview:large, max-video-preview:-1\" \/>\n<link rel=\"canonical\" href=\"https:\/\/www.colindres.es\/index.php\/project\/colindres-volvera-a-ser-sede-de-los-cursos-de-verano-de-la-universidad-de-cantabria\/\" \/>\n<meta property=\"og:locale\" content=\"es_ES\" \/>\n<meta property=\"og:type\" content=\"article\" \/>\n<meta property=\"og:title\" content=\"Colindres volver\u00e1 a ser sede de los Cursos de Verano de la Universidad de Cantabria - Ayuntamiento de Colindres\" \/>\n<meta property=\"og:description\" content=\"El municipio ser\u00e1 referente en los programas dedicados al deporte, seg\u00fan ha adelantado el alcalde, Javier Incera Colindres, 15 de febrero.- La Universidad de Cantabria ha vuelto a contar con Colindres para ser sede de los Cursos de Verano en este a\u00f1o 2019. Como en ediciones anteriores, el municipio ser\u00e1 referencia en materia deportiva y [&hellip;]\" \/>\n<meta property=\"og:url\" content=\"https:\/\/www.colindres.es\/index.php\/project\/colindres-volvera-a-ser-sede-de-los-cursos-de-verano-de-la-universidad-de-cantabria\/\" \/>\n<meta property=\"og:site_name\" content=\"Ayuntamiento de Colindres\" \/>\n<meta property=\"og:image\" content=\"https:\/\/www.colindres.es\/wp-content\/uploads\/2019\/02\/Cursos-Veranos-2018.jpg\" \/>\n\t<meta property=\"og:image:width\" content=\"1280\" \/>\n\t<meta property=\"og:image:height\" content=\"960\" \/>\n\t<meta property=\"og:image:type\" content=\"image\/jpeg\" \/>\n<meta name=\"twitter:card\" content=\"summary_large_image\" \/>\n<meta name=\"twitter:label1\" content=\"Tiempo de lectura\" \/>\n\t<meta name=\"twitter:data1\" content=\"4 minutos\" \/>\n<script type=\"application\/ld+json\" class=\"yoast-schema-graph\">{\"@context\":\"https:\/\/schema.org\",\"@graph\":[{\"@type\":\"WebPage\",\"@id\":\"https:\/\/www.colindres.es\/index.php\/project\/colindres-volvera-a-ser-sede-de-los-cursos-de-verano-de-la-universidad-de-cantabria\/\",\"url\":\"https:\/\/www.colindres.es\/index.php\/project\/colindres-volvera-a-ser-sede-de-los-cursos-de-verano-de-la-universidad-de-cantabria\/\",\"name\":\"Colindres volver\u00e1 a ser sede de los Cursos de Verano de la Universidad de Cantabria - Ayuntamiento de Colindres\",\"isPartOf\":{\"@id\":\"https:\/\/www.colindres.es\/#website\"},\"primaryImageOfPage\":{\"@id\":\"https:\/\/www.colindres.es\/index.php\/project\/colindres-volvera-a-ser-sede-de-los-cursos-de-verano-de-la-universidad-de-cantabria\/#primaryimage\"},\"image\":{\"@id\":\"https:\/\/www.colindres.es\/index.php\/project\/colindres-volvera-a-ser-sede-de-los-cursos-de-verano-de-la-universidad-de-cantabria\/#primaryimage\"},\"thumbnailUrl\":\"https:\/\/www.colindres.es\/wp-content\/uploads\/2019\/02\/Cursos-Veranos-2018.jpg\",\"datePublished\":\"2019-02-15T12:07:25+00:00\",\"breadcrumb\":{\"@id\":\"https:\/\/www.colindres.es\/index.php\/project\/colindres-volvera-a-ser-sede-de-los-cursos-de-verano-de-la-universidad-de-cantabria\/#breadcrumb\"},\"inLanguage\":\"es\",\"potentialAction\":[{\"@type\":\"ReadAction\",\"target\":[\"https:\/\/www.colindres.es\/index.php\/project\/colindres-volvera-a-ser-sede-de-los-cursos-de-verano-de-la-universidad-de-cantabria\/\"]}]},{\"@type\":\"ImageObject\",\"inLanguage\":\"es\",\"@id\":\"https:\/\/www.colindres.es\/index.php\/project\/colindres-volvera-a-ser-sede-de-los-cursos-de-verano-de-la-universidad-de-cantabria\/#primaryimage\",\"url\":\"https:\/\/www.colindres.es\/wp-content\/uploads\/2019\/02\/Cursos-Veranos-2018.jpg\",\"contentUrl\":\"https:\/\/www.colindres.es\/wp-content\/uploads\/2019\/02\/Cursos-Veranos-2018.jpg\",\"width\":1280,\"height\":960},{\"@type\":\"BreadcrumbList\",\"@id\":\"https:\/\/www.colindres.es\/index.php\/project\/colindres-volvera-a-ser-sede-de-los-cursos-de-verano-de-la-universidad-de-cantabria\/#breadcrumb\",\"itemListElement\":[{\"@type\":\"ListItem\",\"position\":1,\"name\":\"Portada\",\"item\":\"https:\/\/www.colindres.es\/\"},{\"@type\":\"ListItem\",\"position\":2,\"name\":\"Proyectos\",\"item\":\"https:\/\/www.colindres.es\/index.php\/project\/\"},{\"@type\":\"ListItem\",\"position\":3,\"name\":\"Colindres volver\u00e1 a ser sede de los Cursos de Verano de la Universidad de Cantabria\"}]},{\"@type\":\"WebSite\",\"@id\":\"https:\/\/www.colindres.es\/#website\",\"url\":\"https:\/\/www.colindres.es\/\",\"name\":\"Ayuntamiento de Colindres\",\"description\":\"Dise\u00f1ado por NTIC&#039;s\",\"publisher\":{\"@id\":\"https:\/\/www.colindres.es\/#organization\"},\"potentialAction\":[{\"@type\":\"SearchAction\",\"target\":{\"@type\":\"EntryPoint\",\"urlTemplate\":\"https:\/\/www.colindres.es\/?s={search_term_string}\"},\"query-input\":{\"@type\":\"PropertyValueSpecification\",\"valueRequired\":true,\"valueName\":\"search_term_string\"}}],\"inLanguage\":\"es\"},{\"@type\":\"Organization\",\"@id\":\"https:\/\/www.colindres.es\/#organization\",\"name\":\"AYUNTAMIENTO DE COLINDRES\",\"url\":\"https:\/\/www.colindres.es\/\",\"logo\":{\"@type\":\"ImageObject\",\"inLanguage\":\"es\",\"@id\":\"https:\/\/www.colindres.es\/#\/schema\/logo\/image\/\",\"url\":\"https:\/\/www.colindres.es\/wp-content\/uploads\/2017\/01\/LOGO-PRINCIPAL.jpg\",\"contentUrl\":\"https:\/\/www.colindres.es\/wp-content\/uploads\/2017\/01\/LOGO-PRINCIPAL.jpg\",\"width\":1209,\"height\":579,\"caption\":\"AYUNTAMIENTO DE COLINDRES\"},\"image\":{\"@id\":\"https:\/\/www.colindres.es\/#\/schema\/logo\/image\/\"}}]}<\/script>\n<!-- \/ Yoast SEO plugin. -->","yoast_head_json":{"title":"Colindres volver\u00e1 a ser sede de los Cursos de Verano de la Universidad de Cantabria - Ayuntamiento de Colindres","robots":{"index":"index","follow":"follow","max-snippet":"max-snippet:-1","max-image-preview":"max-image-preview:large","max-video-preview":"max-video-preview:-1"},"canonical":"https:\/\/www.colindres.es\/index.php\/project\/colindres-volvera-a-ser-sede-de-los-cursos-de-verano-de-la-universidad-de-cantabria\/","og_locale":"es_ES","og_type":"article","og_title":"Colindres volver\u00e1 a ser sede de los Cursos de Verano de la Universidad de Cantabria - Ayuntamiento de Colindres","og_description":"El municipio ser\u00e1 referente en los programas dedicados al deporte, seg\u00fan ha adelantado el alcalde, Javier Incera Colindres, 15 de febrero.- La Universidad de Cantabria ha vuelto a contar con Colindres para ser sede de los Cursos de Verano en este a\u00f1o 2019. Como en ediciones anteriores, el municipio ser\u00e1 referencia en materia deportiva y [&hellip;]","og_url":"https:\/\/www.colindres.es\/index.php\/project\/colindres-volvera-a-ser-sede-de-los-cursos-de-verano-de-la-universidad-de-cantabria\/","og_site_name":"Ayuntamiento de Colindres","og_image":[{"width":1280,"height":960,"url":"https:\/\/www.colindres.es\/wp-content\/uploads\/2019\/02\/Cursos-Veranos-2018.jpg","type":"image\/jpeg"}],"twitter_card":"summary_large_image","twitter_misc":{"Tiempo de lectura":"4 minutos"},"schema":{"@context":"https:\/\/schema.org","@graph":[{"@type":"WebPage","@id":"https:\/\/www.colindres.es\/index.php\/project\/colindres-volvera-a-ser-sede-de-los-cursos-de-verano-de-la-universidad-de-cantabria\/","url":"https:\/\/www.colindres.es\/index.php\/project\/colindres-volvera-a-ser-sede-de-los-cursos-de-verano-de-la-universidad-de-cantabria\/","name":"Colindres volver\u00e1 a ser sede de los Cursos de Verano de la Universidad de Cantabria - Ayuntamiento de Colindres","isPartOf":{"@id":"https:\/\/www.colindres.es\/#website"},"primaryImageOfPage":{"@id":"https:\/\/www.colindres.es\/index.php\/project\/colindres-volvera-a-ser-sede-de-los-cursos-de-verano-de-la-universidad-de-cantabria\/#primaryimage"},"image":{"@id":"https:\/\/www.colindres.es\/index.php\/project\/colindres-volvera-a-ser-sede-de-los-cursos-de-verano-de-la-universidad-de-cantabria\/#primaryimage"},"thumbnailUrl":"https:\/\/www.colindres.es\/wp-content\/uploads\/2019\/02\/Cursos-Veranos-2018.jpg","datePublished":"2019-02-15T12:07:25+00:00","breadcrumb":{"@id":"https:\/\/www.colindres.es\/index.php\/project\/colindres-volvera-a-ser-sede-de-los-cursos-de-verano-de-la-universidad-de-cantabria\/#breadcrumb"},"inLanguage":"es","potentialAction":[{"@type":"ReadAction","target":["https:\/\/www.colindres.es\/index.php\/project\/colindres-volvera-a-ser-sede-de-los-cursos-de-verano-de-la-universidad-de-cantabria\/"]}]},{"@type":"ImageObject","inLanguage":"es","@id":"https:\/\/www.colindres.es\/index.php\/project\/colindres-volvera-a-ser-sede-de-los-cursos-de-verano-de-la-universidad-de-cantabria\/#primaryimage","url":"https:\/\/www.colindres.es\/wp-content\/uploads\/2019\/02\/Cursos-Veranos-2018.jpg","contentUrl":"https:\/\/www.colindres.es\/wp-content\/uploads\/2019\/02\/Cursos-Veranos-2018.jpg","width":1280,"height":960},{"@type":"BreadcrumbList","@id":"https:\/\/www.colindres.es\/index.php\/project\/colindres-volvera-a-ser-sede-de-los-cursos-de-verano-de-la-universidad-de-cantabria\/#breadcrumb","itemListElement":[{"@type":"ListItem","position":1,"name":"Portada","item":"https:\/\/www.colindres.es\/"},{"@type":"ListItem","position":2,"name":"Proyectos","item":"https:\/\/www.colindres.es\/index.php\/project\/"},{"@type":"ListItem","position":3,"name":"Colindres volver\u00e1 a ser sede de los Cursos de Verano de la Universidad de Cantabria"}]},{"@type":"WebSite","@id":"https:\/\/www.colindres.es\/#website","url":"https:\/\/www.colindres.es\/","name":"Ayuntamiento de Colindres","description":"Dise\u00f1ado por NTIC&#039;s","publisher":{"@id":"https:\/\/www.colindres.es\/#organization"},"potentialAction":[{"@type":"SearchAction","target":{"@type":"EntryPoint","urlTemplate":"https:\/\/www.colindres.es\/?s={search_term_string}"},"query-input":{"@type":"PropertyValueSpecification","valueRequired":true,"valueName":"search_term_string"}}],"inLanguage":"es"},{"@type":"Organization","@id":"https:\/\/www.colindres.es\/#organization","name":"AYUNTAMIENTO DE COLINDRES","url":"https:\/\/www.colindres.es\/","logo":{"@type":"ImageObject","inLanguage":"es","@id":"https:\/\/www.colindres.es\/#\/schema\/logo\/image\/","url":"https:\/\/www.colindres.es\/wp-content\/uploads\/2017\/01\/LOGO-PRINCIPAL.jpg","contentUrl":"https:\/\/www.colindres.es\/wp-content\/uploads\/2017\/01\/LOGO-PRINCIPAL.jpg","width":1209,"height":579,"caption":"AYUNTAMIENTO DE COLINDRES"},"image":{"@id":"https:\/\/www.colindres.es\/#\/schema\/logo\/image\/"}}]}},"_links":{"self":[{"href":"https:\/\/www.colindres.es\/index.php\/wp-json\/wp\/v2\/project\/2177","targetHints":{"allow":["GET"]}}],"collection":[{"href":"https:\/\/www.colindres.es\/index.php\/wp-json\/wp\/v2\/project"}],"about":[{"href":"https:\/\/www.colindres.es\/index.php\/wp-json\/wp\/v2\/types\/project"}],"author":[{"embeddable":true,"href":"https:\/\/www.colindres.es\/index.php\/wp-json\/wp\/v2\/users\/1"}],"replies":[{"embeddable":true,"href":"https:\/\/www.colindres.es\/index.php\/wp-json\/wp\/v2\/comments?post=2177"}],"version-history":[{"count":1,"href":"https:\/\/www.colindres.es\/index.php\/wp-json\/wp\/v2\/project\/2177\/revisions"}],"predecessor-version":[{"id":2179,"href":"https:\/\/www.colindres.es\/index.php\/wp-json\/wp\/v2\/project\/2177\/revisions\/2179"}],"wp:featuredmedia":[{"embeddable":true,"href":"https:\/\/www.colindres.es\/index.php\/wp-json\/wp\/v2\/media\/2178"}],"wp:attachment":[{"href":"https:\/\/www.colindres.es\/index.php\/wp-json\/wp\/v2\/media?parent=2177"}],"wp:term":[{"taxonomy":"project_category","embeddable":true,"href":"https:\/\/www.colindres.es\/index.php\/wp-json\/wp\/v2\/project_category?post=2177"},{"taxonomy":"project_tag","embeddable":true,"href":"https:\/\/www.colindres.es\/index.php\/wp-json\/wp\/v2\/project_tag?post=2177"}],"curies":[{"name":"wp","href":"https:\/\/api.w.org\/{rel}","templated":true}]}}