{"id":2051,"date":"2019-01-24T15:13:34","date_gmt":"2019-01-24T15:13:34","guid":{"rendered":"http:\/\/colindres.es\/?post_type=project&#038;p=2051"},"modified":"2019-01-24T15:13:34","modified_gmt":"2019-01-24T15:13:34","slug":"abierto-el-nuevo-centro-de-formacion-y-empleo-de-colindres-habilitado-en-el-antiguo-colegio-los-puentes-rectificacion","status":"publish","type":"project","link":"https:\/\/www.colindres.es\/index.php\/project\/abierto-el-nuevo-centro-de-formacion-y-empleo-de-colindres-habilitado-en-el-antiguo-colegio-los-puentes-rectificacion\/","title":{"rendered":"Abierto el nuevo Centro de Formaci\u00f3n y Empleo de Colindres habilitado en el antiguo colegio Los Puentes (rectificaci\u00f3n)"},"content":{"rendered":"<p class=\"x_MsoNormal\"><b>El alcalde visita a los alumnos de un taller de empleo en atenci\u00f3n sociosanitaria y se\u00f1ala que la apertura del Aula del Extensi\u00f3n<a id=\"LPlnk587853\" class=\"x_OWAAutoLink\" name=\"x__GoBack\"><\/a> Universitaria de la UNED est\u00e1 \u201cmuy pr\u00f3xima\u201d<\/b><\/p>\n<p class=\"x_MsoNormal\"><i>Colindres, 24 Enero.-<\/i> El alcalde de Colindres, Javier Incera, y el concejal de Educaci\u00f3n, Patrimonio y Empleo, Adri\u00e1n Seti\u00e9n, han visitado a los 15 alumnos que desde finales del a\u00f1o pasado est\u00e1n cursando en el antiguo colegio Los Puentes un taller de empleo en atenci\u00f3n sociosanitaria.<\/p>\n<p class=\"x_MsoNormal\">Durante el encuentro, el acalde ha animado a los beneficiaros a aprovechar al m\u00e1ximo este programa que les permitir\u00e1 acceder a una profesi\u00f3n cuya demanda ha crecido de forma muy destacada en los \u00faltimos a\u00f1os y ha mostrado su \u201csatisfacci\u00f3n\u201d porque el antiguo colegio Los Puentes haya recobrado vida y est\u00e9 \u201ca pleno rendimiento\u201d.<\/p>\n<p class=\"x_MsoNormal\">Este centro educativo se traslad\u00f3 a unas instalaciones m\u00e1s amplias y modernas al finalizar el curso 2014\/2015. Desde entonces, el Ayuntamiento de Colindres ha trabajado en reconvertir el edificio en un Centro destinado a la formaci\u00f3n y el empleo.<\/p>\n<p class=\"x_MsoNormal\">Actualmente, adem\u00e1s de este taller, acoge el desarrollo del \u2018Proyecto As\u00f3n\u2019, un programa pionero en Cantabria para favorecer la activaci\u00f3n social y laboral de las personas que se encuentran en riesgo de exclusi\u00f3n, que est\u00e1 subvencionado con 130.000 euros por la Consejer\u00eda de Pol\u00edtica Social y del que se beneficiar\u00e1n 260 vecinos del municipio.<\/p>\n<p class=\"x_MsoNormal\">En un comunicado, Incera ha asegurado que la reconversi\u00f3n del antiguo colegio Los Puentes como un nuevo espacio dedicado a la formaci\u00f3n y el empleo ha sido un \u201cgran acierto\u201d y ha recordado que \u201cla guinda\u201d a este proyecto impulsado por el Ayuntamiento ser\u00e1 la apertura \u201cmuy pronto\u201d de un Aula de Extensi\u00f3n Universitaria del Centro Asociado a la UNED.<\/p>\n<p class=\"x_MsoNormal\">A este respecto, el alcalde ha informado de que hace escasos d\u00edas ha mantenido una reuni\u00f3n con la directora del Centro Asociado a la UNED, Ana Mart\u00edn Minguij\u00f3n, que ha realizado una visita a las instalaciones y con quien est\u00e1 ultimando los detalles para la futura apertura de la que ser\u00e1 la segunda Aula de Extensi\u00f3n Universitaria de esta instituci\u00f3n acad\u00e9mica en Cantabria.<\/p>\n<p class=\"x_MsoNormal\">En la remodelaci\u00f3n de las instalaciones tambi\u00e9n ha participado el Grupo de Acci\u00f3n Costera (GAC) Oriental, que ha aportado 32.000 euros destinados a\u00a0equipar cuatro aulas de formaci\u00f3n, adem\u00e1s de material\u00a0did\u00e1ctico e inform\u00e1tico.<\/p>\n<p class=\"x_MsoNormal\"><b>Taller de Empleo<\/b><\/p>\n<p class=\"x_MsoNormal\">Desde el pasado mes de noviembre, 15 personas est\u00e1n realizando un taller de empleo organizado por el Ayuntamiento de Colindres y financiado por el Servicio C\u00e1ntabro de Empleo a trav\u00e9s del cual obtendr\u00e1n el Certificado de profesionalidad de nivel 2 en Atenci\u00f3n sociosanitaria a personas en situaci\u00f3n de dependencia en instituciones.<\/p>\n<p class=\"x_MsoNormal\">En las pr\u00f3ximas semanas, en torno a mediados de febrero, concluir\u00e1n la formaci\u00f3n te\u00f3rica e iniciar\u00e1n pr\u00e1cticas laborales, con m\u00e1s de 250 horas de colaboraci\u00f3n profesional en diversos centros de la zona oriental.<\/p>\n<p class=\"x_MsoNormal\">El alcalde ha destacado la val\u00eda de este taller que capacita a 15 personas para obtener una certificaci\u00f3n profesional dentro de un sector que demanda personal formado y capaz y ha garantizado el \u201ccompromiso\u201d del Ayuntamiento por llevar a cabo m\u00e1s iniciativas como esta que favorezcan la reincorporaci\u00f3n al mundo laboral de personas en situaci\u00f3n de desempleo.<\/p>\n","protected":false},"excerpt":{"rendered":"<p>El alcalde visita a los alumnos de un taller de empleo en atenci\u00f3n sociosanitaria y se\u00f1ala que la apertura del Aula del Extensi\u00f3n Universitaria de la UNED est\u00e1 \u201cmuy pr\u00f3xima\u201d Colindres, 24 Enero.- El alcalde de Colindres, Javier Incera, y el concejal de Educaci\u00f3n, Patrimonio y Empleo, Adri\u00e1n Seti\u00e9n, han visitado a los 15 alumnos [&hellip;]<\/p>\n","protected":false},"author":1,"featured_media":2049,"comment_status":"open","ping_status":"closed","template":"","meta":{"_et_pb_use_builder":"","_et_pb_old_content":"","_et_gb_content_width":"","footnotes":""},"project_category":[],"project_tag":[],"class_list":["post-2051","project","type-project","status-publish","has-post-thumbnail","hentry"],"yoast_head":"<!-- This site is optimized with the Yoast SEO plugin v24.9 - https:\/\/yoast.com\/wordpress\/plugins\/seo\/ -->\n<title>Abierto el nuevo Centro de Formaci\u00f3n y Empleo de Colindres habilitado en el antiguo colegio Los Puentes (rectificaci\u00f3n) - Ayuntamiento de Colindres<\/title>\n<meta name=\"robots\" content=\"index, follow, max-snippet:-1, max-image-preview:large, max-video-preview:-1\" \/>\n<link rel=\"canonical\" href=\"https:\/\/www.colindres.es\/index.php\/project\/abierto-el-nuevo-centro-de-formacion-y-empleo-de-colindres-habilitado-en-el-antiguo-colegio-los-puentes-rectificacion\/\" \/>\n<meta property=\"og:locale\" content=\"es_ES\" \/>\n<meta property=\"og:type\" content=\"article\" \/>\n<meta property=\"og:title\" content=\"Abierto el nuevo Centro de Formaci\u00f3n y Empleo de Colindres habilitado en el antiguo colegio Los Puentes (rectificaci\u00f3n) - Ayuntamiento de Colindres\" \/>\n<meta property=\"og:description\" content=\"El alcalde visita a los alumnos de un taller de empleo en atenci\u00f3n sociosanitaria y se\u00f1ala que la apertura del Aula del Extensi\u00f3n Universitaria de la UNED est\u00e1 \u201cmuy pr\u00f3xima\u201d Colindres, 24 Enero.- El alcalde de Colindres, Javier Incera, y el concejal de Educaci\u00f3n, Patrimonio y Empleo, Adri\u00e1n Seti\u00e9n, han visitado a los 15 alumnos [&hellip;]\" \/>\n<meta property=\"og:url\" content=\"https:\/\/www.colindres.es\/index.php\/project\/abierto-el-nuevo-centro-de-formacion-y-empleo-de-colindres-habilitado-en-el-antiguo-colegio-los-puentes-rectificacion\/\" \/>\n<meta property=\"og:site_name\" content=\"Ayuntamiento de Colindres\" \/>\n<meta property=\"og:image\" content=\"https:\/\/www.colindres.es\/wp-content\/uploads\/2019\/01\/Taller-de-Empleo.jpg\" \/>\n\t<meta property=\"og:image:width\" content=\"1280\" \/>\n\t<meta property=\"og:image:height\" content=\"960\" \/>\n\t<meta property=\"og:image:type\" content=\"image\/jpeg\" \/>\n<meta name=\"twitter:card\" content=\"summary_large_image\" \/>\n<meta name=\"twitter:label1\" content=\"Tiempo de lectura\" \/>\n\t<meta name=\"twitter:data1\" content=\"3 minutos\" \/>\n<script type=\"application\/ld+json\" class=\"yoast-schema-graph\">{\"@context\":\"https:\/\/schema.org\",\"@graph\":[{\"@type\":\"WebPage\",\"@id\":\"https:\/\/www.colindres.es\/index.php\/project\/abierto-el-nuevo-centro-de-formacion-y-empleo-de-colindres-habilitado-en-el-antiguo-colegio-los-puentes-rectificacion\/\",\"url\":\"https:\/\/www.colindres.es\/index.php\/project\/abierto-el-nuevo-centro-de-formacion-y-empleo-de-colindres-habilitado-en-el-antiguo-colegio-los-puentes-rectificacion\/\",\"name\":\"Abierto el nuevo Centro de Formaci\u00f3n y Empleo de Colindres habilitado en el antiguo colegio Los Puentes (rectificaci\u00f3n) - Ayuntamiento de Colindres\",\"isPartOf\":{\"@id\":\"https:\/\/www.colindres.es\/#website\"},\"primaryImageOfPage\":{\"@id\":\"https:\/\/www.colindres.es\/index.php\/project\/abierto-el-nuevo-centro-de-formacion-y-empleo-de-colindres-habilitado-en-el-antiguo-colegio-los-puentes-rectificacion\/#primaryimage\"},\"image\":{\"@id\":\"https:\/\/www.colindres.es\/index.php\/project\/abierto-el-nuevo-centro-de-formacion-y-empleo-de-colindres-habilitado-en-el-antiguo-colegio-los-puentes-rectificacion\/#primaryimage\"},\"thumbnailUrl\":\"https:\/\/www.colindres.es\/wp-content\/uploads\/2019\/01\/Taller-de-Empleo.jpg\",\"datePublished\":\"2019-01-24T15:13:34+00:00\",\"breadcrumb\":{\"@id\":\"https:\/\/www.colindres.es\/index.php\/project\/abierto-el-nuevo-centro-de-formacion-y-empleo-de-colindres-habilitado-en-el-antiguo-colegio-los-puentes-rectificacion\/#breadcrumb\"},\"inLanguage\":\"es\",\"potentialAction\":[{\"@type\":\"ReadAction\",\"target\":[\"https:\/\/www.colindres.es\/index.php\/project\/abierto-el-nuevo-centro-de-formacion-y-empleo-de-colindres-habilitado-en-el-antiguo-colegio-los-puentes-rectificacion\/\"]}]},{\"@type\":\"ImageObject\",\"inLanguage\":\"es\",\"@id\":\"https:\/\/www.colindres.es\/index.php\/project\/abierto-el-nuevo-centro-de-formacion-y-empleo-de-colindres-habilitado-en-el-antiguo-colegio-los-puentes-rectificacion\/#primaryimage\",\"url\":\"https:\/\/www.colindres.es\/wp-content\/uploads\/2019\/01\/Taller-de-Empleo.jpg\",\"contentUrl\":\"https:\/\/www.colindres.es\/wp-content\/uploads\/2019\/01\/Taller-de-Empleo.jpg\",\"width\":1280,\"height\":960},{\"@type\":\"BreadcrumbList\",\"@id\":\"https:\/\/www.colindres.es\/index.php\/project\/abierto-el-nuevo-centro-de-formacion-y-empleo-de-colindres-habilitado-en-el-antiguo-colegio-los-puentes-rectificacion\/#breadcrumb\",\"itemListElement\":[{\"@type\":\"ListItem\",\"position\":1,\"name\":\"Portada\",\"item\":\"https:\/\/www.colindres.es\/\"},{\"@type\":\"ListItem\",\"position\":2,\"name\":\"Proyectos\",\"item\":\"https:\/\/www.colindres.es\/index.php\/project\/\"},{\"@type\":\"ListItem\",\"position\":3,\"name\":\"Abierto el nuevo Centro de Formaci\u00f3n y Empleo de Colindres habilitado en el antiguo colegio Los Puentes (rectificaci\u00f3n)\"}]},{\"@type\":\"WebSite\",\"@id\":\"https:\/\/www.colindres.es\/#website\",\"url\":\"https:\/\/www.colindres.es\/\",\"name\":\"Ayuntamiento de Colindres\",\"description\":\"Dise\u00f1ado por NTIC&#039;s\",\"publisher\":{\"@id\":\"https:\/\/www.colindres.es\/#organization\"},\"potentialAction\":[{\"@type\":\"SearchAction\",\"target\":{\"@type\":\"EntryPoint\",\"urlTemplate\":\"https:\/\/www.colindres.es\/?s={search_term_string}\"},\"query-input\":{\"@type\":\"PropertyValueSpecification\",\"valueRequired\":true,\"valueName\":\"search_term_string\"}}],\"inLanguage\":\"es\"},{\"@type\":\"Organization\",\"@id\":\"https:\/\/www.colindres.es\/#organization\",\"name\":\"AYUNTAMIENTO DE COLINDRES\",\"url\":\"https:\/\/www.colindres.es\/\",\"logo\":{\"@type\":\"ImageObject\",\"inLanguage\":\"es\",\"@id\":\"https:\/\/www.colindres.es\/#\/schema\/logo\/image\/\",\"url\":\"https:\/\/www.colindres.es\/wp-content\/uploads\/2017\/01\/LOGO-PRINCIPAL.jpg\",\"contentUrl\":\"https:\/\/www.colindres.es\/wp-content\/uploads\/2017\/01\/LOGO-PRINCIPAL.jpg\",\"width\":1209,\"height\":579,\"caption\":\"AYUNTAMIENTO DE COLINDRES\"},\"image\":{\"@id\":\"https:\/\/www.colindres.es\/#\/schema\/logo\/image\/\"}}]}<\/script>\n<!-- \/ Yoast SEO plugin. -->","yoast_head_json":{"title":"Abierto el nuevo Centro de Formaci\u00f3n y Empleo de Colindres habilitado en el antiguo colegio Los Puentes (rectificaci\u00f3n) - Ayuntamiento de Colindres","robots":{"index":"index","follow":"follow","max-snippet":"max-snippet:-1","max-image-preview":"max-image-preview:large","max-video-preview":"max-video-preview:-1"},"canonical":"https:\/\/www.colindres.es\/index.php\/project\/abierto-el-nuevo-centro-de-formacion-y-empleo-de-colindres-habilitado-en-el-antiguo-colegio-los-puentes-rectificacion\/","og_locale":"es_ES","og_type":"article","og_title":"Abierto el nuevo Centro de Formaci\u00f3n y Empleo de Colindres habilitado en el antiguo colegio Los Puentes (rectificaci\u00f3n) - Ayuntamiento de Colindres","og_description":"El alcalde visita a los alumnos de un taller de empleo en atenci\u00f3n sociosanitaria y se\u00f1ala que la apertura del Aula del Extensi\u00f3n Universitaria de la UNED est\u00e1 \u201cmuy pr\u00f3xima\u201d Colindres, 24 Enero.- El alcalde de Colindres, Javier Incera, y el concejal de Educaci\u00f3n, Patrimonio y Empleo, Adri\u00e1n Seti\u00e9n, han visitado a los 15 alumnos [&hellip;]","og_url":"https:\/\/www.colindres.es\/index.php\/project\/abierto-el-nuevo-centro-de-formacion-y-empleo-de-colindres-habilitado-en-el-antiguo-colegio-los-puentes-rectificacion\/","og_site_name":"Ayuntamiento de Colindres","og_image":[{"width":1280,"height":960,"url":"https:\/\/www.colindres.es\/wp-content\/uploads\/2019\/01\/Taller-de-Empleo.jpg","type":"image\/jpeg"}],"twitter_card":"summary_large_image","twitter_misc":{"Tiempo de lectura":"3 minutos"},"schema":{"@context":"https:\/\/schema.org","@graph":[{"@type":"WebPage","@id":"https:\/\/www.colindres.es\/index.php\/project\/abierto-el-nuevo-centro-de-formacion-y-empleo-de-colindres-habilitado-en-el-antiguo-colegio-los-puentes-rectificacion\/","url":"https:\/\/www.colindres.es\/index.php\/project\/abierto-el-nuevo-centro-de-formacion-y-empleo-de-colindres-habilitado-en-el-antiguo-colegio-los-puentes-rectificacion\/","name":"Abierto el nuevo Centro de Formaci\u00f3n y Empleo de Colindres habilitado en el antiguo colegio Los Puentes (rectificaci\u00f3n) - Ayuntamiento de Colindres","isPartOf":{"@id":"https:\/\/www.colindres.es\/#website"},"primaryImageOfPage":{"@id":"https:\/\/www.colindres.es\/index.php\/project\/abierto-el-nuevo-centro-de-formacion-y-empleo-de-colindres-habilitado-en-el-antiguo-colegio-los-puentes-rectificacion\/#primaryimage"},"image":{"@id":"https:\/\/www.colindres.es\/index.php\/project\/abierto-el-nuevo-centro-de-formacion-y-empleo-de-colindres-habilitado-en-el-antiguo-colegio-los-puentes-rectificacion\/#primaryimage"},"thumbnailUrl":"https:\/\/www.colindres.es\/wp-content\/uploads\/2019\/01\/Taller-de-Empleo.jpg","datePublished":"2019-01-24T15:13:34+00:00","breadcrumb":{"@id":"https:\/\/www.colindres.es\/index.php\/project\/abierto-el-nuevo-centro-de-formacion-y-empleo-de-colindres-habilitado-en-el-antiguo-colegio-los-puentes-rectificacion\/#breadcrumb"},"inLanguage":"es","potentialAction":[{"@type":"ReadAction","target":["https:\/\/www.colindres.es\/index.php\/project\/abierto-el-nuevo-centro-de-formacion-y-empleo-de-colindres-habilitado-en-el-antiguo-colegio-los-puentes-rectificacion\/"]}]},{"@type":"ImageObject","inLanguage":"es","@id":"https:\/\/www.colindres.es\/index.php\/project\/abierto-el-nuevo-centro-de-formacion-y-empleo-de-colindres-habilitado-en-el-antiguo-colegio-los-puentes-rectificacion\/#primaryimage","url":"https:\/\/www.colindres.es\/wp-content\/uploads\/2019\/01\/Taller-de-Empleo.jpg","contentUrl":"https:\/\/www.colindres.es\/wp-content\/uploads\/2019\/01\/Taller-de-Empleo.jpg","width":1280,"height":960},{"@type":"BreadcrumbList","@id":"https:\/\/www.colindres.es\/index.php\/project\/abierto-el-nuevo-centro-de-formacion-y-empleo-de-colindres-habilitado-en-el-antiguo-colegio-los-puentes-rectificacion\/#breadcrumb","itemListElement":[{"@type":"ListItem","position":1,"name":"Portada","item":"https:\/\/www.colindres.es\/"},{"@type":"ListItem","position":2,"name":"Proyectos","item":"https:\/\/www.colindres.es\/index.php\/project\/"},{"@type":"ListItem","position":3,"name":"Abierto el nuevo Centro de Formaci\u00f3n y Empleo de Colindres habilitado en el antiguo colegio Los Puentes (rectificaci\u00f3n)"}]},{"@type":"WebSite","@id":"https:\/\/www.colindres.es\/#website","url":"https:\/\/www.colindres.es\/","name":"Ayuntamiento de Colindres","description":"Dise\u00f1ado por NTIC&#039;s","publisher":{"@id":"https:\/\/www.colindres.es\/#organization"},"potentialAction":[{"@type":"SearchAction","target":{"@type":"EntryPoint","urlTemplate":"https:\/\/www.colindres.es\/?s={search_term_string}"},"query-input":{"@type":"PropertyValueSpecification","valueRequired":true,"valueName":"search_term_string"}}],"inLanguage":"es"},{"@type":"Organization","@id":"https:\/\/www.colindres.es\/#organization","name":"AYUNTAMIENTO DE COLINDRES","url":"https:\/\/www.colindres.es\/","logo":{"@type":"ImageObject","inLanguage":"es","@id":"https:\/\/www.colindres.es\/#\/schema\/logo\/image\/","url":"https:\/\/www.colindres.es\/wp-content\/uploads\/2017\/01\/LOGO-PRINCIPAL.jpg","contentUrl":"https:\/\/www.colindres.es\/wp-content\/uploads\/2017\/01\/LOGO-PRINCIPAL.jpg","width":1209,"height":579,"caption":"AYUNTAMIENTO DE COLINDRES"},"image":{"@id":"https:\/\/www.colindres.es\/#\/schema\/logo\/image\/"}}]}},"_links":{"self":[{"href":"https:\/\/www.colindres.es\/index.php\/wp-json\/wp\/v2\/project\/2051","targetHints":{"allow":["GET"]}}],"collection":[{"href":"https:\/\/www.colindres.es\/index.php\/wp-json\/wp\/v2\/project"}],"about":[{"href":"https:\/\/www.colindres.es\/index.php\/wp-json\/wp\/v2\/types\/project"}],"author":[{"embeddable":true,"href":"https:\/\/www.colindres.es\/index.php\/wp-json\/wp\/v2\/users\/1"}],"replies":[{"embeddable":true,"href":"https:\/\/www.colindres.es\/index.php\/wp-json\/wp\/v2\/comments?post=2051"}],"version-history":[{"count":1,"href":"https:\/\/www.colindres.es\/index.php\/wp-json\/wp\/v2\/project\/2051\/revisions"}],"predecessor-version":[{"id":2052,"href":"https:\/\/www.colindres.es\/index.php\/wp-json\/wp\/v2\/project\/2051\/revisions\/2052"}],"wp:featuredmedia":[{"embeddable":true,"href":"https:\/\/www.colindres.es\/index.php\/wp-json\/wp\/v2\/media\/2049"}],"wp:attachment":[{"href":"https:\/\/www.colindres.es\/index.php\/wp-json\/wp\/v2\/media?parent=2051"}],"wp:term":[{"taxonomy":"project_category","embeddable":true,"href":"https:\/\/www.colindres.es\/index.php\/wp-json\/wp\/v2\/project_category?post=2051"},{"taxonomy":"project_tag","embeddable":true,"href":"https:\/\/www.colindres.es\/index.php\/wp-json\/wp\/v2\/project_tag?post=2051"}],"curies":[{"name":"wp","href":"https:\/\/api.w.org\/{rel}","templated":true}]}}