{"id":2039,"date":"2019-01-22T09:20:47","date_gmt":"2019-01-22T09:20:47","guid":{"rendered":"http:\/\/colindres.es\/?post_type=project&#038;p=2039"},"modified":"2019-01-22T09:21:26","modified_gmt":"2019-01-22T09:21:26","slug":"tercera-convocatoria-de-ayudas-para-la-presentacion-de-proyectos-dentro-del-actual-periodo-del-femp-la-cual-se-desarrollara-desde-hoy-lunes-21-de-enero-de-2019-hasta-el-15-de-marzo-de-2019-ambos-i","status":"publish","type":"project","link":"https:\/\/www.colindres.es\/index.php\/project\/tercera-convocatoria-de-ayudas-para-la-presentacion-de-proyectos-dentro-del-actual-periodo-del-femp-la-cual-se-desarrollara-desde-hoy-lunes-21-de-enero-de-2019-hasta-el-15-de-marzo-de-2019-ambos-i\/","title":{"rendered":"Tercera convocatoria de ayudas para la presentaci\u00f3n de proyectos dentro del actual periodo del FEMP, la cual se desarrollar\u00e1 desde hoy lunes, 21 de enero de 2019, hasta el 15 de marzo de 2019, ambos inclusive."},"content":{"rendered":"<p><b><span style=\"font-size: medium;\">CONVOCATORIA: <\/span><\/b><\/p>\n<p>El Grupo de Acci\u00f3n Costera Oriental de Cantabria (GAC Oriental), entidad colaboradora de la Consejer\u00eda de Medio Rural, Pesca y Alimentaci\u00f3n del Gobierno de Cantabria para la implementaci\u00f3n de Estrategia de Desarrollo Local Participativo del GAC Oriental en el marco del FEMP (Fondo Europeo Mar\u00edtimo y de Pesca), abre un nuevo periodo de presentaci\u00f3n de solicitudes de ayudas a proyectos de inversi\u00f3n que contribuyan a la dinamizaci\u00f3n y al desarrollo sostenible de los municipios pesqueros de Castro Urdiales, Laredo, Colindres y Santo\u00f1a.<\/p>\n<p><em><strong>PLAZO DE SOLICITUD: <\/strong><\/em><span style=\"font-size: medium;\"><b>Del 21 de Enero de 2019 al 15 de Marzo de 2019, ambos inclusive<\/b><\/span><span style=\"font-family: Verdana,Verdana; font-size: medium;\">. <\/span><\/p>\n<p><span style=\"font-size: medium;\"><b>PRESUPUESTO<\/b><\/span><span style=\"font-family: Verdana,Verdana; font-size: medium;\">: <\/span><b><span style=\"font-size: medium;\">Hasta 500<\/span><span style=\"font-family: Verdana,Verdana; font-size: medium;\">.000 \u20ac <\/span><\/b><\/p>\n<p><strong>REGISTRO DE SOLICITUDES:<\/strong><\/p>\n<p><span style=\"font-family: Verdana,Verdana; font-size: medium;\">Sede del GAC Oriental en el Centro Integrado de Servicios a las Empresas de Laredo <\/span><b><span style=\"font-size: medium;\">(CISE)<\/span><\/b><span style=\"font-family: Verdana,Verdana; font-size: medium;\">. Direcci\u00f3n: Pol\u00edgono Industrial de la Pesquera s\/n (Edif. CISE) CP 39.770 Laredo. <\/span><\/p>\n<p>Las solicitudes pueden registrarse de lunes a viernes de 09.00 h a 14.00 h.<\/p>\n<p><span style=\"font-size: medium;\"><b>Contacto con GAC Oriental<\/b><\/span><span style=\"font-family: Verdana,Verdana; font-size: medium;\">: <\/span><\/p>\n<p><span style=\"font-size: medium;\"><b>Tel\u00e9fonos: <\/b><\/span><span style=\"font-family: Verdana,Verdana; font-size: medium;\">942. 683.351 <\/span><\/p>\n<p>942. 604.808<\/p>\n<p><span style=\"font-size: medium;\"><b>Correos electr\u00f3nicos<\/b><\/span><span style=\"font-family: Verdana,Verdana; font-size: medium;\">: gerencia@gaccantabriaoriental.es <\/span><\/p>\n<p><span style=\"font-family: Verdana,Verdana; font-size: medium;\">administracion@gaccantabriaoriental.es<\/span><\/p>\n<p><strong>DOCUMENTOS ADJUNTOS<\/strong><\/p>\n<p><span style=\"font-family: Verdana,Verdana; font-size: medium;\">&#8211; <\/span><b><span style=\"font-size: medium;\">Modelo de solicitud de ayuda y Anexo <\/span><\/b><span style=\"font-family: Verdana,Verdana; font-size: medium;\">(incluye los documentos y certificados necesarios a adjuntar en la presentaci\u00f3n de la instancia as\u00ed como la declaraci\u00f3n del interesado). <\/span><\/p>\n<p>&#8211; Modelo declaraci\u00f3n PYME<\/p>\n<p><span style=\"font-family: Verdana,Verdana; font-size: medium;\">&#8211; <\/span><b><span style=\"font-size: medium;\">Normas generales del Procedimiento General de gesti\u00f3n <\/span><\/b><span style=\"font-family: Verdana,Verdana; font-size: medium;\">del GAC Oriental para la concesi\u00f3n de las ayudas convenido entre la Consejer\u00eda de Pesca del Gobierno de Cantabria y el GAC Oriental de Cantabria. (Indica los contenidos m\u00ednimos del Proyecto o Memoria a presentar, la documentaci\u00f3n adjunta necesaria, el proceso de concesi\u00f3n de las ayudas, criterios generales y espec\u00edficos de valoraci\u00f3n de los proyectos etc). <\/span><\/p>\n<p><span style=\"font-family: Verdana,Verdana; font-size: medium;\">&#8211; <\/span><b><span style=\"font-size: medium;\">Folleto ayudas FEMP para el desarrollo sostenible de la zona pesquera oriental de Cantabria <\/span><\/b><span style=\"font-family: Verdana,Verdana; font-size: medium;\">contiene preguntas y respuestas r\u00e1pidas sobre las ayudas de desarrollo local del FEMP gestionadas por el GAC Oriental (a qui\u00e9n van destinadas las ayudas, criterios de selecci\u00f3n de proyectos, etc). <\/span><\/p>\n<p>RECOMENDACIONES IMPORTANTES:<\/p>\n<p>-Se recomienda agilizar, en su caso, la obtenci\u00f3n de los permisos preceptivos ante las distintas administraciones para realizar las inversiones ya que es requisito indispensable para el pago final de la ayuda aprobada.<\/p>\n<p>-En caso de inversiones de cuant\u00eda importante es necesario aportar al menos tres presupuestos de diferentes proveedores de las inversiones\/obras a realizar.<\/p>\n<p>-Como norma general, el material elaborado con las ayudas FEMP deber\u00e1 mostrar visiblemente los logos publicitarios de Consejer\u00eda de Medio Rural, Pesca y Alimentaci\u00f3n; GAC Oriental y FEMP (tal y como aparecen en el encabezado de esta nota informativa).<\/p>\n<p>-La aceptaci\u00f3n de las ayudas obliga al mantenimiento de las inversiones durante al menos 5 a\u00f1os, como norma general.<\/p>\n<p>ENLACES DE INTER\u00c9S:<\/p>\n<p><span style=\"font-size: medium;\">&#8211;<\/span><b><span style=\"color: #800080; font-size: medium;\"><a href=\"https:\/\/gaccantabriaoriental.es\/gac-oriental\/edlp\/\">Estrategia de Desarrollo Local Participativo (EDLP) del Grupo de Acci\u00f3n Costera Oriental de Cantabria<\/a>. <\/span><\/b><\/p>\n<p><a href=\"http:\/\/colindres.es\/wp-content\/uploads\/2019\/01\/FOLLETO-INFORMATIVO-AYUDAS-GAC-ORIENTAL-2.pdf\">FOLLETO INFORMATIVO AYUDAS GAC ORIENTAL 2<\/a><\/p>\n<p><a href=\"http:\/\/colindres.es\/wp-content\/uploads\/2019\/01\/01_GALP-Solicitud-Ayuda.doc\">01_GALP &#8211; Solicitud Ayuda<\/a><\/p>\n<p><a href=\"http:\/\/colindres.es\/wp-content\/uploads\/2019\/01\/02_GALP-Solicitud-Ayuda-anexo.doc\">02_GALP &#8211; Solicitud Ayuda anexo<\/a><\/p>\n<p><a href=\"http:\/\/colindres.es\/wp-content\/uploads\/2019\/01\/11_GALP-MODELO-DECLARACI\u00d3N-PYME.doc\">11_GALP &#8211; MODELO DECLARACI\u00d3N PYME<\/a><\/p>\n<p><a href=\"http:\/\/colindres.es\/wp-content\/uploads\/2019\/01\/NOTA-INFORMATIVA_ENERO-2019.pdf\">NOTA INFORMATIVA_ENERO 2019<\/a><\/p>\n<p><a href=\"http:\/\/colindres.es\/wp-content\/uploads\/2019\/01\/PROCEDIMIENTO-GESTI\u00d3N-AYUDAS.pdf\">PROCEDIMIENTO GESTI\u00d3N AYUDAS<\/a><\/p>\n<p>&nbsp;<\/p>\n","protected":false},"excerpt":{"rendered":"<p>CONVOCATORIA: El Grupo de Acci\u00f3n Costera Oriental de Cantabria (GAC Oriental), entidad colaboradora de la Consejer\u00eda de Medio Rural, Pesca y Alimentaci\u00f3n del Gobierno de Cantabria para la implementaci\u00f3n de Estrategia de Desarrollo Local Participativo del GAC Oriental en el marco del FEMP (Fondo Europeo Mar\u00edtimo y de Pesca), abre un nuevo periodo de presentaci\u00f3n [&hellip;]<\/p>\n","protected":false},"author":1,"featured_media":2024,"comment_status":"open","ping_status":"closed","template":"","meta":{"_et_pb_use_builder":"","_et_pb_old_content":"","_et_gb_content_width":"","footnotes":""},"project_category":[],"project_tag":[],"class_list":["post-2039","project","type-project","status-publish","has-post-thumbnail","hentry"],"yoast_head":"<!-- This site is optimized with the Yoast SEO plugin v24.9 - https:\/\/yoast.com\/wordpress\/plugins\/seo\/ -->\n<title>Tercera convocatoria de ayudas para la presentaci\u00f3n de proyectos dentro del actual periodo del FEMP, la cual se desarrollar\u00e1 desde hoy lunes, 21 de enero de 2019, hasta el 15 de marzo de 2019, ambos inclusive. - Ayuntamiento de Colindres<\/title>\n<meta name=\"robots\" content=\"index, follow, max-snippet:-1, max-image-preview:large, max-video-preview:-1\" \/>\n<link rel=\"canonical\" href=\"https:\/\/www.colindres.es\/index.php\/project\/tercera-convocatoria-de-ayudas-para-la-presentacion-de-proyectos-dentro-del-actual-periodo-del-femp-la-cual-se-desarrollara-desde-hoy-lunes-21-de-enero-de-2019-hasta-el-15-de-marzo-de-2019-ambos-i\/\" \/>\n<meta property=\"og:locale\" content=\"es_ES\" \/>\n<meta property=\"og:type\" content=\"article\" \/>\n<meta property=\"og:title\" content=\"Tercera convocatoria de ayudas para la presentaci\u00f3n de proyectos dentro del actual periodo del FEMP, la cual se desarrollar\u00e1 desde hoy lunes, 21 de enero de 2019, hasta el 15 de marzo de 2019, ambos inclusive. - Ayuntamiento de Colindres\" \/>\n<meta property=\"og:description\" content=\"CONVOCATORIA: El Grupo de Acci\u00f3n Costera Oriental de Cantabria (GAC Oriental), entidad colaboradora de la Consejer\u00eda de Medio Rural, Pesca y Alimentaci\u00f3n del Gobierno de Cantabria para la implementaci\u00f3n de Estrategia de Desarrollo Local Participativo del GAC Oriental en el marco del FEMP (Fondo Europeo Mar\u00edtimo y de Pesca), abre un nuevo periodo de presentaci\u00f3n [&hellip;]\" \/>\n<meta property=\"og:url\" content=\"https:\/\/www.colindres.es\/index.php\/project\/tercera-convocatoria-de-ayudas-para-la-presentacion-de-proyectos-dentro-del-actual-periodo-del-femp-la-cual-se-desarrollara-desde-hoy-lunes-21-de-enero-de-2019-hasta-el-15-de-marzo-de-2019-ambos-i\/\" \/>\n<meta property=\"og:site_name\" content=\"Ayuntamiento de Colindres\" \/>\n<meta property=\"article:modified_time\" content=\"2019-01-22T09:21:26+00:00\" \/>\n<meta property=\"og:image\" content=\"https:\/\/www.colindres.es\/wp-content\/uploads\/2019\/01\/untitled.png\" \/>\n\t<meta property=\"og:image:width\" content=\"270\" \/>\n\t<meta property=\"og:image:height\" content=\"186\" \/>\n\t<meta property=\"og:image:type\" content=\"image\/png\" \/>\n<meta name=\"twitter:card\" content=\"summary_large_image\" \/>\n<meta name=\"twitter:label1\" content=\"Tiempo de lectura\" \/>\n\t<meta name=\"twitter:data1\" content=\"2 minutos\" \/>\n<script type=\"application\/ld+json\" class=\"yoast-schema-graph\">{\"@context\":\"https:\/\/schema.org\",\"@graph\":[{\"@type\":\"WebPage\",\"@id\":\"https:\/\/www.colindres.es\/index.php\/project\/tercera-convocatoria-de-ayudas-para-la-presentacion-de-proyectos-dentro-del-actual-periodo-del-femp-la-cual-se-desarrollara-desde-hoy-lunes-21-de-enero-de-2019-hasta-el-15-de-marzo-de-2019-ambos-i\/\",\"url\":\"https:\/\/www.colindres.es\/index.php\/project\/tercera-convocatoria-de-ayudas-para-la-presentacion-de-proyectos-dentro-del-actual-periodo-del-femp-la-cual-se-desarrollara-desde-hoy-lunes-21-de-enero-de-2019-hasta-el-15-de-marzo-de-2019-ambos-i\/\",\"name\":\"Tercera convocatoria de ayudas para la presentaci\u00f3n de proyectos dentro del actual periodo del FEMP, la cual se desarrollar\u00e1 desde hoy lunes, 21 de enero de 2019, hasta el 15 de marzo de 2019, ambos inclusive. - Ayuntamiento de Colindres\",\"isPartOf\":{\"@id\":\"https:\/\/www.colindres.es\/#website\"},\"primaryImageOfPage\":{\"@id\":\"https:\/\/www.colindres.es\/index.php\/project\/tercera-convocatoria-de-ayudas-para-la-presentacion-de-proyectos-dentro-del-actual-periodo-del-femp-la-cual-se-desarrollara-desde-hoy-lunes-21-de-enero-de-2019-hasta-el-15-de-marzo-de-2019-ambos-i\/#primaryimage\"},\"image\":{\"@id\":\"https:\/\/www.colindres.es\/index.php\/project\/tercera-convocatoria-de-ayudas-para-la-presentacion-de-proyectos-dentro-del-actual-periodo-del-femp-la-cual-se-desarrollara-desde-hoy-lunes-21-de-enero-de-2019-hasta-el-15-de-marzo-de-2019-ambos-i\/#primaryimage\"},\"thumbnailUrl\":\"https:\/\/www.colindres.es\/wp-content\/uploads\/2019\/01\/untitled.png\",\"datePublished\":\"2019-01-22T09:20:47+00:00\",\"dateModified\":\"2019-01-22T09:21:26+00:00\",\"breadcrumb\":{\"@id\":\"https:\/\/www.colindres.es\/index.php\/project\/tercera-convocatoria-de-ayudas-para-la-presentacion-de-proyectos-dentro-del-actual-periodo-del-femp-la-cual-se-desarrollara-desde-hoy-lunes-21-de-enero-de-2019-hasta-el-15-de-marzo-de-2019-ambos-i\/#breadcrumb\"},\"inLanguage\":\"es\",\"potentialAction\":[{\"@type\":\"ReadAction\",\"target\":[\"https:\/\/www.colindres.es\/index.php\/project\/tercera-convocatoria-de-ayudas-para-la-presentacion-de-proyectos-dentro-del-actual-periodo-del-femp-la-cual-se-desarrollara-desde-hoy-lunes-21-de-enero-de-2019-hasta-el-15-de-marzo-de-2019-ambos-i\/\"]}]},{\"@type\":\"ImageObject\",\"inLanguage\":\"es\",\"@id\":\"https:\/\/www.colindres.es\/index.php\/project\/tercera-convocatoria-de-ayudas-para-la-presentacion-de-proyectos-dentro-del-actual-periodo-del-femp-la-cual-se-desarrollara-desde-hoy-lunes-21-de-enero-de-2019-hasta-el-15-de-marzo-de-2019-ambos-i\/#primaryimage\",\"url\":\"https:\/\/www.colindres.es\/wp-content\/uploads\/2019\/01\/untitled.png\",\"contentUrl\":\"https:\/\/www.colindres.es\/wp-content\/uploads\/2019\/01\/untitled.png\",\"width\":270,\"height\":186},{\"@type\":\"BreadcrumbList\",\"@id\":\"https:\/\/www.colindres.es\/index.php\/project\/tercera-convocatoria-de-ayudas-para-la-presentacion-de-proyectos-dentro-del-actual-periodo-del-femp-la-cual-se-desarrollara-desde-hoy-lunes-21-de-enero-de-2019-hasta-el-15-de-marzo-de-2019-ambos-i\/#breadcrumb\",\"itemListElement\":[{\"@type\":\"ListItem\",\"position\":1,\"name\":\"Portada\",\"item\":\"https:\/\/www.colindres.es\/\"},{\"@type\":\"ListItem\",\"position\":2,\"name\":\"Proyectos\",\"item\":\"https:\/\/www.colindres.es\/index.php\/project\/\"},{\"@type\":\"ListItem\",\"position\":3,\"name\":\"Tercera convocatoria de ayudas para la presentaci\u00f3n de proyectos dentro del actual periodo del FEMP, la cual se desarrollar\u00e1 desde hoy lunes, 21 de enero de 2019, hasta el 15 de marzo de 2019, ambos inclusive.\"}]},{\"@type\":\"WebSite\",\"@id\":\"https:\/\/www.colindres.es\/#website\",\"url\":\"https:\/\/www.colindres.es\/\",\"name\":\"Ayuntamiento de Colindres\",\"description\":\"Dise\u00f1ado por NTIC&#039;s\",\"publisher\":{\"@id\":\"https:\/\/www.colindres.es\/#organization\"},\"potentialAction\":[{\"@type\":\"SearchAction\",\"target\":{\"@type\":\"EntryPoint\",\"urlTemplate\":\"https:\/\/www.colindres.es\/?s={search_term_string}\"},\"query-input\":{\"@type\":\"PropertyValueSpecification\",\"valueRequired\":true,\"valueName\":\"search_term_string\"}}],\"inLanguage\":\"es\"},{\"@type\":\"Organization\",\"@id\":\"https:\/\/www.colindres.es\/#organization\",\"name\":\"AYUNTAMIENTO DE COLINDRES\",\"url\":\"https:\/\/www.colindres.es\/\",\"logo\":{\"@type\":\"ImageObject\",\"inLanguage\":\"es\",\"@id\":\"https:\/\/www.colindres.es\/#\/schema\/logo\/image\/\",\"url\":\"https:\/\/www.colindres.es\/wp-content\/uploads\/2017\/01\/LOGO-PRINCIPAL.jpg\",\"contentUrl\":\"https:\/\/www.colindres.es\/wp-content\/uploads\/2017\/01\/LOGO-PRINCIPAL.jpg\",\"width\":1209,\"height\":579,\"caption\":\"AYUNTAMIENTO DE COLINDRES\"},\"image\":{\"@id\":\"https:\/\/www.colindres.es\/#\/schema\/logo\/image\/\"}}]}<\/script>\n<!-- \/ Yoast SEO plugin. -->","yoast_head_json":{"title":"Tercera convocatoria de ayudas para la presentaci\u00f3n de proyectos dentro del actual periodo del FEMP, la cual se desarrollar\u00e1 desde hoy lunes, 21 de enero de 2019, hasta el 15 de marzo de 2019, ambos inclusive. - Ayuntamiento de Colindres","robots":{"index":"index","follow":"follow","max-snippet":"max-snippet:-1","max-image-preview":"max-image-preview:large","max-video-preview":"max-video-preview:-1"},"canonical":"https:\/\/www.colindres.es\/index.php\/project\/tercera-convocatoria-de-ayudas-para-la-presentacion-de-proyectos-dentro-del-actual-periodo-del-femp-la-cual-se-desarrollara-desde-hoy-lunes-21-de-enero-de-2019-hasta-el-15-de-marzo-de-2019-ambos-i\/","og_locale":"es_ES","og_type":"article","og_title":"Tercera convocatoria de ayudas para la presentaci\u00f3n de proyectos dentro del actual periodo del FEMP, la cual se desarrollar\u00e1 desde hoy lunes, 21 de enero de 2019, hasta el 15 de marzo de 2019, ambos inclusive. - Ayuntamiento de Colindres","og_description":"CONVOCATORIA: El Grupo de Acci\u00f3n Costera Oriental de Cantabria (GAC Oriental), entidad colaboradora de la Consejer\u00eda de Medio Rural, Pesca y Alimentaci\u00f3n del Gobierno de Cantabria para la implementaci\u00f3n de Estrategia de Desarrollo Local Participativo del GAC Oriental en el marco del FEMP (Fondo Europeo Mar\u00edtimo y de Pesca), abre un nuevo periodo de presentaci\u00f3n [&hellip;]","og_url":"https:\/\/www.colindres.es\/index.php\/project\/tercera-convocatoria-de-ayudas-para-la-presentacion-de-proyectos-dentro-del-actual-periodo-del-femp-la-cual-se-desarrollara-desde-hoy-lunes-21-de-enero-de-2019-hasta-el-15-de-marzo-de-2019-ambos-i\/","og_site_name":"Ayuntamiento de Colindres","article_modified_time":"2019-01-22T09:21:26+00:00","og_image":[{"width":270,"height":186,"url":"https:\/\/www.colindres.es\/wp-content\/uploads\/2019\/01\/untitled.png","type":"image\/png"}],"twitter_card":"summary_large_image","twitter_misc":{"Tiempo de lectura":"2 minutos"},"schema":{"@context":"https:\/\/schema.org","@graph":[{"@type":"WebPage","@id":"https:\/\/www.colindres.es\/index.php\/project\/tercera-convocatoria-de-ayudas-para-la-presentacion-de-proyectos-dentro-del-actual-periodo-del-femp-la-cual-se-desarrollara-desde-hoy-lunes-21-de-enero-de-2019-hasta-el-15-de-marzo-de-2019-ambos-i\/","url":"https:\/\/www.colindres.es\/index.php\/project\/tercera-convocatoria-de-ayudas-para-la-presentacion-de-proyectos-dentro-del-actual-periodo-del-femp-la-cual-se-desarrollara-desde-hoy-lunes-21-de-enero-de-2019-hasta-el-15-de-marzo-de-2019-ambos-i\/","name":"Tercera convocatoria de ayudas para la presentaci\u00f3n de proyectos dentro del actual periodo del FEMP, la cual se desarrollar\u00e1 desde hoy lunes, 21 de enero de 2019, hasta el 15 de marzo de 2019, ambos inclusive. - Ayuntamiento de Colindres","isPartOf":{"@id":"https:\/\/www.colindres.es\/#website"},"primaryImageOfPage":{"@id":"https:\/\/www.colindres.es\/index.php\/project\/tercera-convocatoria-de-ayudas-para-la-presentacion-de-proyectos-dentro-del-actual-periodo-del-femp-la-cual-se-desarrollara-desde-hoy-lunes-21-de-enero-de-2019-hasta-el-15-de-marzo-de-2019-ambos-i\/#primaryimage"},"image":{"@id":"https:\/\/www.colindres.es\/index.php\/project\/tercera-convocatoria-de-ayudas-para-la-presentacion-de-proyectos-dentro-del-actual-periodo-del-femp-la-cual-se-desarrollara-desde-hoy-lunes-21-de-enero-de-2019-hasta-el-15-de-marzo-de-2019-ambos-i\/#primaryimage"},"thumbnailUrl":"https:\/\/www.colindres.es\/wp-content\/uploads\/2019\/01\/untitled.png","datePublished":"2019-01-22T09:20:47+00:00","dateModified":"2019-01-22T09:21:26+00:00","breadcrumb":{"@id":"https:\/\/www.colindres.es\/index.php\/project\/tercera-convocatoria-de-ayudas-para-la-presentacion-de-proyectos-dentro-del-actual-periodo-del-femp-la-cual-se-desarrollara-desde-hoy-lunes-21-de-enero-de-2019-hasta-el-15-de-marzo-de-2019-ambos-i\/#breadcrumb"},"inLanguage":"es","potentialAction":[{"@type":"ReadAction","target":["https:\/\/www.colindres.es\/index.php\/project\/tercera-convocatoria-de-ayudas-para-la-presentacion-de-proyectos-dentro-del-actual-periodo-del-femp-la-cual-se-desarrollara-desde-hoy-lunes-21-de-enero-de-2019-hasta-el-15-de-marzo-de-2019-ambos-i\/"]}]},{"@type":"ImageObject","inLanguage":"es","@id":"https:\/\/www.colindres.es\/index.php\/project\/tercera-convocatoria-de-ayudas-para-la-presentacion-de-proyectos-dentro-del-actual-periodo-del-femp-la-cual-se-desarrollara-desde-hoy-lunes-21-de-enero-de-2019-hasta-el-15-de-marzo-de-2019-ambos-i\/#primaryimage","url":"https:\/\/www.colindres.es\/wp-content\/uploads\/2019\/01\/untitled.png","contentUrl":"https:\/\/www.colindres.es\/wp-content\/uploads\/2019\/01\/untitled.png","width":270,"height":186},{"@type":"BreadcrumbList","@id":"https:\/\/www.colindres.es\/index.php\/project\/tercera-convocatoria-de-ayudas-para-la-presentacion-de-proyectos-dentro-del-actual-periodo-del-femp-la-cual-se-desarrollara-desde-hoy-lunes-21-de-enero-de-2019-hasta-el-15-de-marzo-de-2019-ambos-i\/#breadcrumb","itemListElement":[{"@type":"ListItem","position":1,"name":"Portada","item":"https:\/\/www.colindres.es\/"},{"@type":"ListItem","position":2,"name":"Proyectos","item":"https:\/\/www.colindres.es\/index.php\/project\/"},{"@type":"ListItem","position":3,"name":"Tercera convocatoria de ayudas para la presentaci\u00f3n de proyectos dentro del actual periodo del FEMP, la cual se desarrollar\u00e1 desde hoy lunes, 21 de enero de 2019, hasta el 15 de marzo de 2019, ambos inclusive."}]},{"@type":"WebSite","@id":"https:\/\/www.colindres.es\/#website","url":"https:\/\/www.colindres.es\/","name":"Ayuntamiento de Colindres","description":"Dise\u00f1ado por NTIC&#039;s","publisher":{"@id":"https:\/\/www.colindres.es\/#organization"},"potentialAction":[{"@type":"SearchAction","target":{"@type":"EntryPoint","urlTemplate":"https:\/\/www.colindres.es\/?s={search_term_string}"},"query-input":{"@type":"PropertyValueSpecification","valueRequired":true,"valueName":"search_term_string"}}],"inLanguage":"es"},{"@type":"Organization","@id":"https:\/\/www.colindres.es\/#organization","name":"AYUNTAMIENTO DE COLINDRES","url":"https:\/\/www.colindres.es\/","logo":{"@type":"ImageObject","inLanguage":"es","@id":"https:\/\/www.colindres.es\/#\/schema\/logo\/image\/","url":"https:\/\/www.colindres.es\/wp-content\/uploads\/2017\/01\/LOGO-PRINCIPAL.jpg","contentUrl":"https:\/\/www.colindres.es\/wp-content\/uploads\/2017\/01\/LOGO-PRINCIPAL.jpg","width":1209,"height":579,"caption":"AYUNTAMIENTO DE COLINDRES"},"image":{"@id":"https:\/\/www.colindres.es\/#\/schema\/logo\/image\/"}}]}},"_links":{"self":[{"href":"https:\/\/www.colindres.es\/index.php\/wp-json\/wp\/v2\/project\/2039","targetHints":{"allow":["GET"]}}],"collection":[{"href":"https:\/\/www.colindres.es\/index.php\/wp-json\/wp\/v2\/project"}],"about":[{"href":"https:\/\/www.colindres.es\/index.php\/wp-json\/wp\/v2\/types\/project"}],"author":[{"embeddable":true,"href":"https:\/\/www.colindres.es\/index.php\/wp-json\/wp\/v2\/users\/1"}],"replies":[{"embeddable":true,"href":"https:\/\/www.colindres.es\/index.php\/wp-json\/wp\/v2\/comments?post=2039"}],"version-history":[{"count":2,"href":"https:\/\/www.colindres.es\/index.php\/wp-json\/wp\/v2\/project\/2039\/revisions"}],"predecessor-version":[{"id":2047,"href":"https:\/\/www.colindres.es\/index.php\/wp-json\/wp\/v2\/project\/2039\/revisions\/2047"}],"wp:featuredmedia":[{"embeddable":true,"href":"https:\/\/www.colindres.es\/index.php\/wp-json\/wp\/v2\/media\/2024"}],"wp:attachment":[{"href":"https:\/\/www.colindres.es\/index.php\/wp-json\/wp\/v2\/media?parent=2039"}],"wp:term":[{"taxonomy":"project_category","embeddable":true,"href":"https:\/\/www.colindres.es\/index.php\/wp-json\/wp\/v2\/project_category?post=2039"},{"taxonomy":"project_tag","embeddable":true,"href":"https:\/\/www.colindres.es\/index.php\/wp-json\/wp\/v2\/project_tag?post=2039"}],"curies":[{"name":"wp","href":"https:\/\/api.w.org\/{rel}","templated":true}]}}