{"id":2001,"date":"2018-12-21T09:16:18","date_gmt":"2018-12-21T09:16:18","guid":{"rendered":"http:\/\/colindres.es\/?post_type=project&#038;p=2001"},"modified":"2018-12-21T09:16:18","modified_gmt":"2018-12-21T09:16:18","slug":"convocatoria-de-pleno-a-las-catorce-horas-del-27-de-diciembre-de-2018","status":"publish","type":"project","link":"https:\/\/www.colindres.es\/index.php\/project\/convocatoria-de-pleno-a-las-catorce-horas-del-27-de-diciembre-de-2018\/","title":{"rendered":"CONVOCATORIA DE PLENO &#8211; a las CATORCE HORAS del 27 de diciembre de 2018"},"content":{"rendered":"<p>Por la presente se le convoca a sesi\u00f3n ordinaria de Pleno que se celebrar\u00e1 en el Sal\u00f3n de Plenos de la Casa Consistorial<strong>, a las CATORCE HORAS del 27 de diciembre de 2018<\/strong>, de acuerdo con lo estipulado en el art\u00edculo 113 del ROF, con el siguiente<\/p>\n<p><strong>ORDEN DEL D\u00cdA.<\/strong><\/p>\n<p><strong><u>Parte dispositiva<\/u><\/strong><strong>.<\/strong><\/p>\n<p><strong>1.- Aprobaci\u00f3n del reconocimiento extrajudicial de cr\u00e9dito 3\/2018<\/strong><\/p>\n<p><strong>2.- Aprobaci\u00f3n cuenta general 2017<\/strong><\/p>\n<p><strong>3.- Integraci\u00f3n en la Red de apoyo a personas y familias en situaci\u00f3n de emergencia social <\/strong><\/p>\n<p><strong><u>Parte de control y fiscalizaci\u00f3n<\/u><\/strong><strong>.<\/strong><\/p>\n<p><strong>1.- Daci\u00f3n de cuenta de informes trimestrales PMP y morosidad 3\u00ba T 2018<\/strong><\/p>\n<p><strong>2.- Daci\u00f3n de cuenta de Decretos de Alcald\u00eda: del 578\/2018 al 655\/2018<\/strong><\/p>\n<p><strong>3.- Ruegos y Preguntas<\/strong><\/p>\n<p>A partir de esta fecha tiene usted a su disposici\u00f3n en la Secretar\u00eda General de esta Corporaci\u00f3n, los antecedentes relacionados con los asuntos que figuran en el orden del d\u00eda<\/p>\n<p>En Colindres, a la fecha de la firma electr\u00f3nica<\/p>\n<p>El Alcalde,<\/p>\n<p>Javier Incera Goyenechea.<\/p>\n<p><em>Documento firmado electr\u00f3nicamente (Ley 39\/2015, de 1 de octubre)<\/em><\/p>\n","protected":false},"excerpt":{"rendered":"<p>Por la presente se le convoca a sesi\u00f3n ordinaria de Pleno que se celebrar\u00e1 en el Sal\u00f3n de Plenos de la Casa Consistorial, a las CATORCE HORAS del 27 de diciembre de 2018, de acuerdo con lo estipulado en el art\u00edculo 113 del ROF, con el siguiente ORDEN DEL D\u00cdA. Parte dispositiva. 1.- Aprobaci\u00f3n del [&hellip;]<\/p>\n","protected":false},"author":1,"featured_media":661,"comment_status":"open","ping_status":"closed","template":"","meta":{"_et_pb_use_builder":"","_et_pb_old_content":"","_et_gb_content_width":"","footnotes":""},"project_category":[],"project_tag":[],"class_list":["post-2001","project","type-project","status-publish","has-post-thumbnail","hentry"],"yoast_head":"<!-- This site is optimized with the Yoast SEO plugin v24.9 - https:\/\/yoast.com\/wordpress\/plugins\/seo\/ -->\n<title>CONVOCATORIA DE PLENO - a las CATORCE HORAS del 27 de diciembre de 2018 - Ayuntamiento de Colindres<\/title>\n<meta name=\"robots\" content=\"index, follow, max-snippet:-1, max-image-preview:large, max-video-preview:-1\" \/>\n<link rel=\"canonical\" href=\"https:\/\/www.colindres.es\/index.php\/project\/convocatoria-de-pleno-a-las-catorce-horas-del-27-de-diciembre-de-2018\/\" \/>\n<meta property=\"og:locale\" content=\"es_ES\" \/>\n<meta property=\"og:type\" content=\"article\" \/>\n<meta property=\"og:title\" content=\"CONVOCATORIA DE PLENO - a las CATORCE HORAS del 27 de diciembre de 2018 - Ayuntamiento de Colindres\" \/>\n<meta property=\"og:description\" content=\"Por la presente se le convoca a sesi\u00f3n ordinaria de Pleno que se celebrar\u00e1 en el Sal\u00f3n de Plenos de la Casa Consistorial, a las CATORCE HORAS del 27 de diciembre de 2018, de acuerdo con lo estipulado en el art\u00edculo 113 del ROF, con el siguiente ORDEN DEL D\u00cdA. Parte dispositiva. 1.- Aprobaci\u00f3n del [&hellip;]\" \/>\n<meta property=\"og:url\" content=\"https:\/\/www.colindres.es\/index.php\/project\/convocatoria-de-pleno-a-las-catorce-horas-del-27-de-diciembre-de-2018\/\" \/>\n<meta property=\"og:site_name\" content=\"Ayuntamiento de Colindres\" \/>\n<meta property=\"og:image\" content=\"https:\/\/www.colindres.es\/wp-content\/uploads\/2017\/05\/IMG_0475.jpg\" \/>\n\t<meta property=\"og:image:width\" content=\"5799\" \/>\n\t<meta property=\"og:image:height\" content=\"1904\" \/>\n\t<meta property=\"og:image:type\" content=\"image\/jpeg\" \/>\n<meta name=\"twitter:card\" content=\"summary_large_image\" \/>\n<meta name=\"twitter:label1\" content=\"Tiempo de lectura\" \/>\n\t<meta name=\"twitter:data1\" content=\"1 minuto\" \/>\n<script type=\"application\/ld+json\" class=\"yoast-schema-graph\">{\"@context\":\"https:\/\/schema.org\",\"@graph\":[{\"@type\":\"WebPage\",\"@id\":\"https:\/\/www.colindres.es\/index.php\/project\/convocatoria-de-pleno-a-las-catorce-horas-del-27-de-diciembre-de-2018\/\",\"url\":\"https:\/\/www.colindres.es\/index.php\/project\/convocatoria-de-pleno-a-las-catorce-horas-del-27-de-diciembre-de-2018\/\",\"name\":\"CONVOCATORIA DE PLENO - a las CATORCE HORAS del 27 de diciembre de 2018 - Ayuntamiento de Colindres\",\"isPartOf\":{\"@id\":\"https:\/\/www.colindres.es\/#website\"},\"primaryImageOfPage\":{\"@id\":\"https:\/\/www.colindres.es\/index.php\/project\/convocatoria-de-pleno-a-las-catorce-horas-del-27-de-diciembre-de-2018\/#primaryimage\"},\"image\":{\"@id\":\"https:\/\/www.colindres.es\/index.php\/project\/convocatoria-de-pleno-a-las-catorce-horas-del-27-de-diciembre-de-2018\/#primaryimage\"},\"thumbnailUrl\":\"https:\/\/www.colindres.es\/wp-content\/uploads\/2017\/05\/IMG_0475.jpg\",\"datePublished\":\"2018-12-21T09:16:18+00:00\",\"breadcrumb\":{\"@id\":\"https:\/\/www.colindres.es\/index.php\/project\/convocatoria-de-pleno-a-las-catorce-horas-del-27-de-diciembre-de-2018\/#breadcrumb\"},\"inLanguage\":\"es\",\"potentialAction\":[{\"@type\":\"ReadAction\",\"target\":[\"https:\/\/www.colindres.es\/index.php\/project\/convocatoria-de-pleno-a-las-catorce-horas-del-27-de-diciembre-de-2018\/\"]}]},{\"@type\":\"ImageObject\",\"inLanguage\":\"es\",\"@id\":\"https:\/\/www.colindres.es\/index.php\/project\/convocatoria-de-pleno-a-las-catorce-horas-del-27-de-diciembre-de-2018\/#primaryimage\",\"url\":\"https:\/\/www.colindres.es\/wp-content\/uploads\/2017\/05\/IMG_0475.jpg\",\"contentUrl\":\"https:\/\/www.colindres.es\/wp-content\/uploads\/2017\/05\/IMG_0475.jpg\",\"width\":5799,\"height\":1904},{\"@type\":\"BreadcrumbList\",\"@id\":\"https:\/\/www.colindres.es\/index.php\/project\/convocatoria-de-pleno-a-las-catorce-horas-del-27-de-diciembre-de-2018\/#breadcrumb\",\"itemListElement\":[{\"@type\":\"ListItem\",\"position\":1,\"name\":\"Portada\",\"item\":\"https:\/\/www.colindres.es\/\"},{\"@type\":\"ListItem\",\"position\":2,\"name\":\"Proyectos\",\"item\":\"https:\/\/www.colindres.es\/index.php\/project\/\"},{\"@type\":\"ListItem\",\"position\":3,\"name\":\"CONVOCATORIA DE PLENO &#8211; a las CATORCE HORAS del 27 de diciembre de 2018\"}]},{\"@type\":\"WebSite\",\"@id\":\"https:\/\/www.colindres.es\/#website\",\"url\":\"https:\/\/www.colindres.es\/\",\"name\":\"Ayuntamiento de Colindres\",\"description\":\"Dise\u00f1ado por NTIC&#039;s\",\"publisher\":{\"@id\":\"https:\/\/www.colindres.es\/#organization\"},\"potentialAction\":[{\"@type\":\"SearchAction\",\"target\":{\"@type\":\"EntryPoint\",\"urlTemplate\":\"https:\/\/www.colindres.es\/?s={search_term_string}\"},\"query-input\":{\"@type\":\"PropertyValueSpecification\",\"valueRequired\":true,\"valueName\":\"search_term_string\"}}],\"inLanguage\":\"es\"},{\"@type\":\"Organization\",\"@id\":\"https:\/\/www.colindres.es\/#organization\",\"name\":\"AYUNTAMIENTO DE COLINDRES\",\"url\":\"https:\/\/www.colindres.es\/\",\"logo\":{\"@type\":\"ImageObject\",\"inLanguage\":\"es\",\"@id\":\"https:\/\/www.colindres.es\/#\/schema\/logo\/image\/\",\"url\":\"https:\/\/www.colindres.es\/wp-content\/uploads\/2017\/01\/LOGO-PRINCIPAL.jpg\",\"contentUrl\":\"https:\/\/www.colindres.es\/wp-content\/uploads\/2017\/01\/LOGO-PRINCIPAL.jpg\",\"width\":1209,\"height\":579,\"caption\":\"AYUNTAMIENTO DE COLINDRES\"},\"image\":{\"@id\":\"https:\/\/www.colindres.es\/#\/schema\/logo\/image\/\"}}]}<\/script>\n<!-- \/ Yoast SEO plugin. -->","yoast_head_json":{"title":"CONVOCATORIA DE PLENO - a las CATORCE HORAS del 27 de diciembre de 2018 - Ayuntamiento de Colindres","robots":{"index":"index","follow":"follow","max-snippet":"max-snippet:-1","max-image-preview":"max-image-preview:large","max-video-preview":"max-video-preview:-1"},"canonical":"https:\/\/www.colindres.es\/index.php\/project\/convocatoria-de-pleno-a-las-catorce-horas-del-27-de-diciembre-de-2018\/","og_locale":"es_ES","og_type":"article","og_title":"CONVOCATORIA DE PLENO - a las CATORCE HORAS del 27 de diciembre de 2018 - Ayuntamiento de Colindres","og_description":"Por la presente se le convoca a sesi\u00f3n ordinaria de Pleno que se celebrar\u00e1 en el Sal\u00f3n de Plenos de la Casa Consistorial, a las CATORCE HORAS del 27 de diciembre de 2018, de acuerdo con lo estipulado en el art\u00edculo 113 del ROF, con el siguiente ORDEN DEL D\u00cdA. Parte dispositiva. 1.- Aprobaci\u00f3n del [&hellip;]","og_url":"https:\/\/www.colindres.es\/index.php\/project\/convocatoria-de-pleno-a-las-catorce-horas-del-27-de-diciembre-de-2018\/","og_site_name":"Ayuntamiento de Colindres","og_image":[{"width":5799,"height":1904,"url":"https:\/\/www.colindres.es\/wp-content\/uploads\/2017\/05\/IMG_0475.jpg","type":"image\/jpeg"}],"twitter_card":"summary_large_image","twitter_misc":{"Tiempo de lectura":"1 minuto"},"schema":{"@context":"https:\/\/schema.org","@graph":[{"@type":"WebPage","@id":"https:\/\/www.colindres.es\/index.php\/project\/convocatoria-de-pleno-a-las-catorce-horas-del-27-de-diciembre-de-2018\/","url":"https:\/\/www.colindres.es\/index.php\/project\/convocatoria-de-pleno-a-las-catorce-horas-del-27-de-diciembre-de-2018\/","name":"CONVOCATORIA DE PLENO - a las CATORCE HORAS del 27 de diciembre de 2018 - Ayuntamiento de Colindres","isPartOf":{"@id":"https:\/\/www.colindres.es\/#website"},"primaryImageOfPage":{"@id":"https:\/\/www.colindres.es\/index.php\/project\/convocatoria-de-pleno-a-las-catorce-horas-del-27-de-diciembre-de-2018\/#primaryimage"},"image":{"@id":"https:\/\/www.colindres.es\/index.php\/project\/convocatoria-de-pleno-a-las-catorce-horas-del-27-de-diciembre-de-2018\/#primaryimage"},"thumbnailUrl":"https:\/\/www.colindres.es\/wp-content\/uploads\/2017\/05\/IMG_0475.jpg","datePublished":"2018-12-21T09:16:18+00:00","breadcrumb":{"@id":"https:\/\/www.colindres.es\/index.php\/project\/convocatoria-de-pleno-a-las-catorce-horas-del-27-de-diciembre-de-2018\/#breadcrumb"},"inLanguage":"es","potentialAction":[{"@type":"ReadAction","target":["https:\/\/www.colindres.es\/index.php\/project\/convocatoria-de-pleno-a-las-catorce-horas-del-27-de-diciembre-de-2018\/"]}]},{"@type":"ImageObject","inLanguage":"es","@id":"https:\/\/www.colindres.es\/index.php\/project\/convocatoria-de-pleno-a-las-catorce-horas-del-27-de-diciembre-de-2018\/#primaryimage","url":"https:\/\/www.colindres.es\/wp-content\/uploads\/2017\/05\/IMG_0475.jpg","contentUrl":"https:\/\/www.colindres.es\/wp-content\/uploads\/2017\/05\/IMG_0475.jpg","width":5799,"height":1904},{"@type":"BreadcrumbList","@id":"https:\/\/www.colindres.es\/index.php\/project\/convocatoria-de-pleno-a-las-catorce-horas-del-27-de-diciembre-de-2018\/#breadcrumb","itemListElement":[{"@type":"ListItem","position":1,"name":"Portada","item":"https:\/\/www.colindres.es\/"},{"@type":"ListItem","position":2,"name":"Proyectos","item":"https:\/\/www.colindres.es\/index.php\/project\/"},{"@type":"ListItem","position":3,"name":"CONVOCATORIA DE PLENO &#8211; a las CATORCE HORAS del 27 de diciembre de 2018"}]},{"@type":"WebSite","@id":"https:\/\/www.colindres.es\/#website","url":"https:\/\/www.colindres.es\/","name":"Ayuntamiento de Colindres","description":"Dise\u00f1ado por NTIC&#039;s","publisher":{"@id":"https:\/\/www.colindres.es\/#organization"},"potentialAction":[{"@type":"SearchAction","target":{"@type":"EntryPoint","urlTemplate":"https:\/\/www.colindres.es\/?s={search_term_string}"},"query-input":{"@type":"PropertyValueSpecification","valueRequired":true,"valueName":"search_term_string"}}],"inLanguage":"es"},{"@type":"Organization","@id":"https:\/\/www.colindres.es\/#organization","name":"AYUNTAMIENTO DE COLINDRES","url":"https:\/\/www.colindres.es\/","logo":{"@type":"ImageObject","inLanguage":"es","@id":"https:\/\/www.colindres.es\/#\/schema\/logo\/image\/","url":"https:\/\/www.colindres.es\/wp-content\/uploads\/2017\/01\/LOGO-PRINCIPAL.jpg","contentUrl":"https:\/\/www.colindres.es\/wp-content\/uploads\/2017\/01\/LOGO-PRINCIPAL.jpg","width":1209,"height":579,"caption":"AYUNTAMIENTO DE COLINDRES"},"image":{"@id":"https:\/\/www.colindres.es\/#\/schema\/logo\/image\/"}}]}},"_links":{"self":[{"href":"https:\/\/www.colindres.es\/index.php\/wp-json\/wp\/v2\/project\/2001","targetHints":{"allow":["GET"]}}],"collection":[{"href":"https:\/\/www.colindres.es\/index.php\/wp-json\/wp\/v2\/project"}],"about":[{"href":"https:\/\/www.colindres.es\/index.php\/wp-json\/wp\/v2\/types\/project"}],"author":[{"embeddable":true,"href":"https:\/\/www.colindres.es\/index.php\/wp-json\/wp\/v2\/users\/1"}],"replies":[{"embeddable":true,"href":"https:\/\/www.colindres.es\/index.php\/wp-json\/wp\/v2\/comments?post=2001"}],"version-history":[{"count":1,"href":"https:\/\/www.colindres.es\/index.php\/wp-json\/wp\/v2\/project\/2001\/revisions"}],"predecessor-version":[{"id":2002,"href":"https:\/\/www.colindres.es\/index.php\/wp-json\/wp\/v2\/project\/2001\/revisions\/2002"}],"wp:featuredmedia":[{"embeddable":true,"href":"https:\/\/www.colindres.es\/index.php\/wp-json\/wp\/v2\/media\/661"}],"wp:attachment":[{"href":"https:\/\/www.colindres.es\/index.php\/wp-json\/wp\/v2\/media?parent=2001"}],"wp:term":[{"taxonomy":"project_category","embeddable":true,"href":"https:\/\/www.colindres.es\/index.php\/wp-json\/wp\/v2\/project_category?post=2001"},{"taxonomy":"project_tag","embeddable":true,"href":"https:\/\/www.colindres.es\/index.php\/wp-json\/wp\/v2\/project_tag?post=2001"}],"curies":[{"name":"wp","href":"https:\/\/api.w.org\/{rel}","templated":true}]}}