{"id":1991,"date":"2018-12-10T13:13:03","date_gmt":"2018-12-10T13:13:03","guid":{"rendered":"http:\/\/colindres.es\/?post_type=project&#038;p=1991"},"modified":"2018-12-10T13:13:03","modified_gmt":"2018-12-10T13:13:03","slug":"colindres-celebra-la-navidad-con-mas-de-50-actividades-infantiles-y-familiares","status":"publish","type":"project","link":"https:\/\/www.colindres.es\/index.php\/project\/colindres-celebra-la-navidad-con-mas-de-50-actividades-infantiles-y-familiares\/","title":{"rendered":"Colindres celebra la Navidad con m\u00e1s de 50 actividades infantiles y familiares"},"content":{"rendered":"<p><strong>Colindres celebra la Navidad con m\u00e1s de 50 actividades infantiles y familiares<\/strong><\/p>\n<p><strong>El encendido de las luces y la apertura de la pista de hielo dan el pistoletazo de salida a una intensa programaci\u00f3n navide\u00f1a<\/strong><\/p>\n<p><em>Colindres, 10 de diciembre.-<\/em> El Ayuntamiento de Colindres, con la colaboraci\u00f3n de distintos \u00a0colectivos y asociaciones locales, ha preparado una completa programaci\u00f3n con m\u00e1s de medio centenar de actividades infantiles y familiares para que todos los vecinos y visitantes puedan disfrutar de la Navidad en el municipio.<\/p>\n<p>Durante el puente de la Constituci\u00f3n, el encendido de las luces y la apertura de la pista de hielo han servido para dar el pistoletazo de salida a \u201cun intenso programa que abarca m\u00fasica, baile, magia, solidaridad, deporte, gastronom\u00eda y, por supuesto, la entrega de cartas a los Pajes Reales y la tradicional Cabalgata de Reyes\u201d.<\/p>\n<p>As\u00ed lo ha destacado el alcalde de Colindres, Javier Incera, en un comunicado en el que ha se\u00f1alado que \u201clas actividades est\u00e1n dirigidas a un amplio abanico de p\u00fablico y, especialmente, a los peque\u00f1os que disfrutan en esta \u00e9poca de sus vacaciones escolares\u201d. Igualmente, Incera ha resaltado que \u201cla programaci\u00f3n navide\u00f1a servir\u00e1 para animar a los vecinos a salir a la calle en estas fechas tan se\u00f1aladas, dinamizando as\u00ed el comercio y la hosteler\u00eda de Colindres\u201d.<\/p>\n<p>La inauguraci\u00f3n oficial de las actividades tendr\u00e1 lugar el s\u00e1bado 15 de diciembre con un espect\u00e1culo de magia a cargo de G. Alexander \u2013finalista del programa \u2018Pura Magia\u2019 de TVE-, que comenzar\u00e1 a las 20.00 horas en el Auditorio de la Casa de Cultura.<\/p>\n<p>El viernes d\u00eda 21 este mismo espacio, a la misma hora, acoger\u00e1 el concierto de villancicos \u2018Colindres canta a la Navidad\u2019, mientras que media hora m\u00e1s tarde -20.30 horas- en el polideportivo del Colegio P\u00fablico Pedro del Hoyo se celebrar\u00e1 el festival solidario de la Academia de baile Estrymens a favor de los refugiados Rohingya que est\u00e1n en los campos de Bangladesh.<\/p>\n<p>El s\u00e1bado d\u00eda 22 estar\u00e1 repleto de actividades. Por la ma\u00f1ana, en el Polideportivo N\u00ba 2 se disputar\u00e1 el campeonato regional de erg\u00f3metro por equipos y en la Plaza de San Gin\u00e9s tendr\u00e1 lugar la salida de una de los eventos m\u00e1s populares, \u2018La Bicilaus\u2019. Todos aquellos que quieran disfrutar de un paseo en bicicleta ataviados con trajes y elementos decorativos navide\u00f1os podr\u00e1n recoger su dorsal a partir de las 11.00 horas. Al finalizar el recorrido se repartir\u00e1 entre los participantes un rico caldo en la Plaza de la Esperanza.<\/p>\n<p>Ya por la tarde, a las 19.00 horas, en el Polideportivo N\u00ba 1 habr\u00e1 un festival-exhibici\u00f3n del Gimnasio TransWorld Gym Colindres y al terminar la misa, la Iglesia del Carmen acoger\u00e1 el concierto de Navidad de la Escuela Municipal de M\u00fasica de Colindres \u2018Coral Maristerra\u2019.<\/p>\n<p>Al d\u00eda siguiente, tambi\u00e9n en la Iglesia del Carmen se celebrar\u00e1 otro concierto de Navidad a cargo de Laura Colina y Marie Vida Oveid. La m\u00fasica volver\u00e1 a sonar el jueves d\u00eda 3 con la actuaci\u00f3n de la Escolan\u00eda Salv\u00e9 de Laredo, que animar\u00e1 las calles del municipio con villancicos.<\/p>\n<p>Para el s\u00e1bado d\u00eda 29, el Ayuntamiento ha organizado la IX Fiesta del Pescaducu en la que por un euro se podr\u00e1n degustar pescado, dulces, t\u00e9 del puerto y bebidas. La fiesta comenzar\u00e1 a las 20.00 horas en el Colegio Fray Pablo y estar\u00e1 amenizado por \u2018Superjotas (m\u00fasica con \u00f1)\u2019. Durante todo el d\u00eda tambi\u00e9n tendr\u00e1 lugar la und\u00e9cima concentraci\u00f3n de coches cl\u00e1sicos Villa de Colindres, que este a\u00f1o estar\u00e1 ubicada en la calle del Centro de Salud.<\/p>\n<p>Los m\u00e1s peque\u00f1os podr\u00e1n hacer entregar de cartas a los Pajes Reales el mi\u00e9rcoles d\u00eda 2 a partir de las 17.00 horas en la Plaza de la Esperanza, y el d\u00eda m\u00e1s esperado, el 5 de enero, sus Majestades partir\u00e1n a las 18.00 horas desde la Alameda del Ayuntamiento en la tradicional Cabalgata de Reyes.<\/p>\n<p>A todo ello, se suma que del 24 de diciembre al 5 de enero el Colegio Fray Pablo acoger\u00e1 el cl\u00e1sico \u2018Christmas Park Colindres\u2019 y que del 22 al 6 se instalar\u00e1 en la Plaza de la Esperanza la \u2018Carpa de Navidad\u2019 organizada en colaboraci\u00f3n de APYMECO con hinchables, talleres, cine, espect\u00e1culos, juegos, zona multimedia y quads, ambas en horario de ma\u00f1ana y tarde.<\/p>\n<p><img loading=\"lazy\" decoding=\"async\" class=\"alignnone size-medium wp-image-1992\" src=\"http:\/\/colindres.es\/wp-content\/uploads\/2018\/12\/Navidad-Colindres_P\u00e1gina_2-300x212.jpg\" alt=\"\" width=\"300\" height=\"212\" srcset=\"https:\/\/www.colindres.es\/wp-content\/uploads\/2018\/12\/Navidad-Colindres_P\u00e1gina_2-300x212.jpg 300w, https:\/\/www.colindres.es\/wp-content\/uploads\/2018\/12\/Navidad-Colindres_P\u00e1gina_2-768x543.jpg 768w, https:\/\/www.colindres.es\/wp-content\/uploads\/2018\/12\/Navidad-Colindres_P\u00e1gina_2-1024x724.jpg 1024w, https:\/\/www.colindres.es\/wp-content\/uploads\/2018\/12\/Navidad-Colindres_P\u00e1gina_2-400x284.jpg 400w, https:\/\/www.colindres.es\/wp-content\/uploads\/2018\/12\/Navidad-Colindres_P\u00e1gina_2-1080x764.jpg 1080w, https:\/\/www.colindres.es\/wp-content\/uploads\/2018\/12\/Navidad-Colindres_P\u00e1gina_2.jpg 1205w\" sizes=\"(max-width: 300px) 100vw, 300px\" \/> <img loading=\"lazy\" decoding=\"async\" class=\"alignnone size-medium wp-image-1994\" src=\"http:\/\/colindres.es\/wp-content\/uploads\/2018\/12\/Navidad-Colindres_P\u00e1gina_1-300x210.jpg\" alt=\"\" width=\"300\" height=\"210\" srcset=\"https:\/\/www.colindres.es\/wp-content\/uploads\/2018\/12\/Navidad-Colindres_P\u00e1gina_1-300x210.jpg 300w, https:\/\/www.colindres.es\/wp-content\/uploads\/2018\/12\/Navidad-Colindres_P\u00e1gina_1-768x538.jpg 768w, https:\/\/www.colindres.es\/wp-content\/uploads\/2018\/12\/Navidad-Colindres_P\u00e1gina_1-1024x717.jpg 1024w, https:\/\/www.colindres.es\/wp-content\/uploads\/2018\/12\/Navidad-Colindres_P\u00e1gina_1-1080x756.jpg 1080w, https:\/\/www.colindres.es\/wp-content\/uploads\/2018\/12\/Navidad-Colindres_P\u00e1gina_1.jpg 1181w\" sizes=\"(max-width: 300px) 100vw, 300px\" \/><\/p>\n","protected":false},"excerpt":{"rendered":"<p>Colindres celebra la Navidad con m\u00e1s de 50 actividades infantiles y familiares El encendido de las luces y la apertura de la pista de hielo dan el pistoletazo de salida a una intensa programaci\u00f3n navide\u00f1a Colindres, 10 de diciembre.- El Ayuntamiento de Colindres, con la colaboraci\u00f3n de distintos \u00a0colectivos y asociaciones locales, ha preparado una [&hellip;]<\/p>\n","protected":false},"author":1,"featured_media":1993,"comment_status":"open","ping_status":"closed","template":"","meta":{"_et_pb_use_builder":"","_et_pb_old_content":"","_et_gb_content_width":"","footnotes":""},"project_category":[],"project_tag":[],"class_list":["post-1991","project","type-project","status-publish","has-post-thumbnail","hentry"],"yoast_head":"<!-- This site is optimized with the Yoast SEO plugin v24.9 - https:\/\/yoast.com\/wordpress\/plugins\/seo\/ -->\n<title>Colindres celebra la Navidad con m\u00e1s de 50 actividades infantiles y familiares - Ayuntamiento de Colindres<\/title>\n<meta name=\"robots\" content=\"index, follow, max-snippet:-1, max-image-preview:large, max-video-preview:-1\" \/>\n<link rel=\"canonical\" href=\"https:\/\/www.colindres.es\/index.php\/project\/colindres-celebra-la-navidad-con-mas-de-50-actividades-infantiles-y-familiares\/\" \/>\n<meta property=\"og:locale\" content=\"es_ES\" \/>\n<meta property=\"og:type\" content=\"article\" \/>\n<meta property=\"og:title\" content=\"Colindres celebra la Navidad con m\u00e1s de 50 actividades infantiles y familiares - Ayuntamiento de Colindres\" \/>\n<meta property=\"og:description\" content=\"Colindres celebra la Navidad con m\u00e1s de 50 actividades infantiles y familiares El encendido de las luces y la apertura de la pista de hielo dan el pistoletazo de salida a una intensa programaci\u00f3n navide\u00f1a Colindres, 10 de diciembre.- El Ayuntamiento de Colindres, con la colaboraci\u00f3n de distintos \u00a0colectivos y asociaciones locales, ha preparado una [&hellip;]\" \/>\n<meta property=\"og:url\" content=\"https:\/\/www.colindres.es\/index.php\/project\/colindres-celebra-la-navidad-con-mas-de-50-actividades-infantiles-y-familiares\/\" \/>\n<meta property=\"og:site_name\" content=\"Ayuntamiento de Colindres\" \/>\n<meta property=\"og:image\" content=\"https:\/\/www.colindres.es\/wp-content\/uploads\/2018\/12\/Navidad-Ayto-Colindres.jpg\" \/>\n\t<meta property=\"og:image:width\" content=\"1280\" \/>\n\t<meta property=\"og:image:height\" content=\"960\" \/>\n\t<meta property=\"og:image:type\" content=\"image\/jpeg\" \/>\n<meta name=\"twitter:card\" content=\"summary_large_image\" \/>\n<meta name=\"twitter:label1\" content=\"Tiempo de lectura\" \/>\n\t<meta name=\"twitter:data1\" content=\"4 minutos\" \/>\n<script type=\"application\/ld+json\" class=\"yoast-schema-graph\">{\"@context\":\"https:\/\/schema.org\",\"@graph\":[{\"@type\":\"WebPage\",\"@id\":\"https:\/\/www.colindres.es\/index.php\/project\/colindres-celebra-la-navidad-con-mas-de-50-actividades-infantiles-y-familiares\/\",\"url\":\"https:\/\/www.colindres.es\/index.php\/project\/colindres-celebra-la-navidad-con-mas-de-50-actividades-infantiles-y-familiares\/\",\"name\":\"Colindres celebra la Navidad con m\u00e1s de 50 actividades infantiles y familiares - Ayuntamiento de Colindres\",\"isPartOf\":{\"@id\":\"https:\/\/www.colindres.es\/#website\"},\"primaryImageOfPage\":{\"@id\":\"https:\/\/www.colindres.es\/index.php\/project\/colindres-celebra-la-navidad-con-mas-de-50-actividades-infantiles-y-familiares\/#primaryimage\"},\"image\":{\"@id\":\"https:\/\/www.colindres.es\/index.php\/project\/colindres-celebra-la-navidad-con-mas-de-50-actividades-infantiles-y-familiares\/#primaryimage\"},\"thumbnailUrl\":\"https:\/\/www.colindres.es\/wp-content\/uploads\/2018\/12\/Navidad-Ayto-Colindres.jpg\",\"datePublished\":\"2018-12-10T13:13:03+00:00\",\"breadcrumb\":{\"@id\":\"https:\/\/www.colindres.es\/index.php\/project\/colindres-celebra-la-navidad-con-mas-de-50-actividades-infantiles-y-familiares\/#breadcrumb\"},\"inLanguage\":\"es\",\"potentialAction\":[{\"@type\":\"ReadAction\",\"target\":[\"https:\/\/www.colindres.es\/index.php\/project\/colindres-celebra-la-navidad-con-mas-de-50-actividades-infantiles-y-familiares\/\"]}]},{\"@type\":\"ImageObject\",\"inLanguage\":\"es\",\"@id\":\"https:\/\/www.colindres.es\/index.php\/project\/colindres-celebra-la-navidad-con-mas-de-50-actividades-infantiles-y-familiares\/#primaryimage\",\"url\":\"https:\/\/www.colindres.es\/wp-content\/uploads\/2018\/12\/Navidad-Ayto-Colindres.jpg\",\"contentUrl\":\"https:\/\/www.colindres.es\/wp-content\/uploads\/2018\/12\/Navidad-Ayto-Colindres.jpg\",\"width\":1280,\"height\":960},{\"@type\":\"BreadcrumbList\",\"@id\":\"https:\/\/www.colindres.es\/index.php\/project\/colindres-celebra-la-navidad-con-mas-de-50-actividades-infantiles-y-familiares\/#breadcrumb\",\"itemListElement\":[{\"@type\":\"ListItem\",\"position\":1,\"name\":\"Portada\",\"item\":\"https:\/\/www.colindres.es\/\"},{\"@type\":\"ListItem\",\"position\":2,\"name\":\"Proyectos\",\"item\":\"https:\/\/www.colindres.es\/index.php\/project\/\"},{\"@type\":\"ListItem\",\"position\":3,\"name\":\"Colindres celebra la Navidad con m\u00e1s de 50 actividades infantiles y familiares\"}]},{\"@type\":\"WebSite\",\"@id\":\"https:\/\/www.colindres.es\/#website\",\"url\":\"https:\/\/www.colindres.es\/\",\"name\":\"Ayuntamiento de Colindres\",\"description\":\"Dise\u00f1ado por NTIC&#039;s\",\"publisher\":{\"@id\":\"https:\/\/www.colindres.es\/#organization\"},\"potentialAction\":[{\"@type\":\"SearchAction\",\"target\":{\"@type\":\"EntryPoint\",\"urlTemplate\":\"https:\/\/www.colindres.es\/?s={search_term_string}\"},\"query-input\":{\"@type\":\"PropertyValueSpecification\",\"valueRequired\":true,\"valueName\":\"search_term_string\"}}],\"inLanguage\":\"es\"},{\"@type\":\"Organization\",\"@id\":\"https:\/\/www.colindres.es\/#organization\",\"name\":\"AYUNTAMIENTO DE COLINDRES\",\"url\":\"https:\/\/www.colindres.es\/\",\"logo\":{\"@type\":\"ImageObject\",\"inLanguage\":\"es\",\"@id\":\"https:\/\/www.colindres.es\/#\/schema\/logo\/image\/\",\"url\":\"https:\/\/www.colindres.es\/wp-content\/uploads\/2017\/01\/LOGO-PRINCIPAL.jpg\",\"contentUrl\":\"https:\/\/www.colindres.es\/wp-content\/uploads\/2017\/01\/LOGO-PRINCIPAL.jpg\",\"width\":1209,\"height\":579,\"caption\":\"AYUNTAMIENTO DE COLINDRES\"},\"image\":{\"@id\":\"https:\/\/www.colindres.es\/#\/schema\/logo\/image\/\"}}]}<\/script>\n<!-- \/ Yoast SEO plugin. -->","yoast_head_json":{"title":"Colindres celebra la Navidad con m\u00e1s de 50 actividades infantiles y familiares - Ayuntamiento de Colindres","robots":{"index":"index","follow":"follow","max-snippet":"max-snippet:-1","max-image-preview":"max-image-preview:large","max-video-preview":"max-video-preview:-1"},"canonical":"https:\/\/www.colindres.es\/index.php\/project\/colindres-celebra-la-navidad-con-mas-de-50-actividades-infantiles-y-familiares\/","og_locale":"es_ES","og_type":"article","og_title":"Colindres celebra la Navidad con m\u00e1s de 50 actividades infantiles y familiares - Ayuntamiento de Colindres","og_description":"Colindres celebra la Navidad con m\u00e1s de 50 actividades infantiles y familiares El encendido de las luces y la apertura de la pista de hielo dan el pistoletazo de salida a una intensa programaci\u00f3n navide\u00f1a Colindres, 10 de diciembre.- El Ayuntamiento de Colindres, con la colaboraci\u00f3n de distintos \u00a0colectivos y asociaciones locales, ha preparado una [&hellip;]","og_url":"https:\/\/www.colindres.es\/index.php\/project\/colindres-celebra-la-navidad-con-mas-de-50-actividades-infantiles-y-familiares\/","og_site_name":"Ayuntamiento de Colindres","og_image":[{"width":1280,"height":960,"url":"https:\/\/www.colindres.es\/wp-content\/uploads\/2018\/12\/Navidad-Ayto-Colindres.jpg","type":"image\/jpeg"}],"twitter_card":"summary_large_image","twitter_misc":{"Tiempo de lectura":"4 minutos"},"schema":{"@context":"https:\/\/schema.org","@graph":[{"@type":"WebPage","@id":"https:\/\/www.colindres.es\/index.php\/project\/colindres-celebra-la-navidad-con-mas-de-50-actividades-infantiles-y-familiares\/","url":"https:\/\/www.colindres.es\/index.php\/project\/colindres-celebra-la-navidad-con-mas-de-50-actividades-infantiles-y-familiares\/","name":"Colindres celebra la Navidad con m\u00e1s de 50 actividades infantiles y familiares - Ayuntamiento de Colindres","isPartOf":{"@id":"https:\/\/www.colindres.es\/#website"},"primaryImageOfPage":{"@id":"https:\/\/www.colindres.es\/index.php\/project\/colindres-celebra-la-navidad-con-mas-de-50-actividades-infantiles-y-familiares\/#primaryimage"},"image":{"@id":"https:\/\/www.colindres.es\/index.php\/project\/colindres-celebra-la-navidad-con-mas-de-50-actividades-infantiles-y-familiares\/#primaryimage"},"thumbnailUrl":"https:\/\/www.colindres.es\/wp-content\/uploads\/2018\/12\/Navidad-Ayto-Colindres.jpg","datePublished":"2018-12-10T13:13:03+00:00","breadcrumb":{"@id":"https:\/\/www.colindres.es\/index.php\/project\/colindres-celebra-la-navidad-con-mas-de-50-actividades-infantiles-y-familiares\/#breadcrumb"},"inLanguage":"es","potentialAction":[{"@type":"ReadAction","target":["https:\/\/www.colindres.es\/index.php\/project\/colindres-celebra-la-navidad-con-mas-de-50-actividades-infantiles-y-familiares\/"]}]},{"@type":"ImageObject","inLanguage":"es","@id":"https:\/\/www.colindres.es\/index.php\/project\/colindres-celebra-la-navidad-con-mas-de-50-actividades-infantiles-y-familiares\/#primaryimage","url":"https:\/\/www.colindres.es\/wp-content\/uploads\/2018\/12\/Navidad-Ayto-Colindres.jpg","contentUrl":"https:\/\/www.colindres.es\/wp-content\/uploads\/2018\/12\/Navidad-Ayto-Colindres.jpg","width":1280,"height":960},{"@type":"BreadcrumbList","@id":"https:\/\/www.colindres.es\/index.php\/project\/colindres-celebra-la-navidad-con-mas-de-50-actividades-infantiles-y-familiares\/#breadcrumb","itemListElement":[{"@type":"ListItem","position":1,"name":"Portada","item":"https:\/\/www.colindres.es\/"},{"@type":"ListItem","position":2,"name":"Proyectos","item":"https:\/\/www.colindres.es\/index.php\/project\/"},{"@type":"ListItem","position":3,"name":"Colindres celebra la Navidad con m\u00e1s de 50 actividades infantiles y familiares"}]},{"@type":"WebSite","@id":"https:\/\/www.colindres.es\/#website","url":"https:\/\/www.colindres.es\/","name":"Ayuntamiento de Colindres","description":"Dise\u00f1ado por NTIC&#039;s","publisher":{"@id":"https:\/\/www.colindres.es\/#organization"},"potentialAction":[{"@type":"SearchAction","target":{"@type":"EntryPoint","urlTemplate":"https:\/\/www.colindres.es\/?s={search_term_string}"},"query-input":{"@type":"PropertyValueSpecification","valueRequired":true,"valueName":"search_term_string"}}],"inLanguage":"es"},{"@type":"Organization","@id":"https:\/\/www.colindres.es\/#organization","name":"AYUNTAMIENTO DE COLINDRES","url":"https:\/\/www.colindres.es\/","logo":{"@type":"ImageObject","inLanguage":"es","@id":"https:\/\/www.colindres.es\/#\/schema\/logo\/image\/","url":"https:\/\/www.colindres.es\/wp-content\/uploads\/2017\/01\/LOGO-PRINCIPAL.jpg","contentUrl":"https:\/\/www.colindres.es\/wp-content\/uploads\/2017\/01\/LOGO-PRINCIPAL.jpg","width":1209,"height":579,"caption":"AYUNTAMIENTO DE COLINDRES"},"image":{"@id":"https:\/\/www.colindres.es\/#\/schema\/logo\/image\/"}}]}},"_links":{"self":[{"href":"https:\/\/www.colindres.es\/index.php\/wp-json\/wp\/v2\/project\/1991","targetHints":{"allow":["GET"]}}],"collection":[{"href":"https:\/\/www.colindres.es\/index.php\/wp-json\/wp\/v2\/project"}],"about":[{"href":"https:\/\/www.colindres.es\/index.php\/wp-json\/wp\/v2\/types\/project"}],"author":[{"embeddable":true,"href":"https:\/\/www.colindres.es\/index.php\/wp-json\/wp\/v2\/users\/1"}],"replies":[{"embeddable":true,"href":"https:\/\/www.colindres.es\/index.php\/wp-json\/wp\/v2\/comments?post=1991"}],"version-history":[{"count":1,"href":"https:\/\/www.colindres.es\/index.php\/wp-json\/wp\/v2\/project\/1991\/revisions"}],"predecessor-version":[{"id":1995,"href":"https:\/\/www.colindres.es\/index.php\/wp-json\/wp\/v2\/project\/1991\/revisions\/1995"}],"wp:featuredmedia":[{"embeddable":true,"href":"https:\/\/www.colindres.es\/index.php\/wp-json\/wp\/v2\/media\/1993"}],"wp:attachment":[{"href":"https:\/\/www.colindres.es\/index.php\/wp-json\/wp\/v2\/media?parent=1991"}],"wp:term":[{"taxonomy":"project_category","embeddable":true,"href":"https:\/\/www.colindres.es\/index.php\/wp-json\/wp\/v2\/project_category?post=1991"},{"taxonomy":"project_tag","embeddable":true,"href":"https:\/\/www.colindres.es\/index.php\/wp-json\/wp\/v2\/project_tag?post=1991"}],"curies":[{"name":"wp","href":"https:\/\/api.w.org\/{rel}","templated":true}]}}