{"id":1982,"date":"2018-12-05T19:17:44","date_gmt":"2018-12-05T19:17:44","guid":{"rendered":"http:\/\/colindres.es\/?post_type=project&#038;p=1982"},"modified":"2018-12-05T19:17:44","modified_gmt":"2018-12-05T19:17:44","slug":"comienzan-las-obras-para-renovar-la-plaza-de-la-constitucion-que-contara-con-una-imagen-mas-moderna-y-acogedora","status":"publish","type":"project","link":"https:\/\/www.colindres.es\/index.php\/project\/comienzan-las-obras-para-renovar-la-plaza-de-la-constitucion-que-contara-con-una-imagen-mas-moderna-y-acogedora\/","title":{"rendered":"Comienzan las obras para renovar la Plaza de la Constituci\u00f3n, que contar\u00e1 con una imagen \u201cm\u00e1s moderna y acogedora\u201d"},"content":{"rendered":"<p><strong>Los trabajos conllevan una inversi\u00f3n de 300.000 euros e incluyen la instalaci\u00f3n de un \u00e1rea de juego infantil que recrea un barco pirata<\/strong><\/p>\n<p><em>Colindres, 05 de Diciembre.-<\/em> El alcalde de Colindres, Javier Incera, ha comprobado este mi\u00e9rcoles el inicio de los trabajos de renovaci\u00f3n de la Plaza de la Constituci\u00f3n, que a partir del pr\u00f3ximo mes de febrero contar\u00e1 con una nueva imagen \u201cm\u00e1s moderna y acogedora\u201d.<\/p>\n<p>Las obras cuentan con un plazo de ejecuci\u00f3n de dos meses y se han adjudicado a la empresa GIOC por casi 300.000 euros, cofinanciados con una subvenci\u00f3n del Gobierno de Cantabria tras el proyecto presentado por el Ayuntamiento a la Consejer\u00eda de Obras P\u00fablicas y Vivienda.<\/p>\n<p>El alcalde ha explicado que las obras comprenden la renovaci\u00f3n del pavimento, el mobiliario urbano y el sistema de iluminaci\u00f3n y ha indicado que, adem\u00e1s, incluyen la instalaci\u00f3n de un \u00e1rea de juego infantil muy original en la zona oeste de la plaza, con la recreaci\u00f3n de un barco pirata como elemento de ocio y diversi\u00f3n para los m\u00e1s peque\u00f1os. Tambi\u00e9n se instalar\u00e1 un nuevo conjunto de p\u00e9rgolas met\u00e1licas.<\/p>\n<p>Igualmente, ha detallado que la plaza seguir\u00e1 contando con una gran superficie di\u00e1fana para la celebraci\u00f3n de las distintas ferias y eventos que ocasionalmente se realizan en este espacio. En este sentido, el alcalde ha apuntado que se reforzar\u00e1 la solera de hormig\u00f3n con el objetivo de soportar la instalaci\u00f3n de ferias y carpas de espect\u00e1culos.<\/p>\n<p>Durante la visita, en la que ha estado acompa\u00f1ado por el concejal de Obras, Pablo Ruiz, Incera ha destacado el esfuerzo del Ayuntamiento por \u201cseguir mejorando los espacios p\u00fablicos del municipio con el doble objetivo de fomentar la convivencia entre los vecinos de Colindres y dinamizar las calles, lo que redunda en beneficio de los comercios y negocios de hosteler\u00eda locales\u201d.<\/p>\n<p><strong>Inicio de las obras<\/strong><\/p>\n<p>Las obras han comenzado con el replanteo de las diferentes \u00e1reas definidas en el proyecto y la retirada de los elementos de mobiliario existentes, tales como bancos, p\u00e9rgolas, puntos de luz y barandillas, as\u00ed como con la demolici\u00f3n de las baldosas y su capa de mortero.<\/p>\n<p>Sobre el terreno se ejecutar\u00e1 una solera de hormig\u00f3n de 15 cent\u00edmetros, a la que se adherir\u00e1n las baldosas con acabado pergamino. Los trabajos tambi\u00e9n comprenden la reposici\u00f3n del colector de drenaje para captar la escorrent\u00eda y que esta vierta hacia los puntos de drenaje habilitados.<\/p>\n<p>La obra concluir\u00e1 previsiblemente en el mes de febrero con la urbanizaci\u00f3n de la plaza mediante la colocaci\u00f3n de elementos como papeleras y bancos, una fuente, y la instalaci\u00f3n del parque infantil sobre suelo de seguridad y el conjunto de p\u00e9rgolas. Asimismo, se dispondr\u00e1 de alcorques en todos los \u00e1rboles perimetrales a la plaza.<\/p>\n","protected":false},"excerpt":{"rendered":"<p>Los trabajos conllevan una inversi\u00f3n de 300.000 euros e incluyen la instalaci\u00f3n de un \u00e1rea de juego infantil que recrea un barco pirata Colindres, 05 de Diciembre.- El alcalde de Colindres, Javier Incera, ha comprobado este mi\u00e9rcoles el inicio de los trabajos de renovaci\u00f3n de la Plaza de la Constituci\u00f3n, que a partir del pr\u00f3ximo [&hellip;]<\/p>\n","protected":false},"author":1,"featured_media":1983,"comment_status":"open","ping_status":"closed","template":"","meta":{"_et_pb_use_builder":"","_et_pb_old_content":"","_et_gb_content_width":"","footnotes":""},"project_category":[],"project_tag":[],"class_list":["post-1982","project","type-project","status-publish","has-post-thumbnail","hentry"],"yoast_head":"<!-- This site is optimized with the Yoast SEO plugin v24.9 - https:\/\/yoast.com\/wordpress\/plugins\/seo\/ -->\n<title>Comienzan las obras para renovar la Plaza de la Constituci\u00f3n, que contar\u00e1 con una imagen \u201cm\u00e1s moderna y acogedora\u201d - Ayuntamiento de Colindres<\/title>\n<meta name=\"robots\" content=\"index, follow, max-snippet:-1, max-image-preview:large, max-video-preview:-1\" \/>\n<link rel=\"canonical\" href=\"https:\/\/www.colindres.es\/index.php\/project\/comienzan-las-obras-para-renovar-la-plaza-de-la-constitucion-que-contara-con-una-imagen-mas-moderna-y-acogedora\/\" \/>\n<meta property=\"og:locale\" content=\"es_ES\" \/>\n<meta property=\"og:type\" content=\"article\" \/>\n<meta property=\"og:title\" content=\"Comienzan las obras para renovar la Plaza de la Constituci\u00f3n, que contar\u00e1 con una imagen \u201cm\u00e1s moderna y acogedora\u201d - Ayuntamiento de Colindres\" \/>\n<meta property=\"og:description\" content=\"Los trabajos conllevan una inversi\u00f3n de 300.000 euros e incluyen la instalaci\u00f3n de un \u00e1rea de juego infantil que recrea un barco pirata Colindres, 05 de Diciembre.- El alcalde de Colindres, Javier Incera, ha comprobado este mi\u00e9rcoles el inicio de los trabajos de renovaci\u00f3n de la Plaza de la Constituci\u00f3n, que a partir del pr\u00f3ximo [&hellip;]\" \/>\n<meta property=\"og:url\" content=\"https:\/\/www.colindres.es\/index.php\/project\/comienzan-las-obras-para-renovar-la-plaza-de-la-constitucion-que-contara-con-una-imagen-mas-moderna-y-acogedora\/\" \/>\n<meta property=\"og:site_name\" content=\"Ayuntamiento de Colindres\" \/>\n<meta property=\"og:image\" content=\"https:\/\/www.colindres.es\/wp-content\/uploads\/2018\/12\/Obras-Plaza-Constituci\u00f3n.jpg\" \/>\n\t<meta property=\"og:image:width\" content=\"1280\" \/>\n\t<meta property=\"og:image:height\" content=\"960\" \/>\n\t<meta property=\"og:image:type\" content=\"image\/jpeg\" \/>\n<meta name=\"twitter:card\" content=\"summary_large_image\" \/>\n<meta name=\"twitter:label1\" content=\"Tiempo de lectura\" \/>\n\t<meta name=\"twitter:data1\" content=\"2 minutos\" \/>\n<script type=\"application\/ld+json\" class=\"yoast-schema-graph\">{\"@context\":\"https:\/\/schema.org\",\"@graph\":[{\"@type\":\"WebPage\",\"@id\":\"https:\/\/www.colindres.es\/index.php\/project\/comienzan-las-obras-para-renovar-la-plaza-de-la-constitucion-que-contara-con-una-imagen-mas-moderna-y-acogedora\/\",\"url\":\"https:\/\/www.colindres.es\/index.php\/project\/comienzan-las-obras-para-renovar-la-plaza-de-la-constitucion-que-contara-con-una-imagen-mas-moderna-y-acogedora\/\",\"name\":\"Comienzan las obras para renovar la Plaza de la Constituci\u00f3n, que contar\u00e1 con una imagen \u201cm\u00e1s moderna y acogedora\u201d - Ayuntamiento de Colindres\",\"isPartOf\":{\"@id\":\"https:\/\/www.colindres.es\/#website\"},\"primaryImageOfPage\":{\"@id\":\"https:\/\/www.colindres.es\/index.php\/project\/comienzan-las-obras-para-renovar-la-plaza-de-la-constitucion-que-contara-con-una-imagen-mas-moderna-y-acogedora\/#primaryimage\"},\"image\":{\"@id\":\"https:\/\/www.colindres.es\/index.php\/project\/comienzan-las-obras-para-renovar-la-plaza-de-la-constitucion-que-contara-con-una-imagen-mas-moderna-y-acogedora\/#primaryimage\"},\"thumbnailUrl\":\"https:\/\/www.colindres.es\/wp-content\/uploads\/2018\/12\/Obras-Plaza-Constituci\u00f3n.jpg\",\"datePublished\":\"2018-12-05T19:17:44+00:00\",\"breadcrumb\":{\"@id\":\"https:\/\/www.colindres.es\/index.php\/project\/comienzan-las-obras-para-renovar-la-plaza-de-la-constitucion-que-contara-con-una-imagen-mas-moderna-y-acogedora\/#breadcrumb\"},\"inLanguage\":\"es\",\"potentialAction\":[{\"@type\":\"ReadAction\",\"target\":[\"https:\/\/www.colindres.es\/index.php\/project\/comienzan-las-obras-para-renovar-la-plaza-de-la-constitucion-que-contara-con-una-imagen-mas-moderna-y-acogedora\/\"]}]},{\"@type\":\"ImageObject\",\"inLanguage\":\"es\",\"@id\":\"https:\/\/www.colindres.es\/index.php\/project\/comienzan-las-obras-para-renovar-la-plaza-de-la-constitucion-que-contara-con-una-imagen-mas-moderna-y-acogedora\/#primaryimage\",\"url\":\"https:\/\/www.colindres.es\/wp-content\/uploads\/2018\/12\/Obras-Plaza-Constituci\u00f3n.jpg\",\"contentUrl\":\"https:\/\/www.colindres.es\/wp-content\/uploads\/2018\/12\/Obras-Plaza-Constituci\u00f3n.jpg\",\"width\":1280,\"height\":960},{\"@type\":\"BreadcrumbList\",\"@id\":\"https:\/\/www.colindres.es\/index.php\/project\/comienzan-las-obras-para-renovar-la-plaza-de-la-constitucion-que-contara-con-una-imagen-mas-moderna-y-acogedora\/#breadcrumb\",\"itemListElement\":[{\"@type\":\"ListItem\",\"position\":1,\"name\":\"Portada\",\"item\":\"https:\/\/www.colindres.es\/\"},{\"@type\":\"ListItem\",\"position\":2,\"name\":\"Proyectos\",\"item\":\"https:\/\/www.colindres.es\/index.php\/project\/\"},{\"@type\":\"ListItem\",\"position\":3,\"name\":\"Comienzan las obras para renovar la Plaza de la Constituci\u00f3n, que contar\u00e1 con una imagen \u201cm\u00e1s moderna y acogedora\u201d\"}]},{\"@type\":\"WebSite\",\"@id\":\"https:\/\/www.colindres.es\/#website\",\"url\":\"https:\/\/www.colindres.es\/\",\"name\":\"Ayuntamiento de Colindres\",\"description\":\"Dise\u00f1ado por NTIC&#039;s\",\"publisher\":{\"@id\":\"https:\/\/www.colindres.es\/#organization\"},\"potentialAction\":[{\"@type\":\"SearchAction\",\"target\":{\"@type\":\"EntryPoint\",\"urlTemplate\":\"https:\/\/www.colindres.es\/?s={search_term_string}\"},\"query-input\":{\"@type\":\"PropertyValueSpecification\",\"valueRequired\":true,\"valueName\":\"search_term_string\"}}],\"inLanguage\":\"es\"},{\"@type\":\"Organization\",\"@id\":\"https:\/\/www.colindres.es\/#organization\",\"name\":\"AYUNTAMIENTO DE COLINDRES\",\"url\":\"https:\/\/www.colindres.es\/\",\"logo\":{\"@type\":\"ImageObject\",\"inLanguage\":\"es\",\"@id\":\"https:\/\/www.colindres.es\/#\/schema\/logo\/image\/\",\"url\":\"https:\/\/www.colindres.es\/wp-content\/uploads\/2017\/01\/LOGO-PRINCIPAL.jpg\",\"contentUrl\":\"https:\/\/www.colindres.es\/wp-content\/uploads\/2017\/01\/LOGO-PRINCIPAL.jpg\",\"width\":1209,\"height\":579,\"caption\":\"AYUNTAMIENTO DE COLINDRES\"},\"image\":{\"@id\":\"https:\/\/www.colindres.es\/#\/schema\/logo\/image\/\"}}]}<\/script>\n<!-- \/ Yoast SEO plugin. -->","yoast_head_json":{"title":"Comienzan las obras para renovar la Plaza de la Constituci\u00f3n, que contar\u00e1 con una imagen \u201cm\u00e1s moderna y acogedora\u201d - Ayuntamiento de Colindres","robots":{"index":"index","follow":"follow","max-snippet":"max-snippet:-1","max-image-preview":"max-image-preview:large","max-video-preview":"max-video-preview:-1"},"canonical":"https:\/\/www.colindres.es\/index.php\/project\/comienzan-las-obras-para-renovar-la-plaza-de-la-constitucion-que-contara-con-una-imagen-mas-moderna-y-acogedora\/","og_locale":"es_ES","og_type":"article","og_title":"Comienzan las obras para renovar la Plaza de la Constituci\u00f3n, que contar\u00e1 con una imagen \u201cm\u00e1s moderna y acogedora\u201d - Ayuntamiento de Colindres","og_description":"Los trabajos conllevan una inversi\u00f3n de 300.000 euros e incluyen la instalaci\u00f3n de un \u00e1rea de juego infantil que recrea un barco pirata Colindres, 05 de Diciembre.- El alcalde de Colindres, Javier Incera, ha comprobado este mi\u00e9rcoles el inicio de los trabajos de renovaci\u00f3n de la Plaza de la Constituci\u00f3n, que a partir del pr\u00f3ximo [&hellip;]","og_url":"https:\/\/www.colindres.es\/index.php\/project\/comienzan-las-obras-para-renovar-la-plaza-de-la-constitucion-que-contara-con-una-imagen-mas-moderna-y-acogedora\/","og_site_name":"Ayuntamiento de Colindres","og_image":[{"width":1280,"height":960,"url":"https:\/\/www.colindres.es\/wp-content\/uploads\/2018\/12\/Obras-Plaza-Constituci\u00f3n.jpg","type":"image\/jpeg"}],"twitter_card":"summary_large_image","twitter_misc":{"Tiempo de lectura":"2 minutos"},"schema":{"@context":"https:\/\/schema.org","@graph":[{"@type":"WebPage","@id":"https:\/\/www.colindres.es\/index.php\/project\/comienzan-las-obras-para-renovar-la-plaza-de-la-constitucion-que-contara-con-una-imagen-mas-moderna-y-acogedora\/","url":"https:\/\/www.colindres.es\/index.php\/project\/comienzan-las-obras-para-renovar-la-plaza-de-la-constitucion-que-contara-con-una-imagen-mas-moderna-y-acogedora\/","name":"Comienzan las obras para renovar la Plaza de la Constituci\u00f3n, que contar\u00e1 con una imagen \u201cm\u00e1s moderna y acogedora\u201d - Ayuntamiento de Colindres","isPartOf":{"@id":"https:\/\/www.colindres.es\/#website"},"primaryImageOfPage":{"@id":"https:\/\/www.colindres.es\/index.php\/project\/comienzan-las-obras-para-renovar-la-plaza-de-la-constitucion-que-contara-con-una-imagen-mas-moderna-y-acogedora\/#primaryimage"},"image":{"@id":"https:\/\/www.colindres.es\/index.php\/project\/comienzan-las-obras-para-renovar-la-plaza-de-la-constitucion-que-contara-con-una-imagen-mas-moderna-y-acogedora\/#primaryimage"},"thumbnailUrl":"https:\/\/www.colindres.es\/wp-content\/uploads\/2018\/12\/Obras-Plaza-Constituci\u00f3n.jpg","datePublished":"2018-12-05T19:17:44+00:00","breadcrumb":{"@id":"https:\/\/www.colindres.es\/index.php\/project\/comienzan-las-obras-para-renovar-la-plaza-de-la-constitucion-que-contara-con-una-imagen-mas-moderna-y-acogedora\/#breadcrumb"},"inLanguage":"es","potentialAction":[{"@type":"ReadAction","target":["https:\/\/www.colindres.es\/index.php\/project\/comienzan-las-obras-para-renovar-la-plaza-de-la-constitucion-que-contara-con-una-imagen-mas-moderna-y-acogedora\/"]}]},{"@type":"ImageObject","inLanguage":"es","@id":"https:\/\/www.colindres.es\/index.php\/project\/comienzan-las-obras-para-renovar-la-plaza-de-la-constitucion-que-contara-con-una-imagen-mas-moderna-y-acogedora\/#primaryimage","url":"https:\/\/www.colindres.es\/wp-content\/uploads\/2018\/12\/Obras-Plaza-Constituci\u00f3n.jpg","contentUrl":"https:\/\/www.colindres.es\/wp-content\/uploads\/2018\/12\/Obras-Plaza-Constituci\u00f3n.jpg","width":1280,"height":960},{"@type":"BreadcrumbList","@id":"https:\/\/www.colindres.es\/index.php\/project\/comienzan-las-obras-para-renovar-la-plaza-de-la-constitucion-que-contara-con-una-imagen-mas-moderna-y-acogedora\/#breadcrumb","itemListElement":[{"@type":"ListItem","position":1,"name":"Portada","item":"https:\/\/www.colindres.es\/"},{"@type":"ListItem","position":2,"name":"Proyectos","item":"https:\/\/www.colindres.es\/index.php\/project\/"},{"@type":"ListItem","position":3,"name":"Comienzan las obras para renovar la Plaza de la Constituci\u00f3n, que contar\u00e1 con una imagen \u201cm\u00e1s moderna y acogedora\u201d"}]},{"@type":"WebSite","@id":"https:\/\/www.colindres.es\/#website","url":"https:\/\/www.colindres.es\/","name":"Ayuntamiento de Colindres","description":"Dise\u00f1ado por NTIC&#039;s","publisher":{"@id":"https:\/\/www.colindres.es\/#organization"},"potentialAction":[{"@type":"SearchAction","target":{"@type":"EntryPoint","urlTemplate":"https:\/\/www.colindres.es\/?s={search_term_string}"},"query-input":{"@type":"PropertyValueSpecification","valueRequired":true,"valueName":"search_term_string"}}],"inLanguage":"es"},{"@type":"Organization","@id":"https:\/\/www.colindres.es\/#organization","name":"AYUNTAMIENTO DE COLINDRES","url":"https:\/\/www.colindres.es\/","logo":{"@type":"ImageObject","inLanguage":"es","@id":"https:\/\/www.colindres.es\/#\/schema\/logo\/image\/","url":"https:\/\/www.colindres.es\/wp-content\/uploads\/2017\/01\/LOGO-PRINCIPAL.jpg","contentUrl":"https:\/\/www.colindres.es\/wp-content\/uploads\/2017\/01\/LOGO-PRINCIPAL.jpg","width":1209,"height":579,"caption":"AYUNTAMIENTO DE COLINDRES"},"image":{"@id":"https:\/\/www.colindres.es\/#\/schema\/logo\/image\/"}}]}},"_links":{"self":[{"href":"https:\/\/www.colindres.es\/index.php\/wp-json\/wp\/v2\/project\/1982","targetHints":{"allow":["GET"]}}],"collection":[{"href":"https:\/\/www.colindres.es\/index.php\/wp-json\/wp\/v2\/project"}],"about":[{"href":"https:\/\/www.colindres.es\/index.php\/wp-json\/wp\/v2\/types\/project"}],"author":[{"embeddable":true,"href":"https:\/\/www.colindres.es\/index.php\/wp-json\/wp\/v2\/users\/1"}],"replies":[{"embeddable":true,"href":"https:\/\/www.colindres.es\/index.php\/wp-json\/wp\/v2\/comments?post=1982"}],"version-history":[{"count":1,"href":"https:\/\/www.colindres.es\/index.php\/wp-json\/wp\/v2\/project\/1982\/revisions"}],"predecessor-version":[{"id":1984,"href":"https:\/\/www.colindres.es\/index.php\/wp-json\/wp\/v2\/project\/1982\/revisions\/1984"}],"wp:featuredmedia":[{"embeddable":true,"href":"https:\/\/www.colindres.es\/index.php\/wp-json\/wp\/v2\/media\/1983"}],"wp:attachment":[{"href":"https:\/\/www.colindres.es\/index.php\/wp-json\/wp\/v2\/media?parent=1982"}],"wp:term":[{"taxonomy":"project_category","embeddable":true,"href":"https:\/\/www.colindres.es\/index.php\/wp-json\/wp\/v2\/project_category?post=1982"},{"taxonomy":"project_tag","embeddable":true,"href":"https:\/\/www.colindres.es\/index.php\/wp-json\/wp\/v2\/project_tag?post=1982"}],"curies":[{"name":"wp","href":"https:\/\/api.w.org\/{rel}","templated":true}]}}