{"id":1973,"date":"2018-11-20T09:10:25","date_gmt":"2018-11-20T09:10:25","guid":{"rendered":"http:\/\/colindres.es\/?post_type=project&#038;p=1973"},"modified":"2018-11-20T09:10:37","modified_gmt":"2018-11-20T09:10:37","slug":"colindres-organiza-un-mural-fotografico-gigante-para-decir-no-a-la-violencia-de-genero","status":"publish","type":"project","link":"https:\/\/www.colindres.es\/index.php\/project\/colindres-organiza-un-mural-fotografico-gigante-para-decir-no-a-la-violencia-de-genero\/","title":{"rendered":"Colindres organiza un mural fotogr\u00e1fico gigante para decir &#8216;no&#8217; a la violencia de g\u00e9nero"},"content":{"rendered":"<p>El alcalde anima a todos los vecinos y vecinas a fotografiarse en los estudios m\u00f3viles que se habilitar\u00e1n desde este jueves y hasta el pr\u00f3ximo domingo<\/p>\n<p>Colindres, 20 de noviembre. El Ayuntamiento de Colindres, a trav\u00e9s de la Concejal\u00eda de Igualdad, ha organizado una campa\u00f1a de sensibilizaci\u00f3n \u00abmuy especial\u00bb con motivo del D\u00eda Internacional Contra la Violencia de G\u00e9nero, en la que el Consistorio quiere involucrar \u00aba todo el pueblo\u00bb.<\/p>\n<p>Todos los vecinos y vecinas que deseen implicarse podr\u00e1n participar en la creaci\u00f3n de un mural fotogr\u00e1fico gigante. Para ello, el Ayuntamiento ha preparado un estudio de fotograf\u00eda m\u00f3vil en el que, desde este jueves y hasta el pr\u00f3ximo domingo, podr\u00e1n retratarse solos, con amigos, en pareja, en familia&#8230; Con todas las fotograf\u00edas se elaborar\u00e1 una composici\u00f3n de gran volumen.<\/p>\n<p>El alcalde, Javier Incera, ha animado a todos los colindreses y colindresas \u00aba participar masivamente\u00bb. \u00abUn gesto tan sencillo como es hacerse una foto servir\u00e1 para visuabilizar y dejar bien claro que quienes ejercen la violencia y matan a las mujeres por el mero hecho de ser mujeres no tienen hueco en esta sociedad\u00bb, ha enfatizado Incera.<\/p>\n<p>En esta misma l\u00ednea, el regidor municipal ha resaltado la importancia de la sociedad civil para acabar con esta \u00ablacra\u00bb y se ha mostrado convencido de que \u00abcon el concurso de todos, m\u00e1s pronto que tarde ser\u00e1 posible\u00bb.<\/p>\n<p>Por su parte, la concejala de Igualdad, M\u00f3nica Navascuez, ha explicado que las fotograf\u00edas tambi\u00e9n quedar\u00e1n expuestas en fachadas de distintos edificios c\u00e9ntricos, as\u00ed como en instalaciones p\u00fablicas en unas pantallas de televisi\u00f3n instaladas para este prop\u00f3sito.<\/p>\n<p>Tambi\u00e9n quienes hayan colaborado en la campa\u00f1a podr\u00e1n obtener su foto descarg\u00e1ndola desde una p\u00e1gina web que el Ayuntamiento habilitar\u00e1 al efecto. \u00abEsta descarga se har\u00e1 en forma de felicitaci\u00f3n navide\u00f1a con el \u00e1nimo de que puedan felicitar estas fechas a sus seres queridos con un retrato personalizado y con el mensaje de la campa\u00f1a &#8216;Sin machismo te sentir\u00e1s libre, te sentir\u00e1s bien'\u00bb, ha indicado Navascuez.<\/p>\n<p>El estudio estar\u00e1 ubicado este jueves y viernes en la Piscina Municipal de 17 a 20 horas, y el s\u00e1bado en la Casa de la Juventud en el mismo horario. Ya el domingo estar\u00e1 situado en la plaza de la Esperanza desde las 11 hasta las 14 horas.<\/p>\n<p>La concejala de Igualdad ha agradecido al Servicio de Juventud que \u00abun a\u00f1o m\u00e1s haya prestado su\u00a0 colaboraci\u00f3n, que se hace indispensable y que adem\u00e1s siempre enriquece la campa\u00f1a\u00bb.<\/p>\n<p>Otras actividades<\/p>\n<p>De forma complementaria, el Ayuntamiento ha programado la representaci\u00f3n de la obra de teatro &#8216;La novia del viento&#8217;, a cargo de la compa\u00f1\u00eda \u00c1brego. La actuaci\u00f3n tendr\u00e1 lugar el viernes, a las 20 horas, en el Sal\u00f3n de Actos de la Casa de Cultura, con entrada gratuita hasta completar aforo.<\/p>\n<p>Finalmente, el domingo d\u00eda 25, desde las 11 horas, en la plaza de la Esperanza los m\u00e1s peque\u00f1os podr\u00e1n participar en el taller de sensibilizaci\u00f3n &#8216;S\u00faper Hero\u00ednas&#8217;, apto para toda la familia. Seguidamente, a las 13 horas se leer\u00e1 un alegato en contra de la violencia de g\u00e9nero. Y para clausurar la jornada habr\u00e1 la actuaci\u00f3n de los grupos musicales Saw Range y Arrolinton.<\/p>\n","protected":false},"excerpt":{"rendered":"<p>El alcalde anima a todos los vecinos y vecinas a fotografiarse en los estudios m\u00f3viles que se habilitar\u00e1n desde este jueves y hasta el pr\u00f3ximo domingo Colindres, 20 de noviembre. El Ayuntamiento de Colindres, a trav\u00e9s de la Concejal\u00eda de Igualdad, ha organizado una campa\u00f1a de sensibilizaci\u00f3n \u00abmuy especial\u00bb con motivo del D\u00eda Internacional Contra [&hellip;]<\/p>\n","protected":false},"author":1,"featured_media":1974,"comment_status":"open","ping_status":"closed","template":"","meta":{"_et_pb_use_builder":"","_et_pb_old_content":"","_et_gb_content_width":"","footnotes":""},"project_category":[],"project_tag":[],"class_list":["post-1973","project","type-project","status-publish","has-post-thumbnail","hentry"],"yoast_head":"<!-- This site is optimized with the Yoast SEO plugin v24.9 - https:\/\/yoast.com\/wordpress\/plugins\/seo\/ -->\n<title>Colindres organiza un mural fotogr\u00e1fico gigante para decir &#039;no&#039; a la violencia de g\u00e9nero - Ayuntamiento de Colindres<\/title>\n<meta name=\"robots\" content=\"index, follow, max-snippet:-1, max-image-preview:large, max-video-preview:-1\" \/>\n<link rel=\"canonical\" href=\"https:\/\/www.colindres.es\/index.php\/project\/colindres-organiza-un-mural-fotografico-gigante-para-decir-no-a-la-violencia-de-genero\/\" \/>\n<meta property=\"og:locale\" content=\"es_ES\" \/>\n<meta property=\"og:type\" content=\"article\" \/>\n<meta property=\"og:title\" content=\"Colindres organiza un mural fotogr\u00e1fico gigante para decir &#039;no&#039; a la violencia de g\u00e9nero - Ayuntamiento de Colindres\" \/>\n<meta property=\"og:description\" content=\"El alcalde anima a todos los vecinos y vecinas a fotografiarse en los estudios m\u00f3viles que se habilitar\u00e1n desde este jueves y hasta el pr\u00f3ximo domingo Colindres, 20 de noviembre. El Ayuntamiento de Colindres, a trav\u00e9s de la Concejal\u00eda de Igualdad, ha organizado una campa\u00f1a de sensibilizaci\u00f3n \u00abmuy especial\u00bb con motivo del D\u00eda Internacional Contra [&hellip;]\" \/>\n<meta property=\"og:url\" content=\"https:\/\/www.colindres.es\/index.php\/project\/colindres-organiza-un-mural-fotografico-gigante-para-decir-no-a-la-violencia-de-genero\/\" \/>\n<meta property=\"og:site_name\" content=\"Ayuntamiento de Colindres\" \/>\n<meta property=\"article:modified_time\" content=\"2018-11-20T09:10:37+00:00\" \/>\n<meta property=\"og:image\" content=\"https:\/\/www.colindres.es\/wp-content\/uploads\/2018\/11\/IMG-20181120-WA0001.jpg\" \/>\n\t<meta property=\"og:image:width\" content=\"960\" \/>\n\t<meta property=\"og:image:height\" content=\"720\" \/>\n\t<meta property=\"og:image:type\" content=\"image\/jpeg\" \/>\n<meta name=\"twitter:card\" content=\"summary_large_image\" \/>\n<meta name=\"twitter:label1\" content=\"Tiempo de lectura\" \/>\n\t<meta name=\"twitter:data1\" content=\"3 minutos\" \/>\n<script type=\"application\/ld+json\" class=\"yoast-schema-graph\">{\"@context\":\"https:\/\/schema.org\",\"@graph\":[{\"@type\":\"WebPage\",\"@id\":\"https:\/\/www.colindres.es\/index.php\/project\/colindres-organiza-un-mural-fotografico-gigante-para-decir-no-a-la-violencia-de-genero\/\",\"url\":\"https:\/\/www.colindres.es\/index.php\/project\/colindres-organiza-un-mural-fotografico-gigante-para-decir-no-a-la-violencia-de-genero\/\",\"name\":\"Colindres organiza un mural fotogr\u00e1fico gigante para decir 'no' a la violencia de g\u00e9nero - Ayuntamiento de Colindres\",\"isPartOf\":{\"@id\":\"https:\/\/www.colindres.es\/#website\"},\"primaryImageOfPage\":{\"@id\":\"https:\/\/www.colindres.es\/index.php\/project\/colindres-organiza-un-mural-fotografico-gigante-para-decir-no-a-la-violencia-de-genero\/#primaryimage\"},\"image\":{\"@id\":\"https:\/\/www.colindres.es\/index.php\/project\/colindres-organiza-un-mural-fotografico-gigante-para-decir-no-a-la-violencia-de-genero\/#primaryimage\"},\"thumbnailUrl\":\"https:\/\/www.colindres.es\/wp-content\/uploads\/2018\/11\/IMG-20181120-WA0001.jpg\",\"datePublished\":\"2018-11-20T09:10:25+00:00\",\"dateModified\":\"2018-11-20T09:10:37+00:00\",\"breadcrumb\":{\"@id\":\"https:\/\/www.colindres.es\/index.php\/project\/colindres-organiza-un-mural-fotografico-gigante-para-decir-no-a-la-violencia-de-genero\/#breadcrumb\"},\"inLanguage\":\"es\",\"potentialAction\":[{\"@type\":\"ReadAction\",\"target\":[\"https:\/\/www.colindres.es\/index.php\/project\/colindres-organiza-un-mural-fotografico-gigante-para-decir-no-a-la-violencia-de-genero\/\"]}]},{\"@type\":\"ImageObject\",\"inLanguage\":\"es\",\"@id\":\"https:\/\/www.colindres.es\/index.php\/project\/colindres-organiza-un-mural-fotografico-gigante-para-decir-no-a-la-violencia-de-genero\/#primaryimage\",\"url\":\"https:\/\/www.colindres.es\/wp-content\/uploads\/2018\/11\/IMG-20181120-WA0001.jpg\",\"contentUrl\":\"https:\/\/www.colindres.es\/wp-content\/uploads\/2018\/11\/IMG-20181120-WA0001.jpg\",\"width\":960,\"height\":720},{\"@type\":\"BreadcrumbList\",\"@id\":\"https:\/\/www.colindres.es\/index.php\/project\/colindres-organiza-un-mural-fotografico-gigante-para-decir-no-a-la-violencia-de-genero\/#breadcrumb\",\"itemListElement\":[{\"@type\":\"ListItem\",\"position\":1,\"name\":\"Portada\",\"item\":\"https:\/\/www.colindres.es\/\"},{\"@type\":\"ListItem\",\"position\":2,\"name\":\"Proyectos\",\"item\":\"https:\/\/www.colindres.es\/index.php\/project\/\"},{\"@type\":\"ListItem\",\"position\":3,\"name\":\"Colindres organiza un mural fotogr\u00e1fico gigante para decir &#8216;no&#8217; a la violencia de g\u00e9nero\"}]},{\"@type\":\"WebSite\",\"@id\":\"https:\/\/www.colindres.es\/#website\",\"url\":\"https:\/\/www.colindres.es\/\",\"name\":\"Ayuntamiento de Colindres\",\"description\":\"Dise\u00f1ado por NTIC&#039;s\",\"publisher\":{\"@id\":\"https:\/\/www.colindres.es\/#organization\"},\"potentialAction\":[{\"@type\":\"SearchAction\",\"target\":{\"@type\":\"EntryPoint\",\"urlTemplate\":\"https:\/\/www.colindres.es\/?s={search_term_string}\"},\"query-input\":{\"@type\":\"PropertyValueSpecification\",\"valueRequired\":true,\"valueName\":\"search_term_string\"}}],\"inLanguage\":\"es\"},{\"@type\":\"Organization\",\"@id\":\"https:\/\/www.colindres.es\/#organization\",\"name\":\"AYUNTAMIENTO DE COLINDRES\",\"url\":\"https:\/\/www.colindres.es\/\",\"logo\":{\"@type\":\"ImageObject\",\"inLanguage\":\"es\",\"@id\":\"https:\/\/www.colindres.es\/#\/schema\/logo\/image\/\",\"url\":\"https:\/\/www.colindres.es\/wp-content\/uploads\/2017\/01\/LOGO-PRINCIPAL.jpg\",\"contentUrl\":\"https:\/\/www.colindres.es\/wp-content\/uploads\/2017\/01\/LOGO-PRINCIPAL.jpg\",\"width\":1209,\"height\":579,\"caption\":\"AYUNTAMIENTO DE COLINDRES\"},\"image\":{\"@id\":\"https:\/\/www.colindres.es\/#\/schema\/logo\/image\/\"}}]}<\/script>\n<!-- \/ Yoast SEO plugin. -->","yoast_head_json":{"title":"Colindres organiza un mural fotogr\u00e1fico gigante para decir 'no' a la violencia de g\u00e9nero - Ayuntamiento de Colindres","robots":{"index":"index","follow":"follow","max-snippet":"max-snippet:-1","max-image-preview":"max-image-preview:large","max-video-preview":"max-video-preview:-1"},"canonical":"https:\/\/www.colindres.es\/index.php\/project\/colindres-organiza-un-mural-fotografico-gigante-para-decir-no-a-la-violencia-de-genero\/","og_locale":"es_ES","og_type":"article","og_title":"Colindres organiza un mural fotogr\u00e1fico gigante para decir 'no' a la violencia de g\u00e9nero - Ayuntamiento de Colindres","og_description":"El alcalde anima a todos los vecinos y vecinas a fotografiarse en los estudios m\u00f3viles que se habilitar\u00e1n desde este jueves y hasta el pr\u00f3ximo domingo Colindres, 20 de noviembre. El Ayuntamiento de Colindres, a trav\u00e9s de la Concejal\u00eda de Igualdad, ha organizado una campa\u00f1a de sensibilizaci\u00f3n \u00abmuy especial\u00bb con motivo del D\u00eda Internacional Contra [&hellip;]","og_url":"https:\/\/www.colindres.es\/index.php\/project\/colindres-organiza-un-mural-fotografico-gigante-para-decir-no-a-la-violencia-de-genero\/","og_site_name":"Ayuntamiento de Colindres","article_modified_time":"2018-11-20T09:10:37+00:00","og_image":[{"width":960,"height":720,"url":"https:\/\/www.colindres.es\/wp-content\/uploads\/2018\/11\/IMG-20181120-WA0001.jpg","type":"image\/jpeg"}],"twitter_card":"summary_large_image","twitter_misc":{"Tiempo de lectura":"3 minutos"},"schema":{"@context":"https:\/\/schema.org","@graph":[{"@type":"WebPage","@id":"https:\/\/www.colindres.es\/index.php\/project\/colindres-organiza-un-mural-fotografico-gigante-para-decir-no-a-la-violencia-de-genero\/","url":"https:\/\/www.colindres.es\/index.php\/project\/colindres-organiza-un-mural-fotografico-gigante-para-decir-no-a-la-violencia-de-genero\/","name":"Colindres organiza un mural fotogr\u00e1fico gigante para decir 'no' a la violencia de g\u00e9nero - Ayuntamiento de Colindres","isPartOf":{"@id":"https:\/\/www.colindres.es\/#website"},"primaryImageOfPage":{"@id":"https:\/\/www.colindres.es\/index.php\/project\/colindres-organiza-un-mural-fotografico-gigante-para-decir-no-a-la-violencia-de-genero\/#primaryimage"},"image":{"@id":"https:\/\/www.colindres.es\/index.php\/project\/colindres-organiza-un-mural-fotografico-gigante-para-decir-no-a-la-violencia-de-genero\/#primaryimage"},"thumbnailUrl":"https:\/\/www.colindres.es\/wp-content\/uploads\/2018\/11\/IMG-20181120-WA0001.jpg","datePublished":"2018-11-20T09:10:25+00:00","dateModified":"2018-11-20T09:10:37+00:00","breadcrumb":{"@id":"https:\/\/www.colindres.es\/index.php\/project\/colindres-organiza-un-mural-fotografico-gigante-para-decir-no-a-la-violencia-de-genero\/#breadcrumb"},"inLanguage":"es","potentialAction":[{"@type":"ReadAction","target":["https:\/\/www.colindres.es\/index.php\/project\/colindres-organiza-un-mural-fotografico-gigante-para-decir-no-a-la-violencia-de-genero\/"]}]},{"@type":"ImageObject","inLanguage":"es","@id":"https:\/\/www.colindres.es\/index.php\/project\/colindres-organiza-un-mural-fotografico-gigante-para-decir-no-a-la-violencia-de-genero\/#primaryimage","url":"https:\/\/www.colindres.es\/wp-content\/uploads\/2018\/11\/IMG-20181120-WA0001.jpg","contentUrl":"https:\/\/www.colindres.es\/wp-content\/uploads\/2018\/11\/IMG-20181120-WA0001.jpg","width":960,"height":720},{"@type":"BreadcrumbList","@id":"https:\/\/www.colindres.es\/index.php\/project\/colindres-organiza-un-mural-fotografico-gigante-para-decir-no-a-la-violencia-de-genero\/#breadcrumb","itemListElement":[{"@type":"ListItem","position":1,"name":"Portada","item":"https:\/\/www.colindres.es\/"},{"@type":"ListItem","position":2,"name":"Proyectos","item":"https:\/\/www.colindres.es\/index.php\/project\/"},{"@type":"ListItem","position":3,"name":"Colindres organiza un mural fotogr\u00e1fico gigante para decir &#8216;no&#8217; a la violencia de g\u00e9nero"}]},{"@type":"WebSite","@id":"https:\/\/www.colindres.es\/#website","url":"https:\/\/www.colindres.es\/","name":"Ayuntamiento de Colindres","description":"Dise\u00f1ado por NTIC&#039;s","publisher":{"@id":"https:\/\/www.colindres.es\/#organization"},"potentialAction":[{"@type":"SearchAction","target":{"@type":"EntryPoint","urlTemplate":"https:\/\/www.colindres.es\/?s={search_term_string}"},"query-input":{"@type":"PropertyValueSpecification","valueRequired":true,"valueName":"search_term_string"}}],"inLanguage":"es"},{"@type":"Organization","@id":"https:\/\/www.colindres.es\/#organization","name":"AYUNTAMIENTO DE COLINDRES","url":"https:\/\/www.colindres.es\/","logo":{"@type":"ImageObject","inLanguage":"es","@id":"https:\/\/www.colindres.es\/#\/schema\/logo\/image\/","url":"https:\/\/www.colindres.es\/wp-content\/uploads\/2017\/01\/LOGO-PRINCIPAL.jpg","contentUrl":"https:\/\/www.colindres.es\/wp-content\/uploads\/2017\/01\/LOGO-PRINCIPAL.jpg","width":1209,"height":579,"caption":"AYUNTAMIENTO DE COLINDRES"},"image":{"@id":"https:\/\/www.colindres.es\/#\/schema\/logo\/image\/"}}]}},"_links":{"self":[{"href":"https:\/\/www.colindres.es\/index.php\/wp-json\/wp\/v2\/project\/1973","targetHints":{"allow":["GET"]}}],"collection":[{"href":"https:\/\/www.colindres.es\/index.php\/wp-json\/wp\/v2\/project"}],"about":[{"href":"https:\/\/www.colindres.es\/index.php\/wp-json\/wp\/v2\/types\/project"}],"author":[{"embeddable":true,"href":"https:\/\/www.colindres.es\/index.php\/wp-json\/wp\/v2\/users\/1"}],"replies":[{"embeddable":true,"href":"https:\/\/www.colindres.es\/index.php\/wp-json\/wp\/v2\/comments?post=1973"}],"version-history":[{"count":1,"href":"https:\/\/www.colindres.es\/index.php\/wp-json\/wp\/v2\/project\/1973\/revisions"}],"predecessor-version":[{"id":1975,"href":"https:\/\/www.colindres.es\/index.php\/wp-json\/wp\/v2\/project\/1973\/revisions\/1975"}],"wp:featuredmedia":[{"embeddable":true,"href":"https:\/\/www.colindres.es\/index.php\/wp-json\/wp\/v2\/media\/1974"}],"wp:attachment":[{"href":"https:\/\/www.colindres.es\/index.php\/wp-json\/wp\/v2\/media?parent=1973"}],"wp:term":[{"taxonomy":"project_category","embeddable":true,"href":"https:\/\/www.colindres.es\/index.php\/wp-json\/wp\/v2\/project_category?post=1973"},{"taxonomy":"project_tag","embeddable":true,"href":"https:\/\/www.colindres.es\/index.php\/wp-json\/wp\/v2\/project_tag?post=1973"}],"curies":[{"name":"wp","href":"https:\/\/api.w.org\/{rel}","templated":true}]}}