{"id":1969,"date":"2018-11-17T09:46:53","date_gmt":"2018-11-17T09:46:53","guid":{"rendered":"http:\/\/colindres.es\/?post_type=project&#038;p=1969"},"modified":"2018-11-17T09:46:53","modified_gmt":"2018-11-17T09:46:53","slug":"aprobado-el-proyecto-para-construir-un-nuevo-edificio-de-vestuarios-en-el-estadio-de-el-carmen","status":"publish","type":"project","link":"https:\/\/www.colindres.es\/index.php\/project\/aprobado-el-proyecto-para-construir-un-nuevo-edificio-de-vestuarios-en-el-estadio-de-el-carmen\/","title":{"rendered":"Aprobado el proyecto para construir un nuevo edificio de vestuarios en el estadio de El Carmen"},"content":{"rendered":"<p><strong>El Ayuntamiento tambi\u00e9n ha iniciado los tr\u00e1mites para remodelar la pista de atletismo y la construcci\u00f3n de una pista de skate junto al paseo mar\u00edtimo<\/strong><\/p>\n<p><em>Colindres, 16 de noviembre.-<\/em> El Pleno del Ayuntamiento de Colindres ha aprobado un proyecto para la construcci\u00f3n de un nuevo edificio de dos plantas en el campo de f\u00fatbol El Carmen, que albergar\u00e1, entre otras instalaciones, los nuevos vestuarios. El presupuesto destinado para esta actuaci\u00f3n es de 947.000 euros.<\/p>\n<p><img loading=\"lazy\" decoding=\"async\" class=\"alignnone size-medium wp-image-1971\" src=\"http:\/\/colindres.es\/wp-content\/uploads\/2018\/11\/Vestuarios-El-Carmen-300x225.jpeg\" alt=\"\" width=\"300\" height=\"225\" srcset=\"https:\/\/www.colindres.es\/wp-content\/uploads\/2018\/11\/Vestuarios-El-Carmen-300x225.jpeg 300w, https:\/\/www.colindres.es\/wp-content\/uploads\/2018\/11\/Vestuarios-El-Carmen-768x576.jpeg 768w, https:\/\/www.colindres.es\/wp-content\/uploads\/2018\/11\/Vestuarios-El-Carmen-1024x768.jpeg 1024w, https:\/\/www.colindres.es\/wp-content\/uploads\/2018\/11\/Vestuarios-El-Carmen-510x382.jpeg 510w, https:\/\/www.colindres.es\/wp-content\/uploads\/2018\/11\/Vestuarios-El-Carmen-1080x810.jpeg 1080w\" sizes=\"(max-width: 300px) 100vw, 300px\" \/><\/p>\n<p>En un comunicado, el alcalde de Colindres, Javier Incera, ha explicado que este proyecto se basa en el \u201ccompromiso\u201d del Ayuntamiento por apostar por el deporte base en el municipio. \u201cQueremos que los centenares de j\u00f3venes que practican en este caso el f\u00fatbol puedan disfrutar de unas instalaciones confortables y de primera\u201d, ha manifestado el regidor municipal.<\/p>\n<p>En este sentido, Incera ha se\u00f1alado que se trata de una obra \u201cnecesaria\u201d debido al destacado n\u00famero de licencias con las que cuenta tanto el Club como la Escuela Municipal.\u00a0 Tal y como ha recordado, ante la falta de espacio suficiente, en estos momentos los y las futbolistas est\u00e1n teniendo que utilizar de forma complementaria los vestuarios del polideportivo y los de las pistas de atletismo.<\/p>\n<p>\u201cCon esta actuaci\u00f3n duplicaremos pr\u00e1cticamente el n\u00famero de metros cuadrados de las instalaciones del campo de f\u00fatbol, pasando de los 172 actuales a 341. Y adem\u00e1s liberaremos los vestuarios del resto de dotaciones deportivas para mayor confort de todos y todas las deportistas\u201d, ha detallado el regidor.<\/p>\n<p>El alcalde tambi\u00e9n ha anunciado que est\u00e1 en marcha la redacci\u00f3n del proyecto de remodelaci\u00f3n de la pista de atletismo y se han pedido los permisos para la construcci\u00f3n de una pista de skate detr\u00e1s del Polideportivo n\u00famero 1, junto al paseo mar\u00edtimo.<\/p>\n<p><strong>El proyecto<\/strong><\/p>\n<p>En concreto, en la planta baja del nuevo edificio que se construir\u00e1 en El Carmen el Ayuntamiento habilitar\u00e1 un total de seis vestuarios frente a los dos que existen en la actualidad. Tambi\u00e9n habr\u00e1 dos salas reservadas para entrenadores, un vestuario para los \u00e1rbitros, dos aseos, un espacio de utillaje y el cuarto de la caldera.<\/p>\n<p>En la primera planta el Consistorio dispondr\u00e1 por primera vez en los campos de El Carmen de un espacio de gesti\u00f3n, con una oficina, un archivo y dos salas para las reuniones de los equipos t\u00e9cnicos y otra para las asambleas de socios.<\/p>\n<p>Incera ha subrayado que el nuevo edificio estar\u00e1 adaptado a personas con movilidad reducida y se podr\u00e1 acceder a la primera planta a trav\u00e9s de un ascensor.<\/p>\n<p><strong>Mejoras adicionales<\/strong><\/p>\n<p>Adem\u00e1s, el alcalde ha resaltado que el pliego de condiciones incluye una serie de mejoras, como la renovaci\u00f3n de una parte de las sillas de la grada o la instalaci\u00f3n de dos focos m\u00e1s de luz en cada una de las cuatro torres del campo. Igualmente, en el proceso de licitaci\u00f3n se valorar\u00e1 con m\u00e1s puntos a las empresas que ampl\u00eden el plazo de garant\u00eda de la obra y que reduzcan el plazo de ejecuci\u00f3n.<\/p>\n<p>\u201cCon la ejecuci\u00f3n de este proyecto completaremos la remodelaci\u00f3n del campo de f\u00fatbol El Carmen de Colindres, el cual podemos decir alto y claro que es uno de los mejores de toda Cantabria\u201d, ha destacado el alcalde, que ha recordado que en la legislatura pasada se sustituy\u00f3 el c\u00e9sped por hierba artificial y que recientemente se han renovado los almacenes y los aseos p\u00fablicos.<\/p>\n<p>El proyecto ha sido aprobado en la sesi\u00f3n plenaria que se ha celebrado en la noche de ayer jueves y tras su aprobaci\u00f3n, saldr\u00e1 de forma inmediata a licitaci\u00f3n. Cuenta con un plazo de ejecuci\u00f3n de nueve meses y medio y el objetivo es que las obras est\u00e9n finalizadas antes de que comience la pr\u00f3xima temporada. Durante el tiempo que transcurren los trabajos, se habilitar\u00e1n vestuarios port\u00e1tiles.<\/p>\n","protected":false},"excerpt":{"rendered":"<p>El Ayuntamiento tambi\u00e9n ha iniciado los tr\u00e1mites para remodelar la pista de atletismo y la construcci\u00f3n de una pista de skate junto al paseo mar\u00edtimo Colindres, 16 de noviembre.- El Pleno del Ayuntamiento de Colindres ha aprobado un proyecto para la construcci\u00f3n de un nuevo edificio de dos plantas en el campo de f\u00fatbol El [&hellip;]<\/p>\n","protected":false},"author":1,"featured_media":1970,"comment_status":"open","ping_status":"closed","template":"","meta":{"_et_pb_use_builder":"","_et_pb_old_content":"","_et_gb_content_width":"","footnotes":""},"project_category":[],"project_tag":[],"class_list":["post-1969","project","type-project","status-publish","has-post-thumbnail","hentry"],"yoast_head":"<!-- This site is optimized with the Yoast SEO plugin v24.9 - https:\/\/yoast.com\/wordpress\/plugins\/seo\/ -->\n<title>Aprobado el proyecto para construir un nuevo edificio de vestuarios en el estadio de El Carmen - Ayuntamiento de Colindres<\/title>\n<meta name=\"robots\" content=\"index, follow, max-snippet:-1, max-image-preview:large, max-video-preview:-1\" \/>\n<link rel=\"canonical\" href=\"https:\/\/www.colindres.es\/index.php\/project\/aprobado-el-proyecto-para-construir-un-nuevo-edificio-de-vestuarios-en-el-estadio-de-el-carmen\/\" \/>\n<meta property=\"og:locale\" content=\"es_ES\" \/>\n<meta property=\"og:type\" content=\"article\" \/>\n<meta property=\"og:title\" content=\"Aprobado el proyecto para construir un nuevo edificio de vestuarios en el estadio de El Carmen - Ayuntamiento de Colindres\" \/>\n<meta property=\"og:description\" content=\"El Ayuntamiento tambi\u00e9n ha iniciado los tr\u00e1mites para remodelar la pista de atletismo y la construcci\u00f3n de una pista de skate junto al paseo mar\u00edtimo Colindres, 16 de noviembre.- El Pleno del Ayuntamiento de Colindres ha aprobado un proyecto para la construcci\u00f3n de un nuevo edificio de dos plantas en el campo de f\u00fatbol El [&hellip;]\" \/>\n<meta property=\"og:url\" content=\"https:\/\/www.colindres.es\/index.php\/project\/aprobado-el-proyecto-para-construir-un-nuevo-edificio-de-vestuarios-en-el-estadio-de-el-carmen\/\" \/>\n<meta property=\"og:site_name\" content=\"Ayuntamiento de Colindres\" \/>\n<meta property=\"og:image\" content=\"https:\/\/www.colindres.es\/wp-content\/uploads\/2018\/11\/Proyecto-El-Carmen.jpg\" \/>\n\t<meta property=\"og:image:width\" content=\"3309\" \/>\n\t<meta property=\"og:image:height\" content=\"2339\" \/>\n\t<meta property=\"og:image:type\" content=\"image\/jpeg\" \/>\n<meta name=\"twitter:card\" content=\"summary_large_image\" \/>\n<meta name=\"twitter:label1\" content=\"Tiempo de lectura\" \/>\n\t<meta name=\"twitter:data1\" content=\"3 minutos\" \/>\n<script type=\"application\/ld+json\" class=\"yoast-schema-graph\">{\"@context\":\"https:\/\/schema.org\",\"@graph\":[{\"@type\":\"WebPage\",\"@id\":\"https:\/\/www.colindres.es\/index.php\/project\/aprobado-el-proyecto-para-construir-un-nuevo-edificio-de-vestuarios-en-el-estadio-de-el-carmen\/\",\"url\":\"https:\/\/www.colindres.es\/index.php\/project\/aprobado-el-proyecto-para-construir-un-nuevo-edificio-de-vestuarios-en-el-estadio-de-el-carmen\/\",\"name\":\"Aprobado el proyecto para construir un nuevo edificio de vestuarios en el estadio de El Carmen - Ayuntamiento de Colindres\",\"isPartOf\":{\"@id\":\"https:\/\/www.colindres.es\/#website\"},\"primaryImageOfPage\":{\"@id\":\"https:\/\/www.colindres.es\/index.php\/project\/aprobado-el-proyecto-para-construir-un-nuevo-edificio-de-vestuarios-en-el-estadio-de-el-carmen\/#primaryimage\"},\"image\":{\"@id\":\"https:\/\/www.colindres.es\/index.php\/project\/aprobado-el-proyecto-para-construir-un-nuevo-edificio-de-vestuarios-en-el-estadio-de-el-carmen\/#primaryimage\"},\"thumbnailUrl\":\"https:\/\/www.colindres.es\/wp-content\/uploads\/2018\/11\/Proyecto-El-Carmen.jpg\",\"datePublished\":\"2018-11-17T09:46:53+00:00\",\"breadcrumb\":{\"@id\":\"https:\/\/www.colindres.es\/index.php\/project\/aprobado-el-proyecto-para-construir-un-nuevo-edificio-de-vestuarios-en-el-estadio-de-el-carmen\/#breadcrumb\"},\"inLanguage\":\"es\",\"potentialAction\":[{\"@type\":\"ReadAction\",\"target\":[\"https:\/\/www.colindres.es\/index.php\/project\/aprobado-el-proyecto-para-construir-un-nuevo-edificio-de-vestuarios-en-el-estadio-de-el-carmen\/\"]}]},{\"@type\":\"ImageObject\",\"inLanguage\":\"es\",\"@id\":\"https:\/\/www.colindres.es\/index.php\/project\/aprobado-el-proyecto-para-construir-un-nuevo-edificio-de-vestuarios-en-el-estadio-de-el-carmen\/#primaryimage\",\"url\":\"https:\/\/www.colindres.es\/wp-content\/uploads\/2018\/11\/Proyecto-El-Carmen.jpg\",\"contentUrl\":\"https:\/\/www.colindres.es\/wp-content\/uploads\/2018\/11\/Proyecto-El-Carmen.jpg\",\"width\":3309,\"height\":2339},{\"@type\":\"BreadcrumbList\",\"@id\":\"https:\/\/www.colindres.es\/index.php\/project\/aprobado-el-proyecto-para-construir-un-nuevo-edificio-de-vestuarios-en-el-estadio-de-el-carmen\/#breadcrumb\",\"itemListElement\":[{\"@type\":\"ListItem\",\"position\":1,\"name\":\"Portada\",\"item\":\"https:\/\/www.colindres.es\/\"},{\"@type\":\"ListItem\",\"position\":2,\"name\":\"Proyectos\",\"item\":\"https:\/\/www.colindres.es\/index.php\/project\/\"},{\"@type\":\"ListItem\",\"position\":3,\"name\":\"Aprobado el proyecto para construir un nuevo edificio de vestuarios en el estadio de El Carmen\"}]},{\"@type\":\"WebSite\",\"@id\":\"https:\/\/www.colindres.es\/#website\",\"url\":\"https:\/\/www.colindres.es\/\",\"name\":\"Ayuntamiento de Colindres\",\"description\":\"Dise\u00f1ado por NTIC&#039;s\",\"publisher\":{\"@id\":\"https:\/\/www.colindres.es\/#organization\"},\"potentialAction\":[{\"@type\":\"SearchAction\",\"target\":{\"@type\":\"EntryPoint\",\"urlTemplate\":\"https:\/\/www.colindres.es\/?s={search_term_string}\"},\"query-input\":{\"@type\":\"PropertyValueSpecification\",\"valueRequired\":true,\"valueName\":\"search_term_string\"}}],\"inLanguage\":\"es\"},{\"@type\":\"Organization\",\"@id\":\"https:\/\/www.colindres.es\/#organization\",\"name\":\"AYUNTAMIENTO DE COLINDRES\",\"url\":\"https:\/\/www.colindres.es\/\",\"logo\":{\"@type\":\"ImageObject\",\"inLanguage\":\"es\",\"@id\":\"https:\/\/www.colindres.es\/#\/schema\/logo\/image\/\",\"url\":\"https:\/\/www.colindres.es\/wp-content\/uploads\/2017\/01\/LOGO-PRINCIPAL.jpg\",\"contentUrl\":\"https:\/\/www.colindres.es\/wp-content\/uploads\/2017\/01\/LOGO-PRINCIPAL.jpg\",\"width\":1209,\"height\":579,\"caption\":\"AYUNTAMIENTO DE COLINDRES\"},\"image\":{\"@id\":\"https:\/\/www.colindres.es\/#\/schema\/logo\/image\/\"}}]}<\/script>\n<!-- \/ Yoast SEO plugin. -->","yoast_head_json":{"title":"Aprobado el proyecto para construir un nuevo edificio de vestuarios en el estadio de El Carmen - Ayuntamiento de Colindres","robots":{"index":"index","follow":"follow","max-snippet":"max-snippet:-1","max-image-preview":"max-image-preview:large","max-video-preview":"max-video-preview:-1"},"canonical":"https:\/\/www.colindres.es\/index.php\/project\/aprobado-el-proyecto-para-construir-un-nuevo-edificio-de-vestuarios-en-el-estadio-de-el-carmen\/","og_locale":"es_ES","og_type":"article","og_title":"Aprobado el proyecto para construir un nuevo edificio de vestuarios en el estadio de El Carmen - Ayuntamiento de Colindres","og_description":"El Ayuntamiento tambi\u00e9n ha iniciado los tr\u00e1mites para remodelar la pista de atletismo y la construcci\u00f3n de una pista de skate junto al paseo mar\u00edtimo Colindres, 16 de noviembre.- El Pleno del Ayuntamiento de Colindres ha aprobado un proyecto para la construcci\u00f3n de un nuevo edificio de dos plantas en el campo de f\u00fatbol El [&hellip;]","og_url":"https:\/\/www.colindres.es\/index.php\/project\/aprobado-el-proyecto-para-construir-un-nuevo-edificio-de-vestuarios-en-el-estadio-de-el-carmen\/","og_site_name":"Ayuntamiento de Colindres","og_image":[{"width":3309,"height":2339,"url":"https:\/\/www.colindres.es\/wp-content\/uploads\/2018\/11\/Proyecto-El-Carmen.jpg","type":"image\/jpeg"}],"twitter_card":"summary_large_image","twitter_misc":{"Tiempo de lectura":"3 minutos"},"schema":{"@context":"https:\/\/schema.org","@graph":[{"@type":"WebPage","@id":"https:\/\/www.colindres.es\/index.php\/project\/aprobado-el-proyecto-para-construir-un-nuevo-edificio-de-vestuarios-en-el-estadio-de-el-carmen\/","url":"https:\/\/www.colindres.es\/index.php\/project\/aprobado-el-proyecto-para-construir-un-nuevo-edificio-de-vestuarios-en-el-estadio-de-el-carmen\/","name":"Aprobado el proyecto para construir un nuevo edificio de vestuarios en el estadio de El Carmen - Ayuntamiento de Colindres","isPartOf":{"@id":"https:\/\/www.colindres.es\/#website"},"primaryImageOfPage":{"@id":"https:\/\/www.colindres.es\/index.php\/project\/aprobado-el-proyecto-para-construir-un-nuevo-edificio-de-vestuarios-en-el-estadio-de-el-carmen\/#primaryimage"},"image":{"@id":"https:\/\/www.colindres.es\/index.php\/project\/aprobado-el-proyecto-para-construir-un-nuevo-edificio-de-vestuarios-en-el-estadio-de-el-carmen\/#primaryimage"},"thumbnailUrl":"https:\/\/www.colindres.es\/wp-content\/uploads\/2018\/11\/Proyecto-El-Carmen.jpg","datePublished":"2018-11-17T09:46:53+00:00","breadcrumb":{"@id":"https:\/\/www.colindres.es\/index.php\/project\/aprobado-el-proyecto-para-construir-un-nuevo-edificio-de-vestuarios-en-el-estadio-de-el-carmen\/#breadcrumb"},"inLanguage":"es","potentialAction":[{"@type":"ReadAction","target":["https:\/\/www.colindres.es\/index.php\/project\/aprobado-el-proyecto-para-construir-un-nuevo-edificio-de-vestuarios-en-el-estadio-de-el-carmen\/"]}]},{"@type":"ImageObject","inLanguage":"es","@id":"https:\/\/www.colindres.es\/index.php\/project\/aprobado-el-proyecto-para-construir-un-nuevo-edificio-de-vestuarios-en-el-estadio-de-el-carmen\/#primaryimage","url":"https:\/\/www.colindres.es\/wp-content\/uploads\/2018\/11\/Proyecto-El-Carmen.jpg","contentUrl":"https:\/\/www.colindres.es\/wp-content\/uploads\/2018\/11\/Proyecto-El-Carmen.jpg","width":3309,"height":2339},{"@type":"BreadcrumbList","@id":"https:\/\/www.colindres.es\/index.php\/project\/aprobado-el-proyecto-para-construir-un-nuevo-edificio-de-vestuarios-en-el-estadio-de-el-carmen\/#breadcrumb","itemListElement":[{"@type":"ListItem","position":1,"name":"Portada","item":"https:\/\/www.colindres.es\/"},{"@type":"ListItem","position":2,"name":"Proyectos","item":"https:\/\/www.colindres.es\/index.php\/project\/"},{"@type":"ListItem","position":3,"name":"Aprobado el proyecto para construir un nuevo edificio de vestuarios en el estadio de El Carmen"}]},{"@type":"WebSite","@id":"https:\/\/www.colindres.es\/#website","url":"https:\/\/www.colindres.es\/","name":"Ayuntamiento de Colindres","description":"Dise\u00f1ado por NTIC&#039;s","publisher":{"@id":"https:\/\/www.colindres.es\/#organization"},"potentialAction":[{"@type":"SearchAction","target":{"@type":"EntryPoint","urlTemplate":"https:\/\/www.colindres.es\/?s={search_term_string}"},"query-input":{"@type":"PropertyValueSpecification","valueRequired":true,"valueName":"search_term_string"}}],"inLanguage":"es"},{"@type":"Organization","@id":"https:\/\/www.colindres.es\/#organization","name":"AYUNTAMIENTO DE COLINDRES","url":"https:\/\/www.colindres.es\/","logo":{"@type":"ImageObject","inLanguage":"es","@id":"https:\/\/www.colindres.es\/#\/schema\/logo\/image\/","url":"https:\/\/www.colindres.es\/wp-content\/uploads\/2017\/01\/LOGO-PRINCIPAL.jpg","contentUrl":"https:\/\/www.colindres.es\/wp-content\/uploads\/2017\/01\/LOGO-PRINCIPAL.jpg","width":1209,"height":579,"caption":"AYUNTAMIENTO DE COLINDRES"},"image":{"@id":"https:\/\/www.colindres.es\/#\/schema\/logo\/image\/"}}]}},"_links":{"self":[{"href":"https:\/\/www.colindres.es\/index.php\/wp-json\/wp\/v2\/project\/1969","targetHints":{"allow":["GET"]}}],"collection":[{"href":"https:\/\/www.colindres.es\/index.php\/wp-json\/wp\/v2\/project"}],"about":[{"href":"https:\/\/www.colindres.es\/index.php\/wp-json\/wp\/v2\/types\/project"}],"author":[{"embeddable":true,"href":"https:\/\/www.colindres.es\/index.php\/wp-json\/wp\/v2\/users\/1"}],"replies":[{"embeddable":true,"href":"https:\/\/www.colindres.es\/index.php\/wp-json\/wp\/v2\/comments?post=1969"}],"version-history":[{"count":1,"href":"https:\/\/www.colindres.es\/index.php\/wp-json\/wp\/v2\/project\/1969\/revisions"}],"predecessor-version":[{"id":1972,"href":"https:\/\/www.colindres.es\/index.php\/wp-json\/wp\/v2\/project\/1969\/revisions\/1972"}],"wp:featuredmedia":[{"embeddable":true,"href":"https:\/\/www.colindres.es\/index.php\/wp-json\/wp\/v2\/media\/1970"}],"wp:attachment":[{"href":"https:\/\/www.colindres.es\/index.php\/wp-json\/wp\/v2\/media?parent=1969"}],"wp:term":[{"taxonomy":"project_category","embeddable":true,"href":"https:\/\/www.colindres.es\/index.php\/wp-json\/wp\/v2\/project_category?post=1969"},{"taxonomy":"project_tag","embeddable":true,"href":"https:\/\/www.colindres.es\/index.php\/wp-json\/wp\/v2\/project_tag?post=1969"}],"curies":[{"name":"wp","href":"https:\/\/api.w.org\/{rel}","templated":true}]}}