{"id":1965,"date":"2018-11-14T12:24:57","date_gmt":"2018-11-14T12:24:57","guid":{"rendered":"http:\/\/colindres.es\/?post_type=project&#038;p=1965"},"modified":"2018-11-14T12:25:09","modified_gmt":"2018-11-14T12:25:09","slug":"colindres-acondicionara-el-parque-del-tintero-y-ampliara-a-86-el-numero-de-huertos-urbanos","status":"publish","type":"project","link":"https:\/\/www.colindres.es\/index.php\/project\/colindres-acondicionara-el-parque-del-tintero-y-ampliara-a-86-el-numero-de-huertos-urbanos\/","title":{"rendered":"Colindres acondicionar\u00e1 el Parque del Tintero y ampliar\u00e1 a 86 el n\u00famero de huertos urbanos"},"content":{"rendered":"<p><strong>El proyecto, que se aprobar\u00e1 este jueves en el Pleno municipal, prev\u00e9 una inversi\u00f3n de casi 160.000 euros y ser\u00e1 financiado por la Consejer\u00eda de Medio Ambiente<\/strong><\/p>\n<p><em>Colindres, 13 de Noviembre.-<\/em> La Consejer\u00eda de Medio Ambiente del Gobierno de Cantabria, en coordinaci\u00f3n con el Ayuntamiento de Colindres, ha elaborado un proyecto para la restauraci\u00f3n ambiental y optimizaci\u00f3n del Parque del Tintero, que prev\u00e9, entre otros trabajos, ampliar a 86 el n\u00famero de huertos urbanos.<\/p>\n<p>El proyecto ser\u00e1 aprobado este jueves en el Pleno municipal y contempla una inversi\u00f3n de 157.885 euros, que ser\u00e1n financiados \u00edntegramente por el departamento que dirige la vicepresidenta, Eva D\u00edaz Tezanos.<\/p>\n<p>El alcalde, Javier Incera, ha explicado que este plan engloba una \u201cbater\u00eda de medidas\u201d que \u201cresolver\u00e1n las necesidades funcionales, de conservaci\u00f3n y mantenimiento del Parque del Tintero\u201d, el cual \u201cser\u00e1 sometido a una importante remodelaci\u00f3n y puesta a punto\u201d, ha apostillado.<\/p>\n<p>As\u00ed, seg\u00fan ha indicado Incera, se renovar\u00e1 el observatorio, que \u201cactualmente se encuentra deteriorado, y se aprovechar\u00e1 para reubicarlo en un lugar m\u00e1s pr\u00f3ximo a la laguna, facilitando con ello la observaci\u00f3n de la fauna acu\u00e1tica\u201d.<\/p>\n<p>El alcalde tambi\u00e9n ha anunciado que se ampliar\u00e1 y optimizar\u00e1 la superficie de los huertos urbanos. \u201cCon la actuaci\u00f3n proyectada se pasar\u00e1 de los 57 huertos actuales a un total de 86, dando as\u00ed respuesta a la alta demanda\u201d, ha destacado.<\/p>\n<p>Del mismo modo, el proyecto contempla mejoras en cuanto a la recogida de basura. Por un lado, se habilitar\u00e1 junto al aparcamiento un \u00e1rea de contenedores que permita la recogida selectiva de los residuos que se generan en el uso diario de las instalaciones y, por otro, se ampliar\u00e1 el camino para facilitar el paso de veh\u00edculos de mantenimiento.<\/p>\n<p><strong>Eliminaci\u00f3n de plantas invasoras<\/strong><\/p>\n<p>Otro de los puntos m\u00e1s destacados del proyecto es la actuaci\u00f3n prevista para eliminar las plantas invasoras existentes en este espacio \u2013el plumero o hierba de la Pampa-. El regidor municipal ha indicado que en funci\u00f3n de la ubicaci\u00f3n de esta especia se aplicar\u00e1 un m\u00e9todo de control u otro, siendo menos agresivos sobre los plumeros que se encuentran junto al r\u00edo.<\/p>\n<p>Finalmente, se reparar\u00e1n y renovar\u00e1n las construcciones y mobiliario que est\u00e9n estropeados y se instalar\u00e1n carteles informativos sobre el uso de los huertos y el circuito de running.<\/p>\n<p>Una vez concluida la redacci\u00f3n del proyecto y despu\u00e9s de que este jueves sea aprobado por el Pleno del Ayuntamiento, la Direcci\u00f3n General de Medio Ambiente continuar\u00e1 con la tramitaci\u00f3n administrativa sacando a concurso p\u00fablico la ejecuci\u00f3n de los trabajos.<\/p>\n<p>El alcalde ha agradecido a la vicepresidenta, Eva D\u00edaz Tezanos, y a todo su equipo la atenci\u00f3n que siempre dispensan a Colindres con el objetivo de llevar a cabo trabajos que mejoren la calidad de vida de los vecinos y, en este caso en particular, su excelente disposici\u00f3n para ejecutar el acondicionamiento de este entorno natural de uso p\u00fablico.<\/p>\n","protected":false},"excerpt":{"rendered":"<p>El proyecto, que se aprobar\u00e1 este jueves en el Pleno municipal, prev\u00e9 una inversi\u00f3n de casi 160.000 euros y ser\u00e1 financiado por la Consejer\u00eda de Medio Ambiente Colindres, 13 de Noviembre.- La Consejer\u00eda de Medio Ambiente del Gobierno de Cantabria, en coordinaci\u00f3n con el Ayuntamiento de Colindres, ha elaborado un proyecto para la restauraci\u00f3n ambiental [&hellip;]<\/p>\n","protected":false},"author":1,"featured_media":1966,"comment_status":"open","ping_status":"closed","template":"","meta":{"_et_pb_use_builder":"","_et_pb_old_content":"","_et_gb_content_width":"","footnotes":""},"project_category":[],"project_tag":[],"class_list":["post-1965","project","type-project","status-publish","has-post-thumbnail","hentry"],"yoast_head":"<!-- This site is optimized with the Yoast SEO plugin v24.9 - https:\/\/yoast.com\/wordpress\/plugins\/seo\/ -->\n<title>Colindres acondicionar\u00e1 el Parque del Tintero y ampliar\u00e1 a 86 el n\u00famero de huertos urbanos - Ayuntamiento de Colindres<\/title>\n<meta name=\"robots\" content=\"index, follow, max-snippet:-1, max-image-preview:large, max-video-preview:-1\" \/>\n<link rel=\"canonical\" href=\"https:\/\/www.colindres.es\/index.php\/project\/colindres-acondicionara-el-parque-del-tintero-y-ampliara-a-86-el-numero-de-huertos-urbanos\/\" \/>\n<meta property=\"og:locale\" content=\"es_ES\" \/>\n<meta property=\"og:type\" content=\"article\" \/>\n<meta property=\"og:title\" content=\"Colindres acondicionar\u00e1 el Parque del Tintero y ampliar\u00e1 a 86 el n\u00famero de huertos urbanos - Ayuntamiento de Colindres\" \/>\n<meta property=\"og:description\" content=\"El proyecto, que se aprobar\u00e1 este jueves en el Pleno municipal, prev\u00e9 una inversi\u00f3n de casi 160.000 euros y ser\u00e1 financiado por la Consejer\u00eda de Medio Ambiente Colindres, 13 de Noviembre.- La Consejer\u00eda de Medio Ambiente del Gobierno de Cantabria, en coordinaci\u00f3n con el Ayuntamiento de Colindres, ha elaborado un proyecto para la restauraci\u00f3n ambiental [&hellip;]\" \/>\n<meta property=\"og:url\" content=\"https:\/\/www.colindres.es\/index.php\/project\/colindres-acondicionara-el-parque-del-tintero-y-ampliara-a-86-el-numero-de-huertos-urbanos\/\" \/>\n<meta property=\"og:site_name\" content=\"Ayuntamiento de Colindres\" \/>\n<meta property=\"article:modified_time\" content=\"2018-11-14T12:25:09+00:00\" \/>\n<meta property=\"og:image\" content=\"https:\/\/www.colindres.es\/wp-content\/uploads\/2018\/11\/huertos.jpg\" \/>\n\t<meta property=\"og:image:width\" content=\"2753\" \/>\n\t<meta property=\"og:image:height\" content=\"1139\" \/>\n\t<meta property=\"og:image:type\" content=\"image\/jpeg\" \/>\n<meta name=\"twitter:card\" content=\"summary_large_image\" \/>\n<meta name=\"twitter:label1\" content=\"Tiempo de lectura\" \/>\n\t<meta name=\"twitter:data1\" content=\"3 minutos\" \/>\n<script type=\"application\/ld+json\" class=\"yoast-schema-graph\">{\"@context\":\"https:\/\/schema.org\",\"@graph\":[{\"@type\":\"WebPage\",\"@id\":\"https:\/\/www.colindres.es\/index.php\/project\/colindres-acondicionara-el-parque-del-tintero-y-ampliara-a-86-el-numero-de-huertos-urbanos\/\",\"url\":\"https:\/\/www.colindres.es\/index.php\/project\/colindres-acondicionara-el-parque-del-tintero-y-ampliara-a-86-el-numero-de-huertos-urbanos\/\",\"name\":\"Colindres acondicionar\u00e1 el Parque del Tintero y ampliar\u00e1 a 86 el n\u00famero de huertos urbanos - Ayuntamiento de Colindres\",\"isPartOf\":{\"@id\":\"https:\/\/www.colindres.es\/#website\"},\"primaryImageOfPage\":{\"@id\":\"https:\/\/www.colindres.es\/index.php\/project\/colindres-acondicionara-el-parque-del-tintero-y-ampliara-a-86-el-numero-de-huertos-urbanos\/#primaryimage\"},\"image\":{\"@id\":\"https:\/\/www.colindres.es\/index.php\/project\/colindres-acondicionara-el-parque-del-tintero-y-ampliara-a-86-el-numero-de-huertos-urbanos\/#primaryimage\"},\"thumbnailUrl\":\"https:\/\/www.colindres.es\/wp-content\/uploads\/2018\/11\/huertos.jpg\",\"datePublished\":\"2018-11-14T12:24:57+00:00\",\"dateModified\":\"2018-11-14T12:25:09+00:00\",\"breadcrumb\":{\"@id\":\"https:\/\/www.colindres.es\/index.php\/project\/colindres-acondicionara-el-parque-del-tintero-y-ampliara-a-86-el-numero-de-huertos-urbanos\/#breadcrumb\"},\"inLanguage\":\"es\",\"potentialAction\":[{\"@type\":\"ReadAction\",\"target\":[\"https:\/\/www.colindres.es\/index.php\/project\/colindres-acondicionara-el-parque-del-tintero-y-ampliara-a-86-el-numero-de-huertos-urbanos\/\"]}]},{\"@type\":\"ImageObject\",\"inLanguage\":\"es\",\"@id\":\"https:\/\/www.colindres.es\/index.php\/project\/colindres-acondicionara-el-parque-del-tintero-y-ampliara-a-86-el-numero-de-huertos-urbanos\/#primaryimage\",\"url\":\"https:\/\/www.colindres.es\/wp-content\/uploads\/2018\/11\/huertos.jpg\",\"contentUrl\":\"https:\/\/www.colindres.es\/wp-content\/uploads\/2018\/11\/huertos.jpg\",\"width\":2753,\"height\":1139},{\"@type\":\"BreadcrumbList\",\"@id\":\"https:\/\/www.colindres.es\/index.php\/project\/colindres-acondicionara-el-parque-del-tintero-y-ampliara-a-86-el-numero-de-huertos-urbanos\/#breadcrumb\",\"itemListElement\":[{\"@type\":\"ListItem\",\"position\":1,\"name\":\"Portada\",\"item\":\"https:\/\/www.colindres.es\/\"},{\"@type\":\"ListItem\",\"position\":2,\"name\":\"Proyectos\",\"item\":\"https:\/\/www.colindres.es\/index.php\/project\/\"},{\"@type\":\"ListItem\",\"position\":3,\"name\":\"Colindres acondicionar\u00e1 el Parque del Tintero y ampliar\u00e1 a 86 el n\u00famero de huertos urbanos\"}]},{\"@type\":\"WebSite\",\"@id\":\"https:\/\/www.colindres.es\/#website\",\"url\":\"https:\/\/www.colindres.es\/\",\"name\":\"Ayuntamiento de Colindres\",\"description\":\"Dise\u00f1ado por NTIC&#039;s\",\"publisher\":{\"@id\":\"https:\/\/www.colindres.es\/#organization\"},\"potentialAction\":[{\"@type\":\"SearchAction\",\"target\":{\"@type\":\"EntryPoint\",\"urlTemplate\":\"https:\/\/www.colindres.es\/?s={search_term_string}\"},\"query-input\":{\"@type\":\"PropertyValueSpecification\",\"valueRequired\":true,\"valueName\":\"search_term_string\"}}],\"inLanguage\":\"es\"},{\"@type\":\"Organization\",\"@id\":\"https:\/\/www.colindres.es\/#organization\",\"name\":\"AYUNTAMIENTO DE COLINDRES\",\"url\":\"https:\/\/www.colindres.es\/\",\"logo\":{\"@type\":\"ImageObject\",\"inLanguage\":\"es\",\"@id\":\"https:\/\/www.colindres.es\/#\/schema\/logo\/image\/\",\"url\":\"https:\/\/www.colindres.es\/wp-content\/uploads\/2017\/01\/LOGO-PRINCIPAL.jpg\",\"contentUrl\":\"https:\/\/www.colindres.es\/wp-content\/uploads\/2017\/01\/LOGO-PRINCIPAL.jpg\",\"width\":1209,\"height\":579,\"caption\":\"AYUNTAMIENTO DE COLINDRES\"},\"image\":{\"@id\":\"https:\/\/www.colindres.es\/#\/schema\/logo\/image\/\"}}]}<\/script>\n<!-- \/ Yoast SEO plugin. -->","yoast_head_json":{"title":"Colindres acondicionar\u00e1 el Parque del Tintero y ampliar\u00e1 a 86 el n\u00famero de huertos urbanos - Ayuntamiento de Colindres","robots":{"index":"index","follow":"follow","max-snippet":"max-snippet:-1","max-image-preview":"max-image-preview:large","max-video-preview":"max-video-preview:-1"},"canonical":"https:\/\/www.colindres.es\/index.php\/project\/colindres-acondicionara-el-parque-del-tintero-y-ampliara-a-86-el-numero-de-huertos-urbanos\/","og_locale":"es_ES","og_type":"article","og_title":"Colindres acondicionar\u00e1 el Parque del Tintero y ampliar\u00e1 a 86 el n\u00famero de huertos urbanos - Ayuntamiento de Colindres","og_description":"El proyecto, que se aprobar\u00e1 este jueves en el Pleno municipal, prev\u00e9 una inversi\u00f3n de casi 160.000 euros y ser\u00e1 financiado por la Consejer\u00eda de Medio Ambiente Colindres, 13 de Noviembre.- La Consejer\u00eda de Medio Ambiente del Gobierno de Cantabria, en coordinaci\u00f3n con el Ayuntamiento de Colindres, ha elaborado un proyecto para la restauraci\u00f3n ambiental [&hellip;]","og_url":"https:\/\/www.colindres.es\/index.php\/project\/colindres-acondicionara-el-parque-del-tintero-y-ampliara-a-86-el-numero-de-huertos-urbanos\/","og_site_name":"Ayuntamiento de Colindres","article_modified_time":"2018-11-14T12:25:09+00:00","og_image":[{"width":2753,"height":1139,"url":"https:\/\/www.colindres.es\/wp-content\/uploads\/2018\/11\/huertos.jpg","type":"image\/jpeg"}],"twitter_card":"summary_large_image","twitter_misc":{"Tiempo de lectura":"3 minutos"},"schema":{"@context":"https:\/\/schema.org","@graph":[{"@type":"WebPage","@id":"https:\/\/www.colindres.es\/index.php\/project\/colindres-acondicionara-el-parque-del-tintero-y-ampliara-a-86-el-numero-de-huertos-urbanos\/","url":"https:\/\/www.colindres.es\/index.php\/project\/colindres-acondicionara-el-parque-del-tintero-y-ampliara-a-86-el-numero-de-huertos-urbanos\/","name":"Colindres acondicionar\u00e1 el Parque del Tintero y ampliar\u00e1 a 86 el n\u00famero de huertos urbanos - Ayuntamiento de Colindres","isPartOf":{"@id":"https:\/\/www.colindres.es\/#website"},"primaryImageOfPage":{"@id":"https:\/\/www.colindres.es\/index.php\/project\/colindres-acondicionara-el-parque-del-tintero-y-ampliara-a-86-el-numero-de-huertos-urbanos\/#primaryimage"},"image":{"@id":"https:\/\/www.colindres.es\/index.php\/project\/colindres-acondicionara-el-parque-del-tintero-y-ampliara-a-86-el-numero-de-huertos-urbanos\/#primaryimage"},"thumbnailUrl":"https:\/\/www.colindres.es\/wp-content\/uploads\/2018\/11\/huertos.jpg","datePublished":"2018-11-14T12:24:57+00:00","dateModified":"2018-11-14T12:25:09+00:00","breadcrumb":{"@id":"https:\/\/www.colindres.es\/index.php\/project\/colindres-acondicionara-el-parque-del-tintero-y-ampliara-a-86-el-numero-de-huertos-urbanos\/#breadcrumb"},"inLanguage":"es","potentialAction":[{"@type":"ReadAction","target":["https:\/\/www.colindres.es\/index.php\/project\/colindres-acondicionara-el-parque-del-tintero-y-ampliara-a-86-el-numero-de-huertos-urbanos\/"]}]},{"@type":"ImageObject","inLanguage":"es","@id":"https:\/\/www.colindres.es\/index.php\/project\/colindres-acondicionara-el-parque-del-tintero-y-ampliara-a-86-el-numero-de-huertos-urbanos\/#primaryimage","url":"https:\/\/www.colindres.es\/wp-content\/uploads\/2018\/11\/huertos.jpg","contentUrl":"https:\/\/www.colindres.es\/wp-content\/uploads\/2018\/11\/huertos.jpg","width":2753,"height":1139},{"@type":"BreadcrumbList","@id":"https:\/\/www.colindres.es\/index.php\/project\/colindres-acondicionara-el-parque-del-tintero-y-ampliara-a-86-el-numero-de-huertos-urbanos\/#breadcrumb","itemListElement":[{"@type":"ListItem","position":1,"name":"Portada","item":"https:\/\/www.colindres.es\/"},{"@type":"ListItem","position":2,"name":"Proyectos","item":"https:\/\/www.colindres.es\/index.php\/project\/"},{"@type":"ListItem","position":3,"name":"Colindres acondicionar\u00e1 el Parque del Tintero y ampliar\u00e1 a 86 el n\u00famero de huertos urbanos"}]},{"@type":"WebSite","@id":"https:\/\/www.colindres.es\/#website","url":"https:\/\/www.colindres.es\/","name":"Ayuntamiento de Colindres","description":"Dise\u00f1ado por NTIC&#039;s","publisher":{"@id":"https:\/\/www.colindres.es\/#organization"},"potentialAction":[{"@type":"SearchAction","target":{"@type":"EntryPoint","urlTemplate":"https:\/\/www.colindres.es\/?s={search_term_string}"},"query-input":{"@type":"PropertyValueSpecification","valueRequired":true,"valueName":"search_term_string"}}],"inLanguage":"es"},{"@type":"Organization","@id":"https:\/\/www.colindres.es\/#organization","name":"AYUNTAMIENTO DE COLINDRES","url":"https:\/\/www.colindres.es\/","logo":{"@type":"ImageObject","inLanguage":"es","@id":"https:\/\/www.colindres.es\/#\/schema\/logo\/image\/","url":"https:\/\/www.colindres.es\/wp-content\/uploads\/2017\/01\/LOGO-PRINCIPAL.jpg","contentUrl":"https:\/\/www.colindres.es\/wp-content\/uploads\/2017\/01\/LOGO-PRINCIPAL.jpg","width":1209,"height":579,"caption":"AYUNTAMIENTO DE COLINDRES"},"image":{"@id":"https:\/\/www.colindres.es\/#\/schema\/logo\/image\/"}}]}},"_links":{"self":[{"href":"https:\/\/www.colindres.es\/index.php\/wp-json\/wp\/v2\/project\/1965","targetHints":{"allow":["GET"]}}],"collection":[{"href":"https:\/\/www.colindres.es\/index.php\/wp-json\/wp\/v2\/project"}],"about":[{"href":"https:\/\/www.colindres.es\/index.php\/wp-json\/wp\/v2\/types\/project"}],"author":[{"embeddable":true,"href":"https:\/\/www.colindres.es\/index.php\/wp-json\/wp\/v2\/users\/1"}],"replies":[{"embeddable":true,"href":"https:\/\/www.colindres.es\/index.php\/wp-json\/wp\/v2\/comments?post=1965"}],"version-history":[{"count":1,"href":"https:\/\/www.colindres.es\/index.php\/wp-json\/wp\/v2\/project\/1965\/revisions"}],"predecessor-version":[{"id":1967,"href":"https:\/\/www.colindres.es\/index.php\/wp-json\/wp\/v2\/project\/1965\/revisions\/1967"}],"wp:featuredmedia":[{"embeddable":true,"href":"https:\/\/www.colindres.es\/index.php\/wp-json\/wp\/v2\/media\/1966"}],"wp:attachment":[{"href":"https:\/\/www.colindres.es\/index.php\/wp-json\/wp\/v2\/media?parent=1965"}],"wp:term":[{"taxonomy":"project_category","embeddable":true,"href":"https:\/\/www.colindres.es\/index.php\/wp-json\/wp\/v2\/project_category?post=1965"},{"taxonomy":"project_tag","embeddable":true,"href":"https:\/\/www.colindres.es\/index.php\/wp-json\/wp\/v2\/project_tag?post=1965"}],"curies":[{"name":"wp","href":"https:\/\/api.w.org\/{rel}","templated":true}]}}