{"id":1962,"date":"2018-11-13T09:17:57","date_gmt":"2018-11-13T09:17:57","guid":{"rendered":"http:\/\/colindres.es\/?post_type=project&#038;p=1962"},"modified":"2018-11-13T09:17:57","modified_gmt":"2018-11-13T09:17:57","slug":"sube-al-velero-de-la-lanzadera","status":"publish","type":"project","link":"https:\/\/www.colindres.es\/index.php\/project\/sube-al-velero-de-la-lanzadera\/","title":{"rendered":"SUBE AL VELERO DE LA LANZADERA"},"content":{"rendered":"<p><b><span style=\"color: #006599; font-size: medium;\">Abierto el plazo para participar en la Lanzadera de Empleo y Emprendimiento Solidario 2018-2019 <\/span><\/b><\/p>\n<p><span style=\"color: #404040; font-family: Calibri,Calibri; font-size: medium;\">El Ayuntamiento de Colindres pone en marcha la <\/span><b><span style=\"color: #404040; font-size: medium;\">IV Lanzadera de Empleo y Emprendimiento Solidario <\/span><\/b><span style=\"color: #404040; font-family: Calibri,Calibri; font-size: medium;\">del municipio, financiada por la Consejer\u00eda de Econom\u00eda, Hacienda y Empleo del Gobierno de Cantabria a trav\u00e9s del Servicio C\u00e1ntabro de Empleo. <\/span><\/p>\n<p>Es un proyecto voluntario y gratuito, en el que 20 participantes forman parte de un equipo de personas en situaci\u00f3n de desempleo que durante 6 meses y acompa\u00f1adas de una coordinadora, trabajan en adaptarse al mundo de hoy, a sus necesidades laborales y sociales, en el desarrollo personal y profesional, en la b\u00fasqueda de empleo y en el desarrollo de proyectos de emprendimiento.<\/p>\n<p>Los requisitos para poder participar en el proceso de selecci\u00f3n son:<\/p>\n<ul>\n<li><span style=\"color: #404040; font-family: Calibri,Calibri; font-size: medium;\">Estar en situaci\u00f3n de desempleo o con una jornada de trabajo inferior a 20 horas semanales <\/span><\/li>\n<li><span style=\"color: #404040; font-family: Calibri,Calibri; font-size: medium;\">Estar inscritas en una oficina de Empleo del Servicio C\u00e1ntabro de Empleo, como demandantes de empleo y servicios o como solicitantes de servicios. <\/span><\/li>\n<\/ul>\n<p>Quienes tengan inter\u00e9s podr\u00e1n asistir a las sesiones informativas que se realzaran los d\u00edas 16 y 22 de noviembre en la Casa de Cultura a las 10:30 horas, donde se explicar\u00e1 en qu\u00e9 consiste y aclararan todas las dudas.<\/p>\n","protected":false},"excerpt":{"rendered":"<p>Abierto el plazo para participar en la Lanzadera de Empleo y Emprendimiento Solidario 2018-2019 El Ayuntamiento de Colindres pone en marcha la IV Lanzadera de Empleo y Emprendimiento Solidario del municipio, financiada por la Consejer\u00eda de Econom\u00eda, Hacienda y Empleo del Gobierno de Cantabria a trav\u00e9s del Servicio C\u00e1ntabro de Empleo. Es un proyecto voluntario [&hellip;]<\/p>\n","protected":false},"author":1,"featured_media":1963,"comment_status":"open","ping_status":"closed","template":"","meta":{"_et_pb_use_builder":"","_et_pb_old_content":"","_et_gb_content_width":"","footnotes":""},"project_category":[],"project_tag":[],"class_list":["post-1962","project","type-project","status-publish","has-post-thumbnail","hentry"],"yoast_head":"<!-- This site is optimized with the Yoast SEO plugin v24.9 - https:\/\/yoast.com\/wordpress\/plugins\/seo\/ -->\n<title>SUBE AL VELERO DE LA LANZADERA - Ayuntamiento de Colindres<\/title>\n<meta name=\"robots\" content=\"index, follow, max-snippet:-1, max-image-preview:large, max-video-preview:-1\" \/>\n<link rel=\"canonical\" href=\"https:\/\/www.colindres.es\/index.php\/project\/sube-al-velero-de-la-lanzadera\/\" \/>\n<meta property=\"og:locale\" content=\"es_ES\" \/>\n<meta property=\"og:type\" content=\"article\" \/>\n<meta property=\"og:title\" content=\"SUBE AL VELERO DE LA LANZADERA - Ayuntamiento de Colindres\" \/>\n<meta property=\"og:description\" content=\"Abierto el plazo para participar en la Lanzadera de Empleo y Emprendimiento Solidario 2018-2019 El Ayuntamiento de Colindres pone en marcha la IV Lanzadera de Empleo y Emprendimiento Solidario del municipio, financiada por la Consejer\u00eda de Econom\u00eda, Hacienda y Empleo del Gobierno de Cantabria a trav\u00e9s del Servicio C\u00e1ntabro de Empleo. Es un proyecto voluntario [&hellip;]\" \/>\n<meta property=\"og:url\" content=\"https:\/\/www.colindres.es\/index.php\/project\/sube-al-velero-de-la-lanzadera\/\" \/>\n<meta property=\"og:site_name\" content=\"Ayuntamiento de Colindres\" \/>\n<meta property=\"og:image\" content=\"https:\/\/www.colindres.es\/wp-content\/uploads\/2018\/11\/CARTEL-GRANDE-LANZADERA.png\" \/>\n\t<meta property=\"og:image:width\" content=\"2268\" \/>\n\t<meta property=\"og:image:height\" content=\"1512\" \/>\n\t<meta property=\"og:image:type\" content=\"image\/png\" \/>\n<meta name=\"twitter:card\" content=\"summary_large_image\" \/>\n<meta name=\"twitter:label1\" content=\"Tiempo de lectura\" \/>\n\t<meta name=\"twitter:data1\" content=\"1 minuto\" \/>\n<script type=\"application\/ld+json\" class=\"yoast-schema-graph\">{\"@context\":\"https:\/\/schema.org\",\"@graph\":[{\"@type\":\"WebPage\",\"@id\":\"https:\/\/www.colindres.es\/index.php\/project\/sube-al-velero-de-la-lanzadera\/\",\"url\":\"https:\/\/www.colindres.es\/index.php\/project\/sube-al-velero-de-la-lanzadera\/\",\"name\":\"SUBE AL VELERO DE LA LANZADERA - Ayuntamiento de Colindres\",\"isPartOf\":{\"@id\":\"https:\/\/www.colindres.es\/#website\"},\"primaryImageOfPage\":{\"@id\":\"https:\/\/www.colindres.es\/index.php\/project\/sube-al-velero-de-la-lanzadera\/#primaryimage\"},\"image\":{\"@id\":\"https:\/\/www.colindres.es\/index.php\/project\/sube-al-velero-de-la-lanzadera\/#primaryimage\"},\"thumbnailUrl\":\"https:\/\/www.colindres.es\/wp-content\/uploads\/2018\/11\/CARTEL-GRANDE-LANZADERA.png\",\"datePublished\":\"2018-11-13T09:17:57+00:00\",\"breadcrumb\":{\"@id\":\"https:\/\/www.colindres.es\/index.php\/project\/sube-al-velero-de-la-lanzadera\/#breadcrumb\"},\"inLanguage\":\"es\",\"potentialAction\":[{\"@type\":\"ReadAction\",\"target\":[\"https:\/\/www.colindres.es\/index.php\/project\/sube-al-velero-de-la-lanzadera\/\"]}]},{\"@type\":\"ImageObject\",\"inLanguage\":\"es\",\"@id\":\"https:\/\/www.colindres.es\/index.php\/project\/sube-al-velero-de-la-lanzadera\/#primaryimage\",\"url\":\"https:\/\/www.colindres.es\/wp-content\/uploads\/2018\/11\/CARTEL-GRANDE-LANZADERA.png\",\"contentUrl\":\"https:\/\/www.colindres.es\/wp-content\/uploads\/2018\/11\/CARTEL-GRANDE-LANZADERA.png\",\"width\":2268,\"height\":1512},{\"@type\":\"BreadcrumbList\",\"@id\":\"https:\/\/www.colindres.es\/index.php\/project\/sube-al-velero-de-la-lanzadera\/#breadcrumb\",\"itemListElement\":[{\"@type\":\"ListItem\",\"position\":1,\"name\":\"Portada\",\"item\":\"https:\/\/www.colindres.es\/\"},{\"@type\":\"ListItem\",\"position\":2,\"name\":\"Proyectos\",\"item\":\"https:\/\/www.colindres.es\/index.php\/project\/\"},{\"@type\":\"ListItem\",\"position\":3,\"name\":\"SUBE AL VELERO DE LA LANZADERA\"}]},{\"@type\":\"WebSite\",\"@id\":\"https:\/\/www.colindres.es\/#website\",\"url\":\"https:\/\/www.colindres.es\/\",\"name\":\"Ayuntamiento de Colindres\",\"description\":\"Dise\u00f1ado por NTIC&#039;s\",\"publisher\":{\"@id\":\"https:\/\/www.colindres.es\/#organization\"},\"potentialAction\":[{\"@type\":\"SearchAction\",\"target\":{\"@type\":\"EntryPoint\",\"urlTemplate\":\"https:\/\/www.colindres.es\/?s={search_term_string}\"},\"query-input\":{\"@type\":\"PropertyValueSpecification\",\"valueRequired\":true,\"valueName\":\"search_term_string\"}}],\"inLanguage\":\"es\"},{\"@type\":\"Organization\",\"@id\":\"https:\/\/www.colindres.es\/#organization\",\"name\":\"AYUNTAMIENTO DE COLINDRES\",\"url\":\"https:\/\/www.colindres.es\/\",\"logo\":{\"@type\":\"ImageObject\",\"inLanguage\":\"es\",\"@id\":\"https:\/\/www.colindres.es\/#\/schema\/logo\/image\/\",\"url\":\"https:\/\/www.colindres.es\/wp-content\/uploads\/2017\/01\/LOGO-PRINCIPAL.jpg\",\"contentUrl\":\"https:\/\/www.colindres.es\/wp-content\/uploads\/2017\/01\/LOGO-PRINCIPAL.jpg\",\"width\":1209,\"height\":579,\"caption\":\"AYUNTAMIENTO DE COLINDRES\"},\"image\":{\"@id\":\"https:\/\/www.colindres.es\/#\/schema\/logo\/image\/\"}}]}<\/script>\n<!-- \/ Yoast SEO plugin. -->","yoast_head_json":{"title":"SUBE AL VELERO DE LA LANZADERA - Ayuntamiento de Colindres","robots":{"index":"index","follow":"follow","max-snippet":"max-snippet:-1","max-image-preview":"max-image-preview:large","max-video-preview":"max-video-preview:-1"},"canonical":"https:\/\/www.colindres.es\/index.php\/project\/sube-al-velero-de-la-lanzadera\/","og_locale":"es_ES","og_type":"article","og_title":"SUBE AL VELERO DE LA LANZADERA - Ayuntamiento de Colindres","og_description":"Abierto el plazo para participar en la Lanzadera de Empleo y Emprendimiento Solidario 2018-2019 El Ayuntamiento de Colindres pone en marcha la IV Lanzadera de Empleo y Emprendimiento Solidario del municipio, financiada por la Consejer\u00eda de Econom\u00eda, Hacienda y Empleo del Gobierno de Cantabria a trav\u00e9s del Servicio C\u00e1ntabro de Empleo. Es un proyecto voluntario [&hellip;]","og_url":"https:\/\/www.colindres.es\/index.php\/project\/sube-al-velero-de-la-lanzadera\/","og_site_name":"Ayuntamiento de Colindres","og_image":[{"width":2268,"height":1512,"url":"https:\/\/www.colindres.es\/wp-content\/uploads\/2018\/11\/CARTEL-GRANDE-LANZADERA.png","type":"image\/png"}],"twitter_card":"summary_large_image","twitter_misc":{"Tiempo de lectura":"1 minuto"},"schema":{"@context":"https:\/\/schema.org","@graph":[{"@type":"WebPage","@id":"https:\/\/www.colindres.es\/index.php\/project\/sube-al-velero-de-la-lanzadera\/","url":"https:\/\/www.colindres.es\/index.php\/project\/sube-al-velero-de-la-lanzadera\/","name":"SUBE AL VELERO DE LA LANZADERA - Ayuntamiento de Colindres","isPartOf":{"@id":"https:\/\/www.colindres.es\/#website"},"primaryImageOfPage":{"@id":"https:\/\/www.colindres.es\/index.php\/project\/sube-al-velero-de-la-lanzadera\/#primaryimage"},"image":{"@id":"https:\/\/www.colindres.es\/index.php\/project\/sube-al-velero-de-la-lanzadera\/#primaryimage"},"thumbnailUrl":"https:\/\/www.colindres.es\/wp-content\/uploads\/2018\/11\/CARTEL-GRANDE-LANZADERA.png","datePublished":"2018-11-13T09:17:57+00:00","breadcrumb":{"@id":"https:\/\/www.colindres.es\/index.php\/project\/sube-al-velero-de-la-lanzadera\/#breadcrumb"},"inLanguage":"es","potentialAction":[{"@type":"ReadAction","target":["https:\/\/www.colindres.es\/index.php\/project\/sube-al-velero-de-la-lanzadera\/"]}]},{"@type":"ImageObject","inLanguage":"es","@id":"https:\/\/www.colindres.es\/index.php\/project\/sube-al-velero-de-la-lanzadera\/#primaryimage","url":"https:\/\/www.colindres.es\/wp-content\/uploads\/2018\/11\/CARTEL-GRANDE-LANZADERA.png","contentUrl":"https:\/\/www.colindres.es\/wp-content\/uploads\/2018\/11\/CARTEL-GRANDE-LANZADERA.png","width":2268,"height":1512},{"@type":"BreadcrumbList","@id":"https:\/\/www.colindres.es\/index.php\/project\/sube-al-velero-de-la-lanzadera\/#breadcrumb","itemListElement":[{"@type":"ListItem","position":1,"name":"Portada","item":"https:\/\/www.colindres.es\/"},{"@type":"ListItem","position":2,"name":"Proyectos","item":"https:\/\/www.colindres.es\/index.php\/project\/"},{"@type":"ListItem","position":3,"name":"SUBE AL VELERO DE LA LANZADERA"}]},{"@type":"WebSite","@id":"https:\/\/www.colindres.es\/#website","url":"https:\/\/www.colindres.es\/","name":"Ayuntamiento de Colindres","description":"Dise\u00f1ado por NTIC&#039;s","publisher":{"@id":"https:\/\/www.colindres.es\/#organization"},"potentialAction":[{"@type":"SearchAction","target":{"@type":"EntryPoint","urlTemplate":"https:\/\/www.colindres.es\/?s={search_term_string}"},"query-input":{"@type":"PropertyValueSpecification","valueRequired":true,"valueName":"search_term_string"}}],"inLanguage":"es"},{"@type":"Organization","@id":"https:\/\/www.colindres.es\/#organization","name":"AYUNTAMIENTO DE COLINDRES","url":"https:\/\/www.colindres.es\/","logo":{"@type":"ImageObject","inLanguage":"es","@id":"https:\/\/www.colindres.es\/#\/schema\/logo\/image\/","url":"https:\/\/www.colindres.es\/wp-content\/uploads\/2017\/01\/LOGO-PRINCIPAL.jpg","contentUrl":"https:\/\/www.colindres.es\/wp-content\/uploads\/2017\/01\/LOGO-PRINCIPAL.jpg","width":1209,"height":579,"caption":"AYUNTAMIENTO DE COLINDRES"},"image":{"@id":"https:\/\/www.colindres.es\/#\/schema\/logo\/image\/"}}]}},"_links":{"self":[{"href":"https:\/\/www.colindres.es\/index.php\/wp-json\/wp\/v2\/project\/1962","targetHints":{"allow":["GET"]}}],"collection":[{"href":"https:\/\/www.colindres.es\/index.php\/wp-json\/wp\/v2\/project"}],"about":[{"href":"https:\/\/www.colindres.es\/index.php\/wp-json\/wp\/v2\/types\/project"}],"author":[{"embeddable":true,"href":"https:\/\/www.colindres.es\/index.php\/wp-json\/wp\/v2\/users\/1"}],"replies":[{"embeddable":true,"href":"https:\/\/www.colindres.es\/index.php\/wp-json\/wp\/v2\/comments?post=1962"}],"version-history":[{"count":1,"href":"https:\/\/www.colindres.es\/index.php\/wp-json\/wp\/v2\/project\/1962\/revisions"}],"predecessor-version":[{"id":1964,"href":"https:\/\/www.colindres.es\/index.php\/wp-json\/wp\/v2\/project\/1962\/revisions\/1964"}],"wp:featuredmedia":[{"embeddable":true,"href":"https:\/\/www.colindres.es\/index.php\/wp-json\/wp\/v2\/media\/1963"}],"wp:attachment":[{"href":"https:\/\/www.colindres.es\/index.php\/wp-json\/wp\/v2\/media?parent=1962"}],"wp:term":[{"taxonomy":"project_category","embeddable":true,"href":"https:\/\/www.colindres.es\/index.php\/wp-json\/wp\/v2\/project_category?post=1962"},{"taxonomy":"project_tag","embeddable":true,"href":"https:\/\/www.colindres.es\/index.php\/wp-json\/wp\/v2\/project_tag?post=1962"}],"curies":[{"name":"wp","href":"https:\/\/api.w.org\/{rel}","templated":true}]}}