{"id":1956,"date":"2018-11-12T08:30:56","date_gmt":"2018-11-12T08:30:56","guid":{"rendered":"http:\/\/colindres.es\/?post_type=project&#038;p=1956"},"modified":"2018-11-12T08:32:18","modified_gmt":"2018-11-12T08:32:18","slug":"anuncio-campus-de-futbol-de-navidad-en-el-campo-de-el-carmen-de-colindres","status":"publish","type":"project","link":"https:\/\/www.colindres.es\/index.php\/project\/anuncio-campus-de-futbol-de-navidad-en-el-campo-de-el-carmen-de-colindres\/","title":{"rendered":"ANUNCIO &#8211; CAMPUS DE F\u00daTBOL DE NAVIDAD EN EL CAMPO DE EL CARMEN DE COLINDRES"},"content":{"rendered":"<p>Por la presente se comunica que se abre el plazo para la presentaci\u00f3n de proyectos deportivos para la realizaci\u00f3n de CAMPUS DE F\u00daTBOL DE NAVIDAD EN EL CAMPO DE EL CARMEN DE COLINDRES.<\/p>\n<p>El plazo de inscripci\u00f3n ser\u00e1 entre el lunes 12 de noviembre y el viernes 16 de noviembre de 2018 (ambos inclusive). El plazo de inscripci\u00f3n finalizar\u00e1 a las 14.00 horas. Junto con la solicitud deber\u00e1 presentarse memoria descriptiva del campus a realizar.<\/p>\n<p>El precio a abonar ser\u00e1 el previsto en la Ordenanza reguladora del Precio P\u00fablico por Utilizaci\u00f3n de Instalaciones Deportivas (BOC n\u00ba: 54, de 16 de marzo de 2018).<\/p>\n<p>En caso de existir peticiones para fechas coincidentes, se realizar\u00e1 sorteo el lunes 19 de noviembre de 2018 a las 11.00 horas, en el Sal\u00f3n de Plenos, de car\u00e1cter p\u00fablico.<\/p>\n<p>En Colindres, a la fecha de la firma electr\u00f3nica.<\/p>\n<p>El Alcalde,<\/p>\n<p>Javier Incera Goyenechea.<\/p>\n<p><em>Documento firmado electr\u00f3nicamente (Ley 39\/2015, de 1 de octubre)<\/em><\/p>\n<p>&nbsp;<\/p>\n","protected":false},"excerpt":{"rendered":"<p>Por la presente se comunica que se abre el plazo para la presentaci\u00f3n de proyectos deportivos para la realizaci\u00f3n de CAMPUS DE F\u00daTBOL DE NAVIDAD EN EL CAMPO DE EL CARMEN DE COLINDRES. El plazo de inscripci\u00f3n ser\u00e1 entre el lunes 12 de noviembre y el viernes 16 de noviembre de 2018 (ambos inclusive). El [&hellip;]<\/p>\n","protected":false},"author":1,"featured_media":1063,"comment_status":"open","ping_status":"closed","template":"","meta":{"_et_pb_use_builder":"","_et_pb_old_content":"","_et_gb_content_width":"","footnotes":""},"project_category":[],"project_tag":[],"class_list":["post-1956","project","type-project","status-publish","has-post-thumbnail","hentry"],"yoast_head":"<!-- This site is optimized with the Yoast SEO plugin v24.9 - https:\/\/yoast.com\/wordpress\/plugins\/seo\/ -->\n<title>ANUNCIO - CAMPUS DE F\u00daTBOL DE NAVIDAD EN EL CAMPO DE EL CARMEN DE COLINDRES - Ayuntamiento de Colindres<\/title>\n<meta name=\"robots\" content=\"index, follow, max-snippet:-1, max-image-preview:large, max-video-preview:-1\" \/>\n<link rel=\"canonical\" href=\"https:\/\/www.colindres.es\/index.php\/project\/anuncio-campus-de-futbol-de-navidad-en-el-campo-de-el-carmen-de-colindres\/\" \/>\n<meta property=\"og:locale\" content=\"es_ES\" \/>\n<meta property=\"og:type\" content=\"article\" \/>\n<meta property=\"og:title\" content=\"ANUNCIO - CAMPUS DE F\u00daTBOL DE NAVIDAD EN EL CAMPO DE EL CARMEN DE COLINDRES - Ayuntamiento de Colindres\" \/>\n<meta property=\"og:description\" content=\"Por la presente se comunica que se abre el plazo para la presentaci\u00f3n de proyectos deportivos para la realizaci\u00f3n de CAMPUS DE F\u00daTBOL DE NAVIDAD EN EL CAMPO DE EL CARMEN DE COLINDRES. El plazo de inscripci\u00f3n ser\u00e1 entre el lunes 12 de noviembre y el viernes 16 de noviembre de 2018 (ambos inclusive). El [&hellip;]\" \/>\n<meta property=\"og:url\" content=\"https:\/\/www.colindres.es\/index.php\/project\/anuncio-campus-de-futbol-de-navidad-en-el-campo-de-el-carmen-de-colindres\/\" \/>\n<meta property=\"og:site_name\" content=\"Ayuntamiento de Colindres\" \/>\n<meta property=\"article:modified_time\" content=\"2018-11-12T08:32:18+00:00\" \/>\n<meta property=\"og:image\" content=\"https:\/\/www.colindres.es\/wp-content\/uploads\/2017\/11\/CAMPO-DE-FUTBOL-3-1024x768.jpg\" \/>\n\t<meta property=\"og:image:width\" content=\"1024\" \/>\n\t<meta property=\"og:image:height\" content=\"768\" \/>\n\t<meta property=\"og:image:type\" content=\"image\/jpeg\" \/>\n<meta name=\"twitter:card\" content=\"summary_large_image\" \/>\n<meta name=\"twitter:label1\" content=\"Tiempo de lectura\" \/>\n\t<meta name=\"twitter:data1\" content=\"1 minuto\" \/>\n<script type=\"application\/ld+json\" class=\"yoast-schema-graph\">{\"@context\":\"https:\/\/schema.org\",\"@graph\":[{\"@type\":\"WebPage\",\"@id\":\"https:\/\/www.colindres.es\/index.php\/project\/anuncio-campus-de-futbol-de-navidad-en-el-campo-de-el-carmen-de-colindres\/\",\"url\":\"https:\/\/www.colindres.es\/index.php\/project\/anuncio-campus-de-futbol-de-navidad-en-el-campo-de-el-carmen-de-colindres\/\",\"name\":\"ANUNCIO - CAMPUS DE F\u00daTBOL DE NAVIDAD EN EL CAMPO DE EL CARMEN DE COLINDRES - Ayuntamiento de Colindres\",\"isPartOf\":{\"@id\":\"https:\/\/www.colindres.es\/#website\"},\"primaryImageOfPage\":{\"@id\":\"https:\/\/www.colindres.es\/index.php\/project\/anuncio-campus-de-futbol-de-navidad-en-el-campo-de-el-carmen-de-colindres\/#primaryimage\"},\"image\":{\"@id\":\"https:\/\/www.colindres.es\/index.php\/project\/anuncio-campus-de-futbol-de-navidad-en-el-campo-de-el-carmen-de-colindres\/#primaryimage\"},\"thumbnailUrl\":\"https:\/\/www.colindres.es\/wp-content\/uploads\/2017\/11\/CAMPO-DE-FUTBOL-3.jpg\",\"datePublished\":\"2018-11-12T08:30:56+00:00\",\"dateModified\":\"2018-11-12T08:32:18+00:00\",\"breadcrumb\":{\"@id\":\"https:\/\/www.colindres.es\/index.php\/project\/anuncio-campus-de-futbol-de-navidad-en-el-campo-de-el-carmen-de-colindres\/#breadcrumb\"},\"inLanguage\":\"es\",\"potentialAction\":[{\"@type\":\"ReadAction\",\"target\":[\"https:\/\/www.colindres.es\/index.php\/project\/anuncio-campus-de-futbol-de-navidad-en-el-campo-de-el-carmen-de-colindres\/\"]}]},{\"@type\":\"ImageObject\",\"inLanguage\":\"es\",\"@id\":\"https:\/\/www.colindres.es\/index.php\/project\/anuncio-campus-de-futbol-de-navidad-en-el-campo-de-el-carmen-de-colindres\/#primaryimage\",\"url\":\"https:\/\/www.colindres.es\/wp-content\/uploads\/2017\/11\/CAMPO-DE-FUTBOL-3.jpg\",\"contentUrl\":\"https:\/\/www.colindres.es\/wp-content\/uploads\/2017\/11\/CAMPO-DE-FUTBOL-3.jpg\",\"width\":4032,\"height\":3024},{\"@type\":\"BreadcrumbList\",\"@id\":\"https:\/\/www.colindres.es\/index.php\/project\/anuncio-campus-de-futbol-de-navidad-en-el-campo-de-el-carmen-de-colindres\/#breadcrumb\",\"itemListElement\":[{\"@type\":\"ListItem\",\"position\":1,\"name\":\"Portada\",\"item\":\"https:\/\/www.colindres.es\/\"},{\"@type\":\"ListItem\",\"position\":2,\"name\":\"Proyectos\",\"item\":\"https:\/\/www.colindres.es\/index.php\/project\/\"},{\"@type\":\"ListItem\",\"position\":3,\"name\":\"ANUNCIO &#8211; CAMPUS DE F\u00daTBOL DE NAVIDAD EN EL CAMPO DE EL CARMEN DE COLINDRES\"}]},{\"@type\":\"WebSite\",\"@id\":\"https:\/\/www.colindres.es\/#website\",\"url\":\"https:\/\/www.colindres.es\/\",\"name\":\"Ayuntamiento de Colindres\",\"description\":\"Dise\u00f1ado por NTIC&#039;s\",\"publisher\":{\"@id\":\"https:\/\/www.colindres.es\/#organization\"},\"potentialAction\":[{\"@type\":\"SearchAction\",\"target\":{\"@type\":\"EntryPoint\",\"urlTemplate\":\"https:\/\/www.colindres.es\/?s={search_term_string}\"},\"query-input\":{\"@type\":\"PropertyValueSpecification\",\"valueRequired\":true,\"valueName\":\"search_term_string\"}}],\"inLanguage\":\"es\"},{\"@type\":\"Organization\",\"@id\":\"https:\/\/www.colindres.es\/#organization\",\"name\":\"AYUNTAMIENTO DE COLINDRES\",\"url\":\"https:\/\/www.colindres.es\/\",\"logo\":{\"@type\":\"ImageObject\",\"inLanguage\":\"es\",\"@id\":\"https:\/\/www.colindres.es\/#\/schema\/logo\/image\/\",\"url\":\"https:\/\/www.colindres.es\/wp-content\/uploads\/2017\/01\/LOGO-PRINCIPAL.jpg\",\"contentUrl\":\"https:\/\/www.colindres.es\/wp-content\/uploads\/2017\/01\/LOGO-PRINCIPAL.jpg\",\"width\":1209,\"height\":579,\"caption\":\"AYUNTAMIENTO DE COLINDRES\"},\"image\":{\"@id\":\"https:\/\/www.colindres.es\/#\/schema\/logo\/image\/\"}}]}<\/script>\n<!-- \/ Yoast SEO plugin. -->","yoast_head_json":{"title":"ANUNCIO - CAMPUS DE F\u00daTBOL DE NAVIDAD EN EL CAMPO DE EL CARMEN DE COLINDRES - Ayuntamiento de Colindres","robots":{"index":"index","follow":"follow","max-snippet":"max-snippet:-1","max-image-preview":"max-image-preview:large","max-video-preview":"max-video-preview:-1"},"canonical":"https:\/\/www.colindres.es\/index.php\/project\/anuncio-campus-de-futbol-de-navidad-en-el-campo-de-el-carmen-de-colindres\/","og_locale":"es_ES","og_type":"article","og_title":"ANUNCIO - CAMPUS DE F\u00daTBOL DE NAVIDAD EN EL CAMPO DE EL CARMEN DE COLINDRES - Ayuntamiento de Colindres","og_description":"Por la presente se comunica que se abre el plazo para la presentaci\u00f3n de proyectos deportivos para la realizaci\u00f3n de CAMPUS DE F\u00daTBOL DE NAVIDAD EN EL CAMPO DE EL CARMEN DE COLINDRES. El plazo de inscripci\u00f3n ser\u00e1 entre el lunes 12 de noviembre y el viernes 16 de noviembre de 2018 (ambos inclusive). El [&hellip;]","og_url":"https:\/\/www.colindres.es\/index.php\/project\/anuncio-campus-de-futbol-de-navidad-en-el-campo-de-el-carmen-de-colindres\/","og_site_name":"Ayuntamiento de Colindres","article_modified_time":"2018-11-12T08:32:18+00:00","og_image":[{"width":1024,"height":768,"url":"https:\/\/www.colindres.es\/wp-content\/uploads\/2017\/11\/CAMPO-DE-FUTBOL-3-1024x768.jpg","type":"image\/jpeg"}],"twitter_card":"summary_large_image","twitter_misc":{"Tiempo de lectura":"1 minuto"},"schema":{"@context":"https:\/\/schema.org","@graph":[{"@type":"WebPage","@id":"https:\/\/www.colindres.es\/index.php\/project\/anuncio-campus-de-futbol-de-navidad-en-el-campo-de-el-carmen-de-colindres\/","url":"https:\/\/www.colindres.es\/index.php\/project\/anuncio-campus-de-futbol-de-navidad-en-el-campo-de-el-carmen-de-colindres\/","name":"ANUNCIO - CAMPUS DE F\u00daTBOL DE NAVIDAD EN EL CAMPO DE EL CARMEN DE COLINDRES - Ayuntamiento de Colindres","isPartOf":{"@id":"https:\/\/www.colindres.es\/#website"},"primaryImageOfPage":{"@id":"https:\/\/www.colindres.es\/index.php\/project\/anuncio-campus-de-futbol-de-navidad-en-el-campo-de-el-carmen-de-colindres\/#primaryimage"},"image":{"@id":"https:\/\/www.colindres.es\/index.php\/project\/anuncio-campus-de-futbol-de-navidad-en-el-campo-de-el-carmen-de-colindres\/#primaryimage"},"thumbnailUrl":"https:\/\/www.colindres.es\/wp-content\/uploads\/2017\/11\/CAMPO-DE-FUTBOL-3.jpg","datePublished":"2018-11-12T08:30:56+00:00","dateModified":"2018-11-12T08:32:18+00:00","breadcrumb":{"@id":"https:\/\/www.colindres.es\/index.php\/project\/anuncio-campus-de-futbol-de-navidad-en-el-campo-de-el-carmen-de-colindres\/#breadcrumb"},"inLanguage":"es","potentialAction":[{"@type":"ReadAction","target":["https:\/\/www.colindres.es\/index.php\/project\/anuncio-campus-de-futbol-de-navidad-en-el-campo-de-el-carmen-de-colindres\/"]}]},{"@type":"ImageObject","inLanguage":"es","@id":"https:\/\/www.colindres.es\/index.php\/project\/anuncio-campus-de-futbol-de-navidad-en-el-campo-de-el-carmen-de-colindres\/#primaryimage","url":"https:\/\/www.colindres.es\/wp-content\/uploads\/2017\/11\/CAMPO-DE-FUTBOL-3.jpg","contentUrl":"https:\/\/www.colindres.es\/wp-content\/uploads\/2017\/11\/CAMPO-DE-FUTBOL-3.jpg","width":4032,"height":3024},{"@type":"BreadcrumbList","@id":"https:\/\/www.colindres.es\/index.php\/project\/anuncio-campus-de-futbol-de-navidad-en-el-campo-de-el-carmen-de-colindres\/#breadcrumb","itemListElement":[{"@type":"ListItem","position":1,"name":"Portada","item":"https:\/\/www.colindres.es\/"},{"@type":"ListItem","position":2,"name":"Proyectos","item":"https:\/\/www.colindres.es\/index.php\/project\/"},{"@type":"ListItem","position":3,"name":"ANUNCIO &#8211; CAMPUS DE F\u00daTBOL DE NAVIDAD EN EL CAMPO DE EL CARMEN DE COLINDRES"}]},{"@type":"WebSite","@id":"https:\/\/www.colindres.es\/#website","url":"https:\/\/www.colindres.es\/","name":"Ayuntamiento de Colindres","description":"Dise\u00f1ado por NTIC&#039;s","publisher":{"@id":"https:\/\/www.colindres.es\/#organization"},"potentialAction":[{"@type":"SearchAction","target":{"@type":"EntryPoint","urlTemplate":"https:\/\/www.colindres.es\/?s={search_term_string}"},"query-input":{"@type":"PropertyValueSpecification","valueRequired":true,"valueName":"search_term_string"}}],"inLanguage":"es"},{"@type":"Organization","@id":"https:\/\/www.colindres.es\/#organization","name":"AYUNTAMIENTO DE COLINDRES","url":"https:\/\/www.colindres.es\/","logo":{"@type":"ImageObject","inLanguage":"es","@id":"https:\/\/www.colindres.es\/#\/schema\/logo\/image\/","url":"https:\/\/www.colindres.es\/wp-content\/uploads\/2017\/01\/LOGO-PRINCIPAL.jpg","contentUrl":"https:\/\/www.colindres.es\/wp-content\/uploads\/2017\/01\/LOGO-PRINCIPAL.jpg","width":1209,"height":579,"caption":"AYUNTAMIENTO DE COLINDRES"},"image":{"@id":"https:\/\/www.colindres.es\/#\/schema\/logo\/image\/"}}]}},"_links":{"self":[{"href":"https:\/\/www.colindres.es\/index.php\/wp-json\/wp\/v2\/project\/1956","targetHints":{"allow":["GET"]}}],"collection":[{"href":"https:\/\/www.colindres.es\/index.php\/wp-json\/wp\/v2\/project"}],"about":[{"href":"https:\/\/www.colindres.es\/index.php\/wp-json\/wp\/v2\/types\/project"}],"author":[{"embeddable":true,"href":"https:\/\/www.colindres.es\/index.php\/wp-json\/wp\/v2\/users\/1"}],"replies":[{"embeddable":true,"href":"https:\/\/www.colindres.es\/index.php\/wp-json\/wp\/v2\/comments?post=1956"}],"version-history":[{"count":2,"href":"https:\/\/www.colindres.es\/index.php\/wp-json\/wp\/v2\/project\/1956\/revisions"}],"predecessor-version":[{"id":1958,"href":"https:\/\/www.colindres.es\/index.php\/wp-json\/wp\/v2\/project\/1956\/revisions\/1958"}],"wp:featuredmedia":[{"embeddable":true,"href":"https:\/\/www.colindres.es\/index.php\/wp-json\/wp\/v2\/media\/1063"}],"wp:attachment":[{"href":"https:\/\/www.colindres.es\/index.php\/wp-json\/wp\/v2\/media?parent=1956"}],"wp:term":[{"taxonomy":"project_category","embeddable":true,"href":"https:\/\/www.colindres.es\/index.php\/wp-json\/wp\/v2\/project_category?post=1956"},{"taxonomy":"project_tag","embeddable":true,"href":"https:\/\/www.colindres.es\/index.php\/wp-json\/wp\/v2\/project_tag?post=1956"}],"curies":[{"name":"wp","href":"https:\/\/api.w.org\/{rel}","templated":true}]}}