{"id":1944,"date":"2018-11-02T06:36:37","date_gmt":"2018-11-02T06:36:37","guid":{"rendered":"http:\/\/colindres.es\/?post_type=project&#038;p=1944"},"modified":"2018-11-02T06:36:37","modified_gmt":"2018-11-02T06:36:37","slug":"el-gobierno-de-cantabria-responde-a-una-demanda-historica-de-colindres-y-anuncia-el-dragado-de-la-darsena","status":"publish","type":"project","link":"https:\/\/www.colindres.es\/index.php\/project\/el-gobierno-de-cantabria-responde-a-una-demanda-historica-de-colindres-y-anuncia-el-dragado-de-la-darsena\/","title":{"rendered":"El Gobierno de Cantabria responde a una demanda hist\u00f3rica de Colindres y anuncia el dragado de la d\u00e1rsena"},"content":{"rendered":"<p><strong>El consejero ha presentado a la Cofrad\u00eda de Pescadores de San Gin\u00e9s y al alcalde los detalles de un proyecto que comprende el dragado de casi 60.000 metros c\u00fabicos<\/strong><b><\/b><\/p>\n<p><i>Colindres, 31 de Octubre.-<\/i> El Gobierno de Cantabria acometer\u00e1 el dragado de la d\u00e1rsena del Puerto de Colindres, que supondr\u00e1 una inversi\u00f3n superior a los 600.000 euros y que dar\u00e1 respuesta a una \u201cdemanda hist\u00f3rica\u00bb de los pescadores de la zona.<\/p>\n<p>As\u00ed lo ha anunciado el consejero de Obras P\u00fablicas y Vivienda, Jos\u00e9 Mar\u00eda Maz\u00f3n, tras la reuni\u00f3n que han mantenido con el alcalde de Colindres, Javier Incera, y la Cofrad\u00eda de Pescadores de San Gin\u00e9s.<\/p>\n<p>Esta obra conllevar\u00e1 el dragado de casi 60.000 metros c\u00fabicos y permitir\u00e1 satisfacer \u00abuna demanda antigua\u00bb de la comunidad pesquera del municipio y abordar, as\u00ed, las necesidades especiales de la d\u00e1rsena y la r\u00eda de Colindres.<\/p>\n<p>El alcalde ha destacado que se trata de una obra \u00abvital\u00bb para un sector que es \u00abuno de los pilares econ\u00f3micos del municipio\u00bb que ahora, incluso, podr\u00e1 contemplar un aumento de barcos que puedan descargar en este puerto.<\/p>\n<p>Seg\u00fan ha explicado Incera, los 20.000 metros c\u00fabicos de extracci\u00f3n que anualmente le corresponden a Colindres dentro de las labores de mantenimiento y dragado se llevar\u00e1n a cabo en la r\u00eda, lo que permitir\u00e1 aumentar el espejo \u2013franja horaria de entrada y salida del puerto- y facilitar\u00e1 las maniobras con la marea baja.<\/p>\n<p>\u201cEs una gran noticia, solo esperamos que el procedimiento de adjudicaci\u00f3n se realice lo antes posible para que las labores de dragado puedan comenzar cuanto antes\u201d, ha manifestado Incera, que ha agradecido la \u00absensibilidad\u00bb de la Consejer\u00eda de Obras P\u00fablicas para entender que es una demanda \u00abjusta\u00bb de la familia pesquera y del Ayuntamiento de Colindres.<\/p>\n<p>A este respecto, el consejero, que ha estado acompa\u00f1ado por el director general de Obras P\u00fablicas, Jos\u00e9 Luis Gochicoa, ha se\u00f1alado que el proyecto podr\u00e1 licitarse este a\u00f1o y, de esta forma, las obras podr\u00edan comenzar en la primavera de 2019.<\/p>\n<p><strong><u>Descripci\u00f3n de los trabajos<\/u><\/strong><\/p>\n<p>Las obras consistir\u00e1n en el dragado de 58.800 m3 de los fondos marinos de la d\u00e1rsena de Colindres mediante una draga de cuchara que extrae el material y lo vierte en una c\u00e1ntara propia. Tras este primer paso se traslada al punto de vertido designado por la Direcci\u00f3n General de Costas, situado a la latitud de la Punta del Pescador del monte Buciero.<\/p>\n<p>La m\u00e1quina recorre las zonas que requieran dragado y repite el proceso anterior hasta finalizar los trabajos proyectados que contemplan cotas entre -2,50 metros y los -4,00 metros, seg\u00fan el \u00e1rea.<\/p>\n<p>Para poder realizar esta tarea en las condiciones m\u00e1s \u00f3ptimas, se desmontar\u00e1n la totalidad de los fingers, pantalanes y pasarelas en la zona de atraques deportivos y se proceder\u00e1 a la desconexi\u00f3n de los servicios de agua, energ\u00eda el\u00e9ctrica e iluminaci\u00f3n que se repondr\u00e1n una vez finalizados los trabajos.<\/p>\n","protected":false},"excerpt":{"rendered":"<p>El consejero ha presentado a la Cofrad\u00eda de Pescadores de San Gin\u00e9s y al alcalde los detalles de un proyecto que comprende el dragado de casi 60.000 metros c\u00fabicos Colindres, 31 de Octubre.- El Gobierno de Cantabria acometer\u00e1 el dragado de la d\u00e1rsena del Puerto de Colindres, que supondr\u00e1 una inversi\u00f3n superior a los 600.000 [&hellip;]<\/p>\n","protected":false},"author":1,"featured_media":1945,"comment_status":"open","ping_status":"closed","template":"","meta":{"_et_pb_use_builder":"","_et_pb_old_content":"","_et_gb_content_width":"","footnotes":""},"project_category":[],"project_tag":[],"class_list":["post-1944","project","type-project","status-publish","has-post-thumbnail","hentry"],"yoast_head":"<!-- This site is optimized with the Yoast SEO plugin v24.9 - https:\/\/yoast.com\/wordpress\/plugins\/seo\/ -->\n<title>El Gobierno de Cantabria responde a una demanda hist\u00f3rica de Colindres y anuncia el dragado de la d\u00e1rsena - Ayuntamiento de Colindres<\/title>\n<meta name=\"robots\" content=\"index, follow, max-snippet:-1, max-image-preview:large, max-video-preview:-1\" \/>\n<link rel=\"canonical\" href=\"https:\/\/www.colindres.es\/index.php\/project\/el-gobierno-de-cantabria-responde-a-una-demanda-historica-de-colindres-y-anuncia-el-dragado-de-la-darsena\/\" \/>\n<meta property=\"og:locale\" content=\"es_ES\" \/>\n<meta property=\"og:type\" content=\"article\" \/>\n<meta property=\"og:title\" content=\"El Gobierno de Cantabria responde a una demanda hist\u00f3rica de Colindres y anuncia el dragado de la d\u00e1rsena - Ayuntamiento de Colindres\" \/>\n<meta property=\"og:description\" content=\"El consejero ha presentado a la Cofrad\u00eda de Pescadores de San Gin\u00e9s y al alcalde los detalles de un proyecto que comprende el dragado de casi 60.000 metros c\u00fabicos Colindres, 31 de Octubre.- El Gobierno de Cantabria acometer\u00e1 el dragado de la d\u00e1rsena del Puerto de Colindres, que supondr\u00e1 una inversi\u00f3n superior a los 600.000 [&hellip;]\" \/>\n<meta property=\"og:url\" content=\"https:\/\/www.colindres.es\/index.php\/project\/el-gobierno-de-cantabria-responde-a-una-demanda-historica-de-colindres-y-anuncia-el-dragado-de-la-darsena\/\" \/>\n<meta property=\"og:site_name\" content=\"Ayuntamiento de Colindres\" \/>\n<meta property=\"og:image\" content=\"https:\/\/www.colindres.es\/wp-content\/uploads\/2018\/11\/obras_publicas_colindres_01.jpg\" \/>\n\t<meta property=\"og:image:width\" content=\"4000\" \/>\n\t<meta property=\"og:image:height\" content=\"2667\" \/>\n\t<meta property=\"og:image:type\" content=\"image\/jpeg\" \/>\n<meta name=\"twitter:card\" content=\"summary_large_image\" \/>\n<meta name=\"twitter:label1\" content=\"Tiempo de lectura\" \/>\n\t<meta name=\"twitter:data1\" content=\"3 minutos\" \/>\n<script type=\"application\/ld+json\" class=\"yoast-schema-graph\">{\"@context\":\"https:\/\/schema.org\",\"@graph\":[{\"@type\":\"WebPage\",\"@id\":\"https:\/\/www.colindres.es\/index.php\/project\/el-gobierno-de-cantabria-responde-a-una-demanda-historica-de-colindres-y-anuncia-el-dragado-de-la-darsena\/\",\"url\":\"https:\/\/www.colindres.es\/index.php\/project\/el-gobierno-de-cantabria-responde-a-una-demanda-historica-de-colindres-y-anuncia-el-dragado-de-la-darsena\/\",\"name\":\"El Gobierno de Cantabria responde a una demanda hist\u00f3rica de Colindres y anuncia el dragado de la d\u00e1rsena - Ayuntamiento de Colindres\",\"isPartOf\":{\"@id\":\"https:\/\/www.colindres.es\/#website\"},\"primaryImageOfPage\":{\"@id\":\"https:\/\/www.colindres.es\/index.php\/project\/el-gobierno-de-cantabria-responde-a-una-demanda-historica-de-colindres-y-anuncia-el-dragado-de-la-darsena\/#primaryimage\"},\"image\":{\"@id\":\"https:\/\/www.colindres.es\/index.php\/project\/el-gobierno-de-cantabria-responde-a-una-demanda-historica-de-colindres-y-anuncia-el-dragado-de-la-darsena\/#primaryimage\"},\"thumbnailUrl\":\"https:\/\/www.colindres.es\/wp-content\/uploads\/2018\/11\/obras_publicas_colindres_01.jpg\",\"datePublished\":\"2018-11-02T06:36:37+00:00\",\"breadcrumb\":{\"@id\":\"https:\/\/www.colindres.es\/index.php\/project\/el-gobierno-de-cantabria-responde-a-una-demanda-historica-de-colindres-y-anuncia-el-dragado-de-la-darsena\/#breadcrumb\"},\"inLanguage\":\"es\",\"potentialAction\":[{\"@type\":\"ReadAction\",\"target\":[\"https:\/\/www.colindres.es\/index.php\/project\/el-gobierno-de-cantabria-responde-a-una-demanda-historica-de-colindres-y-anuncia-el-dragado-de-la-darsena\/\"]}]},{\"@type\":\"ImageObject\",\"inLanguage\":\"es\",\"@id\":\"https:\/\/www.colindres.es\/index.php\/project\/el-gobierno-de-cantabria-responde-a-una-demanda-historica-de-colindres-y-anuncia-el-dragado-de-la-darsena\/#primaryimage\",\"url\":\"https:\/\/www.colindres.es\/wp-content\/uploads\/2018\/11\/obras_publicas_colindres_01.jpg\",\"contentUrl\":\"https:\/\/www.colindres.es\/wp-content\/uploads\/2018\/11\/obras_publicas_colindres_01.jpg\",\"width\":4000,\"height\":2667,\"caption\":\"12:30.- Puerto pesquero. Colindres. El consejero de Obras P\u00fablicas y Vivienda, Jos\u00e9 Mar\u00eda Maz\u00f3n, se re\u00fane con el patr\u00f3n mayor y miembros de la Cofrad\u00eda de Pescadores de San Gin\u00e9s. 31 de oct. de 18 \u00a9 Ra\u00fal Lucio\"},{\"@type\":\"BreadcrumbList\",\"@id\":\"https:\/\/www.colindres.es\/index.php\/project\/el-gobierno-de-cantabria-responde-a-una-demanda-historica-de-colindres-y-anuncia-el-dragado-de-la-darsena\/#breadcrumb\",\"itemListElement\":[{\"@type\":\"ListItem\",\"position\":1,\"name\":\"Portada\",\"item\":\"https:\/\/www.colindres.es\/\"},{\"@type\":\"ListItem\",\"position\":2,\"name\":\"Proyectos\",\"item\":\"https:\/\/www.colindres.es\/index.php\/project\/\"},{\"@type\":\"ListItem\",\"position\":3,\"name\":\"El Gobierno de Cantabria responde a una demanda hist\u00f3rica de Colindres y anuncia el dragado de la d\u00e1rsena\"}]},{\"@type\":\"WebSite\",\"@id\":\"https:\/\/www.colindres.es\/#website\",\"url\":\"https:\/\/www.colindres.es\/\",\"name\":\"Ayuntamiento de Colindres\",\"description\":\"Dise\u00f1ado por NTIC&#039;s\",\"publisher\":{\"@id\":\"https:\/\/www.colindres.es\/#organization\"},\"potentialAction\":[{\"@type\":\"SearchAction\",\"target\":{\"@type\":\"EntryPoint\",\"urlTemplate\":\"https:\/\/www.colindres.es\/?s={search_term_string}\"},\"query-input\":{\"@type\":\"PropertyValueSpecification\",\"valueRequired\":true,\"valueName\":\"search_term_string\"}}],\"inLanguage\":\"es\"},{\"@type\":\"Organization\",\"@id\":\"https:\/\/www.colindres.es\/#organization\",\"name\":\"AYUNTAMIENTO DE COLINDRES\",\"url\":\"https:\/\/www.colindres.es\/\",\"logo\":{\"@type\":\"ImageObject\",\"inLanguage\":\"es\",\"@id\":\"https:\/\/www.colindres.es\/#\/schema\/logo\/image\/\",\"url\":\"https:\/\/www.colindres.es\/wp-content\/uploads\/2017\/01\/LOGO-PRINCIPAL.jpg\",\"contentUrl\":\"https:\/\/www.colindres.es\/wp-content\/uploads\/2017\/01\/LOGO-PRINCIPAL.jpg\",\"width\":1209,\"height\":579,\"caption\":\"AYUNTAMIENTO DE COLINDRES\"},\"image\":{\"@id\":\"https:\/\/www.colindres.es\/#\/schema\/logo\/image\/\"}}]}<\/script>\n<!-- \/ Yoast SEO plugin. -->","yoast_head_json":{"title":"El Gobierno de Cantabria responde a una demanda hist\u00f3rica de Colindres y anuncia el dragado de la d\u00e1rsena - Ayuntamiento de Colindres","robots":{"index":"index","follow":"follow","max-snippet":"max-snippet:-1","max-image-preview":"max-image-preview:large","max-video-preview":"max-video-preview:-1"},"canonical":"https:\/\/www.colindres.es\/index.php\/project\/el-gobierno-de-cantabria-responde-a-una-demanda-historica-de-colindres-y-anuncia-el-dragado-de-la-darsena\/","og_locale":"es_ES","og_type":"article","og_title":"El Gobierno de Cantabria responde a una demanda hist\u00f3rica de Colindres y anuncia el dragado de la d\u00e1rsena - Ayuntamiento de Colindres","og_description":"El consejero ha presentado a la Cofrad\u00eda de Pescadores de San Gin\u00e9s y al alcalde los detalles de un proyecto que comprende el dragado de casi 60.000 metros c\u00fabicos Colindres, 31 de Octubre.- El Gobierno de Cantabria acometer\u00e1 el dragado de la d\u00e1rsena del Puerto de Colindres, que supondr\u00e1 una inversi\u00f3n superior a los 600.000 [&hellip;]","og_url":"https:\/\/www.colindres.es\/index.php\/project\/el-gobierno-de-cantabria-responde-a-una-demanda-historica-de-colindres-y-anuncia-el-dragado-de-la-darsena\/","og_site_name":"Ayuntamiento de Colindres","og_image":[{"width":4000,"height":2667,"url":"https:\/\/www.colindres.es\/wp-content\/uploads\/2018\/11\/obras_publicas_colindres_01.jpg","type":"image\/jpeg"}],"twitter_card":"summary_large_image","twitter_misc":{"Tiempo de lectura":"3 minutos"},"schema":{"@context":"https:\/\/schema.org","@graph":[{"@type":"WebPage","@id":"https:\/\/www.colindres.es\/index.php\/project\/el-gobierno-de-cantabria-responde-a-una-demanda-historica-de-colindres-y-anuncia-el-dragado-de-la-darsena\/","url":"https:\/\/www.colindres.es\/index.php\/project\/el-gobierno-de-cantabria-responde-a-una-demanda-historica-de-colindres-y-anuncia-el-dragado-de-la-darsena\/","name":"El Gobierno de Cantabria responde a una demanda hist\u00f3rica de Colindres y anuncia el dragado de la d\u00e1rsena - Ayuntamiento de Colindres","isPartOf":{"@id":"https:\/\/www.colindres.es\/#website"},"primaryImageOfPage":{"@id":"https:\/\/www.colindres.es\/index.php\/project\/el-gobierno-de-cantabria-responde-a-una-demanda-historica-de-colindres-y-anuncia-el-dragado-de-la-darsena\/#primaryimage"},"image":{"@id":"https:\/\/www.colindres.es\/index.php\/project\/el-gobierno-de-cantabria-responde-a-una-demanda-historica-de-colindres-y-anuncia-el-dragado-de-la-darsena\/#primaryimage"},"thumbnailUrl":"https:\/\/www.colindres.es\/wp-content\/uploads\/2018\/11\/obras_publicas_colindres_01.jpg","datePublished":"2018-11-02T06:36:37+00:00","breadcrumb":{"@id":"https:\/\/www.colindres.es\/index.php\/project\/el-gobierno-de-cantabria-responde-a-una-demanda-historica-de-colindres-y-anuncia-el-dragado-de-la-darsena\/#breadcrumb"},"inLanguage":"es","potentialAction":[{"@type":"ReadAction","target":["https:\/\/www.colindres.es\/index.php\/project\/el-gobierno-de-cantabria-responde-a-una-demanda-historica-de-colindres-y-anuncia-el-dragado-de-la-darsena\/"]}]},{"@type":"ImageObject","inLanguage":"es","@id":"https:\/\/www.colindres.es\/index.php\/project\/el-gobierno-de-cantabria-responde-a-una-demanda-historica-de-colindres-y-anuncia-el-dragado-de-la-darsena\/#primaryimage","url":"https:\/\/www.colindres.es\/wp-content\/uploads\/2018\/11\/obras_publicas_colindres_01.jpg","contentUrl":"https:\/\/www.colindres.es\/wp-content\/uploads\/2018\/11\/obras_publicas_colindres_01.jpg","width":4000,"height":2667,"caption":"12:30.- Puerto pesquero. Colindres. El consejero de Obras P\u00fablicas y Vivienda, Jos\u00e9 Mar\u00eda Maz\u00f3n, se re\u00fane con el patr\u00f3n mayor y miembros de la Cofrad\u00eda de Pescadores de San Gin\u00e9s. 31 de oct. de 18 \u00a9 Ra\u00fal Lucio"},{"@type":"BreadcrumbList","@id":"https:\/\/www.colindres.es\/index.php\/project\/el-gobierno-de-cantabria-responde-a-una-demanda-historica-de-colindres-y-anuncia-el-dragado-de-la-darsena\/#breadcrumb","itemListElement":[{"@type":"ListItem","position":1,"name":"Portada","item":"https:\/\/www.colindres.es\/"},{"@type":"ListItem","position":2,"name":"Proyectos","item":"https:\/\/www.colindres.es\/index.php\/project\/"},{"@type":"ListItem","position":3,"name":"El Gobierno de Cantabria responde a una demanda hist\u00f3rica de Colindres y anuncia el dragado de la d\u00e1rsena"}]},{"@type":"WebSite","@id":"https:\/\/www.colindres.es\/#website","url":"https:\/\/www.colindres.es\/","name":"Ayuntamiento de Colindres","description":"Dise\u00f1ado por NTIC&#039;s","publisher":{"@id":"https:\/\/www.colindres.es\/#organization"},"potentialAction":[{"@type":"SearchAction","target":{"@type":"EntryPoint","urlTemplate":"https:\/\/www.colindres.es\/?s={search_term_string}"},"query-input":{"@type":"PropertyValueSpecification","valueRequired":true,"valueName":"search_term_string"}}],"inLanguage":"es"},{"@type":"Organization","@id":"https:\/\/www.colindres.es\/#organization","name":"AYUNTAMIENTO DE COLINDRES","url":"https:\/\/www.colindres.es\/","logo":{"@type":"ImageObject","inLanguage":"es","@id":"https:\/\/www.colindres.es\/#\/schema\/logo\/image\/","url":"https:\/\/www.colindres.es\/wp-content\/uploads\/2017\/01\/LOGO-PRINCIPAL.jpg","contentUrl":"https:\/\/www.colindres.es\/wp-content\/uploads\/2017\/01\/LOGO-PRINCIPAL.jpg","width":1209,"height":579,"caption":"AYUNTAMIENTO DE COLINDRES"},"image":{"@id":"https:\/\/www.colindres.es\/#\/schema\/logo\/image\/"}}]}},"_links":{"self":[{"href":"https:\/\/www.colindres.es\/index.php\/wp-json\/wp\/v2\/project\/1944","targetHints":{"allow":["GET"]}}],"collection":[{"href":"https:\/\/www.colindres.es\/index.php\/wp-json\/wp\/v2\/project"}],"about":[{"href":"https:\/\/www.colindres.es\/index.php\/wp-json\/wp\/v2\/types\/project"}],"author":[{"embeddable":true,"href":"https:\/\/www.colindres.es\/index.php\/wp-json\/wp\/v2\/users\/1"}],"replies":[{"embeddable":true,"href":"https:\/\/www.colindres.es\/index.php\/wp-json\/wp\/v2\/comments?post=1944"}],"version-history":[{"count":1,"href":"https:\/\/www.colindres.es\/index.php\/wp-json\/wp\/v2\/project\/1944\/revisions"}],"predecessor-version":[{"id":1946,"href":"https:\/\/www.colindres.es\/index.php\/wp-json\/wp\/v2\/project\/1944\/revisions\/1946"}],"wp:featuredmedia":[{"embeddable":true,"href":"https:\/\/www.colindres.es\/index.php\/wp-json\/wp\/v2\/media\/1945"}],"wp:attachment":[{"href":"https:\/\/www.colindres.es\/index.php\/wp-json\/wp\/v2\/media?parent=1944"}],"wp:term":[{"taxonomy":"project_category","embeddable":true,"href":"https:\/\/www.colindres.es\/index.php\/wp-json\/wp\/v2\/project_category?post=1944"},{"taxonomy":"project_tag","embeddable":true,"href":"https:\/\/www.colindres.es\/index.php\/wp-json\/wp\/v2\/project_tag?post=1944"}],"curies":[{"name":"wp","href":"https:\/\/api.w.org\/{rel}","templated":true}]}}