{"id":1939,"date":"2018-10-29T16:04:31","date_gmt":"2018-10-29T16:04:31","guid":{"rendered":"http:\/\/colindres.es\/?post_type=project&#038;p=1939"},"modified":"2018-10-29T16:06:52","modified_gmt":"2018-10-29T16:06:52","slug":"anuncio-del-tribunal-calificadorpara-la-seleccion-de-un-a-trabajador-a-en-regimen-laboral-temporal-para-el-puesto-de-trabajo-de-tecnico-a-coordinador-a-de-la-lanzadera-de-empleo-y-emprendimiento-sol-2","status":"publish","type":"project","link":"https:\/\/www.colindres.es\/index.php\/project\/anuncio-del-tribunal-calificadorpara-la-seleccion-de-un-a-trabajador-a-en-regimen-laboral-temporal-para-el-puesto-de-trabajo-de-tecnico-a-coordinador-a-de-la-lanzadera-de-empleo-y-emprendimiento-sol-2\/","title":{"rendered":"ANUNCIO DEL TRIBUNAL CALIFICADOR PARA LA SELECCI\u00d3N DE UN\/A TRABAJADOR\/A EN R\u00c9GIMEN LABORAL TEMPORAL PARA EL PUESTO DE TRABAJO DE T\u00c9CNICO\/A COORDINADOR\/A DE LA LANZADERA DE EMPLEO Y EMPRENDIMIENTO SOLIDARIO."},"content":{"rendered":"<p><strong><u>ANUNCIO DEL TRIBUNAL CALIFICADOR<\/u><\/strong><strong><u>PARA LA SELECCI\u00d3N DE UN\/A TRABAJADOR\/A EN R\u00c9GIMEN LABORAL TEMPORAL PARA EL PUESTO DE TRABAJO DE T\u00c9CNICO\/A COORDINADOR\/A DE LA LANZADERA DE EMPLEO Y EMPRENDIMIENTO SOLIDARIO.<\/u><\/strong><\/p>\n<p>Vista el acta del Tribunal calificador de fecha 26 de octubre de 2018, para la selecci\u00f3n de un trabajador\/a en r\u00e9gimen laboral temporal para el puesto de t\u00e9cnico\/a coordinador\/a de la lanzadera de empleo y emprendimiento solidario. (Fase oposici\u00f3n)<\/p>\n<p>A efectos de dar cumplimiento a lo establecido en la base sexta de las que rigen el proceso selectivo, se procede por parte del Tribunal a la publicaci\u00f3nen la sede electr\u00f3nica, y a efectos meramente informativos en el tabl\u00f3n de anuncios del Ayuntamiento de Colindres, en el tabl\u00f3n de anuncios de la Agencia de Desarrollo Local y en la web municipal, con indicaci\u00f3n de la puntuaci\u00f3n obtenida por los aspirantes propuestos.<\/p>\n<p><img loading=\"lazy\" decoding=\"async\" class=\"alignnone size-medium wp-image-1940\" src=\"http:\/\/colindres.es\/wp-content\/uploads\/2018\/10\/Sin-t\u00edtulo-1-300x158.jpg\" alt=\"\" width=\"300\" height=\"158\" srcset=\"https:\/\/www.colindres.es\/wp-content\/uploads\/2018\/10\/Sin-t\u00edtulo-1-300x158.jpg 300w, https:\/\/www.colindres.es\/wp-content\/uploads\/2018\/10\/Sin-t\u00edtulo-1-768x404.jpg 768w, https:\/\/www.colindres.es\/wp-content\/uploads\/2018\/10\/Sin-t\u00edtulo-1-1024x539.jpg 1024w, https:\/\/www.colindres.es\/wp-content\/uploads\/2018\/10\/Sin-t\u00edtulo-1-1080x569.jpg 1080w, https:\/\/www.colindres.es\/wp-content\/uploads\/2018\/10\/Sin-t\u00edtulo-1.jpg 1250w\" sizes=\"(max-width: 300px) 100vw, 300px\" \/><\/p>\n<p>Por lo que se propone para la contrataci\u00f3n como t\u00e9cnico coordinador de la LANZADERA DE EMPLEO Y EMPRENDIMIENTO SOLIDARIO a <u>Do\u00f1a Ver\u00f3nica Aguado Arnaiz, <\/u>pasando a integrar parte de la bolsa de empleo el resto de los candidatos aptos ordenados de acuerdo con la puntuaci\u00f3n obtenida.<\/p>\n<p>En Colindres, a la fecha de la firma electr\u00f3nica<\/p>\n<p>El Secretario del Tribunal,<\/p>\n<p>Jos\u00e9 Ignacio S\u00e1nchez Mart\u00ednez<\/p>\n<p><em>Documento firmado electr\u00f3nicamente (Ley 39\/2015, de 1 de octubre)<\/em><\/p>\n<p><a href=\"http:\/\/colindres.es\/wp-content\/uploads\/2018\/10\/20181029_14-anuncio-resultado-fase-oposici\u00f3n.pdf\">Descargar en formato pdf.<\/a><\/p>\n","protected":false},"excerpt":{"rendered":"<p>ANUNCIO DEL TRIBUNAL CALIFICADORPARA LA SELECCI\u00d3N DE UN\/A TRABAJADOR\/A EN R\u00c9GIMEN LABORAL TEMPORAL PARA EL PUESTO DE TRABAJO DE T\u00c9CNICO\/A COORDINADOR\/A DE LA LANZADERA DE EMPLEO Y EMPRENDIMIENTO SOLIDARIO. Vista el acta del Tribunal calificador de fecha 26 de octubre de 2018, para la selecci\u00f3n de un trabajador\/a en r\u00e9gimen laboral temporal para el puesto [&hellip;]<\/p>\n","protected":false},"author":1,"featured_media":1410,"comment_status":"open","ping_status":"closed","template":"","meta":{"_et_pb_use_builder":"","_et_pb_old_content":"","_et_gb_content_width":"","footnotes":""},"project_category":[],"project_tag":[],"class_list":["post-1939","project","type-project","status-publish","has-post-thumbnail","hentry"],"yoast_head":"<!-- This site is optimized with the Yoast SEO plugin v24.9 - https:\/\/yoast.com\/wordpress\/plugins\/seo\/ -->\n<title>ANUNCIO DEL TRIBUNAL CALIFICADOR PARA LA SELECCI\u00d3N DE UN\/A TRABAJADOR\/A EN R\u00c9GIMEN LABORAL TEMPORAL PARA EL PUESTO DE TRABAJO DE T\u00c9CNICO\/A COORDINADOR\/A DE LA LANZADERA DE EMPLEO Y EMPRENDIMIENTO SOLIDARIO. - Ayuntamiento de Colindres<\/title>\n<meta name=\"robots\" content=\"index, follow, max-snippet:-1, max-image-preview:large, max-video-preview:-1\" \/>\n<link rel=\"canonical\" href=\"https:\/\/www.colindres.es\/index.php\/project\/anuncio-del-tribunal-calificadorpara-la-seleccion-de-un-a-trabajador-a-en-regimen-laboral-temporal-para-el-puesto-de-trabajo-de-tecnico-a-coordinador-a-de-la-lanzadera-de-empleo-y-emprendimiento-sol-2\/\" \/>\n<meta property=\"og:locale\" content=\"es_ES\" \/>\n<meta property=\"og:type\" content=\"article\" \/>\n<meta property=\"og:title\" content=\"ANUNCIO DEL TRIBUNAL CALIFICADOR PARA LA SELECCI\u00d3N DE UN\/A TRABAJADOR\/A EN R\u00c9GIMEN LABORAL TEMPORAL PARA EL PUESTO DE TRABAJO DE T\u00c9CNICO\/A COORDINADOR\/A DE LA LANZADERA DE EMPLEO Y EMPRENDIMIENTO SOLIDARIO. - Ayuntamiento de Colindres\" \/>\n<meta property=\"og:description\" content=\"ANUNCIO DEL TRIBUNAL CALIFICADORPARA LA SELECCI\u00d3N DE UN\/A TRABAJADOR\/A EN R\u00c9GIMEN LABORAL TEMPORAL PARA EL PUESTO DE TRABAJO DE T\u00c9CNICO\/A COORDINADOR\/A DE LA LANZADERA DE EMPLEO Y EMPRENDIMIENTO SOLIDARIO. Vista el acta del Tribunal calificador de fecha 26 de octubre de 2018, para la selecci\u00f3n de un trabajador\/a en r\u00e9gimen laboral temporal para el puesto [&hellip;]\" \/>\n<meta property=\"og:url\" content=\"https:\/\/www.colindres.es\/index.php\/project\/anuncio-del-tribunal-calificadorpara-la-seleccion-de-un-a-trabajador-a-en-regimen-laboral-temporal-para-el-puesto-de-trabajo-de-tecnico-a-coordinador-a-de-la-lanzadera-de-empleo-y-emprendimiento-sol-2\/\" \/>\n<meta property=\"og:site_name\" content=\"Ayuntamiento de Colindres\" \/>\n<meta property=\"article:modified_time\" content=\"2018-10-29T16:06:52+00:00\" \/>\n<meta property=\"og:image\" content=\"https:\/\/www.colindres.es\/wp-content\/uploads\/2018\/04\/entorno-casa-cultura-y-serafina-e1660055504744.jpg\" \/>\n\t<meta property=\"og:image:width\" content=\"368\" \/>\n\t<meta property=\"og:image:height\" content=\"411\" \/>\n\t<meta property=\"og:image:type\" content=\"image\/jpeg\" \/>\n<meta name=\"twitter:card\" content=\"summary_large_image\" \/>\n<meta name=\"twitter:label1\" content=\"Tiempo de lectura\" \/>\n\t<meta name=\"twitter:data1\" content=\"1 minuto\" \/>\n<script type=\"application\/ld+json\" class=\"yoast-schema-graph\">{\"@context\":\"https:\/\/schema.org\",\"@graph\":[{\"@type\":\"WebPage\",\"@id\":\"https:\/\/www.colindres.es\/index.php\/project\/anuncio-del-tribunal-calificadorpara-la-seleccion-de-un-a-trabajador-a-en-regimen-laboral-temporal-para-el-puesto-de-trabajo-de-tecnico-a-coordinador-a-de-la-lanzadera-de-empleo-y-emprendimiento-sol-2\/\",\"url\":\"https:\/\/www.colindres.es\/index.php\/project\/anuncio-del-tribunal-calificadorpara-la-seleccion-de-un-a-trabajador-a-en-regimen-laboral-temporal-para-el-puesto-de-trabajo-de-tecnico-a-coordinador-a-de-la-lanzadera-de-empleo-y-emprendimiento-sol-2\/\",\"name\":\"ANUNCIO DEL TRIBUNAL CALIFICADOR PARA LA SELECCI\u00d3N DE UN\/A TRABAJADOR\/A EN R\u00c9GIMEN LABORAL TEMPORAL PARA EL PUESTO DE TRABAJO DE T\u00c9CNICO\/A COORDINADOR\/A DE LA LANZADERA DE EMPLEO Y EMPRENDIMIENTO SOLIDARIO. - Ayuntamiento de Colindres\",\"isPartOf\":{\"@id\":\"https:\/\/www.colindres.es\/#website\"},\"primaryImageOfPage\":{\"@id\":\"https:\/\/www.colindres.es\/index.php\/project\/anuncio-del-tribunal-calificadorpara-la-seleccion-de-un-a-trabajador-a-en-regimen-laboral-temporal-para-el-puesto-de-trabajo-de-tecnico-a-coordinador-a-de-la-lanzadera-de-empleo-y-emprendimiento-sol-2\/#primaryimage\"},\"image\":{\"@id\":\"https:\/\/www.colindres.es\/index.php\/project\/anuncio-del-tribunal-calificadorpara-la-seleccion-de-un-a-trabajador-a-en-regimen-laboral-temporal-para-el-puesto-de-trabajo-de-tecnico-a-coordinador-a-de-la-lanzadera-de-empleo-y-emprendimiento-sol-2\/#primaryimage\"},\"thumbnailUrl\":\"https:\/\/www.colindres.es\/wp-content\/uploads\/2018\/04\/entorno-casa-cultura-y-serafina-e1660055504744.jpg\",\"datePublished\":\"2018-10-29T16:04:31+00:00\",\"dateModified\":\"2018-10-29T16:06:52+00:00\",\"breadcrumb\":{\"@id\":\"https:\/\/www.colindres.es\/index.php\/project\/anuncio-del-tribunal-calificadorpara-la-seleccion-de-un-a-trabajador-a-en-regimen-laboral-temporal-para-el-puesto-de-trabajo-de-tecnico-a-coordinador-a-de-la-lanzadera-de-empleo-y-emprendimiento-sol-2\/#breadcrumb\"},\"inLanguage\":\"es\",\"potentialAction\":[{\"@type\":\"ReadAction\",\"target\":[\"https:\/\/www.colindres.es\/index.php\/project\/anuncio-del-tribunal-calificadorpara-la-seleccion-de-un-a-trabajador-a-en-regimen-laboral-temporal-para-el-puesto-de-trabajo-de-tecnico-a-coordinador-a-de-la-lanzadera-de-empleo-y-emprendimiento-sol-2\/\"]}]},{\"@type\":\"ImageObject\",\"inLanguage\":\"es\",\"@id\":\"https:\/\/www.colindres.es\/index.php\/project\/anuncio-del-tribunal-calificadorpara-la-seleccion-de-un-a-trabajador-a-en-regimen-laboral-temporal-para-el-puesto-de-trabajo-de-tecnico-a-coordinador-a-de-la-lanzadera-de-empleo-y-emprendimiento-sol-2\/#primaryimage\",\"url\":\"https:\/\/www.colindres.es\/wp-content\/uploads\/2018\/04\/entorno-casa-cultura-y-serafina-e1660055504744.jpg\",\"contentUrl\":\"https:\/\/www.colindres.es\/wp-content\/uploads\/2018\/04\/entorno-casa-cultura-y-serafina-e1660055504744.jpg\",\"width\":368,\"height\":411},{\"@type\":\"BreadcrumbList\",\"@id\":\"https:\/\/www.colindres.es\/index.php\/project\/anuncio-del-tribunal-calificadorpara-la-seleccion-de-un-a-trabajador-a-en-regimen-laboral-temporal-para-el-puesto-de-trabajo-de-tecnico-a-coordinador-a-de-la-lanzadera-de-empleo-y-emprendimiento-sol-2\/#breadcrumb\",\"itemListElement\":[{\"@type\":\"ListItem\",\"position\":1,\"name\":\"Portada\",\"item\":\"https:\/\/www.colindres.es\/\"},{\"@type\":\"ListItem\",\"position\":2,\"name\":\"Proyectos\",\"item\":\"https:\/\/www.colindres.es\/index.php\/project\/\"},{\"@type\":\"ListItem\",\"position\":3,\"name\":\"ANUNCIO DEL TRIBUNAL CALIFICADOR PARA LA SELECCI\u00d3N DE UN\/A TRABAJADOR\/A EN R\u00c9GIMEN LABORAL TEMPORAL PARA EL PUESTO DE TRABAJO DE T\u00c9CNICO\/A COORDINADOR\/A DE LA LANZADERA DE EMPLEO Y EMPRENDIMIENTO SOLIDARIO.\"}]},{\"@type\":\"WebSite\",\"@id\":\"https:\/\/www.colindres.es\/#website\",\"url\":\"https:\/\/www.colindres.es\/\",\"name\":\"Ayuntamiento de Colindres\",\"description\":\"Dise\u00f1ado por NTIC&#039;s\",\"publisher\":{\"@id\":\"https:\/\/www.colindres.es\/#organization\"},\"potentialAction\":[{\"@type\":\"SearchAction\",\"target\":{\"@type\":\"EntryPoint\",\"urlTemplate\":\"https:\/\/www.colindres.es\/?s={search_term_string}\"},\"query-input\":{\"@type\":\"PropertyValueSpecification\",\"valueRequired\":true,\"valueName\":\"search_term_string\"}}],\"inLanguage\":\"es\"},{\"@type\":\"Organization\",\"@id\":\"https:\/\/www.colindres.es\/#organization\",\"name\":\"AYUNTAMIENTO DE COLINDRES\",\"url\":\"https:\/\/www.colindres.es\/\",\"logo\":{\"@type\":\"ImageObject\",\"inLanguage\":\"es\",\"@id\":\"https:\/\/www.colindres.es\/#\/schema\/logo\/image\/\",\"url\":\"https:\/\/www.colindres.es\/wp-content\/uploads\/2017\/01\/LOGO-PRINCIPAL.jpg\",\"contentUrl\":\"https:\/\/www.colindres.es\/wp-content\/uploads\/2017\/01\/LOGO-PRINCIPAL.jpg\",\"width\":1209,\"height\":579,\"caption\":\"AYUNTAMIENTO DE COLINDRES\"},\"image\":{\"@id\":\"https:\/\/www.colindres.es\/#\/schema\/logo\/image\/\"}}]}<\/script>\n<!-- \/ Yoast SEO plugin. -->","yoast_head_json":{"title":"ANUNCIO DEL TRIBUNAL CALIFICADOR PARA LA SELECCI\u00d3N DE UN\/A TRABAJADOR\/A EN R\u00c9GIMEN LABORAL TEMPORAL PARA EL PUESTO DE TRABAJO DE T\u00c9CNICO\/A COORDINADOR\/A DE LA LANZADERA DE EMPLEO Y EMPRENDIMIENTO SOLIDARIO. - Ayuntamiento de Colindres","robots":{"index":"index","follow":"follow","max-snippet":"max-snippet:-1","max-image-preview":"max-image-preview:large","max-video-preview":"max-video-preview:-1"},"canonical":"https:\/\/www.colindres.es\/index.php\/project\/anuncio-del-tribunal-calificadorpara-la-seleccion-de-un-a-trabajador-a-en-regimen-laboral-temporal-para-el-puesto-de-trabajo-de-tecnico-a-coordinador-a-de-la-lanzadera-de-empleo-y-emprendimiento-sol-2\/","og_locale":"es_ES","og_type":"article","og_title":"ANUNCIO DEL TRIBUNAL CALIFICADOR PARA LA SELECCI\u00d3N DE UN\/A TRABAJADOR\/A EN R\u00c9GIMEN LABORAL TEMPORAL PARA EL PUESTO DE TRABAJO DE T\u00c9CNICO\/A COORDINADOR\/A DE LA LANZADERA DE EMPLEO Y EMPRENDIMIENTO SOLIDARIO. - Ayuntamiento de Colindres","og_description":"ANUNCIO DEL TRIBUNAL CALIFICADORPARA LA SELECCI\u00d3N DE UN\/A TRABAJADOR\/A EN R\u00c9GIMEN LABORAL TEMPORAL PARA EL PUESTO DE TRABAJO DE T\u00c9CNICO\/A COORDINADOR\/A DE LA LANZADERA DE EMPLEO Y EMPRENDIMIENTO SOLIDARIO. Vista el acta del Tribunal calificador de fecha 26 de octubre de 2018, para la selecci\u00f3n de un trabajador\/a en r\u00e9gimen laboral temporal para el puesto [&hellip;]","og_url":"https:\/\/www.colindres.es\/index.php\/project\/anuncio-del-tribunal-calificadorpara-la-seleccion-de-un-a-trabajador-a-en-regimen-laboral-temporal-para-el-puesto-de-trabajo-de-tecnico-a-coordinador-a-de-la-lanzadera-de-empleo-y-emprendimiento-sol-2\/","og_site_name":"Ayuntamiento de Colindres","article_modified_time":"2018-10-29T16:06:52+00:00","og_image":[{"width":368,"height":411,"url":"https:\/\/www.colindres.es\/wp-content\/uploads\/2018\/04\/entorno-casa-cultura-y-serafina-e1660055504744.jpg","type":"image\/jpeg"}],"twitter_card":"summary_large_image","twitter_misc":{"Tiempo de lectura":"1 minuto"},"schema":{"@context":"https:\/\/schema.org","@graph":[{"@type":"WebPage","@id":"https:\/\/www.colindres.es\/index.php\/project\/anuncio-del-tribunal-calificadorpara-la-seleccion-de-un-a-trabajador-a-en-regimen-laboral-temporal-para-el-puesto-de-trabajo-de-tecnico-a-coordinador-a-de-la-lanzadera-de-empleo-y-emprendimiento-sol-2\/","url":"https:\/\/www.colindres.es\/index.php\/project\/anuncio-del-tribunal-calificadorpara-la-seleccion-de-un-a-trabajador-a-en-regimen-laboral-temporal-para-el-puesto-de-trabajo-de-tecnico-a-coordinador-a-de-la-lanzadera-de-empleo-y-emprendimiento-sol-2\/","name":"ANUNCIO DEL TRIBUNAL CALIFICADOR PARA LA SELECCI\u00d3N DE UN\/A TRABAJADOR\/A EN R\u00c9GIMEN LABORAL TEMPORAL PARA EL PUESTO DE TRABAJO DE T\u00c9CNICO\/A COORDINADOR\/A DE LA LANZADERA DE EMPLEO Y EMPRENDIMIENTO SOLIDARIO. - Ayuntamiento de Colindres","isPartOf":{"@id":"https:\/\/www.colindres.es\/#website"},"primaryImageOfPage":{"@id":"https:\/\/www.colindres.es\/index.php\/project\/anuncio-del-tribunal-calificadorpara-la-seleccion-de-un-a-trabajador-a-en-regimen-laboral-temporal-para-el-puesto-de-trabajo-de-tecnico-a-coordinador-a-de-la-lanzadera-de-empleo-y-emprendimiento-sol-2\/#primaryimage"},"image":{"@id":"https:\/\/www.colindres.es\/index.php\/project\/anuncio-del-tribunal-calificadorpara-la-seleccion-de-un-a-trabajador-a-en-regimen-laboral-temporal-para-el-puesto-de-trabajo-de-tecnico-a-coordinador-a-de-la-lanzadera-de-empleo-y-emprendimiento-sol-2\/#primaryimage"},"thumbnailUrl":"https:\/\/www.colindres.es\/wp-content\/uploads\/2018\/04\/entorno-casa-cultura-y-serafina-e1660055504744.jpg","datePublished":"2018-10-29T16:04:31+00:00","dateModified":"2018-10-29T16:06:52+00:00","breadcrumb":{"@id":"https:\/\/www.colindres.es\/index.php\/project\/anuncio-del-tribunal-calificadorpara-la-seleccion-de-un-a-trabajador-a-en-regimen-laboral-temporal-para-el-puesto-de-trabajo-de-tecnico-a-coordinador-a-de-la-lanzadera-de-empleo-y-emprendimiento-sol-2\/#breadcrumb"},"inLanguage":"es","potentialAction":[{"@type":"ReadAction","target":["https:\/\/www.colindres.es\/index.php\/project\/anuncio-del-tribunal-calificadorpara-la-seleccion-de-un-a-trabajador-a-en-regimen-laboral-temporal-para-el-puesto-de-trabajo-de-tecnico-a-coordinador-a-de-la-lanzadera-de-empleo-y-emprendimiento-sol-2\/"]}]},{"@type":"ImageObject","inLanguage":"es","@id":"https:\/\/www.colindres.es\/index.php\/project\/anuncio-del-tribunal-calificadorpara-la-seleccion-de-un-a-trabajador-a-en-regimen-laboral-temporal-para-el-puesto-de-trabajo-de-tecnico-a-coordinador-a-de-la-lanzadera-de-empleo-y-emprendimiento-sol-2\/#primaryimage","url":"https:\/\/www.colindres.es\/wp-content\/uploads\/2018\/04\/entorno-casa-cultura-y-serafina-e1660055504744.jpg","contentUrl":"https:\/\/www.colindres.es\/wp-content\/uploads\/2018\/04\/entorno-casa-cultura-y-serafina-e1660055504744.jpg","width":368,"height":411},{"@type":"BreadcrumbList","@id":"https:\/\/www.colindres.es\/index.php\/project\/anuncio-del-tribunal-calificadorpara-la-seleccion-de-un-a-trabajador-a-en-regimen-laboral-temporal-para-el-puesto-de-trabajo-de-tecnico-a-coordinador-a-de-la-lanzadera-de-empleo-y-emprendimiento-sol-2\/#breadcrumb","itemListElement":[{"@type":"ListItem","position":1,"name":"Portada","item":"https:\/\/www.colindres.es\/"},{"@type":"ListItem","position":2,"name":"Proyectos","item":"https:\/\/www.colindres.es\/index.php\/project\/"},{"@type":"ListItem","position":3,"name":"ANUNCIO DEL TRIBUNAL CALIFICADOR PARA LA SELECCI\u00d3N DE UN\/A TRABAJADOR\/A EN R\u00c9GIMEN LABORAL TEMPORAL PARA EL PUESTO DE TRABAJO DE T\u00c9CNICO\/A COORDINADOR\/A DE LA LANZADERA DE EMPLEO Y EMPRENDIMIENTO SOLIDARIO."}]},{"@type":"WebSite","@id":"https:\/\/www.colindres.es\/#website","url":"https:\/\/www.colindres.es\/","name":"Ayuntamiento de Colindres","description":"Dise\u00f1ado por NTIC&#039;s","publisher":{"@id":"https:\/\/www.colindres.es\/#organization"},"potentialAction":[{"@type":"SearchAction","target":{"@type":"EntryPoint","urlTemplate":"https:\/\/www.colindres.es\/?s={search_term_string}"},"query-input":{"@type":"PropertyValueSpecification","valueRequired":true,"valueName":"search_term_string"}}],"inLanguage":"es"},{"@type":"Organization","@id":"https:\/\/www.colindres.es\/#organization","name":"AYUNTAMIENTO DE COLINDRES","url":"https:\/\/www.colindres.es\/","logo":{"@type":"ImageObject","inLanguage":"es","@id":"https:\/\/www.colindres.es\/#\/schema\/logo\/image\/","url":"https:\/\/www.colindres.es\/wp-content\/uploads\/2017\/01\/LOGO-PRINCIPAL.jpg","contentUrl":"https:\/\/www.colindres.es\/wp-content\/uploads\/2017\/01\/LOGO-PRINCIPAL.jpg","width":1209,"height":579,"caption":"AYUNTAMIENTO DE COLINDRES"},"image":{"@id":"https:\/\/www.colindres.es\/#\/schema\/logo\/image\/"}}]}},"_links":{"self":[{"href":"https:\/\/www.colindres.es\/index.php\/wp-json\/wp\/v2\/project\/1939","targetHints":{"allow":["GET"]}}],"collection":[{"href":"https:\/\/www.colindres.es\/index.php\/wp-json\/wp\/v2\/project"}],"about":[{"href":"https:\/\/www.colindres.es\/index.php\/wp-json\/wp\/v2\/types\/project"}],"author":[{"embeddable":true,"href":"https:\/\/www.colindres.es\/index.php\/wp-json\/wp\/v2\/users\/1"}],"replies":[{"embeddable":true,"href":"https:\/\/www.colindres.es\/index.php\/wp-json\/wp\/v2\/comments?post=1939"}],"version-history":[{"count":2,"href":"https:\/\/www.colindres.es\/index.php\/wp-json\/wp\/v2\/project\/1939\/revisions"}],"predecessor-version":[{"id":1943,"href":"https:\/\/www.colindres.es\/index.php\/wp-json\/wp\/v2\/project\/1939\/revisions\/1943"}],"wp:featuredmedia":[{"embeddable":true,"href":"https:\/\/www.colindres.es\/index.php\/wp-json\/wp\/v2\/media\/1410"}],"wp:attachment":[{"href":"https:\/\/www.colindres.es\/index.php\/wp-json\/wp\/v2\/media?parent=1939"}],"wp:term":[{"taxonomy":"project_category","embeddable":true,"href":"https:\/\/www.colindres.es\/index.php\/wp-json\/wp\/v2\/project_category?post=1939"},{"taxonomy":"project_tag","embeddable":true,"href":"https:\/\/www.colindres.es\/index.php\/wp-json\/wp\/v2\/project_tag?post=1939"}],"curies":[{"name":"wp","href":"https:\/\/api.w.org\/{rel}","templated":true}]}}