{"id":1936,"date":"2018-10-26T07:54:43","date_gmt":"2018-10-26T07:54:43","guid":{"rendered":"http:\/\/colindres.es\/?post_type=project&#038;p=1936"},"modified":"2018-10-26T07:54:52","modified_gmt":"2018-10-26T07:54:52","slug":"anuncio-del-tribunal-calificadorpara-la-seleccion-de-un-a-trabajador-a-en-regimen-laboral-temporal-para-el-puesto-de-trabajo-de-tecnico-a-coordinador-a-de-la-lanzadera-de-empleo-y-emprendimiento-solid","status":"publish","type":"project","link":"https:\/\/www.colindres.es\/index.php\/project\/anuncio-del-tribunal-calificadorpara-la-seleccion-de-un-a-trabajador-a-en-regimen-laboral-temporal-para-el-puesto-de-trabajo-de-tecnico-a-coordinador-a-de-la-lanzadera-de-empleo-y-emprendimiento-solid\/","title":{"rendered":"ANUNCIO DEL TRIBUNAL CALIFICADOR PARA LA SELECCI\u00d3N DE UN\/A TRABAJADOR\/A EN R\u00c9GIMEN LABORAL TEMPORAL PARA EL PUESTO DE TRABAJO DE T\u00c9CNICO\/A COORDINADOR\/A DE LA LANZADERA DE EMPLEO Y EMPRENDIMIENTO SOLIDARIO."},"content":{"rendered":"<p><strong><u>ANUNCIO DEL TRIBUNAL CALIFICADOR<\/u><\/strong><strong><u>PARA LA SELECCI\u00d3N DE UN\/A TRABAJADOR\/A EN R\u00c9GIMEN LABORAL TEMPORAL PARA EL PUESTO DE TRABAJO DE T\u00c9CNICO\/A COORDINADOR\/A DE LA LANZADERA DE EMPLEO Y EMPRENDIMIENTO SOLIDARIO.<\/u><\/strong><\/p>\n<p>Vista el acta del Tribunal calificador de fecha 23 de octubre de 2018, para la selecci\u00f3n de un trabajador\/a en r\u00e9gimen laboral temporal para el puesto de t\u00e9cnico\/a coordinador\/a de la lanzadera de empleo y emprendimiento solidario.<\/p>\n<p>A efectos de dar cumplimiento a lo establecido en la base sexta de las que rigen el proceso selectivo, se procede por parte del Tribunal a la publicaci\u00f3n en la sede electr\u00f3nica, y a efectos meramente informativos en el tabl\u00f3n de anuncios del Ayuntamiento de Colindres, en el tabl\u00f3n de anuncios de la Agencia de Desarrollo Local y en la web municipal, con indicaci\u00f3n de la puntuaci\u00f3n obtenida por los aspirantes propuestos<\/p>\n<table width=\"546\">\n<tbody>\n<tr>\n<td width=\"47\">N\u00ba<\/td>\n<td width=\"95\">DNI<\/td>\n<td width=\"198\">NOMBRE<\/td>\n<td width=\"54\"><strong>TOTAL FORMACION<\/strong><\/td>\n<td width=\"76\"><strong>TOTAL EXPERIENCIA<\/strong><\/td>\n<td width=\"76\"><strong>TOTAL CONCURSO<\/strong><\/td>\n<\/tr>\n<tr>\n<td width=\"47\">1<\/td>\n<td width=\"95\">00419752W<\/td>\n<td width=\"198\">HERRERA MORENO, MAR\u00cdA EVA<\/td>\n<td width=\"54\">2<\/td>\n<td width=\"76\">0<\/td>\n<td width=\"76\"><strong>2<\/strong><\/td>\n<\/tr>\n<tr>\n<td width=\"47\">2<\/td>\n<td width=\"95\">13919013B<\/td>\n<td width=\"198\">PERALES ROMAN, MERCEDES<\/td>\n<td width=\"54\">3<\/td>\n<td width=\"76\">5<\/td>\n<td width=\"76\"><strong>8<\/strong><\/td>\n<\/tr>\n<tr>\n<td width=\"47\">3<\/td>\n<td width=\"95\">13752471N<\/td>\n<td width=\"198\">CASADO MARCOS, JOSEFINA<\/td>\n<td width=\"54\">2<\/td>\n<td width=\"76\">5<\/td>\n<td width=\"76\"><strong>7<\/strong><\/td>\n<\/tr>\n<tr>\n<td width=\"47\">4<\/td>\n<td width=\"95\">13795282C<\/td>\n<td width=\"198\">CABEZ\u00d3N GUTI\u00c9RREZ, SARA<\/td>\n<td width=\"54\">0<\/td>\n<td width=\"76\">0<\/td>\n<td width=\"76\"><strong>0<\/strong><\/td>\n<\/tr>\n<tr>\n<td width=\"47\">5<\/td>\n<td width=\"95\">13796829A<\/td>\n<td width=\"198\">ANTOLIN HAZAS, M\u00ba ELENA<\/td>\n<td width=\"54\">2,5<\/td>\n<td width=\"76\">3,318<\/td>\n<td width=\"76\"><strong>5,818<\/strong><\/td>\n<\/tr>\n<tr>\n<td width=\"47\">6<\/td>\n<td width=\"95\">13920801M<\/td>\n<td width=\"198\">GUTIERREZ MERINO, JEZABEL<\/td>\n<td width=\"54\">2<\/td>\n<td width=\"76\">5<\/td>\n<td width=\"76\"><strong>7<\/strong><\/td>\n<\/tr>\n<tr>\n<td width=\"47\">7<\/td>\n<td width=\"95\">13935605C<\/td>\n<td width=\"198\">MARTINEZ CHOC\u00c1N, M\u00aa PAZ<\/td>\n<td width=\"54\">3<\/td>\n<td width=\"76\">5<\/td>\n<td width=\"76\"><strong>8<\/strong><\/td>\n<\/tr>\n<tr>\n<td width=\"47\">8<\/td>\n<td width=\"95\">20189318X<\/td>\n<td width=\"198\">POLVORINOS ORIA, GEMMA<\/td>\n<td width=\"54\">2<\/td>\n<td width=\"76\">5<\/td>\n<td width=\"76\"><strong>7<\/strong><\/td>\n<\/tr>\n<tr>\n<td width=\"47\">9<\/td>\n<td width=\"95\">20206298Q<\/td>\n<td width=\"198\">CARMONA ORTIZ, DEVA<\/td>\n<td width=\"54\">0<\/td>\n<td width=\"76\">0<\/td>\n<td width=\"76\"><strong>0<\/strong><\/td>\n<\/tr>\n<tr>\n<td width=\"47\">10<\/td>\n<td width=\"95\">27394996M<\/td>\n<td width=\"198\">VILL\u00c1N GARC\u00cdA, IB\u00c1N LUIS<\/td>\n<td width=\"54\">1,72<\/td>\n<td width=\"76\">2,632<\/td>\n<td width=\"76\"><strong>4,352<\/strong><\/td>\n<\/tr>\n<tr>\n<td width=\"47\">11<\/td>\n<td width=\"95\">28938459C<\/td>\n<td width=\"198\">MORENO TEOMIRO, M\u00aa \u00c1NGELES<\/td>\n<td width=\"54\">2<\/td>\n<td width=\"76\">5<\/td>\n<td width=\"76\"><strong>7<\/strong><\/td>\n<\/tr>\n<tr>\n<td width=\"47\">12<\/td>\n<td width=\"95\">30659030F<\/td>\n<td width=\"198\">AGUADO ARNAIZ, VER\u00d3NICA<\/td>\n<td width=\"54\">3<\/td>\n<td width=\"76\">5<\/td>\n<td width=\"76\"><strong>8<\/strong><\/td>\n<\/tr>\n<tr>\n<td width=\"47\">13<\/td>\n<td width=\"95\">33971207T<\/td>\n<td width=\"198\">CRESPO RODR\u00cdGUEZ, JOS\u00c9 MAR\u00cdA<\/td>\n<td width=\"54\">2<\/td>\n<td width=\"76\">2,312<\/td>\n<td width=\"76\"><strong>4,312<\/strong><\/td>\n<\/tr>\n<tr>\n<td width=\"47\">14<\/td>\n<td width=\"95\">72074308Y<\/td>\n<td width=\"198\">PEDRAJA FERNANDEZ, ESTHER<\/td>\n<td width=\"54\">3<\/td>\n<td width=\"76\">0,876<\/td>\n<td width=\"76\"><strong>3,876<\/strong><\/td>\n<\/tr>\n<tr>\n<td width=\"47\">15<\/td>\n<td width=\"95\">72102530Z<\/td>\n<td width=\"198\">MATA ROBLES, MARTA<\/td>\n<td width=\"54\">2<\/td>\n<td width=\"76\">0,972<\/td>\n<td width=\"76\"><strong>2,972<\/strong><\/td>\n<\/tr>\n<\/tbody>\n<\/table>\n<p>Se convoca a los\/as aspirantes baremados para el viernes, veintis\u00e9is (26) de octubre de 2018, a las 9:00 horas, en el Sal\u00f3n de Plenos del Ayuntamiento de Colindres sito en Alameda del Ayuntamiento s\/n, para la realizaci\u00f3n del proceso selectivo, recordando que deber\u00e1n venir provistos de bol\u00edgrafo azul, as\u00ed como DNI o documento acreditativo de identidad, y ello de conformidad con el Decreto de Alcald\u00eda 529\/2018, de 19 de octubre. La fase de exposici\u00f3n se iniciar\u00e1 a partir de las 10.00 horas.<\/p>\n<p>En Colindres, a la fecha de la firma electr\u00f3nica<\/p>\n<p>El Secretario del Tribunal,<\/p>\n<p>Jos\u00e9 Ignacio S\u00e1nchez Mart\u00ednez<\/p>\n<p><em>Documento firmado electr\u00f3nicamente (Ley 39\/2015, de 1 de octubre)<\/em><\/p>\n<p>&nbsp;<\/p>\n","protected":false},"excerpt":{"rendered":"<p>ANUNCIO DEL TRIBUNAL CALIFICADORPARA LA SELECCI\u00d3N DE UN\/A TRABAJADOR\/A EN R\u00c9GIMEN LABORAL TEMPORAL PARA EL PUESTO DE TRABAJO DE T\u00c9CNICO\/A COORDINADOR\/A DE LA LANZADERA DE EMPLEO Y EMPRENDIMIENTO SOLIDARIO. Vista el acta del Tribunal calificador de fecha 23 de octubre de 2018, para la selecci\u00f3n de un trabajador\/a en r\u00e9gimen laboral temporal para el puesto [&hellip;]<\/p>\n","protected":false},"author":1,"featured_media":1410,"comment_status":"open","ping_status":"closed","template":"","meta":{"_et_pb_use_builder":"","_et_pb_old_content":"","_et_gb_content_width":"","footnotes":""},"project_category":[],"project_tag":[],"class_list":["post-1936","project","type-project","status-publish","has-post-thumbnail","hentry"],"yoast_head":"<!-- This site is optimized with the Yoast SEO plugin v24.9 - https:\/\/yoast.com\/wordpress\/plugins\/seo\/ -->\n<title>ANUNCIO DEL TRIBUNAL CALIFICADOR PARA LA SELECCI\u00d3N DE UN\/A TRABAJADOR\/A EN R\u00c9GIMEN LABORAL TEMPORAL PARA EL PUESTO DE TRABAJO DE T\u00c9CNICO\/A COORDINADOR\/A DE LA LANZADERA DE EMPLEO Y EMPRENDIMIENTO SOLIDARIO. - Ayuntamiento de Colindres<\/title>\n<meta name=\"robots\" content=\"index, follow, max-snippet:-1, max-image-preview:large, max-video-preview:-1\" \/>\n<link rel=\"canonical\" href=\"https:\/\/www.colindres.es\/index.php\/project\/anuncio-del-tribunal-calificadorpara-la-seleccion-de-un-a-trabajador-a-en-regimen-laboral-temporal-para-el-puesto-de-trabajo-de-tecnico-a-coordinador-a-de-la-lanzadera-de-empleo-y-emprendimiento-solid\/\" \/>\n<meta property=\"og:locale\" content=\"es_ES\" \/>\n<meta property=\"og:type\" content=\"article\" \/>\n<meta property=\"og:title\" content=\"ANUNCIO DEL TRIBUNAL CALIFICADOR PARA LA SELECCI\u00d3N DE UN\/A TRABAJADOR\/A EN R\u00c9GIMEN LABORAL TEMPORAL PARA EL PUESTO DE TRABAJO DE T\u00c9CNICO\/A COORDINADOR\/A DE LA LANZADERA DE EMPLEO Y EMPRENDIMIENTO SOLIDARIO. - Ayuntamiento de Colindres\" \/>\n<meta property=\"og:description\" content=\"ANUNCIO DEL TRIBUNAL CALIFICADORPARA LA SELECCI\u00d3N DE UN\/A TRABAJADOR\/A EN R\u00c9GIMEN LABORAL TEMPORAL PARA EL PUESTO DE TRABAJO DE T\u00c9CNICO\/A COORDINADOR\/A DE LA LANZADERA DE EMPLEO Y EMPRENDIMIENTO SOLIDARIO. Vista el acta del Tribunal calificador de fecha 23 de octubre de 2018, para la selecci\u00f3n de un trabajador\/a en r\u00e9gimen laboral temporal para el puesto [&hellip;]\" \/>\n<meta property=\"og:url\" content=\"https:\/\/www.colindres.es\/index.php\/project\/anuncio-del-tribunal-calificadorpara-la-seleccion-de-un-a-trabajador-a-en-regimen-laboral-temporal-para-el-puesto-de-trabajo-de-tecnico-a-coordinador-a-de-la-lanzadera-de-empleo-y-emprendimiento-solid\/\" \/>\n<meta property=\"og:site_name\" content=\"Ayuntamiento de Colindres\" \/>\n<meta property=\"article:modified_time\" content=\"2018-10-26T07:54:52+00:00\" \/>\n<meta property=\"og:image\" content=\"https:\/\/www.colindres.es\/wp-content\/uploads\/2018\/04\/entorno-casa-cultura-y-serafina-e1660055504744.jpg\" \/>\n\t<meta property=\"og:image:width\" content=\"368\" \/>\n\t<meta property=\"og:image:height\" content=\"411\" \/>\n\t<meta property=\"og:image:type\" content=\"image\/jpeg\" \/>\n<meta name=\"twitter:card\" content=\"summary_large_image\" \/>\n<meta name=\"twitter:label1\" content=\"Tiempo de lectura\" \/>\n\t<meta name=\"twitter:data1\" content=\"2 minutos\" \/>\n<script type=\"application\/ld+json\" class=\"yoast-schema-graph\">{\"@context\":\"https:\/\/schema.org\",\"@graph\":[{\"@type\":\"WebPage\",\"@id\":\"https:\/\/www.colindres.es\/index.php\/project\/anuncio-del-tribunal-calificadorpara-la-seleccion-de-un-a-trabajador-a-en-regimen-laboral-temporal-para-el-puesto-de-trabajo-de-tecnico-a-coordinador-a-de-la-lanzadera-de-empleo-y-emprendimiento-solid\/\",\"url\":\"https:\/\/www.colindres.es\/index.php\/project\/anuncio-del-tribunal-calificadorpara-la-seleccion-de-un-a-trabajador-a-en-regimen-laboral-temporal-para-el-puesto-de-trabajo-de-tecnico-a-coordinador-a-de-la-lanzadera-de-empleo-y-emprendimiento-solid\/\",\"name\":\"ANUNCIO DEL TRIBUNAL CALIFICADOR PARA LA SELECCI\u00d3N DE UN\/A TRABAJADOR\/A EN R\u00c9GIMEN LABORAL TEMPORAL PARA EL PUESTO DE TRABAJO DE T\u00c9CNICO\/A COORDINADOR\/A DE LA LANZADERA DE EMPLEO Y EMPRENDIMIENTO SOLIDARIO. - Ayuntamiento de Colindres\",\"isPartOf\":{\"@id\":\"https:\/\/www.colindres.es\/#website\"},\"primaryImageOfPage\":{\"@id\":\"https:\/\/www.colindres.es\/index.php\/project\/anuncio-del-tribunal-calificadorpara-la-seleccion-de-un-a-trabajador-a-en-regimen-laboral-temporal-para-el-puesto-de-trabajo-de-tecnico-a-coordinador-a-de-la-lanzadera-de-empleo-y-emprendimiento-solid\/#primaryimage\"},\"image\":{\"@id\":\"https:\/\/www.colindres.es\/index.php\/project\/anuncio-del-tribunal-calificadorpara-la-seleccion-de-un-a-trabajador-a-en-regimen-laboral-temporal-para-el-puesto-de-trabajo-de-tecnico-a-coordinador-a-de-la-lanzadera-de-empleo-y-emprendimiento-solid\/#primaryimage\"},\"thumbnailUrl\":\"https:\/\/www.colindres.es\/wp-content\/uploads\/2018\/04\/entorno-casa-cultura-y-serafina-e1660055504744.jpg\",\"datePublished\":\"2018-10-26T07:54:43+00:00\",\"dateModified\":\"2018-10-26T07:54:52+00:00\",\"breadcrumb\":{\"@id\":\"https:\/\/www.colindres.es\/index.php\/project\/anuncio-del-tribunal-calificadorpara-la-seleccion-de-un-a-trabajador-a-en-regimen-laboral-temporal-para-el-puesto-de-trabajo-de-tecnico-a-coordinador-a-de-la-lanzadera-de-empleo-y-emprendimiento-solid\/#breadcrumb\"},\"inLanguage\":\"es\",\"potentialAction\":[{\"@type\":\"ReadAction\",\"target\":[\"https:\/\/www.colindres.es\/index.php\/project\/anuncio-del-tribunal-calificadorpara-la-seleccion-de-un-a-trabajador-a-en-regimen-laboral-temporal-para-el-puesto-de-trabajo-de-tecnico-a-coordinador-a-de-la-lanzadera-de-empleo-y-emprendimiento-solid\/\"]}]},{\"@type\":\"ImageObject\",\"inLanguage\":\"es\",\"@id\":\"https:\/\/www.colindres.es\/index.php\/project\/anuncio-del-tribunal-calificadorpara-la-seleccion-de-un-a-trabajador-a-en-regimen-laboral-temporal-para-el-puesto-de-trabajo-de-tecnico-a-coordinador-a-de-la-lanzadera-de-empleo-y-emprendimiento-solid\/#primaryimage\",\"url\":\"https:\/\/www.colindres.es\/wp-content\/uploads\/2018\/04\/entorno-casa-cultura-y-serafina-e1660055504744.jpg\",\"contentUrl\":\"https:\/\/www.colindres.es\/wp-content\/uploads\/2018\/04\/entorno-casa-cultura-y-serafina-e1660055504744.jpg\",\"width\":368,\"height\":411},{\"@type\":\"BreadcrumbList\",\"@id\":\"https:\/\/www.colindres.es\/index.php\/project\/anuncio-del-tribunal-calificadorpara-la-seleccion-de-un-a-trabajador-a-en-regimen-laboral-temporal-para-el-puesto-de-trabajo-de-tecnico-a-coordinador-a-de-la-lanzadera-de-empleo-y-emprendimiento-solid\/#breadcrumb\",\"itemListElement\":[{\"@type\":\"ListItem\",\"position\":1,\"name\":\"Portada\",\"item\":\"https:\/\/www.colindres.es\/\"},{\"@type\":\"ListItem\",\"position\":2,\"name\":\"Proyectos\",\"item\":\"https:\/\/www.colindres.es\/index.php\/project\/\"},{\"@type\":\"ListItem\",\"position\":3,\"name\":\"ANUNCIO DEL TRIBUNAL CALIFICADOR PARA LA SELECCI\u00d3N DE UN\/A TRABAJADOR\/A EN R\u00c9GIMEN LABORAL TEMPORAL PARA EL PUESTO DE TRABAJO DE T\u00c9CNICO\/A COORDINADOR\/A DE LA LANZADERA DE EMPLEO Y EMPRENDIMIENTO SOLIDARIO.\"}]},{\"@type\":\"WebSite\",\"@id\":\"https:\/\/www.colindres.es\/#website\",\"url\":\"https:\/\/www.colindres.es\/\",\"name\":\"Ayuntamiento de Colindres\",\"description\":\"Dise\u00f1ado por NTIC&#039;s\",\"publisher\":{\"@id\":\"https:\/\/www.colindres.es\/#organization\"},\"potentialAction\":[{\"@type\":\"SearchAction\",\"target\":{\"@type\":\"EntryPoint\",\"urlTemplate\":\"https:\/\/www.colindres.es\/?s={search_term_string}\"},\"query-input\":{\"@type\":\"PropertyValueSpecification\",\"valueRequired\":true,\"valueName\":\"search_term_string\"}}],\"inLanguage\":\"es\"},{\"@type\":\"Organization\",\"@id\":\"https:\/\/www.colindres.es\/#organization\",\"name\":\"AYUNTAMIENTO DE COLINDRES\",\"url\":\"https:\/\/www.colindres.es\/\",\"logo\":{\"@type\":\"ImageObject\",\"inLanguage\":\"es\",\"@id\":\"https:\/\/www.colindres.es\/#\/schema\/logo\/image\/\",\"url\":\"https:\/\/www.colindres.es\/wp-content\/uploads\/2017\/01\/LOGO-PRINCIPAL.jpg\",\"contentUrl\":\"https:\/\/www.colindres.es\/wp-content\/uploads\/2017\/01\/LOGO-PRINCIPAL.jpg\",\"width\":1209,\"height\":579,\"caption\":\"AYUNTAMIENTO DE COLINDRES\"},\"image\":{\"@id\":\"https:\/\/www.colindres.es\/#\/schema\/logo\/image\/\"}}]}<\/script>\n<!-- \/ Yoast SEO plugin. -->","yoast_head_json":{"title":"ANUNCIO DEL TRIBUNAL CALIFICADOR PARA LA SELECCI\u00d3N DE UN\/A TRABAJADOR\/A EN R\u00c9GIMEN LABORAL TEMPORAL PARA EL PUESTO DE TRABAJO DE T\u00c9CNICO\/A COORDINADOR\/A DE LA LANZADERA DE EMPLEO Y EMPRENDIMIENTO SOLIDARIO. - Ayuntamiento de Colindres","robots":{"index":"index","follow":"follow","max-snippet":"max-snippet:-1","max-image-preview":"max-image-preview:large","max-video-preview":"max-video-preview:-1"},"canonical":"https:\/\/www.colindres.es\/index.php\/project\/anuncio-del-tribunal-calificadorpara-la-seleccion-de-un-a-trabajador-a-en-regimen-laboral-temporal-para-el-puesto-de-trabajo-de-tecnico-a-coordinador-a-de-la-lanzadera-de-empleo-y-emprendimiento-solid\/","og_locale":"es_ES","og_type":"article","og_title":"ANUNCIO DEL TRIBUNAL CALIFICADOR PARA LA SELECCI\u00d3N DE UN\/A TRABAJADOR\/A EN R\u00c9GIMEN LABORAL TEMPORAL PARA EL PUESTO DE TRABAJO DE T\u00c9CNICO\/A COORDINADOR\/A DE LA LANZADERA DE EMPLEO Y EMPRENDIMIENTO SOLIDARIO. - Ayuntamiento de Colindres","og_description":"ANUNCIO DEL TRIBUNAL CALIFICADORPARA LA SELECCI\u00d3N DE UN\/A TRABAJADOR\/A EN R\u00c9GIMEN LABORAL TEMPORAL PARA EL PUESTO DE TRABAJO DE T\u00c9CNICO\/A COORDINADOR\/A DE LA LANZADERA DE EMPLEO Y EMPRENDIMIENTO SOLIDARIO. Vista el acta del Tribunal calificador de fecha 23 de octubre de 2018, para la selecci\u00f3n de un trabajador\/a en r\u00e9gimen laboral temporal para el puesto [&hellip;]","og_url":"https:\/\/www.colindres.es\/index.php\/project\/anuncio-del-tribunal-calificadorpara-la-seleccion-de-un-a-trabajador-a-en-regimen-laboral-temporal-para-el-puesto-de-trabajo-de-tecnico-a-coordinador-a-de-la-lanzadera-de-empleo-y-emprendimiento-solid\/","og_site_name":"Ayuntamiento de Colindres","article_modified_time":"2018-10-26T07:54:52+00:00","og_image":[{"width":368,"height":411,"url":"https:\/\/www.colindres.es\/wp-content\/uploads\/2018\/04\/entorno-casa-cultura-y-serafina-e1660055504744.jpg","type":"image\/jpeg"}],"twitter_card":"summary_large_image","twitter_misc":{"Tiempo de lectura":"2 minutos"},"schema":{"@context":"https:\/\/schema.org","@graph":[{"@type":"WebPage","@id":"https:\/\/www.colindres.es\/index.php\/project\/anuncio-del-tribunal-calificadorpara-la-seleccion-de-un-a-trabajador-a-en-regimen-laboral-temporal-para-el-puesto-de-trabajo-de-tecnico-a-coordinador-a-de-la-lanzadera-de-empleo-y-emprendimiento-solid\/","url":"https:\/\/www.colindres.es\/index.php\/project\/anuncio-del-tribunal-calificadorpara-la-seleccion-de-un-a-trabajador-a-en-regimen-laboral-temporal-para-el-puesto-de-trabajo-de-tecnico-a-coordinador-a-de-la-lanzadera-de-empleo-y-emprendimiento-solid\/","name":"ANUNCIO DEL TRIBUNAL CALIFICADOR PARA LA SELECCI\u00d3N DE UN\/A TRABAJADOR\/A EN R\u00c9GIMEN LABORAL TEMPORAL PARA EL PUESTO DE TRABAJO DE T\u00c9CNICO\/A COORDINADOR\/A DE LA LANZADERA DE EMPLEO Y EMPRENDIMIENTO SOLIDARIO. - Ayuntamiento de Colindres","isPartOf":{"@id":"https:\/\/www.colindres.es\/#website"},"primaryImageOfPage":{"@id":"https:\/\/www.colindres.es\/index.php\/project\/anuncio-del-tribunal-calificadorpara-la-seleccion-de-un-a-trabajador-a-en-regimen-laboral-temporal-para-el-puesto-de-trabajo-de-tecnico-a-coordinador-a-de-la-lanzadera-de-empleo-y-emprendimiento-solid\/#primaryimage"},"image":{"@id":"https:\/\/www.colindres.es\/index.php\/project\/anuncio-del-tribunal-calificadorpara-la-seleccion-de-un-a-trabajador-a-en-regimen-laboral-temporal-para-el-puesto-de-trabajo-de-tecnico-a-coordinador-a-de-la-lanzadera-de-empleo-y-emprendimiento-solid\/#primaryimage"},"thumbnailUrl":"https:\/\/www.colindres.es\/wp-content\/uploads\/2018\/04\/entorno-casa-cultura-y-serafina-e1660055504744.jpg","datePublished":"2018-10-26T07:54:43+00:00","dateModified":"2018-10-26T07:54:52+00:00","breadcrumb":{"@id":"https:\/\/www.colindres.es\/index.php\/project\/anuncio-del-tribunal-calificadorpara-la-seleccion-de-un-a-trabajador-a-en-regimen-laboral-temporal-para-el-puesto-de-trabajo-de-tecnico-a-coordinador-a-de-la-lanzadera-de-empleo-y-emprendimiento-solid\/#breadcrumb"},"inLanguage":"es","potentialAction":[{"@type":"ReadAction","target":["https:\/\/www.colindres.es\/index.php\/project\/anuncio-del-tribunal-calificadorpara-la-seleccion-de-un-a-trabajador-a-en-regimen-laboral-temporal-para-el-puesto-de-trabajo-de-tecnico-a-coordinador-a-de-la-lanzadera-de-empleo-y-emprendimiento-solid\/"]}]},{"@type":"ImageObject","inLanguage":"es","@id":"https:\/\/www.colindres.es\/index.php\/project\/anuncio-del-tribunal-calificadorpara-la-seleccion-de-un-a-trabajador-a-en-regimen-laboral-temporal-para-el-puesto-de-trabajo-de-tecnico-a-coordinador-a-de-la-lanzadera-de-empleo-y-emprendimiento-solid\/#primaryimage","url":"https:\/\/www.colindres.es\/wp-content\/uploads\/2018\/04\/entorno-casa-cultura-y-serafina-e1660055504744.jpg","contentUrl":"https:\/\/www.colindres.es\/wp-content\/uploads\/2018\/04\/entorno-casa-cultura-y-serafina-e1660055504744.jpg","width":368,"height":411},{"@type":"BreadcrumbList","@id":"https:\/\/www.colindres.es\/index.php\/project\/anuncio-del-tribunal-calificadorpara-la-seleccion-de-un-a-trabajador-a-en-regimen-laboral-temporal-para-el-puesto-de-trabajo-de-tecnico-a-coordinador-a-de-la-lanzadera-de-empleo-y-emprendimiento-solid\/#breadcrumb","itemListElement":[{"@type":"ListItem","position":1,"name":"Portada","item":"https:\/\/www.colindres.es\/"},{"@type":"ListItem","position":2,"name":"Proyectos","item":"https:\/\/www.colindres.es\/index.php\/project\/"},{"@type":"ListItem","position":3,"name":"ANUNCIO DEL TRIBUNAL CALIFICADOR PARA LA SELECCI\u00d3N DE UN\/A TRABAJADOR\/A EN R\u00c9GIMEN LABORAL TEMPORAL PARA EL PUESTO DE TRABAJO DE T\u00c9CNICO\/A COORDINADOR\/A DE LA LANZADERA DE EMPLEO Y EMPRENDIMIENTO SOLIDARIO."}]},{"@type":"WebSite","@id":"https:\/\/www.colindres.es\/#website","url":"https:\/\/www.colindres.es\/","name":"Ayuntamiento de Colindres","description":"Dise\u00f1ado por NTIC&#039;s","publisher":{"@id":"https:\/\/www.colindres.es\/#organization"},"potentialAction":[{"@type":"SearchAction","target":{"@type":"EntryPoint","urlTemplate":"https:\/\/www.colindres.es\/?s={search_term_string}"},"query-input":{"@type":"PropertyValueSpecification","valueRequired":true,"valueName":"search_term_string"}}],"inLanguage":"es"},{"@type":"Organization","@id":"https:\/\/www.colindres.es\/#organization","name":"AYUNTAMIENTO DE COLINDRES","url":"https:\/\/www.colindres.es\/","logo":{"@type":"ImageObject","inLanguage":"es","@id":"https:\/\/www.colindres.es\/#\/schema\/logo\/image\/","url":"https:\/\/www.colindres.es\/wp-content\/uploads\/2017\/01\/LOGO-PRINCIPAL.jpg","contentUrl":"https:\/\/www.colindres.es\/wp-content\/uploads\/2017\/01\/LOGO-PRINCIPAL.jpg","width":1209,"height":579,"caption":"AYUNTAMIENTO DE COLINDRES"},"image":{"@id":"https:\/\/www.colindres.es\/#\/schema\/logo\/image\/"}}]}},"_links":{"self":[{"href":"https:\/\/www.colindres.es\/index.php\/wp-json\/wp\/v2\/project\/1936","targetHints":{"allow":["GET"]}}],"collection":[{"href":"https:\/\/www.colindres.es\/index.php\/wp-json\/wp\/v2\/project"}],"about":[{"href":"https:\/\/www.colindres.es\/index.php\/wp-json\/wp\/v2\/types\/project"}],"author":[{"embeddable":true,"href":"https:\/\/www.colindres.es\/index.php\/wp-json\/wp\/v2\/users\/1"}],"replies":[{"embeddable":true,"href":"https:\/\/www.colindres.es\/index.php\/wp-json\/wp\/v2\/comments?post=1936"}],"version-history":[{"count":2,"href":"https:\/\/www.colindres.es\/index.php\/wp-json\/wp\/v2\/project\/1936\/revisions"}],"predecessor-version":[{"id":1938,"href":"https:\/\/www.colindres.es\/index.php\/wp-json\/wp\/v2\/project\/1936\/revisions\/1938"}],"wp:featuredmedia":[{"embeddable":true,"href":"https:\/\/www.colindres.es\/index.php\/wp-json\/wp\/v2\/media\/1410"}],"wp:attachment":[{"href":"https:\/\/www.colindres.es\/index.php\/wp-json\/wp\/v2\/media?parent=1936"}],"wp:term":[{"taxonomy":"project_category","embeddable":true,"href":"https:\/\/www.colindres.es\/index.php\/wp-json\/wp\/v2\/project_category?post=1936"},{"taxonomy":"project_tag","embeddable":true,"href":"https:\/\/www.colindres.es\/index.php\/wp-json\/wp\/v2\/project_tag?post=1936"}],"curies":[{"name":"wp","href":"https:\/\/api.w.org\/{rel}","templated":true}]}}