{"id":1930,"date":"2018-10-23T06:49:18","date_gmt":"2018-10-23T06:49:18","guid":{"rendered":"http:\/\/colindres.es\/?post_type=project&#038;p=1930"},"modified":"2018-10-23T06:49:18","modified_gmt":"2018-10-23T06:49:18","slug":"anuncio-relacion-de-admitidos-excluidos-definitiva-para-la-seleccion-del-puesto-de-trabajo-tecnico-a-coordinador-a-de-la-lanzadera-de-empleo-y-emprendimiento-solidario-al-amparo-de-la-orden-hac-29-20","status":"publish","type":"project","link":"https:\/\/www.colindres.es\/index.php\/project\/anuncio-relacion-de-admitidos-excluidos-definitiva-para-la-seleccion-del-puesto-de-trabajo-tecnico-a-coordinador-a-de-la-lanzadera-de-empleo-y-emprendimiento-solidario-al-amparo-de-la-orden-hac-29-20\/","title":{"rendered":"ANUNCIO RELACI\u00d3N DE ADMITIDOS\/EXCLUIDOS DEFINITIVA PARA LA SELECCI\u00d3N DEL PUESTO DE TRABAJO: T\u00c9CNICO\/A COORDINADOR\/A DE LA LANZADERA DE EMPLEO Y EMPRENDIMIENTO SOLIDARIO al amparo de la Orden HAC\/29\/2018, de 23 DE MAYO, por la que se establecen las bases reguladoras de subvenciones para la puesta en marcha de Lanzaderas de Empleo y Emprendimiento solidario en el \u00e1mbito de la Comunidad Aut\u00f3noma de Cantabria."},"content":{"rendered":"<p><strong>ANUNCIO RELACI\u00d3N DE ADMITIDOS\/EXCLUIDOS DEFINITIVA PARA LA SELECCI\u00d3N DEL PUESTO DE TRABAJO: T\u00c9CNICO\/A COORDINADOR\/A DE LA LANZADERA DE EMPLEO Y EMPRENDIMIENTO SOLIDARIO al amparo de la Orden HAC\/29\/2018, de 23 DE MAYO, por la que se establecen las bases reguladoras de subvenciones para la puesta en marcha de Lanzaderas de Empleo y Emprendimiento solidario en el \u00e1mbito de la Comunidad Aut\u00f3noma de Cantabria.<\/strong><\/p>\n<p>Por medio del presente anuncio, y una vez finalizado el plazo de presentaci\u00f3n de alegaciones o reclamaciones a la lista provisional de admitidos\/excluidos, se da publicidad al Decreto de Alcald\u00eda 517\/2018, relativo a la relaci\u00f3n de admitidos\/excluidos definitiva y convocatoria de realizaci\u00f3n de prueba selectiva, para la selecci\u00f3n de puesto de trabajo: T\u00c9CNICO\/A COORDINADOR\/A DE LA LANZADERA DE EMPLEO Y EMPRENDIMIENTO SOLIDARIO al amparo de la Orden HAC\/29\/2018, de 23 DE AGOSTO, decreto que acuerda los siguientes puntos.<\/p>\n<p><strong>Primero.- <\/strong>Aprobar la lista definitiva de aspirantes admitidos y excluidos, al proceso de selecci\u00f3n para la contrataci\u00f3n laboral temporal para el puesto: T\u00c9CNICO\/A COORDINADOR\/A DE LA LANZADERA DE EMPLEO Y EMPRENDIMIENTO SOLIDARIO al amparo de la Orden HAC\/29\/2018, de 23 de mayo, y ello en los siguientes t\u00e9rminos:<\/p>\n<p><strong>Admitidos\/as definitivos:<\/strong><\/p>\n<table width=\"326\">\n<tbody>\n<tr>\n<td width=\"69\"><strong>DNI<\/strong><\/td>\n<td width=\"257\"><strong>NOMBRE<\/strong><\/td>\n<\/tr>\n<tr>\n<td width=\"69\">00419752W<\/td>\n<td width=\"257\">HERRERA MORENO, MAR\u00cdA EVA<\/td>\n<\/tr>\n<tr>\n<td width=\"69\">13919013B<\/td>\n<td width=\"257\">PERALES ROMAN, MERCEDES<\/td>\n<\/tr>\n<tr>\n<td width=\"69\">13752471N<\/td>\n<td width=\"257\">CASADO MARCOS, JOSEFINA<\/td>\n<\/tr>\n<tr>\n<td width=\"69\">13795282C<\/td>\n<td width=\"257\">CABEZ\u00d3N GUTI\u00c9RREZ, SARA<\/td>\n<\/tr>\n<tr>\n<td width=\"69\">13796829A<\/td>\n<td width=\"257\">ANTOLIN HAZAS, M\u00ba ELENA<\/td>\n<\/tr>\n<tr>\n<td width=\"69\">13920801M<\/td>\n<td width=\"257\">GUTIERREZ MERINO, JEZABEL<\/td>\n<\/tr>\n<tr>\n<td width=\"69\">13935605C<\/td>\n<td width=\"257\">MARTINEZ CHOC\u00c1N, M\u00aa PAZ<\/td>\n<\/tr>\n<tr>\n<td width=\"69\">20189318X<\/td>\n<td width=\"257\">POLVORINOS ORIA, GEMMA<\/td>\n<\/tr>\n<tr>\n<td width=\"69\">20206298Q<\/td>\n<td width=\"257\">CARMONA ORTIZ, DEVA<\/td>\n<\/tr>\n<tr>\n<td width=\"69\">27394996M<\/td>\n<td width=\"257\">VILLAN GARCIA, IBAN LUIS<\/td>\n<\/tr>\n<tr>\n<td width=\"69\">28938459C<\/td>\n<td width=\"257\">MORENO TEOMIRO, M\u00aa \u00c1NGELES<\/td>\n<\/tr>\n<tr>\n<td width=\"69\">30659030F<\/td>\n<td width=\"257\">AGUADO ARNAIZ, VER\u00d3NICA<\/td>\n<\/tr>\n<tr>\n<td width=\"69\">33971207T<\/td>\n<td width=\"257\">CRESPO RODR\u00cdGUEZ, JOS\u00c9 MAR\u00cdA<\/td>\n<\/tr>\n<tr>\n<td width=\"69\">72074308Y<\/td>\n<td width=\"257\">PEDRAJA FERNANDEZ, ESTHER<\/td>\n<\/tr>\n<tr>\n<td width=\"69\">72102530Z<\/td>\n<td width=\"257\">MATA ROBLES, MARTA<\/td>\n<\/tr>\n<\/tbody>\n<\/table>\n<p><strong>Excluidos\/as definitivos:<\/strong><\/p>\n<p>Ninguno.<\/p>\n<p><strong>Segundo.- <\/strong>Convocar a los aspirantes admitidos en la presente para la realizaci\u00f3n del proceso selectivo en el Sal\u00f3n de Plenos del Ayuntamiento de Colindres sita en Alameda del Ayuntamiento s\/n, debiendo asistir provistos de bol\u00edgrafo azul as\u00ed como D.N.I o documento acreditativo de identidad, el viernes 26 de octubre de 2018 a las 9.00 horas. La fase de exposici\u00f3n se iniciar\u00e1 a partir de las 10.00 horas.<\/p>\n<p><strong>Tercero.- <\/strong>Exponer la lista definitiva de aspirantes admitidos y excluidos <u>en la sede electr\u00f3nica del Ayuntamiento de Colindres<\/u>, y a efectos informativos por el tabl\u00f3n de anuncios del ayuntamiento y en su p\u00e1gina web.<\/p>\n<p>Publicaci\u00f3n que se realiza al amparo de la base 4 de las de selecci\u00f3n, y a efectos de general conocimiento.<\/p>\n<p>En Colindres, a la fecha de la firma electr\u00f3nica.<\/p>\n<p>El Alcalde,<\/p>\n<p>Javier Incera Goyenechea<\/p>\n<p><em>Documento firmado digitalmente (Ley 39\/2015, de 1 de octubre)<\/em><\/p>\n","protected":false},"excerpt":{"rendered":"<p>ANUNCIO RELACI\u00d3N DE ADMITIDOS\/EXCLUIDOS DEFINITIVA PARA LA SELECCI\u00d3N DEL PUESTO DE TRABAJO: T\u00c9CNICO\/A COORDINADOR\/A DE LA LANZADERA DE EMPLEO Y EMPRENDIMIENTO SOLIDARIO al amparo de la Orden HAC\/29\/2018, de 23 DE MAYO, por la que se establecen las bases reguladoras de subvenciones para la puesta en marcha de Lanzaderas de Empleo y Emprendimiento solidario en [&hellip;]<\/p>\n","protected":false},"author":1,"featured_media":1410,"comment_status":"open","ping_status":"closed","template":"","meta":{"_et_pb_use_builder":"","_et_pb_old_content":"","_et_gb_content_width":"","footnotes":""},"project_category":[],"project_tag":[],"class_list":["post-1930","project","type-project","status-publish","has-post-thumbnail","hentry"],"yoast_head":"<!-- This site is optimized with the Yoast SEO plugin v24.9 - https:\/\/yoast.com\/wordpress\/plugins\/seo\/ -->\n<title>ANUNCIO RELACI\u00d3N DE ADMITIDOS\/EXCLUIDOS DEFINITIVA PARA LA SELECCI\u00d3N DEL PUESTO DE TRABAJO: T\u00c9CNICO\/A COORDINADOR\/A DE LA LANZADERA DE EMPLEO Y EMPRENDIMIENTO SOLIDARIO al amparo de la Orden HAC\/29\/2018, de 23 DE MAYO, por la que se establecen las bases reguladoras de subvenciones para la puesta en marcha de Lanzaderas de Empleo y Emprendimiento solidario en el \u00e1mbito de la Comunidad Aut\u00f3noma de Cantabria. - Ayuntamiento de Colindres<\/title>\n<meta name=\"robots\" content=\"index, follow, max-snippet:-1, max-image-preview:large, max-video-preview:-1\" \/>\n<link rel=\"canonical\" href=\"https:\/\/www.colindres.es\/index.php\/project\/anuncio-relacion-de-admitidos-excluidos-definitiva-para-la-seleccion-del-puesto-de-trabajo-tecnico-a-coordinador-a-de-la-lanzadera-de-empleo-y-emprendimiento-solidario-al-amparo-de-la-orden-hac-29-20\/\" \/>\n<meta property=\"og:locale\" content=\"es_ES\" \/>\n<meta property=\"og:type\" content=\"article\" \/>\n<meta property=\"og:title\" content=\"ANUNCIO RELACI\u00d3N DE ADMITIDOS\/EXCLUIDOS DEFINITIVA PARA LA SELECCI\u00d3N DEL PUESTO DE TRABAJO: T\u00c9CNICO\/A COORDINADOR\/A DE LA LANZADERA DE EMPLEO Y EMPRENDIMIENTO SOLIDARIO al amparo de la Orden HAC\/29\/2018, de 23 DE MAYO, por la que se establecen las bases reguladoras de subvenciones para la puesta en marcha de Lanzaderas de Empleo y Emprendimiento solidario en el \u00e1mbito de la Comunidad Aut\u00f3noma de Cantabria. - Ayuntamiento de Colindres\" \/>\n<meta property=\"og:description\" content=\"ANUNCIO RELACI\u00d3N DE ADMITIDOS\/EXCLUIDOS DEFINITIVA PARA LA SELECCI\u00d3N DEL PUESTO DE TRABAJO: T\u00c9CNICO\/A COORDINADOR\/A DE LA LANZADERA DE EMPLEO Y EMPRENDIMIENTO SOLIDARIO al amparo de la Orden HAC\/29\/2018, de 23 DE MAYO, por la que se establecen las bases reguladoras de subvenciones para la puesta en marcha de Lanzaderas de Empleo y Emprendimiento solidario en [&hellip;]\" \/>\n<meta property=\"og:url\" content=\"https:\/\/www.colindres.es\/index.php\/project\/anuncio-relacion-de-admitidos-excluidos-definitiva-para-la-seleccion-del-puesto-de-trabajo-tecnico-a-coordinador-a-de-la-lanzadera-de-empleo-y-emprendimiento-solidario-al-amparo-de-la-orden-hac-29-20\/\" \/>\n<meta property=\"og:site_name\" content=\"Ayuntamiento de Colindres\" \/>\n<meta property=\"og:image\" content=\"https:\/\/www.colindres.es\/wp-content\/uploads\/2018\/04\/entorno-casa-cultura-y-serafina-e1660055504744.jpg\" \/>\n\t<meta property=\"og:image:width\" content=\"368\" \/>\n\t<meta property=\"og:image:height\" content=\"411\" \/>\n\t<meta property=\"og:image:type\" content=\"image\/jpeg\" \/>\n<meta name=\"twitter:card\" content=\"summary_large_image\" \/>\n<meta name=\"twitter:label1\" content=\"Tiempo de lectura\" \/>\n\t<meta name=\"twitter:data1\" content=\"2 minutos\" \/>\n<script type=\"application\/ld+json\" class=\"yoast-schema-graph\">{\"@context\":\"https:\/\/schema.org\",\"@graph\":[{\"@type\":\"WebPage\",\"@id\":\"https:\/\/www.colindres.es\/index.php\/project\/anuncio-relacion-de-admitidos-excluidos-definitiva-para-la-seleccion-del-puesto-de-trabajo-tecnico-a-coordinador-a-de-la-lanzadera-de-empleo-y-emprendimiento-solidario-al-amparo-de-la-orden-hac-29-20\/\",\"url\":\"https:\/\/www.colindres.es\/index.php\/project\/anuncio-relacion-de-admitidos-excluidos-definitiva-para-la-seleccion-del-puesto-de-trabajo-tecnico-a-coordinador-a-de-la-lanzadera-de-empleo-y-emprendimiento-solidario-al-amparo-de-la-orden-hac-29-20\/\",\"name\":\"ANUNCIO RELACI\u00d3N DE ADMITIDOS\/EXCLUIDOS DEFINITIVA PARA LA SELECCI\u00d3N DEL PUESTO DE TRABAJO: T\u00c9CNICO\/A COORDINADOR\/A DE LA LANZADERA DE EMPLEO Y EMPRENDIMIENTO SOLIDARIO al amparo de la Orden HAC\/29\/2018, de 23 DE MAYO, por la que se establecen las bases reguladoras de subvenciones para la puesta en marcha de Lanzaderas de Empleo y Emprendimiento solidario en el \u00e1mbito de la Comunidad Aut\u00f3noma de Cantabria. - Ayuntamiento de Colindres\",\"isPartOf\":{\"@id\":\"https:\/\/www.colindres.es\/#website\"},\"primaryImageOfPage\":{\"@id\":\"https:\/\/www.colindres.es\/index.php\/project\/anuncio-relacion-de-admitidos-excluidos-definitiva-para-la-seleccion-del-puesto-de-trabajo-tecnico-a-coordinador-a-de-la-lanzadera-de-empleo-y-emprendimiento-solidario-al-amparo-de-la-orden-hac-29-20\/#primaryimage\"},\"image\":{\"@id\":\"https:\/\/www.colindres.es\/index.php\/project\/anuncio-relacion-de-admitidos-excluidos-definitiva-para-la-seleccion-del-puesto-de-trabajo-tecnico-a-coordinador-a-de-la-lanzadera-de-empleo-y-emprendimiento-solidario-al-amparo-de-la-orden-hac-29-20\/#primaryimage\"},\"thumbnailUrl\":\"https:\/\/www.colindres.es\/wp-content\/uploads\/2018\/04\/entorno-casa-cultura-y-serafina-e1660055504744.jpg\",\"datePublished\":\"2018-10-23T06:49:18+00:00\",\"breadcrumb\":{\"@id\":\"https:\/\/www.colindres.es\/index.php\/project\/anuncio-relacion-de-admitidos-excluidos-definitiva-para-la-seleccion-del-puesto-de-trabajo-tecnico-a-coordinador-a-de-la-lanzadera-de-empleo-y-emprendimiento-solidario-al-amparo-de-la-orden-hac-29-20\/#breadcrumb\"},\"inLanguage\":\"es\",\"potentialAction\":[{\"@type\":\"ReadAction\",\"target\":[\"https:\/\/www.colindres.es\/index.php\/project\/anuncio-relacion-de-admitidos-excluidos-definitiva-para-la-seleccion-del-puesto-de-trabajo-tecnico-a-coordinador-a-de-la-lanzadera-de-empleo-y-emprendimiento-solidario-al-amparo-de-la-orden-hac-29-20\/\"]}]},{\"@type\":\"ImageObject\",\"inLanguage\":\"es\",\"@id\":\"https:\/\/www.colindres.es\/index.php\/project\/anuncio-relacion-de-admitidos-excluidos-definitiva-para-la-seleccion-del-puesto-de-trabajo-tecnico-a-coordinador-a-de-la-lanzadera-de-empleo-y-emprendimiento-solidario-al-amparo-de-la-orden-hac-29-20\/#primaryimage\",\"url\":\"https:\/\/www.colindres.es\/wp-content\/uploads\/2018\/04\/entorno-casa-cultura-y-serafina-e1660055504744.jpg\",\"contentUrl\":\"https:\/\/www.colindres.es\/wp-content\/uploads\/2018\/04\/entorno-casa-cultura-y-serafina-e1660055504744.jpg\",\"width\":368,\"height\":411},{\"@type\":\"BreadcrumbList\",\"@id\":\"https:\/\/www.colindres.es\/index.php\/project\/anuncio-relacion-de-admitidos-excluidos-definitiva-para-la-seleccion-del-puesto-de-trabajo-tecnico-a-coordinador-a-de-la-lanzadera-de-empleo-y-emprendimiento-solidario-al-amparo-de-la-orden-hac-29-20\/#breadcrumb\",\"itemListElement\":[{\"@type\":\"ListItem\",\"position\":1,\"name\":\"Portada\",\"item\":\"https:\/\/www.colindres.es\/\"},{\"@type\":\"ListItem\",\"position\":2,\"name\":\"Proyectos\",\"item\":\"https:\/\/www.colindres.es\/index.php\/project\/\"},{\"@type\":\"ListItem\",\"position\":3,\"name\":\"ANUNCIO RELACI\u00d3N DE ADMITIDOS\/EXCLUIDOS DEFINITIVA PARA LA SELECCI\u00d3N DEL PUESTO DE TRABAJO: T\u00c9CNICO\/A COORDINADOR\/A DE LA LANZADERA DE EMPLEO Y EMPRENDIMIENTO SOLIDARIO al amparo de la Orden HAC\/29\/2018, de 23 DE MAYO, por la que se establecen las bases reguladoras de subvenciones para la puesta en marcha de Lanzaderas de Empleo y Emprendimiento solidario en el \u00e1mbito de la Comunidad Aut\u00f3noma de Cantabria.\"}]},{\"@type\":\"WebSite\",\"@id\":\"https:\/\/www.colindres.es\/#website\",\"url\":\"https:\/\/www.colindres.es\/\",\"name\":\"Ayuntamiento de Colindres\",\"description\":\"Dise\u00f1ado por NTIC&#039;s\",\"publisher\":{\"@id\":\"https:\/\/www.colindres.es\/#organization\"},\"potentialAction\":[{\"@type\":\"SearchAction\",\"target\":{\"@type\":\"EntryPoint\",\"urlTemplate\":\"https:\/\/www.colindres.es\/?s={search_term_string}\"},\"query-input\":{\"@type\":\"PropertyValueSpecification\",\"valueRequired\":true,\"valueName\":\"search_term_string\"}}],\"inLanguage\":\"es\"},{\"@type\":\"Organization\",\"@id\":\"https:\/\/www.colindres.es\/#organization\",\"name\":\"AYUNTAMIENTO DE COLINDRES\",\"url\":\"https:\/\/www.colindres.es\/\",\"logo\":{\"@type\":\"ImageObject\",\"inLanguage\":\"es\",\"@id\":\"https:\/\/www.colindres.es\/#\/schema\/logo\/image\/\",\"url\":\"https:\/\/www.colindres.es\/wp-content\/uploads\/2017\/01\/LOGO-PRINCIPAL.jpg\",\"contentUrl\":\"https:\/\/www.colindres.es\/wp-content\/uploads\/2017\/01\/LOGO-PRINCIPAL.jpg\",\"width\":1209,\"height\":579,\"caption\":\"AYUNTAMIENTO DE COLINDRES\"},\"image\":{\"@id\":\"https:\/\/www.colindres.es\/#\/schema\/logo\/image\/\"}}]}<\/script>\n<!-- \/ Yoast SEO plugin. -->","yoast_head_json":{"title":"ANUNCIO RELACI\u00d3N DE ADMITIDOS\/EXCLUIDOS DEFINITIVA PARA LA SELECCI\u00d3N DEL PUESTO DE TRABAJO: T\u00c9CNICO\/A COORDINADOR\/A DE LA LANZADERA DE EMPLEO Y EMPRENDIMIENTO SOLIDARIO al amparo de la Orden HAC\/29\/2018, de 23 DE MAYO, por la que se establecen las bases reguladoras de subvenciones para la puesta en marcha de Lanzaderas de Empleo y Emprendimiento solidario en el \u00e1mbito de la Comunidad Aut\u00f3noma de Cantabria. - Ayuntamiento de Colindres","robots":{"index":"index","follow":"follow","max-snippet":"max-snippet:-1","max-image-preview":"max-image-preview:large","max-video-preview":"max-video-preview:-1"},"canonical":"https:\/\/www.colindres.es\/index.php\/project\/anuncio-relacion-de-admitidos-excluidos-definitiva-para-la-seleccion-del-puesto-de-trabajo-tecnico-a-coordinador-a-de-la-lanzadera-de-empleo-y-emprendimiento-solidario-al-amparo-de-la-orden-hac-29-20\/","og_locale":"es_ES","og_type":"article","og_title":"ANUNCIO RELACI\u00d3N DE ADMITIDOS\/EXCLUIDOS DEFINITIVA PARA LA SELECCI\u00d3N DEL PUESTO DE TRABAJO: T\u00c9CNICO\/A COORDINADOR\/A DE LA LANZADERA DE EMPLEO Y EMPRENDIMIENTO SOLIDARIO al amparo de la Orden HAC\/29\/2018, de 23 DE MAYO, por la que se establecen las bases reguladoras de subvenciones para la puesta en marcha de Lanzaderas de Empleo y Emprendimiento solidario en el \u00e1mbito de la Comunidad Aut\u00f3noma de Cantabria. - Ayuntamiento de Colindres","og_description":"ANUNCIO RELACI\u00d3N DE ADMITIDOS\/EXCLUIDOS DEFINITIVA PARA LA SELECCI\u00d3N DEL PUESTO DE TRABAJO: T\u00c9CNICO\/A COORDINADOR\/A DE LA LANZADERA DE EMPLEO Y EMPRENDIMIENTO SOLIDARIO al amparo de la Orden HAC\/29\/2018, de 23 DE MAYO, por la que se establecen las bases reguladoras de subvenciones para la puesta en marcha de Lanzaderas de Empleo y Emprendimiento solidario en [&hellip;]","og_url":"https:\/\/www.colindres.es\/index.php\/project\/anuncio-relacion-de-admitidos-excluidos-definitiva-para-la-seleccion-del-puesto-de-trabajo-tecnico-a-coordinador-a-de-la-lanzadera-de-empleo-y-emprendimiento-solidario-al-amparo-de-la-orden-hac-29-20\/","og_site_name":"Ayuntamiento de Colindres","og_image":[{"width":368,"height":411,"url":"https:\/\/www.colindres.es\/wp-content\/uploads\/2018\/04\/entorno-casa-cultura-y-serafina-e1660055504744.jpg","type":"image\/jpeg"}],"twitter_card":"summary_large_image","twitter_misc":{"Tiempo de lectura":"2 minutos"},"schema":{"@context":"https:\/\/schema.org","@graph":[{"@type":"WebPage","@id":"https:\/\/www.colindres.es\/index.php\/project\/anuncio-relacion-de-admitidos-excluidos-definitiva-para-la-seleccion-del-puesto-de-trabajo-tecnico-a-coordinador-a-de-la-lanzadera-de-empleo-y-emprendimiento-solidario-al-amparo-de-la-orden-hac-29-20\/","url":"https:\/\/www.colindres.es\/index.php\/project\/anuncio-relacion-de-admitidos-excluidos-definitiva-para-la-seleccion-del-puesto-de-trabajo-tecnico-a-coordinador-a-de-la-lanzadera-de-empleo-y-emprendimiento-solidario-al-amparo-de-la-orden-hac-29-20\/","name":"ANUNCIO RELACI\u00d3N DE ADMITIDOS\/EXCLUIDOS DEFINITIVA PARA LA SELECCI\u00d3N DEL PUESTO DE TRABAJO: T\u00c9CNICO\/A COORDINADOR\/A DE LA LANZADERA DE EMPLEO Y EMPRENDIMIENTO SOLIDARIO al amparo de la Orden HAC\/29\/2018, de 23 DE MAYO, por la que se establecen las bases reguladoras de subvenciones para la puesta en marcha de Lanzaderas de Empleo y Emprendimiento solidario en el \u00e1mbito de la Comunidad Aut\u00f3noma de Cantabria. - Ayuntamiento de Colindres","isPartOf":{"@id":"https:\/\/www.colindres.es\/#website"},"primaryImageOfPage":{"@id":"https:\/\/www.colindres.es\/index.php\/project\/anuncio-relacion-de-admitidos-excluidos-definitiva-para-la-seleccion-del-puesto-de-trabajo-tecnico-a-coordinador-a-de-la-lanzadera-de-empleo-y-emprendimiento-solidario-al-amparo-de-la-orden-hac-29-20\/#primaryimage"},"image":{"@id":"https:\/\/www.colindres.es\/index.php\/project\/anuncio-relacion-de-admitidos-excluidos-definitiva-para-la-seleccion-del-puesto-de-trabajo-tecnico-a-coordinador-a-de-la-lanzadera-de-empleo-y-emprendimiento-solidario-al-amparo-de-la-orden-hac-29-20\/#primaryimage"},"thumbnailUrl":"https:\/\/www.colindres.es\/wp-content\/uploads\/2018\/04\/entorno-casa-cultura-y-serafina-e1660055504744.jpg","datePublished":"2018-10-23T06:49:18+00:00","breadcrumb":{"@id":"https:\/\/www.colindres.es\/index.php\/project\/anuncio-relacion-de-admitidos-excluidos-definitiva-para-la-seleccion-del-puesto-de-trabajo-tecnico-a-coordinador-a-de-la-lanzadera-de-empleo-y-emprendimiento-solidario-al-amparo-de-la-orden-hac-29-20\/#breadcrumb"},"inLanguage":"es","potentialAction":[{"@type":"ReadAction","target":["https:\/\/www.colindres.es\/index.php\/project\/anuncio-relacion-de-admitidos-excluidos-definitiva-para-la-seleccion-del-puesto-de-trabajo-tecnico-a-coordinador-a-de-la-lanzadera-de-empleo-y-emprendimiento-solidario-al-amparo-de-la-orden-hac-29-20\/"]}]},{"@type":"ImageObject","inLanguage":"es","@id":"https:\/\/www.colindres.es\/index.php\/project\/anuncio-relacion-de-admitidos-excluidos-definitiva-para-la-seleccion-del-puesto-de-trabajo-tecnico-a-coordinador-a-de-la-lanzadera-de-empleo-y-emprendimiento-solidario-al-amparo-de-la-orden-hac-29-20\/#primaryimage","url":"https:\/\/www.colindres.es\/wp-content\/uploads\/2018\/04\/entorno-casa-cultura-y-serafina-e1660055504744.jpg","contentUrl":"https:\/\/www.colindres.es\/wp-content\/uploads\/2018\/04\/entorno-casa-cultura-y-serafina-e1660055504744.jpg","width":368,"height":411},{"@type":"BreadcrumbList","@id":"https:\/\/www.colindres.es\/index.php\/project\/anuncio-relacion-de-admitidos-excluidos-definitiva-para-la-seleccion-del-puesto-de-trabajo-tecnico-a-coordinador-a-de-la-lanzadera-de-empleo-y-emprendimiento-solidario-al-amparo-de-la-orden-hac-29-20\/#breadcrumb","itemListElement":[{"@type":"ListItem","position":1,"name":"Portada","item":"https:\/\/www.colindres.es\/"},{"@type":"ListItem","position":2,"name":"Proyectos","item":"https:\/\/www.colindres.es\/index.php\/project\/"},{"@type":"ListItem","position":3,"name":"ANUNCIO RELACI\u00d3N DE ADMITIDOS\/EXCLUIDOS DEFINITIVA PARA LA SELECCI\u00d3N DEL PUESTO DE TRABAJO: T\u00c9CNICO\/A COORDINADOR\/A DE LA LANZADERA DE EMPLEO Y EMPRENDIMIENTO SOLIDARIO al amparo de la Orden HAC\/29\/2018, de 23 DE MAYO, por la que se establecen las bases reguladoras de subvenciones para la puesta en marcha de Lanzaderas de Empleo y Emprendimiento solidario en el \u00e1mbito de la Comunidad Aut\u00f3noma de Cantabria."}]},{"@type":"WebSite","@id":"https:\/\/www.colindres.es\/#website","url":"https:\/\/www.colindres.es\/","name":"Ayuntamiento de Colindres","description":"Dise\u00f1ado por NTIC&#039;s","publisher":{"@id":"https:\/\/www.colindres.es\/#organization"},"potentialAction":[{"@type":"SearchAction","target":{"@type":"EntryPoint","urlTemplate":"https:\/\/www.colindres.es\/?s={search_term_string}"},"query-input":{"@type":"PropertyValueSpecification","valueRequired":true,"valueName":"search_term_string"}}],"inLanguage":"es"},{"@type":"Organization","@id":"https:\/\/www.colindres.es\/#organization","name":"AYUNTAMIENTO DE COLINDRES","url":"https:\/\/www.colindres.es\/","logo":{"@type":"ImageObject","inLanguage":"es","@id":"https:\/\/www.colindres.es\/#\/schema\/logo\/image\/","url":"https:\/\/www.colindres.es\/wp-content\/uploads\/2017\/01\/LOGO-PRINCIPAL.jpg","contentUrl":"https:\/\/www.colindres.es\/wp-content\/uploads\/2017\/01\/LOGO-PRINCIPAL.jpg","width":1209,"height":579,"caption":"AYUNTAMIENTO DE COLINDRES"},"image":{"@id":"https:\/\/www.colindres.es\/#\/schema\/logo\/image\/"}}]}},"_links":{"self":[{"href":"https:\/\/www.colindres.es\/index.php\/wp-json\/wp\/v2\/project\/1930","targetHints":{"allow":["GET"]}}],"collection":[{"href":"https:\/\/www.colindres.es\/index.php\/wp-json\/wp\/v2\/project"}],"about":[{"href":"https:\/\/www.colindres.es\/index.php\/wp-json\/wp\/v2\/types\/project"}],"author":[{"embeddable":true,"href":"https:\/\/www.colindres.es\/index.php\/wp-json\/wp\/v2\/users\/1"}],"replies":[{"embeddable":true,"href":"https:\/\/www.colindres.es\/index.php\/wp-json\/wp\/v2\/comments?post=1930"}],"version-history":[{"count":1,"href":"https:\/\/www.colindres.es\/index.php\/wp-json\/wp\/v2\/project\/1930\/revisions"}],"predecessor-version":[{"id":1931,"href":"https:\/\/www.colindres.es\/index.php\/wp-json\/wp\/v2\/project\/1930\/revisions\/1931"}],"wp:featuredmedia":[{"embeddable":true,"href":"https:\/\/www.colindres.es\/index.php\/wp-json\/wp\/v2\/media\/1410"}],"wp:attachment":[{"href":"https:\/\/www.colindres.es\/index.php\/wp-json\/wp\/v2\/media?parent=1930"}],"wp:term":[{"taxonomy":"project_category","embeddable":true,"href":"https:\/\/www.colindres.es\/index.php\/wp-json\/wp\/v2\/project_category?post=1930"},{"taxonomy":"project_tag","embeddable":true,"href":"https:\/\/www.colindres.es\/index.php\/wp-json\/wp\/v2\/project_tag?post=1930"}],"curies":[{"name":"wp","href":"https:\/\/api.w.org\/{rel}","templated":true}]}}