{"id":1927,"date":"2018-10-15T04:57:33","date_gmt":"2018-10-15T04:57:33","guid":{"rendered":"http:\/\/colindres.es\/?post_type=project&#038;p=1927"},"modified":"2018-10-15T04:57:33","modified_gmt":"2018-10-15T04:57:33","slug":"anuncio-relacion-de-admitidos-excluidos-provisional-para-la-seleccion-del-puesto-de-trabajo-tecnico-a-coordinador-a-de-la-lanzadera-de-empleo-y-emprendimiento-solidario-al-amparo-de-la-orden-hac-29-2","status":"publish","type":"project","link":"https:\/\/www.colindres.es\/index.php\/project\/anuncio-relacion-de-admitidos-excluidos-provisional-para-la-seleccion-del-puesto-de-trabajo-tecnico-a-coordinador-a-de-la-lanzadera-de-empleo-y-emprendimiento-solidario-al-amparo-de-la-orden-hac-29-2\/","title":{"rendered":"ANUNCIO RELACI\u00d3N DE ADMITIDOS\/EXCLUIDOS PROVISIONAL PARA LA SELECCI\u00d3N DEL PUESTO DE TRABAJO: T\u00c9CNICO\/A COORDINADOR\/A DE LA LANZADERA DE EMPLEO Y EMPRENDIMIENTO SOLIDARIO al amparo de la Orden HAC\/29\/2018, de 23 de mayo, por la que se establecen las bases reguladoras de subvenciones para la puesta en marcha de Lanzaderas de Empleo y Emprendimiento solidario en el \u00e1mbito de la Comunidad Aut\u00f3noma de Cantabria."},"content":{"rendered":"<p><strong>ANUNCIO RELACI\u00d3N DE ADMITIDOS\/EXCLUIDOS PROVISIONAL PARA LA SELECCI\u00d3N DEL PUESTO DE TRABAJO: T\u00c9CNICO\/A COORDINADOR\/A DE LA LANZADERA DE EMPLEO Y EMPRENDIMIENTO SOLIDARIO al amparo de la Orden HAC\/29\/2018, de 23 de mayo, por la que se establecen las bases reguladoras de subvenciones para la puesta en marcha de Lanzaderas de Empleo y Emprendimiento solidario en el \u00e1mbito de la Comunidad Aut\u00f3noma de Cantabria.<\/strong><\/p>\n<p>Por medio del presente anuncio, y una vez finalizado el plazo de presentaci\u00f3n de instancias, se da publicidad al Decreto de Alcald\u00eda 517\/2018, de 11 de octubre de 2018, relativo a la relaci\u00f3n de admitidos\/excluidos provisional para la selecci\u00f3n de puesto de trabajo: <strong>T\u00c9CNICO\/A COORDINADOR\/A DE LA LANZADERA DE EMPLEO Y EMPRENDIMIENTO SOLIDARIO al amparo de la Orden HAC\/29\/2018, de 23 DE MAYO<\/strong>, a efectos de que en el plazo de <strong>dos d\u00edas h\u00e1biles <\/strong>a contar desde el siguiente de la publicaci\u00f3n del presente anuncio en la sede electr\u00f3nica del ayuntamiento (www.colindres.sedelectronica.es), presenten alegaciones o reclamaciones que consideren oportunas o procedan a la subsanaci\u00f3n de la documentaci\u00f3n correspondiente.<\/p>\n<p><strong>Admitidos\/as provisionales:<\/strong><\/p>\n<table width=\"332\">\n<tbody>\n<tr>\n<td width=\"74\"><strong>DNI<\/strong><\/td>\n<td width=\"257\"><strong>NOMBRE<\/strong><\/td>\n<\/tr>\n<tr>\n<td width=\"74\">00419752W<\/td>\n<td width=\"257\">HERRERA MORENO, MAR\u00cdA EVA<\/td>\n<\/tr>\n<tr>\n<td width=\"74\">13919013B<\/td>\n<td width=\"257\">PERALES ROMAN, MERCEDES<\/td>\n<\/tr>\n<tr>\n<td width=\"74\">13752471N<\/td>\n<td width=\"257\">CASADO MARCOS, JOSEFINA<\/td>\n<\/tr>\n<tr>\n<td width=\"74\">13795282C<\/td>\n<td width=\"257\">CABEZ\u00d3N GUTI\u00c9RREZ, SARA<\/td>\n<\/tr>\n<tr>\n<td width=\"74\">13796829A<\/td>\n<td width=\"257\">ANTOLIN HAZAS, M\u00ba ELENA<\/td>\n<\/tr>\n<tr>\n<td width=\"74\">13920801M<\/td>\n<td width=\"257\">GUTIERREZ MERINO, JEZABEL<\/td>\n<\/tr>\n<tr>\n<td width=\"74\">13935605C<\/td>\n<td width=\"257\">MARTINEZ CHOC\u00c1N, M\u00aa PAZ<\/td>\n<\/tr>\n<tr>\n<td width=\"74\">20189318X<\/td>\n<td width=\"257\">POLVORINOS ORIA, GEMMA<\/td>\n<\/tr>\n<tr>\n<td width=\"74\">28938459C<\/td>\n<td width=\"257\">MORENO TEOMIRO, M\u00aa \u00c1NGELES<\/td>\n<\/tr>\n<tr>\n<td width=\"74\">30659030F<\/td>\n<td width=\"257\">AGUADO ARNAIZ, VER\u00d3NICA<\/td>\n<\/tr>\n<tr>\n<td width=\"74\">33971207T<\/td>\n<td width=\"257\">CRESPO RODR\u00cdGUEZ, JOS\u00c9 MAR\u00cdA<\/td>\n<\/tr>\n<tr>\n<td width=\"74\">72074308Y<\/td>\n<td width=\"257\">PEDRAJA FERNANDEZ, ESTHER<\/td>\n<\/tr>\n<tr>\n<td width=\"74\">72102530Z<\/td>\n<td width=\"257\">MATA ROBLES, MARTA<\/td>\n<\/tr>\n<\/tbody>\n<\/table>\n<p><strong>Excluidos\/as provisionales:<\/strong><\/p>\n<table>\n<tbody>\n<tr>\n<td width=\"85\"><strong>DNI<\/strong><\/td>\n<td width=\"208\"><strong>NOMBRE<\/strong><\/td>\n<td width=\"279\"><strong>CAUSA EXCLUSION<\/strong><\/td>\n<\/tr>\n<tr>\n<td width=\"85\">20206298Q<\/td>\n<td width=\"208\">CARMONA ORTIZ, DEVA<\/td>\n<td width=\"279\">T\u00edtulo de coaching sin compulsar y sin especificar el contenido<\/td>\n<\/tr>\n<tr>\n<td width=\"85\">27394996M<\/td>\n<td width=\"208\">VILL\u00c1N GARC\u00cdA, IBAN LUIS<\/td>\n<td width=\"279\">Documentaci\u00f3n sin compulsar. T\u00edtulo de coaching sin especificar las horas<\/td>\n<\/tr>\n<\/tbody>\n<\/table>\n<p>Los aspirantes excluidos tendr\u00e1n plazo de subsanaci\u00f3n hasta el 16 de octubre de 2018 a las 14:00 horas en relaci\u00f3n a <strong>la documentaci\u00f3n que se considera en las bases de selecci\u00f3n como subsanable, y que se especifica como causa de exclusi\u00f3n, en caso de utilizarse medios de registro distintos del Registro General del Ayuntamiento, ser\u00e1 indispensable la puesta en conocimiento antes del t\u00e9rmino del plazo mediante fax al n\u00famero 942674588.<\/strong><\/p>\n<p>En Colindres, a la fecha de la firma electr\u00f3nica<\/p>\n<p>El Alcalde.<\/p>\n<p>Javier Incera Goyenechea<\/p>\n<p><em>Documento firmado electr\u00f3nicamente (Ley 39\/2015, de 1 de octubre)<\/em><\/p>\n","protected":false},"excerpt":{"rendered":"<p>ANUNCIO RELACI\u00d3N DE ADMITIDOS\/EXCLUIDOS PROVISIONAL PARA LA SELECCI\u00d3N DEL PUESTO DE TRABAJO: T\u00c9CNICO\/A COORDINADOR\/A DE LA LANZADERA DE EMPLEO Y EMPRENDIMIENTO SOLIDARIO al amparo de la Orden HAC\/29\/2018, de 23 de mayo, por la que se establecen las bases reguladoras de subvenciones para la puesta en marcha de Lanzaderas de Empleo y Emprendimiento solidario en [&hellip;]<\/p>\n","protected":false},"author":1,"featured_media":1410,"comment_status":"open","ping_status":"closed","template":"","meta":{"_et_pb_use_builder":"","_et_pb_old_content":"","_et_gb_content_width":"","footnotes":""},"project_category":[],"project_tag":[],"class_list":["post-1927","project","type-project","status-publish","has-post-thumbnail","hentry"],"yoast_head":"<!-- This site is optimized with the Yoast SEO plugin v24.9 - https:\/\/yoast.com\/wordpress\/plugins\/seo\/ -->\n<title>ANUNCIO RELACI\u00d3N DE ADMITIDOS\/EXCLUIDOS PROVISIONAL PARA LA SELECCI\u00d3N DEL PUESTO DE TRABAJO: T\u00c9CNICO\/A COORDINADOR\/A DE LA LANZADERA DE EMPLEO Y EMPRENDIMIENTO SOLIDARIO al amparo de la Orden HAC\/29\/2018, de 23 de mayo, por la que se establecen las bases reguladoras de subvenciones para la puesta en marcha de Lanzaderas de Empleo y Emprendimiento solidario en el \u00e1mbito de la Comunidad Aut\u00f3noma de Cantabria. - Ayuntamiento de Colindres<\/title>\n<meta name=\"robots\" content=\"index, follow, max-snippet:-1, max-image-preview:large, max-video-preview:-1\" \/>\n<link rel=\"canonical\" href=\"https:\/\/www.colindres.es\/index.php\/project\/anuncio-relacion-de-admitidos-excluidos-provisional-para-la-seleccion-del-puesto-de-trabajo-tecnico-a-coordinador-a-de-la-lanzadera-de-empleo-y-emprendimiento-solidario-al-amparo-de-la-orden-hac-29-2\/\" \/>\n<meta property=\"og:locale\" content=\"es_ES\" \/>\n<meta property=\"og:type\" content=\"article\" \/>\n<meta property=\"og:title\" content=\"ANUNCIO RELACI\u00d3N DE ADMITIDOS\/EXCLUIDOS PROVISIONAL PARA LA SELECCI\u00d3N DEL PUESTO DE TRABAJO: T\u00c9CNICO\/A COORDINADOR\/A DE LA LANZADERA DE EMPLEO Y EMPRENDIMIENTO SOLIDARIO al amparo de la Orden HAC\/29\/2018, de 23 de mayo, por la que se establecen las bases reguladoras de subvenciones para la puesta en marcha de Lanzaderas de Empleo y Emprendimiento solidario en el \u00e1mbito de la Comunidad Aut\u00f3noma de Cantabria. - Ayuntamiento de Colindres\" \/>\n<meta property=\"og:description\" content=\"ANUNCIO RELACI\u00d3N DE ADMITIDOS\/EXCLUIDOS PROVISIONAL PARA LA SELECCI\u00d3N DEL PUESTO DE TRABAJO: T\u00c9CNICO\/A COORDINADOR\/A DE LA LANZADERA DE EMPLEO Y EMPRENDIMIENTO SOLIDARIO al amparo de la Orden HAC\/29\/2018, de 23 de mayo, por la que se establecen las bases reguladoras de subvenciones para la puesta en marcha de Lanzaderas de Empleo y Emprendimiento solidario en [&hellip;]\" \/>\n<meta property=\"og:url\" content=\"https:\/\/www.colindres.es\/index.php\/project\/anuncio-relacion-de-admitidos-excluidos-provisional-para-la-seleccion-del-puesto-de-trabajo-tecnico-a-coordinador-a-de-la-lanzadera-de-empleo-y-emprendimiento-solidario-al-amparo-de-la-orden-hac-29-2\/\" \/>\n<meta property=\"og:site_name\" content=\"Ayuntamiento de Colindres\" \/>\n<meta property=\"og:image\" content=\"https:\/\/www.colindres.es\/wp-content\/uploads\/2018\/04\/entorno-casa-cultura-y-serafina-e1660055504744.jpg\" \/>\n\t<meta property=\"og:image:width\" content=\"368\" \/>\n\t<meta property=\"og:image:height\" content=\"411\" \/>\n\t<meta property=\"og:image:type\" content=\"image\/jpeg\" \/>\n<meta name=\"twitter:card\" content=\"summary_large_image\" \/>\n<meta name=\"twitter:label1\" content=\"Tiempo de lectura\" \/>\n\t<meta name=\"twitter:data1\" content=\"2 minutos\" \/>\n<script type=\"application\/ld+json\" class=\"yoast-schema-graph\">{\"@context\":\"https:\/\/schema.org\",\"@graph\":[{\"@type\":\"WebPage\",\"@id\":\"https:\/\/www.colindres.es\/index.php\/project\/anuncio-relacion-de-admitidos-excluidos-provisional-para-la-seleccion-del-puesto-de-trabajo-tecnico-a-coordinador-a-de-la-lanzadera-de-empleo-y-emprendimiento-solidario-al-amparo-de-la-orden-hac-29-2\/\",\"url\":\"https:\/\/www.colindres.es\/index.php\/project\/anuncio-relacion-de-admitidos-excluidos-provisional-para-la-seleccion-del-puesto-de-trabajo-tecnico-a-coordinador-a-de-la-lanzadera-de-empleo-y-emprendimiento-solidario-al-amparo-de-la-orden-hac-29-2\/\",\"name\":\"ANUNCIO RELACI\u00d3N DE ADMITIDOS\/EXCLUIDOS PROVISIONAL PARA LA SELECCI\u00d3N DEL PUESTO DE TRABAJO: T\u00c9CNICO\/A COORDINADOR\/A DE LA LANZADERA DE EMPLEO Y EMPRENDIMIENTO SOLIDARIO al amparo de la Orden HAC\/29\/2018, de 23 de mayo, por la que se establecen las bases reguladoras de subvenciones para la puesta en marcha de Lanzaderas de Empleo y Emprendimiento solidario en el \u00e1mbito de la Comunidad Aut\u00f3noma de Cantabria. - Ayuntamiento de Colindres\",\"isPartOf\":{\"@id\":\"https:\/\/www.colindres.es\/#website\"},\"primaryImageOfPage\":{\"@id\":\"https:\/\/www.colindres.es\/index.php\/project\/anuncio-relacion-de-admitidos-excluidos-provisional-para-la-seleccion-del-puesto-de-trabajo-tecnico-a-coordinador-a-de-la-lanzadera-de-empleo-y-emprendimiento-solidario-al-amparo-de-la-orden-hac-29-2\/#primaryimage\"},\"image\":{\"@id\":\"https:\/\/www.colindres.es\/index.php\/project\/anuncio-relacion-de-admitidos-excluidos-provisional-para-la-seleccion-del-puesto-de-trabajo-tecnico-a-coordinador-a-de-la-lanzadera-de-empleo-y-emprendimiento-solidario-al-amparo-de-la-orden-hac-29-2\/#primaryimage\"},\"thumbnailUrl\":\"https:\/\/www.colindres.es\/wp-content\/uploads\/2018\/04\/entorno-casa-cultura-y-serafina-e1660055504744.jpg\",\"datePublished\":\"2018-10-15T04:57:33+00:00\",\"breadcrumb\":{\"@id\":\"https:\/\/www.colindres.es\/index.php\/project\/anuncio-relacion-de-admitidos-excluidos-provisional-para-la-seleccion-del-puesto-de-trabajo-tecnico-a-coordinador-a-de-la-lanzadera-de-empleo-y-emprendimiento-solidario-al-amparo-de-la-orden-hac-29-2\/#breadcrumb\"},\"inLanguage\":\"es\",\"potentialAction\":[{\"@type\":\"ReadAction\",\"target\":[\"https:\/\/www.colindres.es\/index.php\/project\/anuncio-relacion-de-admitidos-excluidos-provisional-para-la-seleccion-del-puesto-de-trabajo-tecnico-a-coordinador-a-de-la-lanzadera-de-empleo-y-emprendimiento-solidario-al-amparo-de-la-orden-hac-29-2\/\"]}]},{\"@type\":\"ImageObject\",\"inLanguage\":\"es\",\"@id\":\"https:\/\/www.colindres.es\/index.php\/project\/anuncio-relacion-de-admitidos-excluidos-provisional-para-la-seleccion-del-puesto-de-trabajo-tecnico-a-coordinador-a-de-la-lanzadera-de-empleo-y-emprendimiento-solidario-al-amparo-de-la-orden-hac-29-2\/#primaryimage\",\"url\":\"https:\/\/www.colindres.es\/wp-content\/uploads\/2018\/04\/entorno-casa-cultura-y-serafina-e1660055504744.jpg\",\"contentUrl\":\"https:\/\/www.colindres.es\/wp-content\/uploads\/2018\/04\/entorno-casa-cultura-y-serafina-e1660055504744.jpg\",\"width\":368,\"height\":411},{\"@type\":\"BreadcrumbList\",\"@id\":\"https:\/\/www.colindres.es\/index.php\/project\/anuncio-relacion-de-admitidos-excluidos-provisional-para-la-seleccion-del-puesto-de-trabajo-tecnico-a-coordinador-a-de-la-lanzadera-de-empleo-y-emprendimiento-solidario-al-amparo-de-la-orden-hac-29-2\/#breadcrumb\",\"itemListElement\":[{\"@type\":\"ListItem\",\"position\":1,\"name\":\"Portada\",\"item\":\"https:\/\/www.colindres.es\/\"},{\"@type\":\"ListItem\",\"position\":2,\"name\":\"Proyectos\",\"item\":\"https:\/\/www.colindres.es\/index.php\/project\/\"},{\"@type\":\"ListItem\",\"position\":3,\"name\":\"ANUNCIO RELACI\u00d3N DE ADMITIDOS\/EXCLUIDOS PROVISIONAL PARA LA SELECCI\u00d3N DEL PUESTO DE TRABAJO: T\u00c9CNICO\/A COORDINADOR\/A DE LA LANZADERA DE EMPLEO Y EMPRENDIMIENTO SOLIDARIO al amparo de la Orden HAC\/29\/2018, de 23 de mayo, por la que se establecen las bases reguladoras de subvenciones para la puesta en marcha de Lanzaderas de Empleo y Emprendimiento solidario en el \u00e1mbito de la Comunidad Aut\u00f3noma de Cantabria.\"}]},{\"@type\":\"WebSite\",\"@id\":\"https:\/\/www.colindres.es\/#website\",\"url\":\"https:\/\/www.colindres.es\/\",\"name\":\"Ayuntamiento de Colindres\",\"description\":\"Dise\u00f1ado por NTIC&#039;s\",\"publisher\":{\"@id\":\"https:\/\/www.colindres.es\/#organization\"},\"potentialAction\":[{\"@type\":\"SearchAction\",\"target\":{\"@type\":\"EntryPoint\",\"urlTemplate\":\"https:\/\/www.colindres.es\/?s={search_term_string}\"},\"query-input\":{\"@type\":\"PropertyValueSpecification\",\"valueRequired\":true,\"valueName\":\"search_term_string\"}}],\"inLanguage\":\"es\"},{\"@type\":\"Organization\",\"@id\":\"https:\/\/www.colindres.es\/#organization\",\"name\":\"AYUNTAMIENTO DE COLINDRES\",\"url\":\"https:\/\/www.colindres.es\/\",\"logo\":{\"@type\":\"ImageObject\",\"inLanguage\":\"es\",\"@id\":\"https:\/\/www.colindres.es\/#\/schema\/logo\/image\/\",\"url\":\"https:\/\/www.colindres.es\/wp-content\/uploads\/2017\/01\/LOGO-PRINCIPAL.jpg\",\"contentUrl\":\"https:\/\/www.colindres.es\/wp-content\/uploads\/2017\/01\/LOGO-PRINCIPAL.jpg\",\"width\":1209,\"height\":579,\"caption\":\"AYUNTAMIENTO DE COLINDRES\"},\"image\":{\"@id\":\"https:\/\/www.colindres.es\/#\/schema\/logo\/image\/\"}}]}<\/script>\n<!-- \/ Yoast SEO plugin. -->","yoast_head_json":{"title":"ANUNCIO RELACI\u00d3N DE ADMITIDOS\/EXCLUIDOS PROVISIONAL PARA LA SELECCI\u00d3N DEL PUESTO DE TRABAJO: T\u00c9CNICO\/A COORDINADOR\/A DE LA LANZADERA DE EMPLEO Y EMPRENDIMIENTO SOLIDARIO al amparo de la Orden HAC\/29\/2018, de 23 de mayo, por la que se establecen las bases reguladoras de subvenciones para la puesta en marcha de Lanzaderas de Empleo y Emprendimiento solidario en el \u00e1mbito de la Comunidad Aut\u00f3noma de Cantabria. - Ayuntamiento de Colindres","robots":{"index":"index","follow":"follow","max-snippet":"max-snippet:-1","max-image-preview":"max-image-preview:large","max-video-preview":"max-video-preview:-1"},"canonical":"https:\/\/www.colindres.es\/index.php\/project\/anuncio-relacion-de-admitidos-excluidos-provisional-para-la-seleccion-del-puesto-de-trabajo-tecnico-a-coordinador-a-de-la-lanzadera-de-empleo-y-emprendimiento-solidario-al-amparo-de-la-orden-hac-29-2\/","og_locale":"es_ES","og_type":"article","og_title":"ANUNCIO RELACI\u00d3N DE ADMITIDOS\/EXCLUIDOS PROVISIONAL PARA LA SELECCI\u00d3N DEL PUESTO DE TRABAJO: T\u00c9CNICO\/A COORDINADOR\/A DE LA LANZADERA DE EMPLEO Y EMPRENDIMIENTO SOLIDARIO al amparo de la Orden HAC\/29\/2018, de 23 de mayo, por la que se establecen las bases reguladoras de subvenciones para la puesta en marcha de Lanzaderas de Empleo y Emprendimiento solidario en el \u00e1mbito de la Comunidad Aut\u00f3noma de Cantabria. - Ayuntamiento de Colindres","og_description":"ANUNCIO RELACI\u00d3N DE ADMITIDOS\/EXCLUIDOS PROVISIONAL PARA LA SELECCI\u00d3N DEL PUESTO DE TRABAJO: T\u00c9CNICO\/A COORDINADOR\/A DE LA LANZADERA DE EMPLEO Y EMPRENDIMIENTO SOLIDARIO al amparo de la Orden HAC\/29\/2018, de 23 de mayo, por la que se establecen las bases reguladoras de subvenciones para la puesta en marcha de Lanzaderas de Empleo y Emprendimiento solidario en [&hellip;]","og_url":"https:\/\/www.colindres.es\/index.php\/project\/anuncio-relacion-de-admitidos-excluidos-provisional-para-la-seleccion-del-puesto-de-trabajo-tecnico-a-coordinador-a-de-la-lanzadera-de-empleo-y-emprendimiento-solidario-al-amparo-de-la-orden-hac-29-2\/","og_site_name":"Ayuntamiento de Colindres","og_image":[{"width":368,"height":411,"url":"https:\/\/www.colindres.es\/wp-content\/uploads\/2018\/04\/entorno-casa-cultura-y-serafina-e1660055504744.jpg","type":"image\/jpeg"}],"twitter_card":"summary_large_image","twitter_misc":{"Tiempo de lectura":"2 minutos"},"schema":{"@context":"https:\/\/schema.org","@graph":[{"@type":"WebPage","@id":"https:\/\/www.colindres.es\/index.php\/project\/anuncio-relacion-de-admitidos-excluidos-provisional-para-la-seleccion-del-puesto-de-trabajo-tecnico-a-coordinador-a-de-la-lanzadera-de-empleo-y-emprendimiento-solidario-al-amparo-de-la-orden-hac-29-2\/","url":"https:\/\/www.colindres.es\/index.php\/project\/anuncio-relacion-de-admitidos-excluidos-provisional-para-la-seleccion-del-puesto-de-trabajo-tecnico-a-coordinador-a-de-la-lanzadera-de-empleo-y-emprendimiento-solidario-al-amparo-de-la-orden-hac-29-2\/","name":"ANUNCIO RELACI\u00d3N DE ADMITIDOS\/EXCLUIDOS PROVISIONAL PARA LA SELECCI\u00d3N DEL PUESTO DE TRABAJO: T\u00c9CNICO\/A COORDINADOR\/A DE LA LANZADERA DE EMPLEO Y EMPRENDIMIENTO SOLIDARIO al amparo de la Orden HAC\/29\/2018, de 23 de mayo, por la que se establecen las bases reguladoras de subvenciones para la puesta en marcha de Lanzaderas de Empleo y Emprendimiento solidario en el \u00e1mbito de la Comunidad Aut\u00f3noma de Cantabria. - Ayuntamiento de Colindres","isPartOf":{"@id":"https:\/\/www.colindres.es\/#website"},"primaryImageOfPage":{"@id":"https:\/\/www.colindres.es\/index.php\/project\/anuncio-relacion-de-admitidos-excluidos-provisional-para-la-seleccion-del-puesto-de-trabajo-tecnico-a-coordinador-a-de-la-lanzadera-de-empleo-y-emprendimiento-solidario-al-amparo-de-la-orden-hac-29-2\/#primaryimage"},"image":{"@id":"https:\/\/www.colindres.es\/index.php\/project\/anuncio-relacion-de-admitidos-excluidos-provisional-para-la-seleccion-del-puesto-de-trabajo-tecnico-a-coordinador-a-de-la-lanzadera-de-empleo-y-emprendimiento-solidario-al-amparo-de-la-orden-hac-29-2\/#primaryimage"},"thumbnailUrl":"https:\/\/www.colindres.es\/wp-content\/uploads\/2018\/04\/entorno-casa-cultura-y-serafina-e1660055504744.jpg","datePublished":"2018-10-15T04:57:33+00:00","breadcrumb":{"@id":"https:\/\/www.colindres.es\/index.php\/project\/anuncio-relacion-de-admitidos-excluidos-provisional-para-la-seleccion-del-puesto-de-trabajo-tecnico-a-coordinador-a-de-la-lanzadera-de-empleo-y-emprendimiento-solidario-al-amparo-de-la-orden-hac-29-2\/#breadcrumb"},"inLanguage":"es","potentialAction":[{"@type":"ReadAction","target":["https:\/\/www.colindres.es\/index.php\/project\/anuncio-relacion-de-admitidos-excluidos-provisional-para-la-seleccion-del-puesto-de-trabajo-tecnico-a-coordinador-a-de-la-lanzadera-de-empleo-y-emprendimiento-solidario-al-amparo-de-la-orden-hac-29-2\/"]}]},{"@type":"ImageObject","inLanguage":"es","@id":"https:\/\/www.colindres.es\/index.php\/project\/anuncio-relacion-de-admitidos-excluidos-provisional-para-la-seleccion-del-puesto-de-trabajo-tecnico-a-coordinador-a-de-la-lanzadera-de-empleo-y-emprendimiento-solidario-al-amparo-de-la-orden-hac-29-2\/#primaryimage","url":"https:\/\/www.colindres.es\/wp-content\/uploads\/2018\/04\/entorno-casa-cultura-y-serafina-e1660055504744.jpg","contentUrl":"https:\/\/www.colindres.es\/wp-content\/uploads\/2018\/04\/entorno-casa-cultura-y-serafina-e1660055504744.jpg","width":368,"height":411},{"@type":"BreadcrumbList","@id":"https:\/\/www.colindres.es\/index.php\/project\/anuncio-relacion-de-admitidos-excluidos-provisional-para-la-seleccion-del-puesto-de-trabajo-tecnico-a-coordinador-a-de-la-lanzadera-de-empleo-y-emprendimiento-solidario-al-amparo-de-la-orden-hac-29-2\/#breadcrumb","itemListElement":[{"@type":"ListItem","position":1,"name":"Portada","item":"https:\/\/www.colindres.es\/"},{"@type":"ListItem","position":2,"name":"Proyectos","item":"https:\/\/www.colindres.es\/index.php\/project\/"},{"@type":"ListItem","position":3,"name":"ANUNCIO RELACI\u00d3N DE ADMITIDOS\/EXCLUIDOS PROVISIONAL PARA LA SELECCI\u00d3N DEL PUESTO DE TRABAJO: T\u00c9CNICO\/A COORDINADOR\/A DE LA LANZADERA DE EMPLEO Y EMPRENDIMIENTO SOLIDARIO al amparo de la Orden HAC\/29\/2018, de 23 de mayo, por la que se establecen las bases reguladoras de subvenciones para la puesta en marcha de Lanzaderas de Empleo y Emprendimiento solidario en el \u00e1mbito de la Comunidad Aut\u00f3noma de Cantabria."}]},{"@type":"WebSite","@id":"https:\/\/www.colindres.es\/#website","url":"https:\/\/www.colindres.es\/","name":"Ayuntamiento de Colindres","description":"Dise\u00f1ado por NTIC&#039;s","publisher":{"@id":"https:\/\/www.colindres.es\/#organization"},"potentialAction":[{"@type":"SearchAction","target":{"@type":"EntryPoint","urlTemplate":"https:\/\/www.colindres.es\/?s={search_term_string}"},"query-input":{"@type":"PropertyValueSpecification","valueRequired":true,"valueName":"search_term_string"}}],"inLanguage":"es"},{"@type":"Organization","@id":"https:\/\/www.colindres.es\/#organization","name":"AYUNTAMIENTO DE COLINDRES","url":"https:\/\/www.colindres.es\/","logo":{"@type":"ImageObject","inLanguage":"es","@id":"https:\/\/www.colindres.es\/#\/schema\/logo\/image\/","url":"https:\/\/www.colindres.es\/wp-content\/uploads\/2017\/01\/LOGO-PRINCIPAL.jpg","contentUrl":"https:\/\/www.colindres.es\/wp-content\/uploads\/2017\/01\/LOGO-PRINCIPAL.jpg","width":1209,"height":579,"caption":"AYUNTAMIENTO DE COLINDRES"},"image":{"@id":"https:\/\/www.colindres.es\/#\/schema\/logo\/image\/"}}]}},"_links":{"self":[{"href":"https:\/\/www.colindres.es\/index.php\/wp-json\/wp\/v2\/project\/1927","targetHints":{"allow":["GET"]}}],"collection":[{"href":"https:\/\/www.colindres.es\/index.php\/wp-json\/wp\/v2\/project"}],"about":[{"href":"https:\/\/www.colindres.es\/index.php\/wp-json\/wp\/v2\/types\/project"}],"author":[{"embeddable":true,"href":"https:\/\/www.colindres.es\/index.php\/wp-json\/wp\/v2\/users\/1"}],"replies":[{"embeddable":true,"href":"https:\/\/www.colindres.es\/index.php\/wp-json\/wp\/v2\/comments?post=1927"}],"version-history":[{"count":1,"href":"https:\/\/www.colindres.es\/index.php\/wp-json\/wp\/v2\/project\/1927\/revisions"}],"predecessor-version":[{"id":1928,"href":"https:\/\/www.colindres.es\/index.php\/wp-json\/wp\/v2\/project\/1927\/revisions\/1928"}],"wp:featuredmedia":[{"embeddable":true,"href":"https:\/\/www.colindres.es\/index.php\/wp-json\/wp\/v2\/media\/1410"}],"wp:attachment":[{"href":"https:\/\/www.colindres.es\/index.php\/wp-json\/wp\/v2\/media?parent=1927"}],"wp:term":[{"taxonomy":"project_category","embeddable":true,"href":"https:\/\/www.colindres.es\/index.php\/wp-json\/wp\/v2\/project_category?post=1927"},{"taxonomy":"project_tag","embeddable":true,"href":"https:\/\/www.colindres.es\/index.php\/wp-json\/wp\/v2\/project_tag?post=1927"}],"curies":[{"name":"wp","href":"https:\/\/api.w.org\/{rel}","templated":true}]}}