{"id":1906,"date":"2018-10-04T10:04:44","date_gmt":"2018-10-04T10:04:44","guid":{"rendered":"http:\/\/colindres.es\/?post_type=project&#038;p=1906"},"modified":"2018-10-04T10:04:44","modified_gmt":"2018-10-04T10:04:44","slug":"xxviii-jornadas-micologicas-9-10-y-11-noviembre-2018","status":"publish","type":"project","link":"https:\/\/www.colindres.es\/index.php\/project\/xxviii-jornadas-micologicas-9-10-y-11-noviembre-2018\/","title":{"rendered":"XXVIII Jornadas Micol\u00f3gicas &#8211; 9, 10 y 11 Noviembre 2018"},"content":{"rendered":"<p>XIX CONCURSO FOTOGR\u00c1FICO<\/p>\n<p>XXVIII JORNADAS MICOL\u00d3GICAS, 9, 10 y 11 DE NOVIENBRE-2018<\/p>\n<p>BASES:<\/p>\n<p>1\u00aa &#8211; Podr\u00e1n participar todos los aficionados a la fotograf\u00eda a nivel nacional.<\/p>\n<p><span style=\"font-family: Times New Roman,Times New Roman PSMT; font-size: large;\">2\u00aa <\/span><b><span style=\"font-size: large;\">&#8211; El tema de las fotograf\u00edas ser\u00e1 el mundo de la Micolog\u00eda <\/span><\/b><\/p>\n<p><span style=\"font-family: Times New Roman,Times New Roman PSMT; font-size: large;\">3\u00aa \u2013 CARACTER\u00cdSTICAS: Las fotograf\u00edas no han de estar premiadas en otros concursos. As\u00ed mismo, el jurado se reserva el derecho de retirar del concurso aquellas fotograf\u00edas que hayan sido presentadas en otro concurso que se celebre simult\u00e1neamente y que hayan sido premiadas en cualquiera de sus categor\u00edas. <\/span><b><span style=\"font-size: large;\">El tama\u00f1o que se aceptar\u00e1 ser\u00e1 \u00fanicamente de 20 x 30 cm. y se presentar\u00e1n montadas sobre cartulina negra de 30 x 40<\/span><\/b><span style=\"font-family: Times New Roman,Times New Roman PSMT; font-size: large;\">, <\/span><b><span style=\"font-size: large;\">trat\u00e1ndose siempre de fotograf\u00edas en color <\/span><\/b><span style=\"font-family: Times New Roman,Times New Roman PSMT; font-size: large;\">(figurando en la parte inferior derecha el nombre de la especie, si se conoce)<\/span><b><span style=\"font-size: large;\">. <\/span><\/b><span style=\"font-family: Times New Roman,Times New Roman PSMT; font-size: large;\">Cada participante podr\u00e1 presentar hasta 4 fotograf\u00edas, si bien no recibir\u00e1 m\u00e1s de un premio. <\/span><\/p>\n<p><span style=\"font-family: Times New Roman,Times New Roman PSMT; font-size: large;\">4\u00aa &#8211; RECEPCI\u00d3N: Las fotograf\u00edas ser\u00e1n entregadas o enviadas por correo a la Biblioteca Municipal de Colindres, Alameda del Ayuntamiento n\u00ba 2, 39750 Colindres-Cantabria, <\/span><b><span style=\"font-size: large;\">hasta el d\u00eda 26 de octubre de 2018. <\/span><\/b><\/p>\n<p><span style=\"font-size: large;\"><b>5\u00aa.- <\/b><\/span><span style=\"font-family: Times New Roman,Times New Roman PSMT; font-size: large;\">El Jurado valorar\u00e1 la aproximaci\u00f3n del color que las especies presentan en su \u00e1mbito natural y medio ecol\u00f3gico, as\u00ed como las reglas b\u00e1sicas de enfoque, iluminaci\u00f3n, exposici\u00f3n, ajuste de color y calidad compositiva. En ning\u00fan caso se aceptar\u00e1n los retoques digitales que tergiversen la realidad del objeto fotografiado. <\/span><\/p>\n<p>6\u00aa &#8211; IDENTIFICACI\u00d3N: Cada fotograf\u00eda llevar\u00e1 en su dorso un lema, acompa\u00f1\u00e1ndose con un sobre cerrado en cuyo exterior figurar\u00e1 \u00fanicamente el lema y en el interior una tarjeta con el nombre, direcci\u00f3n y tel\u00e9fono del autor.<\/p>\n<p>7\u00aa &#8211; EL JURADO: Estar\u00e1 compuesto por personas de reconocida capacidad, siendo su decisi\u00f3n inapelable.<\/p>\n<p>8\u00aa &#8211; CUIDADO DE LAS FOTOGRAF\u00cdAS: Como es norma, todas las fotograf\u00edas ser\u00e1n cuidadas con la m\u00e1xima atenci\u00f3n, no obstante, la organizaci\u00f3n no se responsabiliza del da\u00f1o que \u00e9stas puedan sufrir tanto en los env\u00edos como en el transcurso de la exposici\u00f3n.<\/p>\n<p>9\u00aa &#8211; El Ayuntamiento de Colindres devolver\u00e1 las fotograf\u00edas presentadas al concurso (excepto las premiadas), previa petici\u00f3n y se reserva el derecho de su difusi\u00f3n y publicaci\u00f3n, mencionando siempre a los autores de las mismas.<\/p>\n<p><span style=\"font-family: Times New Roman,Times New Roman PSMT; font-size: large;\">10\u00aa &#8211; <\/span><b><span style=\"font-size: large;\">PREMIOS: Se establecer\u00e1n TRES \u00fanicos PREMIOS. <\/span><\/b><\/p>\n<ul>\n<li><span style=\"font-size: large;\">1\u00ba PREMIO: 400 \u20ac <\/span><\/li>\n<li>2\u00ba PREMIO: 250 \u20ac<\/li>\n<li><span style=\"font-size: large;\"><b>MEJOR COLECCI\u00d3N: 250\u20ac <\/b><\/span><span style=\"font-family: Times New Roman,Times New Roman PSMT; font-size: large;\">(para optar a este premio se deben presentar 4 fotos). <\/span><\/li>\n<\/ul>\n<p>&#8211; Ser\u00e1n entregados el domingo 11 de noviembre de 2018, en la Casa de Cultura a las 13:00 h.<\/p>\n<p>11\u00aa &#8211; La participaci\u00f3n en este concurso supone la aceptaci\u00f3n de las <span style=\"font-size: large;\">bases del mismo. INFORMACI\u00d3N: 942652128 <\/span><span style=\"color: #0000ff; font-size: large;\">biblioteca@colindres.es<\/span><b><span style=\"color: #ffffff; font-family: Times New Roman,Times New Roman PS; font-size: large;\">11ES &#8211; CA <\/span><\/b><\/p>\n<p>&nbsp;<\/p>\n","protected":false},"excerpt":{"rendered":"<p>XIX CONCURSO FOTOGR\u00c1FICO XXVIII JORNADAS MICOL\u00d3GICAS, 9, 10 y 11 DE NOVIENBRE-2018 BASES: 1\u00aa &#8211; Podr\u00e1n participar todos los aficionados a la fotograf\u00eda a nivel nacional. 2\u00aa &#8211; El tema de las fotograf\u00edas ser\u00e1 el mundo de la Micolog\u00eda 3\u00aa \u2013 CARACTER\u00cdSTICAS: Las fotograf\u00edas no han de estar premiadas en otros concursos. As\u00ed mismo, el [&hellip;]<\/p>\n","protected":false},"author":1,"featured_media":1907,"comment_status":"open","ping_status":"closed","template":"","meta":{"_et_pb_use_builder":"","_et_pb_old_content":"","_et_gb_content_width":"","footnotes":""},"project_category":[],"project_tag":[],"class_list":["post-1906","project","type-project","status-publish","has-post-thumbnail","hentry"],"yoast_head":"<!-- This site is optimized with the Yoast SEO plugin v24.9 - https:\/\/yoast.com\/wordpress\/plugins\/seo\/ -->\n<title>XXVIII Jornadas Micol\u00f3gicas - 9, 10 y 11 Noviembre 2018 - Ayuntamiento de Colindres<\/title>\n<meta name=\"robots\" content=\"index, follow, max-snippet:-1, max-image-preview:large, max-video-preview:-1\" \/>\n<link rel=\"canonical\" href=\"https:\/\/www.colindres.es\/index.php\/project\/xxviii-jornadas-micologicas-9-10-y-11-noviembre-2018\/\" \/>\n<meta property=\"og:locale\" content=\"es_ES\" \/>\n<meta property=\"og:type\" content=\"article\" \/>\n<meta property=\"og:title\" content=\"XXVIII Jornadas Micol\u00f3gicas - 9, 10 y 11 Noviembre 2018 - Ayuntamiento de Colindres\" \/>\n<meta property=\"og:description\" content=\"XIX CONCURSO FOTOGR\u00c1FICO XXVIII JORNADAS MICOL\u00d3GICAS, 9, 10 y 11 DE NOVIENBRE-2018 BASES: 1\u00aa &#8211; Podr\u00e1n participar todos los aficionados a la fotograf\u00eda a nivel nacional. 2\u00aa &#8211; El tema de las fotograf\u00edas ser\u00e1 el mundo de la Micolog\u00eda 3\u00aa \u2013 CARACTER\u00cdSTICAS: Las fotograf\u00edas no han de estar premiadas en otros concursos. As\u00ed mismo, el [&hellip;]\" \/>\n<meta property=\"og:url\" content=\"https:\/\/www.colindres.es\/index.php\/project\/xxviii-jornadas-micologicas-9-10-y-11-noviembre-2018\/\" \/>\n<meta property=\"og:site_name\" content=\"Ayuntamiento de Colindres\" \/>\n<meta property=\"og:image\" content=\"https:\/\/www.colindres.es\/wp-content\/uploads\/2018\/10\/bases-completas-concurso_P\u00e1gina_1.jpg\" \/>\n\t<meta property=\"og:image:width\" content=\"1820\" \/>\n\t<meta property=\"og:image:height\" content=\"2573\" \/>\n\t<meta property=\"og:image:type\" content=\"image\/jpeg\" \/>\n<meta name=\"twitter:card\" content=\"summary_large_image\" \/>\n<meta name=\"twitter:label1\" content=\"Tiempo de lectura\" \/>\n\t<meta name=\"twitter:data1\" content=\"2 minutos\" \/>\n<script type=\"application\/ld+json\" class=\"yoast-schema-graph\">{\"@context\":\"https:\/\/schema.org\",\"@graph\":[{\"@type\":\"WebPage\",\"@id\":\"https:\/\/www.colindres.es\/index.php\/project\/xxviii-jornadas-micologicas-9-10-y-11-noviembre-2018\/\",\"url\":\"https:\/\/www.colindres.es\/index.php\/project\/xxviii-jornadas-micologicas-9-10-y-11-noviembre-2018\/\",\"name\":\"XXVIII Jornadas Micol\u00f3gicas - 9, 10 y 11 Noviembre 2018 - Ayuntamiento de Colindres\",\"isPartOf\":{\"@id\":\"https:\/\/www.colindres.es\/#website\"},\"primaryImageOfPage\":{\"@id\":\"https:\/\/www.colindres.es\/index.php\/project\/xxviii-jornadas-micologicas-9-10-y-11-noviembre-2018\/#primaryimage\"},\"image\":{\"@id\":\"https:\/\/www.colindres.es\/index.php\/project\/xxviii-jornadas-micologicas-9-10-y-11-noviembre-2018\/#primaryimage\"},\"thumbnailUrl\":\"https:\/\/www.colindres.es\/wp-content\/uploads\/2018\/10\/bases-completas-concurso_P\u00e1gina_1.jpg\",\"datePublished\":\"2018-10-04T10:04:44+00:00\",\"breadcrumb\":{\"@id\":\"https:\/\/www.colindres.es\/index.php\/project\/xxviii-jornadas-micologicas-9-10-y-11-noviembre-2018\/#breadcrumb\"},\"inLanguage\":\"es\",\"potentialAction\":[{\"@type\":\"ReadAction\",\"target\":[\"https:\/\/www.colindres.es\/index.php\/project\/xxviii-jornadas-micologicas-9-10-y-11-noviembre-2018\/\"]}]},{\"@type\":\"ImageObject\",\"inLanguage\":\"es\",\"@id\":\"https:\/\/www.colindres.es\/index.php\/project\/xxviii-jornadas-micologicas-9-10-y-11-noviembre-2018\/#primaryimage\",\"url\":\"https:\/\/www.colindres.es\/wp-content\/uploads\/2018\/10\/bases-completas-concurso_P\u00e1gina_1.jpg\",\"contentUrl\":\"https:\/\/www.colindres.es\/wp-content\/uploads\/2018\/10\/bases-completas-concurso_P\u00e1gina_1.jpg\",\"width\":1820,\"height\":2573},{\"@type\":\"BreadcrumbList\",\"@id\":\"https:\/\/www.colindres.es\/index.php\/project\/xxviii-jornadas-micologicas-9-10-y-11-noviembre-2018\/#breadcrumb\",\"itemListElement\":[{\"@type\":\"ListItem\",\"position\":1,\"name\":\"Portada\",\"item\":\"https:\/\/www.colindres.es\/\"},{\"@type\":\"ListItem\",\"position\":2,\"name\":\"Proyectos\",\"item\":\"https:\/\/www.colindres.es\/index.php\/project\/\"},{\"@type\":\"ListItem\",\"position\":3,\"name\":\"XXVIII Jornadas Micol\u00f3gicas &#8211; 9, 10 y 11 Noviembre 2018\"}]},{\"@type\":\"WebSite\",\"@id\":\"https:\/\/www.colindres.es\/#website\",\"url\":\"https:\/\/www.colindres.es\/\",\"name\":\"Ayuntamiento de Colindres\",\"description\":\"Dise\u00f1ado por NTIC&#039;s\",\"publisher\":{\"@id\":\"https:\/\/www.colindres.es\/#organization\"},\"potentialAction\":[{\"@type\":\"SearchAction\",\"target\":{\"@type\":\"EntryPoint\",\"urlTemplate\":\"https:\/\/www.colindres.es\/?s={search_term_string}\"},\"query-input\":{\"@type\":\"PropertyValueSpecification\",\"valueRequired\":true,\"valueName\":\"search_term_string\"}}],\"inLanguage\":\"es\"},{\"@type\":\"Organization\",\"@id\":\"https:\/\/www.colindres.es\/#organization\",\"name\":\"AYUNTAMIENTO DE COLINDRES\",\"url\":\"https:\/\/www.colindres.es\/\",\"logo\":{\"@type\":\"ImageObject\",\"inLanguage\":\"es\",\"@id\":\"https:\/\/www.colindres.es\/#\/schema\/logo\/image\/\",\"url\":\"https:\/\/www.colindres.es\/wp-content\/uploads\/2017\/01\/LOGO-PRINCIPAL.jpg\",\"contentUrl\":\"https:\/\/www.colindres.es\/wp-content\/uploads\/2017\/01\/LOGO-PRINCIPAL.jpg\",\"width\":1209,\"height\":579,\"caption\":\"AYUNTAMIENTO DE COLINDRES\"},\"image\":{\"@id\":\"https:\/\/www.colindres.es\/#\/schema\/logo\/image\/\"}}]}<\/script>\n<!-- \/ Yoast SEO plugin. -->","yoast_head_json":{"title":"XXVIII Jornadas Micol\u00f3gicas - 9, 10 y 11 Noviembre 2018 - Ayuntamiento de Colindres","robots":{"index":"index","follow":"follow","max-snippet":"max-snippet:-1","max-image-preview":"max-image-preview:large","max-video-preview":"max-video-preview:-1"},"canonical":"https:\/\/www.colindres.es\/index.php\/project\/xxviii-jornadas-micologicas-9-10-y-11-noviembre-2018\/","og_locale":"es_ES","og_type":"article","og_title":"XXVIII Jornadas Micol\u00f3gicas - 9, 10 y 11 Noviembre 2018 - Ayuntamiento de Colindres","og_description":"XIX CONCURSO FOTOGR\u00c1FICO XXVIII JORNADAS MICOL\u00d3GICAS, 9, 10 y 11 DE NOVIENBRE-2018 BASES: 1\u00aa &#8211; Podr\u00e1n participar todos los aficionados a la fotograf\u00eda a nivel nacional. 2\u00aa &#8211; El tema de las fotograf\u00edas ser\u00e1 el mundo de la Micolog\u00eda 3\u00aa \u2013 CARACTER\u00cdSTICAS: Las fotograf\u00edas no han de estar premiadas en otros concursos. As\u00ed mismo, el [&hellip;]","og_url":"https:\/\/www.colindres.es\/index.php\/project\/xxviii-jornadas-micologicas-9-10-y-11-noviembre-2018\/","og_site_name":"Ayuntamiento de Colindres","og_image":[{"width":1820,"height":2573,"url":"https:\/\/www.colindres.es\/wp-content\/uploads\/2018\/10\/bases-completas-concurso_P\u00e1gina_1.jpg","type":"image\/jpeg"}],"twitter_card":"summary_large_image","twitter_misc":{"Tiempo de lectura":"2 minutos"},"schema":{"@context":"https:\/\/schema.org","@graph":[{"@type":"WebPage","@id":"https:\/\/www.colindres.es\/index.php\/project\/xxviii-jornadas-micologicas-9-10-y-11-noviembre-2018\/","url":"https:\/\/www.colindres.es\/index.php\/project\/xxviii-jornadas-micologicas-9-10-y-11-noviembre-2018\/","name":"XXVIII Jornadas Micol\u00f3gicas - 9, 10 y 11 Noviembre 2018 - Ayuntamiento de Colindres","isPartOf":{"@id":"https:\/\/www.colindres.es\/#website"},"primaryImageOfPage":{"@id":"https:\/\/www.colindres.es\/index.php\/project\/xxviii-jornadas-micologicas-9-10-y-11-noviembre-2018\/#primaryimage"},"image":{"@id":"https:\/\/www.colindres.es\/index.php\/project\/xxviii-jornadas-micologicas-9-10-y-11-noviembre-2018\/#primaryimage"},"thumbnailUrl":"https:\/\/www.colindres.es\/wp-content\/uploads\/2018\/10\/bases-completas-concurso_P\u00e1gina_1.jpg","datePublished":"2018-10-04T10:04:44+00:00","breadcrumb":{"@id":"https:\/\/www.colindres.es\/index.php\/project\/xxviii-jornadas-micologicas-9-10-y-11-noviembre-2018\/#breadcrumb"},"inLanguage":"es","potentialAction":[{"@type":"ReadAction","target":["https:\/\/www.colindres.es\/index.php\/project\/xxviii-jornadas-micologicas-9-10-y-11-noviembre-2018\/"]}]},{"@type":"ImageObject","inLanguage":"es","@id":"https:\/\/www.colindres.es\/index.php\/project\/xxviii-jornadas-micologicas-9-10-y-11-noviembre-2018\/#primaryimage","url":"https:\/\/www.colindres.es\/wp-content\/uploads\/2018\/10\/bases-completas-concurso_P\u00e1gina_1.jpg","contentUrl":"https:\/\/www.colindres.es\/wp-content\/uploads\/2018\/10\/bases-completas-concurso_P\u00e1gina_1.jpg","width":1820,"height":2573},{"@type":"BreadcrumbList","@id":"https:\/\/www.colindres.es\/index.php\/project\/xxviii-jornadas-micologicas-9-10-y-11-noviembre-2018\/#breadcrumb","itemListElement":[{"@type":"ListItem","position":1,"name":"Portada","item":"https:\/\/www.colindres.es\/"},{"@type":"ListItem","position":2,"name":"Proyectos","item":"https:\/\/www.colindres.es\/index.php\/project\/"},{"@type":"ListItem","position":3,"name":"XXVIII Jornadas Micol\u00f3gicas &#8211; 9, 10 y 11 Noviembre 2018"}]},{"@type":"WebSite","@id":"https:\/\/www.colindres.es\/#website","url":"https:\/\/www.colindres.es\/","name":"Ayuntamiento de Colindres","description":"Dise\u00f1ado por NTIC&#039;s","publisher":{"@id":"https:\/\/www.colindres.es\/#organization"},"potentialAction":[{"@type":"SearchAction","target":{"@type":"EntryPoint","urlTemplate":"https:\/\/www.colindres.es\/?s={search_term_string}"},"query-input":{"@type":"PropertyValueSpecification","valueRequired":true,"valueName":"search_term_string"}}],"inLanguage":"es"},{"@type":"Organization","@id":"https:\/\/www.colindres.es\/#organization","name":"AYUNTAMIENTO DE COLINDRES","url":"https:\/\/www.colindres.es\/","logo":{"@type":"ImageObject","inLanguage":"es","@id":"https:\/\/www.colindres.es\/#\/schema\/logo\/image\/","url":"https:\/\/www.colindres.es\/wp-content\/uploads\/2017\/01\/LOGO-PRINCIPAL.jpg","contentUrl":"https:\/\/www.colindres.es\/wp-content\/uploads\/2017\/01\/LOGO-PRINCIPAL.jpg","width":1209,"height":579,"caption":"AYUNTAMIENTO DE COLINDRES"},"image":{"@id":"https:\/\/www.colindres.es\/#\/schema\/logo\/image\/"}}]}},"_links":{"self":[{"href":"https:\/\/www.colindres.es\/index.php\/wp-json\/wp\/v2\/project\/1906","targetHints":{"allow":["GET"]}}],"collection":[{"href":"https:\/\/www.colindres.es\/index.php\/wp-json\/wp\/v2\/project"}],"about":[{"href":"https:\/\/www.colindres.es\/index.php\/wp-json\/wp\/v2\/types\/project"}],"author":[{"embeddable":true,"href":"https:\/\/www.colindres.es\/index.php\/wp-json\/wp\/v2\/users\/1"}],"replies":[{"embeddable":true,"href":"https:\/\/www.colindres.es\/index.php\/wp-json\/wp\/v2\/comments?post=1906"}],"version-history":[{"count":1,"href":"https:\/\/www.colindres.es\/index.php\/wp-json\/wp\/v2\/project\/1906\/revisions"}],"predecessor-version":[{"id":1908,"href":"https:\/\/www.colindres.es\/index.php\/wp-json\/wp\/v2\/project\/1906\/revisions\/1908"}],"wp:featuredmedia":[{"embeddable":true,"href":"https:\/\/www.colindres.es\/index.php\/wp-json\/wp\/v2\/media\/1907"}],"wp:attachment":[{"href":"https:\/\/www.colindres.es\/index.php\/wp-json\/wp\/v2\/media?parent=1906"}],"wp:term":[{"taxonomy":"project_category","embeddable":true,"href":"https:\/\/www.colindres.es\/index.php\/wp-json\/wp\/v2\/project_category?post=1906"},{"taxonomy":"project_tag","embeddable":true,"href":"https:\/\/www.colindres.es\/index.php\/wp-json\/wp\/v2\/project_tag?post=1906"}],"curies":[{"name":"wp","href":"https:\/\/api.w.org\/{rel}","templated":true}]}}